{"id":3340,"date":"2023-05-02T09:57:16","date_gmt":"2023-05-02T07:57:16","guid":{"rendered":"https:\/\/sdf.hr\/nada\/mladi-protiv-mraka\/"},"modified":"2023-05-02T09:57:41","modified_gmt":"2023-05-02T07:57:41","slug":"mladi-protiv-mraka","status":"publish","type":"nada","link":"https:\/\/sdf.hr\/hr\/nada\/mladi-protiv-mraka\/","title":{"rendered":"Mladi protiv mraka"},"content":{"rendered":"<p>Dvije skupine ljudi dijeli tek sredi\u0161nja gradska prometnica. Na Trgu ispred Kre\u0161imirovog doma tik do \u0161ibenske Gradske uprave ranim jutrom (kao i svake prve subote u mjesecu u izabranim gradovima) skupina &#8220;mu\u017eeva katolika&#8221; kle\u010di ispred statue Djevice Marije; mole s krunicama i drvenim kri\u017eem u rukama. Rogobore protiv prava na poba\u010daj, spominju obra\u0107enje, \u010dednost, \u017eivot u predbra\u010dnoj \u010disto\u0107i, i jo\u0161 kojekakve atavisti\u010dke sva\u0161tarije koje mahom dovode u pitanje prava \u017eena, i ne samo njih. Za to vrijeme druga skupina razvila je transparente na sredi\u0161njem trgu \u2013 Poljani. &#8220;Sloboda narodu&#8221;, pi\u0161e na najve\u0107em.<\/p>\n<p>Slogan je u skladu s antifa\u0161isti\u010dkim vrijednostima koje ba\u0161tine u \u0160ibenskoj udruzi mladih (\u0160.U.M.), a koja zajedno sa sestrinskom Kulturnom udrugom Fotopoetika organizira kontraprosvjede &#8220;kle\u010davcima&#8221;. Stoje na braniku prava \u017eena, prava manjina&#8230; Nisu se dosad udruge mladih time primarno bavile, ali odsad zbog toga postaju sve va\u017eniji dru\u0161tveni korektiv. Prepoznaju to i gra\u0111ani pa ih pozdravljaju na Poljani. Pojedini im se i pridru\u017euju na licu mjesta, pridr\u017eavaju\u0107i transparente. Drugi se raspituju kako ubudu\u0107e mogu pomo\u0107i. Ima i onih, dodu\u0161e u manjini, koji u prolazu izuste: &#8220;ne triba ti to, ne petljaj se, \u0161ta \u0107e ti to&#8221;&#8230; HDZ-ov, ina\u010de blagoglagoljiv gradona\u010delnik \u0160ibenika, posljednji je kontraprosvjed mladih, kako smo doznali, opisao rije\u010dima &#8220;da javni trg ne slu\u017ei za osobne ta\u0161tine&#8221;. I to nakon \u0161to je Poljana, koja je godinama slu\u017eila kao parkirali\u0161te, vra\u0107ena kona\u010dno njezinim gra\u0111anima. No kakve se to mu\u017eevne ta\u0161tine poigravaju ispod gradona\u010delnikovog prozora? Tako je to u \u0160ibeniku: ne budi se samo grad s prolje\u0107em, ne dovikuju se samo tvr\u0111ave izme\u0111u sebe, ve\u0107 i mladi, razlo\u017enom kritikom zaogrnuti znaju \u0161to \u017eele, a \u0161to im nije prihvatljivo.<\/p>\n<p>Pedagoginja i sociologinja <strong>Maja \u0160inti\u0107<\/strong>, ina\u010de tajnica \u0160.U.M.-a, s kojom smo razgovarali u \u0160ibeniku, ka\u017ee.<\/p>\n<p>&#8211; Ono \u0161to mi je bilo zanimljivo nije sam \u010din molitve op\u0107enito nego popratna medijska ma\u0161inerija koju &#8220;kle\u010davci&#8221; imaju. Preko razli\u010ditih internetskih stranica informiraju svoje \u010dlanove o svojim stvarnim namjerama. A iza tih molitvi stoji jasna politi\u010dka poruka o tome da \u0107e se u budu\u0107nosti mijenjati zakoni na \u0161tetu \u017eena, prije svega onaj koji se odnosi na pravo na slobodno odlu\u010divanje \u017eene o trudno\u0107i, kao i niz drugih koji su implementirani kroz me\u0111unarodne konvencije kojih je Hrvatska potpisnica, poput Istanbulske konvencije. Zato je va\u017eno reagirati. Na\u0161a reakcija dakle nije reakcija na molitvu kao vjerski \u010din, ve\u0107 na politi\u010dku poruku koja stoji iza takve molitve \u2013 ka\u017ee Maja.<\/p>\n<figure id=\"attachment_3336\" aria-describedby=\"caption-attachment-3336\" style=\"width: 2560px\" class=\"wp-caption alignnone\"><img loading=\"lazy\" decoding=\"async\" class=\"wp-image-3336 size-full\" src=\"https:\/\/sdf.hr\/wp-content\/uploads\/2023\/05\/Mladi-Sibenik-1-scaled.jpg\" alt=\"\" width=\"2560\" height=\"1626\" srcset=\"https:\/\/sdf.hr\/wp-content\/uploads\/2023\/05\/Mladi-Sibenik-1-scaled.jpg 2560w, https:\/\/sdf.hr\/wp-content\/uploads\/2023\/05\/Mladi-Sibenik-1-300x191.jpg 300w, https:\/\/sdf.hr\/wp-content\/uploads\/2023\/05\/Mladi-Sibenik-1-1024x651.jpg 1024w, https:\/\/sdf.hr\/wp-content\/uploads\/2023\/05\/Mladi-Sibenik-1-768x488.jpg 768w, https:\/\/sdf.hr\/wp-content\/uploads\/2023\/05\/Mladi-Sibenik-1-1536x976.jpg 1536w, https:\/\/sdf.hr\/wp-content\/uploads\/2023\/05\/Mladi-Sibenik-1-2048x1301.jpg 2048w\" sizes=\"auto, (max-width: 2560px) 100vw, 2560px\" \/><figcaption id=\"caption-attachment-3336\" class=\"wp-caption-text\">Kontraprosvjed &#8220;kle\u010davcima&#8221; u \u0160ibeniku<\/figcaption><\/figure>\n<p><strong>Snje\u017eana Klari\u0107<\/strong> iz Fotopoetike, koja je aktivisti\u010dki sta\u017e stekla upravo u \u0160.U.M.-u, na na\u0161e vi\u0111enje nove uloge udruga mladih potvr\u0111uje da su se one ranije bavile najvi\u0161e organizacijom festivala, koncerata, razli\u010ditih radionica i sli\u010dno, ali da je to vrijeme pro\u0161lo.<\/p>\n<p>&#8211; Danas imamo klubove, institucije i neke druge ljude koji dijele na\u0161a razmi\u0161ljanja, jednako su kreativni i poduzetni pa udruge mladih nemaju vi\u0161e toliku potrebu baviti se isklju\u010divo time. A pojavila se potreba da se brane ste\u010dena prava pa smo i prihvatili da se moramo izboriti sami za takva prava \u2013 ka\u017ee Snje\u017eana.<\/p>\n<p>&#8211; Za\u0161to se nitko ne pita za\u0161to ba\u0161 sad skupine mu\u0161karaca izlaze na ulice i trgove i kle\u010de. Koji je njihov okida\u010d bio da iza\u0111u iz svojih ku\u0107a i svojih crkvi na ulicu i da se mole? Takve poruke su ugro\u017eavaju\u0107e, ugro\u017eavaju ono \u0161to je ve\u0107 na klimavim nogama \u2013 isti\u010de.<\/p>\n<p>Na valu vlastitog feminizma, Maja isti\u010de i da ljudi moraju imati jednake \u0161anse i mogu\u0107nosti, da moraju biti ravnopravni.<\/p>\n<p>&#8211; To \u0161to smo turisti\u010dko mjesto zna\u010di da \u0107emo imati i sve vi\u0161e migrantskih radnika i da moramo biti svjesni da \u0107e se vjerojatno doga\u0111ati i kr\u0161enja njihovih (ljudskih) prava. Zato kao lokalna zajednica zajedno s njima trebamo tra\u017eiti da im se osiguraju dostojni uvjeti rada i \u017eivota ako ve\u0107 tra\u017eimo njihovu radnu snagu. Mladi su nam i tu va\u017eni jer \u0107e kasnije u jednom trenutku biti oni koji \u0107e kreirati politiku. Treba nam politi\u010dko opismenjavanje mladih i ostalih \u2013 ka\u017ee Maja \u0160inti\u0107.<\/p>\n<p>Poruke koje isporu\u010duju &#8220;kle\u010davci&#8221; za njih su neprihvatljive u suvremenom dru\u0161tvu koje se deklarira kao demokratsko i pluralisti\u010dko. Iz \u0160.U.M.-a podsje\u0107aju kako im je ispo\u010detka lokalna politika zagor\u010dala mirno okupljanje: policija ih je, nakon uredne prijave istoga, zatra\u017eila da poka\u017eu dozvolu Grada. Uzalud su poku\u0161ali razjasniti da u svrhu javnog okupljanja to nije potrebno. Grad im je ipak dao dozvolu, ali od 10 do 12 sati, \u010dime im je onemogu\u0107eno da se okupe u 8 i 30, dakle u isto vrijeme kad i druga strana. Nakon vi\u0161e \u017ealbenih dopisa institucijama dobili su naknadnu pisanu potvrdu da ne trebaju dozvolu Grada da bi se mirno okupili na javnoj povr\u0161ini, \u010dime je jasno da je postupanje Grada \u0160ibenika i policije bilo protuzakonito. Nedavno su organizirali i prvi po redu No\u0107ni mar\u0161 u povodu Dana \u017eena koji su odmar\u0161irali mahom mladi, mnogo srednjo\u0161kolaca. I ta \u0107e se tradicija nastaviti!<\/p>\n<p>Na sjeveru dr\u017eave ne\u0161to je manje temperamentno, ali jednako odlu\u010dno. Udruga mladih Vara\u017edinski andergraund klub V.U.K. djeluje od 2005. godine, a \u010dine je razli\u010diti supkulturni pojedinci, studenti i mladi zaposleni ljudi. Dob \u010dlanova udruge je od 17 do 33 godine, a djelovanje usmjereno na promoviranje tolerancije i prihva\u0107anje razli\u010ditosti, bez ikakve diskriminacije. Udruga je na tom putu lani organizirala i prosvjednu akciju &#8220;Subota za slobodu&#8221;, kao protute\u017eu konzervativnoj inicijativi &#8220;Hod za \u017eivot&#8221;, iza koje stoji notorna udruga U ime obitelji <strong>\u017deljke Marki\u0107<\/strong>.<\/p>\n<p>Predsjednicu udruge <strong>Leu Laba\u0161<\/strong> pitali smo kako vidi \u010dinjenicu da sve vi\u0161e udruga mladih javno brani ste\u010dene i ustavne vrijednosti, poput prava \u017eena na odlu\u010divanje o vlastitom tijelu, \u010dime zapravo postaju vidljivije nego ikad prije u svojim lokalnim zajednicama.<\/p>\n<p>&#8211; Premda stvari kojima se primarno bavimo nisu odve\u0107 politi\u010dki orijentirane, treba re\u0107i da oduvijek poti\u010demo participaciju mladih u politici kako bi time postali aktivni gra\u0111ani. Pa ipak svi na\u0161i \u010dlanovi, korisnici i volonteri su prepoznali potrebu da poka\u017eemo i tu drugu stranu u vidu spomenutog kontraprosvjeda. Njime smo \u017eeljeli odaslati poruku tolerancije, ravnopravnosti, prije svega po\u0161tivanja \u017eenskih prava i ljudskih sloboda \u0161to druga strana ba\u0161 i ne radi, premda oda\u0161ilju mno\u0161tvo prikrivenih poruka koje su tek lijepo oblikovane za javnost \u2013 kazala nam je Laba\u0161.<\/p>\n<p>Osnovna razlika izme\u0111u &#8220;hoda\u010da za \u017eivot&#8221; i njihovih oponenata iz udruge mladih V.U.K. je u poimanju osnovnih ljudskih vrijednosti, \u010dak i bez potrebe da se dublje zalazi u pitanje o tome kada zapo\u010dinje \u017eivot.<\/p>\n<p>&#8211; Nismo skloni mije\u0161anju crkve i religije u politiku, odnosno u zakone koji onda formiraju \u017eivote svih nas. Vjerujem da \u0107emo i ove godine u sli\u010dnoj inicijativi pokazati da nas i dalje ima i da je to i na\u0161 grad\u2013 najavljuje Laba\u0161 novo kontraprosvjedno okupljanje.<\/p>\n<p>Lani im se priklju\u010dio velik broj mladih sugra\u0111ana, vara\u017edinski umjetnici, poneki \u010dlanovi lijevo orijentiranih politi\u010dkih stranaka.<\/p>\n<p>&#8211; Nasuprot uvrije\u017eenom narativu da su pasivni ili apati\u010dni ili nezainteresirani, ovo je dokaz da mladi doista jesu aktivni i budni, \u017eeljni promjena, posebno kane li ostati u Hrvatskoj \u2013 ka\u017ee Lea Laba\u0161.<\/p>\n<p>Zadnje zamalo dvije godine u sklopu internog programa udruga V.U.K. pokrenula je program &#8220;QP4&#8221; koji je &#8220;siguran prostor&#8221; za LGBTQ mlade osobe, koje se otada okupljaju, dru\u017ee u grupama podr\u0161ke u kojima sudjeluje i psihoterapeut. Organiziraju se radionice, predavanja, igraju dru\u0161tvene igre, gledaju filmovi, a pro\u0161le godine organiziran je i prvi LGBTQ party u prostorijama udruge. Time im se, ka\u017ee na\u0161a sugovornica, pru\u017ea osje\u0107aj da su i oni dio zajednice, pa neki od njih ve\u0107 i volontiraju u udruzi, no ima i onih koji jo\u0161 uvijek te\u0161ko izlaze &#8220;iz ormara&#8221;.<\/p>\n<figure id=\"attachment_3338\" aria-describedby=\"caption-attachment-3338\" style=\"width: 2560px\" class=\"wp-caption alignnone\"><img loading=\"lazy\" decoding=\"async\" class=\"wp-image-3338 size-full\" src=\"https:\/\/sdf.hr\/wp-content\/uploads\/2023\/05\/Osijek_Dubravka-Petric-scaled.jpg\" alt=\"\" width=\"2560\" height=\"1707\" srcset=\"https:\/\/sdf.hr\/wp-content\/uploads\/2023\/05\/Osijek_Dubravka-Petric-scaled.jpg 2560w, https:\/\/sdf.hr\/wp-content\/uploads\/2023\/05\/Osijek_Dubravka-Petric-300x200.jpg 300w, https:\/\/sdf.hr\/wp-content\/uploads\/2023\/05\/Osijek_Dubravka-Petric-1024x683.jpg 1024w, https:\/\/sdf.hr\/wp-content\/uploads\/2023\/05\/Osijek_Dubravka-Petric-768x512.jpg 768w, https:\/\/sdf.hr\/wp-content\/uploads\/2023\/05\/Osijek_Dubravka-Petric-1536x1024.jpg 1536w, https:\/\/sdf.hr\/wp-content\/uploads\/2023\/05\/Osijek_Dubravka-Petric-2048x1365.jpg 2048w\" sizes=\"auto, (max-width: 2560px) 100vw, 2560px\" \/><figcaption id=\"caption-attachment-3338\" class=\"wp-caption-text\">No\u0107i mar\u0161 u Osijeku (Foto: Dubravka Petri\u0107\/PIXSELL)<\/figcaption><\/figure>\n<p>Lani odr\u017ean Europski doga\u0111aj za mlade pokazao je brojnost volontera koji su zainteresirani za rad udruge. Stidljivo se govori i o organizacije povorke ponosa u Vara\u017edinu, ali o tom \u2013 potom. Ostaje svakako dojam da na liberalnijem sjeveru zemlje mlade nije te\u0161ko pokrenuti na odre\u0111ene akcije, debate i sli\u010dno.<\/p>\n<p>Na istoku ljudske slobode brani osje\u010dka neformalna inicijativa mladih \u2013 Mladforma. \u010cine je osmo\u010dlano koordinacijsko vije\u0107e. <strong>Nikica Torbica<\/strong>, jedan od njezinih osniva\u010da, anga\u017eman udruga mladih u obrani ljudskih vrijednosti, slobode, mira i tolerancije vidi kao evolucijski iskorak. Mladi su, kako ka\u017ee, sve osna\u017eeniji, i trebaju biti, kako bi postali sukreatori javnih politika u svojoj zajednici. To se pomalo ve\u0107 doga\u0111a u urbanim sredinama.<\/p>\n<p>&#8211; Mladima \u017eelimo pokazati da postoji kriti\u010dka misao, da postoje ljudi koji druga\u010dije razmi\u0161ljaju i da nisu sami, ljudi koji su razli\u010ditih identiteta, manjine, ranjive skupine po bilo kojoj osnovi. To je ve\u0107 iskorak, a on postoji u vidu utjecanja na javne politike i na to kako Grad usmjerava politike prema mladima. Prema tome usmjeravamo na\u0161 rad. Ono \u0161to na toj razini vidimo da je nepovoljno po mlade, e tu reagiramo \u2013 ka\u017ee Torbica.<\/p>\n<p>Druga linija djelovanja Mladforme je uperena protiv tradicionalizacije dru\u0161tva. Torbica pri\u010da kako su, vezano uz osje\u010dki &#8220;Hod za \u017eivot&#8221; 2021. u jeku koronavirusa, organizirali onlajn kampanju pod nazivom &#8220;Stvari na koje ne \u0161utimo&#8221;. Dogodilo se to na dan predizborne \u0161utnje, kada je &#8220;Hod za \u017eivot&#8221; dobio dozvolu za svoju akciju za ograni\u010davanje prava \u017eena, a podr\u017eale su ih odre\u0111ene politi\u010dke strukture. Kampanju je zamijetilo preko 80 tisu\u0107a ljudi. Lani su pak organizirali &#8220;Piknik solidarnosti&#8221;, solidarno sa svima ugro\u017eenim, ranjivima i onima koji pri\u017eeljkuju jednaka prava na izbor za sve gra\u0111ane.<\/p>\n<p>&#8211; Na\u0161a sloboda prestaje tamo gdje ugro\u017eavamo tu\u0111u. Poruke koje se mogu \u010duti na &#8220;Hodu za \u017eivot&#8221; nisu orijentirane samo na njih pa problem nastaje kada \u017eele drugima ograni\u010davati ljudske slobode. Na\u0161im akcijama \u017eelimo inspirirati mlade da ka\u017eu glasno kada se takve stvari doga\u0111aju. Ironi\u010dno je pritom da suprotna strana demokratskim metodama promovira nedemokratske ideje. Derogiranje prava \u017eena nije prihvatljivo u bilo kojem obliku i mi \u0107emo se tome uvijek glasno i jasno suprotstaviti \u2013 isti\u010de Torbica.<\/p>\n<p>Osim otpora tradicionalizaciji, dodaje, reagiraju na manjak participacije mladih u politi\u010dkim odlukama \u2013 dakle, osnovno je da se mlade pita kakav \u0107e \u017eivot biti u gradu u kojem \u017eive. Nada u bolje dru\u0161tvo time ih ne napu\u0161ta.<\/p>\n<p><em>pi\u0161e Dragan Grozdani\u0107<\/em><\/p>\n","protected":false},"excerpt":{"rendered":"<p>Mladi su, ka\u017ee Nikica Torbica iz osje\u010dke Mladforme, sve osna\u017eeniji, i trebaju biti, kako bi postali sukreatori javnih politika u svojoj zajednici. To se ve\u0107 doga\u0111a u urbanim sredinama, gdje udruge mladih organiziraju kontraprosvjede &#8220;kle\u010davcima&#8221; i &#8220;hoda\u010dima za \u017eivot&#8221;<\/p>\n","protected":false},"featured_media":3333,"template":"","tags":[130],"atribut":[],"class_list":["post-3340","nada","type-nada","status-publish","has-post-thumbnail","hentry","tag-tema"],"acf":[],"yoast_head":"<!-- This site is optimized with the Yoast SEO plugin v27.4 - https:\/\/yoast.com\/product\/yoast-seo-wordpress\/ -->\n<title>Mladi protiv mraka - SDF - Srpski demokratski forum<\/title>\n<meta name=\"robots\" content=\"index, follow, max-snippet:-1, max-image-preview:large, max-video-preview:-1\" \/>\n<link rel=\"canonical\" href=\"https:\/\/sdf.hr\/hr\/nada\/mladi-protiv-mraka\/\" \/>\n<meta property=\"og:locale\" content=\"hr_HR\" \/>\n<meta property=\"og:type\" content=\"article\" \/>\n<meta property=\"og:title\" content=\"Mladi protiv mraka - SDF - Srpski demokratski forum\" \/>\n<meta property=\"og:description\" content=\"Mladi su, ka\u017ee Nikica Torbica iz osje\u010dke Mladforme, sve osna\u017eeniji, i trebaju biti, kako bi postali sukreatori javnih politika u svojoj zajednici. To se ve\u0107 doga\u0111a u urbanim sredinama, gdje udruge mladih organiziraju kontraprosvjede &quot;kle\u010davcima&quot; i &quot;hoda\u010dima za \u017eivot&quot;\" \/>\n<meta property=\"og:url\" content=\"https:\/\/sdf.hr\/hr\/nada\/mladi-protiv-mraka\/\" \/>\n<meta property=\"og:site_name\" content=\"SDF - Srpski demokratski forum\" \/>\n<meta property=\"article:modified_time\" content=\"2023-05-02T07:57:41+00:00\" \/>\n<meta property=\"og:image\" content=\"https:\/\/sdf.hr\/wp-content\/uploads\/2023\/05\/Mladi-Varazdin.jpg\" \/>\n\t<meta property=\"og:image:width\" content=\"960\" \/>\n\t<meta property=\"og:image:height\" content=\"640\" \/>\n\t<meta property=\"og:image:type\" content=\"image\/jpeg\" \/>\n<meta name=\"twitter:card\" content=\"summary_large_image\" \/>\n<meta name=\"twitter:label1\" content=\"Procijenjeno vrijeme \u010ditanja\" \/>\n\t<meta name=\"twitter:data1\" content=\"9 minuta\" \/>\n<script type=\"application\/ld+json\" class=\"yoast-schema-graph\">{\"@context\":\"https:\\\/\\\/schema.org\",\"@graph\":[{\"@type\":\"WebPage\",\"@id\":\"https:\\\/\\\/sdf.hr\\\/hr\\\/nada\\\/mladi-protiv-mraka\\\/\",\"url\":\"https:\\\/\\\/sdf.hr\\\/hr\\\/nada\\\/mladi-protiv-mraka\\\/\",\"name\":\"Mladi protiv mraka - SDF - Srpski demokratski forum\",\"isPartOf\":{\"@id\":\"https:\\\/\\\/sdf.hr\\\/#website\"},\"primaryImageOfPage\":{\"@id\":\"https:\\\/\\\/sdf.hr\\\/hr\\\/nada\\\/mladi-protiv-mraka\\\/#primaryimage\"},\"image\":{\"@id\":\"https:\\\/\\\/sdf.hr\\\/hr\\\/nada\\\/mladi-protiv-mraka\\\/#primaryimage\"},\"thumbnailUrl\":\"https:\\\/\\\/sdf.hr\\\/wp-content\\\/uploads\\\/2023\\\/05\\\/Mladi-Varazdin.jpg\",\"datePublished\":\"2023-05-02T07:57:16+00:00\",\"dateModified\":\"2023-05-02T07:57:41+00:00\",\"breadcrumb\":{\"@id\":\"https:\\\/\\\/sdf.hr\\\/hr\\\/nada\\\/mladi-protiv-mraka\\\/#breadcrumb\"},\"inLanguage\":\"hr\",\"potentialAction\":[{\"@type\":\"ReadAction\",\"target\":[\"https:\\\/\\\/sdf.hr\\\/hr\\\/nada\\\/mladi-protiv-mraka\\\/\"]}]},{\"@type\":\"ImageObject\",\"inLanguage\":\"hr\",\"@id\":\"https:\\\/\\\/sdf.hr\\\/hr\\\/nada\\\/mladi-protiv-mraka\\\/#primaryimage\",\"url\":\"https:\\\/\\\/sdf.hr\\\/wp-content\\\/uploads\\\/2023\\\/05\\\/Mladi-Varazdin.jpg\",\"contentUrl\":\"https:\\\/\\\/sdf.hr\\\/wp-content\\\/uploads\\\/2023\\\/05\\\/Mladi-Varazdin.jpg\",\"width\":960,\"height\":640,\"caption\":\"Mladi Vara\u017edinci za prava \u017eena\"},{\"@type\":\"BreadcrumbList\",\"@id\":\"https:\\\/\\\/sdf.hr\\\/hr\\\/nada\\\/mladi-protiv-mraka\\\/#breadcrumb\",\"itemListElement\":[{\"@type\":\"ListItem\",\"position\":1,\"name\":\"Po\u010detna stranica\",\"item\":\"https:\\\/\\\/sdf.hr\\\/hr\\\/\"},{\"@type\":\"ListItem\",\"position\":2,\"name\":\"Nada\",\"item\":\"https:\\\/\\\/sdf.hr\\\/nada\\\/\"},{\"@type\":\"ListItem\",\"position\":3,\"name\":\"Mladi protiv mraka\"}]},{\"@type\":\"WebSite\",\"@id\":\"https:\\\/\\\/sdf.hr\\\/#website\",\"url\":\"https:\\\/\\\/sdf.hr\\\/\",\"name\":\"SDF - Srpski demokratski forum\",\"description\":\"Srpski demokratski forum\",\"publisher\":{\"@id\":\"https:\\\/\\\/sdf.hr\\\/#organization\"},\"potentialAction\":[{\"@type\":\"SearchAction\",\"target\":{\"@type\":\"EntryPoint\",\"urlTemplate\":\"https:\\\/\\\/sdf.hr\\\/?s={search_term_string}\"},\"query-input\":{\"@type\":\"PropertyValueSpecification\",\"valueRequired\":true,\"valueName\":\"search_term_string\"}}],\"inLanguage\":\"hr\"},{\"@type\":\"Organization\",\"@id\":\"https:\\\/\\\/sdf.hr\\\/#organization\",\"name\":\"SDF - Srpski demokratski forum\",\"url\":\"https:\\\/\\\/sdf.hr\\\/\",\"logo\":{\"@type\":\"ImageObject\",\"inLanguage\":\"hr\",\"@id\":\"https:\\\/\\\/sdf.hr\\\/#\\\/schema\\\/logo\\\/image\\\/\",\"url\":\"https:\\\/\\\/sdf.hr\\\/wp-content\\\/uploads\\\/2021\\\/07\\\/logo-hr.svg\",\"contentUrl\":\"https:\\\/\\\/sdf.hr\\\/wp-content\\\/uploads\\\/2021\\\/07\\\/logo-hr.svg\",\"width\":271,\"height\":100,\"caption\":\"SDF - Srpski demokratski forum\"},\"image\":{\"@id\":\"https:\\\/\\\/sdf.hr\\\/#\\\/schema\\\/logo\\\/image\\\/\"}}]}<\/script>\n<!-- \/ Yoast SEO plugin. -->","yoast_head_json":{"title":"Mladi protiv mraka - SDF - Srpski demokratski forum","robots":{"index":"index","follow":"follow","max-snippet":"max-snippet:-1","max-image-preview":"max-image-preview:large","max-video-preview":"max-video-preview:-1"},"canonical":"https:\/\/sdf.hr\/hr\/nada\/mladi-protiv-mraka\/","og_locale":"hr_HR","og_type":"article","og_title":"Mladi protiv mraka - SDF - Srpski demokratski forum","og_description":"Mladi su, ka\u017ee Nikica Torbica iz osje\u010dke Mladforme, sve osna\u017eeniji, i trebaju biti, kako bi postali sukreatori javnih politika u svojoj zajednici. To se ve\u0107 doga\u0111a u urbanim sredinama, gdje udruge mladih organiziraju kontraprosvjede \"kle\u010davcima\" i \"hoda\u010dima za \u017eivot\"","og_url":"https:\/\/sdf.hr\/hr\/nada\/mladi-protiv-mraka\/","og_site_name":"SDF - Srpski demokratski forum","article_modified_time":"2023-05-02T07:57:41+00:00","og_image":[{"width":960,"height":640,"url":"https:\/\/sdf.hr\/wp-content\/uploads\/2023\/05\/Mladi-Varazdin.jpg","type":"image\/jpeg"}],"twitter_card":"summary_large_image","twitter_misc":{"Procijenjeno vrijeme \u010ditanja":"9 minuta"},"schema":{"@context":"https:\/\/schema.org","@graph":[{"@type":"WebPage","@id":"https:\/\/sdf.hr\/hr\/nada\/mladi-protiv-mraka\/","url":"https:\/\/sdf.hr\/hr\/nada\/mladi-protiv-mraka\/","name":"Mladi protiv mraka - SDF - Srpski demokratski forum","isPartOf":{"@id":"https:\/\/sdf.hr\/#website"},"primaryImageOfPage":{"@id":"https:\/\/sdf.hr\/hr\/nada\/mladi-protiv-mraka\/#primaryimage"},"image":{"@id":"https:\/\/sdf.hr\/hr\/nada\/mladi-protiv-mraka\/#primaryimage"},"thumbnailUrl":"https:\/\/sdf.hr\/wp-content\/uploads\/2023\/05\/Mladi-Varazdin.jpg","datePublished":"2023-05-02T07:57:16+00:00","dateModified":"2023-05-02T07:57:41+00:00","breadcrumb":{"@id":"https:\/\/sdf.hr\/hr\/nada\/mladi-protiv-mraka\/#breadcrumb"},"inLanguage":"hr","potentialAction":[{"@type":"ReadAction","target":["https:\/\/sdf.hr\/hr\/nada\/mladi-protiv-mraka\/"]}]},{"@type":"ImageObject","inLanguage":"hr","@id":"https:\/\/sdf.hr\/hr\/nada\/mladi-protiv-mraka\/#primaryimage","url":"https:\/\/sdf.hr\/wp-content\/uploads\/2023\/05\/Mladi-Varazdin.jpg","contentUrl":"https:\/\/sdf.hr\/wp-content\/uploads\/2023\/05\/Mladi-Varazdin.jpg","width":960,"height":640,"caption":"Mladi Vara\u017edinci za prava \u017eena"},{"@type":"BreadcrumbList","@id":"https:\/\/sdf.hr\/hr\/nada\/mladi-protiv-mraka\/#breadcrumb","itemListElement":[{"@type":"ListItem","position":1,"name":"Po\u010detna stranica","item":"https:\/\/sdf.hr\/hr\/"},{"@type":"ListItem","position":2,"name":"Nada","item":"https:\/\/sdf.hr\/nada\/"},{"@type":"ListItem","position":3,"name":"Mladi protiv mraka"}]},{"@type":"WebSite","@id":"https:\/\/sdf.hr\/#website","url":"https:\/\/sdf.hr\/","name":"SDF - Srpski demokratski forum","description":"Srpski demokratski forum","publisher":{"@id":"https:\/\/sdf.hr\/#organization"},"potentialAction":[{"@type":"SearchAction","target":{"@type":"EntryPoint","urlTemplate":"https:\/\/sdf.hr\/?s={search_term_string}"},"query-input":{"@type":"PropertyValueSpecification","valueRequired":true,"valueName":"search_term_string"}}],"inLanguage":"hr"},{"@type":"Organization","@id":"https:\/\/sdf.hr\/#organization","name":"SDF - Srpski demokratski forum","url":"https:\/\/sdf.hr\/","logo":{"@type":"ImageObject","inLanguage":"hr","@id":"https:\/\/sdf.hr\/#\/schema\/logo\/image\/","url":"https:\/\/sdf.hr\/wp-content\/uploads\/2021\/07\/logo-hr.svg","contentUrl":"https:\/\/sdf.hr\/wp-content\/uploads\/2021\/07\/logo-hr.svg","width":271,"height":100,"caption":"SDF - Srpski demokratski forum"},"image":{"@id":"https:\/\/sdf.hr\/#\/schema\/logo\/image\/"}}]}},"_links":{"self":[{"href":"https:\/\/sdf.hr\/hr\/wp-json\/wp\/v2\/nada\/3340","targetHints":{"allow":["GET"]}}],"collection":[{"href":"https:\/\/sdf.hr\/hr\/wp-json\/wp\/v2\/nada"}],"about":[{"href":"https:\/\/sdf.hr\/hr\/wp-json\/wp\/v2\/types\/nada"}],"wp:featuredmedia":[{"embeddable":true,"href":"https:\/\/sdf.hr\/hr\/wp-json\/wp\/v2\/media\/3333"}],"wp:attachment":[{"href":"https:\/\/sdf.hr\/hr\/wp-json\/wp\/v2\/media?parent=3340"}],"wp:term":[{"taxonomy":"post_tag","embeddable":true,"href":"https:\/\/sdf.hr\/hr\/wp-json\/wp\/v2\/tags?post=3340"},{"taxonomy":"atribut","embeddable":true,"href":"https:\/\/sdf.hr\/hr\/wp-json\/wp\/v2\/atribut?post=3340"}],"curies":[{"name":"wp","href":"https:\/\/api.w.org\/{rel}","templated":true}]}}