{"id":3348,"date":"2023-05-03T11:13:16","date_gmt":"2023-05-03T09:13:16","guid":{"rendered":"https:\/\/sdf.hr\/nada\/moja-muzika-treba-zenama\/"},"modified":"2023-05-03T11:13:47","modified_gmt":"2023-05-03T09:13:47","slug":"moja-muzika-treba-zenama","status":"publish","type":"nada","link":"https:\/\/sdf.hr\/hr\/nada\/moja-muzika-treba-zenama\/","title":{"rendered":"Moja muzika treba \u017eenama"},"content":{"rendered":"<p>U svim nijansama roze boje, mekog glasa i prepoznatljivog <em>flowa<\/em>, pojavljuje se <strong>Mlada Beba<\/strong> (1999.), reperka iz Subotice. Nezavisna umjetnica, civilnog imena <strong>Ana Vukovi\u0107<\/strong>, na <em>cyber<\/em> prostoru se prvi put predstavila 2018. s pjesmom &#8220;Led&#8221; koja je, kako ka\u017ee, nekom instant magijom do\u0161la do publike iz Hrvatske. EP &#8220;Beba&#8221;, singl &#8220;Stanija&#8221; i album &#8220;Ego&#8221; rezultati su njenog petogodi\u0161njeg kr\u010denja puta na doma\u0107oj rep sceni. U martu i aprilu ove godine nastupala je u Zagrebu, u AKC Attacku i na Drito festivalu. Postala je svjesna svoje popularnosti u Hrvatskoj tek kada je stala pred zagreba\u010dku publiku koja je sve njene pjesme znala napamet, uklju\u010duju\u0107i i demo snimke s prikrajka Youtubea.<\/p>\n<p>Sve \u0161to Mlada Beba prire\u0111uje je ekstravagantno, eksplicitno i pro\u017eivljeno. Njeni spotovi i scenski nastupi pr\u0161te od estetike ranih 2000-ih, kolekcije Bratz lutkica i ru\u017ei\u010dastih preklopnih mobitela. Uz obilato repersko pretjerivanje u tekstovima, ve\u0107ina njenih rima su sli\u010dice iz li\u010dnog iskustva koje je poslo\u017eila na odre\u0111eni na\u010din. Pro\u0161la je kroz najve\u0107u traumu koju \u017eena mo\u017ee iskusiti &#8211; zlostavljanje u vezi i osvetni\u010dku pornografiju. Oslanjaju\u0107i se samo na sebe i na podr\u0161ku roditelja i sestre, bez adekvatnih mehanizama za\u0161tite, nije osjetila potrebu da se sakrije, ve\u0107 da skrene pa\u017enju na sebe svojom muzikom.<\/p>\n<p>&#8211; U srednjoj \u0161koli sam bila u ultratoksi\u010dnoj vezi, bilo mi je zabranjeno da pravim muziku, nisam smela da idem u klubove, da se obla\u010dim kako \u017eelim i da imam dru\u0161tvene mre\u017ee. Na\u017ealost, mnogo \u017eena se jednom u \u017eivotu na\u0111e u takvom odnosu. Pro\u017eivela sam te\u0161ko zlostavljanje i odlu\u010dila sam da kona\u010dno iza\u0111em iz te veze. Tada sam shvatila da mogu da radim \u0161ta god ho\u0107u, shvatila sam da sam \u017eiva i mogla sam da biram \u0161ta \u017eelim da budem. Najve\u0107a \u017eelja je bila muzika. Skidala sam besplatne <em>beatove<\/em>, ka\u010dila sam onaj mali mikrofon na lampu i tako sam po\u010dela da repujem. Polako sam evoluirala, grizla sam, jer je to jedino \u0161to je imalo smisla. To je moj glas. Dopustila sam da mi ga neko oduzme, a sada moj glas mo\u017ee da pomogne nekome ko prolazi kroz isto. I to je \u010ditava poenta moje muzike: ovo \u0161to ja radim treba \u017eenama. Svoju bol i \u017eelju za slobodom sam usmerila na najbolji mogu\u0107i na\u010din. Iza\u0161la sam iz tame stvaraju\u0107i muziku &#8211; govori Ana.<\/p>\n<p><img loading=\"lazy\" decoding=\"async\" class=\"alignnone wp-image-3342 size-full\" src=\"https:\/\/sdf.hr\/wp-content\/uploads\/2023\/05\/Beba2.jpg\" alt=\"\" width=\"1125\" height=\"1110\" srcset=\"https:\/\/sdf.hr\/wp-content\/uploads\/2023\/05\/Beba2.jpg 1125w, https:\/\/sdf.hr\/wp-content\/uploads\/2023\/05\/Beba2-300x296.jpg 300w, https:\/\/sdf.hr\/wp-content\/uploads\/2023\/05\/Beba2-1024x1010.jpg 1024w, https:\/\/sdf.hr\/wp-content\/uploads\/2023\/05\/Beba2-768x758.jpg 768w\" sizes=\"auto, (max-width: 1125px) 100vw, 1125px\" \/><\/p>\n<p>Njen biv\u0161i de\u010dko je javno objavio njene obna\u017eene fotografije i sve njene tajne i tajne njenih prijatelja.<\/p>\n<p>&#8211; Ja nisam pristala da svi to vide. Dugo mi je trebalo da se oporavim. Bila sam sa roditeljima u policiji, tamo su mi se smejali. Mojoj mami je jedan policajac rekao: &#8220;Eto, ja zato mojoj \u0107erki ne \u017eelim da dam mobilni telefon.&#8221; Ja nemam sram, nikad ga nisam imala. Za mene je stid dru\u0161tveni konstrukt. Ko god te sputava i tera da se ose\u0107a\u0161 posti\u0111eno, taj ne zna \u0161ta zna\u010di biti ljudsko bi\u0107e. Svako ko se stidi seksa i golotinje nije u dodiru sa svojom prirodom. Mi smo seksualna i kreativna bi\u0107a, ne treba da bude nedopustivo da devojke \u0161alju <em>nudes<\/em>. Nedopustivo je da neko to podeli sa svetom bez tvog dopu\u0161tenja &#8211; obja\u0161njava reperka.<\/p>\n<p>Anini po\u010deci bili su te\u0161ki i zbog izostajanja podr\u0161ke okoline da se bavi muzikom. Roditelji su joj govorili da na\u0111e posao i da bude realna, a prijateljima su njeni prvi radovi bili smije\u0161ni. Starija sestra ju je jedina konstantno bodrila, dok je najve\u0107a podr\u0161ka do\u0161la od nepoznatih ljudi, stotinama kilometara udaljenih. Njene pjesme &#8220;Ti i ja&#8221; i &#8220;Stanija&#8221; tokom 2022. postale su viralne na TikToku. Prema podacima njenog biv\u0161eg izdava\u010da, Mlada Beba je pro\u0161le godine dostigla 50 miliona strimova na ovoj mre\u017ei.<\/p>\n<p>Anina majka je porijeklom iz Ukrajine, iz Lavova. U sredi\u0161njoj Ukrajini, u U\u017egorodu, bila je dva puta u djetinjstvu. Govori da nosi tu\u017ene, ali u isto vrijeme i najljep\u0161e uspomene na zemlju koja smatra svojom. Sje\u0107a se siroma\u0161tva i stalnih restrikcija vode.<\/p>\n<p>&#8211; Mama je krajem 1990-ih do\u0161la u Srbiju iz Ukrajine, radila je kao plesa\u010dica. Kad sam po\u010dela da se bavim muzikom, mama je imala strah oko toga. Ona je tako\u0111e pro\u0161la kroz <em>slut-shaming<\/em>, nije dobro podnosila uvredljive komentare koje su mi ljudi ostavljali ispod pesama. Trebalo joj je vremena da prihvati moju provokativnu pojavu u javnosti. Uvek sam joj obja\u0161njavala da ako se obu\u010dem malo slobodnije, ona mora da zna da se ja trudim, da znam \u0161ta radim i da sam njena \u0107erka, bez obzira na sve. S vremenom je dobila poverenje u mene i sad je veliki fan moje muzike &#8211; govori Mlada Beba.<\/p>\n<p>Nedavno je ponovo postala nezavisna umjetnica, nakon \u0161to je raskinula ugovor u izdava\u010dkoj ku\u0107i Mascom. Iako smatra da postoje odli\u010dne izdava\u010dke ku\u0107e, taj period pamti po manjku kreativnosti.<\/p>\n<p><img loading=\"lazy\" decoding=\"async\" class=\"alignnone wp-image-3344 size-full\" src=\"https:\/\/sdf.hr\/wp-content\/uploads\/2023\/05\/Beba3-scaled.jpeg\" alt=\"\" width=\"1920\" height=\"2560\" srcset=\"https:\/\/sdf.hr\/wp-content\/uploads\/2023\/05\/Beba3-scaled.jpeg 1920w, https:\/\/sdf.hr\/wp-content\/uploads\/2023\/05\/Beba3-225x300.jpeg 225w, https:\/\/sdf.hr\/wp-content\/uploads\/2023\/05\/Beba3-768x1024.jpeg 768w, https:\/\/sdf.hr\/wp-content\/uploads\/2023\/05\/Beba3-1152x1536.jpeg 1152w, https:\/\/sdf.hr\/wp-content\/uploads\/2023\/05\/Beba3-1536x2048.jpeg 1536w\" sizes=\"auto, (max-width: 1920px) 100vw, 1920px\" \/><\/p>\n<p>&#8211; Ugovor ti daje neke privilegije, zovu te na gostovanja, u emisije, tako dobija\u0161 neku validaciju. Ali na kraju dana ti vi\u0161e vredi\u0161 njima, nego oni tebi. Do emisije se mo\u017ee do\u0107i i na neki drugi na\u010din, postoje razni konkursi i takmi\u010denja. Kad si mlad treba\u0161 biti nezavisan. Agenti na talente se pojavljuju kada neko tek treba da eksplodira, oni \u017eele da budu tu u tom trenutku. Obi\u010dno nude ugovor ljudima od 18. do 23. godine jer se ciljana publika s mla\u0111im izvo\u0111a\u010dima mo\u017ee puno bolje povezati. Donosi\u0161 im zaradu, nije ih preterano briga kako se ti ose\u0107a\u0161 jer je sve to &#8220;biznis&#8221;. \u010cekaju\u0107i godinu i po dana da objave moj album, izgubila sam volju za stvaranjem, htela sam da batalim muziku. Stvari su se promenile, sve bi trebalo da ide mnogo br\u017ee. Tamo su sve pedesetogodi\u0161njaci, oni ne mogu da shvate nekog mladog &#8211; smatra Mlada Beba.<\/p>\n<p>Kao autenti\u010dna pripadnica generacije Z \u017eeli da se oproba i u nekim drugim muzi\u010dkim \u017eanrovima. Mlada Beba &#8220;kida kako \u017eivi&#8221; i mo\u017ee sve \u0161to zamisli. Na vi\u0161e strana na internetu je zabilje\u017eeno da bi voljela snimiti duet s <strong>Jelenom Karleu\u0161om<\/strong>.<\/p>\n<p>&#8211; Ako \u017eelim, sutra \u0107u snimiti operu. Stariji se \u010dude \u0161to mladi slu\u0161aju sve u isto vreme. Sve nam je dostupno, sve se me\u0161a i samo tako mo\u017ee da nastane ne\u0161to potpuno novo. Danas mogu da odem na operu, sutra sam na repu ili narodnja\u010dkom koncertu. Na\u0161a generacija predstavlja smrt predrasuda. Otvoreni smo i svi volimo sve. Ja imam jako lep ose\u0107aj za na\u0161u generaciju, pogotovo za generacije iza nas. Prestaje ta hejt kultura i nacionalizam. Moja frizerka je mama, nekad joj do\u0111u sinovi u salon. Ja ih \u010desto posmatram kako komuniciraju i uvek u sebi mislim: kakva savremena i kul mama, koliko samo prihvatanja i otvorenosti mo\u017ee biti izme\u0111u roditelja i dece! &#8211; primje\u0107uje Ana.<\/p>\n<p>Na pitanje kako zami\u0161lja budu\u0107nost, ka\u017ee da se maksimalno trudi biti ovdje i sada. Razmi\u0161ljanje o budu\u0107nosti nikad joj nije donijelo dobro jer \u017eelju za uspjehom prate strah i anksioznost, smatra ona. Trenutno najvi\u0161e u\u017eiva u prijateljstvu s kolegicom <strong>Yumenik<\/strong>. Snimile su nekoliko pjesama od kojih je najpoznatija &#8220;Foliramo&#8221;.<\/p>\n<p>&#8211; Hvala muzici \u0161to mi je omogu\u0107ila da upoznam divne ljude &#8211; poru\u010duje Mlada Beba.<\/p>\n<p><em>pi\u0161e Anja Ko\u017eul<\/em><\/p>\n","protected":false},"excerpt":{"rendered":"<p>Polako sam evoluirala, grizla sam, jer je to jedino \u0161to je imalo smisla. To je moj glas. Dopustila sam da mi ga neko oduzme, a sada moj glas mo\u017ee da pomogne nekome ko prolazi kroz isto, ka\u017ee reperka Mlada Beba<\/p>\n","protected":false},"featured_media":3347,"template":"","tags":[136],"atribut":[],"class_list":["post-3348","nada","type-nada","status-publish","has-post-thumbnail","hentry","tag-portret"],"acf":[],"yoast_head":"<!-- This site is optimized with the Yoast SEO plugin v27.4 - https:\/\/yoast.com\/product\/yoast-seo-wordpress\/ -->\n<title>Moja muzika treba \u017eenama - SDF - Srpski demokratski forum<\/title>\n<meta name=\"robots\" content=\"index, follow, max-snippet:-1, max-image-preview:large, max-video-preview:-1\" \/>\n<link rel=\"canonical\" href=\"https:\/\/sdf.hr\/hr\/nada\/moja-muzika-treba-zenama\/\" \/>\n<meta property=\"og:locale\" content=\"hr_HR\" \/>\n<meta property=\"og:type\" content=\"article\" \/>\n<meta property=\"og:title\" content=\"Moja muzika treba \u017eenama - SDF - Srpski demokratski forum\" \/>\n<meta property=\"og:description\" content=\"Polako sam evoluirala, grizla sam, jer je to jedino \u0161to je imalo smisla. To je moj glas. Dopustila sam da mi ga neko oduzme, a sada moj glas mo\u017ee da pomogne nekome ko prolazi kroz isto, ka\u017ee reperka Mlada Beba\" \/>\n<meta property=\"og:url\" content=\"https:\/\/sdf.hr\/hr\/nada\/moja-muzika-treba-zenama\/\" \/>\n<meta property=\"og:site_name\" content=\"SDF - Srpski demokratski forum\" \/>\n<meta property=\"article:modified_time\" content=\"2023-05-03T09:13:47+00:00\" \/>\n<meta property=\"og:image\" content=\"https:\/\/sdf.hr\/wp-content\/uploads\/2023\/05\/Mlada-Beba.jpg\" \/>\n\t<meta property=\"og:image:width\" content=\"1080\" \/>\n\t<meta property=\"og:image:height\" content=\"1014\" \/>\n\t<meta property=\"og:image:type\" content=\"image\/jpeg\" \/>\n<meta name=\"twitter:card\" content=\"summary_large_image\" \/>\n<meta name=\"twitter:label1\" content=\"Procijenjeno vrijeme \u010ditanja\" \/>\n\t<meta name=\"twitter:data1\" content=\"6 minuta\" \/>\n<script type=\"application\/ld+json\" class=\"yoast-schema-graph\">{\"@context\":\"https:\\\/\\\/schema.org\",\"@graph\":[{\"@type\":\"WebPage\",\"@id\":\"https:\\\/\\\/sdf.hr\\\/hr\\\/nada\\\/moja-muzika-treba-zenama\\\/\",\"url\":\"https:\\\/\\\/sdf.hr\\\/hr\\\/nada\\\/moja-muzika-treba-zenama\\\/\",\"name\":\"Moja muzika treba \u017eenama - SDF - Srpski demokratski forum\",\"isPartOf\":{\"@id\":\"https:\\\/\\\/sdf.hr\\\/#website\"},\"primaryImageOfPage\":{\"@id\":\"https:\\\/\\\/sdf.hr\\\/hr\\\/nada\\\/moja-muzika-treba-zenama\\\/#primaryimage\"},\"image\":{\"@id\":\"https:\\\/\\\/sdf.hr\\\/hr\\\/nada\\\/moja-muzika-treba-zenama\\\/#primaryimage\"},\"thumbnailUrl\":\"https:\\\/\\\/sdf.hr\\\/wp-content\\\/uploads\\\/2023\\\/05\\\/Mlada-Beba.jpg\",\"datePublished\":\"2023-05-03T09:13:16+00:00\",\"dateModified\":\"2023-05-03T09:13:47+00:00\",\"breadcrumb\":{\"@id\":\"https:\\\/\\\/sdf.hr\\\/hr\\\/nada\\\/moja-muzika-treba-zenama\\\/#breadcrumb\"},\"inLanguage\":\"hr\",\"potentialAction\":[{\"@type\":\"ReadAction\",\"target\":[\"https:\\\/\\\/sdf.hr\\\/hr\\\/nada\\\/moja-muzika-treba-zenama\\\/\"]}]},{\"@type\":\"ImageObject\",\"inLanguage\":\"hr\",\"@id\":\"https:\\\/\\\/sdf.hr\\\/hr\\\/nada\\\/moja-muzika-treba-zenama\\\/#primaryimage\",\"url\":\"https:\\\/\\\/sdf.hr\\\/wp-content\\\/uploads\\\/2023\\\/05\\\/Mlada-Beba.jpg\",\"contentUrl\":\"https:\\\/\\\/sdf.hr\\\/wp-content\\\/uploads\\\/2023\\\/05\\\/Mlada-Beba.jpg\",\"width\":1080,\"height\":1014,\"caption\":\"Ana Vukovi\u0107 \u2013 Mlada Beba\"},{\"@type\":\"BreadcrumbList\",\"@id\":\"https:\\\/\\\/sdf.hr\\\/hr\\\/nada\\\/moja-muzika-treba-zenama\\\/#breadcrumb\",\"itemListElement\":[{\"@type\":\"ListItem\",\"position\":1,\"name\":\"Po\u010detna stranica\",\"item\":\"https:\\\/\\\/sdf.hr\\\/hr\\\/\"},{\"@type\":\"ListItem\",\"position\":2,\"name\":\"Nada\",\"item\":\"https:\\\/\\\/sdf.hr\\\/nada\\\/\"},{\"@type\":\"ListItem\",\"position\":3,\"name\":\"Moja muzika treba \u017eenama\"}]},{\"@type\":\"WebSite\",\"@id\":\"https:\\\/\\\/sdf.hr\\\/#website\",\"url\":\"https:\\\/\\\/sdf.hr\\\/\",\"name\":\"SDF - Srpski demokratski forum\",\"description\":\"Srpski demokratski forum\",\"publisher\":{\"@id\":\"https:\\\/\\\/sdf.hr\\\/#organization\"},\"potentialAction\":[{\"@type\":\"SearchAction\",\"target\":{\"@type\":\"EntryPoint\",\"urlTemplate\":\"https:\\\/\\\/sdf.hr\\\/?s={search_term_string}\"},\"query-input\":{\"@type\":\"PropertyValueSpecification\",\"valueRequired\":true,\"valueName\":\"search_term_string\"}}],\"inLanguage\":\"hr\"},{\"@type\":\"Organization\",\"@id\":\"https:\\\/\\\/sdf.hr\\\/#organization\",\"name\":\"SDF - Srpski demokratski forum\",\"url\":\"https:\\\/\\\/sdf.hr\\\/\",\"logo\":{\"@type\":\"ImageObject\",\"inLanguage\":\"hr\",\"@id\":\"https:\\\/\\\/sdf.hr\\\/#\\\/schema\\\/logo\\\/image\\\/\",\"url\":\"https:\\\/\\\/sdf.hr\\\/wp-content\\\/uploads\\\/2021\\\/07\\\/logo-hr.svg\",\"contentUrl\":\"https:\\\/\\\/sdf.hr\\\/wp-content\\\/uploads\\\/2021\\\/07\\\/logo-hr.svg\",\"width\":271,\"height\":100,\"caption\":\"SDF - Srpski demokratski forum\"},\"image\":{\"@id\":\"https:\\\/\\\/sdf.hr\\\/#\\\/schema\\\/logo\\\/image\\\/\"}}]}<\/script>\n<!-- \/ Yoast SEO plugin. -->","yoast_head_json":{"title":"Moja muzika treba \u017eenama - SDF - Srpski demokratski forum","robots":{"index":"index","follow":"follow","max-snippet":"max-snippet:-1","max-image-preview":"max-image-preview:large","max-video-preview":"max-video-preview:-1"},"canonical":"https:\/\/sdf.hr\/hr\/nada\/moja-muzika-treba-zenama\/","og_locale":"hr_HR","og_type":"article","og_title":"Moja muzika treba \u017eenama - SDF - Srpski demokratski forum","og_description":"Polako sam evoluirala, grizla sam, jer je to jedino \u0161to je imalo smisla. To je moj glas. Dopustila sam da mi ga neko oduzme, a sada moj glas mo\u017ee da pomogne nekome ko prolazi kroz isto, ka\u017ee reperka Mlada Beba","og_url":"https:\/\/sdf.hr\/hr\/nada\/moja-muzika-treba-zenama\/","og_site_name":"SDF - Srpski demokratski forum","article_modified_time":"2023-05-03T09:13:47+00:00","og_image":[{"width":1080,"height":1014,"url":"https:\/\/sdf.hr\/wp-content\/uploads\/2023\/05\/Mlada-Beba.jpg","type":"image\/jpeg"}],"twitter_card":"summary_large_image","twitter_misc":{"Procijenjeno vrijeme \u010ditanja":"6 minuta"},"schema":{"@context":"https:\/\/schema.org","@graph":[{"@type":"WebPage","@id":"https:\/\/sdf.hr\/hr\/nada\/moja-muzika-treba-zenama\/","url":"https:\/\/sdf.hr\/hr\/nada\/moja-muzika-treba-zenama\/","name":"Moja muzika treba \u017eenama - SDF - Srpski demokratski forum","isPartOf":{"@id":"https:\/\/sdf.hr\/#website"},"primaryImageOfPage":{"@id":"https:\/\/sdf.hr\/hr\/nada\/moja-muzika-treba-zenama\/#primaryimage"},"image":{"@id":"https:\/\/sdf.hr\/hr\/nada\/moja-muzika-treba-zenama\/#primaryimage"},"thumbnailUrl":"https:\/\/sdf.hr\/wp-content\/uploads\/2023\/05\/Mlada-Beba.jpg","datePublished":"2023-05-03T09:13:16+00:00","dateModified":"2023-05-03T09:13:47+00:00","breadcrumb":{"@id":"https:\/\/sdf.hr\/hr\/nada\/moja-muzika-treba-zenama\/#breadcrumb"},"inLanguage":"hr","potentialAction":[{"@type":"ReadAction","target":["https:\/\/sdf.hr\/hr\/nada\/moja-muzika-treba-zenama\/"]}]},{"@type":"ImageObject","inLanguage":"hr","@id":"https:\/\/sdf.hr\/hr\/nada\/moja-muzika-treba-zenama\/#primaryimage","url":"https:\/\/sdf.hr\/wp-content\/uploads\/2023\/05\/Mlada-Beba.jpg","contentUrl":"https:\/\/sdf.hr\/wp-content\/uploads\/2023\/05\/Mlada-Beba.jpg","width":1080,"height":1014,"caption":"Ana Vukovi\u0107 \u2013 Mlada Beba"},{"@type":"BreadcrumbList","@id":"https:\/\/sdf.hr\/hr\/nada\/moja-muzika-treba-zenama\/#breadcrumb","itemListElement":[{"@type":"ListItem","position":1,"name":"Po\u010detna stranica","item":"https:\/\/sdf.hr\/hr\/"},{"@type":"ListItem","position":2,"name":"Nada","item":"https:\/\/sdf.hr\/nada\/"},{"@type":"ListItem","position":3,"name":"Moja muzika treba \u017eenama"}]},{"@type":"WebSite","@id":"https:\/\/sdf.hr\/#website","url":"https:\/\/sdf.hr\/","name":"SDF - Srpski demokratski forum","description":"Srpski demokratski forum","publisher":{"@id":"https:\/\/sdf.hr\/#organization"},"potentialAction":[{"@type":"SearchAction","target":{"@type":"EntryPoint","urlTemplate":"https:\/\/sdf.hr\/?s={search_term_string}"},"query-input":{"@type":"PropertyValueSpecification","valueRequired":true,"valueName":"search_term_string"}}],"inLanguage":"hr"},{"@type":"Organization","@id":"https:\/\/sdf.hr\/#organization","name":"SDF - Srpski demokratski forum","url":"https:\/\/sdf.hr\/","logo":{"@type":"ImageObject","inLanguage":"hr","@id":"https:\/\/sdf.hr\/#\/schema\/logo\/image\/","url":"https:\/\/sdf.hr\/wp-content\/uploads\/2021\/07\/logo-hr.svg","contentUrl":"https:\/\/sdf.hr\/wp-content\/uploads\/2021\/07\/logo-hr.svg","width":271,"height":100,"caption":"SDF - Srpski demokratski forum"},"image":{"@id":"https:\/\/sdf.hr\/#\/schema\/logo\/image\/"}}]}},"_links":{"self":[{"href":"https:\/\/sdf.hr\/hr\/wp-json\/wp\/v2\/nada\/3348","targetHints":{"allow":["GET"]}}],"collection":[{"href":"https:\/\/sdf.hr\/hr\/wp-json\/wp\/v2\/nada"}],"about":[{"href":"https:\/\/sdf.hr\/hr\/wp-json\/wp\/v2\/types\/nada"}],"wp:featuredmedia":[{"embeddable":true,"href":"https:\/\/sdf.hr\/hr\/wp-json\/wp\/v2\/media\/3347"}],"wp:attachment":[{"href":"https:\/\/sdf.hr\/hr\/wp-json\/wp\/v2\/media?parent=3348"}],"wp:term":[{"taxonomy":"post_tag","embeddable":true,"href":"https:\/\/sdf.hr\/hr\/wp-json\/wp\/v2\/tags?post=3348"},{"taxonomy":"atribut","embeddable":true,"href":"https:\/\/sdf.hr\/hr\/wp-json\/wp\/v2\/atribut?post=3348"}],"curies":[{"name":"wp","href":"https:\/\/api.w.org\/{rel}","templated":true}]}}