{"id":3370,"date":"2023-05-15T20:58:38","date_gmt":"2023-05-15T18:58:38","guid":{"rendered":"https:\/\/sdf.hr\/nada\/ivana-dragicevic-nuzno-je-povesti-borbu-za-javnu-tv\/"},"modified":"2023-05-30T10:45:09","modified_gmt":"2023-05-30T08:45:09","slug":"ivana-dragicevic-nuzno-je-povesti-borbu-za-javnu-tv","status":"publish","type":"nada","link":"https:\/\/sdf.hr\/hr\/nada\/ivana-dragicevic-nuzno-je-povesti-borbu-za-javnu-tv\/","title":{"rendered":"Ivana Dragi\u010devi\u0107: Nu\u017eno je povesti borbu za javnu TV"},"content":{"rendered":"<p>Kao u <strong>Arsenovoj<\/strong> &#8220;Ku\u0107i za ptice&#8221; ve\u0107 sedmi dan je ki\u0161ilo, a tmurno zagreba\u010dko subotnje popodne proveli smo u vi\u0161esatnom razgovoru s najmla\u0111om predstavnicom generacije X, <strong>Ivanom Dragi\u010devi\u0107<\/strong>. Dragi\u010devi\u0107 je novinarka i urednica koja preko dva i pol desetlje\u0107a prati vanjsku politiku, autorica je knjige &#8220;Nejednaki&#8221;, dobitnica triju nagrada Hrvatskog novinarskog dru\u0161tva &#8220;Marija Juri\u0107 Zagorka&#8221; za najbolje televizijske emisije i reporta\u017ee (1999., 2001. i 2014.) te nagrade HRT-a &#8220;Jo\u0161ko Martinovi\u0107&#8221; za najbolju reporta\u017eu 2011. godine. Radi kao urednica vanjske politike na televiziji N1 u Zagrebu.<\/p>\n<p><strong>Krenimo od va\u0161ih novinarskih po\u010detaka. Na fakultetu ste sudjelovali u pokretanju studentskog lista &#8220;Puls&#8221;, a kasnije ste pisali u &#8220;Homo Volansu&#8221;. \u0160to vam je ostalo u sje\u0107anju iz tog perioda?<\/strong><\/p>\n<p>Fakultet politi\u010dkih znanosti u Zagrebu upisala sam usred rata, 1993. godine, i na fakultet je do\u0161la profesorica novinarstva sa Sveu\u010dili\u0161ta u Indiani, <strong>Sherry Ricchiardi<\/strong>, koja je uz pomo\u0107 nekoliko ameri\u010dkih fondacija s nama studentima napravila prve studentske novine u Hrvatskoj. Tako je nastao &#8220;Puls&#8221;, \u010diji je prvi urednik bio <strong>Ante Perkovi\u0107<\/strong>. Dogodine proslavljamo trideset godina od nastanka &#8220;Pulsa&#8221;, a kada se sjetim tema kojima smo se bavili, one su i danas relevantne, a na\u017ealost ponekad i subverzivne. Prvo mi pada napamet naslovnica na kojoj je pisalo &#8220;I pederi su Hrvati&#8221;. Kroz &#8220;Puls&#8221; je pro\u0161la cijela plejada novinara, na primjer <strong>Tomislav Klau\u0161ki<\/strong> i<strong> Jasmin Klari\u0107<\/strong>, a nakon Perkovi\u0107a urednica je bila <strong>Marijana Grbe\u0161a<\/strong> koja danas radi kao profesorica na istom fakultetu. Ubrzo nakon nastanka &#8220;Pulsa&#8221; Perkovi\u0107u se javio <strong>Valerije Jure\u0161i\u0107<\/strong>, koji je rekao da studenti Filozofskog fakulteta tako\u0111er \u017eele pokrenuti novinu i raditi zajedno s nama pa je tako nastao &#8220;Homo Volans&#8221;, podlistak tada\u0161njeg &#8220;Vijenca&#8221;. Mnogi kolege i kolegice htjeli su pisati o kulturi, knjigama, predstavama, ja sam odmah krenula pisati o politici. I mislila sam da \u0107u ostati u pisanom novinarstvu.<\/p>\n<p><strong>\u017divot vas je ipak ubrzo odveo u smjeru televizijskog novinarstva. Kako je do toga do\u0161lo?<\/strong><\/p>\n<p>Na \u010detvrtoj godini fakulteta prijavila sam se na audiciju za novinarku na TV Mre\u017ei, primili su me i uz <strong>Igora Mirkovi\u0107a<\/strong> kao urednika postala sam o\u010darana formatom televizije na kojoj sam ostala do danas. TV Mre\u017ea se u me\u0111uvremenu raspala, a 1998. godine HTV je imao veliku audiciju za novinare pripravnike, koja je trajala \u0161est mjeseci, imali smo pet krugova. Kada sam kona\u010dno dobila posao, kao jo\u0161 mlada novinarka svjedo\u010dila sam kraju jednog doba s <strong>Tu\u0111manovom<\/strong> smr\u0107u.<\/p>\n<p><strong>Dobitnica ste triju nagrada &#8220;Marija Juri\u0107 Zagorka&#8221; u periodu od 15 godina. Kojim ste se temama bavili u nagra\u0111enim emisijama i reporta\u017eama?<\/strong><\/p>\n<p>Prvu &#8220;Zagorku&#8221; dobila sam 1999. godine za rad na TV Mre\u017ei, iako sam ve\u0107 tada oti\u0161la na HTV. Rije\u010d je o reporta\u017ei u sklopu emisije &#8220;Pet do 12&#8221;, u kojoj sam pratila jednu obitelj koju su htjeli iseliti iz ku\u0107a \u017eeljezni\u010dara zbog izgradnje podvo\u017enjaka na Ilici, na \u010crnomercu. Drugu sam nagradu dobila za serijal &#8220;Viza&#8221;, za pri\u010du iz Finske, urednica je bila za moj novinarski rad i rast jo\u0161 jedna va\u017ena novinarka, <strong>Mirjana Raki\u0107<\/strong>, a tre\u0107u za vanjskopoliti\u010dki magazin &#8220;Horizonti&#8221; koji sam ure\u0111ivala s kolegom <strong>Draganom Nikoli\u0107em<\/strong>.<\/p>\n<p><strong>Pripremaju\u0107i se za ovaj intervju, htjela sam ponovno pogledati &#8220;Horizonte&#8221;, ali nisu vi\u0161e javno dostupni na web-stranicama HRT-a?<\/strong><\/p>\n<p>Tako je, web-stranica vi\u0161e ne postoji od 2021. U\u017easno mi je \u017eao zbog toga jer smo stvarno ponosni na projekt, a &#8220;Horizonti&#8221; su bili po\u010detak kraja moje odluke da odem s HTV-a. Mislim da smo se od tada izgubili u razli\u010ditim fragmentarnim problemima i da je nu\u017eno da netko povede borbu za javnu televiziju. U dana\u0161nje doba dezinformacija i multipliciranih kriza, javni prostor je dezorijentiran, kao da ne postoji prostor za pravu javnu raspravu. Informativni programi se svode na izjave \u010dlanova stranaka.<\/p>\n<figure id=\"attachment_3364\" aria-describedby=\"caption-attachment-3364\" style=\"width: 1708px\" class=\"wp-caption alignnone\"><img loading=\"lazy\" decoding=\"async\" class=\"wp-image-3364 size-full\" src=\"https:\/\/sdf.hr\/wp-content\/uploads\/2023\/05\/Dragicevic2_Davor-Konjikusic-scaled.jpg\" alt=\"\" width=\"1708\" height=\"2560\" srcset=\"https:\/\/sdf.hr\/wp-content\/uploads\/2023\/05\/Dragicevic2_Davor-Konjikusic-scaled.jpg 1708w, https:\/\/sdf.hr\/wp-content\/uploads\/2023\/05\/Dragicevic2_Davor-Konjikusic-200x300.jpg 200w, https:\/\/sdf.hr\/wp-content\/uploads\/2023\/05\/Dragicevic2_Davor-Konjikusic-683x1024.jpg 683w, https:\/\/sdf.hr\/wp-content\/uploads\/2023\/05\/Dragicevic2_Davor-Konjikusic-768x1151.jpg 768w, https:\/\/sdf.hr\/wp-content\/uploads\/2023\/05\/Dragicevic2_Davor-Konjikusic-1025x1536.jpg 1025w, https:\/\/sdf.hr\/wp-content\/uploads\/2023\/05\/Dragicevic2_Davor-Konjikusic-1367x2048.jpg 1367w\" sizes=\"auto, (max-width: 1708px) 100vw, 1708px\" \/><figcaption id=\"caption-attachment-3364\" class=\"wp-caption-text\">Foto: Davor Konjiku\u0161i\u0107<\/figcaption><\/figure>\n<p><strong>Uskoro \u0107e deseta godi\u0161njica ulaska Hrvatske u Europsku uniju, a u na\u0161em medijskom polju mahom izostaju emisije, tekstovi i analize koji se bave europskim politikama ili njihovim kritikama. \u0160to mislite koji je razlog da se doma\u0107i mediji gotovo isklju\u010divo bave unutarnjom politikom i ignoriraju hrvatsko \u010dlanstvu u Uniji, iako su ga naj\u010de\u0161\u0107e nedvosmisleno zagovarali?<\/strong><\/p>\n<p>Iskreno, nemam odgovor na to pitanje. Svakog dana u svakom pogledu \u010dudim se i promatram kako ignoriramo teme koje su klju\u010dne za na\u0161e dru\u0161tvo, a koje treba promatrati u kontekstu EU \u2013 od poljoprivrede do klimatskih promjena. Mislim da se kod nas Europskom unijom sustavno godinama bavi jedino kolegica <strong>Irena Frlan Ga\u0161parovi\u0107<\/strong>.<\/p>\n<p><strong>Mo\u017eda Europska unija nije klikabilna?<\/strong><\/p>\n<p>Zaista vjerujem da ljudi \u017eele ozbiljan medijski sadr\u017eaj, ali \u010ditateljima i gledateljima se ne pristupa ozbiljno i smatra ih se budalama, nema ponude pa svi govore da nema ni potra\u017enje, kao da smo u za\u010daranom krugu. Kada nemate javni prostor u kojem se klju\u010dna dru\u0161tvena i politi\u010dka pitanja kontekstualiziraju, onda je puno te\u017ee prepoznati, primjerice, politi\u010dku manipulaciju.<\/p>\n<p><strong>&#8220;Smatram da rije\u010d sloboda treba za svakoga vrijediti. Za mu\u0161karce i \u017eene&#8221;, govori migrant nedaleko od hotela Porin u Zagrebu na po\u010detku va\u0161eg dokumentarca &#8220;Hotel Europa&#8221; koji ste snimali 2013. godine. Kako danas gledate na putovanje do Lampeduse i projekt &#8220;Anima Hotel Europa&#8221;?<\/strong><\/p>\n<p>Malo se toga promijenilo u ovih deset godina i mislim da je dokumentarac i dalje vrlo aktualan, \u0161to paralelno valjda zna\u010di da smo napravili dobar posao, ali i zabrinjava. Ipak, nigdje na tim &#8220;rubovima \u010dovje\u010danstva&#8221; nisam vidjela toliko ljudskosti kao tada na Lampedusi. Ljudi su svjesni da su migracije povijesni proces koji je normalan \u2013 jedan kontinent stari i umire, taj kontinent se zove Europa, a na jugu ima\u0161 potentan, mladi afri\u010dki kontinent koji \u0107e do 2050. godine imati milijardu stanovnika mla\u0111ih od 35 godina. Va\u017eno je shvatiti da se Europa mijenja, da ljudi migriraju. Pitanje je kako \u0107emo reagirati na te promjene, kako \u0107emo modificirati sebe i, najbitnije, obraniti prostore slobode za sve ljude koji \u0107e dijeliti europski prostor.<\/p>\n<p><strong>Novinarka ste i urednica koja u svom radu koristi razli\u010dite medije i platforme: u sklopu projekta &#8220;Anima Hotel Europa&#8221; imali ste blog, u &#8220;Horizontima&#8221; ste analizirali rezultate ameri\u010dkih predsjedni\u010dkih izbora fokusiraju\u0107i se i na Twitter, u sklopu serijala &#8220;Glasa\u010di 2024.&#8221; objavili ste pro\u0161irene razgovore na YouTube kanalu. Za\u0161to vam je va\u017ean takav pristup novinarstvu?<\/strong><\/p>\n<p>Mislim da svaka platforma ima svoje zakonitosti i razli\u010dite publike, a ljudi koji osmi\u0161ljavaju program u klasi\u010dnim medijima to rijetko shva\u0107aju. Bilo mi je va\u017eno probati raditi na novim platformama, koristiti dru\u0161tvene mre\u017ee kako bih privukla mla\u0111u publiku, pokazati da i ozbiljne teme, a ne samo komercijalni sadr\u017eaji, mogu biti gledani na YouTubeu, TikToku. U &#8220;Horizontima&#8221; smo prvi u Hrvatskoj u emisiji projicirali Twitter zid, s <strong>Dinkom Cepakom<\/strong>, koji je radio vizualni identitet za projekt &#8220;Anima&#8221;, trebala sam osmisliti koncept koji bi promijenio cjelokupni informativni program HTV-a. <strong>Zoran \u0160prajc<\/strong>, koji je tada bio urednik, dao nam je odrije\u0161ene ruke. Ali cijela pri\u010da je propala, dio ljudi s HTV-a je pitao za\u0161to se mi uop\u0107e bavimo izbjeglicama\u2026 Na to stvarno nisam znala \u0161to re\u0107i. Va\u017eno je prilagoditi sadr\u017eaj razli\u010ditim platformama, a ja sam sve te poslove paralelno, koje negdje rade timovi ljudi, tada radila sama u sklopu svoje pla\u0107e jer ve\u0107ina to nije smatrala ozbiljnim radom. Pogledajte sada koliko poslovi monta\u017ee, produkcije, osmi\u0161ljavanja sadr\u017eaja za mre\u017ee ko\u0161taju kada unajmite neku agenciju.<\/p>\n<p><strong>U kolumni &#8220;Zaboravljeni tekst&#8221;, u kojoj pi\u0161ete o svom posljednjem predpandemijskom putovanju u Ukrajinu, stoji: &#8220;Iza svake velike geopoliti\u010dke analize, stava, pozicija, analiza, iza svake pu\u0161ke i tenka, velikog ili malog stola za pregovore uvijek stoje ljudi s imenima i prezimenima. I njihove pri\u010de.&#8221; Na taj ste na\u010din pristupili i pi\u0161u\u0107i knjigu &#8220;Nejednaki&#8221;, a sada \u010dekamo novi naslov. O kakvoj je knjizi rije\u010d?<\/strong><\/p>\n<p>Mislim da je za moj posao jako va\u017eno putovati, svjedo\u010diti stvarima iz prve ruke, jer na\u0161 je javni prostor pun ljudi koji nigdje nisu bili i ni\u0161ta nisu vidjeli, a imaju mi\u0161ljenje o svemu. Zaista vjerujem da je, pogotovo kada se bavi\u0161 vanjskom politikom, nu\u017eno biti u pokretu, razgovarati s ljudima, razumijevati kontekst i sa svakog se putovanja vratiti druga\u010dija. Imam potrebu prenijeti ono \u0161to sam vidjela, prenijeti \u0161to se doga\u0111a u svijetu, pokazati da je svijet dio na\u0161eg \u017eivota i da se od toga ne treba bje\u017eati. Zbog toga ve\u0107 nekoliko godina sura\u0111ujem s <strong>Igorom Bezinovi\u0107em<\/strong> na njegovom kolegiju Televizijska re\u017eija i reporta\u017ea na Akademiji dramskih umjetnosti u Zagrebu.<\/p>\n<p>\u0160to se ti\u010de nove knjige, &#8220;Nesigurni&#8221; su trebali iza\u0107i prije nekoliko godina, ali onda se dogodila pandemija, raznorazne druge bolesti, pa rat u Ukrajini, u me\u0111uvremenu sam pisala kolumnu na portalu N1 pod nazivom &#8220;Svijet u doba korone&#8221;, zatim sam krenula raditi projekt &#8220;Global Fokus&#8221;, kombinaciju <em>podcasta<\/em>, kolumne i TV emisije. Kolumnu i dalje pi\u0161em pa mi je trenutni plan adaptirati je u knji\u0161ku formu, to mi se \u010dini najlogi\u010dnijim jer se u njoj bavim svim aktualnim temama koje smatram relevantnima i o kojima \u017eelim ne\u0161to re\u0107i.<\/p>\n<p><strong>Po\u010detkom 2018. godine na svom ste Facebook-profilu objavili 14 pri\u010da pod zajedni\u010dkim nazivom &#8220;Pri\u010dala mi prijateljica&#8221;, koje su govorile o razli\u010ditim \u017eenskim iskustvima, diskriminaciji \u017eena na poslu, kod ku\u0107e, u javnoj sferi. Projekt uskoro postaje predstava?<\/strong><\/p>\n<p>Nakon \u0161to sam objavila prvu pri\u010du, \u017eene su mi se krenule javljati u <em>inbox<\/em> i Maxteatar u re\u017eiji <strong>Dalibora Matani\u0107a<\/strong> odlu\u010dio je prema pri\u010dama napraviti predstavu. Oteli su mi tekst (smijeh) i sada nakon tzv. kazali\u0161nog <em>sessiona<\/em>, uvoda u predstavu odigranog u Zapre\u0161i\u0107u u sklopu No\u0107i kazali\u0161ta, \u010dekamo premijeru.<\/p>\n<figure id=\"attachment_3366\" aria-describedby=\"caption-attachment-3366\" style=\"width: 2560px\" class=\"wp-caption alignnone\"><img loading=\"lazy\" decoding=\"async\" class=\"wp-image-3366 size-full\" src=\"https:\/\/sdf.hr\/wp-content\/uploads\/2023\/05\/Dragicevic3_Davor-Konjikusic-scaled.jpg\" alt=\"\" width=\"2560\" height=\"1708\" srcset=\"https:\/\/sdf.hr\/wp-content\/uploads\/2023\/05\/Dragicevic3_Davor-Konjikusic-scaled.jpg 2560w, https:\/\/sdf.hr\/wp-content\/uploads\/2023\/05\/Dragicevic3_Davor-Konjikusic-300x200.jpg 300w, https:\/\/sdf.hr\/wp-content\/uploads\/2023\/05\/Dragicevic3_Davor-Konjikusic-1024x683.jpg 1024w, https:\/\/sdf.hr\/wp-content\/uploads\/2023\/05\/Dragicevic3_Davor-Konjikusic-768x512.jpg 768w, https:\/\/sdf.hr\/wp-content\/uploads\/2023\/05\/Dragicevic3_Davor-Konjikusic-1536x1025.jpg 1536w, https:\/\/sdf.hr\/wp-content\/uploads\/2023\/05\/Dragicevic3_Davor-Konjikusic-2048x1367.jpg 2048w\" sizes=\"auto, (max-width: 2560px) 100vw, 2560px\" \/><figcaption id=\"caption-attachment-3366\" class=\"wp-caption-text\">Foto: Davor Konjiku\u0161i\u0107<\/figcaption><\/figure>\n<p><strong>Kako je nastala ideja za serijal &#8220;Glasa\u010di 2024.&#8221; u kojem ste se u \u0161est epizoda bavili mladima?<\/strong><\/p>\n<p>Europa je 2022. proglasila godinom mladih, o tome se u Hrvatskoj ni\u0161ta nije \u010dulo. Mi kao da \u017eivimo u dvije paralelne stvarnosti \u2013 jedna je ona koju gledamo na televiziji i slu\u0161amo na radiju, druga je stvarnost mladih ljudi koja ne dopire do klasi\u010dnih medija i o kojoj starije generacije ne razgovaraju, ne uva\u017eavaju mlade i ni\u0161ta ih ne pitaju. Paralelno, u Europi postoji trend da mladi \u017eele participirati u dru\u0161tvu, no sve manje glasaju na izborima. U serijalu poku\u0161avam odgovoriti na pitanje tko su ti mladi ljudi koji \u0107e imati pravo glasa na izborima 2024. godine i koje su njihove potrebe. Mo\u017eda je vrijeme da razmislimo kako promijeniti postoje\u0107i koncept demokracije, kako ga prilagoditi novom vremenu. Primjerice, u Hrvatskoj Institut za dru\u0161tvena istra\u017eivanja i Fakultet politi\u010dkih znanosti rade relevantna istra\u017eivanja o mladima, ali nitko ne poduzima ni\u0161ta konkretno s njihovim rezultatima u smislu kreiranja politika ili rada s mladima. Kada je emitirana prva emisija &#8220;Glasa\u010da&#8221;, mnogi su mi rekli da mladi ne\u0107e gledati emisiju jer je spora, imala je du\u017ee intervjue, mladi nemaju strpljenja, oni samo skrolaju po TikToku. Mislim, i ja skrolam po TikToku, ne razumijem to stalno podcjenjivanje. Nitko se ne trudi generaciji kojoj su razli\u010dite poluinformacije doslovno na dlanu pojasniti na zanimljiv i konstruktivan na\u010din neke va\u017ene povijesne i dru\u0161tvene procese i onda se, recimo, \u010dudimo rastu teorija zavjere.<\/p>\n<p><strong>Kao \u0161to ste ranije spomenuli, \u010dini mi se da je uz podcjenjivanje glavni sentiment prema onome \u0161to danas zanima mla\u0111e generacije zgra\u017eanje, u posljednje vrijeme najvi\u0161e prema muzici koju slu\u0161aju. U petoj epizodi &#8220;Glasa\u010da&#8221; reperica Mimi Mercedez govori da su rep, trep i folk muzika naroda. Kako vi gledate na to?<\/strong><\/p>\n<p>Nedavno je u RTL Direktu gostovala <strong>Tereza Kesovija<\/strong> i pustili su joj pjesmu &#8220;S.O.S&#8221; <strong>Jale Brata<\/strong> i <strong>Bube Corellija<\/strong>, valjda kako bismo svi vidjeli Terezino zgra\u017eanje. Ona je zatvorila o\u010di, odslu\u0161ala i rekla da je pjesma jako zanimljiva i da ima orijentalni zvuk. Stvarno ne razumijem kako nam je u svijetu u kojem se la\u017ee i ubija glavni problem postala muzika koju slu\u0161aju mladi. Nitko ne razumije za\u0161to se ba\u0161 takva glazba dogodila u ovakvom vremenu. Drago mi je da je barem <strong>Hiljson Mandela<\/strong> bio nominiran za Porina za najbolji hip-hop album. Muzika danas \u017eivi na YouTubeu, ne na televiziji. Tako\u0111er, termin cajka je tako <em>passe<\/em>, ljudi nemaju pojma o \u010demu pri\u010daju, nisu ni poslu\u0161ali ni poku\u0161ali shvatiti dana\u0161nju pop kulturu.<\/p>\n<p><strong>Uz Mandelinu nominaciju, u zadnjoj sezoni emisije &#8220;Zvijezde pjevaju&#8221; pobijedio je TikToker Marco Cuccurin. \u010cini se da generacija Z ipak pomalo osvaja i male ekrane?<\/strong><\/p>\n<p>Spremaju\u0107i serijal bila sam na finalu emisije i bilo je fenomenalno. <strong>Marco<\/strong> je toliko napravio za mlade ljude govore\u0107i otvoreno o pitanjima mentalnog zdravlja, identiteta, pri\u010daju\u0107i o siroma\u0161tvu, no\u0161enju sa smrti bliske osobe. Jako je talentiran i ima fascinantne socijalne vje\u0161tine. A kada govorimo o popularnosti i relevantnosti, HDZ na Facebooku ima 70.000 pratitelja, a Marco na TikToku vi\u0161e od pola milijuna. Pa vi vidite.<\/p>\n<p><strong>&#8220;I ba\u0161 sa Zagorkom, kao godi\u0161njom nagradom za najbolje novinarske radove u Hrvatskoj, svaka od nas treba stajati uz svaku Zagorku oko nas&#8221;, pi\u0161ete u osmomartovskoj kolumni pod nazivom &#8220;\u017dena&#8221;. \u0160u\u0161ka se da se novinarke okupljaju, o \u010demu je rije\u010d?<\/strong><\/p>\n<p>Povod okupljanja bio je serijal &#8220;Turisti\u010dki vodi\u010d&#8221; <strong>Borisa Veli\u010dana<\/strong> i epizoda u kojoj je obja\u0161njavao da <strong>Zagorkin<\/strong> spomenik u Tkal\u010di\u0107evoj ulici treba uhvatiti za grudi. Naravno, mnogi su se mu\u0161karci osjetili prozvanima kada su \u017eene reagirale na tu epizodu pa smo slu\u0161ale uvijek iste izjave, da nemamo smisla za humor, ne da mi se to vi\u0161e ni ponavljati. Javila sam se dobitnicama nagrade sa Zagorkinim imenom, povezale smo se i dogovorile da za po\u010detak jednom mjese\u010dno organiziramo zajedni\u010dke kru\u017eoke, da pozovemo mlade novinarke i me\u0111usobno razgovaramo. Struka nam je disperzirana, imamo razli\u010dita iskustva, radne uvjete, energije, ali va\u017eno je da se okupljamo i razgovaramo, kao \u0161to je va\u017eno da hrvatska javnost Zagorku percipira kao nultu novinarku.<\/p>\n<p><strong>Koje projekte pripremate, putujete li gdje tokom prolje\u0107a?<\/strong><\/p>\n<p>Kada iza\u0111e intervju, ve\u0107 \u0107e biti odr\u017ean Delfi ekonomski forum u Gr\u010dkoj na kojem sudjelujem, mislim da je va\u017eno da se u takvim raspravama sve vi\u0161e \u010duju glasovi jugoisto\u010dne Europe. A najesen kre\u0107emo s novim serijalom na N1 u sklopu projekta &#8220;Jadranski opservatorij digitalnih medija&#8221; koji vodi Odjel za komunikologiju Sveu\u010dili\u0161ta u Dubrovniku. Mi smo medijski partner. Bavit \u0107emo se dezinformacijama, njihovim nastankom, ali i na\u010dinima borbe za javni prostor o \u010demu, \u010dini mi se, pri\u010dam ve\u0107inu intervjua.<\/p>\n<p><strong>U pjesmi &#8220;Aman&#8221; Senidah ka\u017ee &#8220;nada kao more samo puni dno&#8221;, ali rado bih da intervju zavr\u0161imo u malo pozitivnijem tonu. \u0160to vas puni nadom?<\/strong><\/p>\n<p>Ma ja se stalno nadam da mo\u017eemo i moramo bolje, zato radim to \u0161to radim, zato me nada gura kroz svaki novi dan.<\/p>\n<p><em>razgovor vodila Vedrana Bibi\u0107<\/em><\/p>\n","protected":false},"excerpt":{"rendered":"<p>Vjerujem da ljudi \u017eele ozbiljan medijski sadr\u017eaj, ali publici se ne pristupa ozbiljno i smatra ih se budalama. Kada ne postoji javni prostor u kojem se kontekstualiziraju klju\u010dna dru\u0161tvena i politi\u010dka pitanja, onda je puno te\u017ee prepoznati i politi\u010dku manipulaciju<\/p>\n","protected":false},"featured_media":3369,"template":"","tags":[29,173],"atribut":[],"class_list":["post-3370","nada","type-nada","status-publish","has-post-thumbnail","hentry","tag-intervju","tag-intervju-2-hr"],"acf":[],"yoast_head":"<!-- This site is optimized with the Yoast SEO plugin v27.4 - https:\/\/yoast.com\/product\/yoast-seo-wordpress\/ -->\n<title>Ivana Dragi\u010devi\u0107: Nu\u017eno je povesti borbu za javnu TV - SDF - Srpski demokratski forum<\/title>\n<meta name=\"robots\" content=\"index, follow, max-snippet:-1, max-image-preview:large, max-video-preview:-1\" \/>\n<link rel=\"canonical\" href=\"https:\/\/sdf.hr\/hr\/nada\/ivana-dragicevic-nuzno-je-povesti-borbu-za-javnu-tv\/\" \/>\n<meta property=\"og:locale\" content=\"hr_HR\" \/>\n<meta property=\"og:type\" content=\"article\" \/>\n<meta property=\"og:title\" content=\"Ivana Dragi\u010devi\u0107: Nu\u017eno je povesti borbu za javnu TV - SDF - Srpski demokratski forum\" \/>\n<meta property=\"og:description\" content=\"Vjerujem da ljudi \u017eele ozbiljan medijski sadr\u017eaj, ali publici se ne pristupa ozbiljno i smatra ih se budalama. Kada ne postoji javni prostor u kojem se kontekstualiziraju klju\u010dna dru\u0161tvena i politi\u010dka pitanja, onda je puno te\u017ee prepoznati i politi\u010dku manipulaciju\" \/>\n<meta property=\"og:url\" content=\"https:\/\/sdf.hr\/hr\/nada\/ivana-dragicevic-nuzno-je-povesti-borbu-za-javnu-tv\/\" \/>\n<meta property=\"og:site_name\" content=\"SDF - Srpski demokratski forum\" \/>\n<meta property=\"article:modified_time\" content=\"2023-05-30T08:45:09+00:00\" \/>\n<meta property=\"og:image\" content=\"https:\/\/sdf.hr\/wp-content\/uploads\/2023\/05\/Dragicevic1_Davor-Konjikusic-scaled.jpg\" \/>\n\t<meta property=\"og:image:width\" content=\"2560\" \/>\n\t<meta property=\"og:image:height\" content=\"1708\" \/>\n\t<meta property=\"og:image:type\" content=\"image\/jpeg\" \/>\n<meta name=\"twitter:card\" content=\"summary_large_image\" \/>\n<meta name=\"twitter:label1\" content=\"Procijenjeno vrijeme \u010ditanja\" \/>\n\t<meta name=\"twitter:data1\" content=\"13 minuta\" \/>\n<script type=\"application\/ld+json\" class=\"yoast-schema-graph\">{\"@context\":\"https:\\\/\\\/schema.org\",\"@graph\":[{\"@type\":\"WebPage\",\"@id\":\"https:\\\/\\\/sdf.hr\\\/hr\\\/nada\\\/ivana-dragicevic-nuzno-je-povesti-borbu-za-javnu-tv\\\/\",\"url\":\"https:\\\/\\\/sdf.hr\\\/hr\\\/nada\\\/ivana-dragicevic-nuzno-je-povesti-borbu-za-javnu-tv\\\/\",\"name\":\"Ivana Dragi\u010devi\u0107: Nu\u017eno je povesti borbu za javnu TV - SDF - Srpski demokratski forum\",\"isPartOf\":{\"@id\":\"https:\\\/\\\/sdf.hr\\\/#website\"},\"primaryImageOfPage\":{\"@id\":\"https:\\\/\\\/sdf.hr\\\/hr\\\/nada\\\/ivana-dragicevic-nuzno-je-povesti-borbu-za-javnu-tv\\\/#primaryimage\"},\"image\":{\"@id\":\"https:\\\/\\\/sdf.hr\\\/hr\\\/nada\\\/ivana-dragicevic-nuzno-je-povesti-borbu-za-javnu-tv\\\/#primaryimage\"},\"thumbnailUrl\":\"https:\\\/\\\/sdf.hr\\\/wp-content\\\/uploads\\\/2023\\\/05\\\/Dragicevic1_Davor-Konjikusic-scaled.jpg\",\"datePublished\":\"2023-05-15T18:58:38+00:00\",\"dateModified\":\"2023-05-30T08:45:09+00:00\",\"breadcrumb\":{\"@id\":\"https:\\\/\\\/sdf.hr\\\/hr\\\/nada\\\/ivana-dragicevic-nuzno-je-povesti-borbu-za-javnu-tv\\\/#breadcrumb\"},\"inLanguage\":\"hr\",\"potentialAction\":[{\"@type\":\"ReadAction\",\"target\":[\"https:\\\/\\\/sdf.hr\\\/hr\\\/nada\\\/ivana-dragicevic-nuzno-je-povesti-borbu-za-javnu-tv\\\/\"]}]},{\"@type\":\"ImageObject\",\"inLanguage\":\"hr\",\"@id\":\"https:\\\/\\\/sdf.hr\\\/hr\\\/nada\\\/ivana-dragicevic-nuzno-je-povesti-borbu-za-javnu-tv\\\/#primaryimage\",\"url\":\"https:\\\/\\\/sdf.hr\\\/wp-content\\\/uploads\\\/2023\\\/05\\\/Dragicevic1_Davor-Konjikusic-scaled.jpg\",\"contentUrl\":\"https:\\\/\\\/sdf.hr\\\/wp-content\\\/uploads\\\/2023\\\/05\\\/Dragicevic1_Davor-Konjikusic-scaled.jpg\",\"width\":2560,\"height\":1708,\"caption\":\"Foto: Davor Konjiku\u0161i\u0107\"},{\"@type\":\"BreadcrumbList\",\"@id\":\"https:\\\/\\\/sdf.hr\\\/hr\\\/nada\\\/ivana-dragicevic-nuzno-je-povesti-borbu-za-javnu-tv\\\/#breadcrumb\",\"itemListElement\":[{\"@type\":\"ListItem\",\"position\":1,\"name\":\"Po\u010detna stranica\",\"item\":\"https:\\\/\\\/sdf.hr\\\/hr\\\/\"},{\"@type\":\"ListItem\",\"position\":2,\"name\":\"Nada\",\"item\":\"https:\\\/\\\/sdf.hr\\\/nada\\\/\"},{\"@type\":\"ListItem\",\"position\":3,\"name\":\"Ivana Dragi\u010devi\u0107: Nu\u017eno je povesti borbu za javnu TV\"}]},{\"@type\":\"WebSite\",\"@id\":\"https:\\\/\\\/sdf.hr\\\/#website\",\"url\":\"https:\\\/\\\/sdf.hr\\\/\",\"name\":\"SDF - Srpski demokratski forum\",\"description\":\"Srpski demokratski forum\",\"publisher\":{\"@id\":\"https:\\\/\\\/sdf.hr\\\/#organization\"},\"potentialAction\":[{\"@type\":\"SearchAction\",\"target\":{\"@type\":\"EntryPoint\",\"urlTemplate\":\"https:\\\/\\\/sdf.hr\\\/?s={search_term_string}\"},\"query-input\":{\"@type\":\"PropertyValueSpecification\",\"valueRequired\":true,\"valueName\":\"search_term_string\"}}],\"inLanguage\":\"hr\"},{\"@type\":\"Organization\",\"@id\":\"https:\\\/\\\/sdf.hr\\\/#organization\",\"name\":\"SDF - Srpski demokratski forum\",\"url\":\"https:\\\/\\\/sdf.hr\\\/\",\"logo\":{\"@type\":\"ImageObject\",\"inLanguage\":\"hr\",\"@id\":\"https:\\\/\\\/sdf.hr\\\/#\\\/schema\\\/logo\\\/image\\\/\",\"url\":\"https:\\\/\\\/sdf.hr\\\/wp-content\\\/uploads\\\/2021\\\/07\\\/logo-hr.svg\",\"contentUrl\":\"https:\\\/\\\/sdf.hr\\\/wp-content\\\/uploads\\\/2021\\\/07\\\/logo-hr.svg\",\"width\":271,\"height\":100,\"caption\":\"SDF - Srpski demokratski forum\"},\"image\":{\"@id\":\"https:\\\/\\\/sdf.hr\\\/#\\\/schema\\\/logo\\\/image\\\/\"}}]}<\/script>\n<!-- \/ Yoast SEO plugin. -->","yoast_head_json":{"title":"Ivana Dragi\u010devi\u0107: Nu\u017eno je povesti borbu za javnu TV - SDF - Srpski demokratski forum","robots":{"index":"index","follow":"follow","max-snippet":"max-snippet:-1","max-image-preview":"max-image-preview:large","max-video-preview":"max-video-preview:-1"},"canonical":"https:\/\/sdf.hr\/hr\/nada\/ivana-dragicevic-nuzno-je-povesti-borbu-za-javnu-tv\/","og_locale":"hr_HR","og_type":"article","og_title":"Ivana Dragi\u010devi\u0107: Nu\u017eno je povesti borbu za javnu TV - SDF - Srpski demokratski forum","og_description":"Vjerujem da ljudi \u017eele ozbiljan medijski sadr\u017eaj, ali publici se ne pristupa ozbiljno i smatra ih se budalama. Kada ne postoji javni prostor u kojem se kontekstualiziraju klju\u010dna dru\u0161tvena i politi\u010dka pitanja, onda je puno te\u017ee prepoznati i politi\u010dku manipulaciju","og_url":"https:\/\/sdf.hr\/hr\/nada\/ivana-dragicevic-nuzno-je-povesti-borbu-za-javnu-tv\/","og_site_name":"SDF - Srpski demokratski forum","article_modified_time":"2023-05-30T08:45:09+00:00","og_image":[{"width":2560,"height":1708,"url":"https:\/\/sdf.hr\/wp-content\/uploads\/2023\/05\/Dragicevic1_Davor-Konjikusic-scaled.jpg","type":"image\/jpeg"}],"twitter_card":"summary_large_image","twitter_misc":{"Procijenjeno vrijeme \u010ditanja":"13 minuta"},"schema":{"@context":"https:\/\/schema.org","@graph":[{"@type":"WebPage","@id":"https:\/\/sdf.hr\/hr\/nada\/ivana-dragicevic-nuzno-je-povesti-borbu-za-javnu-tv\/","url":"https:\/\/sdf.hr\/hr\/nada\/ivana-dragicevic-nuzno-je-povesti-borbu-za-javnu-tv\/","name":"Ivana Dragi\u010devi\u0107: Nu\u017eno je povesti borbu za javnu TV - SDF - Srpski demokratski forum","isPartOf":{"@id":"https:\/\/sdf.hr\/#website"},"primaryImageOfPage":{"@id":"https:\/\/sdf.hr\/hr\/nada\/ivana-dragicevic-nuzno-je-povesti-borbu-za-javnu-tv\/#primaryimage"},"image":{"@id":"https:\/\/sdf.hr\/hr\/nada\/ivana-dragicevic-nuzno-je-povesti-borbu-za-javnu-tv\/#primaryimage"},"thumbnailUrl":"https:\/\/sdf.hr\/wp-content\/uploads\/2023\/05\/Dragicevic1_Davor-Konjikusic-scaled.jpg","datePublished":"2023-05-15T18:58:38+00:00","dateModified":"2023-05-30T08:45:09+00:00","breadcrumb":{"@id":"https:\/\/sdf.hr\/hr\/nada\/ivana-dragicevic-nuzno-je-povesti-borbu-za-javnu-tv\/#breadcrumb"},"inLanguage":"hr","potentialAction":[{"@type":"ReadAction","target":["https:\/\/sdf.hr\/hr\/nada\/ivana-dragicevic-nuzno-je-povesti-borbu-za-javnu-tv\/"]}]},{"@type":"ImageObject","inLanguage":"hr","@id":"https:\/\/sdf.hr\/hr\/nada\/ivana-dragicevic-nuzno-je-povesti-borbu-za-javnu-tv\/#primaryimage","url":"https:\/\/sdf.hr\/wp-content\/uploads\/2023\/05\/Dragicevic1_Davor-Konjikusic-scaled.jpg","contentUrl":"https:\/\/sdf.hr\/wp-content\/uploads\/2023\/05\/Dragicevic1_Davor-Konjikusic-scaled.jpg","width":2560,"height":1708,"caption":"Foto: Davor Konjiku\u0161i\u0107"},{"@type":"BreadcrumbList","@id":"https:\/\/sdf.hr\/hr\/nada\/ivana-dragicevic-nuzno-je-povesti-borbu-za-javnu-tv\/#breadcrumb","itemListElement":[{"@type":"ListItem","position":1,"name":"Po\u010detna stranica","item":"https:\/\/sdf.hr\/hr\/"},{"@type":"ListItem","position":2,"name":"Nada","item":"https:\/\/sdf.hr\/nada\/"},{"@type":"ListItem","position":3,"name":"Ivana Dragi\u010devi\u0107: Nu\u017eno je povesti borbu za javnu TV"}]},{"@type":"WebSite","@id":"https:\/\/sdf.hr\/#website","url":"https:\/\/sdf.hr\/","name":"SDF - Srpski demokratski forum","description":"Srpski demokratski forum","publisher":{"@id":"https:\/\/sdf.hr\/#organization"},"potentialAction":[{"@type":"SearchAction","target":{"@type":"EntryPoint","urlTemplate":"https:\/\/sdf.hr\/?s={search_term_string}"},"query-input":{"@type":"PropertyValueSpecification","valueRequired":true,"valueName":"search_term_string"}}],"inLanguage":"hr"},{"@type":"Organization","@id":"https:\/\/sdf.hr\/#organization","name":"SDF - Srpski demokratski forum","url":"https:\/\/sdf.hr\/","logo":{"@type":"ImageObject","inLanguage":"hr","@id":"https:\/\/sdf.hr\/#\/schema\/logo\/image\/","url":"https:\/\/sdf.hr\/wp-content\/uploads\/2021\/07\/logo-hr.svg","contentUrl":"https:\/\/sdf.hr\/wp-content\/uploads\/2021\/07\/logo-hr.svg","width":271,"height":100,"caption":"SDF - Srpski demokratski forum"},"image":{"@id":"https:\/\/sdf.hr\/#\/schema\/logo\/image\/"}}]}},"_links":{"self":[{"href":"https:\/\/sdf.hr\/hr\/wp-json\/wp\/v2\/nada\/3370","targetHints":{"allow":["GET"]}}],"collection":[{"href":"https:\/\/sdf.hr\/hr\/wp-json\/wp\/v2\/nada"}],"about":[{"href":"https:\/\/sdf.hr\/hr\/wp-json\/wp\/v2\/types\/nada"}],"wp:featuredmedia":[{"embeddable":true,"href":"https:\/\/sdf.hr\/hr\/wp-json\/wp\/v2\/media\/3369"}],"wp:attachment":[{"href":"https:\/\/sdf.hr\/hr\/wp-json\/wp\/v2\/media?parent=3370"}],"wp:term":[{"taxonomy":"post_tag","embeddable":true,"href":"https:\/\/sdf.hr\/hr\/wp-json\/wp\/v2\/tags?post=3370"},{"taxonomy":"atribut","embeddable":true,"href":"https:\/\/sdf.hr\/hr\/wp-json\/wp\/v2\/atribut?post=3370"}],"curies":[{"name":"wp","href":"https:\/\/api.w.org\/{rel}","templated":true}]}}