{"id":3385,"date":"2023-05-19T11:27:01","date_gmt":"2023-05-19T09:27:01","guid":{"rendered":"https:\/\/sdf.hr\/nada\/reci-sve-o-seksu\/"},"modified":"2023-05-19T11:48:38","modified_gmt":"2023-05-19T09:48:38","slug":"reci-sve-o-seksu","status":"publish","type":"nada","link":"https:\/\/sdf.hr\/hr\/nada\/reci-sve-o-seksu\/","title":{"rendered":"Reci sve o seksu"},"content":{"rendered":"<p>Optu\u017eiva\u010dki pogledi na kiosku zbog tra\u017eenja kondoma, sakrivanje ulo\u017eaka u papirnate vre\u0107ice na blagajni i roditeljske zabrane gledanja &#8220;\u0161kakljivih&#8221; scena na benignom ve\u010dernjem filmu. Odrastanje vrvi od posti\u0111enosti i nelagode. I materijala za traumu ima na pretek jer je seksualnost jedan od najve\u0107ih dru\u0161tvenih tabua. Kasnije, kroz sazrijevanje, malo \u0161ta se su\u0161tinski mijenja zbog nepostojanja seksualnog odgoja i obrazovanja u \u0161kolama. Stoga je velika vjerojatnost da mnogi odrasli ljudi u Hrvatskoj ne bi znali objasniti \u0161to je to\u010dno menstruacija niti \u0161to su humani papilomavirusi. Do spoznaje o tjelesnoj autonomiji i o pristanku na seks svatko dolazi druga\u010dije.<\/p>\n<p>Donedavno smo o seksu na na\u0161em jeziku mogli \u010ditati u raznoraznim \u017eenskim i mu\u0161kim \u010dasopisima, i to isklju\u010divo u rubrikama &#8220;zabava&#8221; i &#8221; lifestyle&#8221;. Kriti\u010dko propitivanje i profesionalna, eti\u010dka obrada ovih tema zapo\u010dela je prije tri godine na <a href=\"https:\/\/reci.hr\/\">portalu Reci.hr<\/a>. Osniva\u010dica i urednica medijske platforme o seksualnom i reproduktivnom zdravlju i pravima je novinarka <strong>Renata Ivanovi\u0107<\/strong>. Ona je uo\u010dila golemu prazninu na doma\u0107oj medijskoj sceni pa je svo ste\u010deno znanje u toj domeni odlu\u010dila usmjeriti ka podizanju svijesti o neiscrpnoj temi.<\/p>\n<p>Reci.hr obra\u0107a se svim dobnim i spolnim skupinama te osobama svih seksualnih orijentacija. Renata nam govori da su joj na po\u010detku savjetovali da se dr\u017ei jedne ni\u0161e jer iz tr\u017ei\u0161ne perspektive, obja\u0161njavali su, nije pametno obra\u0107ati se ba\u0161 svima. S obzirom da nije bila \u017eeljna jo\u0161 jednog komercijalnog portala s ogla\u0161iva\u010dima, nije se htjela ograni\u010davati na jednu ciljanu skupinu. Smatra da se seksualna i reproduktivna prava odnose na velik dio \u010dovjekovog \u017eivota u bilo kojoj dobi.<\/p>\n<p>&#8211; To podru\u010dje \u017eivota naj\u010de\u0161\u0107e se koristi za marketing i za zabavu, a tako se izvr\u0107u \u010dinjenice. To mi je bila jedna od po\u010detnih motivacija. Kao novinarka sam \u010desto obra\u0111ivala teme iz reproduktivnog zdravlja. Radila sam u velikim redakcijama 1990-ih i 2000-ih i nerijetko sam bila pod pritiscima da teme moram obra\u0111ivati na \u0161ablonski na\u010din. Kasnije je do\u0161ao i klikbejt. To me je nerviralo, tu sam imala prve otpore. \u0160to se ti\u010de reproduktivnog zdravlja \u017eena, s lije\u010dnicima sam dolazila do saznanja kako se cijeli zdravstveni sustav prema njemu odnosi. Ono se ne njeguje kako bi trebalo, a usko je povezano s kompletnim zdravljem, i mentalnim i fizi\u010dkim. Okida\u010d za pokretanje portala je bio i politi\u010dke naravi, cijela ona rasprava o Istanbulskoj konvenciji koja je oti\u0161la u krivom smjeru &#8211; obja\u0161njava Renata.<\/p>\n<p>U tri godine rada Reci.hr-a objavljeno je ne\u0161to vi\u0161e od hiljadu tekstova. Redakciju \u010dini tek nekoliko novinara i novinarki. Iako postoji potreba za jo\u0161 profesionalnog kadra, to pro\u0161irenje ko\u010di financijska odr\u017eivost. No bez obzira na to, redakcija ima velike planove i ambicije. Osim pisanog dijela, pokrenuli su i video produkciju. Prvi takav projekt Sex Ed by Reci.hr radili su u suradnji sa seksualnom edukatoricom <strong>Paulom Bre\u010dak<\/strong>. Tamo su obradili razne teme: od prvog spoja, pristanka na seks, menstruacije do masturbacije.<\/p>\n<p>Drugi projekt je Sex Ed Glossary. Rije\u010d je o desetominutnim emisijama ra\u0111enim i za TV emitiranja. U ovom serijalu sugovornici su mladi koji javno dijele svoje iskustvo i stru\u010dnjaci koji poja\u0161njavaju nastanak odre\u0111ene pojave, pojma i njihove mogu\u0107e posljedice. Zahvaljuju\u0107i tom serijalu Deutsche Welle je Reci.hr krajem 2022. zvao na me\u0111unarodnu konferenciju Brave New Media. Renata govori da su HTV-u ponudili da emisije besplatno emitiraju na nekom od svojih programa. Re\u010deno im je da to nisu u mogu\u0107nosti izvesti jer ni na jednom od \u010detiri kanala nemaju program za mlade.<\/p>\n<p>Renatina redakcija od samog po\u010detka zagovara uvo\u0111enje seksualnog obrazovanja u \u0161kole. S 25 udruga su pokrenuli peticiju koja je u dva tjedna skupila \u010dak 12.000 potpisa.<\/p>\n<p>&#8211; Otpor prema tom programu se temelji na stavu: ne\u0107e nitko na\u0161u djecu u\u010diti kako da se seksaju. A to nije podu\u010davanje o seksualnom odnosu, te kritike smo i mi dobivali za portal. Konzervativci tvrde da \u0107e djeca ranije stupati u seksualne odnose, ako tako ne\u0161to bude u \u0161kolama. Sva istra\u017eivanja potvr\u0111uju da to nije istina. Zemlje koje imaju seksualno obrazovanje unutar sustava pokazuju da osobe kasnije stupaju u odnose, odgovornije su, koriste kontracepciju i imaju puno manje maloljetni\u010dkih trudno\u0107a. Najbolji primjer je Nizozemska, oni su postigli odli\u010dne rezultate. Ekonomska kriza 2008. se odrazila na bud\u017eetiranje obrazovnog sustava pa su ukinuli seksualno obrazovanje. Nakon dvije godine su to vratili jer su porasle maloljetni\u010dke trudno\u0107e. Po tome se vidi da su informirani mladi odgovorniji. Dakako, na tim satovima se gradi i odnos prema drugima. Ima manje diskriminacije, prihvata se razli\u010ditost, druge seksualne orijentacije i ima manje vr\u0161nja\u010dkog nasilja &#8211; govori Renata.<\/p>\n<p>Komentiramo kako crkva kao institucija mo\u017eda i najvi\u0161e \u0161teti u napretku jer ima veliki autoritet me\u0111u vjernicima u svemu, pa tako i u seksualnom i reproduktivnom zdravlju. Renata govori da crkva odavno ima primat i kontrolu te da tu poziciju ne napu\u0161ta. Slo\u017eili smo se da je mogu\u0107e u isto vrijeme biti prakti\u010dni vjernik ili vjernica i seksualno pozitivna osoba te odgovoran roditelj koji razgovara s djetetom o seksu.<\/p>\n<p>Ona napominje da je najve\u0107i problem \u0161to dr\u017eava ne \u010dini ni\u0161ta. Prije vi\u0161e od deset godina Hrvatska je potpisala obavezu izrade Nacionalne strategije za unaprje\u0111enja seksualnog i reproduktivnog zdravlja. Do danas ne postoji ni nacrt.<\/p>\n<p>Kada se prisje\u0107a svog odrastanja, Renata, danas 60-godi\u0161nja \u017eena, govori da je njena generacija u srednjoj i osnovnoj \u0161koli pone\u0161to mogla \u010duti na satovima razredne zajednice i biologije. O druga\u010dijim seksualnim orijentacijama nije bilo rije\u010di generalno u javnosti jer se, kako ka\u017ee, to jako skrivalo.<\/p>\n<p>&#8211; Danas je to druga\u010dije zbog hrabrih, mladih influencera koji otvorenije progovaraju. U podru\u010dju seksualne pozitivnosti na dru\u0161tvenim mre\u017eama imamo zajednicu ljudi koji na svoj na\u010din pronose glas o tome. Mi ni od literature nismo imali ni\u0161ta. \u0160to se ti\u010de roditeljskog odgoja, u mom slu\u010daju se svodio na upozorenja na ne\u017eeljenu trudno\u0107u. O pristanku na seks se nije govorilo. Mene je mama, kad sam dobila prvu menstruaciju, odvela ginekologu na razgovor, nije bilo stigme oko toga. Na\u017ealost, mislim da roditelji to ni danas ne rade. Ja sam zatrudnjela kao apsolventica i vodila sam trudno\u0107u na studentskoj poliklinici. Ona danas ne postoji. Imam prekrasno iskustvo, tamo sam dobila odli\u010dnu zdravstvenu i savjetodavnu uslugu. Na\u017ealost, mi smo izgubili zdravstvenu za\u0161titu, posebno djevojaka &#8211; zaklju\u010duje Renata Ivanovi\u0107.<\/p>\n<p><em>pi\u0161e Anja Ko\u017eul<\/em><\/p>\n","protected":false},"excerpt":{"rendered":"<p>Okida\u010d za pokretanje portala je bio i politi\u010dke naravi, cijela ona rasprava o Istanbulskoj konvenciji, ka\u017ee Renata Ivanovi\u0107, osniva\u010dica i urednica platforme o seksualnom i reproduktivnom zdravlju Reci.hr<\/p>\n","protected":false},"featured_media":3384,"template":"","tags":[130],"atribut":[],"class_list":["post-3385","nada","type-nada","status-publish","has-post-thumbnail","hentry","tag-tema"],"acf":[],"yoast_head":"<!-- This site is optimized with the Yoast SEO plugin v27.4 - https:\/\/yoast.com\/product\/yoast-seo-wordpress\/ -->\n<title>Reci sve o seksu - SDF - Srpski demokratski forum<\/title>\n<meta name=\"robots\" content=\"index, follow, max-snippet:-1, max-image-preview:large, max-video-preview:-1\" \/>\n<link rel=\"canonical\" href=\"https:\/\/sdf.hr\/hr\/nada\/reci-sve-o-seksu\/\" \/>\n<meta property=\"og:locale\" content=\"hr_HR\" \/>\n<meta property=\"og:type\" content=\"article\" \/>\n<meta property=\"og:title\" content=\"Reci sve o seksu - SDF - Srpski demokratski forum\" \/>\n<meta property=\"og:description\" content=\"Okida\u010d za pokretanje portala je bio i politi\u010dke naravi, cijela ona rasprava o Istanbulskoj konvenciji, ka\u017ee Renata Ivanovi\u0107, osniva\u010dica i urednica platforme o seksualnom i reproduktivnom zdravlju Reci.hr\" \/>\n<meta property=\"og:url\" content=\"https:\/\/sdf.hr\/hr\/nada\/reci-sve-o-seksu\/\" \/>\n<meta property=\"og:site_name\" content=\"SDF - Srpski demokratski forum\" \/>\n<meta property=\"article:modified_time\" content=\"2023-05-19T09:48:38+00:00\" \/>\n<meta property=\"og:image\" content=\"https:\/\/sdf.hr\/wp-content\/uploads\/2023\/05\/Renata-1-scaled.jpg\" \/>\n\t<meta property=\"og:image:width\" content=\"2560\" \/>\n\t<meta property=\"og:image:height\" content=\"1920\" \/>\n\t<meta property=\"og:image:type\" content=\"image\/jpeg\" \/>\n<meta name=\"twitter:card\" content=\"summary_large_image\" \/>\n<meta name=\"twitter:label1\" content=\"Procijenjeno vrijeme \u010ditanja\" \/>\n\t<meta name=\"twitter:data1\" content=\"6 minuta\" \/>\n<script type=\"application\/ld+json\" class=\"yoast-schema-graph\">{\"@context\":\"https:\\\/\\\/schema.org\",\"@graph\":[{\"@type\":\"WebPage\",\"@id\":\"https:\\\/\\\/sdf.hr\\\/hr\\\/nada\\\/reci-sve-o-seksu\\\/\",\"url\":\"https:\\\/\\\/sdf.hr\\\/hr\\\/nada\\\/reci-sve-o-seksu\\\/\",\"name\":\"Reci sve o seksu - SDF - Srpski demokratski forum\",\"isPartOf\":{\"@id\":\"https:\\\/\\\/sdf.hr\\\/#website\"},\"primaryImageOfPage\":{\"@id\":\"https:\\\/\\\/sdf.hr\\\/hr\\\/nada\\\/reci-sve-o-seksu\\\/#primaryimage\"},\"image\":{\"@id\":\"https:\\\/\\\/sdf.hr\\\/hr\\\/nada\\\/reci-sve-o-seksu\\\/#primaryimage\"},\"thumbnailUrl\":\"https:\\\/\\\/sdf.hr\\\/wp-content\\\/uploads\\\/2023\\\/05\\\/Renata-1-scaled.jpg\",\"datePublished\":\"2023-05-19T09:27:01+00:00\",\"dateModified\":\"2023-05-19T09:48:38+00:00\",\"breadcrumb\":{\"@id\":\"https:\\\/\\\/sdf.hr\\\/hr\\\/nada\\\/reci-sve-o-seksu\\\/#breadcrumb\"},\"inLanguage\":\"hr\",\"potentialAction\":[{\"@type\":\"ReadAction\",\"target\":[\"https:\\\/\\\/sdf.hr\\\/hr\\\/nada\\\/reci-sve-o-seksu\\\/\"]}]},{\"@type\":\"ImageObject\",\"inLanguage\":\"hr\",\"@id\":\"https:\\\/\\\/sdf.hr\\\/hr\\\/nada\\\/reci-sve-o-seksu\\\/#primaryimage\",\"url\":\"https:\\\/\\\/sdf.hr\\\/wp-content\\\/uploads\\\/2023\\\/05\\\/Renata-1-scaled.jpg\",\"contentUrl\":\"https:\\\/\\\/sdf.hr\\\/wp-content\\\/uploads\\\/2023\\\/05\\\/Renata-1-scaled.jpg\",\"width\":2560,\"height\":1920,\"caption\":\"Renata Ivanovi\u0107\"},{\"@type\":\"BreadcrumbList\",\"@id\":\"https:\\\/\\\/sdf.hr\\\/hr\\\/nada\\\/reci-sve-o-seksu\\\/#breadcrumb\",\"itemListElement\":[{\"@type\":\"ListItem\",\"position\":1,\"name\":\"Po\u010detna stranica\",\"item\":\"https:\\\/\\\/sdf.hr\\\/hr\\\/\"},{\"@type\":\"ListItem\",\"position\":2,\"name\":\"Nada\",\"item\":\"https:\\\/\\\/sdf.hr\\\/nada\\\/\"},{\"@type\":\"ListItem\",\"position\":3,\"name\":\"Reci sve o seksu\"}]},{\"@type\":\"WebSite\",\"@id\":\"https:\\\/\\\/sdf.hr\\\/#website\",\"url\":\"https:\\\/\\\/sdf.hr\\\/\",\"name\":\"SDF - Srpski demokratski forum\",\"description\":\"Srpski demokratski forum\",\"publisher\":{\"@id\":\"https:\\\/\\\/sdf.hr\\\/#organization\"},\"potentialAction\":[{\"@type\":\"SearchAction\",\"target\":{\"@type\":\"EntryPoint\",\"urlTemplate\":\"https:\\\/\\\/sdf.hr\\\/?s={search_term_string}\"},\"query-input\":{\"@type\":\"PropertyValueSpecification\",\"valueRequired\":true,\"valueName\":\"search_term_string\"}}],\"inLanguage\":\"hr\"},{\"@type\":\"Organization\",\"@id\":\"https:\\\/\\\/sdf.hr\\\/#organization\",\"name\":\"SDF - Srpski demokratski forum\",\"url\":\"https:\\\/\\\/sdf.hr\\\/\",\"logo\":{\"@type\":\"ImageObject\",\"inLanguage\":\"hr\",\"@id\":\"https:\\\/\\\/sdf.hr\\\/#\\\/schema\\\/logo\\\/image\\\/\",\"url\":\"https:\\\/\\\/sdf.hr\\\/wp-content\\\/uploads\\\/2021\\\/07\\\/logo-hr.svg\",\"contentUrl\":\"https:\\\/\\\/sdf.hr\\\/wp-content\\\/uploads\\\/2021\\\/07\\\/logo-hr.svg\",\"width\":271,\"height\":100,\"caption\":\"SDF - Srpski demokratski forum\"},\"image\":{\"@id\":\"https:\\\/\\\/sdf.hr\\\/#\\\/schema\\\/logo\\\/image\\\/\"}}]}<\/script>\n<!-- \/ Yoast SEO plugin. -->","yoast_head_json":{"title":"Reci sve o seksu - SDF - Srpski demokratski forum","robots":{"index":"index","follow":"follow","max-snippet":"max-snippet:-1","max-image-preview":"max-image-preview:large","max-video-preview":"max-video-preview:-1"},"canonical":"https:\/\/sdf.hr\/hr\/nada\/reci-sve-o-seksu\/","og_locale":"hr_HR","og_type":"article","og_title":"Reci sve o seksu - SDF - Srpski demokratski forum","og_description":"Okida\u010d za pokretanje portala je bio i politi\u010dke naravi, cijela ona rasprava o Istanbulskoj konvenciji, ka\u017ee Renata Ivanovi\u0107, osniva\u010dica i urednica platforme o seksualnom i reproduktivnom zdravlju Reci.hr","og_url":"https:\/\/sdf.hr\/hr\/nada\/reci-sve-o-seksu\/","og_site_name":"SDF - Srpski demokratski forum","article_modified_time":"2023-05-19T09:48:38+00:00","og_image":[{"width":2560,"height":1920,"url":"https:\/\/sdf.hr\/wp-content\/uploads\/2023\/05\/Renata-1-scaled.jpg","type":"image\/jpeg"}],"twitter_card":"summary_large_image","twitter_misc":{"Procijenjeno vrijeme \u010ditanja":"6 minuta"},"schema":{"@context":"https:\/\/schema.org","@graph":[{"@type":"WebPage","@id":"https:\/\/sdf.hr\/hr\/nada\/reci-sve-o-seksu\/","url":"https:\/\/sdf.hr\/hr\/nada\/reci-sve-o-seksu\/","name":"Reci sve o seksu - SDF - Srpski demokratski forum","isPartOf":{"@id":"https:\/\/sdf.hr\/#website"},"primaryImageOfPage":{"@id":"https:\/\/sdf.hr\/hr\/nada\/reci-sve-o-seksu\/#primaryimage"},"image":{"@id":"https:\/\/sdf.hr\/hr\/nada\/reci-sve-o-seksu\/#primaryimage"},"thumbnailUrl":"https:\/\/sdf.hr\/wp-content\/uploads\/2023\/05\/Renata-1-scaled.jpg","datePublished":"2023-05-19T09:27:01+00:00","dateModified":"2023-05-19T09:48:38+00:00","breadcrumb":{"@id":"https:\/\/sdf.hr\/hr\/nada\/reci-sve-o-seksu\/#breadcrumb"},"inLanguage":"hr","potentialAction":[{"@type":"ReadAction","target":["https:\/\/sdf.hr\/hr\/nada\/reci-sve-o-seksu\/"]}]},{"@type":"ImageObject","inLanguage":"hr","@id":"https:\/\/sdf.hr\/hr\/nada\/reci-sve-o-seksu\/#primaryimage","url":"https:\/\/sdf.hr\/wp-content\/uploads\/2023\/05\/Renata-1-scaled.jpg","contentUrl":"https:\/\/sdf.hr\/wp-content\/uploads\/2023\/05\/Renata-1-scaled.jpg","width":2560,"height":1920,"caption":"Renata Ivanovi\u0107"},{"@type":"BreadcrumbList","@id":"https:\/\/sdf.hr\/hr\/nada\/reci-sve-o-seksu\/#breadcrumb","itemListElement":[{"@type":"ListItem","position":1,"name":"Po\u010detna stranica","item":"https:\/\/sdf.hr\/hr\/"},{"@type":"ListItem","position":2,"name":"Nada","item":"https:\/\/sdf.hr\/nada\/"},{"@type":"ListItem","position":3,"name":"Reci sve o seksu"}]},{"@type":"WebSite","@id":"https:\/\/sdf.hr\/#website","url":"https:\/\/sdf.hr\/","name":"SDF - Srpski demokratski forum","description":"Srpski demokratski forum","publisher":{"@id":"https:\/\/sdf.hr\/#organization"},"potentialAction":[{"@type":"SearchAction","target":{"@type":"EntryPoint","urlTemplate":"https:\/\/sdf.hr\/?s={search_term_string}"},"query-input":{"@type":"PropertyValueSpecification","valueRequired":true,"valueName":"search_term_string"}}],"inLanguage":"hr"},{"@type":"Organization","@id":"https:\/\/sdf.hr\/#organization","name":"SDF - Srpski demokratski forum","url":"https:\/\/sdf.hr\/","logo":{"@type":"ImageObject","inLanguage":"hr","@id":"https:\/\/sdf.hr\/#\/schema\/logo\/image\/","url":"https:\/\/sdf.hr\/wp-content\/uploads\/2021\/07\/logo-hr.svg","contentUrl":"https:\/\/sdf.hr\/wp-content\/uploads\/2021\/07\/logo-hr.svg","width":271,"height":100,"caption":"SDF - Srpski demokratski forum"},"image":{"@id":"https:\/\/sdf.hr\/#\/schema\/logo\/image\/"}}]}},"_links":{"self":[{"href":"https:\/\/sdf.hr\/hr\/wp-json\/wp\/v2\/nada\/3385","targetHints":{"allow":["GET"]}}],"collection":[{"href":"https:\/\/sdf.hr\/hr\/wp-json\/wp\/v2\/nada"}],"about":[{"href":"https:\/\/sdf.hr\/hr\/wp-json\/wp\/v2\/types\/nada"}],"wp:featuredmedia":[{"embeddable":true,"href":"https:\/\/sdf.hr\/hr\/wp-json\/wp\/v2\/media\/3384"}],"wp:attachment":[{"href":"https:\/\/sdf.hr\/hr\/wp-json\/wp\/v2\/media?parent=3385"}],"wp:term":[{"taxonomy":"post_tag","embeddable":true,"href":"https:\/\/sdf.hr\/hr\/wp-json\/wp\/v2\/tags?post=3385"},{"taxonomy":"atribut","embeddable":true,"href":"https:\/\/sdf.hr\/hr\/wp-json\/wp\/v2\/atribut?post=3385"}],"curies":[{"name":"wp","href":"https:\/\/api.w.org\/{rel}","templated":true}]}}