{"id":3423,"date":"2023-06-02T10:00:21","date_gmt":"2023-06-02T08:00:21","guid":{"rendered":"https:\/\/sdf.hr\/nada\/kava-rum-i-kuba\/"},"modified":"2023-06-02T10:01:59","modified_gmt":"2023-06-02T08:01:59","slug":"kava-rum-i-kuba","status":"publish","type":"nada","link":"https:\/\/sdf.hr\/hr\/nada\/kava-rum-i-kuba\/","title":{"rendered":"Kava, rum i Kuba"},"content":{"rendered":"<p>&#8220;Hrvati i Srbi piju puno kave, vi\u0161e od nas&#8221;, prokomentirala je <strong>Rosa<\/strong> na\u0161u drugu narud\u017ebu kave. Koraljno crvene narukvice na ruci zveckale su sa svakim zavrtajem kafetijere, a vla\u017eni zrak je ispunio miris kubanske kave. Da je sre\u0107e bilo, bebekovski re\u010deno, svijet bi znao za nju kao \u0161to zna za brazilsku ili kolumbijsku \u2013 jednako su dobre. Na kubanskom plodnom tlu punom humusa rastu i robusta i arabica, pa se kava obi\u010dno spravlja kombinacijom tih zrna, a ispija se kao <em>cafecito Cubano<\/em> ili kubanski <em>espresso<\/em>. Kubanci u njega stavljaju sme\u0111i \u0161e\u0107er, ponegdje u tolikoj koli\u010dini da kava dobije teksturu sirupa. Rosa je stavila na \u0161ank posudu \u0161e\u0107era tako te\u0161ku da joj je zamalo ispala iz ruke dok ju je dr\u017eala za poklopac. Ulovila je na\u0161 iznena\u0111en pogled. &#8220;Jaka, ali slatka \u2013 kao mi Kubanci&#8221;, nasmijala se.<\/p>\n<p>Na planta\u017ei kave La Dionisia goste danas do\u010dekuju nasmije\u0161eni doma\u0107ini, mulati koji se bave uzgojem kave i ugostiteljstvom. Ra\u0161\u010dupano tropsko zelenilo okru\u017euje nekada\u0161nju rasko\u0161nu rezidenciju zemljoposjednika, a koko\u0161i tr\u010dkaraju oko stolova restorana i motaju se oko nogu za vrijeme ru\u010dka prije nego same postanu ru\u010dak. No iza skromne i naizgled idili\u010dne ruralne oaze stoji stolje\u0107e suza i znoja. Imanje od 130 hektara pripadalo je Francuzu <strong>Duranu<\/strong> koji je s brojnim drugim Francuzima po\u010detkom 19. stolje\u0107a stigao na Kubu s Haitija, nakon Hai\u0107anske revolucije \u2013 ustanka protiv francuskih robovlasnika, i kako \u010desto ka\u017eu, jedinog uspje\u0161nog ustanka robova u povijesti. S odbjeglim Francuzima stigli su i njihovi robovi koji su ovdje umrli u ropstvu.<\/p>\n<p>Jer, robovlasni\u0161tvo na Kubi je ukinuto relativno kasno \u2013 tek 1886. godine. Time je Kuba bila jedna od posljednjih zemalja Latinske Amerike koja je ukinula ropstvo. Nakon nje preostao je samo Brazil, \u010diji su se politi\u010dari borili protiv abolicije argumentima da su robovi potrebni za rad na planta\u017eama kave, stupa brazilske ekonomije: &#8220;Brazil je kava, a kava je negro&#8221;. Najbolje ogledalo robovlasni\u010dkog perioda na Kubi je upravo ovda\u0161nja regija i istoimeni grad Matanzas, gdje su u 19. stolje\u0107u dovedene tisu\u0107e afri\u010dkih robova koji su radili na planta\u017eama \u0161e\u0107era \u2013 bili su dio atlantske mre\u017ee trgovine robljem koju su predvodili \u0161panjolski vlasnici planta\u017ea, a danas je cijela regija dio UNESCO-ve tzv. Rute robova.<\/p>\n<p>U daljini, skrivena u visokoj travi, nazire se drvena nastamba, propala od vlage i zapu\u0161tenosti. Za njena \u017eivota prije 150 godina zvali su je &#8220;tvornicom ljudi&#8221;. Od robova koji su bili zadu\u017eeni za rad na planta\u017ei kave i banana, odabirani su najbolji &#8220;primjerci&#8221;, mu\u0161ki i \u017eenski, a potom su zatvarani u \u010detiri zida barake, prisiljavani da se razmno\u017eavaju &#8211; crna\u010dka djeca ro\u0111ena u ropstvu mogla su se prodati za 200 pesosa. U jednom trenutku 60 posto stanovni\u0161tva regije Matanzas \u010dinili su robovi. Premda su \u010de\u0161\u0107e radili na planta\u017eama \u0161e\u0107era, zbog \u010dega povjesni\u010dari i ekonomisti nazivaju tada\u0161nje ure\u0111enje &#8220;\u0161e\u0107erokracijom&#8221;, robovski rad na planta\u017eama kave bio je bitan oslonac ekonomije.<\/p>\n<figure id=\"attachment_3419\" aria-describedby=\"caption-attachment-3419\" style=\"width: 2560px\" class=\"wp-caption alignnone\"><img loading=\"lazy\" decoding=\"async\" class=\"wp-image-3419 size-full\" src=\"https:\/\/sdf.hr\/wp-content\/uploads\/2023\/06\/Playa-scaled.jpg\" alt=\"\" width=\"2560\" height=\"1921\" srcset=\"https:\/\/sdf.hr\/wp-content\/uploads\/2023\/06\/Playa-scaled.jpg 2560w, https:\/\/sdf.hr\/wp-content\/uploads\/2023\/06\/Playa-300x225.jpg 300w, https:\/\/sdf.hr\/wp-content\/uploads\/2023\/06\/Playa-1024x768.jpg 1024w, https:\/\/sdf.hr\/wp-content\/uploads\/2023\/06\/Playa-768x576.jpg 768w, https:\/\/sdf.hr\/wp-content\/uploads\/2023\/06\/Playa-1536x1152.jpg 1536w, https:\/\/sdf.hr\/wp-content\/uploads\/2023\/06\/Playa-2048x1537.jpg 2048w\" sizes=\"auto, (max-width: 2560px) 100vw, 2560px\" \/><figcaption id=\"caption-attachment-3419\" class=\"wp-caption-text\">Pla\u017ea Jugoslavija (Foto: Lidija \u010culo)<\/figcaption><\/figure>\n<p>Stolje\u0107e kasnije, upravo \u0107e se ideja o revoluciji i oslobo\u0111enju radnog \u010dovjeka roditi uz \u0161alicu kave, kada se <strong>Fidel<\/strong> i <strong>Che<\/strong> u Meksiku po\u010dnu nalaziti u starom kafi\u0107u Mexico Cityja \u2013 nekad uto\u010di\u0161tu disidenata i knji\u017eevnika me\u0111u kojima je bio i <strong>Gabriel Garcia Marquez<\/strong>, danas turisti\u010dkom okupljali\u0161tu poznatom kao Cafe La Habana. Ista ta ideja bit \u0107e sprovedena u djelo na kubanskom planinskom lancu kave poznatom kao Sierra Maestra, a &#8220;kave \u0107e biti ili za sve ili za nikoga&#8221;, kako je navodno izjavio Che. Ostalo je povijest: na Novu godinu 1959. kubanski revolucionari predvo\u0111eni Cheom i Fidelom zbacili su s vlasti tada\u0161njeg ameri\u010dkog miljenika, predsjednika <strong>Batistu<\/strong>, i po\u010deli provoditi politiku koja \u0107e do dana dana\u0161njeg ostati najve\u0107i izvor glavobolje u ameri\u010dkom dvori\u0161tu.<\/p>\n<p>Sierra Maestra bila je i ostala poznata po uzgoju kave. Upravo ondje su \u0160panjolci ljubazno napra\u0161ili Francuze koji su po\u010deli dolaziti na Kubu nakon Hai\u0107anske revolucije \u2013 u negostoljubive planinske dijelove. Francuzi su se ipak sna\u0161li. Danas tome svjedo\u010de ostaci cesta i mostova koje su izgradili za potrebe rada na planta\u017eama, ali i rasko\u0161ne veleposjedni\u010dke vile i tro\u0161ne nastambe za robove. Problem koji je ostao do danas jest nezahvalan planinski teren po kojem se slijeva blato nakon obilnih tropskih ki\u0161a, zbog \u010dega nije siguran za vo\u017enju niti pogodan za kretanje doma\u0107im farmerima. Ponekad propadnu usjevi ili se \u017eetva odga\u0111a. Kava, koja je nekad bila jedan od glavnih kubanskih proizvoda, danas ima samo neznatan udio u gospodarstvu i izvozu. Situacija se posebno pogor\u0161ala devedesetih s raspadom glavnog kubanskog gospodarskog partnera, Sovjetskog Saveza, na kojeg danas podsje\u0107aju tek neke farme i kooperativi koji nose Lenjinovo ime. Kubansko gospodarstvo propalo je za 40 posto i zamrla je gotovo cijela vanjska trgovina u ovom tzv. &#8220;posebnom periodu&#8221;.<\/p>\n<p>Gorka vremena \u2013 gorka kava. U nesta\u0161icama hrane, lijekova i, zapravo, svega, Kubanci su u zrna kave za mljevenje po\u010deli ubacivati i pe\u010deni slanutak. Slanutak bi se nadovezao na kavu i time malo produ\u017eio njen okus. \u010cak i danas mo\u017eete prona\u0107i ovu kavu na Kubi pod nazivom <em>cafe con chicharo<\/em>. &#8220;To je bila gorka kava, ali u tim trenucima bili smo sretni da imamo ne\u0161to \u0161to barem izgleda kao kava&#8221;, prepri\u010dava Rosa. U razgovor se ubacuje i njen suprug <strong>Raul<\/strong>: &#8220;Kubanci stavljaju dosta \u0161e\u0107era u kavu, ali od tih dana ja sam osobno prestao. \u010cim vidim da netko sipa tri \u017elice \u0161e\u0107era u nju, sjetim se te kave sa slanutkom. Nije kava bila tako lo\u0161a, koliko su bila lo\u0161a vremena.&#8221; Kuba je \u0161ezdesetih godina proizvodila 45 tisu\u0107a tona kave godi\u0161nje. Danas proizvodi tek oko 1500 tona.<\/p>\n<p>&#8220;Ho\u0107ete li kavu s rumom?&#8221;, upitala je Rosa gosta Kana\u0111anina koji je do\u0161ao na \u0161ank po kavu i vadio nov\u010danik. Zate\u010den, ali ne i razo\u010daran, razvukao je usta u osmijeh i poput djeteta se nagnuo preko stola: &#8220;Oho, mo\u017ee! Vi to tako pijete?&#8221; &#8220;Nemamo vi\u0161e mlijeka&#8221;, odgovorila mu je odvr\u0107u\u0107i \u010dep s Habana Libre. &#8220;Aha\u2026&#8221;, izvukao je dva dolara i \u0161utke prihvatio \u0161alicu. U redu iza njega ve\u0107 je zavladao veseli hihot turista \u017eeljnih kubanske rum-kave.<\/p>\n<p>Dva dolara dru\u017ee, nije malo za kavu \u2013 pa bila ona s mlijekom ili rumom. No takve su cijene na Kubi: uglavnom zaokru\u017eene na ve\u0107i iznos za strance, naro\u010dito na frekventnim lokacijama. Prosje\u010dna pla\u0107a na Kubi je izme\u0111u 30 i 50 eura, a radnici u turizmu ponekad toliko zarade u jednom danu. Promatraju\u0107i voza\u010de, vodi\u010de i konobare kako trpaju bak\u0161i\u0161 u d\u017eepove, shva\u0107am tragikomediju onog vica o Kubanki koja u suzama prepri\u010dava ljubavni brodolom prijateljici: &#8220;Rekao mi je da radi u turisti\u010dkom resortu, a onda sam saznala da je neurokirurg!&#8221; Ipak, \u010demu lova kada su du\u0107ani prazni, a prosjaci te na ulici pote\u017eu za rukav da im donira\u0161, ne novac, ne cigarete, ne hranu \u2013 ve\u0107 sapun i toalet papir?<\/p>\n<figure id=\"attachment_3421\" aria-describedby=\"caption-attachment-3421\" style=\"width: 1920px\" class=\"wp-caption alignnone\"><img loading=\"lazy\" decoding=\"async\" class=\"wp-image-3421 size-full\" src=\"https:\/\/sdf.hr\/wp-content\/uploads\/2023\/06\/Polje-scaled.jpg\" alt=\"\" width=\"1920\" height=\"2560\" srcset=\"https:\/\/sdf.hr\/wp-content\/uploads\/2023\/06\/Polje-scaled.jpg 1920w, https:\/\/sdf.hr\/wp-content\/uploads\/2023\/06\/Polje-225x300.jpg 225w, https:\/\/sdf.hr\/wp-content\/uploads\/2023\/06\/Polje-768x1024.jpg 768w, https:\/\/sdf.hr\/wp-content\/uploads\/2023\/06\/Polje-1152x1536.jpg 1152w, https:\/\/sdf.hr\/wp-content\/uploads\/2023\/06\/Polje-1536x2048.jpg 1536w\" sizes=\"auto, (max-width: 1920px) 100vw, 1920px\" \/><figcaption id=\"caption-attachment-3421\" class=\"wp-caption-text\">Privreda ve\u0107 60 godina trpi embargo SAD-a (Foto: Lidija \u010culo)<\/figcaption><\/figure>\n<p>&#8220;Gringo&#8221; novinari jedva su do\u010dekali podsjetiti kako je Fidel \u0161ezdesetih obe\u0107ao litru mlijeka dnevno za svako dijete, a sada uvoze gotovo 80 posto hrane koja im je potrebna i suo\u010davaju se &#8220;s najgorim nesta\u0161icama hrane od 1990-ih&#8221;. Pandemija koronavirusa bila je zadnji \u010davao u lijesu, nakon raspada drugarskog Sovjetskog Saveza i nastavka ameri\u010dkog embarga, za kojeg isti mediji ka\u017eu kako &#8220;donekle obja\u0161njava kubansku ekonomsku bol&#8221;. Slatko obja\u0161njenje za Golijatove sankcije koje su o\u0161tetile Kubu za najmanje 130 milijardi dolara i koje, unato\u010d osudama UN-a i gotovo cijelog svijeta, traju ve\u0107 60 godina \u010dine\u0107i ga najduljim &#8220;\u017eivu\u0107im&#8221; embargom u modernoj povijesti. Za kubanske vlasti, uvo\u0111enje embarga 1962. godine bila je samo potvrda ameri\u010dke tiranije i razlog vi\u0161e za inat, a <strong>John F. Kennedy<\/strong> se sna\u0161ao i iskoristio priliku: prije nastupanja embarga poslao je svog tajnika na Kubu da mu donese 1200 najdra\u017eih Upmann Petit cigara. Danas je embargo donekle ubla\u017een, barem \u0161to se ti\u010de hrane. Zahvaljuju\u0107i mjerama popu\u0161tanja \u2013 koje su obi\u010dno korak naprijed, dva koraka nazad, ali hajde \u2013 Kuba kona\u010dno izvozi kavu, taj komadi\u0107 s mirisom doma, svojoj dijaspori na Floridi. Industrija nostalgije zavrti oko 100 milijuna dolara godi\u0161nje, a ne zaostaje ni ona ameri\u010dka koja gura bio, zdravo, prirodno, organsko\u2026 \u2013 jer kubanska kava upravo to i jest.<\/p>\n<p>&#8220;Moj brat je tako sretan otkako ima kubansku kavu u Americi&#8221;, govori Rosa. &#8220;Kada ovdje \u0161e\u0107e\u0161 ulicom i osjeti\u0161 miris kave iz susjedove ku\u0107e, u\u0111e\u0161 u dvori\u0161te pa sjednete, dru\u017eite se, pri\u010date\u2026 Onaj tko ima vi\u0161e kave u susjedstvu, taj je podijeli. Poma\u017eemo jedni drugima. Miris kave ga vra\u0107a ku\u0107i, kod nas je kava vi\u0161e sredstvo povezivanja i dru\u017eenja, budi uspomene. A on je gore \u010desto usamljen. Puno radi, da nam mo\u017ee poslati ne\u0161to novca.&#8221;<\/p>\n<p>Cijeli \u017eivot u\u010de kako je neprijateljski ameri\u010dki sistem taj koji ih uni\u0161tava, a onda odlaze u tu &#8220;utrobu zvijeri&#8221; kako ju je zvao Che Guevara, da bi se izvukli iz problema koje im \u2013 kako ka\u017eu \u2013 upravo oni zadaju. Ameri\u010dki politi\u010dari desetlje\u0107ima su ih mamili pri\u010dama kako \u0107e im pru\u017eiti uto\u010di\u0161te od komunisti\u010dke diktature i bolji \u017eivot. Na kraju krajeva, Kuba je, uz Sjevernu Koreju, Iran i Siriju, jedina preostala zemlja na ameri\u010dkom popisu dr\u017eava koje sponzoriraju terorizam. Ne, nije \u0161ala. Uglavnom, kada su kubanske vlasti devedesetih kona\u010dno popustile i razrije\u0161ile kesu izlaznih viza za sve one koji \u017eele oti\u0107i, ostvarilo se ono na \u0161to je <strong>Hemingway<\/strong> upozoravao: &#8220;Najbolji na\u010din da saznate mo\u017eete li nekome vjerovati jest taj da mu vjerujete.&#8221; Zate\u010deni brojem Kubanaca, Amerikanci su shvatili da su prenaglili. Odjednom je do\u0161lo do toga da Kubanci tvrde kako tra\u017ee politi\u010dku za\u0161titu jer su na Kubi na meti vlasti, a Amerikanci im ne vjeruju. Obe\u0107anja o 20 tisu\u0107a viza godi\u0161nje ostala su samo obe\u0107anja i ukinuta je politika &#8220;wet feet, dry feet&#8221; prema kojoj su oni uhva\u0107eni na moru (<em>wet feet<\/em>) slani natrag na Kubu ili u tre\u0107u zemlju, a oni koji su se uspjeli do\u010depati SAD-a i stati na kopno (<em>dry feet<\/em>) bi ostajali. Bez obzira na mjere, u posljednjih par godina vi\u0161e od 100 tisu\u0107a Kubanaca na kraju je u\u0161lo u SAD bez papira. Rije\u010d je o dosad najve\u0107em egzodusu kubanskog stanovni\u0161tva.<\/p>\n<p>&#8220;Nastavi li se ovako, vi\u0161e ne\u0107emo imati s kim piti kavu&#8221;, uzdahnula je Rosa zagledana u turiste koji ja\u0161u konje i zabavljaju se. &#8220;Mi smo ponosan narod, ponosni smo na na\u0161u revoluciju i povijest. Ne \u017eelimo se toga odre\u0107i. Ali, ne\u0161to se mora promijeniti. Predugo stojimo u slijepoj ulici, gdje god se okrene\u0161, kao da ti je netko vezao ruke.&#8221; Po\u010dela je vrtjeti \u0161alicu kave kao na\u0161e bake kada gledaju u talog poku\u0161avaju\u0107i odgonetnuti budu\u0107nost. No nije spomenula budu\u0107nost. Umjesto toga, pogledala nas je i uz osmijeh slegnula ramenima: &#8220;Znate kako mi \u010desto ka\u017eemo: ah, na\u0161a Latinska Amerika. Tako daleko od Boga, a tako blizu SAD-a\u2026&#8221;<\/p>\n<p><em>pi\u0161e Lidija \u010culo<\/em><\/p>\n","protected":false},"excerpt":{"rendered":"<p>Na kubanskom plodnom tlu punom humusa rastu i robusta i arabica. Kubanci u kavu stavljaju sme\u0111i \u0161e\u0107er, ponegdje u tolikoj koli\u010dini da kava dobije teksturu sirupa. Rosa je stavila na \u0161ank posudu \u0161e\u0107era tako te\u0161ku da joj je zamalo ispala iz ruke<\/p>\n","protected":false},"featured_media":3418,"template":"","tags":[131],"atribut":[],"class_list":["post-3423","nada","type-nada","status-publish","has-post-thumbnail","hentry","tag-reportaza"],"acf":[],"yoast_head":"<!-- This site is optimized with the Yoast SEO plugin v27.4 - https:\/\/yoast.com\/product\/yoast-seo-wordpress\/ -->\n<title>Kava, rum i Kuba - SDF - Srpski demokratski forum<\/title>\n<meta name=\"robots\" content=\"index, follow, max-snippet:-1, max-image-preview:large, max-video-preview:-1\" \/>\n<link rel=\"canonical\" href=\"https:\/\/sdf.hr\/hr\/nada\/kava-rum-i-kuba\/\" \/>\n<meta property=\"og:locale\" content=\"hr_HR\" \/>\n<meta property=\"og:type\" content=\"article\" \/>\n<meta property=\"og:title\" content=\"Kava, rum i Kuba - SDF - Srpski demokratski forum\" \/>\n<meta property=\"og:description\" content=\"Na kubanskom plodnom tlu punom humusa rastu i robusta i arabica. Kubanci u kavu stavljaju sme\u0111i \u0161e\u0107er, ponegdje u tolikoj koli\u010dini da kava dobije teksturu sirupa. Rosa je stavila na \u0161ank posudu \u0161e\u0107era tako te\u0161ku da joj je zamalo ispala iz ruke\" \/>\n<meta property=\"og:url\" content=\"https:\/\/sdf.hr\/hr\/nada\/kava-rum-i-kuba\/\" \/>\n<meta property=\"og:site_name\" content=\"SDF - Srpski demokratski forum\" \/>\n<meta property=\"article:modified_time\" content=\"2023-06-02T08:01:59+00:00\" \/>\n<meta property=\"og:image\" content=\"https:\/\/sdf.hr\/wp-content\/uploads\/2023\/06\/Floridita-scaled.jpg\" \/>\n\t<meta property=\"og:image:width\" content=\"2560\" \/>\n\t<meta property=\"og:image:height\" content=\"2560\" \/>\n\t<meta property=\"og:image:type\" content=\"image\/jpeg\" \/>\n<meta name=\"twitter:card\" content=\"summary_large_image\" \/>\n<meta name=\"twitter:label1\" content=\"Procijenjeno vrijeme \u010ditanja\" \/>\n\t<meta name=\"twitter:data1\" content=\"10 minuta\" \/>\n<script type=\"application\/ld+json\" class=\"yoast-schema-graph\">{\"@context\":\"https:\\\/\\\/schema.org\",\"@graph\":[{\"@type\":\"WebPage\",\"@id\":\"https:\\\/\\\/sdf.hr\\\/hr\\\/nada\\\/kava-rum-i-kuba\\\/\",\"url\":\"https:\\\/\\\/sdf.hr\\\/hr\\\/nada\\\/kava-rum-i-kuba\\\/\",\"name\":\"Kava, rum i Kuba - SDF - Srpski demokratski forum\",\"isPartOf\":{\"@id\":\"https:\\\/\\\/sdf.hr\\\/#website\"},\"primaryImageOfPage\":{\"@id\":\"https:\\\/\\\/sdf.hr\\\/hr\\\/nada\\\/kava-rum-i-kuba\\\/#primaryimage\"},\"image\":{\"@id\":\"https:\\\/\\\/sdf.hr\\\/hr\\\/nada\\\/kava-rum-i-kuba\\\/#primaryimage\"},\"thumbnailUrl\":\"https:\\\/\\\/sdf.hr\\\/wp-content\\\/uploads\\\/2023\\\/06\\\/Floridita-scaled.jpg\",\"datePublished\":\"2023-06-02T08:00:21+00:00\",\"dateModified\":\"2023-06-02T08:01:59+00:00\",\"breadcrumb\":{\"@id\":\"https:\\\/\\\/sdf.hr\\\/hr\\\/nada\\\/kava-rum-i-kuba\\\/#breadcrumb\"},\"inLanguage\":\"hr\",\"potentialAction\":[{\"@type\":\"ReadAction\",\"target\":[\"https:\\\/\\\/sdf.hr\\\/hr\\\/nada\\\/kava-rum-i-kuba\\\/\"]}]},{\"@type\":\"ImageObject\",\"inLanguage\":\"hr\",\"@id\":\"https:\\\/\\\/sdf.hr\\\/hr\\\/nada\\\/kava-rum-i-kuba\\\/#primaryimage\",\"url\":\"https:\\\/\\\/sdf.hr\\\/wp-content\\\/uploads\\\/2023\\\/06\\\/Floridita-scaled.jpg\",\"contentUrl\":\"https:\\\/\\\/sdf.hr\\\/wp-content\\\/uploads\\\/2023\\\/06\\\/Floridita-scaled.jpg\",\"width\":2560,\"height\":2560,\"caption\":\"Floridita, jedan od najstarijih barova u Havani (Foto: J\u00fcrgen Schwenkenbecher\\\/DPA\\\/PIXSELL)\"},{\"@type\":\"BreadcrumbList\",\"@id\":\"https:\\\/\\\/sdf.hr\\\/hr\\\/nada\\\/kava-rum-i-kuba\\\/#breadcrumb\",\"itemListElement\":[{\"@type\":\"ListItem\",\"position\":1,\"name\":\"Po\u010detna stranica\",\"item\":\"https:\\\/\\\/sdf.hr\\\/hr\\\/\"},{\"@type\":\"ListItem\",\"position\":2,\"name\":\"Nada\",\"item\":\"https:\\\/\\\/sdf.hr\\\/nada\\\/\"},{\"@type\":\"ListItem\",\"position\":3,\"name\":\"Kava, rum i Kuba\"}]},{\"@type\":\"WebSite\",\"@id\":\"https:\\\/\\\/sdf.hr\\\/#website\",\"url\":\"https:\\\/\\\/sdf.hr\\\/\",\"name\":\"SDF - Srpski demokratski forum\",\"description\":\"Srpski demokratski forum\",\"publisher\":{\"@id\":\"https:\\\/\\\/sdf.hr\\\/#organization\"},\"potentialAction\":[{\"@type\":\"SearchAction\",\"target\":{\"@type\":\"EntryPoint\",\"urlTemplate\":\"https:\\\/\\\/sdf.hr\\\/?s={search_term_string}\"},\"query-input\":{\"@type\":\"PropertyValueSpecification\",\"valueRequired\":true,\"valueName\":\"search_term_string\"}}],\"inLanguage\":\"hr\"},{\"@type\":\"Organization\",\"@id\":\"https:\\\/\\\/sdf.hr\\\/#organization\",\"name\":\"SDF - Srpski demokratski forum\",\"url\":\"https:\\\/\\\/sdf.hr\\\/\",\"logo\":{\"@type\":\"ImageObject\",\"inLanguage\":\"hr\",\"@id\":\"https:\\\/\\\/sdf.hr\\\/#\\\/schema\\\/logo\\\/image\\\/\",\"url\":\"https:\\\/\\\/sdf.hr\\\/wp-content\\\/uploads\\\/2021\\\/07\\\/logo-hr.svg\",\"contentUrl\":\"https:\\\/\\\/sdf.hr\\\/wp-content\\\/uploads\\\/2021\\\/07\\\/logo-hr.svg\",\"width\":271,\"height\":100,\"caption\":\"SDF - Srpski demokratski forum\"},\"image\":{\"@id\":\"https:\\\/\\\/sdf.hr\\\/#\\\/schema\\\/logo\\\/image\\\/\"}}]}<\/script>\n<!-- \/ Yoast SEO plugin. -->","yoast_head_json":{"title":"Kava, rum i Kuba - SDF - Srpski demokratski forum","robots":{"index":"index","follow":"follow","max-snippet":"max-snippet:-1","max-image-preview":"max-image-preview:large","max-video-preview":"max-video-preview:-1"},"canonical":"https:\/\/sdf.hr\/hr\/nada\/kava-rum-i-kuba\/","og_locale":"hr_HR","og_type":"article","og_title":"Kava, rum i Kuba - SDF - Srpski demokratski forum","og_description":"Na kubanskom plodnom tlu punom humusa rastu i robusta i arabica. Kubanci u kavu stavljaju sme\u0111i \u0161e\u0107er, ponegdje u tolikoj koli\u010dini da kava dobije teksturu sirupa. Rosa je stavila na \u0161ank posudu \u0161e\u0107era tako te\u0161ku da joj je zamalo ispala iz ruke","og_url":"https:\/\/sdf.hr\/hr\/nada\/kava-rum-i-kuba\/","og_site_name":"SDF - Srpski demokratski forum","article_modified_time":"2023-06-02T08:01:59+00:00","og_image":[{"width":2560,"height":2560,"url":"https:\/\/sdf.hr\/wp-content\/uploads\/2023\/06\/Floridita-scaled.jpg","type":"image\/jpeg"}],"twitter_card":"summary_large_image","twitter_misc":{"Procijenjeno vrijeme \u010ditanja":"10 minuta"},"schema":{"@context":"https:\/\/schema.org","@graph":[{"@type":"WebPage","@id":"https:\/\/sdf.hr\/hr\/nada\/kava-rum-i-kuba\/","url":"https:\/\/sdf.hr\/hr\/nada\/kava-rum-i-kuba\/","name":"Kava, rum i Kuba - SDF - Srpski demokratski forum","isPartOf":{"@id":"https:\/\/sdf.hr\/#website"},"primaryImageOfPage":{"@id":"https:\/\/sdf.hr\/hr\/nada\/kava-rum-i-kuba\/#primaryimage"},"image":{"@id":"https:\/\/sdf.hr\/hr\/nada\/kava-rum-i-kuba\/#primaryimage"},"thumbnailUrl":"https:\/\/sdf.hr\/wp-content\/uploads\/2023\/06\/Floridita-scaled.jpg","datePublished":"2023-06-02T08:00:21+00:00","dateModified":"2023-06-02T08:01:59+00:00","breadcrumb":{"@id":"https:\/\/sdf.hr\/hr\/nada\/kava-rum-i-kuba\/#breadcrumb"},"inLanguage":"hr","potentialAction":[{"@type":"ReadAction","target":["https:\/\/sdf.hr\/hr\/nada\/kava-rum-i-kuba\/"]}]},{"@type":"ImageObject","inLanguage":"hr","@id":"https:\/\/sdf.hr\/hr\/nada\/kava-rum-i-kuba\/#primaryimage","url":"https:\/\/sdf.hr\/wp-content\/uploads\/2023\/06\/Floridita-scaled.jpg","contentUrl":"https:\/\/sdf.hr\/wp-content\/uploads\/2023\/06\/Floridita-scaled.jpg","width":2560,"height":2560,"caption":"Floridita, jedan od najstarijih barova u Havani (Foto: J\u00fcrgen Schwenkenbecher\/DPA\/PIXSELL)"},{"@type":"BreadcrumbList","@id":"https:\/\/sdf.hr\/hr\/nada\/kava-rum-i-kuba\/#breadcrumb","itemListElement":[{"@type":"ListItem","position":1,"name":"Po\u010detna stranica","item":"https:\/\/sdf.hr\/hr\/"},{"@type":"ListItem","position":2,"name":"Nada","item":"https:\/\/sdf.hr\/nada\/"},{"@type":"ListItem","position":3,"name":"Kava, rum i Kuba"}]},{"@type":"WebSite","@id":"https:\/\/sdf.hr\/#website","url":"https:\/\/sdf.hr\/","name":"SDF - Srpski demokratski forum","description":"Srpski demokratski forum","publisher":{"@id":"https:\/\/sdf.hr\/#organization"},"potentialAction":[{"@type":"SearchAction","target":{"@type":"EntryPoint","urlTemplate":"https:\/\/sdf.hr\/?s={search_term_string}"},"query-input":{"@type":"PropertyValueSpecification","valueRequired":true,"valueName":"search_term_string"}}],"inLanguage":"hr"},{"@type":"Organization","@id":"https:\/\/sdf.hr\/#organization","name":"SDF - Srpski demokratski forum","url":"https:\/\/sdf.hr\/","logo":{"@type":"ImageObject","inLanguage":"hr","@id":"https:\/\/sdf.hr\/#\/schema\/logo\/image\/","url":"https:\/\/sdf.hr\/wp-content\/uploads\/2021\/07\/logo-hr.svg","contentUrl":"https:\/\/sdf.hr\/wp-content\/uploads\/2021\/07\/logo-hr.svg","width":271,"height":100,"caption":"SDF - Srpski demokratski forum"},"image":{"@id":"https:\/\/sdf.hr\/#\/schema\/logo\/image\/"}}]}},"_links":{"self":[{"href":"https:\/\/sdf.hr\/hr\/wp-json\/wp\/v2\/nada\/3423","targetHints":{"allow":["GET"]}}],"collection":[{"href":"https:\/\/sdf.hr\/hr\/wp-json\/wp\/v2\/nada"}],"about":[{"href":"https:\/\/sdf.hr\/hr\/wp-json\/wp\/v2\/types\/nada"}],"wp:featuredmedia":[{"embeddable":true,"href":"https:\/\/sdf.hr\/hr\/wp-json\/wp\/v2\/media\/3418"}],"wp:attachment":[{"href":"https:\/\/sdf.hr\/hr\/wp-json\/wp\/v2\/media?parent=3423"}],"wp:term":[{"taxonomy":"post_tag","embeddable":true,"href":"https:\/\/sdf.hr\/hr\/wp-json\/wp\/v2\/tags?post=3423"},{"taxonomy":"atribut","embeddable":true,"href":"https:\/\/sdf.hr\/hr\/wp-json\/wp\/v2\/atribut?post=3423"}],"curies":[{"name":"wp","href":"https:\/\/api.w.org\/{rel}","templated":true}]}}