{"id":3438,"date":"2023-06-11T18:29:53","date_gmt":"2023-06-11T16:29:53","guid":{"rendered":"https:\/\/sdf.hr\/nada\/necu-pusku-hocu-klarinet\/"},"modified":"2023-06-11T18:30:16","modified_gmt":"2023-06-11T16:30:16","slug":"necu-pusku-hocu-klarinet","status":"publish","type":"nada","link":"https:\/\/sdf.hr\/hr\/nada\/necu-pusku-hocu-klarinet\/","title":{"rendered":"Ne\u0107u pu\u0161ku, ho\u0107u klarinet"},"content":{"rendered":"<p>Kada je u rujnu pro\u0161le godine u Rusiji objavljena djelomi\u010dna mobilizacija, mnogi su Rusi tra\u017eili na\u010dine da napuste svoju zemlju i tako izbjegnu odlazak na rati\u0161te u Ukrajinu. Jedan od njih je mladi klarinetist <strong>Vadim Turanosov<\/strong> koji je iz rodnog Sankt Peterburga pobjegao u kolovozu pro\u0161le godine, kako nam je ispri\u010dao, &#8220;u sumnjivom crnom BMV-u finskih registracija&#8221;.<\/p>\n<p>Vadim je prije rata predavao klarinet, saksofon i flautu u srednjoj \u0161koli u Moskvi i ve\u0107inom je svirao u orkestrima, a zatim se po\u010deo baviti jazz muzikom. Svirao je u najboljim klubovima u Sankt Peterburgu i Moskvi, pa \u010dak i na mjestima poput Dr\u017eavnog Ermita\u017ea kao \u010dlan orkestra. Budu\u0107i da su u o\u017eujku pro\u0161le godine ukinute brze \u017eeljezni\u010dke veze izme\u0111u Moskve, Sankt Peterburga i Helsinkija, Vadim je prona\u0161ao osobu s dvojnim dr\u017eavljanstvom koja nudi vo\u017enje svima koji \u017eele prije\u0107i granicu i tako je oti\u0161ao za Bergamo u Italiji, zajedno s jo\u0161 \u010detvero ljudi.<\/p>\n<p>&#8211; Talijani su bili jako ljubazni i uz pomo\u0107 lokalnog stanovnika prona\u0161ao sam hotel u Bergamu, \u0161to u Italiji nije lako u\u010diniti usred no\u0107i. Ruske kartice ne rade, pa \u010dak ni rezervacija hotela nije mogu\u0107a. Bojao sam se re\u0107i da sam ruski dr\u017eavljanin i predstavio sam se kao Finac za prvi dojam, daruju\u0107i ljudima koji su htjeli pomo\u0107i finsku \u010dokoladu. Prona\u0161ao sam hotel uz pomo\u0107 psihologa kojeg sam upoznao u lokalnom baru, a koji je nekada radio godinu dana kao profesor u Rusiji \u2013 ispri\u010dao nam je Vadim te dodao kako je po pitanju politike pesimist i jo\u0161 je tada na umu imao mogu\u0107nost mobilizacije.<\/p>\n<p>&#8211; Bio sam u Italiji kada je po\u010dela i za mene je bilo jako te\u0161ko do\u0107i sebi i svirati, ba\u0161 kao i nakon \u0161to je rat zapo\u010deo, bez obzira na to \u0161to je jazz bio i jo\u0161 uvijek je glazba protesta, protesta protiv rasne diskriminacije, glazba slobodnog ljudskog duha, s improvizacijama koje su jedinstvene svaki put i ne mogu se ponoviti \u2013 dodaje.<\/p>\n<p>Premda Vadim nije slu\u017eio u vojsci, ispunjava uvjete za ono \u0161to se naziva drugim valom mobilizacije, zbog \u010dega je odlu\u010dio da se ne\u0107e vra\u0107ati u Rusiju. No brojni ljudi koje osobno poznaje, a koji nemaju vojno iskustvo, mobilizacijsku karticu su dobili tijekom prvog vala u rujnu pro\u0161le godine. Nakon dolaska u Italiju, Vadimov prvobitni plan bio je putovati s kolegama glazbenicima iz Italije i do\u0107i u Srbiju, jednu od dr\u017eava koja nije nametnula sankcije Rusiji, kako bi mogao dobiti funkcionalnu debitnu karticu.<\/p>\n<p>&#8211; Strancima u Europi to nije jednostavno u\u010diniti, mo\u017eda je to jo\u0161 uvijek mogu\u0107e u malim zemljama poput Andore, ali uglavnom je nemogu\u0107e dobiti je u banci bez dozvole za boravak. Ljudi koji tra\u017ee politi\u010dki azil u Europi suo\u010davaju se s istim problemima kao i obi\u010dni turisti koji bje\u017ee od mobilizacije koja je zapo\u010dela 21. rujna, a u njihovom slu\u010daju to je nedostatak dokumenata jer im se putovnica oduzima dok se slu\u010daj ne rije\u0161i na sudu. Za sada je Rusima lak\u0161e dobiti stalni boravak u Srbiji nego u EU. Banke poo\u0161travaju svoja pravila zbog ogromnog broja prijava, ali jo\u0161 uvijek je mogu\u0107e otvoriti ra\u010dun u banci u Srbiji \u2013 objasnio je.<\/p>\n<p>U studenom pro\u0161le godine Vadim je oti\u0161ao u Novi Sad kako bi posjetio jazz festival, a odu\u0161evila ga je dobrodo\u0161lica i ljubaznost koju je do\u017eivio, zbog \u010dega je odlu\u010dio ostati. Ubrzo je upoznao jednog fenomenalnog d\u017eez gitarista iz Pariza, <strong>Daniela Beju<\/strong> koji svira u bendu Asseo, a s kojim, kako ka\u017ee, svira u &#8220;neki malim i ugodnim prostorima&#8221; \u0161to je za njega su\u0161tina jazza. Tvrdi da do sada nije imao nikakvih problema i kako mu se \u010dini da ljudi ovdje bolje razumiju pogubnost rata \u2013 prona\u0161ao je stan blizu centra, a stanodavac je iz Iraka te u Novom Sadu \u017eivi otkada je pobjegao iz ira\u010dko-iranskog sukoba 1980-ih. Napomenuo je i kako je prvobitno \u017eelio \u017eivjeti u Beogradu, ali su cijene najma bile previsoke, dok u Novom Sadu jo\u0161 uvijek mo\u017ee priu\u0161titi stan.<\/p>\n<p>&#8211; To ima veze sa slikom migracije. Ruski ljudi koji dolaze u Srbiju uglavnom su u tridesetima i \u010desto imaju obitelji. To je migracija mozgova, uglavnom su to IT i drugi stru\u010dnjaci. To zna\u010dajno optere\u0107uje tr\u017ei\u0161te. Vidio sam da su cijene najma u Beogradu drasti\u010dno porasle, \u010dak se udvostru\u010dile. O tome mi je pri\u010dao vlasnik lokalne prodavaonice plo\u010da kojega sam imao zadovoljstvo upoznati \u2013 istaknuo je.<\/p>\n<p>\u010cesto odlazi svirati u Beograd u kojemu je upoznao jo\u0161 muzi\u010dara koji su iz Rusije do\u0161li \u017eivjeti u Srbiju. Me\u0111usobno se nazivaju Belgrade Jams, a osim Vadima tu su i <strong>Mihail Sidnin<\/strong>, <strong>Viktor Volkovi\u010d<\/strong>, <strong>Zenja Gorbunov<\/strong>, <strong>Dan Lipovecki<\/strong> i <strong>Eugen Piankov<\/strong>. Muzikom se bave cijeli \u017eivot, a \u017eanrovski su razapeti od roka preko jazza do elektronike.<\/p>\n<p>Dolaskom u Beograd, Mihail je nakon duge stanke ponovno po\u010deo svirati bubnjeve i sada se vra\u0107a svojoj muzi\u010dkoj karijeri. Viktor je elektroni\u010dki muzi\u010dki umjetnik poznat pod imenima Oligarkh, Tumani Limana i Auroraw. Ve\u0107inom su profesionalni muzi\u010dari, ali ima i onih koji su se Belgrade Jams pridru\u017eili poznaju\u0107i samo osnove nekog instrumenta. Nitko od njih sre\u0107om nije imao problema s odlaskom iz Rusije, a odlazili su u sli\u010dnom periodu, malo prije ili netom poslije mobilizacije. Ve\u0107inom se sla\u017eu kako im je odluka o odlasku promijenila \u017eivot, ali na bolji na\u010din.<\/p>\n<p>&#8211; Nisam se nalazio pod mobilizacijom: nisam slu\u017eio vojsku, nemam vojnu iskaznicu. Tako da moj \u017eivot nije bio izravno ugro\u017een zbog toga. Za njih sam u nekoj vrsti sive zone. Ali postoji jedan detalj: oduvijek sam sanjao o \u017eivotu u inozemstvu. Bio sam ovdje prije, Rusi se ovdje osje\u0107aju dobrodo\u0161lo. Manje mi je strano nego zemlje Kavkaza ili Srednje Azije i blizu je Europe, lokacija mi se \u010dini idealnom \u2013 rekao nam je Mihail s kojim se slo\u017eio i Eugen, napomenuv\u0161i kako je, kada je shvatio da mora oti\u0107i, prvo provjeravao cijene smje\u0161taja i mogu\u0107nosti nastupanja.<\/p>\n<p>&#8211; Imam oko 15 prijatelja koji su ve\u0107 \u017eivjeli ovdje. Cijene najma su relativno iste u Armeniji, Gruziji, Kazahstanu, a Beograd je <em>jamming paradise<\/em> jer ovdje ne samo da mo\u017ee\u0161 svirati s lokalnim glazbenicima, ve\u0107 i s ljudima iz cijelog svijeta \u2013 kazao je Eugen.<\/p>\n<p>Na\u017ealost, u Novom Sadu se od sviranja ne mo\u017ee zaraditi dovoljno, pa je i Vadim otvorio vrata IT industriji te poha\u0111a <em>online<\/em> te\u010dajeve. Stoga je najve\u0107i problem za njega \u0161to ubrzo ponestaje novih mjesta za sviranje, kojih je ve\u0107 u samom po\u010detku bilo jako malo.<\/p>\n<p>&#8211; Definitivno nema dovoljno prostora za sviranje. Koncept glazbe ovdje, koliko ja znam, svodi se na folk ili DJ-eve. Rusija je iznena\u0111uju\u0107e bila prili\u010dno d\u017eez zemlja, klub Kozlov u Moskvi dobio je titulu najboljeg d\u017eez kluba na svijetu 2019. godine. Ima nekih sjajnih mjesta, ali ne puno. Nadam se da \u0107e se to uskoro promijeniti i veselim se turneji po Hrvatskoj sa svojim talijanskim bendom 20 strings \u2013 rekao je Vadim i dodao kako nema razra\u0111ene planove za budu\u0107nost.<\/p>\n<p>&#8211; Ali bi bilo lijepo dobiti stabilan posao ili nastaviti s podu\u010davanjem u \u0161koli. A do tada \u0107u svakodnevno u\u010diti nove stvari o d\u017eezu \u2013 zaklju\u010dio je.<\/p>\n<p><em>pi\u0161e Katarina Bo\u0161njak<\/em><\/p>\n","protected":false},"excerpt":{"rendered":"<p>Mladi ruski muzi\u010dari sklonili su se od rata i mobilizacije u Srbiju, gdje sada zajedno sviraju. Za Nadu ka\u017eu kako im je odluka o odlasku promijenila \u017eivot na bolji na\u010din<\/p>\n","protected":false},"featured_media":3437,"template":"","tags":[130],"atribut":[],"class_list":["post-3438","nada","type-nada","status-publish","has-post-thumbnail","hentry","tag-tema"],"acf":[],"yoast_head":"<!-- This site is optimized with the Yoast SEO plugin v27.4 - https:\/\/yoast.com\/product\/yoast-seo-wordpress\/ -->\n<title>Ne\u0107u pu\u0161ku, ho\u0107u klarinet - SDF - Srpski demokratski forum<\/title>\n<meta name=\"robots\" content=\"index, follow, max-snippet:-1, max-image-preview:large, max-video-preview:-1\" \/>\n<link rel=\"canonical\" href=\"https:\/\/sdf.hr\/hr\/nada\/necu-pusku-hocu-klarinet\/\" \/>\n<meta property=\"og:locale\" content=\"hr_HR\" \/>\n<meta property=\"og:type\" content=\"article\" \/>\n<meta property=\"og:title\" content=\"Ne\u0107u pu\u0161ku, ho\u0107u klarinet - SDF - Srpski demokratski forum\" \/>\n<meta property=\"og:description\" content=\"Mladi ruski muzi\u010dari sklonili su se od rata i mobilizacije u Srbiju, gdje sada zajedno sviraju. Za Nadu ka\u017eu kako im je odluka o odlasku promijenila \u017eivot na bolji na\u010din\" \/>\n<meta property=\"og:url\" content=\"https:\/\/sdf.hr\/hr\/nada\/necu-pusku-hocu-klarinet\/\" \/>\n<meta property=\"og:site_name\" content=\"SDF - Srpski demokratski forum\" \/>\n<meta property=\"article:modified_time\" content=\"2023-06-11T16:30:16+00:00\" \/>\n<meta property=\"og:image\" content=\"https:\/\/sdf.hr\/wp-content\/uploads\/2023\/06\/Vadim-Mark-Eugen-Mikhail-Egor-scaled.jpg\" \/>\n\t<meta property=\"og:image:width\" content=\"2560\" \/>\n\t<meta property=\"og:image:height\" content=\"1920\" \/>\n\t<meta property=\"og:image:type\" content=\"image\/jpeg\" \/>\n<meta name=\"twitter:card\" content=\"summary_large_image\" \/>\n<meta name=\"twitter:label1\" content=\"Procijenjeno vrijeme \u010ditanja\" \/>\n\t<meta name=\"twitter:data1\" content=\"6 minuta\" \/>\n<script type=\"application\/ld+json\" class=\"yoast-schema-graph\">{\"@context\":\"https:\\\/\\\/schema.org\",\"@graph\":[{\"@type\":\"WebPage\",\"@id\":\"https:\\\/\\\/sdf.hr\\\/hr\\\/nada\\\/necu-pusku-hocu-klarinet\\\/\",\"url\":\"https:\\\/\\\/sdf.hr\\\/hr\\\/nada\\\/necu-pusku-hocu-klarinet\\\/\",\"name\":\"Ne\u0107u pu\u0161ku, ho\u0107u klarinet - SDF - Srpski demokratski forum\",\"isPartOf\":{\"@id\":\"https:\\\/\\\/sdf.hr\\\/#website\"},\"primaryImageOfPage\":{\"@id\":\"https:\\\/\\\/sdf.hr\\\/hr\\\/nada\\\/necu-pusku-hocu-klarinet\\\/#primaryimage\"},\"image\":{\"@id\":\"https:\\\/\\\/sdf.hr\\\/hr\\\/nada\\\/necu-pusku-hocu-klarinet\\\/#primaryimage\"},\"thumbnailUrl\":\"https:\\\/\\\/sdf.hr\\\/wp-content\\\/uploads\\\/2023\\\/06\\\/Vadim-Mark-Eugen-Mikhail-Egor-scaled.jpg\",\"datePublished\":\"2023-06-11T16:29:53+00:00\",\"dateModified\":\"2023-06-11T16:30:16+00:00\",\"breadcrumb\":{\"@id\":\"https:\\\/\\\/sdf.hr\\\/hr\\\/nada\\\/necu-pusku-hocu-klarinet\\\/#breadcrumb\"},\"inLanguage\":\"hr\",\"potentialAction\":[{\"@type\":\"ReadAction\",\"target\":[\"https:\\\/\\\/sdf.hr\\\/hr\\\/nada\\\/necu-pusku-hocu-klarinet\\\/\"]}]},{\"@type\":\"ImageObject\",\"inLanguage\":\"hr\",\"@id\":\"https:\\\/\\\/sdf.hr\\\/hr\\\/nada\\\/necu-pusku-hocu-klarinet\\\/#primaryimage\",\"url\":\"https:\\\/\\\/sdf.hr\\\/wp-content\\\/uploads\\\/2023\\\/06\\\/Vadim-Mark-Eugen-Mikhail-Egor-scaled.jpg\",\"contentUrl\":\"https:\\\/\\\/sdf.hr\\\/wp-content\\\/uploads\\\/2023\\\/06\\\/Vadim-Mark-Eugen-Mikhail-Egor-scaled.jpg\",\"width\":2560,\"height\":1920,\"caption\":\"Vadim, Mark, Eugen, Mihail i Egor\"},{\"@type\":\"BreadcrumbList\",\"@id\":\"https:\\\/\\\/sdf.hr\\\/hr\\\/nada\\\/necu-pusku-hocu-klarinet\\\/#breadcrumb\",\"itemListElement\":[{\"@type\":\"ListItem\",\"position\":1,\"name\":\"Po\u010detna stranica\",\"item\":\"https:\\\/\\\/sdf.hr\\\/hr\\\/\"},{\"@type\":\"ListItem\",\"position\":2,\"name\":\"Nada\",\"item\":\"https:\\\/\\\/sdf.hr\\\/nada\\\/\"},{\"@type\":\"ListItem\",\"position\":3,\"name\":\"Ne\u0107u pu\u0161ku, ho\u0107u klarinet\"}]},{\"@type\":\"WebSite\",\"@id\":\"https:\\\/\\\/sdf.hr\\\/#website\",\"url\":\"https:\\\/\\\/sdf.hr\\\/\",\"name\":\"SDF - Srpski demokratski forum\",\"description\":\"Srpski demokratski forum\",\"publisher\":{\"@id\":\"https:\\\/\\\/sdf.hr\\\/#organization\"},\"potentialAction\":[{\"@type\":\"SearchAction\",\"target\":{\"@type\":\"EntryPoint\",\"urlTemplate\":\"https:\\\/\\\/sdf.hr\\\/?s={search_term_string}\"},\"query-input\":{\"@type\":\"PropertyValueSpecification\",\"valueRequired\":true,\"valueName\":\"search_term_string\"}}],\"inLanguage\":\"hr\"},{\"@type\":\"Organization\",\"@id\":\"https:\\\/\\\/sdf.hr\\\/#organization\",\"name\":\"SDF - Srpski demokratski forum\",\"url\":\"https:\\\/\\\/sdf.hr\\\/\",\"logo\":{\"@type\":\"ImageObject\",\"inLanguage\":\"hr\",\"@id\":\"https:\\\/\\\/sdf.hr\\\/#\\\/schema\\\/logo\\\/image\\\/\",\"url\":\"https:\\\/\\\/sdf.hr\\\/wp-content\\\/uploads\\\/2021\\\/07\\\/logo-hr.svg\",\"contentUrl\":\"https:\\\/\\\/sdf.hr\\\/wp-content\\\/uploads\\\/2021\\\/07\\\/logo-hr.svg\",\"width\":271,\"height\":100,\"caption\":\"SDF - Srpski demokratski forum\"},\"image\":{\"@id\":\"https:\\\/\\\/sdf.hr\\\/#\\\/schema\\\/logo\\\/image\\\/\"}}]}<\/script>\n<!-- \/ Yoast SEO plugin. -->","yoast_head_json":{"title":"Ne\u0107u pu\u0161ku, ho\u0107u klarinet - SDF - Srpski demokratski forum","robots":{"index":"index","follow":"follow","max-snippet":"max-snippet:-1","max-image-preview":"max-image-preview:large","max-video-preview":"max-video-preview:-1"},"canonical":"https:\/\/sdf.hr\/hr\/nada\/necu-pusku-hocu-klarinet\/","og_locale":"hr_HR","og_type":"article","og_title":"Ne\u0107u pu\u0161ku, ho\u0107u klarinet - SDF - Srpski demokratski forum","og_description":"Mladi ruski muzi\u010dari sklonili su se od rata i mobilizacije u Srbiju, gdje sada zajedno sviraju. Za Nadu ka\u017eu kako im je odluka o odlasku promijenila \u017eivot na bolji na\u010din","og_url":"https:\/\/sdf.hr\/hr\/nada\/necu-pusku-hocu-klarinet\/","og_site_name":"SDF - Srpski demokratski forum","article_modified_time":"2023-06-11T16:30:16+00:00","og_image":[{"width":2560,"height":1920,"url":"https:\/\/sdf.hr\/wp-content\/uploads\/2023\/06\/Vadim-Mark-Eugen-Mikhail-Egor-scaled.jpg","type":"image\/jpeg"}],"twitter_card":"summary_large_image","twitter_misc":{"Procijenjeno vrijeme \u010ditanja":"6 minuta"},"schema":{"@context":"https:\/\/schema.org","@graph":[{"@type":"WebPage","@id":"https:\/\/sdf.hr\/hr\/nada\/necu-pusku-hocu-klarinet\/","url":"https:\/\/sdf.hr\/hr\/nada\/necu-pusku-hocu-klarinet\/","name":"Ne\u0107u pu\u0161ku, ho\u0107u klarinet - SDF - Srpski demokratski forum","isPartOf":{"@id":"https:\/\/sdf.hr\/#website"},"primaryImageOfPage":{"@id":"https:\/\/sdf.hr\/hr\/nada\/necu-pusku-hocu-klarinet\/#primaryimage"},"image":{"@id":"https:\/\/sdf.hr\/hr\/nada\/necu-pusku-hocu-klarinet\/#primaryimage"},"thumbnailUrl":"https:\/\/sdf.hr\/wp-content\/uploads\/2023\/06\/Vadim-Mark-Eugen-Mikhail-Egor-scaled.jpg","datePublished":"2023-06-11T16:29:53+00:00","dateModified":"2023-06-11T16:30:16+00:00","breadcrumb":{"@id":"https:\/\/sdf.hr\/hr\/nada\/necu-pusku-hocu-klarinet\/#breadcrumb"},"inLanguage":"hr","potentialAction":[{"@type":"ReadAction","target":["https:\/\/sdf.hr\/hr\/nada\/necu-pusku-hocu-klarinet\/"]}]},{"@type":"ImageObject","inLanguage":"hr","@id":"https:\/\/sdf.hr\/hr\/nada\/necu-pusku-hocu-klarinet\/#primaryimage","url":"https:\/\/sdf.hr\/wp-content\/uploads\/2023\/06\/Vadim-Mark-Eugen-Mikhail-Egor-scaled.jpg","contentUrl":"https:\/\/sdf.hr\/wp-content\/uploads\/2023\/06\/Vadim-Mark-Eugen-Mikhail-Egor-scaled.jpg","width":2560,"height":1920,"caption":"Vadim, Mark, Eugen, Mihail i Egor"},{"@type":"BreadcrumbList","@id":"https:\/\/sdf.hr\/hr\/nada\/necu-pusku-hocu-klarinet\/#breadcrumb","itemListElement":[{"@type":"ListItem","position":1,"name":"Po\u010detna stranica","item":"https:\/\/sdf.hr\/hr\/"},{"@type":"ListItem","position":2,"name":"Nada","item":"https:\/\/sdf.hr\/nada\/"},{"@type":"ListItem","position":3,"name":"Ne\u0107u pu\u0161ku, ho\u0107u klarinet"}]},{"@type":"WebSite","@id":"https:\/\/sdf.hr\/#website","url":"https:\/\/sdf.hr\/","name":"SDF - Srpski demokratski forum","description":"Srpski demokratski forum","publisher":{"@id":"https:\/\/sdf.hr\/#organization"},"potentialAction":[{"@type":"SearchAction","target":{"@type":"EntryPoint","urlTemplate":"https:\/\/sdf.hr\/?s={search_term_string}"},"query-input":{"@type":"PropertyValueSpecification","valueRequired":true,"valueName":"search_term_string"}}],"inLanguage":"hr"},{"@type":"Organization","@id":"https:\/\/sdf.hr\/#organization","name":"SDF - Srpski demokratski forum","url":"https:\/\/sdf.hr\/","logo":{"@type":"ImageObject","inLanguage":"hr","@id":"https:\/\/sdf.hr\/#\/schema\/logo\/image\/","url":"https:\/\/sdf.hr\/wp-content\/uploads\/2021\/07\/logo-hr.svg","contentUrl":"https:\/\/sdf.hr\/wp-content\/uploads\/2021\/07\/logo-hr.svg","width":271,"height":100,"caption":"SDF - Srpski demokratski forum"},"image":{"@id":"https:\/\/sdf.hr\/#\/schema\/logo\/image\/"}}]}},"_links":{"self":[{"href":"https:\/\/sdf.hr\/hr\/wp-json\/wp\/v2\/nada\/3438","targetHints":{"allow":["GET"]}}],"collection":[{"href":"https:\/\/sdf.hr\/hr\/wp-json\/wp\/v2\/nada"}],"about":[{"href":"https:\/\/sdf.hr\/hr\/wp-json\/wp\/v2\/types\/nada"}],"wp:featuredmedia":[{"embeddable":true,"href":"https:\/\/sdf.hr\/hr\/wp-json\/wp\/v2\/media\/3437"}],"wp:attachment":[{"href":"https:\/\/sdf.hr\/hr\/wp-json\/wp\/v2\/media?parent=3438"}],"wp:term":[{"taxonomy":"post_tag","embeddable":true,"href":"https:\/\/sdf.hr\/hr\/wp-json\/wp\/v2\/tags?post=3438"},{"taxonomy":"atribut","embeddable":true,"href":"https:\/\/sdf.hr\/hr\/wp-json\/wp\/v2\/atribut?post=3438"}],"curies":[{"name":"wp","href":"https:\/\/api.w.org\/{rel}","templated":true}]}}