{"id":3472,"date":"2023-06-16T16:44:07","date_gmt":"2023-06-16T14:44:07","guid":{"rendered":"https:\/\/sdf.hr\/nada\/rolada-s-jagodama\/"},"modified":"2023-06-16T16:44:50","modified_gmt":"2023-06-16T14:44:50","slug":"rolada-s-jagodama","status":"publish","type":"nada","link":"https:\/\/sdf.hr\/hr\/nada\/rolada-s-jagodama\/","title":{"rendered":"Rolada s jagodama"},"content":{"rendered":"<p>Na sam spomen jagoda u mislima sam u Lici. Rosno je jutro, a pokojni djed <strong>Mile<\/strong> me vodi u sokak iznad ku\u0107e gdje beremo najslasnije \u0161umske jagode i ni\u017eemo ih na vlat trave poput perlica. Taj miris i okus i dalje osje\u0107am, a uspomena mi je \u017eiva ba\u0161 kao da je bilo ju\u010der. I sada imam sre\u0107u pa mi \u0161umske jagode rastu doslovno dva koraka od ku\u0107e i u\u017eivam u njima \u010dim krene sezona. A dok ne dozriju te najsla\u0111e, za kola\u010de koristim one kupljene. U ovom kola\u010du ih mo\u017eete kombinirati.<\/p>\n<p>Kola\u010d je toliko lijep i ukusan u svojoj jednostavnosti, a i sezona je jagoda pa vjerujem da \u0107e se i kod vas \u010desto na\u0107i za desert ovih dana. Rolada se sastoji od jednostavnog, \u017eutog biskvita, vrhnja za \u0161lag, krem sira i jagoda. Bez puno kerefeka, kako bi rekla moja prijateljica, i s jednostavnim sastojcima za \u010das mo\u017eete pripremiti osvje\u017eavaju\u0107i desert. Slatko\u0107u mo\u017eete prilagoditi po vlastitom ukusu. Vrlo brzo i lako se priprema, a umjesto jagoda mo\u017eete staviti neko drugo vo\u0107e (ananas ili breskve iz kompota, borovnice, maline, kupine\u2026). Vjerujem da ovaj kola\u010d mogu pripremiti i po\u010detnici u spravljanju slastica.<\/p>\n<p>Koristila sam slatke, vrgora\u010dke jagode. Na\u017ealost, svoje, posa\u0111ene, nemam ve\u0107 nekoliko godina jer nikako ne napreduju i izgleda da im ne odgovara tlo, a \u0161umske jagode nam malo kasne zbog hladnog prolje\u0107a pa \u0107u ovaj kola\u010di\u0107 ponoviti kada ih bude. Vjerujem da \u0107e to biti rajski.<\/p>\n<p>&nbsp;<\/p>\n<p><strong><em>Sastojci za biskvit:<\/em><\/strong><\/p>\n<p>4 jaja<\/p>\n<p>4 velike \u017elice \u0161e\u0107era<\/p>\n<p>4 velike \u017elice glatkog bra\u0161na<\/p>\n<p>&nbsp;<\/p>\n<p><strong><em>Za kremu:<\/em><\/strong><\/p>\n<p>300 ml vrhnja za \u0161lag<\/p>\n<p>250 g krem sira<\/p>\n<p>2 velike \u017elice \u0161e\u0107era u prahu<\/p>\n<p>400 g jagoda<\/p>\n<p>&nbsp;<\/p>\n<p><strong><em>Priprema:<\/em><\/strong><\/p>\n<p>Pripremite lim od pe\u0107nice, stavite masni papir koji ste jo\u0161 malo namastili. Upalite pe\u0107nicu na 180 stupnjeva da se zagrije. Odvojite bjelanjke od \u017eumanjaka. U bjelanjke stavite malo soli i izradite \u010dvrsti snijeg. \u017dumanjcima dodajte \u0161e\u0107er i miksajte dok smjesa ne postane pjenasta i svijetla. Za ovo odvojite vremena jer u biskvit ne ide pra\u0161ak za pecivo pa mu treba miksanjem dodati zraka da bude mek i pahuljast. Postepeno dodajte bra\u0161no i sjedinite u kompaktnu smjesu. Snijeg od bjelanjaka pa\u017eljivo, ru\u010dno umije\u0161ajte u smjesu kru\u017enim pokretima.<\/p>\n<p>Smjesu za biskvit istresite na pleh oblo\u017een masnim papirom i malo lupajte o dno da se jednako rasporedi. Stavite u zagrijanu pe\u0107nicu i pecite deset minuta. Biskvit je tanak i nemojte ga prepe\u0107i. Gotov je kada se malo za\u017euti. Pe\u010deni biskvit izvadite iz lima zajedno s papirom i sve skupa zarolajte u \u010distu krpu koju ste posuli \u0161e\u0107erom u prahu. Ostavite da se potpuno ohladi. Za kremu izradite vrhnje za \u0161lag sa \u0161e\u0107erom u prahu te kada je dovoljno \u010dvrsto, umije\u0161ajte krem sir. Odvojite nekoliko \u017elica kreme za ukras.<\/p>\n<p>Ohla\u0111eni biskvit pa\u017eljivo odmotajte, prema\u017eite kremom, rasporedite o\u010di\u0161\u0107ene i narezane jagode (ostavite najljep\u0161e jagode za ukra\u0161avanje) pa pa\u017eljivo zarolajte u roladu. Masni papir bi se trebao lagano odvajati. Gotovu roladu ukrasite ostatkom kreme i jagoda te dobro ohladite prije poslu\u017eivanja. Kola\u010d nemojte \u010duvati dulje od dva dana, ako uop\u0107e i\u0161ta od njega ostane.<\/p>\n<p>Dobar tek!<\/p>\n<p><em>pi\u0161e Valentina Vukadinovi\u0107<\/em><\/p>\n","protected":false},"excerpt":{"rendered":"<p>\u0160umske jagode mi rastu doslovno dva koraka od ku\u0107e i u\u017eivam u njima \u010dim krene sezona. A dok ne dozriju te najsla\u0111e, za kola\u010de koristim one kupljene. U ovom kola\u010du ih mo\u017eete kombinirati<\/p>\n","protected":false},"featured_media":3471,"template":"","tags":[42],"atribut":[],"class_list":["post-3472","nada","type-nada","status-publish","has-post-thumbnail","hentry","tag-gorski-kotao"],"acf":[],"yoast_head":"<!-- This site is optimized with the Yoast SEO plugin v27.4 - https:\/\/yoast.com\/product\/yoast-seo-wordpress\/ -->\n<title>Rolada s jagodama - SDF - Srpski demokratski forum<\/title>\n<meta name=\"robots\" content=\"index, follow, max-snippet:-1, max-image-preview:large, max-video-preview:-1\" \/>\n<link rel=\"canonical\" href=\"https:\/\/sdf.hr\/hr\/nada\/rolada-s-jagodama\/\" \/>\n<meta property=\"og:locale\" content=\"hr_HR\" \/>\n<meta property=\"og:type\" content=\"article\" \/>\n<meta property=\"og:title\" content=\"Rolada s jagodama - SDF - Srpski demokratski forum\" \/>\n<meta property=\"og:description\" content=\"\u0160umske jagode mi rastu doslovno dva koraka od ku\u0107e i u\u017eivam u njima \u010dim krene sezona. A dok ne dozriju te najsla\u0111e, za kola\u010de koristim one kupljene. U ovom kola\u010du ih mo\u017eete kombinirati\" \/>\n<meta property=\"og:url\" content=\"https:\/\/sdf.hr\/hr\/nada\/rolada-s-jagodama\/\" \/>\n<meta property=\"og:site_name\" content=\"SDF - Srpski demokratski forum\" \/>\n<meta property=\"article:modified_time\" content=\"2023-06-16T14:44:50+00:00\" \/>\n<meta property=\"og:image\" content=\"https:\/\/sdf.hr\/wp-content\/uploads\/2023\/06\/Rolada-scaled.jpg\" \/>\n\t<meta property=\"og:image:width\" content=\"2560\" \/>\n\t<meta property=\"og:image:height\" content=\"1696\" \/>\n\t<meta property=\"og:image:type\" content=\"image\/jpeg\" \/>\n<meta name=\"twitter:card\" content=\"summary_large_image\" \/>\n<meta name=\"twitter:label1\" content=\"Procijenjeno vrijeme \u010ditanja\" \/>\n\t<meta name=\"twitter:data1\" content=\"3 minute\" \/>\n<script type=\"application\/ld+json\" class=\"yoast-schema-graph\">{\"@context\":\"https:\\\/\\\/schema.org\",\"@graph\":[{\"@type\":\"WebPage\",\"@id\":\"https:\\\/\\\/sdf.hr\\\/hr\\\/nada\\\/rolada-s-jagodama\\\/\",\"url\":\"https:\\\/\\\/sdf.hr\\\/hr\\\/nada\\\/rolada-s-jagodama\\\/\",\"name\":\"Rolada s jagodama - SDF - Srpski demokratski forum\",\"isPartOf\":{\"@id\":\"https:\\\/\\\/sdf.hr\\\/#website\"},\"primaryImageOfPage\":{\"@id\":\"https:\\\/\\\/sdf.hr\\\/hr\\\/nada\\\/rolada-s-jagodama\\\/#primaryimage\"},\"image\":{\"@id\":\"https:\\\/\\\/sdf.hr\\\/hr\\\/nada\\\/rolada-s-jagodama\\\/#primaryimage\"},\"thumbnailUrl\":\"https:\\\/\\\/sdf.hr\\\/wp-content\\\/uploads\\\/2023\\\/06\\\/Rolada-scaled.jpg\",\"datePublished\":\"2023-06-16T14:44:07+00:00\",\"dateModified\":\"2023-06-16T14:44:50+00:00\",\"breadcrumb\":{\"@id\":\"https:\\\/\\\/sdf.hr\\\/hr\\\/nada\\\/rolada-s-jagodama\\\/#breadcrumb\"},\"inLanguage\":\"hr\",\"potentialAction\":[{\"@type\":\"ReadAction\",\"target\":[\"https:\\\/\\\/sdf.hr\\\/hr\\\/nada\\\/rolada-s-jagodama\\\/\"]}]},{\"@type\":\"ImageObject\",\"inLanguage\":\"hr\",\"@id\":\"https:\\\/\\\/sdf.hr\\\/hr\\\/nada\\\/rolada-s-jagodama\\\/#primaryimage\",\"url\":\"https:\\\/\\\/sdf.hr\\\/wp-content\\\/uploads\\\/2023\\\/06\\\/Rolada-scaled.jpg\",\"contentUrl\":\"https:\\\/\\\/sdf.hr\\\/wp-content\\\/uploads\\\/2023\\\/06\\\/Rolada-scaled.jpg\",\"width\":2560,\"height\":1696},{\"@type\":\"BreadcrumbList\",\"@id\":\"https:\\\/\\\/sdf.hr\\\/hr\\\/nada\\\/rolada-s-jagodama\\\/#breadcrumb\",\"itemListElement\":[{\"@type\":\"ListItem\",\"position\":1,\"name\":\"Po\u010detna stranica\",\"item\":\"https:\\\/\\\/sdf.hr\\\/hr\\\/\"},{\"@type\":\"ListItem\",\"position\":2,\"name\":\"Nada\",\"item\":\"https:\\\/\\\/sdf.hr\\\/nada\\\/\"},{\"@type\":\"ListItem\",\"position\":3,\"name\":\"Rolada s jagodama\"}]},{\"@type\":\"WebSite\",\"@id\":\"https:\\\/\\\/sdf.hr\\\/#website\",\"url\":\"https:\\\/\\\/sdf.hr\\\/\",\"name\":\"SDF - Srpski demokratski forum\",\"description\":\"Srpski demokratski forum\",\"publisher\":{\"@id\":\"https:\\\/\\\/sdf.hr\\\/#organization\"},\"potentialAction\":[{\"@type\":\"SearchAction\",\"target\":{\"@type\":\"EntryPoint\",\"urlTemplate\":\"https:\\\/\\\/sdf.hr\\\/?s={search_term_string}\"},\"query-input\":{\"@type\":\"PropertyValueSpecification\",\"valueRequired\":true,\"valueName\":\"search_term_string\"}}],\"inLanguage\":\"hr\"},{\"@type\":\"Organization\",\"@id\":\"https:\\\/\\\/sdf.hr\\\/#organization\",\"name\":\"SDF - Srpski demokratski forum\",\"url\":\"https:\\\/\\\/sdf.hr\\\/\",\"logo\":{\"@type\":\"ImageObject\",\"inLanguage\":\"hr\",\"@id\":\"https:\\\/\\\/sdf.hr\\\/#\\\/schema\\\/logo\\\/image\\\/\",\"url\":\"https:\\\/\\\/sdf.hr\\\/wp-content\\\/uploads\\\/2021\\\/07\\\/logo-hr.svg\",\"contentUrl\":\"https:\\\/\\\/sdf.hr\\\/wp-content\\\/uploads\\\/2021\\\/07\\\/logo-hr.svg\",\"width\":271,\"height\":100,\"caption\":\"SDF - Srpski demokratski forum\"},\"image\":{\"@id\":\"https:\\\/\\\/sdf.hr\\\/#\\\/schema\\\/logo\\\/image\\\/\"}}]}<\/script>\n<!-- \/ Yoast SEO plugin. -->","yoast_head_json":{"title":"Rolada s jagodama - SDF - Srpski demokratski forum","robots":{"index":"index","follow":"follow","max-snippet":"max-snippet:-1","max-image-preview":"max-image-preview:large","max-video-preview":"max-video-preview:-1"},"canonical":"https:\/\/sdf.hr\/hr\/nada\/rolada-s-jagodama\/","og_locale":"hr_HR","og_type":"article","og_title":"Rolada s jagodama - SDF - Srpski demokratski forum","og_description":"\u0160umske jagode mi rastu doslovno dva koraka od ku\u0107e i u\u017eivam u njima \u010dim krene sezona. A dok ne dozriju te najsla\u0111e, za kola\u010de koristim one kupljene. U ovom kola\u010du ih mo\u017eete kombinirati","og_url":"https:\/\/sdf.hr\/hr\/nada\/rolada-s-jagodama\/","og_site_name":"SDF - Srpski demokratski forum","article_modified_time":"2023-06-16T14:44:50+00:00","og_image":[{"width":2560,"height":1696,"url":"https:\/\/sdf.hr\/wp-content\/uploads\/2023\/06\/Rolada-scaled.jpg","type":"image\/jpeg"}],"twitter_card":"summary_large_image","twitter_misc":{"Procijenjeno vrijeme \u010ditanja":"3 minute"},"schema":{"@context":"https:\/\/schema.org","@graph":[{"@type":"WebPage","@id":"https:\/\/sdf.hr\/hr\/nada\/rolada-s-jagodama\/","url":"https:\/\/sdf.hr\/hr\/nada\/rolada-s-jagodama\/","name":"Rolada s jagodama - SDF - Srpski demokratski forum","isPartOf":{"@id":"https:\/\/sdf.hr\/#website"},"primaryImageOfPage":{"@id":"https:\/\/sdf.hr\/hr\/nada\/rolada-s-jagodama\/#primaryimage"},"image":{"@id":"https:\/\/sdf.hr\/hr\/nada\/rolada-s-jagodama\/#primaryimage"},"thumbnailUrl":"https:\/\/sdf.hr\/wp-content\/uploads\/2023\/06\/Rolada-scaled.jpg","datePublished":"2023-06-16T14:44:07+00:00","dateModified":"2023-06-16T14:44:50+00:00","breadcrumb":{"@id":"https:\/\/sdf.hr\/hr\/nada\/rolada-s-jagodama\/#breadcrumb"},"inLanguage":"hr","potentialAction":[{"@type":"ReadAction","target":["https:\/\/sdf.hr\/hr\/nada\/rolada-s-jagodama\/"]}]},{"@type":"ImageObject","inLanguage":"hr","@id":"https:\/\/sdf.hr\/hr\/nada\/rolada-s-jagodama\/#primaryimage","url":"https:\/\/sdf.hr\/wp-content\/uploads\/2023\/06\/Rolada-scaled.jpg","contentUrl":"https:\/\/sdf.hr\/wp-content\/uploads\/2023\/06\/Rolada-scaled.jpg","width":2560,"height":1696},{"@type":"BreadcrumbList","@id":"https:\/\/sdf.hr\/hr\/nada\/rolada-s-jagodama\/#breadcrumb","itemListElement":[{"@type":"ListItem","position":1,"name":"Po\u010detna stranica","item":"https:\/\/sdf.hr\/hr\/"},{"@type":"ListItem","position":2,"name":"Nada","item":"https:\/\/sdf.hr\/nada\/"},{"@type":"ListItem","position":3,"name":"Rolada s jagodama"}]},{"@type":"WebSite","@id":"https:\/\/sdf.hr\/#website","url":"https:\/\/sdf.hr\/","name":"SDF - Srpski demokratski forum","description":"Srpski demokratski forum","publisher":{"@id":"https:\/\/sdf.hr\/#organization"},"potentialAction":[{"@type":"SearchAction","target":{"@type":"EntryPoint","urlTemplate":"https:\/\/sdf.hr\/?s={search_term_string}"},"query-input":{"@type":"PropertyValueSpecification","valueRequired":true,"valueName":"search_term_string"}}],"inLanguage":"hr"},{"@type":"Organization","@id":"https:\/\/sdf.hr\/#organization","name":"SDF - Srpski demokratski forum","url":"https:\/\/sdf.hr\/","logo":{"@type":"ImageObject","inLanguage":"hr","@id":"https:\/\/sdf.hr\/#\/schema\/logo\/image\/","url":"https:\/\/sdf.hr\/wp-content\/uploads\/2021\/07\/logo-hr.svg","contentUrl":"https:\/\/sdf.hr\/wp-content\/uploads\/2021\/07\/logo-hr.svg","width":271,"height":100,"caption":"SDF - Srpski demokratski forum"},"image":{"@id":"https:\/\/sdf.hr\/#\/schema\/logo\/image\/"}}]}},"_links":{"self":[{"href":"https:\/\/sdf.hr\/hr\/wp-json\/wp\/v2\/nada\/3472","targetHints":{"allow":["GET"]}}],"collection":[{"href":"https:\/\/sdf.hr\/hr\/wp-json\/wp\/v2\/nada"}],"about":[{"href":"https:\/\/sdf.hr\/hr\/wp-json\/wp\/v2\/types\/nada"}],"wp:featuredmedia":[{"embeddable":true,"href":"https:\/\/sdf.hr\/hr\/wp-json\/wp\/v2\/media\/3471"}],"wp:attachment":[{"href":"https:\/\/sdf.hr\/hr\/wp-json\/wp\/v2\/media?parent=3472"}],"wp:term":[{"taxonomy":"post_tag","embeddable":true,"href":"https:\/\/sdf.hr\/hr\/wp-json\/wp\/v2\/tags?post=3472"},{"taxonomy":"atribut","embeddable":true,"href":"https:\/\/sdf.hr\/hr\/wp-json\/wp\/v2\/atribut?post=3472"}],"curies":[{"name":"wp","href":"https:\/\/api.w.org\/{rel}","templated":true}]}}