{"id":3479,"date":"2023-06-25T12:02:30","date_gmt":"2023-06-25T10:02:30","guid":{"rendered":"https:\/\/sdf.hr\/nada\/vise-od-publike\/"},"modified":"2023-06-25T12:03:25","modified_gmt":"2023-06-25T10:03:25","slug":"vise-od-publike","status":"publish","type":"nada","link":"https:\/\/sdf.hr\/hr\/nada\/vise-od-publike\/","title":{"rendered":"Vi\u0161e od publike"},"content":{"rendered":"<p>Nogometa\u0161i egipatskog Al Ahlija 11. su juna jedanaesti put osvojili afri\u010dku Ligu prvaka, pobijediv\u0161i u Casablanci marokanski Wydad. Wydad i Al Ahli u finalu su igrali i lani, tada je pobijedio klub iz Casablance. Al Ahli je ina\u010de rekorder u osvajanju afri\u010dke Lige prvaka, njihovi navija\u010di slavili su dugo u no\u0107 na ulicama Casablance i Kaira. A bilo je me\u0111u slavljenicima i Ahlavija, ultrasa koji su se i ovom prigodom <em>outali <\/em>pjesmama nedragima egipatskom re\u017eimu. Ne ginu im zbog toga nova uhi\u0107enja po povratku u Egipat. Deseci Al Ahlijevih navija\u010da uhi\u0107eni su ranije ove godine, tijekom \u010detvrtfinalne utakmice protiv Raje Casablance u Kairu, zato \u0161to su na stadionu skandirali protiv &#8220;dou\u0161nika&#8221;. Uhi\u0107enja su se nastavila i u danima nakon utakmice.<\/p>\n<p>Pisale smo ve\u0107 na ovim stranicama kako su dvije egipatske grupe ultrasa, Ahlavi, okupljeni oko Al Ahlija, i Ultras White Knights (UWK) okupljeni oko gradskog rivala Zamaleka, 2011. na Tahriru mar\u0161irali zajedno. Zbog takvog su politi\u010dkog djelovanja targetirani na stadionu u Port Saidu 2012., kad je u okr\u0161aju nakon utakmice 79 navija\u010da poginulo, a vi\u0161e od tisu\u0107u ozlije\u0111eno. Ultrasi su tada optu\u017eili policiju i pla\u0107ene huligane da su im poubijali drugove u osveti za Tahrir. Nastavili su prosvjedovati protiv re\u017eima, ali i uprava i igra\u010da svojih klubova, jer za pravdu nakon Port Saida nisu napravili ni\u0161ta. Godine 2015. ultrase je egipatska vlada proglasila &#8220;ilegalnim teroristi\u010dkim organizacijama&#8221;, a zbog nastavka ekstremne represije, i Ahlavi i UWK raspu\u0161teni su u Kairu 2018. godine. Iako slu\u017ebeno vi\u0161e ne postoje, rad su u manjem obujmu nastavili u ilegali.<\/p>\n<p>Nakon pokolja u Port Saidu, u Egiptu je ograni\u010deno i prisustvovanje publike na utakmicama. Trenutno je za doma\u0107e utakmice na snazi kvota od pet tisu\u0107a posjetitelja, koja se u praksi uglavnom svodi na dijeljenje karata sponzorima i tzv. slu\u017ebenim licima. Kupnja ulaznica za utakmice doma\u0107e lige mogu\u0107a je samo putem online platforme na kojoj je obavezan unos to\u010dnih osobnih podataka, a to je prevelik rizik za ve\u0107inu ultrasa. Ponajvi\u0161e se zato organiziraju oko utakmica afri\u010dke Lige prvaka i gostovanja u drugim zemljama, iako i na te utakmice ne odlaze zajedni\u010dki, u velikim grupama \u2013 obi\u010dno redove zbijaju tek na stadionu.<\/p>\n<p>Osim Ahlavija, u stalnom su problemu i UWK-ovci. Kad je 2019. Egipat bio doma\u0107in afri\u010dke Lige prvaka, poseban je pritisak bio na toj grupi ultrasa, zato \u0161to su prije po\u010detka natjecanja poku\u0161avali organizirati i potaknuti navija\u010de na pobune. &#8220;Ugnjetavanje navija\u010da Zamaleka u zadnje se vrijeme poja\u010dalo, jer je re\u017eim zabrinut zbog prosvjeda koji se odvijaju tijekom prvenstva. Ironi\u010dno je da je Egipat doma\u0107in turnira, a uhi\u0107uje nogometne navija\u010de uo\u010di utakmica&#8221;, komentirao je tada <strong>Hossam el-Hamalavi<\/strong>, ljevi\u010dar, novinar i navija\u010d Zamaleka. Dodao je da su ultrasi meta zato \u0161to su bolje organizirani i politi\u010dki aktivniji od drugih organizacija i inicijativa u zemlji. U maju te godine vo\u0111e UWK-a <strong>Adham Mohamed<\/strong> i <strong>Fathi Mohamed<\/strong> zavr\u0161ili su u zatvoru zbog nastojanja da o\u017eive kolektiv. Njihov odvjetnik <strong>Mohamed Hafez<\/strong> istaknuo je tada da ultrasi ostaju pod istragama i nakon \u0161to im je brutalno zabranjeno postojanje.<\/p>\n<p>Pendrek dre\u010di i pendre\u010di, ali ni ultrasi ne pristaju da \u017eivot \u017eive iz publike. U februaru ove godine Ahlavi su dernjavom i pjesmom obilje\u017eili jedanaestu godi\u0161njicu pogibije u Port Saidu. Na utakmici izme\u0111u Seattle Soundersa i Al Ahlija u Tangeru tribinama je dominirao jedan transparent, a na njemu velikim slovima: &#8220;Nikad ne\u0107emo zaboraviti.&#8221;<\/p>\n<p><em>pi\u0161e Ivana Peri\u0107<\/em><\/p>\n","protected":false},"excerpt":{"rendered":"<p>Ahlavi su obilje\u017eili jedanaestu godi\u0161njicu pogibije u Port Saidu. Na utakmici izme\u0111u Seattle Soundersa i Al Ahlija u Tangeru tribinama je dominirao jedan transparent, a na njemu velikim slovima: &#8220;Nikad ne\u0107emo zaboraviti&#8221;<\/p>\n","protected":false},"featured_media":3478,"template":"","tags":[40],"atribut":[],"class_list":["post-3479","nada","type-nada","status-publish","has-post-thumbnail","hentry","tag-dvokorak-naprijed"],"acf":[],"yoast_head":"<!-- This site is optimized with the Yoast SEO plugin v27.4 - https:\/\/yoast.com\/product\/yoast-seo-wordpress\/ -->\n<title>Vi\u0161e od publike - SDF - Srpski demokratski forum<\/title>\n<meta name=\"robots\" content=\"index, follow, max-snippet:-1, max-image-preview:large, max-video-preview:-1\" \/>\n<link rel=\"canonical\" href=\"https:\/\/sdf.hr\/hr\/nada\/vise-od-publike\/\" \/>\n<meta property=\"og:locale\" content=\"hr_HR\" \/>\n<meta property=\"og:type\" content=\"article\" \/>\n<meta property=\"og:title\" content=\"Vi\u0161e od publike - SDF - Srpski demokratski forum\" \/>\n<meta property=\"og:description\" content=\"Ahlavi su obilje\u017eili jedanaestu godi\u0161njicu pogibije u Port Saidu. Na utakmici izme\u0111u Seattle Soundersa i Al Ahlija u Tangeru tribinama je dominirao jedan transparent, a na njemu velikim slovima: &quot;Nikad ne\u0107emo zaboraviti&quot;\" \/>\n<meta property=\"og:url\" content=\"https:\/\/sdf.hr\/hr\/nada\/vise-od-publike\/\" \/>\n<meta property=\"og:site_name\" content=\"SDF - Srpski demokratski forum\" \/>\n<meta property=\"article:modified_time\" content=\"2023-06-25T10:03:25+00:00\" \/>\n<meta property=\"og:image\" content=\"https:\/\/sdf.hr\/wp-content\/uploads\/2023\/06\/Al-Ahly_Weam-MostafaBackpagePix-scaled.jpg\" \/>\n\t<meta property=\"og:image:width\" content=\"2560\" \/>\n\t<meta property=\"og:image:height\" content=\"1707\" \/>\n\t<meta property=\"og:image:type\" content=\"image\/jpeg\" \/>\n<meta name=\"twitter:card\" content=\"summary_large_image\" \/>\n<meta name=\"twitter:label1\" content=\"Procijenjeno vrijeme \u010ditanja\" \/>\n\t<meta name=\"twitter:data1\" content=\"3 minute\" \/>\n<script type=\"application\/ld+json\" class=\"yoast-schema-graph\">{\"@context\":\"https:\\\/\\\/schema.org\",\"@graph\":[{\"@type\":\"WebPage\",\"@id\":\"https:\\\/\\\/sdf.hr\\\/hr\\\/nada\\\/vise-od-publike\\\/\",\"url\":\"https:\\\/\\\/sdf.hr\\\/hr\\\/nada\\\/vise-od-publike\\\/\",\"name\":\"Vi\u0161e od publike - SDF - Srpski demokratski forum\",\"isPartOf\":{\"@id\":\"https:\\\/\\\/sdf.hr\\\/#website\"},\"primaryImageOfPage\":{\"@id\":\"https:\\\/\\\/sdf.hr\\\/hr\\\/nada\\\/vise-od-publike\\\/#primaryimage\"},\"image\":{\"@id\":\"https:\\\/\\\/sdf.hr\\\/hr\\\/nada\\\/vise-od-publike\\\/#primaryimage\"},\"thumbnailUrl\":\"https:\\\/\\\/sdf.hr\\\/wp-content\\\/uploads\\\/2023\\\/06\\\/Al-Ahly_Weam-MostafaBackpagePix-scaled.jpg\",\"datePublished\":\"2023-06-25T10:02:30+00:00\",\"dateModified\":\"2023-06-25T10:03:25+00:00\",\"breadcrumb\":{\"@id\":\"https:\\\/\\\/sdf.hr\\\/hr\\\/nada\\\/vise-od-publike\\\/#breadcrumb\"},\"inLanguage\":\"hr\",\"potentialAction\":[{\"@type\":\"ReadAction\",\"target\":[\"https:\\\/\\\/sdf.hr\\\/hr\\\/nada\\\/vise-od-publike\\\/\"]}]},{\"@type\":\"ImageObject\",\"inLanguage\":\"hr\",\"@id\":\"https:\\\/\\\/sdf.hr\\\/hr\\\/nada\\\/vise-od-publike\\\/#primaryimage\",\"url\":\"https:\\\/\\\/sdf.hr\\\/wp-content\\\/uploads\\\/2023\\\/06\\\/Al-Ahly_Weam-MostafaBackpagePix-scaled.jpg\",\"contentUrl\":\"https:\\\/\\\/sdf.hr\\\/wp-content\\\/uploads\\\/2023\\\/06\\\/Al-Ahly_Weam-MostafaBackpagePix-scaled.jpg\",\"width\":2560,\"height\":1707,\"caption\":\"Navija\u010di Al Ahlija (Foto: Weam Mostafa\\\/BackpagePix\\\/PA\\\/PIXSELL)\"},{\"@type\":\"BreadcrumbList\",\"@id\":\"https:\\\/\\\/sdf.hr\\\/hr\\\/nada\\\/vise-od-publike\\\/#breadcrumb\",\"itemListElement\":[{\"@type\":\"ListItem\",\"position\":1,\"name\":\"Po\u010detna stranica\",\"item\":\"https:\\\/\\\/sdf.hr\\\/hr\\\/\"},{\"@type\":\"ListItem\",\"position\":2,\"name\":\"Nada\",\"item\":\"https:\\\/\\\/sdf.hr\\\/nada\\\/\"},{\"@type\":\"ListItem\",\"position\":3,\"name\":\"Vi\u0161e od publike\"}]},{\"@type\":\"WebSite\",\"@id\":\"https:\\\/\\\/sdf.hr\\\/#website\",\"url\":\"https:\\\/\\\/sdf.hr\\\/\",\"name\":\"SDF - Srpski demokratski forum\",\"description\":\"Srpski demokratski forum\",\"publisher\":{\"@id\":\"https:\\\/\\\/sdf.hr\\\/#organization\"},\"potentialAction\":[{\"@type\":\"SearchAction\",\"target\":{\"@type\":\"EntryPoint\",\"urlTemplate\":\"https:\\\/\\\/sdf.hr\\\/?s={search_term_string}\"},\"query-input\":{\"@type\":\"PropertyValueSpecification\",\"valueRequired\":true,\"valueName\":\"search_term_string\"}}],\"inLanguage\":\"hr\"},{\"@type\":\"Organization\",\"@id\":\"https:\\\/\\\/sdf.hr\\\/#organization\",\"name\":\"SDF - Srpski demokratski forum\",\"url\":\"https:\\\/\\\/sdf.hr\\\/\",\"logo\":{\"@type\":\"ImageObject\",\"inLanguage\":\"hr\",\"@id\":\"https:\\\/\\\/sdf.hr\\\/#\\\/schema\\\/logo\\\/image\\\/\",\"url\":\"https:\\\/\\\/sdf.hr\\\/wp-content\\\/uploads\\\/2021\\\/07\\\/logo-hr.svg\",\"contentUrl\":\"https:\\\/\\\/sdf.hr\\\/wp-content\\\/uploads\\\/2021\\\/07\\\/logo-hr.svg\",\"width\":271,\"height\":100,\"caption\":\"SDF - Srpski demokratski forum\"},\"image\":{\"@id\":\"https:\\\/\\\/sdf.hr\\\/#\\\/schema\\\/logo\\\/image\\\/\"}}]}<\/script>\n<!-- \/ Yoast SEO plugin. -->","yoast_head_json":{"title":"Vi\u0161e od publike - SDF - Srpski demokratski forum","robots":{"index":"index","follow":"follow","max-snippet":"max-snippet:-1","max-image-preview":"max-image-preview:large","max-video-preview":"max-video-preview:-1"},"canonical":"https:\/\/sdf.hr\/hr\/nada\/vise-od-publike\/","og_locale":"hr_HR","og_type":"article","og_title":"Vi\u0161e od publike - SDF - Srpski demokratski forum","og_description":"Ahlavi su obilje\u017eili jedanaestu godi\u0161njicu pogibije u Port Saidu. Na utakmici izme\u0111u Seattle Soundersa i Al Ahlija u Tangeru tribinama je dominirao jedan transparent, a na njemu velikim slovima: \"Nikad ne\u0107emo zaboraviti\"","og_url":"https:\/\/sdf.hr\/hr\/nada\/vise-od-publike\/","og_site_name":"SDF - Srpski demokratski forum","article_modified_time":"2023-06-25T10:03:25+00:00","og_image":[{"width":2560,"height":1707,"url":"https:\/\/sdf.hr\/wp-content\/uploads\/2023\/06\/Al-Ahly_Weam-MostafaBackpagePix-scaled.jpg","type":"image\/jpeg"}],"twitter_card":"summary_large_image","twitter_misc":{"Procijenjeno vrijeme \u010ditanja":"3 minute"},"schema":{"@context":"https:\/\/schema.org","@graph":[{"@type":"WebPage","@id":"https:\/\/sdf.hr\/hr\/nada\/vise-od-publike\/","url":"https:\/\/sdf.hr\/hr\/nada\/vise-od-publike\/","name":"Vi\u0161e od publike - SDF - Srpski demokratski forum","isPartOf":{"@id":"https:\/\/sdf.hr\/#website"},"primaryImageOfPage":{"@id":"https:\/\/sdf.hr\/hr\/nada\/vise-od-publike\/#primaryimage"},"image":{"@id":"https:\/\/sdf.hr\/hr\/nada\/vise-od-publike\/#primaryimage"},"thumbnailUrl":"https:\/\/sdf.hr\/wp-content\/uploads\/2023\/06\/Al-Ahly_Weam-MostafaBackpagePix-scaled.jpg","datePublished":"2023-06-25T10:02:30+00:00","dateModified":"2023-06-25T10:03:25+00:00","breadcrumb":{"@id":"https:\/\/sdf.hr\/hr\/nada\/vise-od-publike\/#breadcrumb"},"inLanguage":"hr","potentialAction":[{"@type":"ReadAction","target":["https:\/\/sdf.hr\/hr\/nada\/vise-od-publike\/"]}]},{"@type":"ImageObject","inLanguage":"hr","@id":"https:\/\/sdf.hr\/hr\/nada\/vise-od-publike\/#primaryimage","url":"https:\/\/sdf.hr\/wp-content\/uploads\/2023\/06\/Al-Ahly_Weam-MostafaBackpagePix-scaled.jpg","contentUrl":"https:\/\/sdf.hr\/wp-content\/uploads\/2023\/06\/Al-Ahly_Weam-MostafaBackpagePix-scaled.jpg","width":2560,"height":1707,"caption":"Navija\u010di Al Ahlija (Foto: Weam Mostafa\/BackpagePix\/PA\/PIXSELL)"},{"@type":"BreadcrumbList","@id":"https:\/\/sdf.hr\/hr\/nada\/vise-od-publike\/#breadcrumb","itemListElement":[{"@type":"ListItem","position":1,"name":"Po\u010detna stranica","item":"https:\/\/sdf.hr\/hr\/"},{"@type":"ListItem","position":2,"name":"Nada","item":"https:\/\/sdf.hr\/nada\/"},{"@type":"ListItem","position":3,"name":"Vi\u0161e od publike"}]},{"@type":"WebSite","@id":"https:\/\/sdf.hr\/#website","url":"https:\/\/sdf.hr\/","name":"SDF - Srpski demokratski forum","description":"Srpski demokratski forum","publisher":{"@id":"https:\/\/sdf.hr\/#organization"},"potentialAction":[{"@type":"SearchAction","target":{"@type":"EntryPoint","urlTemplate":"https:\/\/sdf.hr\/?s={search_term_string}"},"query-input":{"@type":"PropertyValueSpecification","valueRequired":true,"valueName":"search_term_string"}}],"inLanguage":"hr"},{"@type":"Organization","@id":"https:\/\/sdf.hr\/#organization","name":"SDF - Srpski demokratski forum","url":"https:\/\/sdf.hr\/","logo":{"@type":"ImageObject","inLanguage":"hr","@id":"https:\/\/sdf.hr\/#\/schema\/logo\/image\/","url":"https:\/\/sdf.hr\/wp-content\/uploads\/2021\/07\/logo-hr.svg","contentUrl":"https:\/\/sdf.hr\/wp-content\/uploads\/2021\/07\/logo-hr.svg","width":271,"height":100,"caption":"SDF - Srpski demokratski forum"},"image":{"@id":"https:\/\/sdf.hr\/#\/schema\/logo\/image\/"}}]}},"_links":{"self":[{"href":"https:\/\/sdf.hr\/hr\/wp-json\/wp\/v2\/nada\/3479","targetHints":{"allow":["GET"]}}],"collection":[{"href":"https:\/\/sdf.hr\/hr\/wp-json\/wp\/v2\/nada"}],"about":[{"href":"https:\/\/sdf.hr\/hr\/wp-json\/wp\/v2\/types\/nada"}],"wp:featuredmedia":[{"embeddable":true,"href":"https:\/\/sdf.hr\/hr\/wp-json\/wp\/v2\/media\/3478"}],"wp:attachment":[{"href":"https:\/\/sdf.hr\/hr\/wp-json\/wp\/v2\/media?parent=3479"}],"wp:term":[{"taxonomy":"post_tag","embeddable":true,"href":"https:\/\/sdf.hr\/hr\/wp-json\/wp\/v2\/tags?post=3479"},{"taxonomy":"atribut","embeddable":true,"href":"https:\/\/sdf.hr\/hr\/wp-json\/wp\/v2\/atribut?post=3479"}],"curies":[{"name":"wp","href":"https:\/\/api.w.org\/{rel}","templated":true}]}}