{"id":3486,"date":"2023-06-26T17:17:32","date_gmt":"2023-06-26T15:17:32","guid":{"rendered":"https:\/\/sdf.hr\/?post_type=nada&#038;p=3486"},"modified":"2023-07-17T10:27:59","modified_gmt":"2023-07-17T08:27:59","slug":"tamara-skrozza-novinarstvo-mi-je-dozvolilo-da-budem-kakva-jesam","status":"publish","type":"nada","link":"https:\/\/sdf.hr\/hr\/nada\/tamara-skrozza-novinarstvo-mi-je-dozvolilo-da-budem-kakva-jesam\/","title":{"rendered":"Tamara Skrozza: Novinarstvo mi je dozvolilo da budem kakva jesam"},"content":{"rendered":"<p><strong>Tamara Skrozza<\/strong> je jedna od najpoznatijih i najva\u017enijih novinarki Srbije. Dugogodi\u0161nja novinarka tjednika Vreme, danas zamjenica glavnog urednika novinske agencije FoNet, borkinja za \u017eenska prava, za medijske slobode, za eti\u010dnost medija. Dobitnica je niza nagrada za svoj rad, me\u0111u kojima su nagrada Misije OEBS-a za li\u010dnost godine u medijima, priznanje Osvajanje slobode za \u017eenski aktivizam, regionalna nagrada za novinarsku hrabrost &#8220;Sr\u0111an Aleksi\u0107&#8221;, nagrada &#8220;Jug Grizelj&#8221;. \u017divi i radi u Beogradu.<\/p>\n<p><strong>Htjela bih vas pitati kako ste, s obzirom na sve \u0161to se doga\u0111alo i \u0161to se doga\u0111a u Beogradu i Srbiji. Pitam vas to i kao novinarku, i kao majku osnovno\u0161kolskog djeteta, ali pitam i zato \u0161to su mi neke kolege iz Beograda rekli da se vi\u0161e nemaju snage boriti i da \u017eele oti\u0107i, neki u tridesetim, neki u pedesetim godinama. A onda sam u drugoj polovici maja bila u Beogradu i uhvatila prosvjed i u\u010dinilo mi se kao da ipak miri\u0161e na nadu i otpor. Dakle, iz svega toga pitam: kako ste?<\/strong><\/p>\n<p>Umorno kao gra\u0111anka ove dr\u017eave, prestra\u0161eno kao majka i proma\u0161eno kao novinarka. Ono \u0161to se desilo se i dalje nadvija nad svima nama bez obzira na nadu koju su probudili protesti, a i prema tome sam oprezna jer smo naviknuti da nam nade vrlo brzo budu raspr\u0161ene. Ako ima\u0161 moje godine, mora\u0161 da se ose\u0107a\u0161 umorno jer si na ulici ve\u0107 poslednjih trideset godina, svi smo manje-vi\u0161e ozbiljno bolesni i svima nama je bila ideja da u ovim godinama \u017eivimo nekim mirnijim \u017eivotom. Proma\u0161eno se ose\u0107am iz profesionalnih razloga jer se bavim medijskom etikom, a mediji su u ovom periodu pokazali da ih nije briga za po\u0161tenje, za moral, za obzir. A prestra\u0161ena sam jer kada ujutro ispra\u0107am dete u \u0161kolu znam da ispra\u0107am sve svoje i da slede\u0107ih pet sati treba da strepim od poziva sa nepoznatog broja. Pre neki dan me zvao pedagog iz \u0161kole i kada se predstavio, zanemila sam jer se pla\u0161im reprize. Sre\u0107om, zvao je u vezi ekskurzije.<\/p>\n<p><strong>Ve\u0107 se preko 20 godina bavite medijskom etikom i dr\u017eite edukacije tako da razumijem osje\u0107aj uzaludnosti jer se etika kr\u0161ila na svim razinama, i od slu\u017ebenih izvora i od medija \u2013 \u0161irila se panika, grubo se gazilo pravo na privatnost, mediji su pred kamere privodili i djecu koja su bila pred \u0161kolom neposredno nakon tragedije, objavila su se imena djece koja su trebala biti ubijena\u2026.<\/strong><\/p>\n<p>Da, sve to je objavljeno i ve\u0107inu toga su objavili i mediji koje mi smatramo profesionalnima, a vrhunac je da su pravila i zakone prvi prekr\u0161ili na\u010delnik beogradske policije i potom predsednik Srbije, a onda su mediji to preneli. Uz to, na\u010delnik policije je pred milionskim auditorijumom rekao da &#8220;zna da kr\u0161i zakon, ali\u2026&#8221; Pita\u0161 se onda \u0161ta radi\u0161 sve te godine kada sva pravila tako odjednom mogu da potonu. Naravno, ovo je situacija s kojom se prvi put suo\u010davamo, pa ni na svetu nema tako mladog masovnog ubice, i tu su neki aspekti jo\u0161 uvek siva zona u domeni profesionalne etike. Recimo, profesionalna javnost se podelila u mi\u0161ljenjima u vezi gostovanja oca ubijenog deteta u jednoj od najgledanjjih emisija, Utisku nedelje autorke <strong>Olje Be\u0107kovi\u0107<\/strong>. Ili, \u0161to da radimo kada zvani\u010dnici otkrivaju podatke koje ne bi smeli? Trebaju li to mediji da prenesu? N1 je sjajno postupio. Preneli su, kao i svi, <strong>Vu\u010di\u0107evu<\/strong> konferenciju za medije koju je odr\u017eao par sati nakon masakra i na kojoj je izneo sva\u0161ta \u0161ta nije trebalo, ali su onda u kasnijim vestima rekli da to ne\u0107e navoditi, jer nije u javnom interesu i time bi kr\u0161ili profesionalne standarde. To su neke nove eti\u010dke dileme, ali mediji su se ogre\u0161ili i o op\u0161te poznata pravila i mislim da \u0107e posledice biti brojne. Recimo, deca koja su bila na spisku za odstrel i dalje primaju pretnje. Dakle, postoje sledbenici tog de\u010dka koji tvrde da \u0107e zavr\u0161iti ono \u0161to je on zapo\u010deo. To je posledica toga \u0161to su njihova imena objavljena. A posledica toga da su mediji u tan\u010dine izve\u0161tavali o tom de\u010daku jeste da generacija moje \u0107erke vi\u0161e pri\u010da o njemu, nego o \u017ertvama. Oni ga ne idealizuju, ali im jeste tema.<\/p>\n<p><strong>\u0160to je tome uzrok: \u010disti senzacionalizam, be\u0161\u0107utnost, utrka za klikovima? Novinarima je \u010desto izgovor da urednici, a i publika, od njih tra\u017ee brzu informaciju kad se ne\u0161to dogodi.<\/strong><\/p>\n<p>\u017delja da se bude prvi. Sada su u trku s tabloidima u\u0161li i mediji koji se ne moraju boriti za klikove. Mo\u017eda \u0107e zvu\u010dati grubo, ali mislim da novinari nisu razmi\u0161ljali, govorim o onim novinarima koji ina\u010de nisu tako radili. Nije bilo u tome zadnje namere, nego naprosto nisu uklju\u010dili mozak, \u0161to ih ne abolira od krivice. A i ka\u017eem, pojavili su se eti\u010dki problemi s kojima se nismo do sada susretali.<\/p>\n<p><strong>\u0160to mislite o tom gostovanju oca ubijenog djeteta u Utisku nedelje?<\/strong><\/p>\n<p>Moja je prijateljica to divno definisala: ni potresnije i va\u017enije ni neprofesionalnije emisije nisam gledala. Taj se \u010dovek sam javio da bi gostovao, ali mislim da mu tamo nije bilo mesto i da je sve \u0161to je rekao moglo biti preneseno na drugi na\u010din, bez njegovog sudelovanja. I za njega i za javni interes je bilo previ\u0161e rizi\u010dno da se pojavi u tako gledanoj emisiji. Sre\u0107a je da je kona\u010dni rezultat ipak bio dobar.<\/p>\n<p><strong>U intervjuu za Aljazeeru ste izjavili da medijske slobode ne postoje u Srbiji. Istovremeno, neki od najboljih novinara koje poznajem rade u Srbiji, me\u0111u njima ste i vi, i ima ih dosta, ne tek \u0161a\u010dica, i neke od najboljih medijskih organizacija u regiji su u Srbiji poput BIRN-a, KRIK-a, CINS-a. Hrvatska gotovo ne poznaje takve medijske neprofitne organizacije. S druge strane su u Srbiji neki od naju\u017easnijih primjera medija u Europi, poput Kurira, Informera, TV Pinka, koji je i vas \u010dere\u010dio. Generira li nepostojanje slobode i takav sjajan otpor i takvu medijsku kalju\u017eu?<\/strong><\/p>\n<p>To je apsolutno povezano. Da okolnosti nisu tako lo\u0161e, sigurna sam da ti novinari koje pominjete ne bi bili tako dobri. Evo ja ne bih sagorevala u borbi za slobodu medija da te slobode ima ili da medijska scena nije ovako u\u017easna. Takvi mediji i takvi pritisci su probudili u nama najbolje \u0161to imamo. Kada sam u Jugoslaviji slu\u0161ala pri\u010de o partizanima, uvek sam se pitala kako su imali hrabrosti da pred strelja\u010dkim vodom uzviknu neku oslobodila\u010dku parolu, kako su te \u017eene ponosno stajale pod ve\u0161alima, ili, kako pri\u010de ka\u017eu, bacale \u0107ebad na nema\u010dke tenkove. Mislila sam da ja to nikad ne bih mogla, a sada sam uverena da svi mi to mo\u017eemo. Eto, hvala Vu\u010di\u0107u i majci Srbiji \u0161to su nam pokazali da mo\u017eemo vi\u0161e nego \u0161to smo mislili. Ali sada je ve\u0107 dosta bilo, ja bih u penziju da gajim koze i lavandu. Umesto toga, trenutno radim vi\u0161e nego ikada.<\/p>\n<figure id=\"attachment_3482\" aria-describedby=\"caption-attachment-3482\" style=\"width: 1706px\" class=\"wp-caption alignright\"><img loading=\"lazy\" decoding=\"async\" class=\"wp-image-3482 size-full\" src=\"https:\/\/sdf.hr\/wp-content\/uploads\/2023\/06\/Skrozza2_Marko-Risovic-scaled.jpg\" alt=\"\" width=\"1706\" height=\"2560\" srcset=\"https:\/\/sdf.hr\/wp-content\/uploads\/2023\/06\/Skrozza2_Marko-Risovic-scaled.jpg 1706w, https:\/\/sdf.hr\/wp-content\/uploads\/2023\/06\/Skrozza2_Marko-Risovic-200x300.jpg 200w, https:\/\/sdf.hr\/wp-content\/uploads\/2023\/06\/Skrozza2_Marko-Risovic-683x1024.jpg 683w, https:\/\/sdf.hr\/wp-content\/uploads\/2023\/06\/Skrozza2_Marko-Risovic-768x1152.jpg 768w, https:\/\/sdf.hr\/wp-content\/uploads\/2023\/06\/Skrozza2_Marko-Risovic-1024x1536.jpg 1024w, https:\/\/sdf.hr\/wp-content\/uploads\/2023\/06\/Skrozza2_Marko-Risovic-1365x2048.jpg 1365w\" sizes=\"auto, (max-width: 1706px) 100vw, 1706px\" \/><figcaption id=\"caption-attachment-3482\" class=\"wp-caption-text\">Foto: Marko Risovi\u0107<\/figcaption><\/figure>\n<p><strong>Kada spominjete herojske \u010dinove: je li ono \u0161to su pro\u0161le i prolaze primjerice Marija Luki\u0107 i Milena Radulovi\u0107 kada su prijavile svoje zlostavlja\u010de pa onda i istupale u medijima i svjedo\u010dile na sudu ohrabrilo druge \u017eene u takvim situacijama ili pak obeshrabrilo?<\/strong><\/p>\n<p>Stanje je zapravo ostalo kakvo je bilo. Neke su \u017eene ohrabrene, neke su obeshrabrene. Obeshrabrene su one koje nisu na\u010disto da li mogu da podnesu to sve, a ohrabrene su one kojima je ve\u0107 pukao film. Njima je pru\u017eena ka\u0161i\u010dica ohrabrenja da to mo\u017ee da iza\u0111e na dobro, odnosno da se sudi nasilniku, iako su ta su\u0111enja spektakl koji je \u017ertvama te\u0161ko podneti. No uverena sam da to ne\u0107e izazvati talas prijava. Naprotiv, znam da ima pri\u010da koje zahvaljuju\u0107i tom spektaklu ne\u0107e ugledati svetlo dana, ali isto tako sam uverena i da je to pokrenulo neke slu\u010dajeve, na primer svedo\u010denja o zlostavljanjima polaznica Istra\u017eiva\u010dke stanice Petnica. Sigurna sam da je to direktna posledica istupa <strong>Milene Radulovi\u0107<\/strong>. Bez obzira na to \u0161to se de\u0161ava na globalnom planu s Me too pokretom i \u0161to se umno\u017eio broj prijava, \u017eene su svesne u kakvom dru\u0161tvu \u017eivimo i sa kakvim stvarima se suo\u010davamo. Najgora mi nije ni ta medijska haranga koje \u017eene prolaze, nego \u0161to se na su\u0111enju <strong>Miroslavu Aleksi\u0107u<\/strong>, povodom optu\u017ebi za silovanje i polno uznemiravanje, dvoje poznatih ljudi, biv\u0161i fudbaler <strong>Du\u0161an Savi\u0107 <\/strong>i njegova \u017eena <strong>Marina Rajevi\u0107 Savi\u0107<\/strong> smejalo svedo\u010denju jedne od \u017ertava. To me prestravilo.<\/p>\n<p>Najve\u0107i benefit tog srpskog Me too pokreta je u tome \u0161to su ljudi kona\u010dno shvatili da se nasilje nad \u017eenama zbilja de\u0161ava i da se mo\u017ee desiti bilo kome. To je veliki uspeh, koliko god to blesavo zvu\u010dalo, ali do slu\u010daja <strong>Marije Luki\u0107<\/strong> se moralo ube\u0111ivati ljude da se ne radi o \u017eenama koje su to izazvale ili zaslu\u017eile.<\/p>\n<p><strong>Za razliku od Srbije, u Hrvatskoj se Me too pokret zapravo jo\u0161 nije ni dogodio. A nigdje na Balkanu se, koliko znam, nije dotakao novinarstva, dok je u Europi itekako zahvatio i medije. Tako su u \u0160vedskoj novine Aftonbladet i televizijske ku\u0107e TV4 i SVT pokrenule interne istrage i neki su popularni voditelji i kolumnisti izgubili anga\u017eman zbog razli\u010ditih oblika seksualnog uznemiravanja i nasilja. U Danskoj je TV voditeljica javno progovorila o seksualnim ucjenama koje je dobila od urednika na javnoj televiziji nakon \u010dega je dansko novinarsko dru\u0161tvo apeliralo na medije da implementiraju novi sistem online prijave pritu\u017ebi za seksualno uznemiravanje. Za\u0161to novinarke u regiji ne progovaraju? Ne mislim to prozivaju\u0107e i osu\u0111uju\u0107e, naravno, ve\u0107 u smislu da bi se od nas moglo o\u010dekivati da smo glasnije i borbenije.<\/strong><\/p>\n<p>Bila sam koautorka istra\u017eivanja o statusu \u017eena u medijima koje je provedeno pro\u0161le godine i dobili smo jeziva svedo\u010denja. Znala sam da postoji nasilje, i sama sam mu svedo\u010dila, ali sa tako ne\u010dim se nikada ranije nisam suo\u010dila. \u017dene su navodile da su bile napastvovane ne samo od svojih nadre\u0111enih, nego i od sagovornika i od onih s kojima poslovno sara\u0111uju. Iz toga se ta\u010dno videlo da je percepcija u javnosti da se \u017eenama u medijima mo\u017ee slobodnije da pri\u0111e.<\/p>\n<p><strong>To se pokazalo i u slu\u010daju Ramba Amadeusa koji je seksualno uznemiravao novinarku s kojom je sura\u0111ivao.<\/strong><\/p>\n<p>Tako je. To je izgleda regionalni stereotip koji bi trebalo da razbijamo. \u017dene iz tog istra\u017eivanja su bile zlostavljane na najrazli\u010ditije na\u010dine, ne samo seksualno, nego i radno i mentalno. Uop\u0161te ne znam kako \u017eene u medijima uspevaju da se nose sa tim, odnosno znam \u2013 tako \u0161to \u017ertvuju svoje zdravlje i svoj privatan \u017eivot, \u0161to nas onda dovodi do onoga da novinarstvo nije profesija, ve\u0107 dijagnoza. I navodile su da nisu prijavile zato \u0161to im je trebao posao ili zato \u0161to nisu imale veru u institucije, a neke su i prijavile, ali se ni\u0161ta nije desilo. Mislim da bismo trebali ra\u0161\u010distiti nasilje koje se vr\u0161i nad nama prije nego \u0161to se bavimo nasiljem nad drugima.<\/p>\n<p><strong>Dugo se bavite edukacijom mladih novinarki i novinara \u0161irom Srbije. Mislite li da \u0107e se na\u0161e mla\u0111e kolegice znati druga\u010dije odnositi prema nasilju bilo koje vrste, nego \u0161to je na\u0161a generacija to znala ili mogla?<\/strong><\/p>\n<p>Mla\u0111e kolegice su jako zainteresovane za feministi\u010dke teme i veliki broj ih se deklari\u0161e kao feministkinje, \u0161to u moje vreme nije bilo tako, pa se nadam da \u0107e za deset-petnaest godina biti druga\u010dije i sa nasiljem, ali za sada je zaista jezivo.<\/p>\n<p><strong>Ako je novinarstvo dijagnoza, kako bi dijagnosticirali \u0161to vam je dalo, a \u0161to oduzelo ovih 26 godina novinarstva?<\/strong><\/p>\n<p>Dalo mi je mogu\u0107nost da \u017eivim u skladu sa svojim karakterom. Uvek sam bila bund\u017eijka i nisam mogla ni u \u010demu da se na\u0111em dok novinarstvo nije na\u0161lo mene i dozvolilo mi da budem takva kakva jesam. Onda, to je posao koji te tera da se stalno nadogra\u0111uje\u0161, svakog dana nau\u010di\u0161 ne\u0161to novo. Dosta sam i putovala i upoznala zanimljivih ljudi. Ljudi su veliki benefit ovog posla. Danas mi mnogo zna\u010di da u dru\u0161tvu u kojem su devastirane vrednosti, institucije, obrazovanje, zdravstvo, imam privilegiju da svakog dana za priloge razgovaram sa elitom ovog dru\u0161tva, i to je ne\u0161to \u0161to mi nijedan drugi posao ne bi omogu\u0107io. I ono \u0161to je iznad svega: kada se osvrnem na tih mojih 20 i kusur godina, radila sam ili sam se bar trudila da radim u javnom interesu. Da dru\u0161tvo u kom \u017eivim bude jednog dana bolje. Nisam doprinela tome presudno, ali ra\u010dunam da sam makar jednim mikro, mikro doprinosom ne\u0161to u\u010dinila. To mi je jako va\u017eno.<\/p>\n<p>A izgubila sam tako\u0111e mnogo, prije svega zdravlje. Ja sam sa 50 godina ozbiljno bolesna \u017eena, \u0161to pretpostavljam da ne bih bila da nisam u ovom poslu, da nisam bila izlo\u017eena svim tim pritiscima, strahovima i neizvesnosti. Drugo, bila sam prijateljica s mnogim ljudima koji su ne\u0161to zna\u010dili u novinarstvu u Srbiji i ostala sam bez \u010ditavog jednog sveta mojih prijatelja jer su poumirali. U Vremenu, gde sam radila 20 godina, sada sedi samo jedan \u010dovek koji je tamo bio kada sam do\u0161la. Ostalih vi\u0161e nema. Od toga te uhvati gor\u010dina i o\u010daj. I mislim da sam ostala uskra\u0107ena za neki mirniji privatni \u017eivot. Koliko sam mogla da ostvarim potencijal svog karaktera, toliko nisam mogla \u017eelju za partnerom, recimo. Ali ipak dobitak prete\u017ee nad gubitkom i ne bih menjala svoj put da sada ponovo kre\u0107em, mo\u017eda tek neke stazice. Sutra da me nema, ja odoh zadovoljna. Bar \u0161to se posla ti\u010de.<\/p>\n<p><strong>Znam koliko ste bili ponosni \u0161to ste zaposleni u Vremenu iako se &#8211; koliko znam i od nekih drugih kolega koji su tamo radili &#8211; od toga nije moglo \u017eivjeti i svi su imali jo\u0161 neke dodatne honorarne poslove. Proveli ste u redakciji 21 godinu. Rekli ste mi pro\u0161lo ljeto na Fa\u017eana Media Festu, a spominjem to jer sam pro\u010ditala da ste izjavili i u jednom intervjuu, da u Vremenu nije vi\u0161e bilo mjesta ni razumijevanja za vas kada ste postali samohrana majka. Mo\u017eete li o tome govoriti?<\/strong><\/p>\n<p>Jako mi je \u017eao \u0161to se tako desilo. Mislila sam da \u0107u u Vremenu do\u010dekati penziju i fali mi taj redakcijskih duh kakav se retko sre\u0107e, ali sam prosto prestala da budem deo ekipe u trenutku kada sam zatrudnela. Ve\u0107 sam u trudno\u0107i nailazila na komentare za\u0161to toliko izostajem, a onda su se samo mno\u017eila nerazumevanja i problemi kada sam rodila jer nisam imala kome ostaviti dete po\u0161to nisam imala partnera. Shvatila sam da je super i u Vremenu i u drugim redakcijama dok ti mo\u017ee\u0161 da ide\u0161 u kafane i dok \u017eivi\u0161 moma\u010dkim \u017eivotom, ali kada to vi\u0161e ne mo\u017ee\u0161 ili ne \u017eeli\u0161, stvari se menjaju. To nije samo moje iskustvo, ve\u0107 mnogih \u017eena.<\/p>\n<p>Ako sam na ne\u0161to u \u017eivotu ra\u010dunala, to je na posao. Formalno, i nisam izgubila posao, ali nisam vi\u0161e imala teme ni status kao pre. Nisam bila prisutna, \u0161to bi rekla <strong>Konstrakta<\/strong>. Onda su i drugi mediji prestali da me zovu kao sagovornicu i za honorarne poslove jer ako te nema u mati\u010dnom mediju, nema te ni u drugima. I tako sam posle godinu dana do\u0161la u poziciju da \u010dekam maminu penziju da bih mogla da prehranim sebe i dete. Kada mi je dete imalo tri godine i kada je ve\u0107 bilo malo lak\u0161e, shvatila sam da moram da po\u010dnem karijeru iz po\u010detka. Jer od kada sam se porodila do te 2014. sam bukvalno bila profesionalno mrtva. Bila sam jo\u0161 dugo formalno u Vremenu, ali sam po\u010dela da radim samostalno i to je ispala najkorisnija stvar koju sam mogla da uradim za sebe, jer je moja karijera tek tada \u017eivnula. Kada sam bila sigurna da mogu da \u017eivim i bez Vremena, oti\u0161la sam. To je bilo tek 2021. Kao i mnoge druge \u017eene, \u0107utala sam i napravila kompromis u realno neprihvatljivim okolnostima jer nisam imala hrabrosti ranije oti\u0107i.<\/p>\n<p>Najuspe\u0161nije novinarke u Srbiji, a pretpostavljam da je tako i u Hrvatskoj, ili nemaju decu ili imaju jedno dete i pate se, dok najuspe\u0161niji novinari imaju vi\u0161e dece bez ikakvih problema. Imala sam ultra uspe\u0161ne kolege koji su imali troje i vi\u0161e dece, a ja sam s jednim detetom jedva profesionalno pre\u017eivela.<\/p>\n<p><em>razgovor vodila Barbara Matej\u010di\u0107<\/em><\/p>\n","protected":false},"excerpt":{"rendered":"<p>Danas mi mnogo zna\u010di da u dru\u0161tvu u kojem su devastirane vrednosti, institucije, obrazovanje, zdravstvo, imam privilegiju da svakog dana za priloge razgovaram sa elitom ovog dru\u0161tva. To mi nijedan drugi posao ne bi omogu\u0107io<\/p>\n","protected":false},"featured_media":3485,"template":"","tags":[173],"atribut":[],"class_list":["post-3486","nada","type-nada","status-publish","has-post-thumbnail","hentry","tag-intervju-2-hr"],"acf":[],"yoast_head":"<!-- This site is optimized with the Yoast SEO plugin v27.4 - https:\/\/yoast.com\/product\/yoast-seo-wordpress\/ -->\n<title>Tamara Skrozza: Novinarstvo mi je dozvolilo da budem kakva jesam - SDF - Srpski demokratski forum<\/title>\n<meta name=\"robots\" content=\"index, follow, max-snippet:-1, max-image-preview:large, max-video-preview:-1\" \/>\n<link rel=\"canonical\" href=\"https:\/\/sdf.hr\/hr\/nada\/tamara-skrozza-novinarstvo-mi-je-dozvolilo-da-budem-kakva-jesam\/\" \/>\n<meta property=\"og:locale\" content=\"hr_HR\" \/>\n<meta property=\"og:type\" content=\"article\" \/>\n<meta property=\"og:title\" content=\"Tamara Skrozza: Novinarstvo mi je dozvolilo da budem kakva jesam - SDF - Srpski demokratski forum\" \/>\n<meta property=\"og:description\" content=\"Danas mi mnogo zna\u010di da u dru\u0161tvu u kojem su devastirane vrednosti, institucije, obrazovanje, zdravstvo, imam privilegiju da svakog dana za priloge razgovaram sa elitom ovog dru\u0161tva. To mi nijedan drugi posao ne bi omogu\u0107io\" \/>\n<meta property=\"og:url\" content=\"https:\/\/sdf.hr\/hr\/nada\/tamara-skrozza-novinarstvo-mi-je-dozvolilo-da-budem-kakva-jesam\/\" \/>\n<meta property=\"og:site_name\" content=\"SDF - Srpski demokratski forum\" \/>\n<meta property=\"article:modified_time\" content=\"2023-07-17T08:27:59+00:00\" \/>\n<meta property=\"og:image\" content=\"https:\/\/sdf.hr\/wp-content\/uploads\/2023\/06\/Skrozza1_Marko-Risovic-scaled.jpg\" \/>\n\t<meta property=\"og:image:width\" content=\"2560\" \/>\n\t<meta property=\"og:image:height\" content=\"1707\" \/>\n\t<meta property=\"og:image:type\" content=\"image\/jpeg\" \/>\n<meta name=\"twitter:card\" content=\"summary_large_image\" \/>\n<meta name=\"twitter:label1\" content=\"Procijenjeno vrijeme \u010ditanja\" \/>\n\t<meta name=\"twitter:data1\" content=\"14 minuta\" \/>\n<script type=\"application\/ld+json\" class=\"yoast-schema-graph\">{\"@context\":\"https:\\\/\\\/schema.org\",\"@graph\":[{\"@type\":\"WebPage\",\"@id\":\"https:\\\/\\\/sdf.hr\\\/hr\\\/nada\\\/tamara-skrozza-novinarstvo-mi-je-dozvolilo-da-budem-kakva-jesam\\\/\",\"url\":\"https:\\\/\\\/sdf.hr\\\/hr\\\/nada\\\/tamara-skrozza-novinarstvo-mi-je-dozvolilo-da-budem-kakva-jesam\\\/\",\"name\":\"Tamara Skrozza: Novinarstvo mi je dozvolilo da budem kakva jesam - SDF - Srpski demokratski forum\",\"isPartOf\":{\"@id\":\"https:\\\/\\\/sdf.hr\\\/#website\"},\"primaryImageOfPage\":{\"@id\":\"https:\\\/\\\/sdf.hr\\\/hr\\\/nada\\\/tamara-skrozza-novinarstvo-mi-je-dozvolilo-da-budem-kakva-jesam\\\/#primaryimage\"},\"image\":{\"@id\":\"https:\\\/\\\/sdf.hr\\\/hr\\\/nada\\\/tamara-skrozza-novinarstvo-mi-je-dozvolilo-da-budem-kakva-jesam\\\/#primaryimage\"},\"thumbnailUrl\":\"https:\\\/\\\/sdf.hr\\\/wp-content\\\/uploads\\\/2023\\\/06\\\/Skrozza1_Marko-Risovic-scaled.jpg\",\"datePublished\":\"2023-06-26T15:17:32+00:00\",\"dateModified\":\"2023-07-17T08:27:59+00:00\",\"breadcrumb\":{\"@id\":\"https:\\\/\\\/sdf.hr\\\/hr\\\/nada\\\/tamara-skrozza-novinarstvo-mi-je-dozvolilo-da-budem-kakva-jesam\\\/#breadcrumb\"},\"inLanguage\":\"hr\",\"potentialAction\":[{\"@type\":\"ReadAction\",\"target\":[\"https:\\\/\\\/sdf.hr\\\/hr\\\/nada\\\/tamara-skrozza-novinarstvo-mi-je-dozvolilo-da-budem-kakva-jesam\\\/\"]}]},{\"@type\":\"ImageObject\",\"inLanguage\":\"hr\",\"@id\":\"https:\\\/\\\/sdf.hr\\\/hr\\\/nada\\\/tamara-skrozza-novinarstvo-mi-je-dozvolilo-da-budem-kakva-jesam\\\/#primaryimage\",\"url\":\"https:\\\/\\\/sdf.hr\\\/wp-content\\\/uploads\\\/2023\\\/06\\\/Skrozza1_Marko-Risovic-scaled.jpg\",\"contentUrl\":\"https:\\\/\\\/sdf.hr\\\/wp-content\\\/uploads\\\/2023\\\/06\\\/Skrozza1_Marko-Risovic-scaled.jpg\",\"width\":2560,\"height\":1707,\"caption\":\"Foto: Marko Risovi\u0107\"},{\"@type\":\"BreadcrumbList\",\"@id\":\"https:\\\/\\\/sdf.hr\\\/hr\\\/nada\\\/tamara-skrozza-novinarstvo-mi-je-dozvolilo-da-budem-kakva-jesam\\\/#breadcrumb\",\"itemListElement\":[{\"@type\":\"ListItem\",\"position\":1,\"name\":\"Po\u010detna stranica\",\"item\":\"https:\\\/\\\/sdf.hr\\\/hr\\\/\"},{\"@type\":\"ListItem\",\"position\":2,\"name\":\"Nada\",\"item\":\"https:\\\/\\\/sdf.hr\\\/nada\\\/\"},{\"@type\":\"ListItem\",\"position\":3,\"name\":\"Tamara Skrozza: Novinarstvo mi je dozvolilo da budem kakva jesam\"}]},{\"@type\":\"WebSite\",\"@id\":\"https:\\\/\\\/sdf.hr\\\/#website\",\"url\":\"https:\\\/\\\/sdf.hr\\\/\",\"name\":\"SDF - Srpski demokratski forum\",\"description\":\"Srpski demokratski forum\",\"publisher\":{\"@id\":\"https:\\\/\\\/sdf.hr\\\/#organization\"},\"potentialAction\":[{\"@type\":\"SearchAction\",\"target\":{\"@type\":\"EntryPoint\",\"urlTemplate\":\"https:\\\/\\\/sdf.hr\\\/?s={search_term_string}\"},\"query-input\":{\"@type\":\"PropertyValueSpecification\",\"valueRequired\":true,\"valueName\":\"search_term_string\"}}],\"inLanguage\":\"hr\"},{\"@type\":\"Organization\",\"@id\":\"https:\\\/\\\/sdf.hr\\\/#organization\",\"name\":\"SDF - Srpski demokratski forum\",\"url\":\"https:\\\/\\\/sdf.hr\\\/\",\"logo\":{\"@type\":\"ImageObject\",\"inLanguage\":\"hr\",\"@id\":\"https:\\\/\\\/sdf.hr\\\/#\\\/schema\\\/logo\\\/image\\\/\",\"url\":\"https:\\\/\\\/sdf.hr\\\/wp-content\\\/uploads\\\/2021\\\/07\\\/logo-hr.svg\",\"contentUrl\":\"https:\\\/\\\/sdf.hr\\\/wp-content\\\/uploads\\\/2021\\\/07\\\/logo-hr.svg\",\"width\":271,\"height\":100,\"caption\":\"SDF - Srpski demokratski forum\"},\"image\":{\"@id\":\"https:\\\/\\\/sdf.hr\\\/#\\\/schema\\\/logo\\\/image\\\/\"}}]}<\/script>\n<!-- \/ Yoast SEO plugin. -->","yoast_head_json":{"title":"Tamara Skrozza: Novinarstvo mi je dozvolilo da budem kakva jesam - SDF - Srpski demokratski forum","robots":{"index":"index","follow":"follow","max-snippet":"max-snippet:-1","max-image-preview":"max-image-preview:large","max-video-preview":"max-video-preview:-1"},"canonical":"https:\/\/sdf.hr\/hr\/nada\/tamara-skrozza-novinarstvo-mi-je-dozvolilo-da-budem-kakva-jesam\/","og_locale":"hr_HR","og_type":"article","og_title":"Tamara Skrozza: Novinarstvo mi je dozvolilo da budem kakva jesam - SDF - Srpski demokratski forum","og_description":"Danas mi mnogo zna\u010di da u dru\u0161tvu u kojem su devastirane vrednosti, institucije, obrazovanje, zdravstvo, imam privilegiju da svakog dana za priloge razgovaram sa elitom ovog dru\u0161tva. To mi nijedan drugi posao ne bi omogu\u0107io","og_url":"https:\/\/sdf.hr\/hr\/nada\/tamara-skrozza-novinarstvo-mi-je-dozvolilo-da-budem-kakva-jesam\/","og_site_name":"SDF - Srpski demokratski forum","article_modified_time":"2023-07-17T08:27:59+00:00","og_image":[{"width":2560,"height":1707,"url":"https:\/\/sdf.hr\/wp-content\/uploads\/2023\/06\/Skrozza1_Marko-Risovic-scaled.jpg","type":"image\/jpeg"}],"twitter_card":"summary_large_image","twitter_misc":{"Procijenjeno vrijeme \u010ditanja":"14 minuta"},"schema":{"@context":"https:\/\/schema.org","@graph":[{"@type":"WebPage","@id":"https:\/\/sdf.hr\/hr\/nada\/tamara-skrozza-novinarstvo-mi-je-dozvolilo-da-budem-kakva-jesam\/","url":"https:\/\/sdf.hr\/hr\/nada\/tamara-skrozza-novinarstvo-mi-je-dozvolilo-da-budem-kakva-jesam\/","name":"Tamara Skrozza: Novinarstvo mi je dozvolilo da budem kakva jesam - SDF - Srpski demokratski forum","isPartOf":{"@id":"https:\/\/sdf.hr\/#website"},"primaryImageOfPage":{"@id":"https:\/\/sdf.hr\/hr\/nada\/tamara-skrozza-novinarstvo-mi-je-dozvolilo-da-budem-kakva-jesam\/#primaryimage"},"image":{"@id":"https:\/\/sdf.hr\/hr\/nada\/tamara-skrozza-novinarstvo-mi-je-dozvolilo-da-budem-kakva-jesam\/#primaryimage"},"thumbnailUrl":"https:\/\/sdf.hr\/wp-content\/uploads\/2023\/06\/Skrozza1_Marko-Risovic-scaled.jpg","datePublished":"2023-06-26T15:17:32+00:00","dateModified":"2023-07-17T08:27:59+00:00","breadcrumb":{"@id":"https:\/\/sdf.hr\/hr\/nada\/tamara-skrozza-novinarstvo-mi-je-dozvolilo-da-budem-kakva-jesam\/#breadcrumb"},"inLanguage":"hr","potentialAction":[{"@type":"ReadAction","target":["https:\/\/sdf.hr\/hr\/nada\/tamara-skrozza-novinarstvo-mi-je-dozvolilo-da-budem-kakva-jesam\/"]}]},{"@type":"ImageObject","inLanguage":"hr","@id":"https:\/\/sdf.hr\/hr\/nada\/tamara-skrozza-novinarstvo-mi-je-dozvolilo-da-budem-kakva-jesam\/#primaryimage","url":"https:\/\/sdf.hr\/wp-content\/uploads\/2023\/06\/Skrozza1_Marko-Risovic-scaled.jpg","contentUrl":"https:\/\/sdf.hr\/wp-content\/uploads\/2023\/06\/Skrozza1_Marko-Risovic-scaled.jpg","width":2560,"height":1707,"caption":"Foto: Marko Risovi\u0107"},{"@type":"BreadcrumbList","@id":"https:\/\/sdf.hr\/hr\/nada\/tamara-skrozza-novinarstvo-mi-je-dozvolilo-da-budem-kakva-jesam\/#breadcrumb","itemListElement":[{"@type":"ListItem","position":1,"name":"Po\u010detna stranica","item":"https:\/\/sdf.hr\/hr\/"},{"@type":"ListItem","position":2,"name":"Nada","item":"https:\/\/sdf.hr\/nada\/"},{"@type":"ListItem","position":3,"name":"Tamara Skrozza: Novinarstvo mi je dozvolilo da budem kakva jesam"}]},{"@type":"WebSite","@id":"https:\/\/sdf.hr\/#website","url":"https:\/\/sdf.hr\/","name":"SDF - Srpski demokratski forum","description":"Srpski demokratski forum","publisher":{"@id":"https:\/\/sdf.hr\/#organization"},"potentialAction":[{"@type":"SearchAction","target":{"@type":"EntryPoint","urlTemplate":"https:\/\/sdf.hr\/?s={search_term_string}"},"query-input":{"@type":"PropertyValueSpecification","valueRequired":true,"valueName":"search_term_string"}}],"inLanguage":"hr"},{"@type":"Organization","@id":"https:\/\/sdf.hr\/#organization","name":"SDF - Srpski demokratski forum","url":"https:\/\/sdf.hr\/","logo":{"@type":"ImageObject","inLanguage":"hr","@id":"https:\/\/sdf.hr\/#\/schema\/logo\/image\/","url":"https:\/\/sdf.hr\/wp-content\/uploads\/2021\/07\/logo-hr.svg","contentUrl":"https:\/\/sdf.hr\/wp-content\/uploads\/2021\/07\/logo-hr.svg","width":271,"height":100,"caption":"SDF - Srpski demokratski forum"},"image":{"@id":"https:\/\/sdf.hr\/#\/schema\/logo\/image\/"}}]}},"_links":{"self":[{"href":"https:\/\/sdf.hr\/hr\/wp-json\/wp\/v2\/nada\/3486","targetHints":{"allow":["GET"]}}],"collection":[{"href":"https:\/\/sdf.hr\/hr\/wp-json\/wp\/v2\/nada"}],"about":[{"href":"https:\/\/sdf.hr\/hr\/wp-json\/wp\/v2\/types\/nada"}],"wp:featuredmedia":[{"embeddable":true,"href":"https:\/\/sdf.hr\/hr\/wp-json\/wp\/v2\/media\/3485"}],"wp:attachment":[{"href":"https:\/\/sdf.hr\/hr\/wp-json\/wp\/v2\/media?parent=3486"}],"wp:term":[{"taxonomy":"post_tag","embeddable":true,"href":"https:\/\/sdf.hr\/hr\/wp-json\/wp\/v2\/tags?post=3486"},{"taxonomy":"atribut","embeddable":true,"href":"https:\/\/sdf.hr\/hr\/wp-json\/wp\/v2\/atribut?post=3486"}],"curies":[{"name":"wp","href":"https:\/\/api.w.org\/{rel}","templated":true}]}}