{"id":3496,"date":"2023-06-29T20:37:52","date_gmt":"2023-06-29T18:37:52","guid":{"rendered":"https:\/\/sdf.hr\/nada\/zagreb-me-prihvatio-od-prvog-dana\/"},"modified":"2023-06-29T20:38:11","modified_gmt":"2023-06-29T18:38:11","slug":"zagreb-me-prihvatio-od-prvog-dana","status":"publish","type":"nada","link":"https:\/\/sdf.hr\/hr\/nada\/zagreb-me-prihvatio-od-prvog-dana\/","title":{"rendered":"Zagreb me prihvatio od prvog dana"},"content":{"rendered":"<p>Koje bi okolnosti jednog Beogra\u0111anina mogle dovesti na studij u Zagreb? Mo\u017eda je to mladena\u010dka ljubav ili nekakvi rodbinski kolopleti? Da nije kakav hir ili ne\u0161to tre\u0107e? U slu\u010daju <strong>Tadije \u010calukovi\u0107a<\/strong>, 21-godi\u0161njeg studenta Odsjeka dramaturgije zagreba\u010dke Akademije dramske umjetnosti (ADU) ni\u0161ta od navedenog. Ovaj mladi pisac, koji se doima stariji nego \u0161to jest, ne zbog lica, ve\u0107 zbog odre\u0111enog pro\u017eivljenog iskustva, ali i elokvencije i mirno\u0107e s kojom uobli\u010dava misli, jednostavno se Beograda zasitio, a novi izazov prona\u0161ao u Zagrebu.<\/p>\n<p>Zato je, umjesto da se o njemu govori kao o beogradskom studentu ADU-a u Zagrebu, preciznije (\u0161to i s\u00e2m nagla\u0161ava) re\u0107i da je to momak iz Beograda koji je do\u0161ao studirati u Zagreb i, eto, uspje\u0161no zavr\u0161ava drugu godinu studija.<\/p>\n<p>&#8211; Zasitio sam se tog brzog beogradskog \u017eivota, brzog ritma tog grada. Zagreb je bio ne\u0161to novo, bio mi je izazov. Mislim da je najva\u017enija stvar u \u017eivotu kro\u010diti kroz umetnost nekim neutabanim stazama. U eksplozivnosti, brzini, ishitrenosti, nema sre\u0107e \u2013 kazuje nam Tadija poput mudrog \u010dovjeka koji je pro\u017eivio vi\u0161e od \u017eivota.<\/p>\n<p>Pri\u010da nam nadalje, tog ugodnog zagreba\u010dkog prijepodneva, onog po kojem se poznaje i ostatak dana, da mu je \u017eivot u Zagrebu donio mirno\u0107u, stalo\u017eenost i stabilnost koja mu je dotad nedostajala. Priznaje da nije vi\u0161e onaj Tadija otprije dvije godine kada je tek stigao iz Beograda, koji otad ipak malo rje\u0111e posje\u0107uje. Zagreb ga je tako\u0111er nau\u010dio da ne postoji ju\u010der, ve\u0107 samo sutra, da se ne \u017eivi na nekom starom kapitalu ili slavi.<\/p>\n<p>&#8211; Uvek sam do\u017eivljavao Zagreb i Hrvatsku kao deo kulturnog prostora kome zaista pripadam od najranijeg detinjstva i, \u0161to je mo\u017eda i iznena\u0111uju\u0107e, pratio sam, zapravo prou\u010davao zagreba\u010dku \u0161tampu iz vremena Jugoslavije, razli\u010dite novine i \u010dasopise: Danas, Start, Polet&#8230; Kupovao sam te stare brojeve po antikvarnicima, buvljacima, internetskim sajtovima, pa se moja majka \u0161alila sa mnom da praznim podrume ljudima za velike pare \u2013 pri\u010da Tadija.<\/p>\n<p>Majka pravnica, otac poznati novinar, njegovi su prvi \u010ditatelji i osobe od najve\u0107eg povjerenja. Oni su, za razliku od prijatelja, jedini bili upoznati sa sinovom nakanom studiranja u Zagrebu, i pru\u017eili mu punu podr\u0161ku.<\/p>\n<p>Do punoljetnosti Tadija je ve\u0107 objavio roman &#8220;Mutant u vozu&#8221; (2018.) za koji ka\u017ee da je prije toga dobio stotine odbijenica, ali je za to vrijeme i mnogo nau\u010dio o \u017eivotu i pisanju. Kao 14-godi\u0161njak osnovao je internet \u010dasopis Salome, gdje kao novinar objavljuje, izme\u0111u ostalog intervjue s njemu interesantnim osobama iz svijeta knji\u017eevnosti. Volio je, ka\u017ee, oduvijek ozbiljne tekstove, pomalo starinske. Istra\u017eivao je Feral Tribune i pratio rad njegovih vrsnih novinara. Iako od najranijih dana u pisanju, nije \u017eelio do kraja ostati novinar. Prona\u0161ao se prije svega u kazali\u0161tu, filmu, prozi.<\/p>\n<p>&#8211; Ja sam izvorni prozaist. Proza mi otvara to prvo, drugo, tre\u0107e lice, podtekst za dramski tekst. Za mene su mediji bili presudni, za najve\u0107e pisce \u010duo sam prvo iz novina, iz njihovih kulturnih dodataka, a novinarstvo mi je otvorilo put i ka umetnosti \u2013 ka\u017ee Tadija.<\/p>\n<p>Odmalena je, kako ka\u017ee, znao da je pisanje njegov poziv. &#8220;Bukvalno. Otprilike&#8221; novi je pak \u010calukovi\u0107ev rukopis, zapravo poetska drama, koji je, kao i ranije roman, nedavno publicirala beogradska Nova poetika. Navedeni tekst je ve\u0107 dvaput izveden na zagreba\u010dkoj Akademiji u okviru manifestacije DeSADU.<\/p>\n<p>&#8211; To je poku\u0161aj da se iza\u0111e iz zone komfora, da se napi\u0161e ne\u0161to \u0161to je neo\u010dekivano i \u0161to jedan deo ljudi misli da ne mogu da napi\u0161em. To je jedno istra\u017eivanje \u017eenskog lika, psihologije \u017eenskog lika. Iz te pozicije meni je to najte\u017ee doku\u010diti i napisati za razliku od mu\u0161kih likova. Meni su mu\u0161ki likovi kao kad otvorite prozor i vidite da je napolju sunce. A \u017eenski likovi su mi kad otvorite prozor i vidite \u010detiri godi\u0161nja doba \u2013 otkriva nam pisac.<\/p>\n<p>Akademija je ispunila njegova o\u010dekivanja. U Zagrebu je prihva\u0107en od prvog dana, kako od profesora, tako i od kolega, pa mu se \u010dini da je oduvijek &#8220;doma\u0107i&#8221;. Na zagreba\u010dkom internetskom radiju Kradio, spomenimo i to, autor je emisije Beogradska kronika.<\/p>\n<p>Hrvatski standardni jezik, dome\u0107e, ne predstavlja mu nikakav problem. Ka\u017ee nam da je njegova klasa autenti\u010dna i druga\u010dija u odnosu na druge na Akademiji: to je klasa koja je geografski najrazli\u010ditija. Ljepota razli\u010ditosti, kako ka\u017ee, o\u010dituje se iz \u010dinjenice da studenti dolaze iz desetak razli\u010ditih gradova i mjesta i da se \u010duju i katkada zapisuju razli\u010dita narje\u010dja.<\/p>\n<p>&#8211; Privla\u010de me te razli\u010ditosti na Akademiji jer volim da radim s ljudima za koje vidim da su druga\u010diji, autenti\u010dni u tome \u0161to rade. To je zapravo karakteristika koju nosi i Beograd \u2013 isti\u010de Tadija.<\/p>\n<p>Vrlo cijeni rad svojih profesora dramati\u010dara: <strong>Mate Mati\u0161i\u0107a<\/strong>, <strong>Tomislava Zajeca<\/strong>, <strong>Espija Tomi\u010di\u0107a<\/strong>, <strong>Ivane Sajko<\/strong>, <strong>Dina Pe\u0161uta<\/strong>, a prati i njema\u010dke i francuske autore, na primjer <strong>Eduarda Louisa<\/strong>, premda ovaj nije dramati\u010dar, no, kako ka\u017ee, jest izvanredan autor.<\/p>\n<p>Zatim, razgovaramo o svijetu <strong>Franka Zappe<\/strong>, o njegovoj izreci da &#8220;informacije nisu znanje, znanje nije mudrost&#8221;; o svijetu muzike, jer muzika je sve, kako ka\u017ee Tadija, koji je zavr\u0161io i osnovnu muzi\u010dku \u0161kolu, odsjek klarinet. \u017divot bez dobre muzike nema smisla, kao ni bez poezije, knji\u017eevnosti&#8230; Zami\u0161ljen za\u010das, nagla\u0161ava i kako ga je potresao nedavni masakr u beogradskoj osnovnoj \u0161koli.<\/p>\n<p>&#8211; Tada sam razmi\u0161ljao o tome \u0161to je roditeljstvo i koliko je to zapravo najva\u017enija du\u017enost i uloga. I kada sam bio kod te \u0161kole &#8220;Vladislav Ribnikar&#8221;, iz koje znam mnogo njih koji su je poha\u0111ali i zavr\u0161ili, ugledao sam jedan transparent koji me je tako\u0111er pogodio, a s kojim se jako sla\u017eem: &#8220;Ne\u010dije dete se nije vratilo ku\u0107i jer netko nije vaspitao svoje&#8221;. Eto, ni ja danas ne bi razgovarao s vama da nije bilo mojih roditelja \u2013 ka\u017ee.<\/p>\n<p>Tako pri\u010da ovaj zagreba\u010dki student koji pripada svijetu 5. oktobra, kako re\u010de, kada su tog dana na beogradskim ulicama hodale razli\u010dite skupine i ljudi, razli\u010dite po \u017eivotnim, ali i po ideolo\u0161kim prioritetima. Ponekad se zna dogoditi razli\u010ditost u spajanju, ona koja nas naizgled pribli\u017ei sli\u010dnosti. Moglo bi se divaniti jo\u0161 s ovim mladim \u010dovjekom, zasad jedinim Beogra\u0111aninom koji nade pola\u017ee na zagreba\u010dkoj Akademiji, odabrav\u0161i Zagreb za svoj grad, mo\u017eda na tragu <strong>Milo\u0161a Crnjanskog<\/strong> koji je davno kazao da je zavi\u010daj ono \u0161to izaberemo.<\/p>\n<p><em>pi\u0161e Dragan Grozdani\u0107<\/em><\/p>\n","protected":false},"excerpt":{"rendered":"<p>Uvek sam do\u017eivljavao Zagreb i Hrvatsku kao deo kulturnog prostora kome zaista pripadam od najranijeg detinjstva, ka\u017ee Beogra\u0111anin Tadija \u010calukovi\u0107, student Akademije dramskih umjetnosti<\/p>\n","protected":false},"featured_media":3495,"template":"","tags":[136],"atribut":[],"class_list":["post-3496","nada","type-nada","status-publish","has-post-thumbnail","hentry","tag-portret"],"acf":[],"yoast_head":"<!-- This site is optimized with the Yoast SEO plugin v27.4 - https:\/\/yoast.com\/product\/yoast-seo-wordpress\/ -->\n<title>Zagreb me prihvatio od prvog dana - SDF - Srpski demokratski forum<\/title>\n<meta name=\"robots\" content=\"index, follow, max-snippet:-1, max-image-preview:large, max-video-preview:-1\" \/>\n<link rel=\"canonical\" href=\"https:\/\/sdf.hr\/hr\/nada\/zagreb-me-prihvatio-od-prvog-dana\/\" \/>\n<meta property=\"og:locale\" content=\"hr_HR\" \/>\n<meta property=\"og:type\" content=\"article\" \/>\n<meta property=\"og:title\" content=\"Zagreb me prihvatio od prvog dana - SDF - Srpski demokratski forum\" \/>\n<meta property=\"og:description\" content=\"Uvek sam do\u017eivljavao Zagreb i Hrvatsku kao deo kulturnog prostora kome zaista pripadam od najranijeg detinjstva, ka\u017ee Beogra\u0111anin Tadija \u010calukovi\u0107, student Akademije dramskih umjetnosti\" \/>\n<meta property=\"og:url\" content=\"https:\/\/sdf.hr\/hr\/nada\/zagreb-me-prihvatio-od-prvog-dana\/\" \/>\n<meta property=\"og:site_name\" content=\"SDF - Srpski demokratski forum\" \/>\n<meta property=\"article:modified_time\" content=\"2023-06-29T18:38:11+00:00\" \/>\n<meta property=\"og:image\" content=\"https:\/\/sdf.hr\/wp-content\/uploads\/2023\/06\/Tadija-Calukovic_Dominik-Vujicic.jpg\" \/>\n\t<meta property=\"og:image:width\" content=\"1200\" \/>\n\t<meta property=\"og:image:height\" content=\"750\" \/>\n\t<meta property=\"og:image:type\" content=\"image\/jpeg\" \/>\n<meta name=\"twitter:card\" content=\"summary_large_image\" \/>\n<meta name=\"twitter:label1\" content=\"Procijenjeno vrijeme \u010ditanja\" \/>\n\t<meta name=\"twitter:data1\" content=\"6 minuta\" \/>\n<script type=\"application\/ld+json\" class=\"yoast-schema-graph\">{\"@context\":\"https:\\\/\\\/schema.org\",\"@graph\":[{\"@type\":\"WebPage\",\"@id\":\"https:\\\/\\\/sdf.hr\\\/hr\\\/nada\\\/zagreb-me-prihvatio-od-prvog-dana\\\/\",\"url\":\"https:\\\/\\\/sdf.hr\\\/hr\\\/nada\\\/zagreb-me-prihvatio-od-prvog-dana\\\/\",\"name\":\"Zagreb me prihvatio od prvog dana - SDF - Srpski demokratski forum\",\"isPartOf\":{\"@id\":\"https:\\\/\\\/sdf.hr\\\/#website\"},\"primaryImageOfPage\":{\"@id\":\"https:\\\/\\\/sdf.hr\\\/hr\\\/nada\\\/zagreb-me-prihvatio-od-prvog-dana\\\/#primaryimage\"},\"image\":{\"@id\":\"https:\\\/\\\/sdf.hr\\\/hr\\\/nada\\\/zagreb-me-prihvatio-od-prvog-dana\\\/#primaryimage\"},\"thumbnailUrl\":\"https:\\\/\\\/sdf.hr\\\/wp-content\\\/uploads\\\/2023\\\/06\\\/Tadija-Calukovic_Dominik-Vujicic.jpg\",\"datePublished\":\"2023-06-29T18:37:52+00:00\",\"dateModified\":\"2023-06-29T18:38:11+00:00\",\"breadcrumb\":{\"@id\":\"https:\\\/\\\/sdf.hr\\\/hr\\\/nada\\\/zagreb-me-prihvatio-od-prvog-dana\\\/#breadcrumb\"},\"inLanguage\":\"hr\",\"potentialAction\":[{\"@type\":\"ReadAction\",\"target\":[\"https:\\\/\\\/sdf.hr\\\/hr\\\/nada\\\/zagreb-me-prihvatio-od-prvog-dana\\\/\"]}]},{\"@type\":\"ImageObject\",\"inLanguage\":\"hr\",\"@id\":\"https:\\\/\\\/sdf.hr\\\/hr\\\/nada\\\/zagreb-me-prihvatio-od-prvog-dana\\\/#primaryimage\",\"url\":\"https:\\\/\\\/sdf.hr\\\/wp-content\\\/uploads\\\/2023\\\/06\\\/Tadija-Calukovic_Dominik-Vujicic.jpg\",\"contentUrl\":\"https:\\\/\\\/sdf.hr\\\/wp-content\\\/uploads\\\/2023\\\/06\\\/Tadija-Calukovic_Dominik-Vujicic.jpg\",\"width\":1200,\"height\":750,\"caption\":\"Tadija \u010calukovi\u0107 (Foto: Dominik Vuji\u010di\u0107)\"},{\"@type\":\"BreadcrumbList\",\"@id\":\"https:\\\/\\\/sdf.hr\\\/hr\\\/nada\\\/zagreb-me-prihvatio-od-prvog-dana\\\/#breadcrumb\",\"itemListElement\":[{\"@type\":\"ListItem\",\"position\":1,\"name\":\"Po\u010detna stranica\",\"item\":\"https:\\\/\\\/sdf.hr\\\/hr\\\/\"},{\"@type\":\"ListItem\",\"position\":2,\"name\":\"Nada\",\"item\":\"https:\\\/\\\/sdf.hr\\\/nada\\\/\"},{\"@type\":\"ListItem\",\"position\":3,\"name\":\"Zagreb me prihvatio od prvog dana\"}]},{\"@type\":\"WebSite\",\"@id\":\"https:\\\/\\\/sdf.hr\\\/#website\",\"url\":\"https:\\\/\\\/sdf.hr\\\/\",\"name\":\"SDF - Srpski demokratski forum\",\"description\":\"Srpski demokratski forum\",\"publisher\":{\"@id\":\"https:\\\/\\\/sdf.hr\\\/#organization\"},\"potentialAction\":[{\"@type\":\"SearchAction\",\"target\":{\"@type\":\"EntryPoint\",\"urlTemplate\":\"https:\\\/\\\/sdf.hr\\\/?s={search_term_string}\"},\"query-input\":{\"@type\":\"PropertyValueSpecification\",\"valueRequired\":true,\"valueName\":\"search_term_string\"}}],\"inLanguage\":\"hr\"},{\"@type\":\"Organization\",\"@id\":\"https:\\\/\\\/sdf.hr\\\/#organization\",\"name\":\"SDF - Srpski demokratski forum\",\"url\":\"https:\\\/\\\/sdf.hr\\\/\",\"logo\":{\"@type\":\"ImageObject\",\"inLanguage\":\"hr\",\"@id\":\"https:\\\/\\\/sdf.hr\\\/#\\\/schema\\\/logo\\\/image\\\/\",\"url\":\"https:\\\/\\\/sdf.hr\\\/wp-content\\\/uploads\\\/2021\\\/07\\\/logo-hr.svg\",\"contentUrl\":\"https:\\\/\\\/sdf.hr\\\/wp-content\\\/uploads\\\/2021\\\/07\\\/logo-hr.svg\",\"width\":271,\"height\":100,\"caption\":\"SDF - Srpski demokratski forum\"},\"image\":{\"@id\":\"https:\\\/\\\/sdf.hr\\\/#\\\/schema\\\/logo\\\/image\\\/\"}}]}<\/script>\n<!-- \/ Yoast SEO plugin. -->","yoast_head_json":{"title":"Zagreb me prihvatio od prvog dana - SDF - Srpski demokratski forum","robots":{"index":"index","follow":"follow","max-snippet":"max-snippet:-1","max-image-preview":"max-image-preview:large","max-video-preview":"max-video-preview:-1"},"canonical":"https:\/\/sdf.hr\/hr\/nada\/zagreb-me-prihvatio-od-prvog-dana\/","og_locale":"hr_HR","og_type":"article","og_title":"Zagreb me prihvatio od prvog dana - SDF - Srpski demokratski forum","og_description":"Uvek sam do\u017eivljavao Zagreb i Hrvatsku kao deo kulturnog prostora kome zaista pripadam od najranijeg detinjstva, ka\u017ee Beogra\u0111anin Tadija \u010calukovi\u0107, student Akademije dramskih umjetnosti","og_url":"https:\/\/sdf.hr\/hr\/nada\/zagreb-me-prihvatio-od-prvog-dana\/","og_site_name":"SDF - Srpski demokratski forum","article_modified_time":"2023-06-29T18:38:11+00:00","og_image":[{"width":1200,"height":750,"url":"https:\/\/sdf.hr\/wp-content\/uploads\/2023\/06\/Tadija-Calukovic_Dominik-Vujicic.jpg","type":"image\/jpeg"}],"twitter_card":"summary_large_image","twitter_misc":{"Procijenjeno vrijeme \u010ditanja":"6 minuta"},"schema":{"@context":"https:\/\/schema.org","@graph":[{"@type":"WebPage","@id":"https:\/\/sdf.hr\/hr\/nada\/zagreb-me-prihvatio-od-prvog-dana\/","url":"https:\/\/sdf.hr\/hr\/nada\/zagreb-me-prihvatio-od-prvog-dana\/","name":"Zagreb me prihvatio od prvog dana - SDF - Srpski demokratski forum","isPartOf":{"@id":"https:\/\/sdf.hr\/#website"},"primaryImageOfPage":{"@id":"https:\/\/sdf.hr\/hr\/nada\/zagreb-me-prihvatio-od-prvog-dana\/#primaryimage"},"image":{"@id":"https:\/\/sdf.hr\/hr\/nada\/zagreb-me-prihvatio-od-prvog-dana\/#primaryimage"},"thumbnailUrl":"https:\/\/sdf.hr\/wp-content\/uploads\/2023\/06\/Tadija-Calukovic_Dominik-Vujicic.jpg","datePublished":"2023-06-29T18:37:52+00:00","dateModified":"2023-06-29T18:38:11+00:00","breadcrumb":{"@id":"https:\/\/sdf.hr\/hr\/nada\/zagreb-me-prihvatio-od-prvog-dana\/#breadcrumb"},"inLanguage":"hr","potentialAction":[{"@type":"ReadAction","target":["https:\/\/sdf.hr\/hr\/nada\/zagreb-me-prihvatio-od-prvog-dana\/"]}]},{"@type":"ImageObject","inLanguage":"hr","@id":"https:\/\/sdf.hr\/hr\/nada\/zagreb-me-prihvatio-od-prvog-dana\/#primaryimage","url":"https:\/\/sdf.hr\/wp-content\/uploads\/2023\/06\/Tadija-Calukovic_Dominik-Vujicic.jpg","contentUrl":"https:\/\/sdf.hr\/wp-content\/uploads\/2023\/06\/Tadija-Calukovic_Dominik-Vujicic.jpg","width":1200,"height":750,"caption":"Tadija \u010calukovi\u0107 (Foto: Dominik Vuji\u010di\u0107)"},{"@type":"BreadcrumbList","@id":"https:\/\/sdf.hr\/hr\/nada\/zagreb-me-prihvatio-od-prvog-dana\/#breadcrumb","itemListElement":[{"@type":"ListItem","position":1,"name":"Po\u010detna stranica","item":"https:\/\/sdf.hr\/hr\/"},{"@type":"ListItem","position":2,"name":"Nada","item":"https:\/\/sdf.hr\/nada\/"},{"@type":"ListItem","position":3,"name":"Zagreb me prihvatio od prvog dana"}]},{"@type":"WebSite","@id":"https:\/\/sdf.hr\/#website","url":"https:\/\/sdf.hr\/","name":"SDF - Srpski demokratski forum","description":"Srpski demokratski forum","publisher":{"@id":"https:\/\/sdf.hr\/#organization"},"potentialAction":[{"@type":"SearchAction","target":{"@type":"EntryPoint","urlTemplate":"https:\/\/sdf.hr\/?s={search_term_string}"},"query-input":{"@type":"PropertyValueSpecification","valueRequired":true,"valueName":"search_term_string"}}],"inLanguage":"hr"},{"@type":"Organization","@id":"https:\/\/sdf.hr\/#organization","name":"SDF - Srpski demokratski forum","url":"https:\/\/sdf.hr\/","logo":{"@type":"ImageObject","inLanguage":"hr","@id":"https:\/\/sdf.hr\/#\/schema\/logo\/image\/","url":"https:\/\/sdf.hr\/wp-content\/uploads\/2021\/07\/logo-hr.svg","contentUrl":"https:\/\/sdf.hr\/wp-content\/uploads\/2021\/07\/logo-hr.svg","width":271,"height":100,"caption":"SDF - Srpski demokratski forum"},"image":{"@id":"https:\/\/sdf.hr\/#\/schema\/logo\/image\/"}}]}},"_links":{"self":[{"href":"https:\/\/sdf.hr\/hr\/wp-json\/wp\/v2\/nada\/3496","targetHints":{"allow":["GET"]}}],"collection":[{"href":"https:\/\/sdf.hr\/hr\/wp-json\/wp\/v2\/nada"}],"about":[{"href":"https:\/\/sdf.hr\/hr\/wp-json\/wp\/v2\/types\/nada"}],"wp:featuredmedia":[{"embeddable":true,"href":"https:\/\/sdf.hr\/hr\/wp-json\/wp\/v2\/media\/3495"}],"wp:attachment":[{"href":"https:\/\/sdf.hr\/hr\/wp-json\/wp\/v2\/media?parent=3496"}],"wp:term":[{"taxonomy":"post_tag","embeddable":true,"href":"https:\/\/sdf.hr\/hr\/wp-json\/wp\/v2\/tags?post=3496"},{"taxonomy":"atribut","embeddable":true,"href":"https:\/\/sdf.hr\/hr\/wp-json\/wp\/v2\/atribut?post=3496"}],"curies":[{"name":"wp","href":"https:\/\/api.w.org\/{rel}","templated":true}]}}