{"id":3522,"date":"2023-07-17T10:25:40","date_gmt":"2023-07-17T08:25:40","guid":{"rendered":"https:\/\/sdf.hr\/nada\/jovana-lukic-u-pevanju-sam-ostala-zbog-ljubavi\/"},"modified":"2023-07-30T11:08:22","modified_gmt":"2023-07-30T09:08:22","slug":"jovana-lukic-u-pevanju-sam-ostala-zbog-ljubavi","status":"publish","type":"nada","link":"https:\/\/sdf.hr\/hr\/nada\/jovana-lukic-u-pevanju-sam-ostala-zbog-ljubavi\/","title":{"rendered":"Jovana Luki\u0107: U pevanju sam ostala zbog ljubavi"},"content":{"rendered":"<p>Malo koje aktivisti\u010dko okupljanje u proteklih nekoliko godina u Zagrebu je moglo pro\u0107i bez nastupa zborova Doma\u0107igosti i ZborXopa. Pokreta\u010dka snaga dolazila je od njihove energi\u010dne voditeljice <strong>Jovane Luki\u0107<\/strong> (1980.), etnomuzikologinje i vrsne pjeva\u010dice. Ro\u0111ena Kragujev\u010danka stekla je etnomuzikolo\u0161ko obrazovanje u Beogradu, kao i dobar dio pjeva\u010dkog sta\u017ea. U Zagrebu \u017eivi od 2016. Bez klasi\u010dnih horskih aran\u017emana, samo po sluhu, uz, kako ona ka\u017ee, gerilsko dirigiranje, godinama je animirala \u010dlanove zborova da pjevaju cijelim tijelom. Rukovo\u0111enje zborovima sada je iza nje, ali Jovanino traganje za narodnim napjevima nikad ne prestaje. Sa svojim kolegicama iz grupe PJEV na jazz festivalu u K\u00f6lnu izvela je set tradicijskih pjesama s na\u0161eg govornog podru\u010dja. <em>Oj, z\u030cao mi je, oj, z\u030cao mi je moje krs\u030cne Like \/ Oj, s\u030cto je muke, oj, s\u030cto je muke podnijela tolike&#8230;<\/em> Izvodio je PJEV &#8220;Li\u010dkog ojkana&#8221; uz pratnju eminentnih jazz muzi\u010dara, <strong>Kita Downesa<\/strong> na orguljama i saksofonista <strong>Haydena Chisholma<\/strong>. Njihov perfektni live nastup prije dva mjeseca pretvoren je u album &#8220;Medna roso&#8221;, na radost svih ljubitelja vatrenog melosa. Jovana Luki\u0107 za Nadu govori o ljubavi prema narodnoj pjesmi i kulturnom prostoru kojim se pronose sli\u010dni oblici pjevanja.<\/p>\n<p><strong>Kako je do\u0161lo do sudbonosne suradnje u K\u00f6lnu, do spoja jazza i tradicijskih pjesama?<\/strong><\/p>\n<p>Imali smo kratak vremenski period od tri meseca da spremimo pesme s kojima \u0107emo nastupiti na koncertu. Kit i Hayden su veoma iskusni muzi\u010dari, a pesme koje izvodimo su im bile okosnica za specifi\u010dne improvizacije. Haydena sam upoznala 2017. u Beogradu. On je do\u0161ao na ideju po\u010detkom 2021. da radimo ne\u0161to za taj jazz festival. Ja sam pripremala peva\u010dice, moje prijateljice iz PJEV-a, a on je osmislio koncept. Po sluhu smo se nadovezivale na to \u0161to su nam oni instrumentima sugerisali, pa je koncert jedna celina, numere se prelivaju jedna u drugu bez pauza. Imali smo sre\u0107u da je biv\u0161i producent izdava\u010dke ku\u0107e ECM, <strong>Sun Chung<\/strong>, u snimci sa koncerta \u010duo kvalitet i potencijal. Imao je \u017eelju da ulo\u017ei sredstva kako bi taj album objavila njegova izdava\u010dka ku\u0107a Red Hook Records. Mi smo kao grupa time dobile loto nagradu. S druge strane, moj sta\u017e u vo\u0111enju peva\u010dkih grupa od skoro 20 godina i sta\u017e peva\u010dice u Pjeva\u010dkoj dru\u017eini <strong>Svetlane Spaji\u0107<\/strong> doneo mi je znanje i iskustvo da mogu zrelo da pristupim ovakvom projektu. Iza ovog koncerta stoji veliki rad svih \u017eena iz grupe koje su pre svega veoma talentovane. <strong>Zvezdana Ostoji\u0107<\/strong> je biv\u0161a peva\u010dica grupa Belo platno i Moba, <strong>Gloria Lindeman<\/strong> je vodila \u010cipkice i Le zbor, <strong>Julijana Le\u0161i\u0107<\/strong> je vodila Le zbor, a <strong>Lana Hosni<\/strong> je profesionalna plesa\u010dica koja se bavi i pevanjem. Vrlo sam ih svesno okupila. Mogu re\u0107i da su one izvrsne peva\u010dice koje imaju i veliku ljubav prema seoskim pesmama, \u0161to je veoma va\u017eno.<\/p>\n<p><strong>Paralelno radite na vi\u0161e strana. Samo manji dio toga je vidljiv u javnosti. Naslu\u0107ujem mnogo prekrivenog posla i menad\u017eeriranja ljudskih odnosa u zborovima, veliko je to \u010dlanstvo. Kako je izgledao va\u0161 rad u zborovima? Koje su pote\u0161ko\u0107e?<\/strong><\/p>\n<p>Zborovi koje sam vodila su aktivisti\u010dki. Uz muziku, u njima je podjednako va\u017ena i poruka koju prenose. S obzirom na to da je u pitanju amaterizam, da se \u010dlanovi time bave iz hobija i zbog dru\u017eenja, trebalo je uskladiti sve te kategorije sa zahtevima nastupa koji su bili intenzivni i uvek na dobrovoljnoj bazi. Novac koji je stizao po probi nije mogao da pokrije sav rad voditelja. Radila sam sve: od organizacije nastupa, do tra\u017eenja i aran\u017eiranja pesama, pratila ko je do\u0161ao na probu i nastup, snimanja deonica kako bi \u010dlanovi mogli da ve\u017ebaju. Ve\u017ebala sam \u010dak i izgovor stranih jezika za niz pesama koje sam radila sa zborom Doma\u0107igosti. I to je ta prekarnost, potpuno si neza\u0161ti\u0107en. Nema radnog vremena, socijalnih i zdravstvenih za\u0161tita, sve je od ugovora do ugovora, iz meseca u mesec. Ukoliko se ne trenira, muzika ne daje rezultate, a ljudski glas je veoma osetljivo mesto za kritiku. Najte\u017ee mi je padao taj mikromenad\u017ement i uskla\u0111ivanje potrebnog rada za odgovaraju\u0107e muzi\u010dke rezultate sa mogu\u0107nostima. Nisam imala iskustva sa dirigovanjem do tada, pre toga sam radila u manjim i intimnijim grupama koje nemaju dirigenta. Nije mi to smetalo, \u010dak mi je bilo zabavno. Ka\u017eem da to nisu &#8220;pravi&#8221; zborovi. Pravi zbor je onaj koji ima puno vi\u0161e \u010dlanova pa se onda svi ti ljudi u masi izgube, a i pevaju po notama. Ovi na\u0161i aktivisti\u010dki ili <em>community <\/em>zborovi su dovoljno veliki da je peva\u010dka intima manja u odnosu na peva\u010dke grupe, a opet su dovoljno mali da se svaka individualna gre\u0161ka i me\u0111usobna neusagla\u0161enost \u010duje. Ina\u010de, \u010dlanove zborova sam u\u010dila tako \u0161to sam pesme propu\u0161tala kroz svoj glas. Pesme smo u\u010dili po sluhu, kao \u0161to se u\u010di bilo koja pesma na selu, to je taj usmeni na\u010din predaje.<\/p>\n<figure id=\"attachment_3517\" aria-describedby=\"caption-attachment-3517\" style=\"width: 1708px\" class=\"wp-caption alignnone\"><img loading=\"lazy\" decoding=\"async\" class=\"wp-image-3517 size-full\" src=\"https:\/\/sdf.hr\/wp-content\/uploads\/2023\/07\/Lukic2_Davor-Konjikusic-scaled.jpg\" alt=\"\" width=\"1708\" height=\"2560\" srcset=\"https:\/\/sdf.hr\/wp-content\/uploads\/2023\/07\/Lukic2_Davor-Konjikusic-scaled.jpg 1708w, https:\/\/sdf.hr\/wp-content\/uploads\/2023\/07\/Lukic2_Davor-Konjikusic-200x300.jpg 200w, https:\/\/sdf.hr\/wp-content\/uploads\/2023\/07\/Lukic2_Davor-Konjikusic-683x1024.jpg 683w, https:\/\/sdf.hr\/wp-content\/uploads\/2023\/07\/Lukic2_Davor-Konjikusic-768x1151.jpg 768w, https:\/\/sdf.hr\/wp-content\/uploads\/2023\/07\/Lukic2_Davor-Konjikusic-1025x1536.jpg 1025w, https:\/\/sdf.hr\/wp-content\/uploads\/2023\/07\/Lukic2_Davor-Konjikusic-1366x2048.jpg 1366w\" sizes=\"auto, (max-width: 1708px) 100vw, 1708px\" \/><figcaption id=\"caption-attachment-3517\" class=\"wp-caption-text\">Foto: Davor Konjiku\u0161i\u0107<\/figcaption><\/figure>\n<p><strong>Jasno je da vas je obrazovni put vodio ka sveobuhvatnom istra\u017eivanju muzi\u010dkog naslje\u0111a. \u0160to je bilo presudno da po\u010dnete istra\u017eivati narodne napjeve?<\/strong><\/p>\n<p>Imala sam veliku sre\u0107u da su mi mama i tata preneli ljubav prema muzici. Bila sam jedinica kojoj je sve dopu\u0161teno, pa sam tako krenula u srednju muzi\u010dku \u0161kolu. Niko me nije usmeravao u ne\u0161to profitabilnije, bilo je kao: &#8220;Ajde ti, sine, \u0161ta te zanima.&#8221; Imali smo kviz u srednjoj, morali smo da nau\u010dimo sve o narodnoj muzici Jugoslavije. Tad sam prvi put \u010dula takvu muziku i zaljubila se u trenutku, nisam mogla da prestanem da slu\u0161am i \u010ditam o njoj. U isto vreme u \u0161koli su nas ubijali u pojam s <strong>Bachom<\/strong>, <strong>Beethovenom <\/strong>i solfe\u0111om, jer je to veoma slo\u017eena i zahtevna muzika rezervisana samo za najvrednije i najtalentovanije. \u0160koluje\u0161 se toliko, a zapravo ni ne stigne\u0161 do slobode muziciranja. Muzi\u010dke \u0161kole su elitne, klasi\u010dno nastrojene i izostavljaju sve druge \u017eanrove muziciranja. Kad smo u srednjoj muzi\u010dkoj \u0161koli dobili predmet etnomuzikologija, znala sam da je definitivno to moj put.<\/p>\n<p><strong>Dakle, bilo je neizbje\u017eno da se jednog dana na\u0111ete na bini?<\/strong><\/p>\n<p>Desilo se. Kad sam krenula na fakultet dobili smo fakultativni predmet narodno pevanje koji nisam propu\u0161tala. Gde se peva, tu sam ja. I\u0161la sam na sve \u010dasove, krenula sam u srednju muzi\u010dku \u0161kolu Mokranjac paralelno sa studijem etnomuzikologije. Na po\u010detku sam se puno borila sa svojim glasom, nedostajala mi je tehnika. Od silne \u017eelje sam se previ\u0161e upirala i nakon prve strofe bi mi pukao glas. Bila je to velika psiholo\u0161ka borba u kojoj je dosta toga bilo za odustajanje, ali sam ostala zbog ljubavi. \u0160to vi\u0161e kopam i istra\u017eujem, sve vi\u0161e sam zaljubljena u tradicionalnu muziku, ne samo na\u0161ih krajeva, ve\u0107 celog sveta. Ba\u0161 sam malopre slu\u0161ala pesmu iz Bosanske posavine, koji je to techno! Imala sam sre\u0107u da me Svetlana Spaji\u0107 \u010dula na nekom koncertu i pozvala u svoju grupu. Za mene je njena Pjeva\u010dka dru\u017eina bila ideal. Bila sam aktivna \u010dlanica punih deset godina, na tome sam joj veoma zahvalna. A zanimljivo, nikad sebe nisam videla kao peva\u010dicu ili vo\u0111u benda. I dalje sebe vidim primarno kao etnomuzikologinju koja \u0107e jednom dobiti posao u struci.<\/p>\n<p><strong>Vjerujem da su vam va\u017eni susreti s izvornim pjeva\u010dicama i pjeva\u010dima na licu mjesta. Kakva iskustva nosite s terena i koliko vam je to pomoglo da se izbrusite?<\/strong><\/p>\n<p>Moram da priznam da pesme koje izvodimo na albumu &#8220;Medna roso&#8221; nisu do\u0161le iz tih odnosa, jer neki peva\u010di nisu vi\u0161e \u017eivi, a neki su nam jako daleko. One su do\u0161le iz preslu\u0161avanja terenskih snimaka kako to obi\u010dno rade peva\u010dke grupe kao \u0161to je PJEV. Samim tim \u0161to ipak imam iskustva u odnosu s tim ljudima i \u0161to idem na teren, mislim da bitno doprinosi celom procesu prou\u010davanja i izvo\u0111enja muzike. Me\u0111utim, etnomuzikologija je zapravo danas antropologija muzike. Malo ko prou\u010dava samu muziku, vi\u0161e kontekst u kojem se ona javlja. Na etnomuzikologiji u Beogradu smo imali druga\u010diji pristup: podrazumevao se odlazak na teren i snimanje ljudi, dru\u017eenje sa njima. I\u0161la sam na sever Kosova za master rad. To je jedinstveno \u017eivotno iskustvo koje bih preporu\u010dila svima. Kad ode\u0161 u selo, \u010desto zaba\u010deno, raspituje\u0161 se koji su dobri peva\u010di, pa taj ljudski kontakt kad te prime u ku\u0107u, po\u010daste te rakijom uvek, kad \u010duje\u0161 te pri\u010de i kad pevaju samo za tebe pesme od kojih se celo telo je\u017ei\u2026<\/p>\n<p><strong>Kakve su regionalne razlike u zvukovima i narodnim napjevima? Zapadna Srbija, sjeverna Dalmacija, Istra&#8230; Ima li dodirnih to\u010daka?<\/strong><\/p>\n<p>Smatram da su sve te pesme iz istog kotla. Kad sam do\u0161la u Zagreb, spontano sam krenula da radim sa \u017eenama pesme iz Srbije, iz Hrvatske i iz Bosne i Hercegovine. Normalno, jer pri\u010damo isti jezik. Analogno tome, to je i na\u0161a muzika. Pesme imaju razlike u svojim formama i tonskim nizovima jer su kulturni uticaji druga\u010diji na Kosovu, u isto\u010dnoj Srbiji, u Lici i Istri. Ali zapadna Srbija, Crna Gora, Bosna i Hercegovina i Dalmacija \u2013 tu se itekako mo\u017ee povu\u0107i puno paralela, ne samo u muzici nego i u kulturi uop\u0161te, to je tzv. dinarski bazen. To bismo mogli ozna\u010diti kao jedan kulturni prostor. Od Hercegovine do Dalmacije mo\u017ee da se povu\u010de jedna linija gde se peva ganga, rera pa ojkalica. To su sli\u010dni muzi\u010dki oblici. Pevanje u Hercegovini li\u010di na crnogorsko pevanje, a i sever Kosova je tu negde. \u017dejane u Istri su vla\u0161ko selo, nedavno sam iskopala dokumentarac koji je tamo sniman. \u010covek svira tamburicu koja zvu\u010di isto kao i banijska.<\/p>\n<p><strong>Kako ste savladali groktalicu? Narodni pjeva\u010d Obrad Mili\u0107 iz \u017degara jednom mi je pokazivao groktalicu, ali moramo za na\u0161e \u010ditatelje i \u010ditateljice probati objasniti \u0161to je to.<\/strong><\/p>\n<p>Mislim da jo\u0161 nisam skroz savladala, ali se trudim. Sedne\u0161 kraj \u010doveka, slu\u0161a\u0161 \u0161ta radi, vizualizuje\u0161 te pokrete glasom i imitira\u0161. U pitanju je izrazito pomeranje jabu\u010dice gore-dole, to je kao neki veliki, \u010dudni vibrato koji je kombinacija pokreta jabu\u010dice i dijafragme u isto vreme. A <strong>Obrad Mili\u0107<\/strong> je velika legenda! \u010cesto ti ljudi koji su bili glavni peva\u010di su i divni ljudi. Ba\u0161 ono, da ih grli\u0161, ljubi\u0161, \u010duva\u0161. Takve su i <strong>Smilja Kotur<\/strong> iz Jasenovca i <strong>Olga Krasojevi\u0107<\/strong> iz Crnu\u0107a pod Rudnik planinom kod Gornjeg Milanovca. \u010cast mi je \u0161to sam imala priliku da ih upoznam i pevam rame uz rame sa njima.<\/p>\n<p><strong>S pokojnom Smiljom Kotur ste snimili album &#8220;Pesme iz Jasenovca&#8221;. Za vrijeme Jugoslavije njoj je bilo ponu\u0111eno da se preseli i do\u0161koluje u Beogradu, namijenili su joj mjesto solistkinje u Radio Beogradu. Smilja je to odbila i ostala u svom selu. Kako pamtite Smilju i u\u010denje pjesama iz zapadne Slavonije?<\/strong><\/p>\n<p>Velika mi je nagrada \u0161to sam bila prisutna tamo. Pevaju\u0107i s velikim ljudima poput Smilje ne u\u010di\u0161 samo pesme, ve\u0107 ceo odnos prema \u017eivotu. Taj emotivni odnos koji imam prema Smilji mi puno poma\u017ee da pevam pesme koje smo nau\u010dile od nje. \u010cak i neka naivna pesma koja je veoma popularna, recimo &#8220;Crven fesi\u0107&#8221;, dobija puno ve\u0107e emotivno zna\u010denje pri izvo\u0111enju zbog tog li\u010dnog odnosa. Moja prijateljica, peva\u010dica <strong>Dragana Tomi\u0107<\/strong> je mesecima pose\u0107ivala Smilju kako bi kroz pri\u010du saznala sve o njoj i njenom peva\u010dkom \u017eivotu. Smilja je u poznim godinama svog \u017eivota dobila veliko priznanje s tim albumom.<\/p>\n<figure id=\"attachment_3519\" aria-describedby=\"caption-attachment-3519\" style=\"width: 1708px\" class=\"wp-caption alignnone\"><img loading=\"lazy\" decoding=\"async\" class=\"wp-image-3519 size-full\" src=\"https:\/\/sdf.hr\/wp-content\/uploads\/2023\/07\/Lukic3_Davor-Konjikusic-scaled.jpg\" alt=\"\" width=\"1708\" height=\"2560\" srcset=\"https:\/\/sdf.hr\/wp-content\/uploads\/2023\/07\/Lukic3_Davor-Konjikusic-scaled.jpg 1708w, https:\/\/sdf.hr\/wp-content\/uploads\/2023\/07\/Lukic3_Davor-Konjikusic-200x300.jpg 200w, https:\/\/sdf.hr\/wp-content\/uploads\/2023\/07\/Lukic3_Davor-Konjikusic-683x1024.jpg 683w, https:\/\/sdf.hr\/wp-content\/uploads\/2023\/07\/Lukic3_Davor-Konjikusic-768x1151.jpg 768w, https:\/\/sdf.hr\/wp-content\/uploads\/2023\/07\/Lukic3_Davor-Konjikusic-1025x1536.jpg 1025w, https:\/\/sdf.hr\/wp-content\/uploads\/2023\/07\/Lukic3_Davor-Konjikusic-1366x2048.jpg 1366w\" sizes=\"auto, (max-width: 1708px) 100vw, 1708px\" \/><figcaption id=\"caption-attachment-3519\" class=\"wp-caption-text\">Foto: Davor Konjiku\u0161i\u0107<\/figcaption><\/figure>\n<p><strong>Kroz ZborXop, koji djeluje u sklopu Srpskog kulturnog dru\u0161tva &#8220;Prosvjeta&#8221;, u Zagreb su do\u0161le pjesme iz udaljenih, jugoisto\u010dnih pasivnih krajeva, a koje su malo kome poznate. Mislite li da se odnos prema tradicijskoj pjesmi mijenja?<\/strong><\/p>\n<p>ZborXop je zajedno sa drugim sli\u010dnim zborovima donekle izmenio zagreba\u010dku muzi\u010dku sliku, moglo bi se re\u0107i da je to jedna diverzija. Izvodio je pesme sa juga Srbije, Kosova, Makedonije, Bugarske koje su bile manje uobi\u010dajeni repertoar. ZborXop je krenuo otprilike kad se desio nalet etno muzike na zagreba\u010dkoj sceni i \u010dlanovi su po\u010deli da pevaju pesme koje im se svi\u0111aju. Ljudi u Zagrebu nemaju priliku da \u010desto \u010duju taj ju\u017enja\u010dki melos i \u010dini mi se da pate za njim. U Zagrebu nema kafane, derneka i te slobode. Takve sli\u010dne pesme se mogu \u010duti jedino u Medici u klubu Attack na ve\u010derima kada ih pu\u0161ta iskusni DJ Sero. Kad su krenule \u010cipkice, pokreta\u010di ZborXopa <strong>Svetlana Patafta<\/strong> i <strong>Salamon Jazbec<\/strong> su se zapitali za\u0161to ne bismo imali i srpski zbor koji peva temperamentne srpske pesme. On je pokrenut i kao aktivisti\u010dki zbor, jer je pevanje tih pesama u zagreba\u010dkom javnom prostoru, zbog njihove nacionalne odrednice, bilo i jo\u0161 uvek je tabu tema. Me\u0111utim, i mladi i stari vole taj zvuk i prihvataju ga kao ne\u0161to svoje i sebi blisko.<\/p>\n<p><strong>Zna\u010daj pjesama za Srbe iz Hrvatske je nesumnjivo velik, ali koliko o tome znamo? Ne postoji sredi\u0161nje mjesto gdje je sve to pohranjeno.<\/strong><\/p>\n<p>Srbi u Hrvatskoj su pre svega peva\u010di. U Srbiji ima puno snimaka i etnomuzikolo\u0161kih nau\u010dnih radova, ali u Hrvatskoj ne. Zato mislim da je neophodno da Arhiv Srba u Hrvatskoj ima svoj muzi\u010dki deo u kome bi bili pohranjeni svi snimci muzike narodne, seoske i bilo koje druge Srba iz Hrvatske. Posebno je va\u017ena ta seoska muzi\u010dka kultura koja je izgubila svoj kontinuitet i koju \u0107emo uskoro mo\u0107i \u010duti samo na tim snimcima. U pitanju je svedo\u010danstvo jednog vremena, ali ne samo to. Na primer, ojka\u010da sa Banije i Korduna je veoma va\u017ena za identitet Srba u Hrvatskoj. Nju nije lako nau\u010diti i strana je modernom uhu mladih ljudi koji imaju otpor i stoga odlazi u zaborav. Nigde na svetu ne postoji takav oblik pevanja, samo u tim oblastima. Potrebno je jasno re\u0107i da je ojka\u010da odlika kulture Srba u Hrvatskoj. Stupila sam u kontakt s de\u010dkom od 20-ak godina iz Banja Luke. On je strastveni ljubitelj li\u010dkog pevanja i ima na YouTubeu svoj kanal s terenskim arhivskim snimcima. Toga nema nigde osim kod njega. To je neverovatno! Sve te zapise treba staviti na jedno mesto kako bi njihov zna\u010daj i vrednost mogli bolje da se sagledaju.<\/p>\n<p><strong>Aktivisti\u010dki zborovi su o\u017eivjeli partizansku pjesmu. \u0160to ste tu sve prona\u0161li?<\/strong><\/p>\n<p>Kad sam do\u0161la u Zagreb, na\u0161la sam se me\u0111u ljudima koji dr\u017ee do partizanskog nasle\u0111a. Imam veliko po\u0161tovanje prema tome. Zborovi naj\u010de\u0161\u0107e pevaju raspisane aran\u017emane nekih pesama koje su popularne i\/ili komponovane, kao \u0161to su Bella ciao, neke ruske prepevane pesme, Bile\u0107anka. Preslu\u0161avala sam album banijskih pesama, nisam mogla da razumem. Ga\u0107e, ga\u0107e\u0161, ustanak&#8230; Mislim se, o \u010demu ova \u017eena peva? I onda shvatim da se radi o vo\u0111i ustanka na Baniji <strong>Vasiliju Ga\u0107e\u0161i<\/strong> i Banskom Grabovcu! To je to: zborovi koji pevaju partizanske pesme, pevaju naj\u010de\u0161\u0107e kompozicije koje su se izvodile nakon rata i koje su danas starijim generacijama dobro poznate, dok ZborXop i PJEV izvode te manje poznate partizanske seoske narodne pesme.<\/p>\n<p><strong>Izvukli ste i neke erotske narodne pjesme? Zna li se gdje je najve\u0107a koncentracija takvih pjesama?<\/strong><\/p>\n<p>Ta tema je veliki tabu u etnomuzikologiji. Se\u0107am se da mi je u Beogradu jedan etnolog dao svoje terenske snimke iz Dre\u017enice koje je trebalo da spremimo za nastup u Bajmoku, gde su se Dre\u017eni\u010dani izmestili. Rekao mi je da namerno nije snimao lascivne delove. Sigurno je puno toga oti\u0161lo u nepovrat. Ne znam gde je takvih pesama bilo najvi\u0161e, prvo mi na pamet pada Slavonija zbog be\u0107arca, ali mislim da ih je bilo posvuda.<\/p>\n<p><strong>Ve\u0107 ste nahvalili Zagreb. Kako ste se na\u0161li ovdje?<\/strong><\/p>\n<p>Imam ro\u0111ake u \u0160ibeniku. Svoju bra\u0107u, tetku i te\u010du nisam videla 20 godina zbog rata. Kad sam prvi put posle do\u0161la u Hrvatsku, opet sam se upoznavala s bra\u0107om. U tom naletu, upoznala sam i jednog Dalmatinca, koji je zapravo Vlaj \u2013 \u0161to je jo\u0161 bolje. Shvatila sam da sam ba\u0161 njega \u010dekala ceo \u017eivot, taj duh sam prepoznala kao svoje jato. Hedonizam i humor Dalmacije je ne\u0161to \u0161to me privuklo, koga ne bi? Ruku na srce, htela sam da odem iz Srbije. Nisam oti\u0161la predaleko, i dalje sam na Balkanu \u0161to mi je va\u017eno, ali je dovoljno daleko. Volim \u0161to \u017eivim u Zagrebu, Beograd mi je postao prehekti\u010dan. Pre dolaska sam radila u Baletskoj \u0161koli gdje sam do\u017eivela stra\u0161an mobing, svega sam se nagledala. To mi je bila poslednja kap. Tamo nisam imala nikakvu garanciju. Ovde mi je pla\u0107en rad sa zborovima i nastupi, tamo je skoro sve za promociju i ljubav. Mada, u Zagrebu sam shvatila da sam grublja i direktnija nego \u0161to su ljudi ovde, pa sve vi\u0161e u\u010dim. Bitno je da se s mojim Vlajima savr\u0161eno pronalazim.<\/p>\n<p><em>razgovor vodila Anja Ko\u017eul<\/em><\/p>\n","protected":false},"excerpt":{"rendered":"<p>Na po\u010detku sam se puno borila sa svojim glasom, od silne \u017eelje sam se previ\u0161e upirala. Bila je to velika psiholo\u0161ka borba, ali sam ostala zbog ljubavi. Sada \u0161to vi\u0161e istra\u017eujem, sve vi\u0161e sam zaljubljena u tradicionalnu muziku, ne samo na\u0161ih krajeva, ve\u0107 celog sveta<\/p>\n","protected":false},"featured_media":3516,"template":"","tags":[173],"atribut":[],"class_list":["post-3522","nada","type-nada","status-publish","has-post-thumbnail","hentry","tag-intervju-2-hr"],"acf":[],"yoast_head":"<!-- This site is optimized with the Yoast SEO plugin v27.4 - https:\/\/yoast.com\/product\/yoast-seo-wordpress\/ -->\n<title>Jovana Luki\u0107: U pevanju sam ostala zbog ljubavi - SDF - Srpski demokratski forum<\/title>\n<meta name=\"robots\" content=\"index, follow, max-snippet:-1, max-image-preview:large, max-video-preview:-1\" \/>\n<link rel=\"canonical\" href=\"https:\/\/sdf.hr\/hr\/nada\/jovana-lukic-u-pevanju-sam-ostala-zbog-ljubavi\/\" \/>\n<meta property=\"og:locale\" content=\"hr_HR\" \/>\n<meta property=\"og:type\" content=\"article\" \/>\n<meta property=\"og:title\" content=\"Jovana Luki\u0107: U pevanju sam ostala zbog ljubavi - SDF - Srpski demokratski forum\" \/>\n<meta property=\"og:description\" content=\"Na po\u010detku sam se puno borila sa svojim glasom, od silne \u017eelje sam se previ\u0161e upirala. Bila je to velika psiholo\u0161ka borba, ali sam ostala zbog ljubavi. Sada \u0161to vi\u0161e istra\u017eujem, sve vi\u0161e sam zaljubljena u tradicionalnu muziku, ne samo na\u0161ih krajeva, ve\u0107 celog sveta\" \/>\n<meta property=\"og:url\" content=\"https:\/\/sdf.hr\/hr\/nada\/jovana-lukic-u-pevanju-sam-ostala-zbog-ljubavi\/\" \/>\n<meta property=\"og:site_name\" content=\"SDF - Srpski demokratski forum\" \/>\n<meta property=\"article:modified_time\" content=\"2023-07-30T09:08:22+00:00\" \/>\n<meta property=\"og:image\" content=\"https:\/\/sdf.hr\/wp-content\/uploads\/2023\/07\/Lukic1_Davor-Konjikusic-scaled.jpg\" \/>\n\t<meta property=\"og:image:width\" content=\"2560\" \/>\n\t<meta property=\"og:image:height\" content=\"1708\" \/>\n\t<meta property=\"og:image:type\" content=\"image\/jpeg\" \/>\n<meta name=\"twitter:card\" content=\"summary_large_image\" \/>\n<meta name=\"twitter:label1\" content=\"Procijenjeno vrijeme \u010ditanja\" \/>\n\t<meta name=\"twitter:data1\" content=\"15 minuta\" \/>\n<script type=\"application\/ld+json\" class=\"yoast-schema-graph\">{\"@context\":\"https:\\\/\\\/schema.org\",\"@graph\":[{\"@type\":\"WebPage\",\"@id\":\"https:\\\/\\\/sdf.hr\\\/hr\\\/nada\\\/jovana-lukic-u-pevanju-sam-ostala-zbog-ljubavi\\\/\",\"url\":\"https:\\\/\\\/sdf.hr\\\/hr\\\/nada\\\/jovana-lukic-u-pevanju-sam-ostala-zbog-ljubavi\\\/\",\"name\":\"Jovana Luki\u0107: U pevanju sam ostala zbog ljubavi - SDF - Srpski demokratski forum\",\"isPartOf\":{\"@id\":\"https:\\\/\\\/sdf.hr\\\/#website\"},\"primaryImageOfPage\":{\"@id\":\"https:\\\/\\\/sdf.hr\\\/hr\\\/nada\\\/jovana-lukic-u-pevanju-sam-ostala-zbog-ljubavi\\\/#primaryimage\"},\"image\":{\"@id\":\"https:\\\/\\\/sdf.hr\\\/hr\\\/nada\\\/jovana-lukic-u-pevanju-sam-ostala-zbog-ljubavi\\\/#primaryimage\"},\"thumbnailUrl\":\"https:\\\/\\\/sdf.hr\\\/wp-content\\\/uploads\\\/2023\\\/07\\\/Lukic1_Davor-Konjikusic-scaled.jpg\",\"datePublished\":\"2023-07-17T08:25:40+00:00\",\"dateModified\":\"2023-07-30T09:08:22+00:00\",\"breadcrumb\":{\"@id\":\"https:\\\/\\\/sdf.hr\\\/hr\\\/nada\\\/jovana-lukic-u-pevanju-sam-ostala-zbog-ljubavi\\\/#breadcrumb\"},\"inLanguage\":\"hr\",\"potentialAction\":[{\"@type\":\"ReadAction\",\"target\":[\"https:\\\/\\\/sdf.hr\\\/hr\\\/nada\\\/jovana-lukic-u-pevanju-sam-ostala-zbog-ljubavi\\\/\"]}]},{\"@type\":\"ImageObject\",\"inLanguage\":\"hr\",\"@id\":\"https:\\\/\\\/sdf.hr\\\/hr\\\/nada\\\/jovana-lukic-u-pevanju-sam-ostala-zbog-ljubavi\\\/#primaryimage\",\"url\":\"https:\\\/\\\/sdf.hr\\\/wp-content\\\/uploads\\\/2023\\\/07\\\/Lukic1_Davor-Konjikusic-scaled.jpg\",\"contentUrl\":\"https:\\\/\\\/sdf.hr\\\/wp-content\\\/uploads\\\/2023\\\/07\\\/Lukic1_Davor-Konjikusic-scaled.jpg\",\"width\":2560,\"height\":1708,\"caption\":\"Foto: Davor Konjiku\u0161i\u0107\"},{\"@type\":\"BreadcrumbList\",\"@id\":\"https:\\\/\\\/sdf.hr\\\/hr\\\/nada\\\/jovana-lukic-u-pevanju-sam-ostala-zbog-ljubavi\\\/#breadcrumb\",\"itemListElement\":[{\"@type\":\"ListItem\",\"position\":1,\"name\":\"Po\u010detna stranica\",\"item\":\"https:\\\/\\\/sdf.hr\\\/hr\\\/\"},{\"@type\":\"ListItem\",\"position\":2,\"name\":\"Nada\",\"item\":\"https:\\\/\\\/sdf.hr\\\/nada\\\/\"},{\"@type\":\"ListItem\",\"position\":3,\"name\":\"Jovana Luki\u0107: U pevanju sam ostala zbog ljubavi\"}]},{\"@type\":\"WebSite\",\"@id\":\"https:\\\/\\\/sdf.hr\\\/#website\",\"url\":\"https:\\\/\\\/sdf.hr\\\/\",\"name\":\"SDF - Srpski demokratski forum\",\"description\":\"Srpski demokratski forum\",\"publisher\":{\"@id\":\"https:\\\/\\\/sdf.hr\\\/#organization\"},\"potentialAction\":[{\"@type\":\"SearchAction\",\"target\":{\"@type\":\"EntryPoint\",\"urlTemplate\":\"https:\\\/\\\/sdf.hr\\\/?s={search_term_string}\"},\"query-input\":{\"@type\":\"PropertyValueSpecification\",\"valueRequired\":true,\"valueName\":\"search_term_string\"}}],\"inLanguage\":\"hr\"},{\"@type\":\"Organization\",\"@id\":\"https:\\\/\\\/sdf.hr\\\/#organization\",\"name\":\"SDF - Srpski demokratski forum\",\"url\":\"https:\\\/\\\/sdf.hr\\\/\",\"logo\":{\"@type\":\"ImageObject\",\"inLanguage\":\"hr\",\"@id\":\"https:\\\/\\\/sdf.hr\\\/#\\\/schema\\\/logo\\\/image\\\/\",\"url\":\"https:\\\/\\\/sdf.hr\\\/wp-content\\\/uploads\\\/2021\\\/07\\\/logo-hr.svg\",\"contentUrl\":\"https:\\\/\\\/sdf.hr\\\/wp-content\\\/uploads\\\/2021\\\/07\\\/logo-hr.svg\",\"width\":271,\"height\":100,\"caption\":\"SDF - Srpski demokratski forum\"},\"image\":{\"@id\":\"https:\\\/\\\/sdf.hr\\\/#\\\/schema\\\/logo\\\/image\\\/\"}}]}<\/script>\n<!-- \/ Yoast SEO plugin. -->","yoast_head_json":{"title":"Jovana Luki\u0107: U pevanju sam ostala zbog ljubavi - SDF - Srpski demokratski forum","robots":{"index":"index","follow":"follow","max-snippet":"max-snippet:-1","max-image-preview":"max-image-preview:large","max-video-preview":"max-video-preview:-1"},"canonical":"https:\/\/sdf.hr\/hr\/nada\/jovana-lukic-u-pevanju-sam-ostala-zbog-ljubavi\/","og_locale":"hr_HR","og_type":"article","og_title":"Jovana Luki\u0107: U pevanju sam ostala zbog ljubavi - SDF - Srpski demokratski forum","og_description":"Na po\u010detku sam se puno borila sa svojim glasom, od silne \u017eelje sam se previ\u0161e upirala. Bila je to velika psiholo\u0161ka borba, ali sam ostala zbog ljubavi. Sada \u0161to vi\u0161e istra\u017eujem, sve vi\u0161e sam zaljubljena u tradicionalnu muziku, ne samo na\u0161ih krajeva, ve\u0107 celog sveta","og_url":"https:\/\/sdf.hr\/hr\/nada\/jovana-lukic-u-pevanju-sam-ostala-zbog-ljubavi\/","og_site_name":"SDF - Srpski demokratski forum","article_modified_time":"2023-07-30T09:08:22+00:00","og_image":[{"width":2560,"height":1708,"url":"https:\/\/sdf.hr\/wp-content\/uploads\/2023\/07\/Lukic1_Davor-Konjikusic-scaled.jpg","type":"image\/jpeg"}],"twitter_card":"summary_large_image","twitter_misc":{"Procijenjeno vrijeme \u010ditanja":"15 minuta"},"schema":{"@context":"https:\/\/schema.org","@graph":[{"@type":"WebPage","@id":"https:\/\/sdf.hr\/hr\/nada\/jovana-lukic-u-pevanju-sam-ostala-zbog-ljubavi\/","url":"https:\/\/sdf.hr\/hr\/nada\/jovana-lukic-u-pevanju-sam-ostala-zbog-ljubavi\/","name":"Jovana Luki\u0107: U pevanju sam ostala zbog ljubavi - SDF - Srpski demokratski forum","isPartOf":{"@id":"https:\/\/sdf.hr\/#website"},"primaryImageOfPage":{"@id":"https:\/\/sdf.hr\/hr\/nada\/jovana-lukic-u-pevanju-sam-ostala-zbog-ljubavi\/#primaryimage"},"image":{"@id":"https:\/\/sdf.hr\/hr\/nada\/jovana-lukic-u-pevanju-sam-ostala-zbog-ljubavi\/#primaryimage"},"thumbnailUrl":"https:\/\/sdf.hr\/wp-content\/uploads\/2023\/07\/Lukic1_Davor-Konjikusic-scaled.jpg","datePublished":"2023-07-17T08:25:40+00:00","dateModified":"2023-07-30T09:08:22+00:00","breadcrumb":{"@id":"https:\/\/sdf.hr\/hr\/nada\/jovana-lukic-u-pevanju-sam-ostala-zbog-ljubavi\/#breadcrumb"},"inLanguage":"hr","potentialAction":[{"@type":"ReadAction","target":["https:\/\/sdf.hr\/hr\/nada\/jovana-lukic-u-pevanju-sam-ostala-zbog-ljubavi\/"]}]},{"@type":"ImageObject","inLanguage":"hr","@id":"https:\/\/sdf.hr\/hr\/nada\/jovana-lukic-u-pevanju-sam-ostala-zbog-ljubavi\/#primaryimage","url":"https:\/\/sdf.hr\/wp-content\/uploads\/2023\/07\/Lukic1_Davor-Konjikusic-scaled.jpg","contentUrl":"https:\/\/sdf.hr\/wp-content\/uploads\/2023\/07\/Lukic1_Davor-Konjikusic-scaled.jpg","width":2560,"height":1708,"caption":"Foto: Davor Konjiku\u0161i\u0107"},{"@type":"BreadcrumbList","@id":"https:\/\/sdf.hr\/hr\/nada\/jovana-lukic-u-pevanju-sam-ostala-zbog-ljubavi\/#breadcrumb","itemListElement":[{"@type":"ListItem","position":1,"name":"Po\u010detna stranica","item":"https:\/\/sdf.hr\/hr\/"},{"@type":"ListItem","position":2,"name":"Nada","item":"https:\/\/sdf.hr\/nada\/"},{"@type":"ListItem","position":3,"name":"Jovana Luki\u0107: U pevanju sam ostala zbog ljubavi"}]},{"@type":"WebSite","@id":"https:\/\/sdf.hr\/#website","url":"https:\/\/sdf.hr\/","name":"SDF - Srpski demokratski forum","description":"Srpski demokratski forum","publisher":{"@id":"https:\/\/sdf.hr\/#organization"},"potentialAction":[{"@type":"SearchAction","target":{"@type":"EntryPoint","urlTemplate":"https:\/\/sdf.hr\/?s={search_term_string}"},"query-input":{"@type":"PropertyValueSpecification","valueRequired":true,"valueName":"search_term_string"}}],"inLanguage":"hr"},{"@type":"Organization","@id":"https:\/\/sdf.hr\/#organization","name":"SDF - Srpski demokratski forum","url":"https:\/\/sdf.hr\/","logo":{"@type":"ImageObject","inLanguage":"hr","@id":"https:\/\/sdf.hr\/#\/schema\/logo\/image\/","url":"https:\/\/sdf.hr\/wp-content\/uploads\/2021\/07\/logo-hr.svg","contentUrl":"https:\/\/sdf.hr\/wp-content\/uploads\/2021\/07\/logo-hr.svg","width":271,"height":100,"caption":"SDF - Srpski demokratski forum"},"image":{"@id":"https:\/\/sdf.hr\/#\/schema\/logo\/image\/"}}]}},"_links":{"self":[{"href":"https:\/\/sdf.hr\/hr\/wp-json\/wp\/v2\/nada\/3522","targetHints":{"allow":["GET"]}}],"collection":[{"href":"https:\/\/sdf.hr\/hr\/wp-json\/wp\/v2\/nada"}],"about":[{"href":"https:\/\/sdf.hr\/hr\/wp-json\/wp\/v2\/types\/nada"}],"wp:featuredmedia":[{"embeddable":true,"href":"https:\/\/sdf.hr\/hr\/wp-json\/wp\/v2\/media\/3516"}],"wp:attachment":[{"href":"https:\/\/sdf.hr\/hr\/wp-json\/wp\/v2\/media?parent=3522"}],"wp:term":[{"taxonomy":"post_tag","embeddable":true,"href":"https:\/\/sdf.hr\/hr\/wp-json\/wp\/v2\/tags?post=3522"},{"taxonomy":"atribut","embeddable":true,"href":"https:\/\/sdf.hr\/hr\/wp-json\/wp\/v2\/atribut?post=3522"}],"curies":[{"name":"wp","href":"https:\/\/api.w.org\/{rel}","templated":true}]}}