{"id":3532,"date":"2023-07-20T16:28:26","date_gmt":"2023-07-20T14:28:26","guid":{"rendered":"https:\/\/sdf.hr\/nada\/fali-veselko\/"},"modified":"2023-07-20T16:28:26","modified_gmt":"2023-07-20T14:28:26","slug":"fali-veselko","status":"publish","type":"nada","link":"https:\/\/sdf.hr\/hr\/nada\/fali-veselko\/","title":{"rendered":"Fali Veselko"},"content":{"rendered":"<p>&#8220;Tri tjedna bez tople vode? Opet?!&#8221; podigao je \u0107elavu glavu susjed dr\u017ee\u0107i u ruci plasti\u010dnu vre\u0107icu. &#8220;Da, ali ne mi, nego Novi Zagreb. Mi smo svoje odgulili&#8221;, objasnio mu je prijatelj nadziru\u0107i igru pasa na travi kraj raskopane ceste. Dok obilazim blato izme\u0111u potrgane ograde i bagera koji spava sa strane kao da je i sam spojio praznik s vikendom, slu\u0161am njihove uzdahe olak\u0161anja i zami\u0161ljam \u0161to bi na ove prizore rekao <strong>Veselko Ten\u017eera<\/strong> koji je svojedobno pisao &#8220;pozdrave raskopanom Zagrebu&#8221;.<\/p>\n<p>Ljetno stanje na prerovanim cestama popratio je tada uz jedno optimisti\u010dno <em>ave<\/em> radni\u010dkim rukama koje su pro\u0161irile Zagreb preko Save. U njegovim o\u010dima, kako i\u0161\u010ditavamo iz feljtona u Vjesniku s kraja 1976., gradski cinici su u\u0161utjeli, a prolaznici s rado\u0161\u0107u promatrali Savsku cestu kako se otvara budu\u0107nosti, prema kojoj imamo &#8220;ve\u0107e obveze nego \u0161to imamo dugove prema pro\u0161losti&#8221;. \u0160to je dobro, jer smo u protivnom osu\u0111eni na cinizam, rezignaciju i pljesnive navike. Na slijeganje ramenima i glavni komentar ove sezone: &#8220;Ljeti ti ionako ne treba topla voda.&#8221; \u010cini se da su mnogi od nas ve\u0107 pali. Ove skele i bageri ne otvaraju budu\u0107nost ve\u0107 krpaju pro\u0161lost od koje svi \u017eivimo.<\/p>\n<p>\u010cak je i za Ten\u017eerine &#8220;senzibilne provincijalke&#8221; Zagreb odavno prestao biti san, kreacija koja pobu\u0111uje &#8220;fantasti\u010dno \u0161tovanje prema gradu&#8221;. Danas od provincijalaca i onih koje &#8220;pravi&#8221; Zagrep\u010dani pogrdno nazivaju dotepencima, nesvjesni da im upravo ovi du\u0161evno reanimiraju grad, sve \u010de\u0161\u0107e \u010dujemo o onoj drugoj strani &#8220;finog i kulturnog&#8221;: Zagreb je sterilan, Zagrep\u010dani u\u0161togljeni, sve je ljupko upakirano s ma\u0161nom \u2013 a unutra ni\u0161ta. Sem par slobodnih teritorija gdje \u017eive malnarovski &#8220;genijalci za koje nitko ne zna&#8221; i podruma u kojima se daleko od o\u010diju fine javnosti daje odu\u0161ka po balkanski, Zagreb sve vi\u0161e preuzimaju &#8220;banalni \u017eivot i tone mrzovolje koju razvoze tramvaji&#8221;. U Malom Be\u010du, kako mu tepaju turisti\u010dki vodi\u010di u \u017eelji da o\u010daraju turiste (koji ga kasnije krune titulom jednog od najdosadnijih gradova Europe), nesvjesni da ga time automatski potvr\u0111uju kao periferiju onoga \u0161to bi htio biti, frustracije ponekad isko\u010de u obliku grafita &#8220;Ubij Srbina&#8221; i &#8220;Ubij tovara&#8221;, ili sarkasti\u010dnog &#8220;Fali Hercegovaca&#8221;.<\/p>\n<p>Ironi\u010dno, Ten\u017eerin voljeni Zagreb stvarali su, i kao grad i kao sliku, do\u0161ljaci iz Be\u010da, Dalmacije, Hercegovine, Bosne, Srbije\u2026 I on je bio jedan od njih. Ro\u0111en je u selu Uzdol, op\u0107ini Prozor-Rama, a u Zagreb dolazi 1961. na studij komparativne knji\u017eevnosti i povijesti Filozofskog fakulteta. Kao knji\u017eevni kriti\u010dar i feljtonist radio je za Slobodnu Dalmaciju, Danas, Vjesnik i druge, no moglo bi se re\u0107i da su njegov pravi ured bili kvartovski kafi\u0107i. U njima je razvio znanost \u0161ankologije, prozvav\u0161i one koji nisu dorasli umjetnosti \u0161anka kao urbane barbare i podsjetiv\u0161i kako &#8220;ne \u010dini \u0161ank \u010dovjeka \u010dovjekom, ve\u0107 \u010dovjek \u010dini \u0161ank \u0161ankom&#8221;. Neurotik svaku \u010da\u0161u vidi kao mikrofon, a pravi esteta od \u0161anka mo\u017ee napraviti hram ili katedru za prou\u010davanje duha. Prikladno je ba\u0161 te Ten\u017eerine <strong>\u0110or\u0111e Mati\u0107<\/strong> nazvao &#8220;urbano-socijalisti\u010dkim verzijama anti\u010dkog trga u kojima su ga ljudi dolazili slu\u0161ati&#8221;.<\/p>\n<figure id=\"attachment_3530\" aria-describedby=\"caption-attachment-3530\" style=\"width: 2188px\" class=\"wp-caption alignnone\"><img loading=\"lazy\" decoding=\"async\" class=\"wp-image-3530 size-full\" src=\"https:\/\/sdf.hr\/wp-content\/uploads\/2023\/07\/Ulica.jpg\" alt=\"\" width=\"2188\" height=\"1641\" srcset=\"https:\/\/sdf.hr\/wp-content\/uploads\/2023\/07\/Ulica.jpg 2188w, https:\/\/sdf.hr\/wp-content\/uploads\/2023\/07\/Ulica-300x225.jpg 300w, https:\/\/sdf.hr\/wp-content\/uploads\/2023\/07\/Ulica-1024x768.jpg 1024w, https:\/\/sdf.hr\/wp-content\/uploads\/2023\/07\/Ulica-768x576.jpg 768w, https:\/\/sdf.hr\/wp-content\/uploads\/2023\/07\/Ulica-1536x1152.jpg 1536w, https:\/\/sdf.hr\/wp-content\/uploads\/2023\/07\/Ulica-2048x1536.jpg 2048w\" sizes=\"auto, (max-width: 2188px) 100vw, 2188px\" \/><figcaption id=\"caption-attachment-3530\" class=\"wp-caption-text\">Djeli\u0107 Ulice Veselka Ten\u017eere (Foto: Lidija \u010culo)<\/figcaption><\/figure>\n<p>Majmunska psihologija taksija, dovikivanja i stiskanja u tramvaju, sporta\u0161i koji su svra\u0107aju\u0107i na gemba\u010d tijekom tr\u010danja po nasipu vi\u0161e kila natukli nego izgubili, fenomen zagreba\u010dkog (ali ne i beogradskog ili splitskog) malogra\u0111anina, dinarske moralisti\u010dke sjekire, ideologiziranje zabave i plesa od kojeg mu je TV dobio rock-proljev, Dinamo kao me\u0111uvrijeme izme\u0111u \u017eenidbe i razvoda, o\u0161tri psi i jo\u0161 o\u0161triji vlasnici podsljemenskih vila, uniformiranje osobenja\u0161tva i komercijalizacija protesta \u2013 samo su neki od detalja na kojima je tako pronicljivo krojio sociologiju i psihologiju Zagreba, prokazuju\u0107i glupost, ta\u0161tinu i la\u017eni moral, kako gomile, tako i autoriteta, osvjetljavaju\u0107i &#8220;urbanu le\u0161inu&#8221; do kosti.<\/p>\n<p>Mo\u017eda je ba\u0161 kao do\u0161ljak mogao lak\u0161e proricati kroz talog u koji su drugi utopljeni ro\u0111enjem, no svojedobno je iznenadio i svog zemljaka <strong>\u0106iru Bla\u017eevi\u0107a<\/strong> kada je na vrhuncu njegove popularnosti u Dinamu pucao na gol pitanjem &#8220;Ho\u0107e li jal ovoga grada pojesti i \u0106iru?&#8221; \u010citaju\u0107i to u Vjesniku, \u0106iro se udubio da provjeri varaju li njega o\u010di ili Ten\u017eeru zdrav razum. O \u010demu ovaj pi\u0161e \u010dovje\u010de Bo\u017eji, rekao je, pa zar ne vidi da me svi vole? A kada je godinama kasnije do\u017eivio da mu deseci tisu\u0107a navija\u010da na tribini vi\u010du &#8220;\u0106iro pederu!&#8221; i kada nije bio siguran ho\u0107e li sti\u0107i do klupe ili se sru\u0161iti od nemo\u0107i, shvatio je da je pisac odavno zabio taj gol \u2013 samo ga on u slavljenju svog nije vidio.<\/p>\n<p>Ten\u017eera je umro 1985., u 43. godini \u017eivota tijekom operacije srca u KB Dubrava. Njegovi feljtoni posthumno su 1987. godine ukori\u010deni u &#8220;Za\u0161to volim Zagreb&#8221; \u2013 knjigu koja je postala jedan od razloga za\u0161to volim(o) Zagreb \u2013 a po njemu su nazvane novinarske nagrade koje su dodjeljivali Danas i HND (institucija \u010dije su mu se nagrade i kriteriji, ironi\u010dno, gadili). Nedaleko od Vjesnikovog nebodera i kraj Zagrep\u010danke, u zelenilu breza i smreka, okru\u017eena cvije\u0107em i socijalisti\u010dkim &#8220;neboderima koji su rastjerale krave&#8221;, danas prikladno le\u017ei mala Ulica Veselka Ten\u017eere.<\/p>\n<p>\u0160to bi sve imao za re\u0107i o vremenima koja su tek dolazila mo\u017eemo naga\u0111ati po onoj &#8220;princip je isti, ostalo su nijanse&#8221;. Promatraju\u0107i nakon svega grad kontejnera, skeli, dizalica, raspalih fasada i raskopanih ulica, u prazno ljeto kada &#8220;samo mi koji smo malo morbidni ostajemo u gradovima&#8221;, \u010dini se te\u017eim od nas samih poduhvat da ne opsujemo ra\u010dune za nepostoje\u0107u toplu vodu i rezignirano zaklju\u010dimo kako nam ona ljeti ipak ne treba. Raskopan je \u010dak i Mirogoj, Ten\u017eerino posljednje po\u010divali\u0161te, a zgradu njegovog Vjesnika krase grafiti &#8220;Bitno da je nekad bilo lepo&#8221; i &#8220;Kad \u0107e vi\u0161e nuklearne rakete?&#8221;.<\/p>\n<p>&#8220;Kad \u010dovjek prestane u\u010diti, postaje starcem: li\u0161en volje da razori pljesnivu naviku ili skleroti\u010dnu dogmu i zamijeni ih novim navikama i novim spoznajama, on apati\u010dno pluta vremenom tro\u0161e\u0107i se u cinizmu i rezignaciji. Sli\u010dno je i s gradovima, samo su posljedice stra\u0161nije jer se pretvaraju u nemile hipoteke budu\u0107nosti koja postaje zarobljenikom biv\u0161eg&#8221;, pisao je u &#8220;Pozdravu raskopanom Zagrebu&#8221;. Iza njegovih sarkasti\u010dnih strjelica, unato\u010d svemu, nikad nije bilo predaje ve\u0107 duboke ljubavi i energije za grad koji je &#8220;ina\u010de lijep&#8221;. Kritiziraju\u0107i ga, nije gubio smisao za humor ni duh, podsje\u0107aju\u0107i nas kako je &#8220;neoprostivo ako ne napravimo ono \u0161to mo\u017eemo, na na\u010din koji mo\u017eemo, s idejama i talentima kojima raspola\u017eemo&#8221;. Ne bi bilo lo\u0161e kao lijek protiv apatije s vremena na vrijeme prelistati njegove feljtone. U raskopanom gradu fali zidara, fali pjesnika, fali Veselko Ten\u017eera.<\/p>\n<p><em>pi\u0161e Lidija \u010culo<\/em><\/p>\n","protected":false},"excerpt":{"rendered":"<p>Pronicljivo je krojio sociologiju i psihologiju Zagreba, prokazuju\u0107i glupost, ta\u0161tinu i la\u017eni moral, kako gomile, tako i autoriteta. Iza njegovih sarkasti\u010dnih strjelica, unato\u010d svemu, nikad nije bilo predaje ve\u0107 duboke ljubavi i energije za grad<\/p>\n","protected":false},"featured_media":3529,"template":"","tags":[136],"atribut":[],"class_list":["post-3532","nada","type-nada","status-publish","has-post-thumbnail","hentry","tag-portret"],"acf":[],"yoast_head":"<!-- This site is optimized with the Yoast SEO plugin v27.4 - https:\/\/yoast.com\/product\/yoast-seo-wordpress\/ -->\n<title>Fali Veselko - SDF - Srpski demokratski forum<\/title>\n<meta name=\"robots\" content=\"index, follow, max-snippet:-1, max-image-preview:large, max-video-preview:-1\" \/>\n<link rel=\"canonical\" href=\"https:\/\/sdf.hr\/hr\/nada\/fali-veselko\/\" \/>\n<meta property=\"og:locale\" content=\"hr_HR\" \/>\n<meta property=\"og:type\" content=\"article\" \/>\n<meta property=\"og:title\" content=\"Fali Veselko - SDF - Srpski demokratski forum\" \/>\n<meta property=\"og:description\" content=\"Pronicljivo je krojio sociologiju i psihologiju Zagreba, prokazuju\u0107i glupost, ta\u0161tinu i la\u017eni moral, kako gomile, tako i autoriteta. Iza njegovih sarkasti\u010dnih strjelica, unato\u010d svemu, nikad nije bilo predaje ve\u0107 duboke ljubavi i energije za grad\" \/>\n<meta property=\"og:url\" content=\"https:\/\/sdf.hr\/hr\/nada\/fali-veselko\/\" \/>\n<meta property=\"og:site_name\" content=\"SDF - Srpski demokratski forum\" \/>\n<meta property=\"og:image\" content=\"https:\/\/sdf.hr\/wp-content\/uploads\/2023\/07\/Ulica.jpg\" \/>\n<meta name=\"twitter:card\" content=\"summary_large_image\" \/>\n<meta name=\"twitter:label1\" content=\"Procijenjeno vrijeme \u010ditanja\" \/>\n\t<meta name=\"twitter:data1\" content=\"6 minuta\" \/>\n<script type=\"application\/ld+json\" class=\"yoast-schema-graph\">{\"@context\":\"https:\\\/\\\/schema.org\",\"@graph\":[{\"@type\":\"WebPage\",\"@id\":\"https:\\\/\\\/sdf.hr\\\/hr\\\/nada\\\/fali-veselko\\\/\",\"url\":\"https:\\\/\\\/sdf.hr\\\/hr\\\/nada\\\/fali-veselko\\\/\",\"name\":\"Fali Veselko - SDF - Srpski demokratski forum\",\"isPartOf\":{\"@id\":\"https:\\\/\\\/sdf.hr\\\/#website\"},\"primaryImageOfPage\":{\"@id\":\"https:\\\/\\\/sdf.hr\\\/hr\\\/nada\\\/fali-veselko\\\/#primaryimage\"},\"image\":{\"@id\":\"https:\\\/\\\/sdf.hr\\\/hr\\\/nada\\\/fali-veselko\\\/#primaryimage\"},\"thumbnailUrl\":\"https:\\\/\\\/sdf.hr\\\/wp-content\\\/uploads\\\/2023\\\/07\\\/Veselko_Tenzera.jpg\",\"datePublished\":\"2023-07-20T14:28:26+00:00\",\"breadcrumb\":{\"@id\":\"https:\\\/\\\/sdf.hr\\\/hr\\\/nada\\\/fali-veselko\\\/#breadcrumb\"},\"inLanguage\":\"hr\",\"potentialAction\":[{\"@type\":\"ReadAction\",\"target\":[\"https:\\\/\\\/sdf.hr\\\/hr\\\/nada\\\/fali-veselko\\\/\"]}]},{\"@type\":\"ImageObject\",\"inLanguage\":\"hr\",\"@id\":\"https:\\\/\\\/sdf.hr\\\/hr\\\/nada\\\/fali-veselko\\\/#primaryimage\",\"url\":\"https:\\\/\\\/sdf.hr\\\/wp-content\\\/uploads\\\/2023\\\/07\\\/Veselko_Tenzera.jpg\",\"contentUrl\":\"https:\\\/\\\/sdf.hr\\\/wp-content\\\/uploads\\\/2023\\\/07\\\/Veselko_Tenzera.jpg\",\"width\":817,\"height\":550,\"caption\":\"Vesleko Ten\u017eera (Izvor: Wikipedija)\"},{\"@type\":\"BreadcrumbList\",\"@id\":\"https:\\\/\\\/sdf.hr\\\/hr\\\/nada\\\/fali-veselko\\\/#breadcrumb\",\"itemListElement\":[{\"@type\":\"ListItem\",\"position\":1,\"name\":\"Po\u010detna stranica\",\"item\":\"https:\\\/\\\/sdf.hr\\\/hr\\\/\"},{\"@type\":\"ListItem\",\"position\":2,\"name\":\"Nada\",\"item\":\"https:\\\/\\\/sdf.hr\\\/nada\\\/\"},{\"@type\":\"ListItem\",\"position\":3,\"name\":\"Fali Veselko\"}]},{\"@type\":\"WebSite\",\"@id\":\"https:\\\/\\\/sdf.hr\\\/#website\",\"url\":\"https:\\\/\\\/sdf.hr\\\/\",\"name\":\"SDF - Srpski demokratski forum\",\"description\":\"Srpski demokratski forum\",\"publisher\":{\"@id\":\"https:\\\/\\\/sdf.hr\\\/#organization\"},\"potentialAction\":[{\"@type\":\"SearchAction\",\"target\":{\"@type\":\"EntryPoint\",\"urlTemplate\":\"https:\\\/\\\/sdf.hr\\\/?s={search_term_string}\"},\"query-input\":{\"@type\":\"PropertyValueSpecification\",\"valueRequired\":true,\"valueName\":\"search_term_string\"}}],\"inLanguage\":\"hr\"},{\"@type\":\"Organization\",\"@id\":\"https:\\\/\\\/sdf.hr\\\/#organization\",\"name\":\"SDF - Srpski demokratski forum\",\"url\":\"https:\\\/\\\/sdf.hr\\\/\",\"logo\":{\"@type\":\"ImageObject\",\"inLanguage\":\"hr\",\"@id\":\"https:\\\/\\\/sdf.hr\\\/#\\\/schema\\\/logo\\\/image\\\/\",\"url\":\"https:\\\/\\\/sdf.hr\\\/wp-content\\\/uploads\\\/2021\\\/07\\\/logo-hr.svg\",\"contentUrl\":\"https:\\\/\\\/sdf.hr\\\/wp-content\\\/uploads\\\/2021\\\/07\\\/logo-hr.svg\",\"width\":271,\"height\":100,\"caption\":\"SDF - Srpski demokratski forum\"},\"image\":{\"@id\":\"https:\\\/\\\/sdf.hr\\\/#\\\/schema\\\/logo\\\/image\\\/\"}}]}<\/script>\n<!-- \/ Yoast SEO plugin. -->","yoast_head_json":{"title":"Fali Veselko - SDF - Srpski demokratski forum","robots":{"index":"index","follow":"follow","max-snippet":"max-snippet:-1","max-image-preview":"max-image-preview:large","max-video-preview":"max-video-preview:-1"},"canonical":"https:\/\/sdf.hr\/hr\/nada\/fali-veselko\/","og_locale":"hr_HR","og_type":"article","og_title":"Fali Veselko - SDF - Srpski demokratski forum","og_description":"Pronicljivo je krojio sociologiju i psihologiju Zagreba, prokazuju\u0107i glupost, ta\u0161tinu i la\u017eni moral, kako gomile, tako i autoriteta. Iza njegovih sarkasti\u010dnih strjelica, unato\u010d svemu, nikad nije bilo predaje ve\u0107 duboke ljubavi i energije za grad","og_url":"https:\/\/sdf.hr\/hr\/nada\/fali-veselko\/","og_site_name":"SDF - Srpski demokratski forum","og_image":[{"url":"https:\/\/sdf.hr\/wp-content\/uploads\/2023\/07\/Ulica.jpg","type":"","width":"","height":""}],"twitter_card":"summary_large_image","twitter_misc":{"Procijenjeno vrijeme \u010ditanja":"6 minuta"},"schema":{"@context":"https:\/\/schema.org","@graph":[{"@type":"WebPage","@id":"https:\/\/sdf.hr\/hr\/nada\/fali-veselko\/","url":"https:\/\/sdf.hr\/hr\/nada\/fali-veselko\/","name":"Fali Veselko - SDF - Srpski demokratski forum","isPartOf":{"@id":"https:\/\/sdf.hr\/#website"},"primaryImageOfPage":{"@id":"https:\/\/sdf.hr\/hr\/nada\/fali-veselko\/#primaryimage"},"image":{"@id":"https:\/\/sdf.hr\/hr\/nada\/fali-veselko\/#primaryimage"},"thumbnailUrl":"https:\/\/sdf.hr\/wp-content\/uploads\/2023\/07\/Veselko_Tenzera.jpg","datePublished":"2023-07-20T14:28:26+00:00","breadcrumb":{"@id":"https:\/\/sdf.hr\/hr\/nada\/fali-veselko\/#breadcrumb"},"inLanguage":"hr","potentialAction":[{"@type":"ReadAction","target":["https:\/\/sdf.hr\/hr\/nada\/fali-veselko\/"]}]},{"@type":"ImageObject","inLanguage":"hr","@id":"https:\/\/sdf.hr\/hr\/nada\/fali-veselko\/#primaryimage","url":"https:\/\/sdf.hr\/wp-content\/uploads\/2023\/07\/Veselko_Tenzera.jpg","contentUrl":"https:\/\/sdf.hr\/wp-content\/uploads\/2023\/07\/Veselko_Tenzera.jpg","width":817,"height":550,"caption":"Vesleko Ten\u017eera (Izvor: Wikipedija)"},{"@type":"BreadcrumbList","@id":"https:\/\/sdf.hr\/hr\/nada\/fali-veselko\/#breadcrumb","itemListElement":[{"@type":"ListItem","position":1,"name":"Po\u010detna stranica","item":"https:\/\/sdf.hr\/hr\/"},{"@type":"ListItem","position":2,"name":"Nada","item":"https:\/\/sdf.hr\/nada\/"},{"@type":"ListItem","position":3,"name":"Fali Veselko"}]},{"@type":"WebSite","@id":"https:\/\/sdf.hr\/#website","url":"https:\/\/sdf.hr\/","name":"SDF - Srpski demokratski forum","description":"Srpski demokratski forum","publisher":{"@id":"https:\/\/sdf.hr\/#organization"},"potentialAction":[{"@type":"SearchAction","target":{"@type":"EntryPoint","urlTemplate":"https:\/\/sdf.hr\/?s={search_term_string}"},"query-input":{"@type":"PropertyValueSpecification","valueRequired":true,"valueName":"search_term_string"}}],"inLanguage":"hr"},{"@type":"Organization","@id":"https:\/\/sdf.hr\/#organization","name":"SDF - Srpski demokratski forum","url":"https:\/\/sdf.hr\/","logo":{"@type":"ImageObject","inLanguage":"hr","@id":"https:\/\/sdf.hr\/#\/schema\/logo\/image\/","url":"https:\/\/sdf.hr\/wp-content\/uploads\/2021\/07\/logo-hr.svg","contentUrl":"https:\/\/sdf.hr\/wp-content\/uploads\/2021\/07\/logo-hr.svg","width":271,"height":100,"caption":"SDF - Srpski demokratski forum"},"image":{"@id":"https:\/\/sdf.hr\/#\/schema\/logo\/image\/"}}]}},"_links":{"self":[{"href":"https:\/\/sdf.hr\/hr\/wp-json\/wp\/v2\/nada\/3532","targetHints":{"allow":["GET"]}}],"collection":[{"href":"https:\/\/sdf.hr\/hr\/wp-json\/wp\/v2\/nada"}],"about":[{"href":"https:\/\/sdf.hr\/hr\/wp-json\/wp\/v2\/types\/nada"}],"wp:featuredmedia":[{"embeddable":true,"href":"https:\/\/sdf.hr\/hr\/wp-json\/wp\/v2\/media\/3529"}],"wp:attachment":[{"href":"https:\/\/sdf.hr\/hr\/wp-json\/wp\/v2\/media?parent=3532"}],"wp:term":[{"taxonomy":"post_tag","embeddable":true,"href":"https:\/\/sdf.hr\/hr\/wp-json\/wp\/v2\/tags?post=3532"},{"taxonomy":"atribut","embeddable":true,"href":"https:\/\/sdf.hr\/hr\/wp-json\/wp\/v2\/atribut?post=3532"}],"curies":[{"name":"wp","href":"https:\/\/api.w.org\/{rel}","templated":true}]}}