{"id":3536,"date":"2023-07-21T11:59:03","date_gmt":"2023-07-21T09:59:03","guid":{"rendered":"https:\/\/sdf.hr\/nada\/pekmez-od-marelice\/"},"modified":"2023-07-21T12:00:13","modified_gmt":"2023-07-21T10:00:13","slug":"pekmez-od-marelice","status":"publish","type":"nada","link":"https:\/\/sdf.hr\/hr\/nada\/pekmez-od-marelice\/","title":{"rendered":"Pekmez od marelice"},"content":{"rendered":"<p>Obo\u017eavam pripremati zimnicu pa se kod mene na policama starog kredenca u podrumu uvijek na\u0111u staklenke doma\u0107eg pekmeza, likeri, ukiseljeno povr\u0107e, su\u0161ene gljive, suhe trave za \u010daj ili za\u010dini. Po\u0161to marelice dozrijevaju ljeti, kuhanje pekmeza i nije najugodniji do\u017eivljaj, ali kada je u pitanju ovaj pekmez, nije mi te\u0161ko niti po vru\u0107ini stajati uz \u0161tednjak. Pekmez od marelica pripremam svake sezone jer je nezamjenjiv, bilo kao namaz na maslacu i doma\u0107em kruhu ili u kola\u010dima. Pala\u010dinke, buhtle, kiflice, krafne, londoneri ili sacher torta su nezamislivi bez ovog pekmeza. Osim \u0161to ga koristim u svojoj kuhinji, najsla\u0111e mi ga je pokloniti obitelji, prijateljima ili gostima jer su te slatke teglice uvijek omiljeni pokloni.<\/p>\n<p>\u017dao mi je \u0161to marelice ba\u0161 ne uspijevaju kod nas u Gorskom kotaru pa ih uvijek moram kupiti, no nastojim od doma\u0107ih proizvo\u0111a\u010da. Kod nabave marelica za pekmez pripazite da su dovoljno zrele jer \u0107e biti ukusniji, bit \u0107e ljep\u0161e boje i kra\u0107e \u0107ete ga morati kuhati. Ukoliko plodovi imaju o\u0161te\u0107enja ili trulih dijelova, valja ih o\u010distiti i ukloniti da se pekmez ne bi kvario.<\/p>\n<p>Za kuhanje pekmeza uvijek koristim one starinske, te\u0161ke, crne posude \u0161irokog dna jer su mi se pokazale kao najbolje. Staklenke pripremite unaprijed, operite ih i posu\u0161ite. Ukoliko je potrebno, zamijenite stare poklopce novima. Za ovaj pekmez koristim \u017eelin kod ukuhavanja jer mi ina\u010de bude prerijedak. Naravno, mo\u017ee i bez \u017eelina, kao \u0161to se nekad radilo, samo ga tada treba dugo kuhati. U receptu je omjer sastojaka za jedan paketi\u0107 \u017eelina pa pove\u0107ajte koli\u010dine po potrebi, ali uglavnom ide 500 grama \u0161e\u0107era na kilogram o\u010di\u0161\u0107enih marelica.<\/p>\n<p>&nbsp;<\/p>\n<p><strong><em>Sastojci:<\/em><\/strong><\/p>\n<p>3 kg zrelih, o\u010di\u0161\u0107enih marelica<\/p>\n<p>1,5 g kristal \u0161e\u0107era<\/p>\n<p>3 do 4 limuna (sok)<\/p>\n<p>1 paketi\u0107 \u017eelina<\/p>\n<p>&nbsp;<\/p>\n<p><strong><em>Priprema:<\/em><\/strong><\/p>\n<p>Operite i malo posu\u0161ite marelice pa im izvadite ko\u0161ticu. Izva\u017eite vo\u0107e i stavite u prikladnu posudu. Pospite s polovicom potrebnog \u0161e\u0107era te dodajte limunov sok pa promije\u0161ajte. Zdjelu pokrijte i ostavite da stoji preko no\u0107i na hladnom mjestu.<\/p>\n<p>Idu\u0107eg dana smjestite posudu na plamenik na umjerenu vatru (idealno ako to mo\u017eete raditi u dvori\u0161tu) i mije\u0161aju\u0107i kuhajte smjesu dok se marelice ne po\u010dnu raspadati. Ja ih jo\u0161 usitnim \u0161tapnim mikserom, ali vi ne morate. Dodajte ostatak \u0161e\u0107era (ostavite dvije do tri \u017elice za pomije\u0161ati sa \u017eelinom) pa ku\u0161ajte odgovaraju li vam okusi. Mo\u017eete dodati jo\u0161 limuna ili jo\u0161 \u0161e\u0107era, ovisno kakve marelice imate pa kuhajte jo\u0161 nekih 30 minuta. \u017delin pomije\u0161ajte s dvije do tri \u017elice \u0161e\u0107era i dodajte pekmezu. Kuhajte jo\u0161 pet do 10 minuta.<\/p>\n<p>Oprane i osu\u0161ene staklenke i poklopce (metalne) stavite u pe\u0107nicu na 100 stupnjeva da se steriliziraju. Kuhani, vru\u0107i pekmez sipajte u vru\u0107e staklenke pa stavite na 10 minuta u pe\u0107nicu na 100 stupnjeva. Zatim ih odmah zatvorite. Okrenite ih naopako na par minuta pa vratite i ostavite u isklju\u010denoj, toploj pe\u0107nici da se hlade. Kako se pekmez hladi, napravit \u0107e se vakuum \u0161to \u0107e va\u0161 pekmez \u010duvati od kvarenja. Staklenke \u010duvajte u smo\u010dnici na tamnom i suhom mjestu.<\/p>\n<p>Dobar tek!<\/p>\n<p><em>pi\u0161e Valentina Vukadinovi\u0107<\/em><\/p>\n","protected":false},"excerpt":{"rendered":"<p>Pekmez od marelica pripremam svake sezone jer je nezamjenjiv, bilo kao namaz na maslacu i doma\u0107em kruhu ili u kola\u010dima. Pala\u010dinke, buhtle, kiflice, krafne i londoneri su nezamislivi bez njega<\/p>\n","protected":false},"featured_media":3535,"template":"","tags":[42],"atribut":[],"class_list":["post-3536","nada","type-nada","status-publish","has-post-thumbnail","hentry","tag-gorski-kotao"],"acf":[],"yoast_head":"<!-- This site is optimized with the Yoast SEO plugin v27.4 - https:\/\/yoast.com\/product\/yoast-seo-wordpress\/ -->\n<title>Pekmez od marelice - SDF - Srpski demokratski forum<\/title>\n<meta name=\"robots\" content=\"index, follow, max-snippet:-1, max-image-preview:large, max-video-preview:-1\" \/>\n<link rel=\"canonical\" href=\"https:\/\/sdf.hr\/hr\/nada\/pekmez-od-marelice\/\" \/>\n<meta property=\"og:locale\" content=\"hr_HR\" \/>\n<meta property=\"og:type\" content=\"article\" \/>\n<meta property=\"og:title\" content=\"Pekmez od marelice - SDF - Srpski demokratski forum\" \/>\n<meta property=\"og:description\" content=\"Pekmez od marelica pripremam svake sezone jer je nezamjenjiv, bilo kao namaz na maslacu i doma\u0107em kruhu ili u kola\u010dima. Pala\u010dinke, buhtle, kiflice, krafne i londoneri su nezamislivi bez njega\" \/>\n<meta property=\"og:url\" content=\"https:\/\/sdf.hr\/hr\/nada\/pekmez-od-marelice\/\" \/>\n<meta property=\"og:site_name\" content=\"SDF - Srpski demokratski forum\" \/>\n<meta property=\"article:modified_time\" content=\"2023-07-21T10:00:13+00:00\" \/>\n<meta property=\"og:image\" content=\"https:\/\/sdf.hr\/wp-content\/uploads\/2023\/07\/Pekmez-1024x947.jpg\" \/>\n\t<meta property=\"og:image:width\" content=\"1024\" \/>\n\t<meta property=\"og:image:height\" content=\"947\" \/>\n\t<meta property=\"og:image:type\" content=\"image\/jpeg\" \/>\n<meta name=\"twitter:card\" content=\"summary_large_image\" \/>\n<meta name=\"twitter:label1\" content=\"Procijenjeno vrijeme \u010ditanja\" \/>\n\t<meta name=\"twitter:data1\" content=\"3 minute\" \/>\n<script type=\"application\/ld+json\" class=\"yoast-schema-graph\">{\"@context\":\"https:\\\/\\\/schema.org\",\"@graph\":[{\"@type\":\"WebPage\",\"@id\":\"https:\\\/\\\/sdf.hr\\\/hr\\\/nada\\\/pekmez-od-marelice\\\/\",\"url\":\"https:\\\/\\\/sdf.hr\\\/hr\\\/nada\\\/pekmez-od-marelice\\\/\",\"name\":\"Pekmez od marelice - SDF - Srpski demokratski forum\",\"isPartOf\":{\"@id\":\"https:\\\/\\\/sdf.hr\\\/#website\"},\"primaryImageOfPage\":{\"@id\":\"https:\\\/\\\/sdf.hr\\\/hr\\\/nada\\\/pekmez-od-marelice\\\/#primaryimage\"},\"image\":{\"@id\":\"https:\\\/\\\/sdf.hr\\\/hr\\\/nada\\\/pekmez-od-marelice\\\/#primaryimage\"},\"thumbnailUrl\":\"https:\\\/\\\/sdf.hr\\\/wp-content\\\/uploads\\\/2023\\\/07\\\/Pekmez.jpg\",\"datePublished\":\"2023-07-21T09:59:03+00:00\",\"dateModified\":\"2023-07-21T10:00:13+00:00\",\"breadcrumb\":{\"@id\":\"https:\\\/\\\/sdf.hr\\\/hr\\\/nada\\\/pekmez-od-marelice\\\/#breadcrumb\"},\"inLanguage\":\"hr\",\"potentialAction\":[{\"@type\":\"ReadAction\",\"target\":[\"https:\\\/\\\/sdf.hr\\\/hr\\\/nada\\\/pekmez-od-marelice\\\/\"]}]},{\"@type\":\"ImageObject\",\"inLanguage\":\"hr\",\"@id\":\"https:\\\/\\\/sdf.hr\\\/hr\\\/nada\\\/pekmez-od-marelice\\\/#primaryimage\",\"url\":\"https:\\\/\\\/sdf.hr\\\/wp-content\\\/uploads\\\/2023\\\/07\\\/Pekmez.jpg\",\"contentUrl\":\"https:\\\/\\\/sdf.hr\\\/wp-content\\\/uploads\\\/2023\\\/07\\\/Pekmez.jpg\",\"width\":1953,\"height\":1806},{\"@type\":\"BreadcrumbList\",\"@id\":\"https:\\\/\\\/sdf.hr\\\/hr\\\/nada\\\/pekmez-od-marelice\\\/#breadcrumb\",\"itemListElement\":[{\"@type\":\"ListItem\",\"position\":1,\"name\":\"Po\u010detna stranica\",\"item\":\"https:\\\/\\\/sdf.hr\\\/hr\\\/\"},{\"@type\":\"ListItem\",\"position\":2,\"name\":\"Nada\",\"item\":\"https:\\\/\\\/sdf.hr\\\/nada\\\/\"},{\"@type\":\"ListItem\",\"position\":3,\"name\":\"Pekmez od marelice\"}]},{\"@type\":\"WebSite\",\"@id\":\"https:\\\/\\\/sdf.hr\\\/#website\",\"url\":\"https:\\\/\\\/sdf.hr\\\/\",\"name\":\"SDF - Srpski demokratski forum\",\"description\":\"Srpski demokratski forum\",\"publisher\":{\"@id\":\"https:\\\/\\\/sdf.hr\\\/#organization\"},\"potentialAction\":[{\"@type\":\"SearchAction\",\"target\":{\"@type\":\"EntryPoint\",\"urlTemplate\":\"https:\\\/\\\/sdf.hr\\\/?s={search_term_string}\"},\"query-input\":{\"@type\":\"PropertyValueSpecification\",\"valueRequired\":true,\"valueName\":\"search_term_string\"}}],\"inLanguage\":\"hr\"},{\"@type\":\"Organization\",\"@id\":\"https:\\\/\\\/sdf.hr\\\/#organization\",\"name\":\"SDF - Srpski demokratski forum\",\"url\":\"https:\\\/\\\/sdf.hr\\\/\",\"logo\":{\"@type\":\"ImageObject\",\"inLanguage\":\"hr\",\"@id\":\"https:\\\/\\\/sdf.hr\\\/#\\\/schema\\\/logo\\\/image\\\/\",\"url\":\"https:\\\/\\\/sdf.hr\\\/wp-content\\\/uploads\\\/2021\\\/07\\\/logo-hr.svg\",\"contentUrl\":\"https:\\\/\\\/sdf.hr\\\/wp-content\\\/uploads\\\/2021\\\/07\\\/logo-hr.svg\",\"width\":271,\"height\":100,\"caption\":\"SDF - Srpski demokratski forum\"},\"image\":{\"@id\":\"https:\\\/\\\/sdf.hr\\\/#\\\/schema\\\/logo\\\/image\\\/\"}}]}<\/script>\n<!-- \/ Yoast SEO plugin. -->","yoast_head_json":{"title":"Pekmez od marelice - SDF - Srpski demokratski forum","robots":{"index":"index","follow":"follow","max-snippet":"max-snippet:-1","max-image-preview":"max-image-preview:large","max-video-preview":"max-video-preview:-1"},"canonical":"https:\/\/sdf.hr\/hr\/nada\/pekmez-od-marelice\/","og_locale":"hr_HR","og_type":"article","og_title":"Pekmez od marelice - SDF - Srpski demokratski forum","og_description":"Pekmez od marelica pripremam svake sezone jer je nezamjenjiv, bilo kao namaz na maslacu i doma\u0107em kruhu ili u kola\u010dima. Pala\u010dinke, buhtle, kiflice, krafne i londoneri su nezamislivi bez njega","og_url":"https:\/\/sdf.hr\/hr\/nada\/pekmez-od-marelice\/","og_site_name":"SDF - Srpski demokratski forum","article_modified_time":"2023-07-21T10:00:13+00:00","og_image":[{"width":1024,"height":947,"url":"https:\/\/sdf.hr\/wp-content\/uploads\/2023\/07\/Pekmez-1024x947.jpg","type":"image\/jpeg"}],"twitter_card":"summary_large_image","twitter_misc":{"Procijenjeno vrijeme \u010ditanja":"3 minute"},"schema":{"@context":"https:\/\/schema.org","@graph":[{"@type":"WebPage","@id":"https:\/\/sdf.hr\/hr\/nada\/pekmez-od-marelice\/","url":"https:\/\/sdf.hr\/hr\/nada\/pekmez-od-marelice\/","name":"Pekmez od marelice - SDF - Srpski demokratski forum","isPartOf":{"@id":"https:\/\/sdf.hr\/#website"},"primaryImageOfPage":{"@id":"https:\/\/sdf.hr\/hr\/nada\/pekmez-od-marelice\/#primaryimage"},"image":{"@id":"https:\/\/sdf.hr\/hr\/nada\/pekmez-od-marelice\/#primaryimage"},"thumbnailUrl":"https:\/\/sdf.hr\/wp-content\/uploads\/2023\/07\/Pekmez.jpg","datePublished":"2023-07-21T09:59:03+00:00","dateModified":"2023-07-21T10:00:13+00:00","breadcrumb":{"@id":"https:\/\/sdf.hr\/hr\/nada\/pekmez-od-marelice\/#breadcrumb"},"inLanguage":"hr","potentialAction":[{"@type":"ReadAction","target":["https:\/\/sdf.hr\/hr\/nada\/pekmez-od-marelice\/"]}]},{"@type":"ImageObject","inLanguage":"hr","@id":"https:\/\/sdf.hr\/hr\/nada\/pekmez-od-marelice\/#primaryimage","url":"https:\/\/sdf.hr\/wp-content\/uploads\/2023\/07\/Pekmez.jpg","contentUrl":"https:\/\/sdf.hr\/wp-content\/uploads\/2023\/07\/Pekmez.jpg","width":1953,"height":1806},{"@type":"BreadcrumbList","@id":"https:\/\/sdf.hr\/hr\/nada\/pekmez-od-marelice\/#breadcrumb","itemListElement":[{"@type":"ListItem","position":1,"name":"Po\u010detna stranica","item":"https:\/\/sdf.hr\/hr\/"},{"@type":"ListItem","position":2,"name":"Nada","item":"https:\/\/sdf.hr\/nada\/"},{"@type":"ListItem","position":3,"name":"Pekmez od marelice"}]},{"@type":"WebSite","@id":"https:\/\/sdf.hr\/#website","url":"https:\/\/sdf.hr\/","name":"SDF - Srpski demokratski forum","description":"Srpski demokratski forum","publisher":{"@id":"https:\/\/sdf.hr\/#organization"},"potentialAction":[{"@type":"SearchAction","target":{"@type":"EntryPoint","urlTemplate":"https:\/\/sdf.hr\/?s={search_term_string}"},"query-input":{"@type":"PropertyValueSpecification","valueRequired":true,"valueName":"search_term_string"}}],"inLanguage":"hr"},{"@type":"Organization","@id":"https:\/\/sdf.hr\/#organization","name":"SDF - Srpski demokratski forum","url":"https:\/\/sdf.hr\/","logo":{"@type":"ImageObject","inLanguage":"hr","@id":"https:\/\/sdf.hr\/#\/schema\/logo\/image\/","url":"https:\/\/sdf.hr\/wp-content\/uploads\/2021\/07\/logo-hr.svg","contentUrl":"https:\/\/sdf.hr\/wp-content\/uploads\/2021\/07\/logo-hr.svg","width":271,"height":100,"caption":"SDF - Srpski demokratski forum"},"image":{"@id":"https:\/\/sdf.hr\/#\/schema\/logo\/image\/"}}]}},"_links":{"self":[{"href":"https:\/\/sdf.hr\/hr\/wp-json\/wp\/v2\/nada\/3536","targetHints":{"allow":["GET"]}}],"collection":[{"href":"https:\/\/sdf.hr\/hr\/wp-json\/wp\/v2\/nada"}],"about":[{"href":"https:\/\/sdf.hr\/hr\/wp-json\/wp\/v2\/types\/nada"}],"wp:featuredmedia":[{"embeddable":true,"href":"https:\/\/sdf.hr\/hr\/wp-json\/wp\/v2\/media\/3535"}],"wp:attachment":[{"href":"https:\/\/sdf.hr\/hr\/wp-json\/wp\/v2\/media?parent=3536"}],"wp:term":[{"taxonomy":"post_tag","embeddable":true,"href":"https:\/\/sdf.hr\/hr\/wp-json\/wp\/v2\/tags?post=3536"},{"taxonomy":"atribut","embeddable":true,"href":"https:\/\/sdf.hr\/hr\/wp-json\/wp\/v2\/atribut?post=3536"}],"curies":[{"name":"wp","href":"https:\/\/api.w.org\/{rel}","templated":true}]}}