{"id":3542,"date":"2023-07-28T10:14:40","date_gmt":"2023-07-28T08:14:40","guid":{"rendered":"https:\/\/sdf.hr\/nada\/jedan-zivot-s-megan\/"},"modified":"2023-07-28T10:15:58","modified_gmt":"2023-07-28T08:15:58","slug":"jedan-zivot-s-megan","status":"publish","type":"nada","link":"https:\/\/sdf.hr\/hr\/nada\/jedan-zivot-s-megan\/","title":{"rendered":"Jedan \u017eivot s Megan"},"content":{"rendered":"<p>Ameri\u010dka nogometna zvijezda <strong>Megan Rapinoe<\/strong> najavila je nedavno da se namjerava povu\u0107i po zavr\u0161etku ove sezone, pa \u0107e Svjetsko nogometno prvenstvo za \u017eene koje traje do 20. augusta biti njezin posljednji profesionalni turnir. U dva desetlje\u0107a dugu karijeru stalo je sve \u0161to sporta\u0161i(ce) mogu po\u017eeljeti, od olimpijskih zlata do osvajanja svjetskih prvenstava. Posebno je spektakularna za Rapinoe bila 2019. i Svjetsko prvenstvo \u2013 osvojila je Zlatnu kopa\u010dku kao najbolja strijelkinja te Zlatnu loptu za najbolju igra\u010dicu prvenstva.<\/p>\n<p>Ako se Rapinoe pita, zna\u010dajnija je ipak bila 2016., kada je prva me\u0111u bijelim sporta\u0161ima kleknula na zvuke ameri\u010dke nacionalne himne, u znak solidarnosti s prosvjedima protiv rasizma koje je potaknuo igra\u010d NFL-a <strong>Colin Kaepernick<\/strong>. Rapinoe je te jeseni kle\u010dala uo\u010di tri utakmice, jedne s klubom joj Reignom, te dvije reprezentativne prijateljske. Nedugo nakon toga Ameri\u010dki nogometni savez (USSF) donio je uredbu kojom se od reprezentativaca zahtijeva da stoje tijekom intonacije himne. Uredba je bila direktno usmjerena prema Rapinoe, a USSF se pravdao da samo tra\u017ei &#8220;pokazivanje po\u0161tovanja prema zastavi i himni&#8221;, nagla\u0161avaju\u0107i da sporta\u0161i(ce) &#8220;imaju privilegiju da predstavljaju SAD&#8221;.<\/p>\n<p>Kako u autobiografiji &#8220;One life&#8221; (&#8220;Jedan \u017eivot&#8221;) pi\u0161e Rapinoe, zbog kle\u010danja je izbornica ameri\u010dke \u017eenske reprezentacije <strong>Jill Ellis<\/strong> skoro prekinula njezinu reprezentativnu karijeru \u2013 mjesecima je Rapinoe dr\u017eala na klupi. U tom periodu nije mogla dobiti ni nova sportska sponzorstva. Iz tog je iskustva proizi\u0161lo shva\u0107anje da mijenjanje stvari nikad ne ide glatko. &#8220;Kad god poku\u0161avate biti saveznik u borbi, a to ide super lako i ugodno, niste saveznik. To je bila stvarno dobra lekcija za mene&#8221;, kazala je Rapinoe. Pri svome je stavu ostala i tijekom osvajanja Svjetskog prvenstva 2019., kada su ameri\u010dke nogometa\u0161ice bile slavljene diljem zemlje \u2013 na upit novinara o posjeti reprezentacije predsjedniku <strong>Donaldu Trumpu<\/strong> nakon turnira, Rapinoe je odgovorila: &#8220;Ne idem u jebenu Bijelu ku\u0107u.&#8221;<\/p>\n<p>Godinama je bila jedna od najglasnijih zagovarateljica jednake pla\u0107e za nogometa\u0161e i nogometa\u0161ice, \u0161to je lani rezultiralo povijesnim sporazumom kojim se USSF obvezao osigurati jednaku pla\u0107u za \u017eenske i mu\u0161ke reprezentacije na svim budu\u0107im utakmicama i turnirima. Dogovorom je okon\u010dan spor iz 2016. kada su ameri\u010dke reprezentativke podnijele federalnu tu\u017ebu zbog diskriminacije tvrde\u0107i da su pla\u0107ene manje od nogometa\u0161a iako ostvaruju vi\u0161e prihoda za USSF.<\/p>\n<p>Dru\u0161tveno va\u017eno bilo je i to da se Rapinoe 2012. outala da je gej, a godinama je i jedna od solidarnijih sporta\u0161ica kad su u pitanju prava trans ljudi. &#8220;Ljudi trebaju shvatiti da sport nije najva\u017enija stvar u \u017eivotu. \u017divot je najva\u017enija stvar u \u017eivotu (&#8230;) Djeca se ubijaju jer im se govori da su odvratni i druga\u010diji, zli i gre\u0161ni, da se ne mogu baviti sportom s prijateljima s kojima su odrasli. Da ne spominjem poku\u0161aje oduzimanja zdravstvene za\u0161tite. To je monstruozno. Ohrabrila bih sve koji se boje da \u0107e netko imati nepravednu prednost nad njihovim djetetom da zastanu i razmisle o \u010demu zapravo govorimo. Govorimo o \u017eivotima ljudi. \u017dao mi je, srednjo\u0161kolski odbojka\u0161ki tim va\u0161eg djeteta nije toliko va\u017ean&#8221;, kazala je u jednom intervjuu.<\/p>\n<p>Svih je ovih godina Rapinoe uz bijes i revolt zadr\u017eala blagost i radost, zabila osmijeha koliko i golova. Malo nam je jedan \u017eivot s Megan jer je, kako pi\u0161e novinar <strong>Dave Zirin<\/strong>, &#8220;jedna od onih radikala koji su \u017eestoki u svojim uvjerenjima, a blagi i suosje\u0107ajni u osobnim odnosima&#8221;.<\/p>\n<p><em>pi\u0161e Ivana Peri\u0107<\/em><\/p>\n","protected":false},"excerpt":{"rendered":"<p>&#8220;Kad god poku\u0161avate biti saveznik u borbi, a to ide super lako i ugodno, niste saveznik&#8221;, kazala je ameri\u010dka nogometna zvijezda Megan Rapinoe koja je nedavno najavila da se namjerava povu\u0107i po zavr\u0161etku ove sezone<\/p>\n","protected":false},"featured_media":3541,"template":"","tags":[40],"atribut":[],"class_list":["post-3542","nada","type-nada","status-publish","has-post-thumbnail","hentry","tag-dvokorak-naprijed"],"acf":[],"yoast_head":"<!-- This site is optimized with the Yoast SEO plugin v27.4 - https:\/\/yoast.com\/product\/yoast-seo-wordpress\/ -->\n<title>Jedan \u017eivot s Megan - SDF - Srpski demokratski forum<\/title>\n<meta name=\"robots\" content=\"index, follow, max-snippet:-1, max-image-preview:large, max-video-preview:-1\" \/>\n<link rel=\"canonical\" href=\"https:\/\/sdf.hr\/hr\/nada\/jedan-zivot-s-megan\/\" \/>\n<meta property=\"og:locale\" content=\"hr_HR\" \/>\n<meta property=\"og:type\" content=\"article\" \/>\n<meta property=\"og:title\" content=\"Jedan \u017eivot s Megan - SDF - Srpski demokratski forum\" \/>\n<meta property=\"og:description\" content=\"&quot;Kad god poku\u0161avate biti saveznik u borbi, a to ide super lako i ugodno, niste saveznik&quot;, kazala je ameri\u010dka nogometna zvijezda Megan Rapinoe koja je nedavno najavila da se namjerava povu\u0107i po zavr\u0161etku ove sezone\" \/>\n<meta property=\"og:url\" content=\"https:\/\/sdf.hr\/hr\/nada\/jedan-zivot-s-megan\/\" \/>\n<meta property=\"og:site_name\" content=\"SDF - Srpski demokratski forum\" \/>\n<meta property=\"article:modified_time\" content=\"2023-07-28T08:15:58+00:00\" \/>\n<meta property=\"og:image\" content=\"https:\/\/sdf.hr\/wp-content\/uploads\/2023\/07\/Rapinoe_Sipa-USA-scaled.jpg\" \/>\n\t<meta property=\"og:image:width\" content=\"2560\" \/>\n\t<meta property=\"og:image:height\" content=\"1787\" \/>\n\t<meta property=\"og:image:type\" content=\"image\/jpeg\" \/>\n<meta name=\"twitter:card\" content=\"summary_large_image\" \/>\n<meta name=\"twitter:label1\" content=\"Procijenjeno vrijeme \u010ditanja\" \/>\n\t<meta name=\"twitter:data1\" content=\"3 minute\" \/>\n<script type=\"application\/ld+json\" class=\"yoast-schema-graph\">{\"@context\":\"https:\\\/\\\/schema.org\",\"@graph\":[{\"@type\":\"WebPage\",\"@id\":\"https:\\\/\\\/sdf.hr\\\/hr\\\/nada\\\/jedan-zivot-s-megan\\\/\",\"url\":\"https:\\\/\\\/sdf.hr\\\/hr\\\/nada\\\/jedan-zivot-s-megan\\\/\",\"name\":\"Jedan \u017eivot s Megan - SDF - Srpski demokratski forum\",\"isPartOf\":{\"@id\":\"https:\\\/\\\/sdf.hr\\\/#website\"},\"primaryImageOfPage\":{\"@id\":\"https:\\\/\\\/sdf.hr\\\/hr\\\/nada\\\/jedan-zivot-s-megan\\\/#primaryimage\"},\"image\":{\"@id\":\"https:\\\/\\\/sdf.hr\\\/hr\\\/nada\\\/jedan-zivot-s-megan\\\/#primaryimage\"},\"thumbnailUrl\":\"https:\\\/\\\/sdf.hr\\\/wp-content\\\/uploads\\\/2023\\\/07\\\/Rapinoe_Sipa-USA-scaled.jpg\",\"datePublished\":\"2023-07-28T08:14:40+00:00\",\"dateModified\":\"2023-07-28T08:15:58+00:00\",\"breadcrumb\":{\"@id\":\"https:\\\/\\\/sdf.hr\\\/hr\\\/nada\\\/jedan-zivot-s-megan\\\/#breadcrumb\"},\"inLanguage\":\"hr\",\"potentialAction\":[{\"@type\":\"ReadAction\",\"target\":[\"https:\\\/\\\/sdf.hr\\\/hr\\\/nada\\\/jedan-zivot-s-megan\\\/\"]}]},{\"@type\":\"ImageObject\",\"inLanguage\":\"hr\",\"@id\":\"https:\\\/\\\/sdf.hr\\\/hr\\\/nada\\\/jedan-zivot-s-megan\\\/#primaryimage\",\"url\":\"https:\\\/\\\/sdf.hr\\\/wp-content\\\/uploads\\\/2023\\\/07\\\/Rapinoe_Sipa-USA-scaled.jpg\",\"contentUrl\":\"https:\\\/\\\/sdf.hr\\\/wp-content\\\/uploads\\\/2023\\\/07\\\/Rapinoe_Sipa-USA-scaled.jpg\",\"width\":2560,\"height\":1787,\"caption\":\"Megan Rapinoe (Foto: Jenna Watson\\\/USA Today Sports\\\/Sipa USA)\"},{\"@type\":\"BreadcrumbList\",\"@id\":\"https:\\\/\\\/sdf.hr\\\/hr\\\/nada\\\/jedan-zivot-s-megan\\\/#breadcrumb\",\"itemListElement\":[{\"@type\":\"ListItem\",\"position\":1,\"name\":\"Po\u010detna stranica\",\"item\":\"https:\\\/\\\/sdf.hr\\\/hr\\\/\"},{\"@type\":\"ListItem\",\"position\":2,\"name\":\"Nada\",\"item\":\"https:\\\/\\\/sdf.hr\\\/nada\\\/\"},{\"@type\":\"ListItem\",\"position\":3,\"name\":\"Jedan \u017eivot s Megan\"}]},{\"@type\":\"WebSite\",\"@id\":\"https:\\\/\\\/sdf.hr\\\/#website\",\"url\":\"https:\\\/\\\/sdf.hr\\\/\",\"name\":\"SDF - Srpski demokratski forum\",\"description\":\"Srpski demokratski forum\",\"publisher\":{\"@id\":\"https:\\\/\\\/sdf.hr\\\/#organization\"},\"potentialAction\":[{\"@type\":\"SearchAction\",\"target\":{\"@type\":\"EntryPoint\",\"urlTemplate\":\"https:\\\/\\\/sdf.hr\\\/?s={search_term_string}\"},\"query-input\":{\"@type\":\"PropertyValueSpecification\",\"valueRequired\":true,\"valueName\":\"search_term_string\"}}],\"inLanguage\":\"hr\"},{\"@type\":\"Organization\",\"@id\":\"https:\\\/\\\/sdf.hr\\\/#organization\",\"name\":\"SDF - Srpski demokratski forum\",\"url\":\"https:\\\/\\\/sdf.hr\\\/\",\"logo\":{\"@type\":\"ImageObject\",\"inLanguage\":\"hr\",\"@id\":\"https:\\\/\\\/sdf.hr\\\/#\\\/schema\\\/logo\\\/image\\\/\",\"url\":\"https:\\\/\\\/sdf.hr\\\/wp-content\\\/uploads\\\/2021\\\/07\\\/logo-hr.svg\",\"contentUrl\":\"https:\\\/\\\/sdf.hr\\\/wp-content\\\/uploads\\\/2021\\\/07\\\/logo-hr.svg\",\"width\":271,\"height\":100,\"caption\":\"SDF - Srpski demokratski forum\"},\"image\":{\"@id\":\"https:\\\/\\\/sdf.hr\\\/#\\\/schema\\\/logo\\\/image\\\/\"}}]}<\/script>\n<!-- \/ Yoast SEO plugin. -->","yoast_head_json":{"title":"Jedan \u017eivot s Megan - SDF - Srpski demokratski forum","robots":{"index":"index","follow":"follow","max-snippet":"max-snippet:-1","max-image-preview":"max-image-preview:large","max-video-preview":"max-video-preview:-1"},"canonical":"https:\/\/sdf.hr\/hr\/nada\/jedan-zivot-s-megan\/","og_locale":"hr_HR","og_type":"article","og_title":"Jedan \u017eivot s Megan - SDF - Srpski demokratski forum","og_description":"\"Kad god poku\u0161avate biti saveznik u borbi, a to ide super lako i ugodno, niste saveznik\", kazala je ameri\u010dka nogometna zvijezda Megan Rapinoe koja je nedavno najavila da se namjerava povu\u0107i po zavr\u0161etku ove sezone","og_url":"https:\/\/sdf.hr\/hr\/nada\/jedan-zivot-s-megan\/","og_site_name":"SDF - Srpski demokratski forum","article_modified_time":"2023-07-28T08:15:58+00:00","og_image":[{"width":2560,"height":1787,"url":"https:\/\/sdf.hr\/wp-content\/uploads\/2023\/07\/Rapinoe_Sipa-USA-scaled.jpg","type":"image\/jpeg"}],"twitter_card":"summary_large_image","twitter_misc":{"Procijenjeno vrijeme \u010ditanja":"3 minute"},"schema":{"@context":"https:\/\/schema.org","@graph":[{"@type":"WebPage","@id":"https:\/\/sdf.hr\/hr\/nada\/jedan-zivot-s-megan\/","url":"https:\/\/sdf.hr\/hr\/nada\/jedan-zivot-s-megan\/","name":"Jedan \u017eivot s Megan - SDF - Srpski demokratski forum","isPartOf":{"@id":"https:\/\/sdf.hr\/#website"},"primaryImageOfPage":{"@id":"https:\/\/sdf.hr\/hr\/nada\/jedan-zivot-s-megan\/#primaryimage"},"image":{"@id":"https:\/\/sdf.hr\/hr\/nada\/jedan-zivot-s-megan\/#primaryimage"},"thumbnailUrl":"https:\/\/sdf.hr\/wp-content\/uploads\/2023\/07\/Rapinoe_Sipa-USA-scaled.jpg","datePublished":"2023-07-28T08:14:40+00:00","dateModified":"2023-07-28T08:15:58+00:00","breadcrumb":{"@id":"https:\/\/sdf.hr\/hr\/nada\/jedan-zivot-s-megan\/#breadcrumb"},"inLanguage":"hr","potentialAction":[{"@type":"ReadAction","target":["https:\/\/sdf.hr\/hr\/nada\/jedan-zivot-s-megan\/"]}]},{"@type":"ImageObject","inLanguage":"hr","@id":"https:\/\/sdf.hr\/hr\/nada\/jedan-zivot-s-megan\/#primaryimage","url":"https:\/\/sdf.hr\/wp-content\/uploads\/2023\/07\/Rapinoe_Sipa-USA-scaled.jpg","contentUrl":"https:\/\/sdf.hr\/wp-content\/uploads\/2023\/07\/Rapinoe_Sipa-USA-scaled.jpg","width":2560,"height":1787,"caption":"Megan Rapinoe (Foto: Jenna Watson\/USA Today Sports\/Sipa USA)"},{"@type":"BreadcrumbList","@id":"https:\/\/sdf.hr\/hr\/nada\/jedan-zivot-s-megan\/#breadcrumb","itemListElement":[{"@type":"ListItem","position":1,"name":"Po\u010detna stranica","item":"https:\/\/sdf.hr\/hr\/"},{"@type":"ListItem","position":2,"name":"Nada","item":"https:\/\/sdf.hr\/nada\/"},{"@type":"ListItem","position":3,"name":"Jedan \u017eivot s Megan"}]},{"@type":"WebSite","@id":"https:\/\/sdf.hr\/#website","url":"https:\/\/sdf.hr\/","name":"SDF - Srpski demokratski forum","description":"Srpski demokratski forum","publisher":{"@id":"https:\/\/sdf.hr\/#organization"},"potentialAction":[{"@type":"SearchAction","target":{"@type":"EntryPoint","urlTemplate":"https:\/\/sdf.hr\/?s={search_term_string}"},"query-input":{"@type":"PropertyValueSpecification","valueRequired":true,"valueName":"search_term_string"}}],"inLanguage":"hr"},{"@type":"Organization","@id":"https:\/\/sdf.hr\/#organization","name":"SDF - Srpski demokratski forum","url":"https:\/\/sdf.hr\/","logo":{"@type":"ImageObject","inLanguage":"hr","@id":"https:\/\/sdf.hr\/#\/schema\/logo\/image\/","url":"https:\/\/sdf.hr\/wp-content\/uploads\/2021\/07\/logo-hr.svg","contentUrl":"https:\/\/sdf.hr\/wp-content\/uploads\/2021\/07\/logo-hr.svg","width":271,"height":100,"caption":"SDF - Srpski demokratski forum"},"image":{"@id":"https:\/\/sdf.hr\/#\/schema\/logo\/image\/"}}]}},"_links":{"self":[{"href":"https:\/\/sdf.hr\/hr\/wp-json\/wp\/v2\/nada\/3542","targetHints":{"allow":["GET"]}}],"collection":[{"href":"https:\/\/sdf.hr\/hr\/wp-json\/wp\/v2\/nada"}],"about":[{"href":"https:\/\/sdf.hr\/hr\/wp-json\/wp\/v2\/types\/nada"}],"wp:featuredmedia":[{"embeddable":true,"href":"https:\/\/sdf.hr\/hr\/wp-json\/wp\/v2\/media\/3541"}],"wp:attachment":[{"href":"https:\/\/sdf.hr\/hr\/wp-json\/wp\/v2\/media?parent=3542"}],"wp:term":[{"taxonomy":"post_tag","embeddable":true,"href":"https:\/\/sdf.hr\/hr\/wp-json\/wp\/v2\/tags?post=3542"},{"taxonomy":"atribut","embeddable":true,"href":"https:\/\/sdf.hr\/hr\/wp-json\/wp\/v2\/atribut?post=3542"}],"curies":[{"name":"wp","href":"https:\/\/api.w.org\/{rel}","templated":true}]}}