{"id":3566,"date":"2023-08-04T11:11:28","date_gmt":"2023-08-04T09:11:28","guid":{"rendered":"https:\/\/sdf.hr\/nada\/gradovi-citatelji\/"},"modified":"2023-08-04T11:12:53","modified_gmt":"2023-08-04T09:12:53","slug":"gradovi-citatelji","status":"publish","type":"nada","link":"https:\/\/sdf.hr\/hr\/nada\/gradovi-citatelji\/","title":{"rendered":"Gradovi \u010ditatelji"},"content":{"rendered":"<p>&#8220;Upoznajte Hrvatsku da bi je voljeli&#8221;, govorili su nam u \u0161koli uo\u010di malog maturalca, jer nisu shva\u0107ali da \u017eelimo upoznati samo ono \u0161to ve\u0107 volimo, a to su mitska mjesta o kojima su nam \u0161aputali pop-kultura i stariji klinci, daleki gradovi kao \u0161to su New York, Pariz i Lloret de Mar. Uzalud, u osnovnoj \u0161koli mogli smo putovati samo unutar uskih dr\u017eavnih granica pa smo tako posjetili Vodice. Neki su tamo upoznali ljubav, neki alkohol, neki anksioznost boravka daleko od doma, ali nitko od nas nije ni tad ni kasnije upoznao Hrvatsku, suvi\u0161e raznoliku da bi ju se moglo obuhvatiti, a preblisku da bi se itko time ozbiljno optere\u0107ivao.<\/p>\n<p>Igrom slu\u010daja lani sam dobio posao koji me vratio u dane malog maturalca. \u010clan sam istra\u017eiva\u010dke grupe na projektu Hrvatske zaklade za znanost &#8220;Pam\u0107enje (o) knji\u017eevnosti u svakodnevici&#8221; \u010diji je cilj istra\u017eiti kako neprofesionalni \u010ditateljice i \u010ditatelji u Hrvatskoj pamte knji\u017eevnost, a u tu svrhu oti\u0161ao sam na oko 15 kra\u0107ih putovanja diljem dr\u017eave. Dok \u0107e se rezultati istra\u017eivanja predstaviti drugim kanalima, ovdje \u0107u izlo\u017eiti impresije koje su nastale usput, slu\u010dajno, bez prethodne ni naknadne pameti. Ma koliko taj dojam bio povr\u0161an nakon par dana promatranja, mo\u017eda mo\u017ee prenijeti ne\u0161to \u0161to izmi\u010de upu\u0107enim stru\u010dnim analizama i lokalnim stanovnicima.<\/p>\n<p>&nbsp;<\/p>\n<p><strong>Split<\/strong><\/p>\n<p>Tijekom pauze za ru\u010dak tumaram kroz prolaze i razine Splita 3, uzbu\u0111eno \u010dekam \u010dime \u0107e me sve iznenaditi arhitektura koja istovremeno djeluje kao relikt pro\u0161losti i monolit iz budu\u0107nosti, kao da je smotana umjetna inteligencija zbr\u010dkala socijalisti\u010dko sivilo i Mediteran. Po\u010detak je travnja, a ako \u017eeli\u0161 do\u017eivjeti ovako lijepo vrijeme u Zagrebu, mora\u0161 oti\u0107i na internet i guglati Dalmaciju. Pod dojmom sam splitskih \u010ditatelja koji djela do\u017eivljavaju intenzivno. &#8220;Po\u017eeli\u0161 da se knjiga rastopi u kadi i da pliva\u0161 u njoj&#8221;, ka\u017ee ispitanica o &#8220;Hadrijanovim memoarima&#8221;. S jezom se pitam koliko \u017eivot ovdje mora biti te\u017eak da netko pristane odseliti.<\/p>\n<p>Dok turisti ve\u0107 kru\u017ee centrom, u ovom dijelu grada bla\u017eena je ti\u0161ina. O Splitu 3 pisali su razni autori, ali na licu mjesta jo\u0161 djeluje kao da je ovo intimna tajna lokalnih stanovnika, pritom i potisnuta obiteljska trauma. Morat \u0107e pro\u0107i jo\u0161 ohoho godina, otprilike dok <strong>Tito<\/strong> ne postane mutna figura poput <strong>Dioklecijana<\/strong>, da bi ova arhitektura dobila pa\u017enju i brigu kakve zaslu\u017euje. Ovo je samo jedan od prostora koji poput fosila tiho djeluju unato\u010d izmijenjenom politi\u010dkom kontekstu, mada uz polagano iscrpljivanje. Kolega i ja smo odsjeli u hotelu Bellevue, jednom u na\u0161em nizu hotela koji su soc ne samo po dobi, nego i po stilu, kao da fiksni telefoni marke &#8220;Iskra&#8221;, Borosane i masivni ormari \u010duvaju okvir unutar kojeg su ti hoteli \u017eivjeli punim sjajem. Ve\u0107 idu\u0107e godine Bellevue je izgledao poharano i mra\u010dno, lju\u0161tura kojoj \u0107e ljep\u0161i, luksuzni \u017eivot navodno udahnuti novi vlasnik, &#8220;kralj cipela&#8221;, gospodin <strong>Birkenstock<\/strong> osobno. Novi hoteli posve\u0107eni su elitnim gostima, ostali se snalaze na slabo reguliranom tr\u017ei\u0161tu privatnih smje\u0161taja, dok u pre\u017eivjelim starim hotelima odsjedaju ponajprije poslovni ljudi ni\u017ee kategorije, ne i srednja klasa, osim ako se ne radi o srednjoj klasi iz drugih dr\u017eava, poput talijanskih penzionerki koje su mi se veselo obratile za doru\u010dkom u rije\u010dkom hotelu Neboder iako (ili mo\u017eda ba\u0161 zato \u0161to) ne znam ni beknuti talijanski. No to je ve\u0107 druga pri\u010da.<\/p>\n<p>&nbsp;<\/p>\n<p><strong>Rijeka<\/strong><\/p>\n<p>Uz Rijeku sam dugo vezan, imam osje\u0107aj da me ne mo\u017ee iznenaditi, ali ve\u0107 prvo jutro budim se u Neboderu s pogledom na veli\u010danstvene dizalice uz more. Pogled je sjajan, ali sa zebnjom osje\u0107am udaljenost od tla, od Rijeke koju poznam, od svojih pro\u0161lih \u017eivota. Spu\u0161tam se, ali samo da bih se odmah krenuo penjati. Dogovorio sam intervju na novom sveu\u010dili\u0161nom kompleksu na Trsatu, a lagana \u0161etnja pretvara se u mali planinarski podvig. Novi kampus smje\u0161ten je u biv\u0161oj vojarni gdje se fizi\u010dki izolirana i suncem opr\u017eena Legija studenata na goloj zemlji u\u010di disciplini i posve\u0107enosti svom pozivu&#8230; Sumnjam da je studentsku svojeglavost tako lako pobijediti, no brine manjak sadr\u017eaja u prostoru, ujedno i manjak svijesti da u gradu bez industrije i s velikim odljevom ljudi upravo studenti mogu dati iskru \u017eivota u centru.<\/p>\n<p>Dojmovi i sje\u0107anja ispitanika vrlo su raznoliki, ali iznena\u0111uje me \u017eelja ljudi da o knjigama naprosto razgovaraju. Mladi otac uspavljuje bebu, zatim se pokriva dekom i \u010dita s baterijskom lampom. Umirovljena profesorica dr\u017ei da samo knji\u017eevnost mo\u017ee otklju\u010dati velika pitanja, bolje nego <strong>Picassova<\/strong> Guernica (mada dodaje da su romani <strong>Janka Matka<\/strong> &#8220;za mije\u0161ati gula\u0161&#8221;). Proces intervjua postaje va\u017ean koliko i ishod.<\/p>\n<p>Posljednje sate prije autobusa provodim na prosvjedu podr\u0161ke <strong>Mireli \u010cavajdi<\/strong>. Praznjikavi Korzo puni se ljudima, ljudi fino artikuliraju bijes, lijepo je, a onda je prosvjed gotov, svi se zapute domovima i ja odlazim na bus. Nisam siguran kakav je politi\u010dki doseg ovakvih manifestacija, ali volio bih ipak da je u Rijeci protest svaki dan.<\/p>\n<p>&nbsp;<\/p>\n<p><strong>Oto\u010dac<\/strong><\/p>\n<p>Ustajem u Gospi\u0107u svaki dan u \u0161est ujutro i kroz maglu se probijam na kolodvor gdje skupa s klincima hvatam bus za Oto\u010dac. Vrlo brzo u\u010dim da busevi van Zagreba slu\u017ee isklju\u010divo za prijevoz \u0161kolaraca i da voze rijetko i hirovito. Nisam siguran kako si toliki ljudi u siroma\u0161nijim dijelovima zemlje mogu priu\u0161titi automobil, ali kad sam kod Vara\u017edina vidio dostavlja\u010da Wolta koji se romobilom poku\u0161avao voziti po me\u0111ugradskoj cesti, shvatio sam da si bez auta potpuno bespomo\u0107an.<\/p>\n<figure id=\"attachment_3562\" aria-describedby=\"caption-attachment-3562\" style=\"width: 2560px\" class=\"wp-caption alignnone\"><img loading=\"lazy\" decoding=\"async\" class=\"wp-image-3562 size-full\" src=\"https:\/\/sdf.hr\/wp-content\/uploads\/2023\/08\/Otocac-knjiznica-scaled.jpg\" alt=\"\" width=\"2560\" height=\"1920\" srcset=\"https:\/\/sdf.hr\/wp-content\/uploads\/2023\/08\/Otocac-knjiznica-scaled.jpg 2560w, https:\/\/sdf.hr\/wp-content\/uploads\/2023\/08\/Otocac-knjiznica-300x225.jpg 300w, https:\/\/sdf.hr\/wp-content\/uploads\/2023\/08\/Otocac-knjiznica-1024x768.jpg 1024w, https:\/\/sdf.hr\/wp-content\/uploads\/2023\/08\/Otocac-knjiznica-768x576.jpg 768w, https:\/\/sdf.hr\/wp-content\/uploads\/2023\/08\/Otocac-knjiznica-1536x1152.jpg 1536w, https:\/\/sdf.hr\/wp-content\/uploads\/2023\/08\/Otocac-knjiznica-2048x1536.jpg 2048w\" sizes=\"auto, (max-width: 2560px) 100vw, 2560px\" \/><figcaption id=\"caption-attachment-3562\" class=\"wp-caption-text\">Oto\u010dac \u2013 &#8220;ukleta vila&#8221; knji\u017enica (Foto: Luka Ostoji\u0107)<\/figcaption><\/figure>\n<p>U Oto\u010dcu provodim dva dana u lokalnoj knji\u017enici koja izvana izgleda kao prekrasna, ukleta vila. U knji\u017enicu, pak, tijekom mog boravka nije do\u0161ao ba\u0161 nitko. Ova knji\u017enica se odnedavno nalazi van &#8220;centra&#8221;, odnosno udaljena je sedam minuta pje\u0161ice od glavne ulice, \u0161to je ljudima predaleko za hodanje, a preblizu za vo\u017enju. Dobar dio vremena stoga provodim u fascinantnom knji\u017eevnom kafi\u0107u gdje se mogu posuditi knjige i posjetiti promocije doma\u0107ih autora, ali i popiti pivo, pogledati sport, uplatiti loto listi\u0107 ili iznajmiti apartman iznad kafi\u0107a. Kao brojne druge kulturne inicijative u dr\u017eavi (ali ovdje pogotovo), ni ova ne mo\u017ee pre\u017eivjeti &#8220;tek&#8221; bavljenjem kulturom.<\/p>\n<p>S lokalnom publikom naro\u010dito je izazovno, svi moji upiti za intervju su odbijeni, ne poma\u017eu nikakvi poku\u0161aji \u0161armiranja. Pa\u017enju uspijevam dobiti tek kad se mlada konobarica sa\u017eali pa uzme stvar u svoje ruke. Prilazi stolu za kojim sjedi staro mu\u0161ko dru\u0161tvo, pljesne dlanom po stolu i drekne na klijentelu neka mi izvole pomo\u0107i. Mrki mu\u0161karci napokon mi pridaju pa\u017enju, ali kad \u010duju temu istra\u017eivanja, okre\u0107u glavu. &#8220;De\u010dko, ja sedamdeset godina knjigu nisam pro\u010ditao!&#8221;<\/p>\n<p>Hodam sredi\u0161njim parkom pokraj adventskih ku\u0107ica koje izgledaju kao da su stolje\u0107ima napu\u0161tene. Skre\u0107em s glavne ceste i prolazim zaraslim, non\u0161alantno prekrasnim dijelom uz rijeku Gacku. Jesu li ljudi toliko distancirani ili sam poput nevje\u0161tog etnologa uletio u tu\u0111u zajednicu i aterirao na nos? Ne mogu procijeniti, ali kasna jesen u Lici ozbiljan je test izdr\u017eljivosti.<\/p>\n<p>&nbsp;<\/p>\n<p><strong>Osijek<\/strong><\/p>\n<p>Ba\u0161 kao razma\u017eeni zagreba\u010dki tinejd\u017eer, \u010dudom se \u010dudim kako je Osijek velik i lijep. Vje\u010dno mali broj ljudi na ulici optimisti\u010dno tuma\u010dim time da se u niskoj Slavoniji grad mo\u017ee ra\u0161iriti i preko svake potrebe, no osje\u010dki prijatelji ipak mi ka\u017eu da je to simptom odljeva stanovni\u0161tva.<\/p>\n<p>I u Osijeku pronalazim svoje mjesto van centra, u Donjem gradu. Saznajem da je kvart narastao u Jugoslaviji zbog priljeva zaposlenika u tad novoizgra\u0111enoj gradskoj bolnici, a pritom je razvio vlastiti identitet u mjeri da brojni donjogra\u0111ani ni ne idu u centar, ina\u010de udaljen desetak minuta tramvajem (kao i obrnuto). U snala\u017eenju mi poma\u017ee knji\u017eni\u010darka koja je, ubrzo dobivam dojam, neformalna na\u010delnica ovog dijela grada, a svaku osobu koja u\u0111e u knji\u017enicu zna po imenu i spremna je strpljivo udijeliti \u010ditateljski, ali i \u017eivotni savjet. Intervjuiram \u0161peditera koji strastveno \u010dita povijesne romane dok \u010deka utovar tereta ili prelaz granice. Kad se na\u0161ao u Augsburgu, posjetio je lokaciju gdje se odvijala radnja romana &#8220;Krvnikova k\u0107i&#8221;. &#8220;Mora\u0161 to vidjeti da bi shvatio, ne mo\u017ee to knjiga prenijeti.&#8221;<\/p>\n<p>Donji grad ima i svoju zasebnu mitologiju koja je predstavljena u filmu odre\u0111enog lokalnog umjetnika, no taj se film mogao vidjeti samo na projekcijama koje se odr\u017eavaju diljem kvarta, bez fiksnog rasporeda. Fascinira me \u0161to je zajednica razvila vlastiti folklor koji slu\u017ei upravo njima samima. O tome razmi\u0161ljam dok prolazim sablasnim obalnim gradovima van sezone, u i\u0161\u010dekivanju da ljudi shvate da moraju po\u010deti izvoditi kreativne stvari ne samo za turiste, nego i za svoj gu\u0161t \u2013 i da ponovno otkriju ulogu umjetnosti u \u017eivotu zajednice.<\/p>\n<p>&nbsp;<\/p>\n<p><strong>Vukovar i dr.<\/strong><\/p>\n<p>U autobusu iz Vukovara za Vinkovce, nakon \u0161to su svi u\u010denici iza\u0161li, voza\u010d autobusa obra\u0107a mi se glasno, pomalo prijete\u0107e: &#8220;A odakle si ti?&#8221; Ovo je prvi put nakon godinu dana istra\u017eivanja da me netko pitao za porijeklo. Pitam se kako bih u istra\u017eivanju pro\u0161ao da sam Englez, Nijemac, Bosanac ili Srbin. Razmi\u0161ljam o nevidljivim, a \u010dvrstim barijerama izme\u0111u Hrvata i Srba u Vukovaru, bijelaca i Roma u \u010cakovcu, fetivih Spli\u0107ana i Vlaja, izme\u0111u lokalaca i azijskih radnika u cijeloj dr\u017eavi. Tek naslu\u0107ujem gradski \u017eivot koji skupine spaja ili dr\u017ei na distanci, kao i nakupljene dru\u0161tvene tenzije koje bubre pod povr\u0161inom. Nacije doista jesu &#8220;zami\u0161ljene zajednice&#8221;, kako ka\u017ee <strong>Benedict Anderson<\/strong>, ali te su i sli\u010dne zamisli toliko \u017eive i ukorijenjene da su postale stvarne.<\/p>\n<figure id=\"attachment_3564\" aria-describedby=\"caption-attachment-3564\" style=\"width: 2560px\" class=\"wp-caption alignnone\"><img loading=\"lazy\" decoding=\"async\" class=\"wp-image-3564 size-full\" src=\"https:\/\/sdf.hr\/wp-content\/uploads\/2023\/08\/Vukovar-kolodvor-scaled.jpg\" alt=\"\" width=\"2560\" height=\"1656\" srcset=\"https:\/\/sdf.hr\/wp-content\/uploads\/2023\/08\/Vukovar-kolodvor-scaled.jpg 2560w, https:\/\/sdf.hr\/wp-content\/uploads\/2023\/08\/Vukovar-kolodvor-300x194.jpg 300w, https:\/\/sdf.hr\/wp-content\/uploads\/2023\/08\/Vukovar-kolodvor-1024x663.jpg 1024w, https:\/\/sdf.hr\/wp-content\/uploads\/2023\/08\/Vukovar-kolodvor-768x497.jpg 768w, https:\/\/sdf.hr\/wp-content\/uploads\/2023\/08\/Vukovar-kolodvor-1536x994.jpg 1536w, https:\/\/sdf.hr\/wp-content\/uploads\/2023\/08\/Vukovar-kolodvor-2048x1325.jpg 2048w\" sizes=\"auto, (max-width: 2560px) 100vw, 2560px\" \/><figcaption id=\"caption-attachment-3564\" class=\"wp-caption-text\">Vukovar \u2013 kolodvor (Foto: Luka Ostoji\u0107)<\/figcaption><\/figure>\n<p>S druge strane izuzetan mi je broj ljudi u knji\u017enicama i NGO-ima iza\u0161ao u susret i pomogao, bez direktnog interesa, bez ra\u010dunice i predrasuda. Zahvaljuju\u0107i njima u godinu dana uspjeli smo intervjuirati preko 700 ljudi, od \u010dega vi\u0161e od polovice ne \u017eivi u Zagrebu. Na\u0161i su ispitanici uglavnom ljudi koje smo vidjeli prvi i vjerojatno zadnji put, a koji su s nama podijelili svoje intimne do\u017eivljaje knji\u017eevnosti i \u017eivota. &#8220;Oprostite \u0161to sam emotivna&#8221;, rekla mi je jedna ispitanica, &#8220;ja sam vam riba u horoskopu.&#8221; Na\u0161e istra\u017eivanje ne\u0107e sadr\u017eavati astrolo\u0161ki presjek populacije, ali ipak \u0107u se usuditi zaklju\u010diti da je riblji element u Hrvatskoj ono \u0161to mi ulijeva nadu.<\/p>\n<p><em>pi\u0161e Luka Ostoji\u0107<\/em><\/p>\n","protected":false},"excerpt":{"rendered":"<p>U godinu dana uspjeli smo intervjuirati preko 700 ljudi, od \u010dega vi\u0161e od polovice ne \u017eivi u Zagrebu. Na\u0161i su ispitanici uglavnom ljudi koje smo vidjeli prvi i vjerojatno zadnji put, a koji su s nama podijelili svoje intimne do\u017eivljaje knji\u017eevnosti i \u017eivota<\/p>\n","protected":false},"featured_media":3561,"template":"","tags":[131],"atribut":[],"class_list":["post-3566","nada","type-nada","status-publish","has-post-thumbnail","hentry","tag-reportaza"],"acf":[],"yoast_head":"<!-- This site is optimized with the Yoast SEO plugin v27.4 - https:\/\/yoast.com\/product\/yoast-seo-wordpress\/ -->\n<title>Gradovi \u010ditatelji - SDF - Srpski demokratski forum<\/title>\n<meta name=\"robots\" content=\"index, follow, max-snippet:-1, max-image-preview:large, max-video-preview:-1\" \/>\n<link rel=\"canonical\" href=\"https:\/\/sdf.hr\/hr\/nada\/gradovi-citatelji\/\" \/>\n<meta property=\"og:locale\" content=\"hr_HR\" \/>\n<meta property=\"og:type\" content=\"article\" \/>\n<meta property=\"og:title\" content=\"Gradovi \u010ditatelji - SDF - Srpski demokratski forum\" \/>\n<meta property=\"og:description\" content=\"U godinu dana uspjeli smo intervjuirati preko 700 ljudi, od \u010dega vi\u0161e od polovice ne \u017eivi u Zagrebu. Na\u0161i su ispitanici uglavnom ljudi koje smo vidjeli prvi i vjerojatno zadnji put, a koji su s nama podijelili svoje intimne do\u017eivljaje knji\u017eevnosti i \u017eivota\" \/>\n<meta property=\"og:url\" content=\"https:\/\/sdf.hr\/hr\/nada\/gradovi-citatelji\/\" \/>\n<meta property=\"og:site_name\" content=\"SDF - Srpski demokratski forum\" \/>\n<meta property=\"article:modified_time\" content=\"2023-08-04T09:12:53+00:00\" \/>\n<meta property=\"og:image\" content=\"https:\/\/sdf.hr\/wp-content\/uploads\/2023\/08\/Split3_Ivo-Cagalj-scaled.jpg\" \/>\n\t<meta property=\"og:image:width\" content=\"2560\" \/>\n\t<meta property=\"og:image:height\" content=\"1536\" \/>\n\t<meta property=\"og:image:type\" content=\"image\/jpeg\" \/>\n<meta name=\"twitter:card\" content=\"summary_large_image\" \/>\n<meta name=\"twitter:label1\" content=\"Procijenjeno vrijeme \u010ditanja\" \/>\n\t<meta name=\"twitter:data1\" content=\"9 minuta\" \/>\n<script type=\"application\/ld+json\" class=\"yoast-schema-graph\">{\"@context\":\"https:\\\/\\\/schema.org\",\"@graph\":[{\"@type\":\"WebPage\",\"@id\":\"https:\\\/\\\/sdf.hr\\\/hr\\\/nada\\\/gradovi-citatelji\\\/\",\"url\":\"https:\\\/\\\/sdf.hr\\\/hr\\\/nada\\\/gradovi-citatelji\\\/\",\"name\":\"Gradovi \u010ditatelji - SDF - Srpski demokratski forum\",\"isPartOf\":{\"@id\":\"https:\\\/\\\/sdf.hr\\\/#website\"},\"primaryImageOfPage\":{\"@id\":\"https:\\\/\\\/sdf.hr\\\/hr\\\/nada\\\/gradovi-citatelji\\\/#primaryimage\"},\"image\":{\"@id\":\"https:\\\/\\\/sdf.hr\\\/hr\\\/nada\\\/gradovi-citatelji\\\/#primaryimage\"},\"thumbnailUrl\":\"https:\\\/\\\/sdf.hr\\\/wp-content\\\/uploads\\\/2023\\\/08\\\/Split3_Ivo-Cagalj-scaled.jpg\",\"datePublished\":\"2023-08-04T09:11:28+00:00\",\"dateModified\":\"2023-08-04T09:12:53+00:00\",\"breadcrumb\":{\"@id\":\"https:\\\/\\\/sdf.hr\\\/hr\\\/nada\\\/gradovi-citatelji\\\/#breadcrumb\"},\"inLanguage\":\"hr\",\"potentialAction\":[{\"@type\":\"ReadAction\",\"target\":[\"https:\\\/\\\/sdf.hr\\\/hr\\\/nada\\\/gradovi-citatelji\\\/\"]}]},{\"@type\":\"ImageObject\",\"inLanguage\":\"hr\",\"@id\":\"https:\\\/\\\/sdf.hr\\\/hr\\\/nada\\\/gradovi-citatelji\\\/#primaryimage\",\"url\":\"https:\\\/\\\/sdf.hr\\\/wp-content\\\/uploads\\\/2023\\\/08\\\/Split3_Ivo-Cagalj-scaled.jpg\",\"contentUrl\":\"https:\\\/\\\/sdf.hr\\\/wp-content\\\/uploads\\\/2023\\\/08\\\/Split3_Ivo-Cagalj-scaled.jpg\",\"width\":2560,\"height\":1536,\"caption\":\"Split 3 (Foto: Ivo \u010cagalj\\\/PIXSELL)\"},{\"@type\":\"BreadcrumbList\",\"@id\":\"https:\\\/\\\/sdf.hr\\\/hr\\\/nada\\\/gradovi-citatelji\\\/#breadcrumb\",\"itemListElement\":[{\"@type\":\"ListItem\",\"position\":1,\"name\":\"Po\u010detna stranica\",\"item\":\"https:\\\/\\\/sdf.hr\\\/hr\\\/\"},{\"@type\":\"ListItem\",\"position\":2,\"name\":\"Nada\",\"item\":\"https:\\\/\\\/sdf.hr\\\/nada\\\/\"},{\"@type\":\"ListItem\",\"position\":3,\"name\":\"Gradovi \u010ditatelji\"}]},{\"@type\":\"WebSite\",\"@id\":\"https:\\\/\\\/sdf.hr\\\/#website\",\"url\":\"https:\\\/\\\/sdf.hr\\\/\",\"name\":\"SDF - Srpski demokratski forum\",\"description\":\"Srpski demokratski forum\",\"publisher\":{\"@id\":\"https:\\\/\\\/sdf.hr\\\/#organization\"},\"potentialAction\":[{\"@type\":\"SearchAction\",\"target\":{\"@type\":\"EntryPoint\",\"urlTemplate\":\"https:\\\/\\\/sdf.hr\\\/?s={search_term_string}\"},\"query-input\":{\"@type\":\"PropertyValueSpecification\",\"valueRequired\":true,\"valueName\":\"search_term_string\"}}],\"inLanguage\":\"hr\"},{\"@type\":\"Organization\",\"@id\":\"https:\\\/\\\/sdf.hr\\\/#organization\",\"name\":\"SDF - Srpski demokratski forum\",\"url\":\"https:\\\/\\\/sdf.hr\\\/\",\"logo\":{\"@type\":\"ImageObject\",\"inLanguage\":\"hr\",\"@id\":\"https:\\\/\\\/sdf.hr\\\/#\\\/schema\\\/logo\\\/image\\\/\",\"url\":\"https:\\\/\\\/sdf.hr\\\/wp-content\\\/uploads\\\/2021\\\/07\\\/logo-hr.svg\",\"contentUrl\":\"https:\\\/\\\/sdf.hr\\\/wp-content\\\/uploads\\\/2021\\\/07\\\/logo-hr.svg\",\"width\":271,\"height\":100,\"caption\":\"SDF - Srpski demokratski forum\"},\"image\":{\"@id\":\"https:\\\/\\\/sdf.hr\\\/#\\\/schema\\\/logo\\\/image\\\/\"}}]}<\/script>\n<!-- \/ Yoast SEO plugin. -->","yoast_head_json":{"title":"Gradovi \u010ditatelji - SDF - Srpski demokratski forum","robots":{"index":"index","follow":"follow","max-snippet":"max-snippet:-1","max-image-preview":"max-image-preview:large","max-video-preview":"max-video-preview:-1"},"canonical":"https:\/\/sdf.hr\/hr\/nada\/gradovi-citatelji\/","og_locale":"hr_HR","og_type":"article","og_title":"Gradovi \u010ditatelji - SDF - Srpski demokratski forum","og_description":"U godinu dana uspjeli smo intervjuirati preko 700 ljudi, od \u010dega vi\u0161e od polovice ne \u017eivi u Zagrebu. Na\u0161i su ispitanici uglavnom ljudi koje smo vidjeli prvi i vjerojatno zadnji put, a koji su s nama podijelili svoje intimne do\u017eivljaje knji\u017eevnosti i \u017eivota","og_url":"https:\/\/sdf.hr\/hr\/nada\/gradovi-citatelji\/","og_site_name":"SDF - Srpski demokratski forum","article_modified_time":"2023-08-04T09:12:53+00:00","og_image":[{"width":2560,"height":1536,"url":"https:\/\/sdf.hr\/wp-content\/uploads\/2023\/08\/Split3_Ivo-Cagalj-scaled.jpg","type":"image\/jpeg"}],"twitter_card":"summary_large_image","twitter_misc":{"Procijenjeno vrijeme \u010ditanja":"9 minuta"},"schema":{"@context":"https:\/\/schema.org","@graph":[{"@type":"WebPage","@id":"https:\/\/sdf.hr\/hr\/nada\/gradovi-citatelji\/","url":"https:\/\/sdf.hr\/hr\/nada\/gradovi-citatelji\/","name":"Gradovi \u010ditatelji - SDF - Srpski demokratski forum","isPartOf":{"@id":"https:\/\/sdf.hr\/#website"},"primaryImageOfPage":{"@id":"https:\/\/sdf.hr\/hr\/nada\/gradovi-citatelji\/#primaryimage"},"image":{"@id":"https:\/\/sdf.hr\/hr\/nada\/gradovi-citatelji\/#primaryimage"},"thumbnailUrl":"https:\/\/sdf.hr\/wp-content\/uploads\/2023\/08\/Split3_Ivo-Cagalj-scaled.jpg","datePublished":"2023-08-04T09:11:28+00:00","dateModified":"2023-08-04T09:12:53+00:00","breadcrumb":{"@id":"https:\/\/sdf.hr\/hr\/nada\/gradovi-citatelji\/#breadcrumb"},"inLanguage":"hr","potentialAction":[{"@type":"ReadAction","target":["https:\/\/sdf.hr\/hr\/nada\/gradovi-citatelji\/"]}]},{"@type":"ImageObject","inLanguage":"hr","@id":"https:\/\/sdf.hr\/hr\/nada\/gradovi-citatelji\/#primaryimage","url":"https:\/\/sdf.hr\/wp-content\/uploads\/2023\/08\/Split3_Ivo-Cagalj-scaled.jpg","contentUrl":"https:\/\/sdf.hr\/wp-content\/uploads\/2023\/08\/Split3_Ivo-Cagalj-scaled.jpg","width":2560,"height":1536,"caption":"Split 3 (Foto: Ivo \u010cagalj\/PIXSELL)"},{"@type":"BreadcrumbList","@id":"https:\/\/sdf.hr\/hr\/nada\/gradovi-citatelji\/#breadcrumb","itemListElement":[{"@type":"ListItem","position":1,"name":"Po\u010detna stranica","item":"https:\/\/sdf.hr\/hr\/"},{"@type":"ListItem","position":2,"name":"Nada","item":"https:\/\/sdf.hr\/nada\/"},{"@type":"ListItem","position":3,"name":"Gradovi \u010ditatelji"}]},{"@type":"WebSite","@id":"https:\/\/sdf.hr\/#website","url":"https:\/\/sdf.hr\/","name":"SDF - Srpski demokratski forum","description":"Srpski demokratski forum","publisher":{"@id":"https:\/\/sdf.hr\/#organization"},"potentialAction":[{"@type":"SearchAction","target":{"@type":"EntryPoint","urlTemplate":"https:\/\/sdf.hr\/?s={search_term_string}"},"query-input":{"@type":"PropertyValueSpecification","valueRequired":true,"valueName":"search_term_string"}}],"inLanguage":"hr"},{"@type":"Organization","@id":"https:\/\/sdf.hr\/#organization","name":"SDF - Srpski demokratski forum","url":"https:\/\/sdf.hr\/","logo":{"@type":"ImageObject","inLanguage":"hr","@id":"https:\/\/sdf.hr\/#\/schema\/logo\/image\/","url":"https:\/\/sdf.hr\/wp-content\/uploads\/2021\/07\/logo-hr.svg","contentUrl":"https:\/\/sdf.hr\/wp-content\/uploads\/2021\/07\/logo-hr.svg","width":271,"height":100,"caption":"SDF - Srpski demokratski forum"},"image":{"@id":"https:\/\/sdf.hr\/#\/schema\/logo\/image\/"}}]}},"_links":{"self":[{"href":"https:\/\/sdf.hr\/hr\/wp-json\/wp\/v2\/nada\/3566","targetHints":{"allow":["GET"]}}],"collection":[{"href":"https:\/\/sdf.hr\/hr\/wp-json\/wp\/v2\/nada"}],"about":[{"href":"https:\/\/sdf.hr\/hr\/wp-json\/wp\/v2\/types\/nada"}],"wp:featuredmedia":[{"embeddable":true,"href":"https:\/\/sdf.hr\/hr\/wp-json\/wp\/v2\/media\/3561"}],"wp:attachment":[{"href":"https:\/\/sdf.hr\/hr\/wp-json\/wp\/v2\/media?parent=3566"}],"wp:term":[{"taxonomy":"post_tag","embeddable":true,"href":"https:\/\/sdf.hr\/hr\/wp-json\/wp\/v2\/tags?post=3566"},{"taxonomy":"atribut","embeddable":true,"href":"https:\/\/sdf.hr\/hr\/wp-json\/wp\/v2\/atribut?post=3566"}],"curies":[{"name":"wp","href":"https:\/\/api.w.org\/{rel}","templated":true}]}}