{"id":3575,"date":"2023-08-11T12:30:56","date_gmt":"2023-08-11T10:30:56","guid":{"rendered":"https:\/\/sdf.hr\/nada\/ne-placite-zbog-mene\/"},"modified":"2023-08-11T12:30:56","modified_gmt":"2023-08-11T10:30:56","slug":"ne-placite-zbog-mene","status":"publish","type":"nada","link":"https:\/\/sdf.hr\/hr\/nada\/ne-placite-zbog-mene\/","title":{"rendered":"Ne pla\u010dite zbog mene"},"content":{"rendered":"<p>Vi\u0161e od deset mjeseci u Iranu traju proture\u017eimski prosvjedi, radni\u010dke akcije i \u0161trajkovi. Iako intenzitet i raspon organiziranja varira, ljudi i dalje izlaze na ulice diljem zemlje. Uz <strong>Mahsu Amini<\/strong>, me\u0111u prosvjednicima se \u010desto mo\u017ee vidjeti transparente s likom najpoznatijeg iranskog sporta\u0161a 20. stolje\u0107a, hrva\u010da <strong>Gholamreze Takhtija<\/strong>.<\/p>\n<p>Takhtija se prisje\u0107amo usred vru\u0107eg ljeta \u2013 u augustu je ro\u0111en, godine 1930., na periferiji Teherana u kojem je tada \u017eivjelo 250 tisu\u0107a ljudi. Otac mu je umro kad je bio dijete, pa je majka s petero djece, od kojih je Gholamreza bio najmla\u0111i, krpala kraj s krajem. Od \u0161kole je rano morao odustati, ve\u0107 kao tinejd\u017eer zaposlio se u naftnoj kompaniji u Masjed Soleimanu, gradu u kojem su 1900. po\u010dela prva naftna bu\u0161enja na Bliskom istoku po koncesiji britanskog biznismena <strong>Williama Knoxa D\u2019Arcyja<\/strong>. Nakon povratka u Teheran krajem 1940-ih Takhti je po\u010deo raditi za Iranske \u017eeljeznice.<\/p>\n<p>Prvi trener mu je bio <strong>Pahlavan Sajid Ali<\/strong>, u to doba najpoznatiji sporta\u0161 u Teheranu. Takhti je redovito odlazio u klub Poulad, brzo napredovao i postao hrva\u010dki reprezentativac. Na svjetskom prvenstvu 1951. osvojio je srebrnu medalju. Na istom je prvenstvu <strong>Mahmud Molah Ghasemi<\/strong> osvojio srebro, a <strong>Abdulah Mojtabavi<\/strong> i <strong>Mehdi Jaghubi<\/strong> bron\u010dane medalje. Bio je to po\u010detak Irana kao svjetske hrva\u010dke sile, \u0161to je ostao do danas. Na svjetskom prvenstvu 1959., odr\u017eanom u Teheranu, Takhti je osvojio zlato. Hrva\u010dku karijeru prekinuo je 1960-ih zbog problema s re\u017eimom.<\/p>\n<p>Naime, podr\u017eavao je pokret za nacionalizaciju nafte po\u010detkom 1950-ih i bio gorljivi prista\u0161a premijera <strong>Mohameda Mosadegha<\/strong>. Pu\u010dem koji je sponzorirala CIA 1953. je svrgnuta Mosadeghova vlada, a na vlast je do\u0161ao \u0161ah <strong>Mohamed Reza Pahlavi<\/strong>. Za po\u010detnih godina njegove vladavine, Takhti se rijetko pojavljivao u javnosti. Godine 1961., nakon \u0161to se vratio iz Yokohame kao svjetski prvak, najavio je \u010dlanstvo u Drugoj nacionalnoj fronti koja je podr\u017eavala pritvorenog Mosadegha. Od tada je bio poznat kao oporbenjak, ne samo narodu, ve\u0107 i \u0161ahovom sigurnosnom aparatu, koji ga je \u010desto pozivao na ispitivanja.<\/p>\n<p>Iako je sportskih uspjeha zaredao mnogo, Takhti je ponavljao da su to sporedne stvari u \u017eivotu. Kad ga je jednom prilikom novinar upitao koja mu je medalja najva\u017enija, odgovorio je da najve\u0107i trofej nije zlatna ili srebrna medalja, nego ljubav i povjerenje koje su mu ljudi iskazivali, prema \u010demu je osje\u0107ao i ushi\u0107enje i odgovornost. Kad je 1962. Iran pogodio potres u kojem je vi\u0161e od 12 tisu\u0107a ljudi poginulo, vlada je pozvala gra\u0111ane diljem zemlje za pomo\u0107, ali odaziv nije bio ni masovan ni hitar. Kada je Takhti pozvao ljude da pomognu, to se brzo promijenilo \u2013 predvodio je dugu kolonu kamiona koji su prevozili pomo\u0107 za ljude u potresom razorenim podru\u010djima. Kada su studenti na Sveu\u010dili\u0161tu u Teheranu 1960-ih organizirali \u0161trajk i okupirali kampus, snage sigurnosti su sprje\u010davale gra\u0111ane da ih do\u0111u podr\u017eati, ali Takhti se na zabrane oglu\u0161io i svakoga dana donosio hranu \u0161trajka\u0161ima.<\/p>\n<p>Umro je 1968., a uzrok smrti nikad nije razja\u0161njen. Re\u017eim je tvrdio da je po\u010dinio samoubojstvo, njegova obitelj i drugovi tvrdili su da je ubijen. Njegovom sprovodu, koji je organizirao <strong>Husein Towfigh<\/strong>, glavni urednik satiri\u010dnog \u010dasopisa Towfigh, prisustvovale su stotine tisu\u0107a ljudi. Na naslovnici Towfigha Takhti je prikazan kao an\u0111eo koji leti iznad gomile o\u017ealo\u0161\u0107enih, uz natpis: &#8220;Ne pla\u010dite zbog mene, pla\u010dite zbog svoje nevolje.&#8221; Uz Takhtija i danas u Iranu pla\u010du, ali i prosvjeduju.<\/p>\n<p><em>pi\u0161e Ivana Peri\u0107<\/em><\/p>\n","protected":false},"excerpt":{"rendered":"<p>U Iranu i dalje traju proture\u017eimski prosvjedi, radni\u010dke akcije i \u0161trajkovi. Iako njihov intenzitet varira, ljudi i dalje izlaze na ulice diljem zemlje, a me\u0111u prosvjednicima se \u010desto mo\u017ee vidjeti transparente s likom hrva\u010da Gholamreze Takhtija<\/p>\n","protected":false},"featured_media":3574,"template":"","tags":[40],"atribut":[],"class_list":["post-3575","nada","type-nada","status-publish","has-post-thumbnail","hentry","tag-dvokorak-naprijed"],"acf":[],"yoast_head":"<!-- This site is optimized with the Yoast SEO plugin v27.4 - https:\/\/yoast.com\/product\/yoast-seo-wordpress\/ -->\n<title>Ne pla\u010dite zbog mene - SDF - Srpski demokratski forum<\/title>\n<meta name=\"robots\" content=\"index, follow, max-snippet:-1, max-image-preview:large, max-video-preview:-1\" \/>\n<link rel=\"canonical\" href=\"https:\/\/sdf.hr\/hr\/nada\/ne-placite-zbog-mene\/\" \/>\n<meta property=\"og:locale\" content=\"hr_HR\" \/>\n<meta property=\"og:type\" content=\"article\" \/>\n<meta property=\"og:title\" content=\"Ne pla\u010dite zbog mene - SDF - Srpski demokratski forum\" \/>\n<meta property=\"og:description\" content=\"U Iranu i dalje traju proture\u017eimski prosvjedi, radni\u010dke akcije i \u0161trajkovi. Iako njihov intenzitet varira, ljudi i dalje izlaze na ulice diljem zemlje, a me\u0111u prosvjednicima se \u010desto mo\u017ee vidjeti transparente s likom hrva\u010da Gholamreze Takhtija\" \/>\n<meta property=\"og:url\" content=\"https:\/\/sdf.hr\/hr\/nada\/ne-placite-zbog-mene\/\" \/>\n<meta property=\"og:site_name\" content=\"SDF - Srpski demokratski forum\" \/>\n<meta name=\"twitter:card\" content=\"summary_large_image\" \/>\n<meta name=\"twitter:label1\" content=\"Procijenjeno vrijeme \u010ditanja\" \/>\n\t<meta name=\"twitter:data1\" content=\"3 minute\" \/>\n<script type=\"application\/ld+json\" class=\"yoast-schema-graph\">{\"@context\":\"https:\\\/\\\/schema.org\",\"@graph\":[{\"@type\":\"WebPage\",\"@id\":\"https:\\\/\\\/sdf.hr\\\/hr\\\/nada\\\/ne-placite-zbog-mene\\\/\",\"url\":\"https:\\\/\\\/sdf.hr\\\/hr\\\/nada\\\/ne-placite-zbog-mene\\\/\",\"name\":\"Ne pla\u010dite zbog mene - SDF - Srpski demokratski forum\",\"isPartOf\":{\"@id\":\"https:\\\/\\\/sdf.hr\\\/#website\"},\"primaryImageOfPage\":{\"@id\":\"https:\\\/\\\/sdf.hr\\\/hr\\\/nada\\\/ne-placite-zbog-mene\\\/#primaryimage\"},\"image\":{\"@id\":\"https:\\\/\\\/sdf.hr\\\/hr\\\/nada\\\/ne-placite-zbog-mene\\\/#primaryimage\"},\"thumbnailUrl\":\"https:\\\/\\\/sdf.hr\\\/wp-content\\\/uploads\\\/2023\\\/08\\\/Gholamreza_WIkimedia.jpg\",\"datePublished\":\"2023-08-11T10:30:56+00:00\",\"breadcrumb\":{\"@id\":\"https:\\\/\\\/sdf.hr\\\/hr\\\/nada\\\/ne-placite-zbog-mene\\\/#breadcrumb\"},\"inLanguage\":\"hr\",\"potentialAction\":[{\"@type\":\"ReadAction\",\"target\":[\"https:\\\/\\\/sdf.hr\\\/hr\\\/nada\\\/ne-placite-zbog-mene\\\/\"]}]},{\"@type\":\"ImageObject\",\"inLanguage\":\"hr\",\"@id\":\"https:\\\/\\\/sdf.hr\\\/hr\\\/nada\\\/ne-placite-zbog-mene\\\/#primaryimage\",\"url\":\"https:\\\/\\\/sdf.hr\\\/wp-content\\\/uploads\\\/2023\\\/08\\\/Gholamreza_WIkimedia.jpg\",\"contentUrl\":\"https:\\\/\\\/sdf.hr\\\/wp-content\\\/uploads\\\/2023\\\/08\\\/Gholamreza_WIkimedia.jpg\",\"width\":800,\"height\":511,\"caption\":\"Gholamreza Takhti (Foto: Wikimedia)\"},{\"@type\":\"BreadcrumbList\",\"@id\":\"https:\\\/\\\/sdf.hr\\\/hr\\\/nada\\\/ne-placite-zbog-mene\\\/#breadcrumb\",\"itemListElement\":[{\"@type\":\"ListItem\",\"position\":1,\"name\":\"Po\u010detna stranica\",\"item\":\"https:\\\/\\\/sdf.hr\\\/hr\\\/\"},{\"@type\":\"ListItem\",\"position\":2,\"name\":\"Nada\",\"item\":\"https:\\\/\\\/sdf.hr\\\/nada\\\/\"},{\"@type\":\"ListItem\",\"position\":3,\"name\":\"Ne pla\u010dite zbog mene\"}]},{\"@type\":\"WebSite\",\"@id\":\"https:\\\/\\\/sdf.hr\\\/#website\",\"url\":\"https:\\\/\\\/sdf.hr\\\/\",\"name\":\"SDF - Srpski demokratski forum\",\"description\":\"Srpski demokratski forum\",\"publisher\":{\"@id\":\"https:\\\/\\\/sdf.hr\\\/#organization\"},\"potentialAction\":[{\"@type\":\"SearchAction\",\"target\":{\"@type\":\"EntryPoint\",\"urlTemplate\":\"https:\\\/\\\/sdf.hr\\\/?s={search_term_string}\"},\"query-input\":{\"@type\":\"PropertyValueSpecification\",\"valueRequired\":true,\"valueName\":\"search_term_string\"}}],\"inLanguage\":\"hr\"},{\"@type\":\"Organization\",\"@id\":\"https:\\\/\\\/sdf.hr\\\/#organization\",\"name\":\"SDF - Srpski demokratski forum\",\"url\":\"https:\\\/\\\/sdf.hr\\\/\",\"logo\":{\"@type\":\"ImageObject\",\"inLanguage\":\"hr\",\"@id\":\"https:\\\/\\\/sdf.hr\\\/#\\\/schema\\\/logo\\\/image\\\/\",\"url\":\"https:\\\/\\\/sdf.hr\\\/wp-content\\\/uploads\\\/2021\\\/07\\\/logo-hr.svg\",\"contentUrl\":\"https:\\\/\\\/sdf.hr\\\/wp-content\\\/uploads\\\/2021\\\/07\\\/logo-hr.svg\",\"width\":271,\"height\":100,\"caption\":\"SDF - Srpski demokratski forum\"},\"image\":{\"@id\":\"https:\\\/\\\/sdf.hr\\\/#\\\/schema\\\/logo\\\/image\\\/\"}}]}<\/script>\n<!-- \/ Yoast SEO plugin. -->","yoast_head_json":{"title":"Ne pla\u010dite zbog mene - SDF - Srpski demokratski forum","robots":{"index":"index","follow":"follow","max-snippet":"max-snippet:-1","max-image-preview":"max-image-preview:large","max-video-preview":"max-video-preview:-1"},"canonical":"https:\/\/sdf.hr\/hr\/nada\/ne-placite-zbog-mene\/","og_locale":"hr_HR","og_type":"article","og_title":"Ne pla\u010dite zbog mene - SDF - Srpski demokratski forum","og_description":"U Iranu i dalje traju proture\u017eimski prosvjedi, radni\u010dke akcije i \u0161trajkovi. Iako njihov intenzitet varira, ljudi i dalje izlaze na ulice diljem zemlje, a me\u0111u prosvjednicima se \u010desto mo\u017ee vidjeti transparente s likom hrva\u010da Gholamreze Takhtija","og_url":"https:\/\/sdf.hr\/hr\/nada\/ne-placite-zbog-mene\/","og_site_name":"SDF - Srpski demokratski forum","twitter_card":"summary_large_image","twitter_misc":{"Procijenjeno vrijeme \u010ditanja":"3 minute"},"schema":{"@context":"https:\/\/schema.org","@graph":[{"@type":"WebPage","@id":"https:\/\/sdf.hr\/hr\/nada\/ne-placite-zbog-mene\/","url":"https:\/\/sdf.hr\/hr\/nada\/ne-placite-zbog-mene\/","name":"Ne pla\u010dite zbog mene - SDF - Srpski demokratski forum","isPartOf":{"@id":"https:\/\/sdf.hr\/#website"},"primaryImageOfPage":{"@id":"https:\/\/sdf.hr\/hr\/nada\/ne-placite-zbog-mene\/#primaryimage"},"image":{"@id":"https:\/\/sdf.hr\/hr\/nada\/ne-placite-zbog-mene\/#primaryimage"},"thumbnailUrl":"https:\/\/sdf.hr\/wp-content\/uploads\/2023\/08\/Gholamreza_WIkimedia.jpg","datePublished":"2023-08-11T10:30:56+00:00","breadcrumb":{"@id":"https:\/\/sdf.hr\/hr\/nada\/ne-placite-zbog-mene\/#breadcrumb"},"inLanguage":"hr","potentialAction":[{"@type":"ReadAction","target":["https:\/\/sdf.hr\/hr\/nada\/ne-placite-zbog-mene\/"]}]},{"@type":"ImageObject","inLanguage":"hr","@id":"https:\/\/sdf.hr\/hr\/nada\/ne-placite-zbog-mene\/#primaryimage","url":"https:\/\/sdf.hr\/wp-content\/uploads\/2023\/08\/Gholamreza_WIkimedia.jpg","contentUrl":"https:\/\/sdf.hr\/wp-content\/uploads\/2023\/08\/Gholamreza_WIkimedia.jpg","width":800,"height":511,"caption":"Gholamreza Takhti (Foto: Wikimedia)"},{"@type":"BreadcrumbList","@id":"https:\/\/sdf.hr\/hr\/nada\/ne-placite-zbog-mene\/#breadcrumb","itemListElement":[{"@type":"ListItem","position":1,"name":"Po\u010detna stranica","item":"https:\/\/sdf.hr\/hr\/"},{"@type":"ListItem","position":2,"name":"Nada","item":"https:\/\/sdf.hr\/nada\/"},{"@type":"ListItem","position":3,"name":"Ne pla\u010dite zbog mene"}]},{"@type":"WebSite","@id":"https:\/\/sdf.hr\/#website","url":"https:\/\/sdf.hr\/","name":"SDF - Srpski demokratski forum","description":"Srpski demokratski forum","publisher":{"@id":"https:\/\/sdf.hr\/#organization"},"potentialAction":[{"@type":"SearchAction","target":{"@type":"EntryPoint","urlTemplate":"https:\/\/sdf.hr\/?s={search_term_string}"},"query-input":{"@type":"PropertyValueSpecification","valueRequired":true,"valueName":"search_term_string"}}],"inLanguage":"hr"},{"@type":"Organization","@id":"https:\/\/sdf.hr\/#organization","name":"SDF - Srpski demokratski forum","url":"https:\/\/sdf.hr\/","logo":{"@type":"ImageObject","inLanguage":"hr","@id":"https:\/\/sdf.hr\/#\/schema\/logo\/image\/","url":"https:\/\/sdf.hr\/wp-content\/uploads\/2021\/07\/logo-hr.svg","contentUrl":"https:\/\/sdf.hr\/wp-content\/uploads\/2021\/07\/logo-hr.svg","width":271,"height":100,"caption":"SDF - Srpski demokratski forum"},"image":{"@id":"https:\/\/sdf.hr\/#\/schema\/logo\/image\/"}}]}},"_links":{"self":[{"href":"https:\/\/sdf.hr\/hr\/wp-json\/wp\/v2\/nada\/3575","targetHints":{"allow":["GET"]}}],"collection":[{"href":"https:\/\/sdf.hr\/hr\/wp-json\/wp\/v2\/nada"}],"about":[{"href":"https:\/\/sdf.hr\/hr\/wp-json\/wp\/v2\/types\/nada"}],"wp:featuredmedia":[{"embeddable":true,"href":"https:\/\/sdf.hr\/hr\/wp-json\/wp\/v2\/media\/3574"}],"wp:attachment":[{"href":"https:\/\/sdf.hr\/hr\/wp-json\/wp\/v2\/media?parent=3575"}],"wp:term":[{"taxonomy":"post_tag","embeddable":true,"href":"https:\/\/sdf.hr\/hr\/wp-json\/wp\/v2\/tags?post=3575"},{"taxonomy":"atribut","embeddable":true,"href":"https:\/\/sdf.hr\/hr\/wp-json\/wp\/v2\/atribut?post=3575"}],"curies":[{"name":"wp","href":"https:\/\/api.w.org\/{rel}","templated":true}]}}