{"id":3587,"date":"2023-08-13T11:33:54","date_gmt":"2023-08-13T09:33:54","guid":{"rendered":"https:\/\/sdf.hr\/nada\/tisja-kljakovic-braic-tek-sam-s-njima-postala-crtacica\/"},"modified":"2023-08-27T11:41:26","modified_gmt":"2023-08-27T09:41:26","slug":"tisja-kljakovic-braic-tek-sam-s-njima-postala-crtacica","status":"publish","type":"nada","link":"https:\/\/sdf.hr\/hr\/nada\/tisja-kljakovic-braic-tek-sam-s-njima-postala-crtacica\/","title":{"rendered":"Tisja Kljakovi\u0107 Brai\u0107: Tek sam s Njima postala crta\u010dica"},"content":{"rendered":"<p>U samom srcu splitskog Varo\u0161a, po pravom ljetnom zvizdanu, sedamdesetogodi\u0161njaci sjede u konobi, svaki za svojim stolom. Turisti tra\u017ee mjesto, ali momci se deru da nemaju gdje, da slobodno produ\u017ee dalje. U scenu ulazi u\u017eurbana Tisja koja nam u zavu\u010denoj uli\u010dici tik do konobe otvara vrata svoga ateljea \u2013 rije\u010d je o jedanaest metara kvadratnih magije u kojima nastaju likovi koji su osvojili cijelu regiju. Sa zidova nas gledaju i slu\u0161aju upravo Oni.<\/p>\n<p><strong>Tisja Kljakovi\u0107 Brai\u0107<\/strong> je akademska slikarica, karikaturistica i knji\u017eevnica. Ro\u0111ena je u Splitu, gdje je 2003. godine diplomirala slikarstvo na Umjetni\u010dkoj akademiji u klasi profesora <strong>Gorkog \u017duvele<\/strong>. Svoja djela izlagala je na tridesetak skupnih te \u010detrdeset samostalnih izlo\u017ebi u zemlji i inozemstvu. Autorica je knjiga &#8220;U malu je u\u0161a \u0111ava&#8221;, &#8220;Oni&#8221; i &#8220;Oni 2&#8221;, \u010dije naklade ru\u0161e sve rekorde doma\u0107eg izdava\u0161tva.<\/p>\n<p><strong>Krajem devedesetih odlu\u010dili ste upisati studij slikarstva. Je li odluka zabrinula va\u0161e roditelje, ve\u0107inu zasigurno bi?<\/strong><\/p>\n<p>Ma kakvi, sa slikarstvom sam doslovno ro\u0111ena, u familiji je bilo dosta slikara, \u010dekao se idu\u0107i ili idu\u0107a, otkad znam za sebe ne\u0161to sam crtala. Iskreno, jedva sam do\u010dekala da zavr\u0161im studij da mogu slikati \u0161to \u017eelim, ta sloboda mi je bila jedan od dra\u017eih trenutaka u \u017eivotu, kada vi\u0161e nitko nije imao ovlasti da mi ka\u017ee &#8220;e ovo ti je dobro, a ovo lo\u0161e, ovako mora\u0161&#8221;. Akademija je za mene bila vje\u017ebali\u0161te, nau\u010di\u0161 tehniku, ima\u0161 neki kontinuitet, crta\u0161 svaki dan, ima\u0161 i infrastrukturu, ali ja sam crte\u017e usavr\u0161ila dugo nakon studija, crtaju\u0107i karikature, Nju i Njega. Jedno je znati tehniku, a drugo je umjetnost, nju vidim kao trenutak inspiracije koji naizgled do\u0111e sam od sebe, ali inspiracija je zapravo moment u kojem se poklopi sav tvoj minuli rad.<\/p>\n<p><strong>Sje\u0107ate li se va\u0161e prve izlo\u017ebe?<\/strong><\/p>\n<p>To\u010dne godine se ne sje\u0107am, ali prije dvadesetak godina u Splitu otvorila sam izlo\u017ebu s <strong>Nenom Mikuli\u0107em<\/strong> i na nju je do\u0161ao veliki <strong>Vasko Lipovac<\/strong>, koji je mislio da su Mikuli\u0107eve slike moje, a moje njegove jer su mi radovi bili izuzetno &#8220;te\u0161ki&#8221; i energi\u010dni, a ja djevojka od metar i \u017eilet. Tada sam slikala <em>art brut<\/em> \u2013 svi smo takvi iza\u0161li s akademije, mra\u010dni, buntovni, beskompromisni, uvjereni da je to jedini ispravni put i to je stvarno okej, mladi i moraju biti takvi. Radovi su bili apsolutno iskreni i sirovi, ali sam kasnije pustila svojoj duhovitoj strani da postane dominantna mada sam znala da \u0107e me mnogi obezvrje\u0111ivati i govoriti da to nije &#8220;prava umjetnost&#8221;. Jedan mi je kolega rekao da sam postala zabavlja\u010dica, to mi je najdra\u017ea titula u \u017eivotu, sva su mi se vrata otvorila kada sam po\u010dela nasmijavati ljude.<\/p>\n<p>Kada sam ve\u0107 spomenula Lipovca, moram re\u0107i da me stra\u0161no ljuti \u0161to nema galeriju sa svojim radovima u Splitu, u njega je utkan Mediteran i ta predivna jednostavnost koja je po meni smisao umjetnosti.<\/p>\n<p><strong>U tekstu koji ste objavili o Lipovcu napisali ste da vam je bilo te\u0161ko oti\u0107i iz njegovog ateljea jer &#8220;di god baci\u0161 pogled, dobije\u0161 ga nazad&#8221;.<\/strong><\/p>\n<p>Pa naravno, ne mogu vjerovati da ga tako zapostavljamo, da nemamo njegove skulpture u gradu, ma odmah u luci da ih svi vide kada si\u0111u s trajekta.<\/p>\n<figure id=\"attachment_3581\" aria-describedby=\"caption-attachment-3581\" style=\"width: 2560px\" class=\"wp-caption alignnone\"><img loading=\"lazy\" decoding=\"async\" class=\"wp-image-3581 size-full\" src=\"https:\/\/sdf.hr\/wp-content\/uploads\/2023\/08\/Kljakovic2-scaled.jpg\" alt=\"\" width=\"2560\" height=\"1707\" srcset=\"https:\/\/sdf.hr\/wp-content\/uploads\/2023\/08\/Kljakovic2-scaled.jpg 2560w, https:\/\/sdf.hr\/wp-content\/uploads\/2023\/08\/Kljakovic2-300x200.jpg 300w, https:\/\/sdf.hr\/wp-content\/uploads\/2023\/08\/Kljakovic2-1024x683.jpg 1024w, https:\/\/sdf.hr\/wp-content\/uploads\/2023\/08\/Kljakovic2-768x512.jpg 768w, https:\/\/sdf.hr\/wp-content\/uploads\/2023\/08\/Kljakovic2-1536x1024.jpg 1536w, https:\/\/sdf.hr\/wp-content\/uploads\/2023\/08\/Kljakovic2-2048x1365.jpg 2048w\" sizes=\"auto, (max-width: 2560px) 100vw, 2560px\" \/><figcaption id=\"caption-attachment-3581\" class=\"wp-caption-text\">Foto: Du\u0161ka Boban<\/figcaption><\/figure>\n<p><strong>&#8220;Oni&#8221; su, kako ka\u017eete, ljubavna pri\u010da bez filtera. Crte\u017ei bra\u010dnog para prote\u017eu se kroz va\u0161e slike godinama, a u jednom trenu ste ih odlu\u010dili objavljivati na dru\u0161tvenim mre\u017eama. Kako je do toga do\u0161lo?<\/strong><\/p>\n<p>Oni su nastali s mojom vezom, mojim mu\u017eem, prije petnaestak godina. To su karikature nas dvoje, dugonja i mala smo mi. Prvo su se pojavljivali na slikama, a onda sam nacrtala prvi crte\u017e &#8220;Po\u010de\u0161i me, gori, gori, livo, tu, tu tu&#8221; i stavila ga na Facebook. Reakcije su odmah krenule, ljudi su se javljali i to me je zagolicalo. Vi\u0161e sam puta rekla kako Oni u slikama \u017eive poetske \u017eivote, a u samim crte\u017eima \u017eive jedan stvarni \u017eivot bez filtera. Crtice iz svakodnevice bra\u010dnog odnosa su ne\u0161to u \u010demu se ve\u0107ina prepoznaje, a emocije su ono \u0161to me uvijek pokre\u0107e.<\/p>\n<p>Danas stranica Tisja Kljakovi\u0107 Art ima preko 78.000 pratitelja, a na po\u010detku sam mislila da su na dru\u0161tvenim mre\u017eama samo manijaci (smijeh), nisam htjela ni\u0161ta otvarati, nagovorio me mu\u017e. Ljudi me znaju pitati tko mi radi PR, kakav PR, nacrtam situaciju iz mog \u017eivota flomasterom i objavim. U\u017eivam u tome \u0161to imam direktan odnos s publikom, ne postoji izme\u0111u nas neki kustos, neka ma\u0161inerija, razgovaramo otvoreno, jedan na jedan.<\/p>\n<p><strong>Knjiga karikatura &#8220;Oni&#8221; do\u017eivjela je \u0161esto izdanje. Do\u0111e nam da vas pitamo koja je tajna uspjeha.<\/strong><\/p>\n<p>Nema nikakve tajne, sve \u0161to sam napravila, napravila sam u zajebanciji, crpila iz \u017eivota, u jednom dahu. \u010cesto umjetnici govore da su se namu\u010dili rade\u0107i, vraga sam se namu\u010dila, sve oko \u010dega sam se mu\u010dila ispalo je lo\u0161e i bacila sam u sme\u0107e. Mislim da sam tek s Njima postala crta\u010dica jer sam se bavila time kako nacrtati odnos u tri poteza. Recimo, oko im je na karikaturi jedna jedina crta, a ti vidi\u0161 kako On Nju gleda, osje\u0107a\u0161 sve preko gestikulacije, na\u010dina na koji Ona dr\u017ei ruku na boku i kako joj papu\u010da lagano visi sa stopala, to su detalji koji \u010dine \u017eivot. U knjigama &#8220;Oni&#8221; i &#8220;Oni 2&#8221; iscrpila sam sve crtice iz svakodnevice bra\u010dnih odnosa, ako netko misli da neka scena fali, neka mi javi, jer stvarno smatram da sam nacrtala i napisala sve! Naravno, mogla bi ja Njih crtati zauvijek, ali treba znati mjeru i stati. Ponekad jo\u0161 samo na Facebooku reagiram, nacrtam ne\u0161to iz gu\u0161ta \u2013 kada je nedavno javljeno da je podmetnuta bomba u jednom splitskom \u0161oping centru, nacrtala sam Nju kako ipak odlazi tamo kad se ve\u0107 obukla, sredila. Mislim da na koncu ne mo\u017ee\u0161 ljudima podvaliti ne\u0161to neiskreno, a ne mo\u017ee\u0161 ni raditi ne\u0161to samo jer je u tom trenutku popularno. Moji su \u010ditatelji stvorili ove knjige, njihova podr\u0161ka. Ako radi\u0161 ne\u0161to iz srca, do\u0107i \u0107e do ljudi. Stvarno u to vjerujem.<\/p>\n<p><strong>Knjiga je podijeljena na poglavlja Vanka, Ku\u0107a, Tinel, Ku\u017eina i Intima, s tim da je prostor zajedni\u010dke intime, uz spava\u0107u sobu, naj\u010de\u0161\u0107e kupaonica. Za\u0161to ba\u0161 kupaonica?<\/strong><\/p>\n<p>Oni su na ve\u0107ini crte\u017ea u donjem rublju jer \u017eive na Mediteranu, a nema u nas osobne intime, nikad nisi sam, pa ni u banju. <strong>Igor<\/strong>, moj mu\u017e, znao je stavljati onu dasku od pera\u010da poda na kvaku da mu ne ulazimo dok je u banju (smijeh). Banj je va\u017eno obiteljsko okupljali\u0161te, nisam ga mogla izbje\u0107i.<\/p>\n<p><strong>Moramo primijetiti da u prikazu mediteranskog bra\u010dnog \u017eivota ima dosta nogometa, ali samo hrvatske reprezentacije, nigdje nema Hajduka\u2026<\/strong><\/p>\n<p>A je, to je sramota, ali kad u meni nema nikakvog sportskog duha, ne znam ni\u0161ta o nogometu, crtam samo ono \u0161to vidim kod ku\u0107e, Igor stvarno stavi taj \u0161al kad igra reprezentacija\u2026<\/p>\n<p><strong>Nervira li vas kada kriti\u010dari ili publika krenu \u010ditati va\u0161 rad u nekom politi\u010dkom klju\u010du?<\/strong><\/p>\n<p>Naravno da svatko ima pravo umjetnost tuma\u010diti kako god \u017eeli, ali u mojim radovima nema politike, prikazujem svakodnevicu onakvu kakvu je vidim. Nije mi cilj da se netko na\u0111e uvrije\u0111enim, naprotiv, \u017eelim se povezati s ljudima jer nama danas stra\u0161no fali i spontanosti i humora.<\/p>\n<figure id=\"attachment_3583\" aria-describedby=\"caption-attachment-3583\" style=\"width: 2038px\" class=\"wp-caption alignnone\"><img loading=\"lazy\" decoding=\"async\" class=\"wp-image-3583 size-full\" src=\"https:\/\/sdf.hr\/wp-content\/uploads\/2023\/08\/Kljakovic3-scaled.jpg\" alt=\"\" width=\"2038\" height=\"2560\" srcset=\"https:\/\/sdf.hr\/wp-content\/uploads\/2023\/08\/Kljakovic3-scaled.jpg 2038w, https:\/\/sdf.hr\/wp-content\/uploads\/2023\/08\/Kljakovic3-239x300.jpg 239w, https:\/\/sdf.hr\/wp-content\/uploads\/2023\/08\/Kljakovic3-815x1024.jpg 815w, https:\/\/sdf.hr\/wp-content\/uploads\/2023\/08\/Kljakovic3-768x965.jpg 768w, https:\/\/sdf.hr\/wp-content\/uploads\/2023\/08\/Kljakovic3-1223x1536.jpg 1223w, https:\/\/sdf.hr\/wp-content\/uploads\/2023\/08\/Kljakovic3-1631x2048.jpg 1631w\" sizes=\"auto, (max-width: 2038px) 100vw, 2038px\" \/><figcaption id=\"caption-attachment-3583\" class=\"wp-caption-text\">Foto: Du\u0161ka Boban<\/figcaption><\/figure>\n<p><strong>Ipak, imali ste karikaturu na kojoj se \u010destita Dan antifa\u0161isti\u010dke borbe, ali i spominje da na taj praznik rade \u0161oping centri.<\/strong><\/p>\n<p>Pa meni to nema veze s politikom nego \u017eivotom, to je tragedija, taj dan bi se trebao posebno obilje\u017eavati i uzimati u obzir.<\/p>\n<p><strong>&#8220;Oni 2&#8221; uz karikature i popratni tekst imaju i nekoliko mikropri\u010da. Zna\u010di li to da se vra\u0107ate pisanju?<\/strong><\/p>\n<p>Stvarno nemam pojma, mo\u017eda budem opet pisala, mo\u017eda i ne, do\u0161lo mi je da obogatim karikature pri\u010dicama, ne moraju sve knjige izgledati isto.<\/p>\n<p><strong>Pogovor knjizi &#8220;Oni 2&#8221; napisao je splitski reper Andrija Vujevi\u0107, odnosno Vojko V. Kako je do\u0161lo do te suradnje?<\/strong><\/p>\n<p>Htjela sam u knjizi jedan opu\u0161ten, neoptere\u0107en tekst, nisam na ti sa stru\u010dnim tekstovima, nisam taj tip osobe i onda sam se sjetila <strong>Vojka<\/strong> koji u svojim pjesmama duhovito i pametno pri\u010da o na\u0161im \u017eivotima. Kada smo se upoznali, za\u010dudilo me koliko je privatno introvert, a \u0161to se ti\u010de teksta, meni se ba\u0161 svi\u0111a kako je to slo\u017eio.<\/p>\n<p><strong>Vojko V. o Njima ka\u017ee: &#8220;Bio sam uvjeren da je ta privatna sfera kod nas u ku\u0107i ne\u0161to posebno i nikad vi\u0111eno&#8221;, odnosno govori ono \u0161to svi misle \u2013 da ste uspjeli uhvatiti trenutke koji su paralelno specifi\u010dno va\u0161i, specifi\u010dno splitski i mediteranski, a istovremeno i transgeneracijski i univerzalni. Kako je knjiga prihva\u0107ena s onu stranu granica?<\/strong><\/p>\n<p>Oni zapravo mogu biti i na\u0161i roditelji i mi, mnoge sam situacije koristila iz bra\u010dnog \u017eivota vlastitih roditelja. Tako\u0111er, u crte\u017eima je Ona dominantnija, On pasivniji lik, to recimo ne bi tako izgledalo da sam uzela svakodnevicu nekih starijih generacija, primjerice onih iz Malog mista. Knjige su super pro\u0161le i u Srbiji i Sloveniji. Kako bje\u017eim od promocija, a i izdane su negdje u pandemijsko vrijeme, nisam ih u\u017eivo predstavljala, ali znam da se odli\u010dno prodaju i da to o\u010dito nije samo pri\u010da jednog dalmatinskog para, nego puno \u0161ira.<\/p>\n<p><strong>Jeste li osje\u0107ali pritisak kao Spli\u0107anka koja umjetnosti pristupa s humorom \u2013 svima uvijek na pamet padnu Miljenko Smoje, Feralove naslovnice, je li te\u0161ko plivati u tom dru\u0161tvu?<\/strong><\/p>\n<p>Ne osje\u0107am nikakav pritisak jer sam uvijek bila solista, ne izlazim gotovo nigdje, ne sre\u0107em nikog, a takve bi mi usporedbe bile samo \u010dast. Nedavno sam ilustrirala naslovnice novih izdanja Malog i Velog mista i to mi je bio ba\u0161 va\u017ean i drag projekt, <strong>Smoje<\/strong> nas je sve zadu\u017eio. A op\u0107enito mislim da se u dana\u0161nje vrijeme smijeh pre\u010desto obezvrje\u0111uje, pa pogledajte samo doma\u0107e filmove i serije, samo crnilo, svima nam nedostaje veselja i humora, to ne zna\u010di da je ne\u0161to \u0161to radimo zato povr\u0161no, naprotiv. Ali mi smo valjda takvi, kao da smo svi gospoda Glembajevi, moramo uvijek biti iznad \u017eivota, a narodski humor koji ja volim gotovo da vi\u0161e ne postoji. Zato sam film &#8220;Varljivo leto \u201868&#8221; pogledala valjda sto puta, meni vam je Bubuleja, odnosno <strong>Danilo Bata Stojkovi\u0107<\/strong> po\u010detak i kraj humora.<\/p>\n<p><strong>Va\u0161a izlo\u017eba &#8220;Spomenik \u017eivom \u010doviku&#8221; u Klovi\u0107evim dvorima u Zagrebu bila je najposje\u0107enija izlo\u017eba 2021. godine. Dio izlo\u017ebe putovao je i u Rijeku i Umag. A Split?<\/strong><\/p>\n<p>Kakav Split, pa to <strong>Krunina <\/strong>mala ne\u0161to crta! (smijeh) \u0160to se ti\u010de zagreba\u010dke izlo\u017ebe, za nju je najzaslu\u017eniji profesor <strong>Frano Dulibi\u0107<\/strong>. Prezadovoljna sam izlo\u017ebom, ne radim ja samo za likovnu elitu, najve\u0107e mi je postignu\u0107e \u0161to moj humor vole najrazli\u010ditiji ljudi.<\/p>\n<p><strong>Tko je \u017eivi \u010dovik kojem treba dignuti spomenik?<\/strong><\/p>\n<p>To su svi ljudi oko nas, ljudi koje volimo, za moju majku to je bio moj mu\u017e, tako je izlo\u017eba i dobila ime. Ali \u0161alu na stranu, \u017eivot mi je vje\u010dna inspiracija i htjela sam naglasiti da \u010desto onima najbli\u017eima i najzaslu\u017enijima najkasnije ka\u017eemo hvala, nekad i prekasno. \u0160to \u0107e ikome nagrade za \u017eivotno djelo pred smrt ili nakon smrti, moramo jasno pokazati kome smo zahvalni svaki dan.<\/p>\n<p><strong>Godine 2015. objavili ste knjigu &#8220;U malu je u\u0161a \u0111ava&#8221;, pri\u010de o djetinjstvu osamdesetih godina u Splitu, koja je 2020. do\u017eivjela reizdanje te je tri godine zaredom bila najprodavanija doma\u0107a knjiga. Odakle potreba da napi\u0161ete sentimentalnu posvetu djedu i baki?<\/strong><\/p>\n<p>Mislim da je to bila 2008. godina, kupila sam kompjuter na 12 rata i u dahu stvorila rukopis, za uspomenu sebi i svojoj obitelji, mla\u0111oj sestri koja se nije ni rodila u vrijeme radnje knjige. Bilo me strah da \u0107u zaboraviti crtice koje su mi obilje\u017eile djetinjstvo, da \u0107u zaboraviti sve ono \u0161to su mi baba i dida govorili, na koji su me na\u010din formirali. Rukopis je uzeo, ovo obavezno napi\u0161ite, <strong>Milorad Bibi\u0107 Mosor<\/strong>, va\u0161 otac, uredio ga, doslovno je prorede sre\u0111ivao, dao mu je i naslov. Kako sam tada bila potpuno nepoznata, stajao je neko vrijeme u ladici, iako je Mosor htio da se objavi, i kada je do\u0161lo vrijeme, iza\u0161la je knjiga, koja je postala popularna zapravo tek nakon uspjeha karikatura. Ljudi se sada stalno javljaju, \u010dini se da sam napisala jednu kolektivnu uspomenu generaciji koja je odrastala osamdesetih, pi\u0161u mi brojni da su oni imali ba\u0161 takvog didu kakav je bio moj <strong>\u017darko<\/strong>, raspi\u0161u se o svojim uspomenama.<\/p>\n<figure id=\"attachment_3585\" aria-describedby=\"caption-attachment-3585\" style=\"width: 1668px\" class=\"wp-caption alignnone\"><img loading=\"lazy\" decoding=\"async\" class=\"wp-image-3585 size-full\" src=\"https:\/\/sdf.hr\/wp-content\/uploads\/2023\/08\/Kljakovic4-scaled.jpg\" alt=\"\" width=\"1668\" height=\"2560\" srcset=\"https:\/\/sdf.hr\/wp-content\/uploads\/2023\/08\/Kljakovic4-scaled.jpg 1668w, https:\/\/sdf.hr\/wp-content\/uploads\/2023\/08\/Kljakovic4-195x300.jpg 195w, https:\/\/sdf.hr\/wp-content\/uploads\/2023\/08\/Kljakovic4-667x1024.jpg 667w, https:\/\/sdf.hr\/wp-content\/uploads\/2023\/08\/Kljakovic4-768x1179.jpg 768w, https:\/\/sdf.hr\/wp-content\/uploads\/2023\/08\/Kljakovic4-1001x1536.jpg 1001w, https:\/\/sdf.hr\/wp-content\/uploads\/2023\/08\/Kljakovic4-1335x2048.jpg 1335w\" sizes=\"auto, (max-width: 1668px) 100vw, 1668px\" \/><figcaption id=\"caption-attachment-3585\" class=\"wp-caption-text\">Foto: Du\u0161ka Boban<\/figcaption><\/figure>\n<p><strong>U pri\u010di &#8220;Kraj&#8221; govorite da grubim momentima iz djetinjstva ne \u017eelite dati mjesta, ali ipak zapisujete crticu koja za vas zna\u010di po\u010detak rata, a to je odlazak suside Kom\u0161inice Vuke u Beograd kao simboli\u010dki i doslovni kraj va\u0161eg djetinjstva. Za\u0161to ste izabrali ovako zavr\u0161iti knjigu?<\/strong><\/p>\n<p>Mi susjedi smo bili kao jedna familija, to je bila prava mediteranska promenada, <strong>Vukin<\/strong> sin <strong>\u017darko <\/strong>bi znao do\u0107i kod nas ku\u0107i sa \u0161ugamanom kad bi im nestalo tople vode u bojleru, on mi je kupio prve barbike. To su ljudi koji nisu imali nikakve veze s ratom, a ostali su bez doma. Takve stvari te obilje\u017ee. U ovakvoj knjizi nisam pro\u0161irila pri\u010du isklju\u010divo zato \u0161to bi ona na neki na\u010din pojela ostatak knjige, a naglasak mi je bio na onom lijepom \u0161to smo svi zajedno \u017eivjeli, onom \u0161to se doga\u0111alo ranije.<\/p>\n<p><strong>Prema knjizi je Mario Kova\u010d re\u017eirao istoimenu predstavu u HNK Split koja je tako\u0111er stalno rasprodana. \u0160to mislite o predstavi?<\/strong><\/p>\n<p><strong>Andrea Mladini\u0107<\/strong> koja igra malu Tisju napravila je fantasti\u010dan posao, kao i <strong>Nenad Srdeli\u0107<\/strong> i <strong>Snje\u017eana Sinov\u010di\u0107 \u0160i\u0161kov<\/strong>, osje\u0107am se kao da gledam svoje babu i didu na pozornici, \u010dudan je to i lijep osje\u0107aj. Naravno, sretna sam \u0161to ljudi vole i gledaju predstavu.<\/p>\n<p><strong>Osim predstave, &#8220;Mala&#8221; postaje i animirani film?<\/strong><\/p>\n<p>Tako je, <strong>Veljko Popovi\u0107<\/strong> je napravio scenarij, uzeo je odre\u0111ene dijelove knjige, ja \u0107u crtati i jedva \u010dekam vidjeti kako \u0107e to ispasti!<\/p>\n<p><strong>I dan danas \u017eivite u Spinutu, splitskom kvartu u kojem je smje\u0161tena radnja knjige.<\/strong><\/p>\n<p>\u017divim u babinom stanu u Spinutu, nezamislivo mi je promijeniti stan, iako nam je ve\u0107 malen, ali moj je \u017eivot Spinut i put preko grada do varo\u0161kog ateljea u kojem radim. Ja da se odselim, pa ne volim ni putovati, a kamoli seliti. Ka\u017eu Split ima samo lijepi pogled, kao da je to malo, taj pogled nas je stvorio.<\/p>\n<p><strong>Splitski reper \u017duvi u pjesmi &#8220;Ne\u0107u nigdi&#8221; ima stih &#8220;Kvart je sve \u0161ta \u017eelin, Split je sve \u0161ta znan&#8221;.<\/strong><\/p>\n<p>Ovo ostavite na dijalektu, dobro je \u010dovik i reka. Nemam velike apetite, ne \u017eelim osvojiti svijet, sretna sam tu gdje jesam.<\/p>\n<p><strong>\u0160to mo\u017eemo o\u010dekivati na jesen, na \u010demu radite?<\/strong><\/p>\n<p>Radim knjigu za djecu, znam da danas svi rade knjige za djecu, ali nakon \u0161to sam rodila, shvatila sam da ima sjajnih slikovnica i prirodno mi je do\u0161lo da i ja jednu napi\u0161em i ilustriram. Tekstovi za djecu moraju biti kratki, razigrani i smije\u0161ni pa su to kratke pri\u010de, knjiga \u0107e govoriti o jednom susjedstvu s razli\u010ditim \u017eivotinjama, tu je recimo gospo\u0111a Jasna \u010cagalj, kojoj je ro\u0111ak <strong>Jo\u0161ko \u010cagalj<\/strong>, odnosno Popularni Jole. Prvu sam pri\u010du napisala o djevoj\u010dici Nastji, svojoj mla\u0111oj k\u0107erki, \u010diji nestali balon od helija prona\u0111e inspektor Mile Gnu (i ka\u017ee nu!), sve su to vesele, jednostavne pri\u010dice na kojima volim raditi jer je bar djeci humor blizak.<\/p>\n<p><strong>Knjiga &#8220;Oni&#8221; zapo\u010dinje ljetnom karikaturom, a &#8220;Oni 2&#8221; zavr\u0161avaju jednim simboli\u010dnim krajem ljeta, pozdravom Oliveru i njegovom galebu. Osim \u017eivotnih crtica, osim Mediterana, ljeta i sje\u0107anja, \u0161to vama daje nadu?<\/strong><\/p>\n<p>Pa zapravo prvo mi do\u0111e re\u0107i, ne biste vjerovali, da se nikada ne nadam jer me nada asocira na potragu za nekim vanjskim priznanjem, a ja sam nekako ili sigurna u ono \u0161to radim i odlu\u010dim ili naprosto nisam i idem dalje.<\/p>\n<p><em>razgovor vodila Vedrana Bibi\u0107<\/em><\/p>\n","protected":false},"excerpt":{"rendered":"<p>&#8220;Oni&#8221; u slikama \u017eive poetske \u017eivote, a u samim crte\u017eima \u017eive jedan stvarni \u017eivot bez filtera. Crtice iz svakodnevice bra\u010dnog odnosa su ne\u0161to u \u010demu se ve\u0107ina prepoznaje, a emocije su ono \u0161to me uvijek pokre\u0107e<\/p>\n","protected":false},"featured_media":3580,"template":"","tags":[29,173],"atribut":[],"class_list":["post-3587","nada","type-nada","status-publish","has-post-thumbnail","hentry","tag-intervju","tag-intervju-2-hr"],"acf":[],"yoast_head":"<!-- This site is optimized with the Yoast SEO plugin v27.4 - https:\/\/yoast.com\/product\/yoast-seo-wordpress\/ -->\n<title>Tisja Kljakovi\u0107 Brai\u0107: Tek sam s Njima postala crta\u010dica - SDF - Srpski demokratski forum<\/title>\n<meta name=\"robots\" content=\"index, follow, max-snippet:-1, max-image-preview:large, max-video-preview:-1\" \/>\n<link rel=\"canonical\" href=\"https:\/\/sdf.hr\/hr\/nada\/tisja-kljakovic-braic-tek-sam-s-njima-postala-crtacica\/\" \/>\n<meta property=\"og:locale\" content=\"hr_HR\" \/>\n<meta property=\"og:type\" content=\"article\" \/>\n<meta property=\"og:title\" content=\"Tisja Kljakovi\u0107 Brai\u0107: Tek sam s Njima postala crta\u010dica - SDF - Srpski demokratski forum\" \/>\n<meta property=\"og:description\" content=\"&quot;Oni&quot; u slikama \u017eive poetske \u017eivote, a u samim crte\u017eima \u017eive jedan stvarni \u017eivot bez filtera. Crtice iz svakodnevice bra\u010dnog odnosa su ne\u0161to u \u010demu se ve\u0107ina prepoznaje, a emocije su ono \u0161to me uvijek pokre\u0107e\" \/>\n<meta property=\"og:url\" content=\"https:\/\/sdf.hr\/hr\/nada\/tisja-kljakovic-braic-tek-sam-s-njima-postala-crtacica\/\" \/>\n<meta property=\"og:site_name\" content=\"SDF - Srpski demokratski forum\" \/>\n<meta property=\"article:modified_time\" content=\"2023-08-27T09:41:26+00:00\" \/>\n<meta property=\"og:image\" content=\"https:\/\/sdf.hr\/wp-content\/uploads\/2023\/08\/Kljakovic1-scaled.jpg\" \/>\n\t<meta property=\"og:image:width\" content=\"2560\" \/>\n\t<meta property=\"og:image:height\" content=\"1897\" \/>\n\t<meta property=\"og:image:type\" content=\"image\/jpeg\" \/>\n<meta name=\"twitter:card\" content=\"summary_large_image\" \/>\n<meta name=\"twitter:label1\" content=\"Procijenjeno vrijeme \u010ditanja\" \/>\n\t<meta name=\"twitter:data1\" content=\"14 minuta\" \/>\n<script type=\"application\/ld+json\" class=\"yoast-schema-graph\">{\"@context\":\"https:\\\/\\\/schema.org\",\"@graph\":[{\"@type\":\"WebPage\",\"@id\":\"https:\\\/\\\/sdf.hr\\\/hr\\\/nada\\\/tisja-kljakovic-braic-tek-sam-s-njima-postala-crtacica\\\/\",\"url\":\"https:\\\/\\\/sdf.hr\\\/hr\\\/nada\\\/tisja-kljakovic-braic-tek-sam-s-njima-postala-crtacica\\\/\",\"name\":\"Tisja Kljakovi\u0107 Brai\u0107: Tek sam s Njima postala crta\u010dica - SDF - Srpski demokratski forum\",\"isPartOf\":{\"@id\":\"https:\\\/\\\/sdf.hr\\\/#website\"},\"primaryImageOfPage\":{\"@id\":\"https:\\\/\\\/sdf.hr\\\/hr\\\/nada\\\/tisja-kljakovic-braic-tek-sam-s-njima-postala-crtacica\\\/#primaryimage\"},\"image\":{\"@id\":\"https:\\\/\\\/sdf.hr\\\/hr\\\/nada\\\/tisja-kljakovic-braic-tek-sam-s-njima-postala-crtacica\\\/#primaryimage\"},\"thumbnailUrl\":\"https:\\\/\\\/sdf.hr\\\/wp-content\\\/uploads\\\/2023\\\/08\\\/Kljakovic1-scaled.jpg\",\"datePublished\":\"2023-08-13T09:33:54+00:00\",\"dateModified\":\"2023-08-27T09:41:26+00:00\",\"breadcrumb\":{\"@id\":\"https:\\\/\\\/sdf.hr\\\/hr\\\/nada\\\/tisja-kljakovic-braic-tek-sam-s-njima-postala-crtacica\\\/#breadcrumb\"},\"inLanguage\":\"hr\",\"potentialAction\":[{\"@type\":\"ReadAction\",\"target\":[\"https:\\\/\\\/sdf.hr\\\/hr\\\/nada\\\/tisja-kljakovic-braic-tek-sam-s-njima-postala-crtacica\\\/\"]}]},{\"@type\":\"ImageObject\",\"inLanguage\":\"hr\",\"@id\":\"https:\\\/\\\/sdf.hr\\\/hr\\\/nada\\\/tisja-kljakovic-braic-tek-sam-s-njima-postala-crtacica\\\/#primaryimage\",\"url\":\"https:\\\/\\\/sdf.hr\\\/wp-content\\\/uploads\\\/2023\\\/08\\\/Kljakovic1-scaled.jpg\",\"contentUrl\":\"https:\\\/\\\/sdf.hr\\\/wp-content\\\/uploads\\\/2023\\\/08\\\/Kljakovic1-scaled.jpg\",\"width\":2560,\"height\":1897,\"caption\":\"Foto: Du\u0161ka Boban\"},{\"@type\":\"BreadcrumbList\",\"@id\":\"https:\\\/\\\/sdf.hr\\\/hr\\\/nada\\\/tisja-kljakovic-braic-tek-sam-s-njima-postala-crtacica\\\/#breadcrumb\",\"itemListElement\":[{\"@type\":\"ListItem\",\"position\":1,\"name\":\"Po\u010detna stranica\",\"item\":\"https:\\\/\\\/sdf.hr\\\/hr\\\/\"},{\"@type\":\"ListItem\",\"position\":2,\"name\":\"Nada\",\"item\":\"https:\\\/\\\/sdf.hr\\\/nada\\\/\"},{\"@type\":\"ListItem\",\"position\":3,\"name\":\"Tisja Kljakovi\u0107 Brai\u0107: Tek sam s Njima postala crta\u010dica\"}]},{\"@type\":\"WebSite\",\"@id\":\"https:\\\/\\\/sdf.hr\\\/#website\",\"url\":\"https:\\\/\\\/sdf.hr\\\/\",\"name\":\"SDF - Srpski demokratski forum\",\"description\":\"Srpski demokratski forum\",\"publisher\":{\"@id\":\"https:\\\/\\\/sdf.hr\\\/#organization\"},\"potentialAction\":[{\"@type\":\"SearchAction\",\"target\":{\"@type\":\"EntryPoint\",\"urlTemplate\":\"https:\\\/\\\/sdf.hr\\\/?s={search_term_string}\"},\"query-input\":{\"@type\":\"PropertyValueSpecification\",\"valueRequired\":true,\"valueName\":\"search_term_string\"}}],\"inLanguage\":\"hr\"},{\"@type\":\"Organization\",\"@id\":\"https:\\\/\\\/sdf.hr\\\/#organization\",\"name\":\"SDF - Srpski demokratski forum\",\"url\":\"https:\\\/\\\/sdf.hr\\\/\",\"logo\":{\"@type\":\"ImageObject\",\"inLanguage\":\"hr\",\"@id\":\"https:\\\/\\\/sdf.hr\\\/#\\\/schema\\\/logo\\\/image\\\/\",\"url\":\"https:\\\/\\\/sdf.hr\\\/wp-content\\\/uploads\\\/2021\\\/07\\\/logo-hr.svg\",\"contentUrl\":\"https:\\\/\\\/sdf.hr\\\/wp-content\\\/uploads\\\/2021\\\/07\\\/logo-hr.svg\",\"width\":271,\"height\":100,\"caption\":\"SDF - Srpski demokratski forum\"},\"image\":{\"@id\":\"https:\\\/\\\/sdf.hr\\\/#\\\/schema\\\/logo\\\/image\\\/\"}}]}<\/script>\n<!-- \/ Yoast SEO plugin. -->","yoast_head_json":{"title":"Tisja Kljakovi\u0107 Brai\u0107: Tek sam s Njima postala crta\u010dica - SDF - Srpski demokratski forum","robots":{"index":"index","follow":"follow","max-snippet":"max-snippet:-1","max-image-preview":"max-image-preview:large","max-video-preview":"max-video-preview:-1"},"canonical":"https:\/\/sdf.hr\/hr\/nada\/tisja-kljakovic-braic-tek-sam-s-njima-postala-crtacica\/","og_locale":"hr_HR","og_type":"article","og_title":"Tisja Kljakovi\u0107 Brai\u0107: Tek sam s Njima postala crta\u010dica - SDF - Srpski demokratski forum","og_description":"\"Oni\" u slikama \u017eive poetske \u017eivote, a u samim crte\u017eima \u017eive jedan stvarni \u017eivot bez filtera. Crtice iz svakodnevice bra\u010dnog odnosa su ne\u0161to u \u010demu se ve\u0107ina prepoznaje, a emocije su ono \u0161to me uvijek pokre\u0107e","og_url":"https:\/\/sdf.hr\/hr\/nada\/tisja-kljakovic-braic-tek-sam-s-njima-postala-crtacica\/","og_site_name":"SDF - Srpski demokratski forum","article_modified_time":"2023-08-27T09:41:26+00:00","og_image":[{"width":2560,"height":1897,"url":"https:\/\/sdf.hr\/wp-content\/uploads\/2023\/08\/Kljakovic1-scaled.jpg","type":"image\/jpeg"}],"twitter_card":"summary_large_image","twitter_misc":{"Procijenjeno vrijeme \u010ditanja":"14 minuta"},"schema":{"@context":"https:\/\/schema.org","@graph":[{"@type":"WebPage","@id":"https:\/\/sdf.hr\/hr\/nada\/tisja-kljakovic-braic-tek-sam-s-njima-postala-crtacica\/","url":"https:\/\/sdf.hr\/hr\/nada\/tisja-kljakovic-braic-tek-sam-s-njima-postala-crtacica\/","name":"Tisja Kljakovi\u0107 Brai\u0107: Tek sam s Njima postala crta\u010dica - SDF - Srpski demokratski forum","isPartOf":{"@id":"https:\/\/sdf.hr\/#website"},"primaryImageOfPage":{"@id":"https:\/\/sdf.hr\/hr\/nada\/tisja-kljakovic-braic-tek-sam-s-njima-postala-crtacica\/#primaryimage"},"image":{"@id":"https:\/\/sdf.hr\/hr\/nada\/tisja-kljakovic-braic-tek-sam-s-njima-postala-crtacica\/#primaryimage"},"thumbnailUrl":"https:\/\/sdf.hr\/wp-content\/uploads\/2023\/08\/Kljakovic1-scaled.jpg","datePublished":"2023-08-13T09:33:54+00:00","dateModified":"2023-08-27T09:41:26+00:00","breadcrumb":{"@id":"https:\/\/sdf.hr\/hr\/nada\/tisja-kljakovic-braic-tek-sam-s-njima-postala-crtacica\/#breadcrumb"},"inLanguage":"hr","potentialAction":[{"@type":"ReadAction","target":["https:\/\/sdf.hr\/hr\/nada\/tisja-kljakovic-braic-tek-sam-s-njima-postala-crtacica\/"]}]},{"@type":"ImageObject","inLanguage":"hr","@id":"https:\/\/sdf.hr\/hr\/nada\/tisja-kljakovic-braic-tek-sam-s-njima-postala-crtacica\/#primaryimage","url":"https:\/\/sdf.hr\/wp-content\/uploads\/2023\/08\/Kljakovic1-scaled.jpg","contentUrl":"https:\/\/sdf.hr\/wp-content\/uploads\/2023\/08\/Kljakovic1-scaled.jpg","width":2560,"height":1897,"caption":"Foto: Du\u0161ka Boban"},{"@type":"BreadcrumbList","@id":"https:\/\/sdf.hr\/hr\/nada\/tisja-kljakovic-braic-tek-sam-s-njima-postala-crtacica\/#breadcrumb","itemListElement":[{"@type":"ListItem","position":1,"name":"Po\u010detna stranica","item":"https:\/\/sdf.hr\/hr\/"},{"@type":"ListItem","position":2,"name":"Nada","item":"https:\/\/sdf.hr\/nada\/"},{"@type":"ListItem","position":3,"name":"Tisja Kljakovi\u0107 Brai\u0107: Tek sam s Njima postala crta\u010dica"}]},{"@type":"WebSite","@id":"https:\/\/sdf.hr\/#website","url":"https:\/\/sdf.hr\/","name":"SDF - Srpski demokratski forum","description":"Srpski demokratski forum","publisher":{"@id":"https:\/\/sdf.hr\/#organization"},"potentialAction":[{"@type":"SearchAction","target":{"@type":"EntryPoint","urlTemplate":"https:\/\/sdf.hr\/?s={search_term_string}"},"query-input":{"@type":"PropertyValueSpecification","valueRequired":true,"valueName":"search_term_string"}}],"inLanguage":"hr"},{"@type":"Organization","@id":"https:\/\/sdf.hr\/#organization","name":"SDF - Srpski demokratski forum","url":"https:\/\/sdf.hr\/","logo":{"@type":"ImageObject","inLanguage":"hr","@id":"https:\/\/sdf.hr\/#\/schema\/logo\/image\/","url":"https:\/\/sdf.hr\/wp-content\/uploads\/2021\/07\/logo-hr.svg","contentUrl":"https:\/\/sdf.hr\/wp-content\/uploads\/2021\/07\/logo-hr.svg","width":271,"height":100,"caption":"SDF - Srpski demokratski forum"},"image":{"@id":"https:\/\/sdf.hr\/#\/schema\/logo\/image\/"}}]}},"_links":{"self":[{"href":"https:\/\/sdf.hr\/hr\/wp-json\/wp\/v2\/nada\/3587","targetHints":{"allow":["GET"]}}],"collection":[{"href":"https:\/\/sdf.hr\/hr\/wp-json\/wp\/v2\/nada"}],"about":[{"href":"https:\/\/sdf.hr\/hr\/wp-json\/wp\/v2\/types\/nada"}],"wp:featuredmedia":[{"embeddable":true,"href":"https:\/\/sdf.hr\/hr\/wp-json\/wp\/v2\/media\/3580"}],"wp:attachment":[{"href":"https:\/\/sdf.hr\/hr\/wp-json\/wp\/v2\/media?parent=3587"}],"wp:term":[{"taxonomy":"post_tag","embeddable":true,"href":"https:\/\/sdf.hr\/hr\/wp-json\/wp\/v2\/tags?post=3587"},{"taxonomy":"atribut","embeddable":true,"href":"https:\/\/sdf.hr\/hr\/wp-json\/wp\/v2\/atribut?post=3587"}],"curies":[{"name":"wp","href":"https:\/\/api.w.org\/{rel}","templated":true}]}}