{"id":3596,"date":"2023-08-15T09:49:31","date_gmt":"2023-08-15T07:49:31","guid":{"rendered":"https:\/\/sdf.hr\/nada\/sto-je-nama-marama\/"},"modified":"2023-08-15T09:55:07","modified_gmt":"2023-08-15T07:55:07","slug":"sto-je-nama-marama","status":"publish","type":"nada","link":"https:\/\/sdf.hr\/hr\/nada\/sto-je-nama-marama\/","title":{"rendered":"\u0160to je nama marama"},"content":{"rendered":"<p>Period <em>lockdowna<\/em>, u kojem smo bili upu\u0107eniji na sebe negoli je to ina\u010de slu\u010daj, za dio ljudi predstavlja svojevrsnu prekretnicu. Moment u kojem su zastali, razmisliti i donijeli nove odluke. U takvim okolnostima nastao je <a href=\"https:\/\/www.instagram.com\/nohairday_by.luloo\">Instagram-profil &#8220;NoHairDay by LuLoo&#8221;<\/a> radijske novinarke <strong>Lucije \u010ce\u010d<\/strong>. Njen glas u tom je momentu ve\u0107 bio prepoznatljiv u zagreba\u010dkom eteru, a ona zbog upe\u010datljivog izgleda i u fizi\u010dkom prostoru grada. Lucijine odjevne kombinacije, naime, uvijek su oboga\u0107ene maramom svezanom oko glave, ve\u0107inom efektnih, \u0161arenih uzoraka, zbog \u010dega te\u0161ko mo\u017ee pro\u0107i nezapa\u017eeno. Po\u0161to je jedno od naj\u010de\u0161\u0107ih pitanja koje dobije kad se upoznaje ljudima kako vezuje maramu, u pandemiji koronavirusa odlu\u010dila je snimiti taj proces i objaviti ga na dru\u0161tvenim mre\u017eama.<\/p>\n<p>&#8211; Ne\u0161to kasnije sam na profilu po\u010dela puno vi\u0161e govoriti i o osobnoj strani pri\u010de: za\u0161to uop\u0107e nosim marame, kako je do\u0161lo do toga, s kakvim se sve pitanjima suo\u010davam. Zapravo sam nakon perioda premi\u0161ljanja shvatila da mi je to preva\u017ena tema i da zaista nema smisla da je ne podijelim sa \u017eenama koje mo\u017eda ba\u0161 u tom trenutku, a koji je bolan, te\u017eak i zbunjuju\u0107i, tra\u017ee odgovore. Sada sam sigurna da znam koje su moje granice i na koji na\u010din s vlastitim iskustvom mogu pomo\u0107i \u017eenama koje se nose s alopecijom \u2013 govori 31-godi\u0161nja Lucija u razgovoru za Nadu.<\/p>\n<p>Rije\u010d je o autoimunom stanju koje uzrokuje opadanje kose i koje u na\u0161em dru\u0161tvu jo\u0161 uvijek predstavlja svojevrsni tabu. U to se uvjerila i na\u0161a sugovornica kojoj je s 11 godina dijagnosticiran sistemski lupus, uz koji nerijetko dolazi i neki oblik gubitka kose. U njenom slu\u010daju radi se o o\u017eiljkastoj alopeciji.<\/p>\n<p>&#8211; Po\u010dela sam to primje\u0107ivati na kraju srednje \u0161kole. Uo\u010di maturalne ve\u010deri sam oti\u0161la kod svoje frizerke da mi napravi frizuru. Tada sam shvatila da imam rupu ispod \u0161i\u0161ki koja je izgledala kao pe\u010dat. Sje\u0107am se da mi je isplela pletenicu kojom smo je zakamuflirale. Me\u0111utim, alopecija je sve vi\u0161e napredovala, kosa na tjemenu mi se jako stanjivala. Nekako sam sve to maskirala \u0161pangicama, \u010dak sam koristila la\u017enu kosu, prah u nijansi kose koji se natapka na tjeme. Ali doslovno sam se u svakom trenutku pitala \u0161to \u0107e se desiti ako pomaknem glavu \u2013 ka\u017ee Lucija \u010ce\u010d i potom se prisje\u0107a prvog poku\u0161aja vezivanja marame.<\/p>\n<p><img loading=\"lazy\" decoding=\"async\" class=\"alignnone wp-image-3592 size-full\" src=\"https:\/\/sdf.hr\/wp-content\/uploads\/2023\/08\/Lucija2.jpg\" alt=\"\" width=\"2048\" height=\"2048\" srcset=\"https:\/\/sdf.hr\/wp-content\/uploads\/2023\/08\/Lucija2.jpg 2048w, https:\/\/sdf.hr\/wp-content\/uploads\/2023\/08\/Lucija2-300x300.jpg 300w, https:\/\/sdf.hr\/wp-content\/uploads\/2023\/08\/Lucija2-1024x1024.jpg 1024w, https:\/\/sdf.hr\/wp-content\/uploads\/2023\/08\/Lucija2-150x150.jpg 150w, https:\/\/sdf.hr\/wp-content\/uploads\/2023\/08\/Lucija2-768x768.jpg 768w, https:\/\/sdf.hr\/wp-content\/uploads\/2023\/08\/Lucija2-1536x1536.jpg 1536w\" sizes=\"auto, (max-width: 2048px) 100vw, 2048px\" \/><\/p>\n<p>Bila je studentica i prijateljica joj je dolazila doma na u\u010denje za kolokvij. U nekom momentu te ve\u010deri, ka\u017ee, pogledala se u ogledalo, pomislila da vi\u0161e ne mo\u017ee tako dalje, zatim uzela prvu maramu koju je imala i u jednom potezu je svezala oko glave.<\/p>\n<p>&#8211; Shvatila sam da mi ba\u0161 dobro stoji (smijeh). Prvo i osnovno, \u0161areno je i veselo, dobar je modni dodatak i s njom se osje\u0107am puno bolje. Usto je dovoljno \u010dvrsto sve\u017eem da znam da ne\u0107e skliznuti pa sam tako samoj sebi stvorila neku vrstu sigurnog prostora. Od tog dana je neprestano nosim \u2013 veli Lucija.<\/p>\n<p>Dodaje da se tada po\u010dela suo\u010davati s prvim pogledima i komentarima. Misli da je ljudima to bilo neobi\u010dno jer generalno u svojoj okolini ne poznajemo one koji konstantno nose marame. Tako\u0111er, ve\u0107ini je kada i vide nekoga sa svezanom maramom prva pomisao da se radi o osobi koja je bolesna jer takav izgled gotovo isklju\u010divo povezujemo s kemoterapijama i ozbiljnim, te\u0161kim stanjima.<\/p>\n<p>&#8211; Tada su se pojavila pitanja u stilu za\u0161to je nosim, koja mi je to fora. \u010cak su mi ih znali postavljati partneri, a tek kasnije sam shvatila koliko je to grozno. Kroz sve ove godine sam osvijestila da ljudi jednostavno ne znaju pristupiti toj temi ili da ne shva\u0107aju kako mogu povrijediti nekoga s takvim pitanjima. Bilo je i zapitkivanja u izlascima, tipa u tri ujutro mi pri\u0111e frajer i ka\u017ee: &#8220;Gle ovu, kao da je do\u0161la iz Egipta.&#8221; Nau\u010dila sam se od toga obraniti na na\u010din koji mo\u017eda nije uvijek najpristojniji, ali smatram da zaista nema mjesta za takve komentare. Pitaj me normalno, nemoj poku\u0161avati biti duhovit i na taj na\u010din mi se pribli\u017eiti jer to jednostavno ne funkcionira. Uostalom, nije mi uvijek ni sa svima bilo ugodno pri\u010dati o toj temi \u2013 govori ona.<\/p>\n<p>Lucija ka\u017ee da ni danas nije imuna na komentare. Rije\u010d je o procesu koji jo\u0161 uvijek traje, obja\u0161njava nam.<\/p>\n<p>&#8211; Mislim da su se ljudi sada ve\u0107 navikli na moj izgled i to mi olak\u0161ava proces prihva\u0107anja, ali on istodobno traje jako dugo. Uostalom, ja zaista uvijek imam maramu na glavi: kad radim, izlazim, idem na svadbe, fotografiram se za dokumente ili bavim sportom. Sje\u0107am se da me jednom prilikom psihoterapeutkinja pitala jesam li od\u017ealovala svoju kosu. To mi je bilo jako te\u0161ko pitanje, jer tada nisam bila dovoljno ohrabrena. Sada sam se ve\u0107 toliko navikla, nemam iluzije da \u0107e mi kosa narasti pa sam je u tom cijelom procesu i od\u017ealovala &#8211; ka\u017ee.<\/p>\n<p>Danas o svemu tome govori i na &#8220;NoHairDayu&#8221;, gdje uz tutorijale, upute za vezivanje marame, i savjete o najpogodnijim materijalima dijeli vlastita iskustva. Svoj profil zami\u0161lja kao mjesto gdje \u0107emo na proces gubitka kose po\u010deti gledati kao ne\u0161to \u0161to nije kraj svijeta, prostor u kojem \u0107e o svim tim pitanjima \u017eene mo\u0107i otvoreno razgovarati i gdje ih nitko ne\u0107e osu\u0111ivati jer nose marame, perike ili pak pokazuju svoje lijepe, \u0107elave glave.<\/p>\n<p>&#8211; Tutorijali su super i znam da zanimaju i \u017eene koje nemaju problema s alopecijom, \u0161to mi je genijalno, ali pru\u017eanje prostora za podr\u0161ku i raspravu mi je ipak na prvom mjestu \u2013 tuma\u010di Lucija, koju svih ovih godina nitko unutar javnozdravstvenog sustava nije uputio na bilo kakvu adresu na kojoj bi mogla dobiti neki vid podr\u0161ke.<\/p>\n<p>&#8211; Sre\u0107om, imam divnu dermatologinju koje je sa mnom otpo\u010detka, ali ta podr\u0161ka traje 15 minuta, odnosno onoliko koliko provedem u njenoj ordinaciji. Tim vi\u0161e potreba za pri\u010dom u javnom prostoru koji o\u010dito moramo same stvoriti \u2013 ka\u017ee.<\/p>\n<p><img loading=\"lazy\" decoding=\"async\" class=\"alignnone wp-image-3594 size-full\" src=\"https:\/\/sdf.hr\/wp-content\/uploads\/2023\/08\/Lucija3.jpg\" alt=\"\" width=\"1440\" height=\"1517\" srcset=\"https:\/\/sdf.hr\/wp-content\/uploads\/2023\/08\/Lucija3.jpg 1440w, https:\/\/sdf.hr\/wp-content\/uploads\/2023\/08\/Lucija3-285x300.jpg 285w, https:\/\/sdf.hr\/wp-content\/uploads\/2023\/08\/Lucija3-972x1024.jpg 972w, https:\/\/sdf.hr\/wp-content\/uploads\/2023\/08\/Lucija3-768x809.jpg 768w\" sizes=\"auto, (max-width: 1440px) 100vw, 1440px\" \/><\/p>\n<p>Luciji \u010ce\u010d danas se naj\u010de\u0161\u0107e javljaju \u010dlanovi obitelji ili prijatelji kojima trebaju savjeti za njihove mame, bake, sestre ili prijateljice koje odlaze na kemoterapiju. Zanima ih gdje mogu kupiti marame, kojih na\u0161a sugovornica broji preko 40. No nekako se uvijek dogodi, govori ona, da ih nosi \u010detiri-pet po sezoni. Sve, naravno, ovisi i o raspolo\u017eenju. Najve\u0107i je problem, obja\u0161njava nam, \u0161to nije svaka marama pogodna za glavu \u2013 ona mora biti dovoljno velika i napravljena od materijala koji je prikladan za ko\u017eu, a pritom ne smije biti sklizava, npr. svilena. Zanima nas i koji bi si savjet dala onima koje \u0107e ih tek po\u010deti nositi.<\/p>\n<p>&#8211; Prvi je da to shvate kao igru koja \u0107e im podignuti samopouzdanje i osloboditi ih konstantnog pritiska koji same sebi stvaramo razli\u010ditim pitanjima. Drugo je da eksperimentiraju s materijalima, stilovima i uzorcima. Ako sve to bude nekome povod za komentiranje ili dobacivanje, neka bude. Ne mo\u017eemo utjecati na tu\u0111e mi\u0161ljenje, ali ako se ti osje\u0107a\u0161 bolje nego \u0161to si se osje\u0107ala kada ti je bilo nelagodno zato \u0161to gubi\u0161 kosu, zar je uop\u0107e bitno \u0161to misli neka tamo osoba na cesti \u2013 odgovara.<\/p>\n<p>&#8211; Na onaj unutarnji proces \u0107emo morati malo pri\u010dekati. U svemu tome izra\u017eena je i borba koju svaka od nas vodi sama sa sobom, prihva\u0107anjem da gubimo kosu, \u0161to ne zna\u010di da gubimo i svoju \u017eenstvenost. To je ogroman dio cijele ove pri\u010de koji je meni bio jako te\u017eak u periodu odrastanja. Sada sam svjesna da je najva\u017enije da same redefiniramo poimanje \u017eenske senzualnosti, ljepote, kako bi nakon svega toga mogle ponosno iza\u0107i na ulicu. A to je ne\u0161to \u0161to traje. Takvi procesi se ne mogu ubrzati, ali ako ih na ovakve na\u010dine mo\u017eemo olak\u0161ati, za\u0161to ne. Uostalom, sva\u010dija borba te vrste je vrijedna, va\u017ena, ali i te\u0161ka \u2013 dodaje Lucija.<\/p>\n<p><em>pi\u0161e Tamara Opa\u010di\u0107<\/em><\/p>\n","protected":false},"excerpt":{"rendered":"<p>Luciji \u010ce\u010d danas se naj\u010de\u0161\u0107e javljaju \u010dlanovi obitelji i prijatelji kojima trebaju savjeti za njihove mame, sestre ili prijateljice koje odlaze na kemoterapiju. &#8220;U cijelom procesu izra\u017eena je borba koju svaka od nas vodi sama sa sobom, prihva\u0107anjem da gubimo kosu, \u0161to ne zna\u010di da gubimo i \u017eenstvenost&#8221;, ka\u017ee Lucija, koja stoji iza Instagram-profila &#8220;NoHairDay&#8221;<\/p>\n","protected":false},"featured_media":3598,"template":"","tags":[136],"atribut":[],"class_list":["post-3596","nada","type-nada","status-publish","has-post-thumbnail","hentry","tag-portret"],"acf":[],"yoast_head":"<!-- This site is optimized with the Yoast SEO plugin v27.4 - https:\/\/yoast.com\/product\/yoast-seo-wordpress\/ -->\n<title>\u0160to je nama marama - SDF - Srpski demokratski forum<\/title>\n<meta name=\"robots\" content=\"index, follow, max-snippet:-1, max-image-preview:large, max-video-preview:-1\" \/>\n<link rel=\"canonical\" href=\"https:\/\/sdf.hr\/hr\/nada\/sto-je-nama-marama\/\" \/>\n<meta property=\"og:locale\" content=\"hr_HR\" \/>\n<meta property=\"og:type\" content=\"article\" \/>\n<meta property=\"og:title\" content=\"\u0160to je nama marama - SDF - Srpski demokratski forum\" \/>\n<meta property=\"og:description\" content=\"Luciji \u010ce\u010d danas se naj\u010de\u0161\u0107e javljaju \u010dlanovi obitelji i prijatelji kojima trebaju savjeti za njihove mame, sestre ili prijateljice koje odlaze na kemoterapiju. &quot;U cijelom procesu izra\u017eena je borba koju svaka od nas vodi sama sa sobom, prihva\u0107anjem da gubimo kosu, \u0161to ne zna\u010di da gubimo i \u017eenstvenost&quot;, ka\u017ee Lucija, koja stoji iza Instagram-profila &quot;NoHairDay&quot;\" \/>\n<meta property=\"og:url\" content=\"https:\/\/sdf.hr\/hr\/nada\/sto-je-nama-marama\/\" \/>\n<meta property=\"og:site_name\" content=\"SDF - Srpski demokratski forum\" \/>\n<meta property=\"article:modified_time\" content=\"2023-08-15T07:55:07+00:00\" \/>\n<meta property=\"og:image\" content=\"https:\/\/sdf.hr\/wp-content\/uploads\/2023\/08\/Lu-3-scaled.jpg\" \/>\n\t<meta property=\"og:image:width\" content=\"2542\" \/>\n\t<meta property=\"og:image:height\" content=\"2560\" \/>\n\t<meta property=\"og:image:type\" content=\"image\/jpeg\" \/>\n<meta name=\"twitter:card\" content=\"summary_large_image\" \/>\n<meta name=\"twitter:label1\" content=\"Procijenjeno vrijeme \u010ditanja\" \/>\n\t<meta name=\"twitter:data1\" content=\"7 minuta\" \/>\n<script type=\"application\/ld+json\" class=\"yoast-schema-graph\">{\"@context\":\"https:\\\/\\\/schema.org\",\"@graph\":[{\"@type\":\"WebPage\",\"@id\":\"https:\\\/\\\/sdf.hr\\\/hr\\\/nada\\\/sto-je-nama-marama\\\/\",\"url\":\"https:\\\/\\\/sdf.hr\\\/hr\\\/nada\\\/sto-je-nama-marama\\\/\",\"name\":\"\u0160to je nama marama - SDF - Srpski demokratski forum\",\"isPartOf\":{\"@id\":\"https:\\\/\\\/sdf.hr\\\/#website\"},\"primaryImageOfPage\":{\"@id\":\"https:\\\/\\\/sdf.hr\\\/hr\\\/nada\\\/sto-je-nama-marama\\\/#primaryimage\"},\"image\":{\"@id\":\"https:\\\/\\\/sdf.hr\\\/hr\\\/nada\\\/sto-je-nama-marama\\\/#primaryimage\"},\"thumbnailUrl\":\"https:\\\/\\\/sdf.hr\\\/wp-content\\\/uploads\\\/2023\\\/08\\\/Lu-3-scaled.jpg\",\"datePublished\":\"2023-08-15T07:49:31+00:00\",\"dateModified\":\"2023-08-15T07:55:07+00:00\",\"breadcrumb\":{\"@id\":\"https:\\\/\\\/sdf.hr\\\/hr\\\/nada\\\/sto-je-nama-marama\\\/#breadcrumb\"},\"inLanguage\":\"hr\",\"potentialAction\":[{\"@type\":\"ReadAction\",\"target\":[\"https:\\\/\\\/sdf.hr\\\/hr\\\/nada\\\/sto-je-nama-marama\\\/\"]}]},{\"@type\":\"ImageObject\",\"inLanguage\":\"hr\",\"@id\":\"https:\\\/\\\/sdf.hr\\\/hr\\\/nada\\\/sto-je-nama-marama\\\/#primaryimage\",\"url\":\"https:\\\/\\\/sdf.hr\\\/wp-content\\\/uploads\\\/2023\\\/08\\\/Lu-3-scaled.jpg\",\"contentUrl\":\"https:\\\/\\\/sdf.hr\\\/wp-content\\\/uploads\\\/2023\\\/08\\\/Lu-3-scaled.jpg\",\"width\":2542,\"height\":2560,\"caption\":\"Lucija \u010ce\u010d\"},{\"@type\":\"BreadcrumbList\",\"@id\":\"https:\\\/\\\/sdf.hr\\\/hr\\\/nada\\\/sto-je-nama-marama\\\/#breadcrumb\",\"itemListElement\":[{\"@type\":\"ListItem\",\"position\":1,\"name\":\"Po\u010detna stranica\",\"item\":\"https:\\\/\\\/sdf.hr\\\/hr\\\/\"},{\"@type\":\"ListItem\",\"position\":2,\"name\":\"Nada\",\"item\":\"https:\\\/\\\/sdf.hr\\\/nada\\\/\"},{\"@type\":\"ListItem\",\"position\":3,\"name\":\"\u0160to je nama marama\"}]},{\"@type\":\"WebSite\",\"@id\":\"https:\\\/\\\/sdf.hr\\\/#website\",\"url\":\"https:\\\/\\\/sdf.hr\\\/\",\"name\":\"SDF - Srpski demokratski forum\",\"description\":\"Srpski demokratski forum\",\"publisher\":{\"@id\":\"https:\\\/\\\/sdf.hr\\\/#organization\"},\"potentialAction\":[{\"@type\":\"SearchAction\",\"target\":{\"@type\":\"EntryPoint\",\"urlTemplate\":\"https:\\\/\\\/sdf.hr\\\/?s={search_term_string}\"},\"query-input\":{\"@type\":\"PropertyValueSpecification\",\"valueRequired\":true,\"valueName\":\"search_term_string\"}}],\"inLanguage\":\"hr\"},{\"@type\":\"Organization\",\"@id\":\"https:\\\/\\\/sdf.hr\\\/#organization\",\"name\":\"SDF - Srpski demokratski forum\",\"url\":\"https:\\\/\\\/sdf.hr\\\/\",\"logo\":{\"@type\":\"ImageObject\",\"inLanguage\":\"hr\",\"@id\":\"https:\\\/\\\/sdf.hr\\\/#\\\/schema\\\/logo\\\/image\\\/\",\"url\":\"https:\\\/\\\/sdf.hr\\\/wp-content\\\/uploads\\\/2021\\\/07\\\/logo-hr.svg\",\"contentUrl\":\"https:\\\/\\\/sdf.hr\\\/wp-content\\\/uploads\\\/2021\\\/07\\\/logo-hr.svg\",\"width\":271,\"height\":100,\"caption\":\"SDF - Srpski demokratski forum\"},\"image\":{\"@id\":\"https:\\\/\\\/sdf.hr\\\/#\\\/schema\\\/logo\\\/image\\\/\"}}]}<\/script>\n<!-- \/ Yoast SEO plugin. -->","yoast_head_json":{"title":"\u0160to je nama marama - SDF - Srpski demokratski forum","robots":{"index":"index","follow":"follow","max-snippet":"max-snippet:-1","max-image-preview":"max-image-preview:large","max-video-preview":"max-video-preview:-1"},"canonical":"https:\/\/sdf.hr\/hr\/nada\/sto-je-nama-marama\/","og_locale":"hr_HR","og_type":"article","og_title":"\u0160to je nama marama - SDF - Srpski demokratski forum","og_description":"Luciji \u010ce\u010d danas se naj\u010de\u0161\u0107e javljaju \u010dlanovi obitelji i prijatelji kojima trebaju savjeti za njihove mame, sestre ili prijateljice koje odlaze na kemoterapiju. \"U cijelom procesu izra\u017eena je borba koju svaka od nas vodi sama sa sobom, prihva\u0107anjem da gubimo kosu, \u0161to ne zna\u010di da gubimo i \u017eenstvenost\", ka\u017ee Lucija, koja stoji iza Instagram-profila \"NoHairDay\"","og_url":"https:\/\/sdf.hr\/hr\/nada\/sto-je-nama-marama\/","og_site_name":"SDF - Srpski demokratski forum","article_modified_time":"2023-08-15T07:55:07+00:00","og_image":[{"width":2542,"height":2560,"url":"https:\/\/sdf.hr\/wp-content\/uploads\/2023\/08\/Lu-3-scaled.jpg","type":"image\/jpeg"}],"twitter_card":"summary_large_image","twitter_misc":{"Procijenjeno vrijeme \u010ditanja":"7 minuta"},"schema":{"@context":"https:\/\/schema.org","@graph":[{"@type":"WebPage","@id":"https:\/\/sdf.hr\/hr\/nada\/sto-je-nama-marama\/","url":"https:\/\/sdf.hr\/hr\/nada\/sto-je-nama-marama\/","name":"\u0160to je nama marama - SDF - Srpski demokratski forum","isPartOf":{"@id":"https:\/\/sdf.hr\/#website"},"primaryImageOfPage":{"@id":"https:\/\/sdf.hr\/hr\/nada\/sto-je-nama-marama\/#primaryimage"},"image":{"@id":"https:\/\/sdf.hr\/hr\/nada\/sto-je-nama-marama\/#primaryimage"},"thumbnailUrl":"https:\/\/sdf.hr\/wp-content\/uploads\/2023\/08\/Lu-3-scaled.jpg","datePublished":"2023-08-15T07:49:31+00:00","dateModified":"2023-08-15T07:55:07+00:00","breadcrumb":{"@id":"https:\/\/sdf.hr\/hr\/nada\/sto-je-nama-marama\/#breadcrumb"},"inLanguage":"hr","potentialAction":[{"@type":"ReadAction","target":["https:\/\/sdf.hr\/hr\/nada\/sto-je-nama-marama\/"]}]},{"@type":"ImageObject","inLanguage":"hr","@id":"https:\/\/sdf.hr\/hr\/nada\/sto-je-nama-marama\/#primaryimage","url":"https:\/\/sdf.hr\/wp-content\/uploads\/2023\/08\/Lu-3-scaled.jpg","contentUrl":"https:\/\/sdf.hr\/wp-content\/uploads\/2023\/08\/Lu-3-scaled.jpg","width":2542,"height":2560,"caption":"Lucija \u010ce\u010d"},{"@type":"BreadcrumbList","@id":"https:\/\/sdf.hr\/hr\/nada\/sto-je-nama-marama\/#breadcrumb","itemListElement":[{"@type":"ListItem","position":1,"name":"Po\u010detna stranica","item":"https:\/\/sdf.hr\/hr\/"},{"@type":"ListItem","position":2,"name":"Nada","item":"https:\/\/sdf.hr\/nada\/"},{"@type":"ListItem","position":3,"name":"\u0160to je nama marama"}]},{"@type":"WebSite","@id":"https:\/\/sdf.hr\/#website","url":"https:\/\/sdf.hr\/","name":"SDF - Srpski demokratski forum","description":"Srpski demokratski forum","publisher":{"@id":"https:\/\/sdf.hr\/#organization"},"potentialAction":[{"@type":"SearchAction","target":{"@type":"EntryPoint","urlTemplate":"https:\/\/sdf.hr\/?s={search_term_string}"},"query-input":{"@type":"PropertyValueSpecification","valueRequired":true,"valueName":"search_term_string"}}],"inLanguage":"hr"},{"@type":"Organization","@id":"https:\/\/sdf.hr\/#organization","name":"SDF - Srpski demokratski forum","url":"https:\/\/sdf.hr\/","logo":{"@type":"ImageObject","inLanguage":"hr","@id":"https:\/\/sdf.hr\/#\/schema\/logo\/image\/","url":"https:\/\/sdf.hr\/wp-content\/uploads\/2021\/07\/logo-hr.svg","contentUrl":"https:\/\/sdf.hr\/wp-content\/uploads\/2021\/07\/logo-hr.svg","width":271,"height":100,"caption":"SDF - Srpski demokratski forum"},"image":{"@id":"https:\/\/sdf.hr\/#\/schema\/logo\/image\/"}}]}},"_links":{"self":[{"href":"https:\/\/sdf.hr\/hr\/wp-json\/wp\/v2\/nada\/3596","targetHints":{"allow":["GET"]}}],"collection":[{"href":"https:\/\/sdf.hr\/hr\/wp-json\/wp\/v2\/nada"}],"about":[{"href":"https:\/\/sdf.hr\/hr\/wp-json\/wp\/v2\/types\/nada"}],"wp:featuredmedia":[{"embeddable":true,"href":"https:\/\/sdf.hr\/hr\/wp-json\/wp\/v2\/media\/3598"}],"wp:attachment":[{"href":"https:\/\/sdf.hr\/hr\/wp-json\/wp\/v2\/media?parent=3596"}],"wp:term":[{"taxonomy":"post_tag","embeddable":true,"href":"https:\/\/sdf.hr\/hr\/wp-json\/wp\/v2\/tags?post=3596"},{"taxonomy":"atribut","embeddable":true,"href":"https:\/\/sdf.hr\/hr\/wp-json\/wp\/v2\/atribut?post=3596"}],"curies":[{"name":"wp","href":"https:\/\/api.w.org\/{rel}","templated":true}]}}