{"id":3604,"date":"2023-08-17T14:23:23","date_gmt":"2023-08-17T12:23:23","guid":{"rendered":"https:\/\/sdf.hr\/nada\/ne-mice-mi-se-s-puta\/"},"modified":"2023-08-17T14:23:50","modified_gmt":"2023-08-17T12:23:50","slug":"ne-mice-mi-se-s-puta","status":"publish","type":"nada","link":"https:\/\/sdf.hr\/hr\/nada\/ne-mice-mi-se-s-puta\/","title":{"rendered":"Ne mi\u010de mi se s puta"},"content":{"rendered":"<p>Prije 43 godine na samo \u0161est metara od obiteljske ku\u0107e liburnijskog umjetnika i glazbenika <strong>Vedrana Ru\u017ei\u0107a<\/strong> u ulici B. Laginje izgra\u0111ena je prometnica Matulji \u2013 Tunel U\u010dka. Od tada \u017eivi samo \u0161est metara od ceste, promet postaje sve ve\u0107i i glasniji, a \u017eivot bez bukobrana, koji nisu postavljeni unato\u010d brojnim upitima, postaje nepodno\u0161ljiv. 2021. donesena je odluka i o izgradnji druge dionice ceste, \u0161to zna\u010di prisilno iseljenje.<\/p>\n<p>&#8220;6 metara&#8221; naslov je Ru\u017ei\u0107evog multimedijalnog projekta koji \u010dine solo album, konceptualni film te serija instalacija i crte\u017ea na temu ru\u0161enju ku\u0107a, oduzimanja terena i promjena koje nastaju izgradnjom prometnica. Ru\u017ei\u0107 je doznao da se ru\u0161e pet ku\u0107a i dva terena za tenis, uz oduzimanje zemlji\u0161ta na potezu od semafora u Matuljima do Tunela U\u010dka.<\/p>\n<p>&#8211; Na svaku molbu u vezi ure\u0111enja okoli\u0161a, dizanja kata na ku\u0107i, postavljanja bukobrana zbog pove\u0107anja prometa, ure\u0111enja studija, odgovor je bio &#8220;ne, jer ste u potencijalnom koridoru izgradnje novoga autoputa&#8221;. Hrvatske autoceste, BINA Istra, kao i Op\u0107ina Matulji ogra\u0111ivali su se od neznanja do zadnjega \u010dasa o tome s koje strane \u0107e se graditi cesta &#8211; ju\u017ene ili sjeverne \u2013 ka\u017ee Vedran Ru\u017ei\u0107.<\/p>\n<p>Dodaje da smo u periodu pandemije svi iskusili \u0161to zna\u010di \u017eivjeti u neizvjesnosti.<\/p>\n<p>&#8211; Taman u jeku koronavirusa, odnosno paradoksa situacije &#8220;ostani doma&#8221; uslijedio je poziv \u2013 &#8220;gospodo, ru\u0161i vam se ku\u0107a, morat \u0107ete iseliti&#8221;. Nakon svih tih godina neizvjesnosti do\u0161ao je odgovor s odbrojavanjem preostalog vremena \u017eivota na adresi koja uskoro ne\u0107e postojati \u2013 objasnio je Vedran.<\/p>\n<p>Od lipnja 2020., kada je donesena ta odluka, odr\u017eana su samo dva slu\u017ebena polusatna sastanka tijekom kojih je obiteljima obe\u0107avano da \u0107e iseljavanje biti \u0161to bezbolnije s brzom procjenom i isplatom. No nije se dogodio nikakav pomak, a na svaki poziv upu\u0107en nadle\u017enima dobivaju isti odgovor \u2013 &#8220;bit \u0107ete na vrijeme obavije\u0161teni&#8221;.<\/p>\n<p>&#8211; \u0160to je to &#8220;na vrijeme&#8221; za ljude koji cijeli \u017eivot \u017eive u istom domu i susjedstvu? Za ljude u godinama &#8211; umirovljenike, invalide, sr\u010dane bolesnike? Njima ovo jako te\u0161ko pada, no nemaju izbora. Najvi\u0161e nas poga\u0111aju novinski naslovi hvalospjeva izgradnje tunela, kao i o\u010diti radovi kilometar od ku\u0107e na dionici izvla\u0161tenoj pred vi\u0161e desetlje\u0107a. A za nas pomaka nema. Kada jednog dana napokon i do\u0111e procjena i isplata, \u010deka nas idu\u0107i korak &#8211; pronalazak novog doma. A svi znamo kakva je situacija na tr\u017ei\u0161tu nekretnina &#8211; cijene su sko\u010dile u nebesa, potra\u017enja je ve\u0107a od ponude, pogotovo ovdje u okolici Opatije. Ovaj kraj je na\u0161 dom i \u017eelimo ostati u blizini. Pro\u0161la su vremena u kojima se kod prisilnog iseljavanja dobio u ruke klju\u010d nove adekvatne ku\u0107e, zakon se promijenio \u2013 govori Vedran Ru\u017ei\u0107.<\/p>\n<figure id=\"attachment_3602\" aria-describedby=\"caption-attachment-3602\" style=\"width: 2560px\" class=\"wp-caption alignnone\"><img loading=\"lazy\" decoding=\"async\" class=\"wp-image-3602 size-full\" src=\"https:\/\/sdf.hr\/wp-content\/uploads\/2023\/08\/Tunel-Ucka-scaled.jpg\" alt=\"\" width=\"2560\" height=\"1930\" srcset=\"https:\/\/sdf.hr\/wp-content\/uploads\/2023\/08\/Tunel-Ucka-scaled.jpg 2560w, https:\/\/sdf.hr\/wp-content\/uploads\/2023\/08\/Tunel-Ucka-300x226.jpg 300w, https:\/\/sdf.hr\/wp-content\/uploads\/2023\/08\/Tunel-Ucka-1024x772.jpg 1024w, https:\/\/sdf.hr\/wp-content\/uploads\/2023\/08\/Tunel-Ucka-768x579.jpg 768w, https:\/\/sdf.hr\/wp-content\/uploads\/2023\/08\/Tunel-Ucka-1536x1158.jpg 1536w, https:\/\/sdf.hr\/wp-content\/uploads\/2023\/08\/Tunel-Ucka-2048x1544.jpg 2048w\" sizes=\"auto, (max-width: 2560px) 100vw, 2560px\" \/><figcaption id=\"caption-attachment-3602\" class=\"wp-caption-text\">Ru\u017ei\u0107ev crte\u017e Tunela U\u010dka<\/figcaption><\/figure>\n<p>Osim \u0161to je u pitanju obiteljska ku\u0107a, mjesto puno sje\u0107anja samo po sebi,\u00a0 na istoj je adresi i &#8220;Highway&#8221; studio Vedranovog brata <strong>Zvjezdana<\/strong> u kojem su svirali brojni jazz glazbenici. Puno je ljubavi utkano u taj studio, mjesto je to prepoznatljivo i glazbenicima van granica Hrvatske, a koje o\u010dekuje ru\u0161enje.<\/p>\n<p>&#8211; Jo\u0161 ne znam kakvi su mu planovi oko seljenja studija. Bitno je napomenuti da se vezano za ku\u0107u i studio gledaju samo goli zidovi, podovi, prozori i vrata, a da je faktor du\u0161evne boli, kao i onaj profesionalne djelatnosti kompletno svedena na nulu. Drugim rije\u010dima, to \u0161to u ku\u0107i \u017eivi invalid, moj stric, i \u0161to je to obiteljska ku\u0107a tri generacije, a odnedavno i \u010detvrte jer sam dobio sina, ne ulazi u faktor isplate \u2013 kazao je.<\/p>\n<p>Ru\u017ei\u0107 je na prolje\u0107e 2021. odlu\u010dio napraviti umjetni\u010dki rad koji bi ljudima prikazao situaciju. Istra\u017euju\u0107i izvore nai\u0161ao je na \u017ealbe stanovnika problemati\u010dne dionice napisane nakon javne rasprave na temu studije o za\u0161titi okoli\u0161a iz 2011. godine.<\/p>\n<p>&#8211; To je stotinjak stranica \u017ealbi i \u0161turih odgovora. Izme\u0111u ostalih bih izdvojio slu\u010dajeve u kojima su gra\u0111evinski tereni preko no\u0107i postali negra\u0111evinski, zahtjeve stanovnika za postavljanjem bukobrana, probleme otpadnih voda (ljudima tijekom jakih ki\u0161a u dvori\u0161tima nastaju poplave, pa tako i nama), kao i \u017ealbe ljudi kojima \u0107e nova cesta do\u0107i na par metara od ku\u0107e. Upravo te \u017ealbe postale su dio mojih crte\u017ea, kako ih nazivam &#8220;Crte\u017ea \u017ealbi&#8221;. Preko njih sam crtao radove na toj dionici \u2013 ka\u017ee Ru\u017ei\u0107.<\/p>\n<p>Dio multimedijalnog projekta je i &#8220;Asfaltni rekvijem&#8221; &#8211; niz objekata nalik sadnicama koje su ispunjene asfaltom, kao prikaz onoga \u0161to \u0107e stanovnicima do\u0107i u njihova dvori\u0161ta. Ru\u017ei\u0107 je napravio instalacije limova kao prikaz bukobrana te notne zapise buke koju ljudi svakodnevno trpe, izvedene u obliku nizova \u010davala probodenih kroz prozirnu grafo-foliju.<\/p>\n<p>Drugi dio projekta je glazbeni album &#8220;6 metara&#8221;. Ru\u017ei\u0107 je glazbu ogolio do sr\u017ei koriste\u0107i svoje instrumente, bas gitaru i kontrabas, uz prisustvo brata Zvjezdana na pojedinim skladbama na klaviru. Odlu\u010dio je napraviti svoj posljednji album snimljen u tom studiju. Album simboli\u010dno traje 25 minuta, koliko je potrebno za odvoziti dionicu Matulji \u2013 Tunel U\u010dka u oba smjera.<\/p>\n<p>&#8211; To je bio prvi put da smo za snimanje albuma \u0161irom otvorili vrata ina\u010de vrlo dobro izoliranog studija kako bi napravili zabilje\u017ebu buke prometa za atmosferu skladbi s albuma. No ova problematika najbolje se mo\u017ee prezentirati u filmu. Stoga sam napravio dokumentarno-eksperimentalni film koji prikazuje moju obitelj od jutra do mraka na ve\u0107 spomenutoj adresi \u2013 pri\u010da Ru\u017ei\u0107.<\/p>\n<p>Pro\u0161le godine dobio je poziv Muzi\u010dkog bijenala Zagreb da predstavi projekt sa suvremenim pristupom glazbi. Za tu priliku komponirao je novu skladbu koja se sastoji od \u010detiri \u010dina i intermezza, a svaki \u010din simbolizira jednu traku autoceste, kao i generacijsku pri\u010du o oduzimanja terena u vremenu komunizma, do dana\u0161njeg sistema. Za vizualni dojam napravio je instalaciju limova kako bi odijelio glazbenike od publike. Kroz proreze se nazirao nastup kao prikaz vidljivo\/nevidljivih ljudi koji \u017eive iza barijera autoceste. Ru\u017ei\u0107 je ovaj projekt izveo i u Hrvatskom kulturnom domu na Su\u0161aku u Rijeci. Snimka premijerne izvedbe &#8220;Music Beyond Zen &#8211; glazbe nestabilnosti&#8221; ve\u0107 je sada dostupna za gledanje, kao i glazbeni album koji je upravo iza\u0161ao na online platformama.<\/p>\n<p>Iako je po\u010detna \u0161teta obiteljima u\u010dinjena jo\u0161 prije 43 godine, stanje neizvjesnosti i i\u0161\u010dekivanja jo\u0161 traje, a projekt &#8220;6 metara&#8221; slu\u017ei upravo da osvijesti o \u017eivotima ljudi \u010diji su se domovi &#8220;na\u0161li na putu&#8221;.<\/p>\n<p>&#8211; Drago mi je da sam napravio jedan dokument vremena za sebe, svoju obitelj i ljude koji bi trebali biti vi\u0161e spomenuti u cijeloj pri\u010di. Puno ljudi koje poznajem i ne poznajem pitalo me je \u0161to je s time, a ve\u0107ina misli da je to ve\u0107 gotova pri\u010da. Puno ljudi se osvijestilo o toj tematici, a od ne tako malog broja njih \u010duo sam da svaki put kad onuda pro\u0111u daju na neki na\u010din mi\u0161lju ili pogledom podr\u0161ku \u2013 rekao je Ru\u017ei\u0107.<\/p>\n<p><em>pi\u0161e Katarina Bo\u0161njak<\/em><\/p>\n","protected":false},"excerpt":{"rendered":"<p>Nakon \u0161to mu je obiteljska ku\u0107a zbog dogradnje ceste Matulji \u2013 Tunel U\u010dka odre\u0111ena za ru\u0161enje, liburnijski umjetnik Vedran Ru\u017ei\u0107 napravio je o tome multimedijalni projekt &#8220;6 metara&#8221;<\/p>\n","protected":false},"featured_media":3601,"template":"","tags":[130],"atribut":[],"class_list":["post-3604","nada","type-nada","status-publish","has-post-thumbnail","hentry","tag-tema"],"acf":[],"yoast_head":"<!-- This site is optimized with the Yoast SEO plugin v27.4 - https:\/\/yoast.com\/product\/yoast-seo-wordpress\/ -->\n<title>Ne mi\u010de mi se s puta - SDF - Srpski demokratski forum<\/title>\n<meta name=\"robots\" content=\"index, follow, max-snippet:-1, max-image-preview:large, max-video-preview:-1\" \/>\n<link rel=\"canonical\" href=\"https:\/\/sdf.hr\/hr\/nada\/ne-mice-mi-se-s-puta\/\" \/>\n<meta property=\"og:locale\" content=\"hr_HR\" \/>\n<meta property=\"og:type\" content=\"article\" \/>\n<meta property=\"og:title\" content=\"Ne mi\u010de mi se s puta - SDF - Srpski demokratski forum\" \/>\n<meta property=\"og:description\" content=\"Nakon \u0161to mu je obiteljska ku\u0107a zbog dogradnje ceste Matulji \u2013 Tunel U\u010dka odre\u0111ena za ru\u0161enje, liburnijski umjetnik Vedran Ru\u017ei\u0107 napravio je o tome multimedijalni projekt &quot;6 metara&quot;\" \/>\n<meta property=\"og:url\" content=\"https:\/\/sdf.hr\/hr\/nada\/ne-mice-mi-se-s-puta\/\" \/>\n<meta property=\"og:site_name\" content=\"SDF - Srpski demokratski forum\" \/>\n<meta property=\"article:modified_time\" content=\"2023-08-17T12:23:50+00:00\" \/>\n<meta property=\"og:image\" content=\"https:\/\/sdf.hr\/wp-content\/uploads\/2023\/08\/Vedran-Ruzic-scaled.jpg\" \/>\n\t<meta property=\"og:image:width\" content=\"2560\" \/>\n\t<meta property=\"og:image:height\" content=\"1707\" \/>\n\t<meta property=\"og:image:type\" content=\"image\/jpeg\" \/>\n<meta name=\"twitter:card\" content=\"summary_large_image\" \/>\n<meta name=\"twitter:label1\" content=\"Procijenjeno vrijeme \u010ditanja\" \/>\n\t<meta name=\"twitter:data1\" content=\"6 minuta\" \/>\n<script type=\"application\/ld+json\" class=\"yoast-schema-graph\">{\"@context\":\"https:\\\/\\\/schema.org\",\"@graph\":[{\"@type\":\"WebPage\",\"@id\":\"https:\\\/\\\/sdf.hr\\\/hr\\\/nada\\\/ne-mice-mi-se-s-puta\\\/\",\"url\":\"https:\\\/\\\/sdf.hr\\\/hr\\\/nada\\\/ne-mice-mi-se-s-puta\\\/\",\"name\":\"Ne mi\u010de mi se s puta - SDF - Srpski demokratski forum\",\"isPartOf\":{\"@id\":\"https:\\\/\\\/sdf.hr\\\/#website\"},\"primaryImageOfPage\":{\"@id\":\"https:\\\/\\\/sdf.hr\\\/hr\\\/nada\\\/ne-mice-mi-se-s-puta\\\/#primaryimage\"},\"image\":{\"@id\":\"https:\\\/\\\/sdf.hr\\\/hr\\\/nada\\\/ne-mice-mi-se-s-puta\\\/#primaryimage\"},\"thumbnailUrl\":\"https:\\\/\\\/sdf.hr\\\/wp-content\\\/uploads\\\/2023\\\/08\\\/Vedran-Ruzic-scaled.jpg\",\"datePublished\":\"2023-08-17T12:23:23+00:00\",\"dateModified\":\"2023-08-17T12:23:50+00:00\",\"breadcrumb\":{\"@id\":\"https:\\\/\\\/sdf.hr\\\/hr\\\/nada\\\/ne-mice-mi-se-s-puta\\\/#breadcrumb\"},\"inLanguage\":\"hr\",\"potentialAction\":[{\"@type\":\"ReadAction\",\"target\":[\"https:\\\/\\\/sdf.hr\\\/hr\\\/nada\\\/ne-mice-mi-se-s-puta\\\/\"]}]},{\"@type\":\"ImageObject\",\"inLanguage\":\"hr\",\"@id\":\"https:\\\/\\\/sdf.hr\\\/hr\\\/nada\\\/ne-mice-mi-se-s-puta\\\/#primaryimage\",\"url\":\"https:\\\/\\\/sdf.hr\\\/wp-content\\\/uploads\\\/2023\\\/08\\\/Vedran-Ruzic-scaled.jpg\",\"contentUrl\":\"https:\\\/\\\/sdf.hr\\\/wp-content\\\/uploads\\\/2023\\\/08\\\/Vedran-Ruzic-scaled.jpg\",\"width\":2560,\"height\":1707,\"caption\":\"Nastup Vedrana Ru\u017ei\u0107a\"},{\"@type\":\"BreadcrumbList\",\"@id\":\"https:\\\/\\\/sdf.hr\\\/hr\\\/nada\\\/ne-mice-mi-se-s-puta\\\/#breadcrumb\",\"itemListElement\":[{\"@type\":\"ListItem\",\"position\":1,\"name\":\"Po\u010detna stranica\",\"item\":\"https:\\\/\\\/sdf.hr\\\/hr\\\/\"},{\"@type\":\"ListItem\",\"position\":2,\"name\":\"Nada\",\"item\":\"https:\\\/\\\/sdf.hr\\\/nada\\\/\"},{\"@type\":\"ListItem\",\"position\":3,\"name\":\"Ne mi\u010de mi se s puta\"}]},{\"@type\":\"WebSite\",\"@id\":\"https:\\\/\\\/sdf.hr\\\/#website\",\"url\":\"https:\\\/\\\/sdf.hr\\\/\",\"name\":\"SDF - Srpski demokratski forum\",\"description\":\"Srpski demokratski forum\",\"publisher\":{\"@id\":\"https:\\\/\\\/sdf.hr\\\/#organization\"},\"potentialAction\":[{\"@type\":\"SearchAction\",\"target\":{\"@type\":\"EntryPoint\",\"urlTemplate\":\"https:\\\/\\\/sdf.hr\\\/?s={search_term_string}\"},\"query-input\":{\"@type\":\"PropertyValueSpecification\",\"valueRequired\":true,\"valueName\":\"search_term_string\"}}],\"inLanguage\":\"hr\"},{\"@type\":\"Organization\",\"@id\":\"https:\\\/\\\/sdf.hr\\\/#organization\",\"name\":\"SDF - Srpski demokratski forum\",\"url\":\"https:\\\/\\\/sdf.hr\\\/\",\"logo\":{\"@type\":\"ImageObject\",\"inLanguage\":\"hr\",\"@id\":\"https:\\\/\\\/sdf.hr\\\/#\\\/schema\\\/logo\\\/image\\\/\",\"url\":\"https:\\\/\\\/sdf.hr\\\/wp-content\\\/uploads\\\/2021\\\/07\\\/logo-hr.svg\",\"contentUrl\":\"https:\\\/\\\/sdf.hr\\\/wp-content\\\/uploads\\\/2021\\\/07\\\/logo-hr.svg\",\"width\":271,\"height\":100,\"caption\":\"SDF - Srpski demokratski forum\"},\"image\":{\"@id\":\"https:\\\/\\\/sdf.hr\\\/#\\\/schema\\\/logo\\\/image\\\/\"}}]}<\/script>\n<!-- \/ Yoast SEO plugin. -->","yoast_head_json":{"title":"Ne mi\u010de mi se s puta - SDF - Srpski demokratski forum","robots":{"index":"index","follow":"follow","max-snippet":"max-snippet:-1","max-image-preview":"max-image-preview:large","max-video-preview":"max-video-preview:-1"},"canonical":"https:\/\/sdf.hr\/hr\/nada\/ne-mice-mi-se-s-puta\/","og_locale":"hr_HR","og_type":"article","og_title":"Ne mi\u010de mi se s puta - SDF - Srpski demokratski forum","og_description":"Nakon \u0161to mu je obiteljska ku\u0107a zbog dogradnje ceste Matulji \u2013 Tunel U\u010dka odre\u0111ena za ru\u0161enje, liburnijski umjetnik Vedran Ru\u017ei\u0107 napravio je o tome multimedijalni projekt \"6 metara\"","og_url":"https:\/\/sdf.hr\/hr\/nada\/ne-mice-mi-se-s-puta\/","og_site_name":"SDF - Srpski demokratski forum","article_modified_time":"2023-08-17T12:23:50+00:00","og_image":[{"width":2560,"height":1707,"url":"https:\/\/sdf.hr\/wp-content\/uploads\/2023\/08\/Vedran-Ruzic-scaled.jpg","type":"image\/jpeg"}],"twitter_card":"summary_large_image","twitter_misc":{"Procijenjeno vrijeme \u010ditanja":"6 minuta"},"schema":{"@context":"https:\/\/schema.org","@graph":[{"@type":"WebPage","@id":"https:\/\/sdf.hr\/hr\/nada\/ne-mice-mi-se-s-puta\/","url":"https:\/\/sdf.hr\/hr\/nada\/ne-mice-mi-se-s-puta\/","name":"Ne mi\u010de mi se s puta - SDF - Srpski demokratski forum","isPartOf":{"@id":"https:\/\/sdf.hr\/#website"},"primaryImageOfPage":{"@id":"https:\/\/sdf.hr\/hr\/nada\/ne-mice-mi-se-s-puta\/#primaryimage"},"image":{"@id":"https:\/\/sdf.hr\/hr\/nada\/ne-mice-mi-se-s-puta\/#primaryimage"},"thumbnailUrl":"https:\/\/sdf.hr\/wp-content\/uploads\/2023\/08\/Vedran-Ruzic-scaled.jpg","datePublished":"2023-08-17T12:23:23+00:00","dateModified":"2023-08-17T12:23:50+00:00","breadcrumb":{"@id":"https:\/\/sdf.hr\/hr\/nada\/ne-mice-mi-se-s-puta\/#breadcrumb"},"inLanguage":"hr","potentialAction":[{"@type":"ReadAction","target":["https:\/\/sdf.hr\/hr\/nada\/ne-mice-mi-se-s-puta\/"]}]},{"@type":"ImageObject","inLanguage":"hr","@id":"https:\/\/sdf.hr\/hr\/nada\/ne-mice-mi-se-s-puta\/#primaryimage","url":"https:\/\/sdf.hr\/wp-content\/uploads\/2023\/08\/Vedran-Ruzic-scaled.jpg","contentUrl":"https:\/\/sdf.hr\/wp-content\/uploads\/2023\/08\/Vedran-Ruzic-scaled.jpg","width":2560,"height":1707,"caption":"Nastup Vedrana Ru\u017ei\u0107a"},{"@type":"BreadcrumbList","@id":"https:\/\/sdf.hr\/hr\/nada\/ne-mice-mi-se-s-puta\/#breadcrumb","itemListElement":[{"@type":"ListItem","position":1,"name":"Po\u010detna stranica","item":"https:\/\/sdf.hr\/hr\/"},{"@type":"ListItem","position":2,"name":"Nada","item":"https:\/\/sdf.hr\/nada\/"},{"@type":"ListItem","position":3,"name":"Ne mi\u010de mi se s puta"}]},{"@type":"WebSite","@id":"https:\/\/sdf.hr\/#website","url":"https:\/\/sdf.hr\/","name":"SDF - Srpski demokratski forum","description":"Srpski demokratski forum","publisher":{"@id":"https:\/\/sdf.hr\/#organization"},"potentialAction":[{"@type":"SearchAction","target":{"@type":"EntryPoint","urlTemplate":"https:\/\/sdf.hr\/?s={search_term_string}"},"query-input":{"@type":"PropertyValueSpecification","valueRequired":true,"valueName":"search_term_string"}}],"inLanguage":"hr"},{"@type":"Organization","@id":"https:\/\/sdf.hr\/#organization","name":"SDF - Srpski demokratski forum","url":"https:\/\/sdf.hr\/","logo":{"@type":"ImageObject","inLanguage":"hr","@id":"https:\/\/sdf.hr\/#\/schema\/logo\/image\/","url":"https:\/\/sdf.hr\/wp-content\/uploads\/2021\/07\/logo-hr.svg","contentUrl":"https:\/\/sdf.hr\/wp-content\/uploads\/2021\/07\/logo-hr.svg","width":271,"height":100,"caption":"SDF - Srpski demokratski forum"},"image":{"@id":"https:\/\/sdf.hr\/#\/schema\/logo\/image\/"}}]}},"_links":{"self":[{"href":"https:\/\/sdf.hr\/hr\/wp-json\/wp\/v2\/nada\/3604","targetHints":{"allow":["GET"]}}],"collection":[{"href":"https:\/\/sdf.hr\/hr\/wp-json\/wp\/v2\/nada"}],"about":[{"href":"https:\/\/sdf.hr\/hr\/wp-json\/wp\/v2\/types\/nada"}],"wp:featuredmedia":[{"embeddable":true,"href":"https:\/\/sdf.hr\/hr\/wp-json\/wp\/v2\/media\/3601"}],"wp:attachment":[{"href":"https:\/\/sdf.hr\/hr\/wp-json\/wp\/v2\/media?parent=3604"}],"wp:term":[{"taxonomy":"post_tag","embeddable":true,"href":"https:\/\/sdf.hr\/hr\/wp-json\/wp\/v2\/tags?post=3604"},{"taxonomy":"atribut","embeddable":true,"href":"https:\/\/sdf.hr\/hr\/wp-json\/wp\/v2\/atribut?post=3604"}],"curies":[{"name":"wp","href":"https:\/\/api.w.org\/{rel}","templated":true}]}}