{"id":3612,"date":"2023-08-18T10:42:50","date_gmt":"2023-08-18T08:42:50","guid":{"rendered":"https:\/\/sdf.hr\/nada\/hesteg-planinarenje\/"},"modified":"2023-08-18T10:43:41","modified_gmt":"2023-08-18T08:43:41","slug":"hesteg-planinarenje","status":"publish","type":"nada","link":"https:\/\/sdf.hr\/hr\/nada\/hesteg-planinarenje\/","title":{"rendered":"He\u0161teg planinarenje"},"content":{"rendered":"<p><em>Hands-free<\/em> hidratiziraju\u0107i paket \u2013 35 eura. Vodootporne \u0161ibice \u2013 osam eura. Kamperske \u010detkice za zube \u2013 \u0161est eura. GPS sat \u2013 600 eura. Prijenosni zvu\u010dnik za glazbu \u2013 80 eura. Vodootporna bilje\u017enica za vo\u0111enje planinarskog dnevnika \u2013 sedam eura. Pripadaju\u0107a svevremenska kemijska \u2013 \u0161est eura. Poseban osvje\u017eavaju\u0107i ru\u010dnik u slu\u010daju znojenja \u2013 16 eura. <em>Hands-free<\/em> prijenosni ventilator \u2013 17 eura. Granata za pre\u017eivljavanje \u2013 75 eura. Uskoro u ponudi: solarni \u0161atori s osvjetljenjem, grijanjem i <em>wi-fijem<\/em>.<\/p>\n<p>Ovo je samo dio planinarskih <em>gadgeta<\/em> koji se danas nude po du\u0107anima sportske opreme i Amazonu. Ako se pitate \u0161to je <em>hands-free<\/em> hidratiziraju\u0107i paket, to je paket vode sa cjev\u010dicom koju zaka\u010dite u usta (kao u bolnici) i pijete kad god \u017eelite, bez napornog stajanja i va\u0111enja boce iz torbe. Kamperske \u010detkice su iste kao i &#8220;normalne&#8221; \u010detkice, samo vi\u0161e ko\u0161taju jer se zovu kamperske. Najbolje zvu\u010di ona granata, no razo\u010darat \u0107ete se jer za suludih 75 eura ne dobijete pravu granatu ve\u0107 kinder-jaje koje sadr\u017ei sitnice poput hanzaplasta, \u0161pangica, male \u017eice, u\u017eeta, no\u017ei\u0107a, aluminijske folije i sli\u010dnog pribora koje ina\u010de platite par eura.<\/p>\n<p>Na stranu zvu\u010dnici koji teroriziraju vjeverice i druge planinare (nikog ne zanima tu\u0111a playlista u \u0161umama i na gorama, pa bile to i Ladarice) &#8211; neki od ovih <em>gadgeta<\/em> \u010dak zvu\u010de primamljivo u svojoj nepotrebnosti. Neki mo\u017eda mogu spasiti \u017eivot. No \u010dini se da mnogi od njih samo generiraju nepotrebnu potro\u0161nju &#8211; a i to je samo zrno u gigantskoj industriji koja zara\u0111uje na aktivnostima u prirodi, bilo da ste obi\u010dni bezjak koji hoda Decathlonom kao mi\u0161 u labirintu mozgaju\u0107i koliko mo\u017ee proma\u0161iti ako koristi istu majicu od tri eura i za planinarenje i za bicikliranje, bilo da ste jedan posto rekreativaca \u010dije aktivnosti u prirodi prate profesionalni fotograf, \u0160erpe s 20 ruksaka opreme i Instagram profil s plavom kva\u010dicom i milijun pratioca.<\/p>\n<p>Vanjska rekreacija i boravak u prirodi postali su novi rudnik zlata na kojem je posljednjih desetlje\u0107a, pogotovo od pandemije koronavirusa, izrasla industrija koja zara\u0111uje desetke milijardi dolara samo na opremi za planinarenje, bicikliranje, ribolov i sl. U SAD-u je 2021. ovaj cjelokupni biznis \u010dinio dva posto cijelog BDP-a, obrnuv\u0161i gotovo 500 milijardi dolara. Jedna od najpopularnijih grana ove industrije je, dakako, planinarenje.<\/p>\n<p>Zanemarimo na trenutak zabavu za sirotinju u vidu svevremenskih kemijski i podignimo pogled gotovo devet tisu\u0107a metara u visinu: vidjet \u0107emo mo\u017eda najekstremniji primjer planinarskog profiterstva. Najvi\u0161a planina svijeta, Mount Everest, odavno nije \u010dudo iz planinarske knji\u017eice koje je bilo 1920-ih kada su na nju krenule prve ekspedicije ili 1970-ih kada se na ove himalajske vrhove penjao na\u0161 legendarni <strong>Stipe Bo\u017ei\u0107<\/strong> (koji i sam ima \u0161to\u0161ta za re\u0107i o modernom planinarenju vs. &#8220;planinarenju&#8221;). Danas je Mount Everest i dalje egzoti\u010dna i zadivljuju\u0107a destinacija, no zahvaljuju\u0107i ego-manijacima s dovoljno novca dio rute postao je sli\u010dniji turisti\u010dkoj \u0161pici nego poligonu na kojem strastveni ljubitelji planina testiraju vlastite granice po\u0161tuju\u0107i pravila prirode.<\/p>\n<figure id=\"attachment_3608\" aria-describedby=\"caption-attachment-3608\" style=\"width: 2560px\" class=\"wp-caption alignnone\"><img loading=\"lazy\" decoding=\"async\" class=\"wp-image-3608 size-full\" src=\"https:\/\/sdf.hr\/wp-content\/uploads\/2023\/08\/Planinarenje-Turska-scaled.jpg\" alt=\"\" width=\"2560\" height=\"1707\" srcset=\"https:\/\/sdf.hr\/wp-content\/uploads\/2023\/08\/Planinarenje-Turska-scaled.jpg 2560w, https:\/\/sdf.hr\/wp-content\/uploads\/2023\/08\/Planinarenje-Turska-300x200.jpg 300w, https:\/\/sdf.hr\/wp-content\/uploads\/2023\/08\/Planinarenje-Turska-1024x683.jpg 1024w, https:\/\/sdf.hr\/wp-content\/uploads\/2023\/08\/Planinarenje-Turska-768x512.jpg 768w, https:\/\/sdf.hr\/wp-content\/uploads\/2023\/08\/Planinarenje-Turska-1536x1024.jpg 1536w, https:\/\/sdf.hr\/wp-content\/uploads\/2023\/08\/Planinarenje-Turska-2048x1365.jpg 2048w\" sizes=\"auto, (max-width: 2560px) 100vw, 2560px\" \/><figcaption id=\"caption-attachment-3608\" class=\"wp-caption-text\">Zimski turizam u Turskoj (Foto: Pierre Teyssot\/Espa\/Newscom\/PIXSELL)<\/figcaption><\/figure>\n<p>Nebom izme\u0111u vrhova Mount Everesta u ovom trenutku lete helikopteri koje mo\u017eete unajmiti kao zra\u010dne taksije. Najpopularnije odredi\u0161te je Kala Patthar (5644 m n.v.) odakle se pru\u017ea savr\u0161en pogled na najvi\u0161i vrh svijeta, udaljen 10 kilometara zra\u010dne linije. Zbog promjene gusto\u0107e zraka i manjka kisika u tzv. &#8220;zoni smrti&#8221; iznad osam tisu\u0107a metara nadmorske visine, helikopterima se ne ide do najvi\u0161ih vrhova pa je ovo zgodna alternativa. &#8220;Naravno, mo\u017eete planinariti deset dana do Kala Patthar da biste vidjeli Everest, ali ova jednodnevna tura je puno u\u010dinkovitija&#8221;, stoji u reklami agencije koja nudi helikopter-transport za tisu\u0107u dolara po osobi. Pa gdje ne\u0107e biti u\u010dinkovitija od deset dana mrcvarenja sebe i \u0160erpi samo da bi mu\u0161terije opalile <em>selfie<\/em> na vrhu uz kli\u0161ejski opis tipa &#8220;Nemoj se penjati na planine da svijet vidi tebe, ve\u0107 da ti vidi\u0161 svijet&#8221;, prikladno zaboravljaju\u0107i napomenuti da su stale ve\u0107 na ovom &#8220;Nemoj se penjati&#8221;.<\/p>\n<p>Kaos i gu\u017eva koji uspiju nastati u jednom od najnepristupa\u010dnijih dijelova svijeta nevjerojatni su. \u017divce su izgubile i brojne putni\u010dke osiguravaju\u0107e ku\u0107e koje optu\u017euju nepalske vlasti da dozvoljavaju prevare u kojima lokalni vodi\u010di i piloti zgr\u0107u novac na osiguranju u suradnji s planinarima-turistima. Potonji, jednom kada se popnu na vrhove Everesta i shvate da im se ne da pje\u0161a\u010diti sve do natrag, &#8220;opale par fotografija i malo ispovra\u0107aju&#8221; kako bi imali izliku pozvati helikopter u pomo\u0107. Taj helikopter ih prebaci na po\u010detak staze, a osiguravaju\u0107im ku\u0107ama stigne \u010desto prenapuhan ra\u010dun jer vodi\u010di i piloti uberu svoj dio. Najve\u0107i problem u cijeloj pri\u010di je taj \u0161to se doga\u0111alo da netko kome zaista treba pomo\u0107 ne dobije &#8220;svoj&#8221; helikopter jer je ovaj zauzet &#8220;spa\u0161avanjem&#8221; ekipe koja je zaklju\u010dila da su vidjeli \u0161to se ima vidjeti i da je dosta planinarenja za danas.<\/p>\n<p>Padale su razne prijetnje i optu\u017ebe na ra\u010dun nepalskog ministarstva turizma, no planinski turizam i dalje cvate. S padina Everesta kotrljaju se tone sme\u0107a, tijela 300 poginulih ali i 300 milijuna dolara godi\u0161nje. Planinarima i turistima napla\u0107uje se sve: vodi\u010d, <em>wi-fi<\/em>, \u010daj, obrok, punjenje mobitela, topla voda\u2026 Ova godina dosad je bila najburnija, s rekordnih 478 izdanih dozvola i 12 poginulih prije po\u010detka ljeta &#8211; me\u0111u kojima i dvoje \u0160erpi. Lokalni vodi\u010di tvrde kako pogibelji na Everestu kumuju neiskustvo i nepripremljenost, a bizarno, rastu\u0107i broj mrtvih kreira &#8220;mra\u010dnu misti\u010dnost&#8221; koja privla\u010di jo\u0161 neiskusnih i nepripremljenih, \u017eeljnih samo toga da mogu re\u0107i: &#8220;Bili smo na Everestu.&#8221;<\/p>\n<p>Vratimo se u na\u0161e ni\u017ee nadmorske visine gdje je planinarski konzumerizam jo\u0161 u povojima i AliExpress verziji, ali polako buja. O tome se ve\u0107 dosta govorilo za vrijeme <em>lockdowna<\/em> kada su svi pohrlili u prirodu, izazvav\u0161i teritorijalnu anksioznost u &#8220;pravih&#8221; ljubitelja prirode. U poku\u0161aju da se sprije\u010de turistifikacija i zaga\u0111enje onih dijelova prirode koji su jo\u0161 uvijek &#8220;skriveni dragulji&#8221;, niknule su neke inicijative me\u0111u kojima i ona protiv geotagiranja. Naprimjer, odete na Crnopac i objavite fotografije na dru\u0161tvenim mre\u017eama, ali ne ozna\u010dite lokaciju da ne bi postala prepopularna. No nije li to malo pretenciozno i licemjerno, u stilu &#8220;ja u\u017eivam ovdje i pohvalit \u0107u se na dru\u0161tvenim mre\u017eama, ali bit \u0107e lo\u0161e ako vi napravite to isto&#8221;?<\/p>\n<figure id=\"attachment_3610\" aria-describedby=\"caption-attachment-3610\" style=\"width: 2560px\" class=\"wp-caption alignnone\"><img loading=\"lazy\" decoding=\"async\" class=\"wp-image-3610 size-full\" src=\"https:\/\/sdf.hr\/wp-content\/uploads\/2023\/08\/Planinari-Klek-foto-Kristina-Stedul-Fabac-Pixsell-scaled.jpg\" alt=\"\" width=\"2560\" height=\"1706\" srcset=\"https:\/\/sdf.hr\/wp-content\/uploads\/2023\/08\/Planinari-Klek-foto-Kristina-Stedul-Fabac-Pixsell-scaled.jpg 2560w, https:\/\/sdf.hr\/wp-content\/uploads\/2023\/08\/Planinari-Klek-foto-Kristina-Stedul-Fabac-Pixsell-300x200.jpg 300w, https:\/\/sdf.hr\/wp-content\/uploads\/2023\/08\/Planinari-Klek-foto-Kristina-Stedul-Fabac-Pixsell-1024x682.jpg 1024w, https:\/\/sdf.hr\/wp-content\/uploads\/2023\/08\/Planinari-Klek-foto-Kristina-Stedul-Fabac-Pixsell-768x512.jpg 768w, https:\/\/sdf.hr\/wp-content\/uploads\/2023\/08\/Planinari-Klek-foto-Kristina-Stedul-Fabac-Pixsell-1536x1024.jpg 1536w, https:\/\/sdf.hr\/wp-content\/uploads\/2023\/08\/Planinari-Klek-foto-Kristina-Stedul-Fabac-Pixsell-2048x1365.jpg 2048w\" sizes=\"auto, (max-width: 2560px) 100vw, 2560px\" \/><figcaption id=\"caption-attachment-3610\" class=\"wp-caption-text\">Planinarska Nova godina na Kleku (Foto: Kristina \u0160tedul Fabac\/PIXSELL)<\/figcaption><\/figure>\n<p>Pro\u0161la su vremena kada je planinarenje radi u\u017eitka bio hobi aristokrata i junaka na\u0161eg doba koji su ga na\u010deli u doba romantizma \u2013 i hvala bogu na tome. Priroda bi i trebala biti dostupna svima. U to ime prisjetimo se planinarskog pohoda na englesku visoravan Kinder Scout iz 1932. godine. Ovo podru\u010dje desetlje\u0107ima je bilo popularno uto\u010di\u0161te planinarima i javnosti koja je bje\u017eala od bu\u010dnih i prljavih gradova. No bogati veleposjednici odjednom su odlu\u010dili zagraditi taj komad zemlje i zabraniti (eventualno naplatiti) ljudima prijelaz preko nje. Kada su se legalna sredstva borbe pokazala neu\u010dinkovitima, komunisti i antifa\u0161isti su organizirali protestnu \u0161etnju par stotina ljudi. Buntovna planinarska \u0161etnja u\u0161la je u povijest kao uspje\u0161na borba radni\u010dke klase za svoje pravo da luta prirodom. U njoj je sudjelovao folk pjeva\u010d <strong>Ewan MacColl<\/strong> koji je tom prilikom skladao &#8220;The Ramber&#8217;s Song&#8221;: &#8220;Mo\u017eda sam rob ponedjeljkom, ali sam slobodan \u010dovjek nedjeljom&#8221;. Kasnije su je obradili The Dublinersi, a pu\u0161tena je 90 godina kasnije tijekom sve\u010danog progla\u0161enja Kinder Scouta prirodnim rezervatom kojim svatko ima pravo prolaziti. Smrt profiterstvu, sloboda planinarenju.<\/p>\n<p>\u0160to se ti\u010de ljudske potrebe za pokazivanjem i obilje\u017eavanjem teritorija \u2013 nje je bilo oduvijek, pa i u planinama, \u010demu svjedo\u010di sto godina star zapis Planinarskog vjesnika. Na po\u010detku 20. stolje\u0107a nedaleko od Fu\u017eina planinari su odsjedali u lugarskim ku\u0107ama i jeli u starim kr\u010dmama, a tek je bila uvedena \u017eeljezni\u010dka veza. Planinar <strong>J. Pasari\u0107<\/strong> krenuo je u pohod na Vi\u0161evicu i u svom dnevniku opisivao susretljive ljude te vrh s najljep\u0161im pogledom u regiji: nebo \u010disto kao riblje oko, kvarnerski otoci okupani u sun\u010devom sjaju. Me\u0111utim, osim toga ugledao je i druge planinare, \u0161to mu je pokvarilo sre\u0107u jer je mislio kako \u0107e ba\u0161 oni te godine prvi sti\u0107i na vrh. A ovi gore ve\u0107 dva dana \u2013 u\u017eas!<\/p>\n<p>Kad \u010dovjek vidi dokle je danas oti\u0161lo egom vo\u0111eno planinarenje, po\u010dne mu nedostajati doti\u010dni Pasari\u0107 sa svojim ban-Jela\u010di\u0107-br\u010di\u0107ima i ne-vodootpornom bilje\u017enicom. Nakon ere mahnitih Instagram putovanja u kojoj su profesionalni <em>wanderlusti<\/em> obilazili svijet u potrazi za Instagram <em>contentom<\/em>, ali im je du\u0161evna sakatost onemogu\u0107avala bilo \u0161to zanimljivije od generi\u010dnih opisa prepisanih iz Lonely Planeta i jeftinih citata o &#8220;skupljanju uspomena, a ne stvari&#8221;, \u010dini se da je stigla nova kolekcija iz kataloga industrije eskapizma. Bogatim gotovanima prodajmo helikoptere na Everest, a neiskusnoj sirotinji podvalimo ideju da treba potro\u0161iti tisu\u0107u eura na planinarsku opremu, za po\u010detak. Sve to upakirat \u0107emo u filozofiju slobodnog duha i iskonske povezanosti s prirodom, a gore naka\u010diti ma\u0161nice metafora poput: &#8220;planinarenje nije samo \u0161etnja ve\u0107 putovanje prema samom sebi&#8221;, &#8220;odlazak u planine je povratak ku\u0107i&#8221;, &#8220;u planinama nema interneta, ali je bolja veza&#8221;, &#8220;\u017eivot je penjanje, ali pogled je prekrasan&#8221;\u2026<\/p>\n<p>Dobivamo planinarenje &#8220;\u010distih ruku&#8221;, razvodnjeno iskustvo, <em>soft<\/em> verziju koja nas li\u0161ava razmi\u0161ljanja, snala\u017eenja i timskog rada, prirodu od koje nas \u0161titi stakleno zvono i u kojoj imamo iste one distrakcije od kojih navodno poku\u0161avamo pobje\u0107i. Satovi koji umjesto nas ra\u010dunaju koordinate i smjer kretanja, pakiranja vode koja ne trebamo ni otvarati ve\u0107 samo dudamo poput bebe, ru\u010dnici koji slu\u017ee kao mali prijenosni klima ure\u0111aji, kombiji koji prevoze nas i na\u0161e stvari od to\u010dke A do to\u010dke B, solarni \u0161atori koji imaju rasvjetu i <em>wi-fi<\/em> (smrt kukcima, sloboda svjetlosnom zaga\u0111enju!)\u2026<\/p>\n<p>Postavlja se pitanje koja je uop\u0107e poanta odlaska u prirodu ako \u010dovjek pritom gubi svaku vezu s njom, \u0161e\u0107u\u0107i planinama komforno kao po kvartu? I ho\u0107e li planinarenje uskoro dobiti svoju granu kao \u0161to je kampiranje dobilo svoju glamuroznu verziju \u2013 <em>glamping<\/em> \u2013 gdje vas usred \u0161ume \u010dekaju \u0161atori za masa\u017eu, spa, knji\u017enica i batler koji svakog jutra &#8220;\u010de\u0161lja&#8221; pijesak ispred \u0161atora da goste ne bi \u017euljali krupni kamen\u010di\u0107i? Ili \u0107e, u najbolju ruku, planinarenje postati turizam u prirodi? Kao \u0161to re\u010de jedan Twittera\u0161: &#8220;Idu\u0107i put kad se popnete na planinu, zate\u0107i \u0107e vas <em>selfie<\/em> kabina, McDonald&#8217;s, bankomat i Uberovo taksi stajali\u0161te.&#8221; Jer, kad je u pitanju zarada, <em>ain&#8217;t no mountain high enough<\/em>.<\/p>\n<p><em>pi\u0161e Lidija \u010culo<\/em><\/p>\n","protected":false},"excerpt":{"rendered":"<p>Bogatim gotovanima prodajmo helikoptere za na Everest, a neiskusnoj sirotinji podvalimo ideju da treba potro\u0161iti tisu\u0107u eura na planinarsku opremu, za po\u010detak. Sve to upakirat \u0107emo u filozofiju slobodnog duha i iskonske povezanosti s prirodom, a gore naka\u010diti ma\u0161nice metafora<\/p>\n","protected":false},"featured_media":3607,"template":"","tags":[130],"atribut":[],"class_list":["post-3612","nada","type-nada","status-publish","has-post-thumbnail","hentry","tag-tema"],"acf":[],"yoast_head":"<!-- This site is optimized with the Yoast SEO plugin v27.4 - https:\/\/yoast.com\/product\/yoast-seo-wordpress\/ -->\n<title>He\u0161teg planinarenje - SDF - Srpski demokratski forum<\/title>\n<meta name=\"robots\" content=\"index, follow, max-snippet:-1, max-image-preview:large, max-video-preview:-1\" \/>\n<link rel=\"canonical\" href=\"https:\/\/sdf.hr\/hr\/nada\/hesteg-planinarenje\/\" \/>\n<meta property=\"og:locale\" content=\"hr_HR\" \/>\n<meta property=\"og:type\" content=\"article\" \/>\n<meta property=\"og:title\" content=\"He\u0161teg planinarenje - SDF - Srpski demokratski forum\" \/>\n<meta property=\"og:description\" content=\"Bogatim gotovanima prodajmo helikoptere za na Everest, a neiskusnoj sirotinji podvalimo ideju da treba potro\u0161iti tisu\u0107u eura na planinarsku opremu, za po\u010detak. Sve to upakirat \u0107emo u filozofiju slobodnog duha i iskonske povezanosti s prirodom, a gore naka\u010diti ma\u0161nice metafora\" \/>\n<meta property=\"og:url\" content=\"https:\/\/sdf.hr\/hr\/nada\/hesteg-planinarenje\/\" \/>\n<meta property=\"og:site_name\" content=\"SDF - Srpski demokratski forum\" \/>\n<meta property=\"article:modified_time\" content=\"2023-08-18T08:43:41+00:00\" \/>\n<meta property=\"og:image\" content=\"https:\/\/sdf.hr\/wp-content\/uploads\/2023\/08\/Kala-Patthar-scaled.jpg\" \/>\n\t<meta property=\"og:image:width\" content=\"2560\" \/>\n\t<meta property=\"og:image:height\" content=\"1709\" \/>\n\t<meta property=\"og:image:type\" content=\"image\/jpeg\" \/>\n<meta name=\"twitter:card\" content=\"summary_large_image\" \/>\n<meta name=\"twitter:label1\" content=\"Procijenjeno vrijeme \u010ditanja\" \/>\n\t<meta name=\"twitter:data1\" content=\"9 minuta\" \/>\n<script type=\"application\/ld+json\" class=\"yoast-schema-graph\">{\"@context\":\"https:\\\/\\\/schema.org\",\"@graph\":[{\"@type\":\"WebPage\",\"@id\":\"https:\\\/\\\/sdf.hr\\\/hr\\\/nada\\\/hesteg-planinarenje\\\/\",\"url\":\"https:\\\/\\\/sdf.hr\\\/hr\\\/nada\\\/hesteg-planinarenje\\\/\",\"name\":\"He\u0161teg planinarenje - SDF - Srpski demokratski forum\",\"isPartOf\":{\"@id\":\"https:\\\/\\\/sdf.hr\\\/#website\"},\"primaryImageOfPage\":{\"@id\":\"https:\\\/\\\/sdf.hr\\\/hr\\\/nada\\\/hesteg-planinarenje\\\/#primaryimage\"},\"image\":{\"@id\":\"https:\\\/\\\/sdf.hr\\\/hr\\\/nada\\\/hesteg-planinarenje\\\/#primaryimage\"},\"thumbnailUrl\":\"https:\\\/\\\/sdf.hr\\\/wp-content\\\/uploads\\\/2023\\\/08\\\/Kala-Patthar-scaled.jpg\",\"datePublished\":\"2023-08-18T08:42:50+00:00\",\"dateModified\":\"2023-08-18T08:43:41+00:00\",\"breadcrumb\":{\"@id\":\"https:\\\/\\\/sdf.hr\\\/hr\\\/nada\\\/hesteg-planinarenje\\\/#breadcrumb\"},\"inLanguage\":\"hr\",\"potentialAction\":[{\"@type\":\"ReadAction\",\"target\":[\"https:\\\/\\\/sdf.hr\\\/hr\\\/nada\\\/hesteg-planinarenje\\\/\"]}]},{\"@type\":\"ImageObject\",\"inLanguage\":\"hr\",\"@id\":\"https:\\\/\\\/sdf.hr\\\/hr\\\/nada\\\/hesteg-planinarenje\\\/#primaryimage\",\"url\":\"https:\\\/\\\/sdf.hr\\\/wp-content\\\/uploads\\\/2023\\\/08\\\/Kala-Patthar-scaled.jpg\",\"contentUrl\":\"https:\\\/\\\/sdf.hr\\\/wp-content\\\/uploads\\\/2023\\\/08\\\/Kala-Patthar-scaled.jpg\",\"width\":2560,\"height\":1709,\"caption\":\"Pogled na vrhove Everesta s Kala Patthara (Foto: Michael Gruber\\\/Expa\\\/PIXSELL)\"},{\"@type\":\"BreadcrumbList\",\"@id\":\"https:\\\/\\\/sdf.hr\\\/hr\\\/nada\\\/hesteg-planinarenje\\\/#breadcrumb\",\"itemListElement\":[{\"@type\":\"ListItem\",\"position\":1,\"name\":\"Po\u010detna stranica\",\"item\":\"https:\\\/\\\/sdf.hr\\\/hr\\\/\"},{\"@type\":\"ListItem\",\"position\":2,\"name\":\"Nada\",\"item\":\"https:\\\/\\\/sdf.hr\\\/nada\\\/\"},{\"@type\":\"ListItem\",\"position\":3,\"name\":\"He\u0161teg planinarenje\"}]},{\"@type\":\"WebSite\",\"@id\":\"https:\\\/\\\/sdf.hr\\\/#website\",\"url\":\"https:\\\/\\\/sdf.hr\\\/\",\"name\":\"SDF - Srpski demokratski forum\",\"description\":\"Srpski demokratski forum\",\"publisher\":{\"@id\":\"https:\\\/\\\/sdf.hr\\\/#organization\"},\"potentialAction\":[{\"@type\":\"SearchAction\",\"target\":{\"@type\":\"EntryPoint\",\"urlTemplate\":\"https:\\\/\\\/sdf.hr\\\/?s={search_term_string}\"},\"query-input\":{\"@type\":\"PropertyValueSpecification\",\"valueRequired\":true,\"valueName\":\"search_term_string\"}}],\"inLanguage\":\"hr\"},{\"@type\":\"Organization\",\"@id\":\"https:\\\/\\\/sdf.hr\\\/#organization\",\"name\":\"SDF - Srpski demokratski forum\",\"url\":\"https:\\\/\\\/sdf.hr\\\/\",\"logo\":{\"@type\":\"ImageObject\",\"inLanguage\":\"hr\",\"@id\":\"https:\\\/\\\/sdf.hr\\\/#\\\/schema\\\/logo\\\/image\\\/\",\"url\":\"https:\\\/\\\/sdf.hr\\\/wp-content\\\/uploads\\\/2021\\\/07\\\/logo-hr.svg\",\"contentUrl\":\"https:\\\/\\\/sdf.hr\\\/wp-content\\\/uploads\\\/2021\\\/07\\\/logo-hr.svg\",\"width\":271,\"height\":100,\"caption\":\"SDF - Srpski demokratski forum\"},\"image\":{\"@id\":\"https:\\\/\\\/sdf.hr\\\/#\\\/schema\\\/logo\\\/image\\\/\"}}]}<\/script>\n<!-- \/ Yoast SEO plugin. -->","yoast_head_json":{"title":"He\u0161teg planinarenje - SDF - Srpski demokratski forum","robots":{"index":"index","follow":"follow","max-snippet":"max-snippet:-1","max-image-preview":"max-image-preview:large","max-video-preview":"max-video-preview:-1"},"canonical":"https:\/\/sdf.hr\/hr\/nada\/hesteg-planinarenje\/","og_locale":"hr_HR","og_type":"article","og_title":"He\u0161teg planinarenje - SDF - Srpski demokratski forum","og_description":"Bogatim gotovanima prodajmo helikoptere za na Everest, a neiskusnoj sirotinji podvalimo ideju da treba potro\u0161iti tisu\u0107u eura na planinarsku opremu, za po\u010detak. Sve to upakirat \u0107emo u filozofiju slobodnog duha i iskonske povezanosti s prirodom, a gore naka\u010diti ma\u0161nice metafora","og_url":"https:\/\/sdf.hr\/hr\/nada\/hesteg-planinarenje\/","og_site_name":"SDF - Srpski demokratski forum","article_modified_time":"2023-08-18T08:43:41+00:00","og_image":[{"width":2560,"height":1709,"url":"https:\/\/sdf.hr\/wp-content\/uploads\/2023\/08\/Kala-Patthar-scaled.jpg","type":"image\/jpeg"}],"twitter_card":"summary_large_image","twitter_misc":{"Procijenjeno vrijeme \u010ditanja":"9 minuta"},"schema":{"@context":"https:\/\/schema.org","@graph":[{"@type":"WebPage","@id":"https:\/\/sdf.hr\/hr\/nada\/hesteg-planinarenje\/","url":"https:\/\/sdf.hr\/hr\/nada\/hesteg-planinarenje\/","name":"He\u0161teg planinarenje - SDF - Srpski demokratski forum","isPartOf":{"@id":"https:\/\/sdf.hr\/#website"},"primaryImageOfPage":{"@id":"https:\/\/sdf.hr\/hr\/nada\/hesteg-planinarenje\/#primaryimage"},"image":{"@id":"https:\/\/sdf.hr\/hr\/nada\/hesteg-planinarenje\/#primaryimage"},"thumbnailUrl":"https:\/\/sdf.hr\/wp-content\/uploads\/2023\/08\/Kala-Patthar-scaled.jpg","datePublished":"2023-08-18T08:42:50+00:00","dateModified":"2023-08-18T08:43:41+00:00","breadcrumb":{"@id":"https:\/\/sdf.hr\/hr\/nada\/hesteg-planinarenje\/#breadcrumb"},"inLanguage":"hr","potentialAction":[{"@type":"ReadAction","target":["https:\/\/sdf.hr\/hr\/nada\/hesteg-planinarenje\/"]}]},{"@type":"ImageObject","inLanguage":"hr","@id":"https:\/\/sdf.hr\/hr\/nada\/hesteg-planinarenje\/#primaryimage","url":"https:\/\/sdf.hr\/wp-content\/uploads\/2023\/08\/Kala-Patthar-scaled.jpg","contentUrl":"https:\/\/sdf.hr\/wp-content\/uploads\/2023\/08\/Kala-Patthar-scaled.jpg","width":2560,"height":1709,"caption":"Pogled na vrhove Everesta s Kala Patthara (Foto: Michael Gruber\/Expa\/PIXSELL)"},{"@type":"BreadcrumbList","@id":"https:\/\/sdf.hr\/hr\/nada\/hesteg-planinarenje\/#breadcrumb","itemListElement":[{"@type":"ListItem","position":1,"name":"Po\u010detna stranica","item":"https:\/\/sdf.hr\/hr\/"},{"@type":"ListItem","position":2,"name":"Nada","item":"https:\/\/sdf.hr\/nada\/"},{"@type":"ListItem","position":3,"name":"He\u0161teg planinarenje"}]},{"@type":"WebSite","@id":"https:\/\/sdf.hr\/#website","url":"https:\/\/sdf.hr\/","name":"SDF - Srpski demokratski forum","description":"Srpski demokratski forum","publisher":{"@id":"https:\/\/sdf.hr\/#organization"},"potentialAction":[{"@type":"SearchAction","target":{"@type":"EntryPoint","urlTemplate":"https:\/\/sdf.hr\/?s={search_term_string}"},"query-input":{"@type":"PropertyValueSpecification","valueRequired":true,"valueName":"search_term_string"}}],"inLanguage":"hr"},{"@type":"Organization","@id":"https:\/\/sdf.hr\/#organization","name":"SDF - Srpski demokratski forum","url":"https:\/\/sdf.hr\/","logo":{"@type":"ImageObject","inLanguage":"hr","@id":"https:\/\/sdf.hr\/#\/schema\/logo\/image\/","url":"https:\/\/sdf.hr\/wp-content\/uploads\/2021\/07\/logo-hr.svg","contentUrl":"https:\/\/sdf.hr\/wp-content\/uploads\/2021\/07\/logo-hr.svg","width":271,"height":100,"caption":"SDF - Srpski demokratski forum"},"image":{"@id":"https:\/\/sdf.hr\/#\/schema\/logo\/image\/"}}]}},"_links":{"self":[{"href":"https:\/\/sdf.hr\/hr\/wp-json\/wp\/v2\/nada\/3612","targetHints":{"allow":["GET"]}}],"collection":[{"href":"https:\/\/sdf.hr\/hr\/wp-json\/wp\/v2\/nada"}],"about":[{"href":"https:\/\/sdf.hr\/hr\/wp-json\/wp\/v2\/types\/nada"}],"wp:featuredmedia":[{"embeddable":true,"href":"https:\/\/sdf.hr\/hr\/wp-json\/wp\/v2\/media\/3607"}],"wp:attachment":[{"href":"https:\/\/sdf.hr\/hr\/wp-json\/wp\/v2\/media?parent=3612"}],"wp:term":[{"taxonomy":"post_tag","embeddable":true,"href":"https:\/\/sdf.hr\/hr\/wp-json\/wp\/v2\/tags?post=3612"},{"taxonomy":"atribut","embeddable":true,"href":"https:\/\/sdf.hr\/hr\/wp-json\/wp\/v2\/atribut?post=3612"}],"curies":[{"name":"wp","href":"https:\/\/api.w.org\/{rel}","templated":true}]}}