{"id":3708,"date":"2023-09-22T08:00:49","date_gmt":"2023-09-22T06:00:49","guid":{"rendered":"https:\/\/sdf.hr\/nada\/radnicki-sportski-list\/"},"modified":"2023-09-20T13:23:27","modified_gmt":"2023-09-20T11:23:27","slug":"radnicki-sportski-list","status":"publish","type":"nada","link":"https:\/\/sdf.hr\/hr\/nada\/radnicki-sportski-list\/","title":{"rendered":"Radni\u010dki sportski list"},"content":{"rendered":"<p>Radni\u010dkih sportskih listova je na ovim prostorima izme\u0111u Prvog i Drugog svjetskog rata bio nezanemariv broj, od Delovskog \u0161portnog lista (Ljubljana 1927.) i Snage (Sarajevo, 1928.-1941.) do Radni\u010dkog sportskog lista (Beograd, 1933.-1934.). Pisalo se u njima aspiracijski i kriti\u010dki, a zanimljivo je da je kriti\u010dka struja naj\u010de\u0161\u0107e prosijavala kroz objavu pisama \u010ditatelja i \u010ditateljica.<\/p>\n<p>Uzet \u0107emo za primjer Radni\u010dki sportski list. Izlazio je \u010detvrtkom, na \u010detiri stranice, od maja 1933. do januara 1934. godine. Izdavala ga je Radni\u010dka sportska zajednica u Beogradu. Materijalne prilike radnika i radnica bile su te\u0161ke, ali list je po\u010deo izlaziti zahvaljuju\u0107i grupi entuzijasta. U uvodniku u prvom broju navodi se da \u017eele raspravljati o socijalnim, kulturnim i prosvjetnim pitanjima, poklanjaju\u0107i punu pa\u017enju &#8220;pravilnom razvoju sporta u redovima radni\u010dkih i svih siroma\u0161nih, ni\u017eerazrednih klubova&#8221;. Svoje stranice list \u017eeli otvoriti klubovima nepoznatima \u0161iroj javnosti. Navodi se kako se u viziji sporta Radni\u010dki sportski list protivi profesionalizmu i borbi za trofeje i rekorde, i upozorava na razlike izme\u0111u kapitalisti\u010dkog i radni\u010dkog sporta.<\/p>\n<p>Iako je u mnogim polemi\u010dkim i teoretskim raspravama u listu kasnije isticano da sport nije samo nogomet, od prvog od zadnjeg trinaestog broja zapravo se samo usputno spominje druge sportove. Kritike na tom tragu listu su upu\u0107ivali \u010ditatelji i \u010ditateljice, a bilo je i drugih sadr\u017eajnih primjedbi. Skre\u0107emo pogled na pismo \u010ditateljice <strong>Nade Jovanovi\u0107<\/strong> iz Subotice objavljeno u osmom broju. Jovanovi\u0107 pi\u0161e da list rado \u010dita, ali da su u njemu radnice do tada bile zastupljena samo jednom, i to jednim snimkom tima hazene. Jovanovi\u0107 se pita: &#8220;Za\u0161to? Valjda nemamo \u017eenskih radni\u010dkih klubova? Pa ako ih i nemamo, postavlja se pitanje za\u0161to ih nemamo? Mi imamo gotovo svakodnevnu pojavu u fabrikama i radionicama, a to je da se radnicama predbacuje kako su nevaspitane. Ali koji je od drugova u\u010dinio ne\u0161to da ih izvede na pravi put i vaspitava? Koji je taj drugar koji je radnicama svestrano pomagao? Skoro ni jedan!&#8221;<\/p>\n<p>\u010citatelj <strong>Jovan Kora\u010d<\/strong> iz Subotice u pismu objavljenom u devetom broju konstatira &#8220;zabadava sportujemo, zabadava ho\u0107emo da budemo zdravi, kad su nam privredne okolnosti ispod minimuma na\u0161eg \u017eivota. Nezdrav stan, slabu hranu, sport nikada ne\u0107e mo\u0107i da nadoknadi&#8221;. U pismu dalje podcrtava ulogu radni\u010dkih sportskih klubova koji svojim \u010dlanovima i \u010dlanicama moraju dati i ideolo\u0161ko obrazovanje, kako bi lak\u0161e u\u0161li u borbu za svoja prava.<\/p>\n<p>Kritiziraju\u0107i rad sindikata \u010ditatelj <strong>Jak Kimel <\/strong>iz Zagreba u \u0161estom broju pi\u0161e: &#8220;Ispo\u010detka sindikati nastoje da svojim kulturnim i tjelovje\u017ebenim ustanovama zadovolje potrebe naro\u010dito mladih radnika, no to ne potraje dugo. Kako je sindikalni pokret po\u010deo sve to ja\u010de da slabi, to je odmah protivnik pru\u017eio ruke i osnivaju\u0107i razne klubove, pod vodstvom tzv. mecena odvra\u0107a radni\u0161tvo od njihovih ustanova i uvla\u010de\u0107i ih u svoju okolinu stavio ih pod svoj utjecaj.&#8221;<\/p>\n<p>Na tom se tragu u trinaestom broju lista postavlja pitanje ho\u0107e li sindikati ispravno shvatiti radni\u010dki sport, zamjera im se \u0161to smatraju da je zadatak Radni\u010dke sportske zajednice od sporednog zna\u010daja u politi\u010dkoj borbi. Taj broj zavr\u0161ava sa \u017eeljom redakcije da list postoji &#8220;na mnogaja ljeta&#8221;. \u010cetrnaesti broj nikada nije objavljen, ali mnoga od pitanja koja su u za\u017eivjela u trinaest brojeva Radni\u010dkog sportskog lista na mnogaja ljeta nose svoje upitnike.<\/p>\n<p><em>pi\u0161e Ivana Peri\u0107<\/em><\/p>\n","protected":false},"excerpt":{"rendered":"<p>&#8220;Zabadava sportujemo, zabadava ho\u0107emo da budemo zdravi, kad su nam privredne okolnosti ispod minimuma na\u0161eg \u017eivota&#8221;, pi\u0161e 1933. jedan od \u010ditatelja Radni\u010dkog sportskog lista<\/p>\n","protected":false},"featured_media":3707,"template":"","tags":[40],"atribut":[],"class_list":["post-3708","nada","type-nada","status-publish","has-post-thumbnail","hentry","tag-dvokorak-naprijed"],"acf":[],"yoast_head":"<!-- This site is optimized with the Yoast SEO plugin v27.4 - https:\/\/yoast.com\/product\/yoast-seo-wordpress\/ -->\n<title>Radni\u010dki sportski list - SDF - Srpski demokratski forum<\/title>\n<meta name=\"robots\" content=\"index, follow, max-snippet:-1, max-image-preview:large, max-video-preview:-1\" \/>\n<link rel=\"canonical\" href=\"https:\/\/sdf.hr\/nada\/radnicki-sportski-list\/\" \/>\n<meta property=\"og:locale\" content=\"hr_HR\" \/>\n<meta property=\"og:type\" content=\"article\" \/>\n<meta property=\"og:title\" content=\"Radni\u010dki sportski list - SDF - Srpski demokratski forum\" \/>\n<meta property=\"og:description\" content=\"&quot;Zabadava sportujemo, zabadava ho\u0107emo da budemo zdravi, kad su nam privredne okolnosti ispod minimuma na\u0161eg \u017eivota&quot;, pi\u0161e 1933. jedan od \u010ditatelja Radni\u010dkog sportskog lista\" \/>\n<meta property=\"og:url\" content=\"https:\/\/sdf.hr\/nada\/radnicki-sportski-list\/\" \/>\n<meta property=\"og:site_name\" content=\"SDF - Srpski demokratski forum\" \/>\n<meta property=\"og:image\" content=\"https:\/\/sdf.hr\/wp-content\/uploads\/2023\/09\/Nogomet_Igor-Soban.jpg\" \/>\n\t<meta property=\"og:image:width\" content=\"1920\" \/>\n\t<meta property=\"og:image:height\" content=\"1280\" \/>\n\t<meta property=\"og:image:type\" content=\"image\/jpeg\" \/>\n<meta name=\"twitter:card\" content=\"summary_large_image\" \/>\n<meta name=\"twitter:label1\" content=\"Procijenjeno vrijeme \u010ditanja\" \/>\n\t<meta name=\"twitter:data1\" content=\"3 minute\" \/>\n<script type=\"application\/ld+json\" class=\"yoast-schema-graph\">{\"@context\":\"https:\\\/\\\/schema.org\",\"@graph\":[{\"@type\":\"WebPage\",\"@id\":\"https:\\\/\\\/sdf.hr\\\/nada\\\/radnicki-sportski-list\\\/\",\"url\":\"https:\\\/\\\/sdf.hr\\\/nada\\\/radnicki-sportski-list\\\/\",\"name\":\"Radni\u010dki sportski list - SDF - Srpski demokratski forum\",\"isPartOf\":{\"@id\":\"https:\\\/\\\/sdf.hr\\\/#website\"},\"primaryImageOfPage\":{\"@id\":\"https:\\\/\\\/sdf.hr\\\/nada\\\/radnicki-sportski-list\\\/#primaryimage\"},\"image\":{\"@id\":\"https:\\\/\\\/sdf.hr\\\/nada\\\/radnicki-sportski-list\\\/#primaryimage\"},\"thumbnailUrl\":\"https:\\\/\\\/sdf.hr\\\/wp-content\\\/uploads\\\/2023\\\/09\\\/Nogomet_Igor-Soban.jpg\",\"datePublished\":\"2023-09-22T06:00:49+00:00\",\"breadcrumb\":{\"@id\":\"https:\\\/\\\/sdf.hr\\\/nada\\\/radnicki-sportski-list\\\/#breadcrumb\"},\"inLanguage\":\"hr\",\"potentialAction\":[{\"@type\":\"ReadAction\",\"target\":[\"https:\\\/\\\/sdf.hr\\\/nada\\\/radnicki-sportski-list\\\/\"]}]},{\"@type\":\"ImageObject\",\"inLanguage\":\"hr\",\"@id\":\"https:\\\/\\\/sdf.hr\\\/nada\\\/radnicki-sportski-list\\\/#primaryimage\",\"url\":\"https:\\\/\\\/sdf.hr\\\/wp-content\\\/uploads\\\/2023\\\/09\\\/Nogomet_Igor-Soban.jpg\",\"contentUrl\":\"https:\\\/\\\/sdf.hr\\\/wp-content\\\/uploads\\\/2023\\\/09\\\/Nogomet_Igor-Soban.jpg\",\"width\":1920,\"height\":1280,\"caption\":\"Nogometne teme su dominirale listom (Foto: Igor \u0160oban\\\/PIXSELL)\"},{\"@type\":\"BreadcrumbList\",\"@id\":\"https:\\\/\\\/sdf.hr\\\/nada\\\/radnicki-sportski-list\\\/#breadcrumb\",\"itemListElement\":[{\"@type\":\"ListItem\",\"position\":1,\"name\":\"Po\u010detna stranica\",\"item\":\"https:\\\/\\\/sdf.hr\\\/hr\\\/\"},{\"@type\":\"ListItem\",\"position\":2,\"name\":\"Nada\",\"item\":\"https:\\\/\\\/sdf.hr\\\/nada\\\/\"},{\"@type\":\"ListItem\",\"position\":3,\"name\":\"Radni\u010dki sportski list\"}]},{\"@type\":\"WebSite\",\"@id\":\"https:\\\/\\\/sdf.hr\\\/#website\",\"url\":\"https:\\\/\\\/sdf.hr\\\/\",\"name\":\"SDF - Srpski demokratski forum\",\"description\":\"Srpski demokratski forum\",\"publisher\":{\"@id\":\"https:\\\/\\\/sdf.hr\\\/#organization\"},\"potentialAction\":[{\"@type\":\"SearchAction\",\"target\":{\"@type\":\"EntryPoint\",\"urlTemplate\":\"https:\\\/\\\/sdf.hr\\\/?s={search_term_string}\"},\"query-input\":{\"@type\":\"PropertyValueSpecification\",\"valueRequired\":true,\"valueName\":\"search_term_string\"}}],\"inLanguage\":\"hr\"},{\"@type\":\"Organization\",\"@id\":\"https:\\\/\\\/sdf.hr\\\/#organization\",\"name\":\"SDF - Srpski demokratski forum\",\"url\":\"https:\\\/\\\/sdf.hr\\\/\",\"logo\":{\"@type\":\"ImageObject\",\"inLanguage\":\"hr\",\"@id\":\"https:\\\/\\\/sdf.hr\\\/#\\\/schema\\\/logo\\\/image\\\/\",\"url\":\"https:\\\/\\\/sdf.hr\\\/wp-content\\\/uploads\\\/2021\\\/07\\\/logo-hr.svg\",\"contentUrl\":\"https:\\\/\\\/sdf.hr\\\/wp-content\\\/uploads\\\/2021\\\/07\\\/logo-hr.svg\",\"width\":271,\"height\":100,\"caption\":\"SDF - Srpski demokratski forum\"},\"image\":{\"@id\":\"https:\\\/\\\/sdf.hr\\\/#\\\/schema\\\/logo\\\/image\\\/\"}}]}<\/script>\n<!-- \/ Yoast SEO plugin. -->","yoast_head_json":{"title":"Radni\u010dki sportski list - SDF - Srpski demokratski forum","robots":{"index":"index","follow":"follow","max-snippet":"max-snippet:-1","max-image-preview":"max-image-preview:large","max-video-preview":"max-video-preview:-1"},"canonical":"https:\/\/sdf.hr\/nada\/radnicki-sportski-list\/","og_locale":"hr_HR","og_type":"article","og_title":"Radni\u010dki sportski list - SDF - Srpski demokratski forum","og_description":"\"Zabadava sportujemo, zabadava ho\u0107emo da budemo zdravi, kad su nam privredne okolnosti ispod minimuma na\u0161eg \u017eivota\", pi\u0161e 1933. jedan od \u010ditatelja Radni\u010dkog sportskog lista","og_url":"https:\/\/sdf.hr\/nada\/radnicki-sportski-list\/","og_site_name":"SDF - Srpski demokratski forum","og_image":[{"width":1920,"height":1280,"url":"https:\/\/sdf.hr\/wp-content\/uploads\/2023\/09\/Nogomet_Igor-Soban.jpg","type":"image\/jpeg"}],"twitter_card":"summary_large_image","twitter_misc":{"Procijenjeno vrijeme \u010ditanja":"3 minute"},"schema":{"@context":"https:\/\/schema.org","@graph":[{"@type":"WebPage","@id":"https:\/\/sdf.hr\/nada\/radnicki-sportski-list\/","url":"https:\/\/sdf.hr\/nada\/radnicki-sportski-list\/","name":"Radni\u010dki sportski list - SDF - Srpski demokratski forum","isPartOf":{"@id":"https:\/\/sdf.hr\/#website"},"primaryImageOfPage":{"@id":"https:\/\/sdf.hr\/nada\/radnicki-sportski-list\/#primaryimage"},"image":{"@id":"https:\/\/sdf.hr\/nada\/radnicki-sportski-list\/#primaryimage"},"thumbnailUrl":"https:\/\/sdf.hr\/wp-content\/uploads\/2023\/09\/Nogomet_Igor-Soban.jpg","datePublished":"2023-09-22T06:00:49+00:00","breadcrumb":{"@id":"https:\/\/sdf.hr\/nada\/radnicki-sportski-list\/#breadcrumb"},"inLanguage":"hr","potentialAction":[{"@type":"ReadAction","target":["https:\/\/sdf.hr\/nada\/radnicki-sportski-list\/"]}]},{"@type":"ImageObject","inLanguage":"hr","@id":"https:\/\/sdf.hr\/nada\/radnicki-sportski-list\/#primaryimage","url":"https:\/\/sdf.hr\/wp-content\/uploads\/2023\/09\/Nogomet_Igor-Soban.jpg","contentUrl":"https:\/\/sdf.hr\/wp-content\/uploads\/2023\/09\/Nogomet_Igor-Soban.jpg","width":1920,"height":1280,"caption":"Nogometne teme su dominirale listom (Foto: Igor \u0160oban\/PIXSELL)"},{"@type":"BreadcrumbList","@id":"https:\/\/sdf.hr\/nada\/radnicki-sportski-list\/#breadcrumb","itemListElement":[{"@type":"ListItem","position":1,"name":"Po\u010detna stranica","item":"https:\/\/sdf.hr\/hr\/"},{"@type":"ListItem","position":2,"name":"Nada","item":"https:\/\/sdf.hr\/nada\/"},{"@type":"ListItem","position":3,"name":"Radni\u010dki sportski list"}]},{"@type":"WebSite","@id":"https:\/\/sdf.hr\/#website","url":"https:\/\/sdf.hr\/","name":"SDF - Srpski demokratski forum","description":"Srpski demokratski forum","publisher":{"@id":"https:\/\/sdf.hr\/#organization"},"potentialAction":[{"@type":"SearchAction","target":{"@type":"EntryPoint","urlTemplate":"https:\/\/sdf.hr\/?s={search_term_string}"},"query-input":{"@type":"PropertyValueSpecification","valueRequired":true,"valueName":"search_term_string"}}],"inLanguage":"hr"},{"@type":"Organization","@id":"https:\/\/sdf.hr\/#organization","name":"SDF - Srpski demokratski forum","url":"https:\/\/sdf.hr\/","logo":{"@type":"ImageObject","inLanguage":"hr","@id":"https:\/\/sdf.hr\/#\/schema\/logo\/image\/","url":"https:\/\/sdf.hr\/wp-content\/uploads\/2021\/07\/logo-hr.svg","contentUrl":"https:\/\/sdf.hr\/wp-content\/uploads\/2021\/07\/logo-hr.svg","width":271,"height":100,"caption":"SDF - Srpski demokratski forum"},"image":{"@id":"https:\/\/sdf.hr\/#\/schema\/logo\/image\/"}}]}},"_links":{"self":[{"href":"https:\/\/sdf.hr\/hr\/wp-json\/wp\/v2\/nada\/3708","targetHints":{"allow":["GET"]}}],"collection":[{"href":"https:\/\/sdf.hr\/hr\/wp-json\/wp\/v2\/nada"}],"about":[{"href":"https:\/\/sdf.hr\/hr\/wp-json\/wp\/v2\/types\/nada"}],"wp:featuredmedia":[{"embeddable":true,"href":"https:\/\/sdf.hr\/hr\/wp-json\/wp\/v2\/media\/3707"}],"wp:attachment":[{"href":"https:\/\/sdf.hr\/hr\/wp-json\/wp\/v2\/media?parent=3708"}],"wp:term":[{"taxonomy":"post_tag","embeddable":true,"href":"https:\/\/sdf.hr\/hr\/wp-json\/wp\/v2\/tags?post=3708"},{"taxonomy":"atribut","embeddable":true,"href":"https:\/\/sdf.hr\/hr\/wp-json\/wp\/v2\/atribut?post=3708"}],"curies":[{"name":"wp","href":"https:\/\/api.w.org\/{rel}","templated":true}]}}