{"id":3754,"date":"2023-10-13T12:10:40","date_gmt":"2023-10-13T10:10:40","guid":{"rendered":"https:\/\/sdf.hr\/nada\/klub-pod-okriljem-tvornice\/"},"modified":"2023-10-13T12:17:14","modified_gmt":"2023-10-13T10:17:14","slug":"klub-pod-okriljem-tvornice","status":"publish","type":"nada","link":"https:\/\/sdf.hr\/hr\/nada\/klub-pod-okriljem-tvornice\/","title":{"rendered":"Klub pod okriljem tvornice"},"content":{"rendered":"<p>Mrtva su polja suncokreta svuda na putu do Osijeka. Crne, nakva\u0161ene i pokidane na sto na\u010dina, stabljike izgledaju k\u2019o kri\u017eevi na starim grobljima. Oluja je prije dva mjeseca poharala Slavoniju, ali iz autobusa se \u010dini kao da je to bilo prije dvije minute. Dok ne stignemo na osje\u010dki kolodvor, okre\u0107emo se jednom ugodnijem nedavnom iznena\u0111enju. Sredinom septembra rukometa\u0161ice Osijeka u drugom su kolu Prve lige pobijedile dvostruke prvakinje Hrvatske Lokomotivu. Pogodak za pobjedu postigla je <strong>Mia Jozanovi\u0107<\/strong> i tako Osijeku osigurala jednu od ve\u0107ih pobjeda posljednjih godina.<\/p>\n<p>Klubu je na dru\u0161tvenim mre\u017eama \u010destitala legendarna osje\u010dka rukometa\u0161ica <strong>Katica Ile\u0161<\/strong>, koja je s Osijekom triput osvojila jugoslavenski kup (1966., 1978. i 1981.). \u017dRK Osijek osnovan je 1954. godine, zvao se tada Grafi\u010dar. Ile\u0161 je rukomet po\u010dela igrati rano. Od \u0161kolovanja je odustala u tre\u0107em srednje i zaposlila se u Litokartonu. Grafi\u010dar, u kojem je tih 1960-ih igrala, bio je klub pod okriljem Litokartona. &#8220;Tamo sam prvih godinu i pol radila sva\u0161ta \u2013 raznosila mlijeko po pogonu, nosila i kidala kutije. Od 1963. godine s grupom od 7-8 kolegica pet godina radila sam na novom stroju FKM za lijepljenje kutija. To mi je bilo super, jer su imale razumijevanja za moje rukometne obveze. Kad nije bilo posla, rekle su: &#8216;Ej, mala, ajde na trening, na put'&#8221;, ispri\u010dala je u jednom intervjuu.<\/p>\n<p>O njenim sje\u0107anjima \u010ditamo dok se od str\u0161e\u0107e bjeline Opus Arene spu\u0161tamo prema \u0161etnici uz Dravu. Mrko je vrijeme, ki\u0161a se najavljuje u zgusnutom zraku. Voza\u010d kompe <strong>Mato<\/strong> sjedi sam na zen-plovilu koje sve zainteresirane besplatno prebacuje s jedne na drugu stranu rijeke. Prva kompa u grad je stigla prije vi\u0161e od sto godina, zaslugom <strong>Arpada Csikyja<\/strong> iz paromlina Union, koji je \u010deli\u010dnu u\u017ead za rije\u010dni prijevoz nabavio iz nekog rudnika na Karpatima. Kompa koja i danas prometuje izgra\u0111ena je 1972. godine u Apatinu. Mo\u017ee prevesti 50 putnika, ali u ki\u0161na jutra nema niti jednoga.<\/p>\n<p>Hazena, prete\u010da dana\u0161njeg rukometa, prvi put se u Hrvatskoj igrala ba\u0161 u gradu na Dravi. Iako su ve\u0107 po\u010detkom 1920. godine osje\u010dki studenti \u017eidovskog podrijetla i \u010dlanovi doma\u0107eg \u017didovskog sportskog gra\u0111anskog dru\u0161tva Makabija donijeli hazenu iz Praga u Osijek, nije bilo sigurno ho\u0107e li se igra mo\u0107i slu\u017ebeno predstaviti doma\u0107oj publici. Kako je zabilje\u017eila <strong>Zlata \u017divakovi\u0107-Ker\u017ee<\/strong> u monografiji &#8220;Dinami\u010dan sport na starim temeljima: 50 godina \u017dRK Osijek (1954.-2004.) &#8220;, tada\u0161nja gimnazijska uprava nije dopu\u0161tala nijednom u\u010deniku, a pogotovo u\u010denici, nastup na sportskoj priredbi. U ljeto 1920. godine, u vrijeme odr\u017eavanja Prvog sleta \u017eidovskih omladinskih udru\u017eenja Kraljevine Srba, Hrvata i Slovenaca, odigravanje utakmice hazene bilo je upitno do samoga po\u010detka sleta.<\/p>\n<p>U zadnji tren s upravom osje\u010dke \u017denske realne gimnazije postignut je dogovor o nastupu u\u010denica, ali uz uvjet da se imena i prezimena igra\u010dica ne smiju objaviti u nijednom osje\u010dkom dnevnom listu, kao ni u programu sletskog natjecanja. Tako je u gradu na Dravi 10. augusta 1920. godine odigrana prva rukometna utakmica, a odigrale su je hazena\u0161ice Makabija iz Osijeka i istoimenog kluba iz Vukovara. Go\u0161\u0107e su pobijedile doma\u0107e rezultatom 4:1. Dvije godine kasnije osnovane su hazenske sekcije pri \u0160K Slaviji, Hrvatskom gra\u0111anskom \u0161portskom klubu i \u0160K Slogi, a zatim i pri osje\u010dkom Hajduku.<\/p>\n<p>Radom u tim godinama utrt je put prema onome \u0161to \u0107e postati Grafi\u010dar, ali o tome vi\u0161e u idu\u0107em Dvokoraku. Korakom zasad ostajemo na Dravi, da nam kompa ne plovi sama.<\/p>\n<p><em>pi\u0161e Ivana Peri\u0107<\/em><\/p>\n","protected":false},"excerpt":{"rendered":"<p>Sredinom septembra rukometa\u0161ice Osijeka u drugom su kolu Prve lige pobijedile dvostruke prvakinje Hrvatske Lokomotivu. Pogodak za pobjedu postigla je Mia Jozanovi\u0107 i tako Osijeku, osnovanom 1954., osigurala jednu od ve\u0107ih pobjeda posljednjih godina<\/p>\n","protected":false},"featured_media":3753,"template":"","tags":[40],"atribut":[],"class_list":["post-3754","nada","type-nada","status-publish","has-post-thumbnail","hentry","tag-dvokorak-naprijed"],"acf":[],"yoast_head":"<!-- This site is optimized with the Yoast SEO plugin v27.4 - https:\/\/yoast.com\/product\/yoast-seo-wordpress\/ -->\n<title>Klub pod okriljem tvornice - SDF - Srpski demokratski forum<\/title>\n<meta name=\"robots\" content=\"index, follow, max-snippet:-1, max-image-preview:large, max-video-preview:-1\" \/>\n<link rel=\"canonical\" href=\"https:\/\/sdf.hr\/hr\/nada\/klub-pod-okriljem-tvornice\/\" \/>\n<meta property=\"og:locale\" content=\"hr_HR\" \/>\n<meta property=\"og:type\" content=\"article\" \/>\n<meta property=\"og:title\" content=\"Klub pod okriljem tvornice - SDF - Srpski demokratski forum\" \/>\n<meta property=\"og:description\" content=\"Sredinom septembra rukometa\u0161ice Osijeka u drugom su kolu Prve lige pobijedile dvostruke prvakinje Hrvatske Lokomotivu. Pogodak za pobjedu postigla je Mia Jozanovi\u0107 i tako Osijeku, osnovanom 1954., osigurala jednu od ve\u0107ih pobjeda posljednjih godina\" \/>\n<meta property=\"og:url\" content=\"https:\/\/sdf.hr\/hr\/nada\/klub-pod-okriljem-tvornice\/\" \/>\n<meta property=\"og:site_name\" content=\"SDF - Srpski demokratski forum\" \/>\n<meta property=\"article:modified_time\" content=\"2023-10-13T10:17:14+00:00\" \/>\n<meta property=\"og:image\" content=\"https:\/\/sdf.hr\/wp-content\/uploads\/2023\/10\/Graficar-scaled.jpg\" \/>\n\t<meta property=\"og:image:width\" content=\"2560\" \/>\n\t<meta property=\"og:image:height\" content=\"1597\" \/>\n\t<meta property=\"og:image:type\" content=\"image\/jpeg\" \/>\n<meta name=\"twitter:card\" content=\"summary_large_image\" \/>\n<meta name=\"twitter:label1\" content=\"Procijenjeno vrijeme \u010ditanja\" \/>\n\t<meta name=\"twitter:data1\" content=\"3 minute\" \/>\n<script type=\"application\/ld+json\" class=\"yoast-schema-graph\">{\"@context\":\"https:\\\/\\\/schema.org\",\"@graph\":[{\"@type\":\"WebPage\",\"@id\":\"https:\\\/\\\/sdf.hr\\\/hr\\\/nada\\\/klub-pod-okriljem-tvornice\\\/\",\"url\":\"https:\\\/\\\/sdf.hr\\\/hr\\\/nada\\\/klub-pod-okriljem-tvornice\\\/\",\"name\":\"Klub pod okriljem tvornice - SDF - Srpski demokratski forum\",\"isPartOf\":{\"@id\":\"https:\\\/\\\/sdf.hr\\\/#website\"},\"primaryImageOfPage\":{\"@id\":\"https:\\\/\\\/sdf.hr\\\/hr\\\/nada\\\/klub-pod-okriljem-tvornice\\\/#primaryimage\"},\"image\":{\"@id\":\"https:\\\/\\\/sdf.hr\\\/hr\\\/nada\\\/klub-pod-okriljem-tvornice\\\/#primaryimage\"},\"thumbnailUrl\":\"https:\\\/\\\/sdf.hr\\\/wp-content\\\/uploads\\\/2023\\\/10\\\/Graficar-scaled.jpg\",\"datePublished\":\"2023-10-13T10:10:40+00:00\",\"dateModified\":\"2023-10-13T10:17:14+00:00\",\"breadcrumb\":{\"@id\":\"https:\\\/\\\/sdf.hr\\\/hr\\\/nada\\\/klub-pod-okriljem-tvornice\\\/#breadcrumb\"},\"inLanguage\":\"hr\",\"potentialAction\":[{\"@type\":\"ReadAction\",\"target\":[\"https:\\\/\\\/sdf.hr\\\/hr\\\/nada\\\/klub-pod-okriljem-tvornice\\\/\"]}]},{\"@type\":\"ImageObject\",\"inLanguage\":\"hr\",\"@id\":\"https:\\\/\\\/sdf.hr\\\/hr\\\/nada\\\/klub-pod-okriljem-tvornice\\\/#primaryimage\",\"url\":\"https:\\\/\\\/sdf.hr\\\/wp-content\\\/uploads\\\/2023\\\/10\\\/Graficar-scaled.jpg\",\"contentUrl\":\"https:\\\/\\\/sdf.hr\\\/wp-content\\\/uploads\\\/2023\\\/10\\\/Graficar-scaled.jpg\",\"width\":2560,\"height\":1597,\"caption\":\"Prva postava Grafi\u010dara 1954. godine\"},{\"@type\":\"BreadcrumbList\",\"@id\":\"https:\\\/\\\/sdf.hr\\\/hr\\\/nada\\\/klub-pod-okriljem-tvornice\\\/#breadcrumb\",\"itemListElement\":[{\"@type\":\"ListItem\",\"position\":1,\"name\":\"Po\u010detna stranica\",\"item\":\"https:\\\/\\\/sdf.hr\\\/hr\\\/\"},{\"@type\":\"ListItem\",\"position\":2,\"name\":\"Nada\",\"item\":\"https:\\\/\\\/sdf.hr\\\/nada\\\/\"},{\"@type\":\"ListItem\",\"position\":3,\"name\":\"Klub pod okriljem tvornice\"}]},{\"@type\":\"WebSite\",\"@id\":\"https:\\\/\\\/sdf.hr\\\/#website\",\"url\":\"https:\\\/\\\/sdf.hr\\\/\",\"name\":\"SDF - Srpski demokratski forum\",\"description\":\"Srpski demokratski forum\",\"publisher\":{\"@id\":\"https:\\\/\\\/sdf.hr\\\/#organization\"},\"potentialAction\":[{\"@type\":\"SearchAction\",\"target\":{\"@type\":\"EntryPoint\",\"urlTemplate\":\"https:\\\/\\\/sdf.hr\\\/?s={search_term_string}\"},\"query-input\":{\"@type\":\"PropertyValueSpecification\",\"valueRequired\":true,\"valueName\":\"search_term_string\"}}],\"inLanguage\":\"hr\"},{\"@type\":\"Organization\",\"@id\":\"https:\\\/\\\/sdf.hr\\\/#organization\",\"name\":\"SDF - Srpski demokratski forum\",\"url\":\"https:\\\/\\\/sdf.hr\\\/\",\"logo\":{\"@type\":\"ImageObject\",\"inLanguage\":\"hr\",\"@id\":\"https:\\\/\\\/sdf.hr\\\/#\\\/schema\\\/logo\\\/image\\\/\",\"url\":\"https:\\\/\\\/sdf.hr\\\/wp-content\\\/uploads\\\/2021\\\/07\\\/logo-hr.svg\",\"contentUrl\":\"https:\\\/\\\/sdf.hr\\\/wp-content\\\/uploads\\\/2021\\\/07\\\/logo-hr.svg\",\"width\":271,\"height\":100,\"caption\":\"SDF - Srpski demokratski forum\"},\"image\":{\"@id\":\"https:\\\/\\\/sdf.hr\\\/#\\\/schema\\\/logo\\\/image\\\/\"}}]}<\/script>\n<!-- \/ Yoast SEO plugin. -->","yoast_head_json":{"title":"Klub pod okriljem tvornice - SDF - Srpski demokratski forum","robots":{"index":"index","follow":"follow","max-snippet":"max-snippet:-1","max-image-preview":"max-image-preview:large","max-video-preview":"max-video-preview:-1"},"canonical":"https:\/\/sdf.hr\/hr\/nada\/klub-pod-okriljem-tvornice\/","og_locale":"hr_HR","og_type":"article","og_title":"Klub pod okriljem tvornice - SDF - Srpski demokratski forum","og_description":"Sredinom septembra rukometa\u0161ice Osijeka u drugom su kolu Prve lige pobijedile dvostruke prvakinje Hrvatske Lokomotivu. Pogodak za pobjedu postigla je Mia Jozanovi\u0107 i tako Osijeku, osnovanom 1954., osigurala jednu od ve\u0107ih pobjeda posljednjih godina","og_url":"https:\/\/sdf.hr\/hr\/nada\/klub-pod-okriljem-tvornice\/","og_site_name":"SDF - Srpski demokratski forum","article_modified_time":"2023-10-13T10:17:14+00:00","og_image":[{"width":2560,"height":1597,"url":"https:\/\/sdf.hr\/wp-content\/uploads\/2023\/10\/Graficar-scaled.jpg","type":"image\/jpeg"}],"twitter_card":"summary_large_image","twitter_misc":{"Procijenjeno vrijeme \u010ditanja":"3 minute"},"schema":{"@context":"https:\/\/schema.org","@graph":[{"@type":"WebPage","@id":"https:\/\/sdf.hr\/hr\/nada\/klub-pod-okriljem-tvornice\/","url":"https:\/\/sdf.hr\/hr\/nada\/klub-pod-okriljem-tvornice\/","name":"Klub pod okriljem tvornice - SDF - Srpski demokratski forum","isPartOf":{"@id":"https:\/\/sdf.hr\/#website"},"primaryImageOfPage":{"@id":"https:\/\/sdf.hr\/hr\/nada\/klub-pod-okriljem-tvornice\/#primaryimage"},"image":{"@id":"https:\/\/sdf.hr\/hr\/nada\/klub-pod-okriljem-tvornice\/#primaryimage"},"thumbnailUrl":"https:\/\/sdf.hr\/wp-content\/uploads\/2023\/10\/Graficar-scaled.jpg","datePublished":"2023-10-13T10:10:40+00:00","dateModified":"2023-10-13T10:17:14+00:00","breadcrumb":{"@id":"https:\/\/sdf.hr\/hr\/nada\/klub-pod-okriljem-tvornice\/#breadcrumb"},"inLanguage":"hr","potentialAction":[{"@type":"ReadAction","target":["https:\/\/sdf.hr\/hr\/nada\/klub-pod-okriljem-tvornice\/"]}]},{"@type":"ImageObject","inLanguage":"hr","@id":"https:\/\/sdf.hr\/hr\/nada\/klub-pod-okriljem-tvornice\/#primaryimage","url":"https:\/\/sdf.hr\/wp-content\/uploads\/2023\/10\/Graficar-scaled.jpg","contentUrl":"https:\/\/sdf.hr\/wp-content\/uploads\/2023\/10\/Graficar-scaled.jpg","width":2560,"height":1597,"caption":"Prva postava Grafi\u010dara 1954. godine"},{"@type":"BreadcrumbList","@id":"https:\/\/sdf.hr\/hr\/nada\/klub-pod-okriljem-tvornice\/#breadcrumb","itemListElement":[{"@type":"ListItem","position":1,"name":"Po\u010detna stranica","item":"https:\/\/sdf.hr\/hr\/"},{"@type":"ListItem","position":2,"name":"Nada","item":"https:\/\/sdf.hr\/nada\/"},{"@type":"ListItem","position":3,"name":"Klub pod okriljem tvornice"}]},{"@type":"WebSite","@id":"https:\/\/sdf.hr\/#website","url":"https:\/\/sdf.hr\/","name":"SDF - Srpski demokratski forum","description":"Srpski demokratski forum","publisher":{"@id":"https:\/\/sdf.hr\/#organization"},"potentialAction":[{"@type":"SearchAction","target":{"@type":"EntryPoint","urlTemplate":"https:\/\/sdf.hr\/?s={search_term_string}"},"query-input":{"@type":"PropertyValueSpecification","valueRequired":true,"valueName":"search_term_string"}}],"inLanguage":"hr"},{"@type":"Organization","@id":"https:\/\/sdf.hr\/#organization","name":"SDF - Srpski demokratski forum","url":"https:\/\/sdf.hr\/","logo":{"@type":"ImageObject","inLanguage":"hr","@id":"https:\/\/sdf.hr\/#\/schema\/logo\/image\/","url":"https:\/\/sdf.hr\/wp-content\/uploads\/2021\/07\/logo-hr.svg","contentUrl":"https:\/\/sdf.hr\/wp-content\/uploads\/2021\/07\/logo-hr.svg","width":271,"height":100,"caption":"SDF - Srpski demokratski forum"},"image":{"@id":"https:\/\/sdf.hr\/#\/schema\/logo\/image\/"}}]}},"_links":{"self":[{"href":"https:\/\/sdf.hr\/hr\/wp-json\/wp\/v2\/nada\/3754","targetHints":{"allow":["GET"]}}],"collection":[{"href":"https:\/\/sdf.hr\/hr\/wp-json\/wp\/v2\/nada"}],"about":[{"href":"https:\/\/sdf.hr\/hr\/wp-json\/wp\/v2\/types\/nada"}],"wp:featuredmedia":[{"embeddable":true,"href":"https:\/\/sdf.hr\/hr\/wp-json\/wp\/v2\/media\/3753"}],"wp:attachment":[{"href":"https:\/\/sdf.hr\/hr\/wp-json\/wp\/v2\/media?parent=3754"}],"wp:term":[{"taxonomy":"post_tag","embeddable":true,"href":"https:\/\/sdf.hr\/hr\/wp-json\/wp\/v2\/tags?post=3754"},{"taxonomy":"atribut","embeddable":true,"href":"https:\/\/sdf.hr\/hr\/wp-json\/wp\/v2\/atribut?post=3754"}],"curies":[{"name":"wp","href":"https:\/\/api.w.org\/{rel}","templated":true}]}}