{"id":3779,"date":"2023-10-18T09:00:24","date_gmt":"2023-10-18T07:00:24","guid":{"rendered":"https:\/\/sdf.hr\/nada\/zene-u-zelenom\/"},"modified":"2023-10-18T09:07:27","modified_gmt":"2023-10-18T07:07:27","slug":"zene-u-zelenom","status":"publish","type":"nada","link":"https:\/\/sdf.hr\/hr\/nada\/zene-u-zelenom\/","title":{"rendered":"\u017dene u zelenom"},"content":{"rendered":"<p>&#8220;Moramo ostaviti ne\u0161to na\u0161oj djeci, ne\u0161to \u0161to smo mi naslijedili. Bar neka su to rijeke, planine, jezera. Da bar to spasimo i sa\u010duvamo&#8221;, govori nam <strong>Amela Zukan<\/strong>, jedna od &#8220;hrabrih \u017eena Kru\u0161\u010dice&#8221;, naselja kraj Viteza u srednjoj Bosni.<\/p>\n<p>Ostav\u0161tina, bar prirode kad vi\u0161e ni\u010deg drugog nema za ostaviti, njen je odgovor na pitanje za\u0161to su 505 dana i no\u0107i &#8220;hrabre \u017eene Kru\u0161\u010dice&#8221;, zajedno s mu\u0161karcima, de\u017eurale u obrani rijeke kako bi svi zajedno sprije\u010dili izgradnju dviju mini hidroelektrana. Blokirali su tako mje\u0161tani tih 505 dana lokalni most, sprje\u010davali dolazak ma\u0161ina i izgradnju hidroelektrana.<\/p>\n<p>Zukan pri\u010da o jednoj posebno traumati\u010dnoj no\u0107i, kada su \u017eene u tri sata ujutro, njih oko 50, sjele na most. Zamijenile su se s mu\u0161karcima koji su obi\u010dno preuzimali no\u0107ne smjene, jer su o\u010dekivale da njih policajci ne\u0107e napasti. Oko pet sati ujutro do\u0161li su specijalci.<\/p>\n<p>\u2013 Rekli su nam da se moramo skloniti, ako ne, da oni imaju nare\u0111enje da nas maknu, bace s mosta. Nije pro\u0161lo ni par minuta kada su po\u010deli da nas tuku \u0161titnicima. Po rukama, nogama&#8230; Strahota. Jauci, krici \u2013 opisuje Amela Zukan.<\/p>\n<p>Traume te no\u0107i jo\u0161 su \u017eive u sje\u0107anjima \u017eena. Neke su se i razboljele, ozljede nose sa sobom kao zna\u010dku. Ali, nisu se pokolebale.<\/p>\n<p>&#8211; Mi \u017eene sjele smo da se borimo za na\u0161e osnovno pravo, pravo na vodu, pravo na \u017eivot \u2013 ka\u017ee.<\/p>\n<p>Jer izgleda da su prirodni resursi zadnja linija obrane. Rekle su nam to sve \u017eene s kojima smo razgovarali, \u010detiri ekolo\u0161ke aktivistice iz regije \u2013 Srbije, Hrvatske, Bosne i Hercegovine i Slovenije.<\/p>\n<figure id=\"attachment_3771\" aria-describedby=\"caption-attachment-3771\" style=\"width: 720px\" class=\"wp-caption alignnone\"><img loading=\"lazy\" decoding=\"async\" class=\"wp-image-3771 size-full\" src=\"https:\/\/sdf.hr\/wp-content\/uploads\/2023\/10\/Amela-Zukan.jpg\" alt=\"\" width=\"720\" height=\"334\" srcset=\"https:\/\/sdf.hr\/wp-content\/uploads\/2023\/10\/Amela-Zukan.jpg 720w, https:\/\/sdf.hr\/wp-content\/uploads\/2023\/10\/Amela-Zukan-300x139.jpg 300w\" sizes=\"auto, (max-width: 720px) 100vw, 720px\" \/><figcaption id=\"caption-attachment-3771\" class=\"wp-caption-text\">Amela Zukan<\/figcaption><\/figure>\n<p>Na\u0161 &#8220;sokak&#8221; izrazito je ranjiv na klimatske promjene. Ako se obistine najcrnje prognoze, a mogle bi i prije nego o\u010dekujemo, vrlo brzo borit \u0107emo se s ekstremnim su\u0161ama, redukcijama vode, sve \u010de\u0161\u0107im poplavama. Svemu smo tome i nedavno svjedo\u010dili. Oni koji su ranjivi i marginalizirani, dakle siroma\u0161ni, bolesni, oni iz zemalja u razvoju, vi\u0161e \u0107e stradati od klimatskih promjena. Jedan je to od zaklju\u010daka i Me\u0111uvladinog panela o klimatskim promjenama. Na njih klimatske promjene vi\u0161e utje\u010du te \u0107e im biti potrebno vi\u0161e adaptacijskih strategija. Me\u0111utim, utjecaj koji klimatske promjene imaju na \u017eene nije isti kao i na mu\u0161karce. \u017dene su ranjivije, ako ni\u0161ta drugo zato \u0161to \u010dine ve\u0107i postotak siroma\u0161nih.<\/p>\n<p>No, \u0161to ako stvari sagledamo iz manje uobi\u010dajene perspektive, ne iz one ranjivosti, ve\u0107 borbenosti? Okupljanje mje\u0161tana Kru\u0161\u010dice u po\u010detku je bilo spontano, kada je ta zajednica od oko 2000 du\u0161a saznala za planove izgradnje mini hidroelektrana.<\/p>\n<p>&#8211; Prvo su do\u0161le ma\u0161ine, narod se spontano okupio. Zaustavili smo ih i krenuli da de\u017euramo. Prvo smo bili pod vedrim nebom. \u017dene danju, mu\u0161karci no\u0107u &#8211; kazala nam je Zukan.<\/p>\n<p>U kriznim situacijama kada su dolazile ma\u0161ine bili su svi skupa. Organizacija je i\u0161la preko Viber grupa, preko kojih su se \u017eene aktivirale, organizirale, de\u017eurale.<\/p>\n<p>&#8211; Bilo je bitno da je uvijek netko tu. Jednostavno, samo jedna poruka, i to bi se pro\u0161irilo u sekundi. Uvijek je bilo prijetnji, ne\u010dega. Bilo je te\u0161kih trenutaka, ali i trenutaka koji su spojili ljude &#8211; dodaje Zukan.<\/p>\n<p>Sve to oja\u010dalo je njihovu zajednicu, a njihov sustav organiziranja primjenjuje se i drugdje. Vra\u0107amo se opet na ono \u2013 za\u0161to. Odakle tolika volja i snaga za obranu? Za 505 dana i no\u0107i. Zukan ka\u017ee \u2013 sve su nam oteli. I kada vi\u0161e nemaju \u0161to, &#8220;bacili&#8221; su se na prirodne resurse.<\/p>\n<p>&#8211; Dosta ljudi smo probudili, dosta ljudi je vidjelo da smo mi uspjeli spasiti na\u0161u rijeku i onda su primijeniti na\u0161 sistem. Mi se danas ne borimo samo za na\u0161u rijeku, ve\u0107 za sve rijeke BiH, ali i \u0161ire, regiona \u2013 ka\u017ee Zukan.<\/p>\n<p>Isto isti\u010de i ekolo\u0161ka aktivistkinja <strong>Bojana Minovi\u0107<\/strong> iz Kraljeva, koja djeluje u sklopu inicijative &#8220;Sa\u010duvajmo planinske reke Kraljeva&#8221; i bori se za o\u010duvanje planinskih rijeka toga kraja.<\/p>\n<p>&#8211; Obmanuli su nas, pokrali, raslojili, \u0161to je isto stra\u0161no. Ovako smo ve\u0107 slu\u0111ene od rata, tranzicije, gubitka fabrika, raznih socijalnih, dru\u0161tvenih i ekonomskih upori\u0161ta. E, onda su nam usred svega toga po\u010deli da uzimaju resurse &#8211; ka\u017ee Minovi\u0107.<\/p>\n<p>Primje\u0107uje kako kapital zadire u sve pore dru\u0161tva. Opisuje kako danas sve mora biti mlado, jedro, utegnuto. Vi\u0161e nisu dovoljne dobre stare planinske rijeke, nisu dovoljno instagrami\u010dne. Sada se ljudi vi\u0161e ne kupaju na Ibru \u2013 jednoj od tri rijeke na kojoj le\u017ei Kraljevo, &#8220;nego odlaze na bazene jer je tamo ljep\u0161e, pristupa\u010dnije&#8221;. Minovi\u0107 govori kako se onda pored planinskih rijeka naprave bazeni. Ne \u017eele se ljudi kupati u rijeci, pove\u0107ava se opasnost od toga da se djeca ozlijede, slome nogu.<\/p>\n<figure id=\"attachment_3773\" aria-describedby=\"caption-attachment-3773\" style=\"width: 2560px\" class=\"wp-caption alignnone\"><img loading=\"lazy\" decoding=\"async\" class=\"wp-image-3773 size-full\" src=\"https:\/\/sdf.hr\/wp-content\/uploads\/2023\/10\/Bojana-Minovic-scaled.jpg\" alt=\"\" width=\"2560\" height=\"2191\" srcset=\"https:\/\/sdf.hr\/wp-content\/uploads\/2023\/10\/Bojana-Minovic-scaled.jpg 2560w, https:\/\/sdf.hr\/wp-content\/uploads\/2023\/10\/Bojana-Minovic-300x257.jpg 300w, https:\/\/sdf.hr\/wp-content\/uploads\/2023\/10\/Bojana-Minovic-1024x877.jpg 1024w, https:\/\/sdf.hr\/wp-content\/uploads\/2023\/10\/Bojana-Minovic-768x657.jpg 768w, https:\/\/sdf.hr\/wp-content\/uploads\/2023\/10\/Bojana-Minovic-1536x1315.jpg 1536w, https:\/\/sdf.hr\/wp-content\/uploads\/2023\/10\/Bojana-Minovic-2048x1753.jpg 2048w\" sizes=\"auto, (max-width: 2560px) 100vw, 2560px\" \/><figcaption id=\"caption-attachment-3773\" class=\"wp-caption-text\">Bojana Minovi\u0107<\/figcaption><\/figure>\n<p>&#8211; Sve mora biti novo, atraktivno, lijepo, zabavno. Sve mora da nam bude udobno, pristupa\u010dno. A ne sad tamo neki Ibar glupi, gdje su se prije kupali neki \u010di\u010de u socijalisti\u010dkim ga\u0107ama &#8211; ka\u017ee Minovi\u0107.<\/p>\n<p>Dodaje da stvar presti\u017ea postaje, recimo, i\u0107i u terme zbog kojih su sada ugro\u017eeni ljekoviti izvori u Vrnja\u010dkoj banji. Naime, &#8220;terme se lijepo fotografiraju na Instagramu, kao \u0161to se bazeni lijepo fotografiraju na Instagramu \u2013 koktel\u010di\u0107i, muzikica, mladi, zdrava, zategnuta tijela&#8221;.<\/p>\n<p>U svom radu Minovi\u0107 se bavila i dru\u0161tvenim aspektima ekolo\u0161kih problema. Isti\u010de da su bitna dva aspekta &#8211; uz obezvrje\u0111ivanje prirodnih resursa tu je i osiroma\u0161enje ljudi.<\/p>\n<p>&#8211; Ovdje ljudi za zemlju pored planinske rijeke ka\u017eu da je to &#8220;tak\u0161a zemlja&#8221;. Tanja od tanjeg, bezvrijedna. Dakle, zemlja, \u0161uma, se obezvrje\u0111uju. Onda je te resurse lak\u0161e prodati, ljude je lak\u0161e uvjeriti da se od njih rastanu \u2013 dodaje.<\/p>\n<p>Uz to, ti krajevi su ono \u0161to nazivamo &#8220;pasivnima&#8221;, pa je prodaja, primjerice, \u0161uma koju imaju u posjedu ili bilo kojeg prirodnog resursa jedino \u0161to je nekima preostalo.<\/p>\n<p>&#8211; Oni koji su imali \u0161umu u posjedu sjekli su je da bi \u0161kolovali djecu, prehranili se, pre\u017eivjeli, da bi djeci omogu\u0107ili da odu odavde \u2013 ka\u017ee Minovi\u0107.<\/p>\n<p>Sve to za posljedicu ima daljnje uni\u0161tavanje i eroziju okoli\u0161a.<\/p>\n<p>&#8211; Mje\u0161tani \u010deste do\u017eivljavaju erozije, ne povezuju oni sje\u010du \u0161ume s time. A onda kad investitor razruje zemlju i dovede u opasnost sigurnost, u smislu da poplavi put jer grune voda iz brane ili nestane pastrve u rijeci, shvate posljedice gradnje na planinskim rekama. Ali mje\u0161tani ka\u017eu da se moraju ugrijati, prodati \u0161umu za \u017eivot &#8211; isti\u010de Minovi\u0107.<\/p>\n<p>I ona primje\u0107uje nestanke vrsta, promjene klime, nevjerojatno blage zime, sve manje padalina i rastu\u0107e temperature ljeti. &#8220;Znam \u0161to je zima, \u0161to su \u010detiri godi\u0161nja doba\u201c, ka\u017ee nam. Ali, toga vi\u0161e nema.<\/p>\n<p>Da klimatske promjene prodiru svugdje i vi\u0161e ih ne mo\u017eemo ignorirati isti\u010de i <strong>Irena Burba<\/strong>, ekolo\u0161ka aktivistica koja ve\u0107 16 godina radi u Zelenoj Istri te je bila aktivna u brojnim dru\u0161tvenim i ekolo\u0161kim borbama, od one za Lungomare do Plomina.<\/p>\n<p>&#8211; Mi smo, kao prvo, mediteranska zemlja. I ono \u0161to mi primje\u0107ujemo u svom radu jest to da su potro\u0161nja prostora i napad na javno dobro i prostor svakom godinom sve ve\u0107i &#8211; ka\u017ee Burba.<\/p>\n<figure id=\"attachment_3775\" aria-describedby=\"caption-attachment-3775\" style=\"width: 966px\" class=\"wp-caption alignnone\"><img loading=\"lazy\" decoding=\"async\" class=\"wp-image-3775 size-full\" src=\"https:\/\/sdf.hr\/wp-content\/uploads\/2023\/10\/irena-burba.jpg\" alt=\"\" width=\"966\" height=\"1031\" srcset=\"https:\/\/sdf.hr\/wp-content\/uploads\/2023\/10\/irena-burba.jpg 966w, https:\/\/sdf.hr\/wp-content\/uploads\/2023\/10\/irena-burba-281x300.jpg 281w, https:\/\/sdf.hr\/wp-content\/uploads\/2023\/10\/irena-burba-959x1024.jpg 959w, https:\/\/sdf.hr\/wp-content\/uploads\/2023\/10\/irena-burba-768x820.jpg 768w\" sizes=\"auto, (max-width: 966px) 100vw, 966px\" \/><figcaption id=\"caption-attachment-3775\" class=\"wp-caption-text\">Irena Burba<\/figcaption><\/figure>\n<p>Kod nas se to o\u010dituje, isti\u010de, prekomjernom i bespravnom izgradnjom na obali, kao i smanjenjem svakog trunka slobodnog prostora koji nam je preostao. Od utjecaja klimatskih promjena, ka\u017ee, nemogu\u0107e je pobje\u0107i. Nemogu\u0107e je ignorirati ogromne su\u0161e, visoke temperature i uvjete \u017eivota koji postaju sve ekstremniji.<\/p>\n<p>&#8211; Tako da sad ve\u0107 svi mogu vidjeti i osjetiti klimatske promjene. A znamo da je mediteransko podru\u010dje osjetljivo &#8211; isti\u010de Burba.<\/p>\n<p><strong>Irena Woelle<\/strong> slovenska je dizajnerica i aktivistica, koja djeluje na raskri\u017eju okoli\u0161a, dru\u0161tva i kulture. Bavi se pitanjima poput urbanog vrtlarstva i p\u010delarstva te borbe protiv <em>frackinga<\/em>, glifosata, lova\u010dkog turizma i vala uni\u0161tavanja urbanog drve\u0107a.<\/p>\n<p>Primjerice, u svom <em>site-specific<\/em> projektu &#8220;Nisam luda da idem tamo&#8221; Woelle se bavila spregom kapitalizma i patrijarhata, za koje vidi da djeluju sli\u010dnim mehanizmima i silnicama. Fokus je bila uvala Lapad s pejza\u017ea dubrova\u010dke umjetnice <strong>Flore Jak\u0161i\u0107<\/strong> koja je sa 17 godina na silu, protiv svoje volje, udana te je u nasilnom braku provela deset godina. Za njena \u017eivota Florin dom je bio vode\u0107e \u017eari\u0161te likovne umjetnosti u Dubrovniku, dok je u svojoj oporuci Flora Jak\u0161i\u0107 odredila da se Vila Flora u lapadskoj uvali ostavi umjetnicima za izlo\u017ebe i odmor.<\/p>\n<p>U moderno doba uvala Lapad devastirana je, pretvorena u beton, ki\u010d i asfalt, dok naslov samog rada dolazi iz odgovora mlade majke, ulovljenog na ulici, na prijedlog njezinog partnera da s djetetom idu u vru\u0107u, devastiranu uvalu Lapad na kupanje.<\/p>\n<p>Tim projektom Woelle je \u017eeljela naglasiti probleme koje stvara patrijarhat u sprezi s kapitalom \u2013 uni\u0161tava prirodu, stvara krizu podneblja i jo\u0161 uvijek diskriminira i ubija \u017eene.<\/p>\n<p>Projektom &#8220;Zeleni val&#8221;, tj. inicijativom da se centar grada Rijeke u\u010dini zdravijim i ugodnijim za \u017eivot i pretvaranjem Trga Matije Vla\u010di\u0107a Flaciusa u &#8220;\u010cajni trg&#8221; tijekom EPK-a Woelle je sa sadnjom ljekovitih biljaka na trgu \u017eeljela obnoviti zaboravljeno znanje o ljekovitosti biljaka i njihovoj primjeni za specifi\u010dne bolesti u Rijeci.<\/p>\n<figure id=\"attachment_3777\" aria-describedby=\"caption-attachment-3777\" style=\"width: 2474px\" class=\"wp-caption alignnone\"><img loading=\"lazy\" decoding=\"async\" class=\"wp-image-3777 size-full\" src=\"https:\/\/sdf.hr\/wp-content\/uploads\/2023\/10\/Irena-Woelle-foto-Zeljko-Stevanic-scaled.jpg\" alt=\"\" width=\"2474\" height=\"2560\" srcset=\"https:\/\/sdf.hr\/wp-content\/uploads\/2023\/10\/Irena-Woelle-foto-Zeljko-Stevanic-scaled.jpg 2474w, https:\/\/sdf.hr\/wp-content\/uploads\/2023\/10\/Irena-Woelle-foto-Zeljko-Stevanic-290x300.jpg 290w, https:\/\/sdf.hr\/wp-content\/uploads\/2023\/10\/Irena-Woelle-foto-Zeljko-Stevanic-990x1024.jpg 990w, https:\/\/sdf.hr\/wp-content\/uploads\/2023\/10\/Irena-Woelle-foto-Zeljko-Stevanic-768x795.jpg 768w, https:\/\/sdf.hr\/wp-content\/uploads\/2023\/10\/Irena-Woelle-foto-Zeljko-Stevanic-1484x1536.jpg 1484w, https:\/\/sdf.hr\/wp-content\/uploads\/2023\/10\/Irena-Woelle-foto-Zeljko-Stevanic-1979x2048.jpg 1979w\" sizes=\"auto, (max-width: 2474px) 100vw, 2474px\" \/><figcaption id=\"caption-attachment-3777\" class=\"wp-caption-text\">Irena Woelle (Foto: \u017deljko Stevani\u0107)<\/figcaption><\/figure>\n<p>Oboga\u0107ivanjem javnih povr\u0161ina i trgova zelenilom i &#8220;zauzimanjem&#8221; prostora, Woelle je bilo bitno da &#8220;postoji javni prostor koji je zadr\u017ean kao javni i koji se mo\u017ee upotrebljavati&#8221;.<\/p>\n<p>&#8211; Javni prostor se i kod vas i kod nas uzurpira do beskona\u010dnosti. Mi vi\u0161e ne mo\u017eemo ni hodati kroz na\u0161e gradove jer je to sve privatizirano, sve su to kafi\u0107i ili restorani koji su sad zapravo samo za turiste \u2013 ka\u017ee Woelle.<\/p>\n<p>I Burba isti\u010de razorne u\u010dinke prekomjernog oslanjanja na turizam.<\/p>\n<p>&#8211; Protuzakonito se nasipava pomorsko dobro i zauzima obala. \u0160ire se hotelski lanci, kampovi. Sve manje ima prostora za gra\u0111ane. Ima milijun \u0161oping centara \u2013 ka\u017ee.<\/p>\n<p>Javni prostor se pritom komprimira.<\/p>\n<p>&#8211; Na\u0161a kvaliteta \u017eivota se drasti\u010dno smanjila zbog prekomjernog turizma. Ljeti su ogromne prometne gu\u017eve, ne mo\u017ee\u0161 pristupiti nekim uslugama kako treba, oti\u0107i na hitnu. Imamo ogromne probleme s otpadom, te koli\u010dine otpada koje se stvaraju jednostavno mi ne mo\u017eemo zbrinuti kako treba &#8211; dodaje Burba.<\/p>\n<p>Smatra, me\u0111utim, kako se ljudi naj\u010de\u0161\u0107e uklju\u010duju u borbe koje ih se direktno ti\u010du. Ipak, postoje iznimke.<\/p>\n<p>&#8211; Ljudi su spremni reagirati kad je neki problem u njihovom dvori\u0161tu, ali vidimo da su se u slu\u010daju Lungomare pokrenuli jer imaju emotivnu povezanost s podru\u010djem i vide kako je sve drugo komercijalizirano i bore se za taj neki zadnji dio javnog prostora \u2013 ka\u017ee.<\/p>\n<p>Ne\u0161to sli\u010dno kao i u Kru\u0161\u010dici. Svi mje\u0161tani, a to Zukan stalno nagla\u0161ava, radi se o svim mje\u0161tanima, u obranu rijeke Kru\u0161\u010dice &#8220;i\u0161li su srcem&#8221;.<\/p>\n<p>&#8211; Petsto pet dana \u2013 bilo sunce, bilo snijeg. Mi idemo kao da idemo na posao. Ti si du\u017ean da ide\u0161 na svoju smjenu &#8211; ka\u017ee i dodaje da bi rijeka, da nije bilo mje\u0161tana, bila uni\u0161tena, a sada je opet prekrasno izleti\u0161te, vrijedno svake pa\u017enje.<\/p>\n<p><em>pi\u0161e Matea Grgurinovi\u0107<\/em><\/p>\n","protected":false},"excerpt":{"rendered":"<p>Hrabre \u017eene Kru\u0161\u010dice (BiH) de\u017eurale su s mu\u0161karcima u obrani rijeke 505 dana kako bi sprije\u010dile izgradnju mini hidroelektrana. Za rijeke se bore i \u017eene iz Kraljeva (Srbija), dok u Hrvatskoj sudjeluju u obrani okoli\u0161a i javnog prostora od turisti\u010dke i druge eksploatacije<\/p>\n","protected":false},"featured_media":3770,"template":"","tags":[130],"atribut":[],"class_list":["post-3779","nada","type-nada","status-publish","has-post-thumbnail","hentry","tag-tema"],"acf":[],"yoast_head":"<!-- This site is optimized with the Yoast SEO plugin v27.4 - https:\/\/yoast.com\/product\/yoast-seo-wordpress\/ -->\n<title>\u017dene u zelenom - SDF - Srpski demokratski forum<\/title>\n<meta name=\"robots\" content=\"index, follow, max-snippet:-1, max-image-preview:large, max-video-preview:-1\" \/>\n<link rel=\"canonical\" href=\"https:\/\/sdf.hr\/hr\/nada\/zene-u-zelenom\/\" \/>\n<meta property=\"og:locale\" content=\"hr_HR\" \/>\n<meta property=\"og:type\" content=\"article\" \/>\n<meta property=\"og:title\" content=\"\u017dene u zelenom - SDF - Srpski demokratski forum\" \/>\n<meta property=\"og:description\" content=\"Hrabre \u017eene Kru\u0161\u010dice (BiH) de\u017eurale su s mu\u0161karcima u obrani rijeke 505 dana kako bi sprije\u010dile izgradnju mini hidroelektrana. Za rijeke se bore i \u017eene iz Kraljeva (Srbija), dok u Hrvatskoj sudjeluju u obrani okoli\u0161a i javnog prostora od turisti\u010dke i druge eksploatacije\" \/>\n<meta property=\"og:url\" content=\"https:\/\/sdf.hr\/hr\/nada\/zene-u-zelenom\/\" \/>\n<meta property=\"og:site_name\" content=\"SDF - Srpski demokratski forum\" \/>\n<meta property=\"article:modified_time\" content=\"2023-10-18T07:07:27+00:00\" \/>\n<meta property=\"og:image\" content=\"https:\/\/sdf.hr\/wp-content\/uploads\/2023\/10\/Kruscica-2.jpg\" \/>\n\t<meta property=\"og:image:width\" content=\"1046\" \/>\n\t<meta property=\"og:image:height\" content=\"569\" \/>\n\t<meta property=\"og:image:type\" content=\"image\/jpeg\" \/>\n<meta name=\"twitter:card\" content=\"summary_large_image\" \/>\n<meta name=\"twitter:label1\" content=\"Procijenjeno vrijeme \u010ditanja\" \/>\n\t<meta name=\"twitter:data1\" content=\"10 minuta\" \/>\n<script type=\"application\/ld+json\" class=\"yoast-schema-graph\">{\"@context\":\"https:\\\/\\\/schema.org\",\"@graph\":[{\"@type\":\"WebPage\",\"@id\":\"https:\\\/\\\/sdf.hr\\\/hr\\\/nada\\\/zene-u-zelenom\\\/\",\"url\":\"https:\\\/\\\/sdf.hr\\\/hr\\\/nada\\\/zene-u-zelenom\\\/\",\"name\":\"\u017dene u zelenom - SDF - Srpski demokratski forum\",\"isPartOf\":{\"@id\":\"https:\\\/\\\/sdf.hr\\\/#website\"},\"primaryImageOfPage\":{\"@id\":\"https:\\\/\\\/sdf.hr\\\/hr\\\/nada\\\/zene-u-zelenom\\\/#primaryimage\"},\"image\":{\"@id\":\"https:\\\/\\\/sdf.hr\\\/hr\\\/nada\\\/zene-u-zelenom\\\/#primaryimage\"},\"thumbnailUrl\":\"https:\\\/\\\/sdf.hr\\\/wp-content\\\/uploads\\\/2023\\\/10\\\/Kruscica-2.jpg\",\"datePublished\":\"2023-10-18T07:00:24+00:00\",\"dateModified\":\"2023-10-18T07:07:27+00:00\",\"breadcrumb\":{\"@id\":\"https:\\\/\\\/sdf.hr\\\/hr\\\/nada\\\/zene-u-zelenom\\\/#breadcrumb\"},\"inLanguage\":\"hr\",\"potentialAction\":[{\"@type\":\"ReadAction\",\"target\":[\"https:\\\/\\\/sdf.hr\\\/hr\\\/nada\\\/zene-u-zelenom\\\/\"]}]},{\"@type\":\"ImageObject\",\"inLanguage\":\"hr\",\"@id\":\"https:\\\/\\\/sdf.hr\\\/hr\\\/nada\\\/zene-u-zelenom\\\/#primaryimage\",\"url\":\"https:\\\/\\\/sdf.hr\\\/wp-content\\\/uploads\\\/2023\\\/10\\\/Kruscica-2.jpg\",\"contentUrl\":\"https:\\\/\\\/sdf.hr\\\/wp-content\\\/uploads\\\/2023\\\/10\\\/Kruscica-2.jpg\",\"width\":1046,\"height\":569,\"caption\":\"Ujedinjena borba za spas Kru\u0161\u010dice\"},{\"@type\":\"BreadcrumbList\",\"@id\":\"https:\\\/\\\/sdf.hr\\\/hr\\\/nada\\\/zene-u-zelenom\\\/#breadcrumb\",\"itemListElement\":[{\"@type\":\"ListItem\",\"position\":1,\"name\":\"Po\u010detna stranica\",\"item\":\"https:\\\/\\\/sdf.hr\\\/hr\\\/\"},{\"@type\":\"ListItem\",\"position\":2,\"name\":\"Nada\",\"item\":\"https:\\\/\\\/sdf.hr\\\/nada\\\/\"},{\"@type\":\"ListItem\",\"position\":3,\"name\":\"\u017dene u zelenom\"}]},{\"@type\":\"WebSite\",\"@id\":\"https:\\\/\\\/sdf.hr\\\/#website\",\"url\":\"https:\\\/\\\/sdf.hr\\\/\",\"name\":\"SDF - Srpski demokratski forum\",\"description\":\"Srpski demokratski forum\",\"publisher\":{\"@id\":\"https:\\\/\\\/sdf.hr\\\/#organization\"},\"potentialAction\":[{\"@type\":\"SearchAction\",\"target\":{\"@type\":\"EntryPoint\",\"urlTemplate\":\"https:\\\/\\\/sdf.hr\\\/?s={search_term_string}\"},\"query-input\":{\"@type\":\"PropertyValueSpecification\",\"valueRequired\":true,\"valueName\":\"search_term_string\"}}],\"inLanguage\":\"hr\"},{\"@type\":\"Organization\",\"@id\":\"https:\\\/\\\/sdf.hr\\\/#organization\",\"name\":\"SDF - Srpski demokratski forum\",\"url\":\"https:\\\/\\\/sdf.hr\\\/\",\"logo\":{\"@type\":\"ImageObject\",\"inLanguage\":\"hr\",\"@id\":\"https:\\\/\\\/sdf.hr\\\/#\\\/schema\\\/logo\\\/image\\\/\",\"url\":\"https:\\\/\\\/sdf.hr\\\/wp-content\\\/uploads\\\/2021\\\/07\\\/logo-hr.svg\",\"contentUrl\":\"https:\\\/\\\/sdf.hr\\\/wp-content\\\/uploads\\\/2021\\\/07\\\/logo-hr.svg\",\"width\":271,\"height\":100,\"caption\":\"SDF - Srpski demokratski forum\"},\"image\":{\"@id\":\"https:\\\/\\\/sdf.hr\\\/#\\\/schema\\\/logo\\\/image\\\/\"}}]}<\/script>\n<!-- \/ Yoast SEO plugin. -->","yoast_head_json":{"title":"\u017dene u zelenom - SDF - Srpski demokratski forum","robots":{"index":"index","follow":"follow","max-snippet":"max-snippet:-1","max-image-preview":"max-image-preview:large","max-video-preview":"max-video-preview:-1"},"canonical":"https:\/\/sdf.hr\/hr\/nada\/zene-u-zelenom\/","og_locale":"hr_HR","og_type":"article","og_title":"\u017dene u zelenom - SDF - Srpski demokratski forum","og_description":"Hrabre \u017eene Kru\u0161\u010dice (BiH) de\u017eurale su s mu\u0161karcima u obrani rijeke 505 dana kako bi sprije\u010dile izgradnju mini hidroelektrana. Za rijeke se bore i \u017eene iz Kraljeva (Srbija), dok u Hrvatskoj sudjeluju u obrani okoli\u0161a i javnog prostora od turisti\u010dke i druge eksploatacije","og_url":"https:\/\/sdf.hr\/hr\/nada\/zene-u-zelenom\/","og_site_name":"SDF - Srpski demokratski forum","article_modified_time":"2023-10-18T07:07:27+00:00","og_image":[{"width":1046,"height":569,"url":"https:\/\/sdf.hr\/wp-content\/uploads\/2023\/10\/Kruscica-2.jpg","type":"image\/jpeg"}],"twitter_card":"summary_large_image","twitter_misc":{"Procijenjeno vrijeme \u010ditanja":"10 minuta"},"schema":{"@context":"https:\/\/schema.org","@graph":[{"@type":"WebPage","@id":"https:\/\/sdf.hr\/hr\/nada\/zene-u-zelenom\/","url":"https:\/\/sdf.hr\/hr\/nada\/zene-u-zelenom\/","name":"\u017dene u zelenom - SDF - Srpski demokratski forum","isPartOf":{"@id":"https:\/\/sdf.hr\/#website"},"primaryImageOfPage":{"@id":"https:\/\/sdf.hr\/hr\/nada\/zene-u-zelenom\/#primaryimage"},"image":{"@id":"https:\/\/sdf.hr\/hr\/nada\/zene-u-zelenom\/#primaryimage"},"thumbnailUrl":"https:\/\/sdf.hr\/wp-content\/uploads\/2023\/10\/Kruscica-2.jpg","datePublished":"2023-10-18T07:00:24+00:00","dateModified":"2023-10-18T07:07:27+00:00","breadcrumb":{"@id":"https:\/\/sdf.hr\/hr\/nada\/zene-u-zelenom\/#breadcrumb"},"inLanguage":"hr","potentialAction":[{"@type":"ReadAction","target":["https:\/\/sdf.hr\/hr\/nada\/zene-u-zelenom\/"]}]},{"@type":"ImageObject","inLanguage":"hr","@id":"https:\/\/sdf.hr\/hr\/nada\/zene-u-zelenom\/#primaryimage","url":"https:\/\/sdf.hr\/wp-content\/uploads\/2023\/10\/Kruscica-2.jpg","contentUrl":"https:\/\/sdf.hr\/wp-content\/uploads\/2023\/10\/Kruscica-2.jpg","width":1046,"height":569,"caption":"Ujedinjena borba za spas Kru\u0161\u010dice"},{"@type":"BreadcrumbList","@id":"https:\/\/sdf.hr\/hr\/nada\/zene-u-zelenom\/#breadcrumb","itemListElement":[{"@type":"ListItem","position":1,"name":"Po\u010detna stranica","item":"https:\/\/sdf.hr\/hr\/"},{"@type":"ListItem","position":2,"name":"Nada","item":"https:\/\/sdf.hr\/nada\/"},{"@type":"ListItem","position":3,"name":"\u017dene u zelenom"}]},{"@type":"WebSite","@id":"https:\/\/sdf.hr\/#website","url":"https:\/\/sdf.hr\/","name":"SDF - Srpski demokratski forum","description":"Srpski demokratski forum","publisher":{"@id":"https:\/\/sdf.hr\/#organization"},"potentialAction":[{"@type":"SearchAction","target":{"@type":"EntryPoint","urlTemplate":"https:\/\/sdf.hr\/?s={search_term_string}"},"query-input":{"@type":"PropertyValueSpecification","valueRequired":true,"valueName":"search_term_string"}}],"inLanguage":"hr"},{"@type":"Organization","@id":"https:\/\/sdf.hr\/#organization","name":"SDF - Srpski demokratski forum","url":"https:\/\/sdf.hr\/","logo":{"@type":"ImageObject","inLanguage":"hr","@id":"https:\/\/sdf.hr\/#\/schema\/logo\/image\/","url":"https:\/\/sdf.hr\/wp-content\/uploads\/2021\/07\/logo-hr.svg","contentUrl":"https:\/\/sdf.hr\/wp-content\/uploads\/2021\/07\/logo-hr.svg","width":271,"height":100,"caption":"SDF - Srpski demokratski forum"},"image":{"@id":"https:\/\/sdf.hr\/#\/schema\/logo\/image\/"}}]}},"_links":{"self":[{"href":"https:\/\/sdf.hr\/hr\/wp-json\/wp\/v2\/nada\/3779","targetHints":{"allow":["GET"]}}],"collection":[{"href":"https:\/\/sdf.hr\/hr\/wp-json\/wp\/v2\/nada"}],"about":[{"href":"https:\/\/sdf.hr\/hr\/wp-json\/wp\/v2\/types\/nada"}],"wp:featuredmedia":[{"embeddable":true,"href":"https:\/\/sdf.hr\/hr\/wp-json\/wp\/v2\/media\/3770"}],"wp:attachment":[{"href":"https:\/\/sdf.hr\/hr\/wp-json\/wp\/v2\/media?parent=3779"}],"wp:term":[{"taxonomy":"post_tag","embeddable":true,"href":"https:\/\/sdf.hr\/hr\/wp-json\/wp\/v2\/tags?post=3779"},{"taxonomy":"atribut","embeddable":true,"href":"https:\/\/sdf.hr\/hr\/wp-json\/wp\/v2\/atribut?post=3779"}],"curies":[{"name":"wp","href":"https:\/\/api.w.org\/{rel}","templated":true}]}}