{"id":3787,"date":"2023-10-20T09:00:12","date_gmt":"2023-10-20T07:00:12","guid":{"rendered":"https:\/\/sdf.hr\/nada\/opcinjenost-slikovnicama\/"},"modified":"2023-10-20T09:01:15","modified_gmt":"2023-10-20T07:01:15","slug":"opcinjenost-slikovnicama","status":"publish","type":"nada","link":"https:\/\/sdf.hr\/hr\/nada\/opcinjenost-slikovnicama\/","title":{"rendered":"Op\u010dinjenost slikovnicama"},"content":{"rendered":"<p>U svijetu umjetnosti, gdje linije postaju pri\u010de, a boje o\u017eivljavaju ma\u0161tu, svoje mjesto prona\u0161la je talentirana ilustratorica <strong>Maja Veselinovi\u0107<\/strong>. Njezin put od djetinjskih <em>\u017evrljosveski<\/em> do me\u0111unarodno priznatih ilustracija i stripova pro\u017eet je bojom, emocijama i kreativno\u0161\u0107u, a podebljan diplomama Visoke \u0161kole likovnih i primijenjenih umjetnosti, smjer likovne kulture te Fakulteta za dizajn u Beogradu, smjer grafi\u010dki dizajn.<\/p>\n<p>U gradu u kojem je provela studentske dane, Maja sada \u017eivi i sura\u0111uje s brojnim izdava\u010dima, dje\u010djim festivalima i kulturnim institucijama, kao i kreativnim agencijama iz cijele Srbije, a ilustrira knjige, \u010dasopise, plakate, ud\u017ebenike i obrazovna izdanja namijenjena djeci. Crtati je po\u010dela od malih nogu, a svoju prvu <em>\u017evrljosvesku<\/em> imala je u periodu od tre\u0107e do pete godine i jo\u0161 uvijek je \u010duva.<\/p>\n<p>&#8211; Od najranijih dana crtanje i generalno stvaranje je bilo ne\u0161to \u0161to donosi mnogo radosti. Kada pomislim na sebe u detinjstvu vidim se okru\u017eena gomilom bojica svih vrsta, raznih papira, svezaka, slikovnica, \u0161arenih krpica i \u010dasopisa&#8230; I upravo taj ose\u0107aj potpune sre\u0107e i ushi\u0107enja dok stvaram, dok sam zaokupljena nekim svojim &#8220;projektom&#8221; bio je ono \u0161to me je od najranijeg detinjstva opredelilo za umetnost \u2013 kazala je Maja.<\/p>\n<p>Majini stripovi, od kojih se neki mogu pogledati na stranici Komikaza, na simpati\u010dan i humoristi\u010dan na\u010din tematiziraju me\u0111uljudske odnose, dru\u0161tvo i razne komi\u010dne situacije. U posljednje vrijeme Maja se posvetila ilustracijama namijenjenima djeci, a prelazak sa stripa na ilustraciju dogodio se spontano i prirodno jer su, kako je objasnila, i njeni stripovi uvijek imali dje\u010dju crtu, \u010dak i kada su govorili o ozbiljnim temama.<\/p>\n<p>&#8211; Op\u010dinjenost slikovnicama i verovatno jaka \u017eelja iz detinjstva da jednog dana i sama crtam knjige u\u010dinili su svoje. Rad na stripu je zapravo bio moja baza, fantasti\u010dan poligon za eksperimentisanje i tra\u017eenje sopstvenog umetni\u010dkog izraza. Sa ove distance beskrajno sam zahvalna na tom svom stripa\u0161kom iskustvu, na sjajnim publikacijama u kojima sam objavljivala, na ljudima i prijateljstvima, na izlo\u017ebama, festivalima&#8230; koje mi je bavljenje stripom donelo. I naravno, stripovi su i dalje tu, volim ih, \u010ditam i s u\u017eivanjem pratim scenu. A nije isklju\u010deno ni da \u0107u im se opet u nekom trenutku vratiti \u2013 objasnila je.<\/p>\n<p><img loading=\"lazy\" decoding=\"async\" class=\"alignnone wp-image-3783 size-full\" src=\"https:\/\/sdf.hr\/wp-content\/uploads\/2023\/10\/Maja-ilustracije-scaled.jpg\" alt=\"\" width=\"2560\" height=\"1920\" srcset=\"https:\/\/sdf.hr\/wp-content\/uploads\/2023\/10\/Maja-ilustracije-scaled.jpg 2560w, https:\/\/sdf.hr\/wp-content\/uploads\/2023\/10\/Maja-ilustracije-300x225.jpg 300w, https:\/\/sdf.hr\/wp-content\/uploads\/2023\/10\/Maja-ilustracije-1024x768.jpg 1024w, https:\/\/sdf.hr\/wp-content\/uploads\/2023\/10\/Maja-ilustracije-768x576.jpg 768w, https:\/\/sdf.hr\/wp-content\/uploads\/2023\/10\/Maja-ilustracije-1536x1152.jpg 1536w, https:\/\/sdf.hr\/wp-content\/uploads\/2023\/10\/Maja-ilustracije-2048x1536.jpg 2048w\" sizes=\"auto, (max-width: 2560px) 100vw, 2560px\" \/><\/p>\n<p>Iako su entuzijazam i radost s kojima Maja stvara i stripove i ilustracije isti, pristup radu ipak se razlikuje. Kod stripova je gotovo uvijek sama smi\u0161ljala pri\u010du, igrala se i eksperimentirala, a rad na jednoj tabli je nekad trajao i dvadesetak dana jer naj\u010de\u0161\u0107e nije bila ograni\u010dena rokovima. S ilustracijama je pristup druga\u010diji, naro\u010dito kada se radi o knjigama za djecu &#8211; obi\u010dno je to timski rad jer u grafi\u010dkom izgledu knjige sudjeluju i drugi akteri, a tu su i rokovi i mnogi drugi izazovi. No, kako nam Maja govori, na kraju je uvijek velika radost kada knjiga iza\u0111e iz \u0161tampe i krene da \u017eivi svoj \u017eivot po knji\u017earama, sajmovima i najva\u017enije &#8211; u rukama djece.<\/p>\n<p>Nedavno je iz \u0161tampe iza\u0161la nova slikovnica &#8220;Gremlin Night&#8221; koju je crtala za ameri\u010dkog izdava\u010da Orange Hat Publishing, ilustrirala je i dizajnirala plakate i promo materijale tako\u0111er za klijente iz SAD-a, a rije\u010d je o lancu knji\u017eara Barrnes&amp;Noble. Trenutno istovremeno radi na vi\u0161e projekata, a za svega nekoliko dana, 23. oktobra, imat \u0107e i svoju samostalnu izlo\u017ebu u Zagrebu. Pod nazivom &#8220;Sunce, ptice i latice&#8221; izlo\u017eba predstavlja presjek Majinog rada na polju ilustracije u posljednjih nekoliko godina. Ista postavka u petom mjesecu ove godine bila je izlo\u017eena u Sre\u0107noj galeriji beogradskog Studentskog kulturnog centra, a u Zagrebu gostuje u okviru Festivala knjige i knji\u017eevnosti &#8220;Pazi knjiga&#8221; za koji je Maja ilustrirala plakat i promo materijale.<\/p>\n<p>Majini stripovi i ilustracije zastupljeni su i u specijaliziranim publikacijama za umjetnost i dizajn te u mnogim strip antologijama, uklju\u010duju\u0107i &#8220;\u017denski strip na Balkanu&#8221; <strong>Irene Juki\u0107-Pranji\u0107<\/strong>.<\/p>\n<p>&#8211; Ta antologija mi je verovatno najdra\u017ea strip publikacija u kojoj sam objavila. I najopse\u017enija. Bila sam, i jo\u0161 uvek sam jako sre\u0107na i ponosna \u0161to je moj rad predstavljen na \u010dak 26 stranica u jednoj tako va\u017enoj knjizi. Irena je kao inicijatorka projekta i urednica antologije ulo\u017eila mnogo ljubavi, energije, znanja i celu pri\u010du izuzetno profesionalno iznela. Ta knjiga je, sigurna sam, bila vetar u le\u0111a mnogim novim autorkama da se odva\u017ee i skrenu pa\u017enju na svoj rad \u2013 kazala je.<\/p>\n<p>U \u0161arolikom krajoliku umjetni\u010dkog svijeta \u010desto se postavljaju pitanja o statusu pojedinih formi umjetnosti u odnosu na ostale, u ovom slu\u010daju o statusu ilustracije i stripa, za koje Maja ka\u017ee kako godinama slu\u0161a da su potpuno skrajnuti, dok bi s druge strane rekla da nikad nije bilo vi\u0161e ljudi koji \u017eele da se bave ilustracijom, a isto tako nikad vi\u0161e strip festivala i izlo\u017ebi stripa. No, mo\u017eda je ipak previ\u0161e na dru\u0161tvenim mre\u017eama i algoritam \u010dini svoje, na\u0161alila se Maja.<\/p>\n<p><img loading=\"lazy\" decoding=\"async\" class=\"alignnone wp-image-3785 size-full\" src=\"https:\/\/sdf.hr\/wp-content\/uploads\/2023\/10\/Sunce-i-laste-na-kraju-grada-scaled.jpg\" alt=\"\" width=\"2560\" height=\"2560\" srcset=\"https:\/\/sdf.hr\/wp-content\/uploads\/2023\/10\/Sunce-i-laste-na-kraju-grada-scaled.jpg 2560w, https:\/\/sdf.hr\/wp-content\/uploads\/2023\/10\/Sunce-i-laste-na-kraju-grada-300x300.jpg 300w, https:\/\/sdf.hr\/wp-content\/uploads\/2023\/10\/Sunce-i-laste-na-kraju-grada-1024x1024.jpg 1024w, https:\/\/sdf.hr\/wp-content\/uploads\/2023\/10\/Sunce-i-laste-na-kraju-grada-150x150.jpg 150w, https:\/\/sdf.hr\/wp-content\/uploads\/2023\/10\/Sunce-i-laste-na-kraju-grada-768x768.jpg 768w, https:\/\/sdf.hr\/wp-content\/uploads\/2023\/10\/Sunce-i-laste-na-kraju-grada-1536x1536.jpg 1536w, https:\/\/sdf.hr\/wp-content\/uploads\/2023\/10\/Sunce-i-laste-na-kraju-grada-2048x2048.jpg 2048w\" sizes=\"auto, (max-width: 2560px) 100vw, 2560px\" \/><\/p>\n<p>Kao ljubiteljica slikovnica, Maja posjeduje biblioteku starih slikovnica koja je svojevrsna oaza nostalgije i njezin poku\u0161aj da u blizini uvijek ima meko\u0107u i radost djetinjstva, ali i inspiraciju. Posebno voli stare bukvare, iz sedamdesetih i osamdesetih godina pro\u0161log vijeka te sve knjige s ilustracijama <strong>Bosiljke Ki\u0107evac<\/strong>, <strong>Ide \u0106iri\u0107<\/strong> i <strong>Marlenke Stupice<\/strong>. Ako bi morala odrediti koju slikovnicu svatko treba imati, ka\u017ee kako je to sigurno &#8220;Je\u017eeva ku\u0107ica&#8221; <strong>Branka \u0106opi\u0107a<\/strong> s ilustracijama <strong>Vilka Glihe Selana<\/strong>, a preporu\u010duje ih odraslima jednako koliko i djeci.<\/p>\n<p>&#8211; Mislim da dobre slikovnice treba \u010ditati u svim \u017eivotnim dobima. Nemogu\u0107e je biti premlad ili prestar za slikovnicu. Za decu su va\u017ene jer ih uvode u \u017eivot, vizuelno i narativno. Gledaju\u0107i slike i slu\u0161aju\u0107i pri\u010du u\u010de se strpljenju, razvijaju empatiju, radoznalost, ose\u0107aj za estetiku. Za odrasle su mo\u017eda jo\u0161 va\u017enije jer ako ih \u010ditaju otvorenog uma i srca bolje \u0107e razumeti decu, a i sebe \u2013 objasnila je Maja koja se tako\u0111er bavi i podru\u010djem likovnog odgoja djece pred\u0161kolske i \u0161kolske dobi kroz radionice i sli\u010dne kreativne aktivnosti.<\/p>\n<p>Majini radovi inspirirani su sje\u0107anjima na djetinjstvo i odrastanje, atmosferom bezbri\u017enosti tih dana, starim slikovnicama i igra\u010dkama, prirodom u svim njenim oblicima, ali ponajvi\u0161e onim lijepim \u0161to je prisutno ovdje i sada \u2013 obitelji, prijateljima, svakodnevnim brigama i radostima. \u010cesto se pridru\u017euje i raznim inspirativnim umjetni\u010dkim izazovima organiziranim na dru\u0161tvenim mre\u017eama. Osim \u0161to je do sada osvojila vi\u0161e doma\u0107ih i me\u0111unarodnih nagrada, Maja je imala i 14 samostalnih i vi\u0161e od 70 grupnih izlo\u017ebi.<\/p>\n<p>&#8211; Mislim da su za ilustraciju i strip galerijski prostori veoma va\u017eni. Naravno, stripove je divno \u010ditati od\u0161tampane, listati ih i \u010duvati na policama, ali moram priznati da jako volim videti lepo. Isto va\u017ei i za ilustracije. Ne mogu tvrditi da su ove forme umetnosti osvojile galerijske prostore, ali su na dobrom putu da to urade \u2013 zaklju\u010dila je.<\/p>\n<p><em>pi\u0161e Katarina Bo\u0161njak\u00a0<\/em><\/p>\n","protected":false},"excerpt":{"rendered":"<p>Nemogu\u0107e je biti premlad ili prestar za slikovnicu. Za decu su va\u017ene jer ih uvode u \u017eivot. Za odrasle su mo\u017eda jo\u0161 va\u017enije jer ako ih \u010ditaju otvorenog uma i srca bolje \u0107e razumeti decu, a i sebe, poru\u010duje ilustratorica Maja Veselinovi\u0107<\/p>\n","protected":false},"featured_media":3782,"template":"","tags":[136],"atribut":[],"class_list":["post-3787","nada","type-nada","status-publish","has-post-thumbnail","hentry","tag-portret"],"acf":[],"yoast_head":"<!-- This site is optimized with the Yoast SEO plugin v27.4 - https:\/\/yoast.com\/product\/yoast-seo-wordpress\/ -->\n<title>Op\u010dinjenost slikovnicama - SDF - Srpski demokratski forum<\/title>\n<meta name=\"robots\" content=\"index, follow, max-snippet:-1, max-image-preview:large, max-video-preview:-1\" \/>\n<link rel=\"canonical\" href=\"https:\/\/sdf.hr\/hr\/nada\/opcinjenost-slikovnicama\/\" \/>\n<meta property=\"og:locale\" content=\"hr_HR\" \/>\n<meta property=\"og:type\" content=\"article\" \/>\n<meta property=\"og:title\" content=\"Op\u010dinjenost slikovnicama - SDF - Srpski demokratski forum\" \/>\n<meta property=\"og:description\" content=\"Nemogu\u0107e je biti premlad ili prestar za slikovnicu. Za decu su va\u017ene jer ih uvode u \u017eivot. Za odrasle su mo\u017eda jo\u0161 va\u017enije jer ako ih \u010ditaju otvorenog uma i srca bolje \u0107e razumeti decu, a i sebe, poru\u010duje ilustratorica Maja Veselinovi\u0107\" \/>\n<meta property=\"og:url\" content=\"https:\/\/sdf.hr\/hr\/nada\/opcinjenost-slikovnicama\/\" \/>\n<meta property=\"og:site_name\" content=\"SDF - Srpski demokratski forum\" \/>\n<meta property=\"article:modified_time\" content=\"2023-10-20T07:01:15+00:00\" \/>\n<meta property=\"og:image\" content=\"https:\/\/sdf.hr\/wp-content\/uploads\/2023\/10\/Maja_profilna.jpg\" \/>\n\t<meta property=\"og:image:width\" content=\"2448\" \/>\n\t<meta property=\"og:image:height\" content=\"2396\" \/>\n\t<meta property=\"og:image:type\" content=\"image\/jpeg\" \/>\n<meta name=\"twitter:card\" content=\"summary_large_image\" \/>\n<meta name=\"twitter:label1\" content=\"Procijenjeno vrijeme \u010ditanja\" \/>\n\t<meta name=\"twitter:data1\" content=\"6 minuta\" \/>\n<script type=\"application\/ld+json\" class=\"yoast-schema-graph\">{\"@context\":\"https:\\\/\\\/schema.org\",\"@graph\":[{\"@type\":\"WebPage\",\"@id\":\"https:\\\/\\\/sdf.hr\\\/hr\\\/nada\\\/opcinjenost-slikovnicama\\\/\",\"url\":\"https:\\\/\\\/sdf.hr\\\/hr\\\/nada\\\/opcinjenost-slikovnicama\\\/\",\"name\":\"Op\u010dinjenost slikovnicama - SDF - Srpski demokratski forum\",\"isPartOf\":{\"@id\":\"https:\\\/\\\/sdf.hr\\\/#website\"},\"primaryImageOfPage\":{\"@id\":\"https:\\\/\\\/sdf.hr\\\/hr\\\/nada\\\/opcinjenost-slikovnicama\\\/#primaryimage\"},\"image\":{\"@id\":\"https:\\\/\\\/sdf.hr\\\/hr\\\/nada\\\/opcinjenost-slikovnicama\\\/#primaryimage\"},\"thumbnailUrl\":\"https:\\\/\\\/sdf.hr\\\/wp-content\\\/uploads\\\/2023\\\/10\\\/Maja_profilna.jpg\",\"datePublished\":\"2023-10-20T07:00:12+00:00\",\"dateModified\":\"2023-10-20T07:01:15+00:00\",\"breadcrumb\":{\"@id\":\"https:\\\/\\\/sdf.hr\\\/hr\\\/nada\\\/opcinjenost-slikovnicama\\\/#breadcrumb\"},\"inLanguage\":\"hr\",\"potentialAction\":[{\"@type\":\"ReadAction\",\"target\":[\"https:\\\/\\\/sdf.hr\\\/hr\\\/nada\\\/opcinjenost-slikovnicama\\\/\"]}]},{\"@type\":\"ImageObject\",\"inLanguage\":\"hr\",\"@id\":\"https:\\\/\\\/sdf.hr\\\/hr\\\/nada\\\/opcinjenost-slikovnicama\\\/#primaryimage\",\"url\":\"https:\\\/\\\/sdf.hr\\\/wp-content\\\/uploads\\\/2023\\\/10\\\/Maja_profilna.jpg\",\"contentUrl\":\"https:\\\/\\\/sdf.hr\\\/wp-content\\\/uploads\\\/2023\\\/10\\\/Maja_profilna.jpg\",\"width\":2448,\"height\":2396,\"caption\":\"Maja Veselinovi\u0107\"},{\"@type\":\"BreadcrumbList\",\"@id\":\"https:\\\/\\\/sdf.hr\\\/hr\\\/nada\\\/opcinjenost-slikovnicama\\\/#breadcrumb\",\"itemListElement\":[{\"@type\":\"ListItem\",\"position\":1,\"name\":\"Po\u010detna stranica\",\"item\":\"https:\\\/\\\/sdf.hr\\\/hr\\\/\"},{\"@type\":\"ListItem\",\"position\":2,\"name\":\"Nada\",\"item\":\"https:\\\/\\\/sdf.hr\\\/nada\\\/\"},{\"@type\":\"ListItem\",\"position\":3,\"name\":\"Op\u010dinjenost slikovnicama\"}]},{\"@type\":\"WebSite\",\"@id\":\"https:\\\/\\\/sdf.hr\\\/#website\",\"url\":\"https:\\\/\\\/sdf.hr\\\/\",\"name\":\"SDF - Srpski demokratski forum\",\"description\":\"Srpski demokratski forum\",\"publisher\":{\"@id\":\"https:\\\/\\\/sdf.hr\\\/#organization\"},\"potentialAction\":[{\"@type\":\"SearchAction\",\"target\":{\"@type\":\"EntryPoint\",\"urlTemplate\":\"https:\\\/\\\/sdf.hr\\\/?s={search_term_string}\"},\"query-input\":{\"@type\":\"PropertyValueSpecification\",\"valueRequired\":true,\"valueName\":\"search_term_string\"}}],\"inLanguage\":\"hr\"},{\"@type\":\"Organization\",\"@id\":\"https:\\\/\\\/sdf.hr\\\/#organization\",\"name\":\"SDF - Srpski demokratski forum\",\"url\":\"https:\\\/\\\/sdf.hr\\\/\",\"logo\":{\"@type\":\"ImageObject\",\"inLanguage\":\"hr\",\"@id\":\"https:\\\/\\\/sdf.hr\\\/#\\\/schema\\\/logo\\\/image\\\/\",\"url\":\"https:\\\/\\\/sdf.hr\\\/wp-content\\\/uploads\\\/2021\\\/07\\\/logo-hr.svg\",\"contentUrl\":\"https:\\\/\\\/sdf.hr\\\/wp-content\\\/uploads\\\/2021\\\/07\\\/logo-hr.svg\",\"width\":271,\"height\":100,\"caption\":\"SDF - Srpski demokratski forum\"},\"image\":{\"@id\":\"https:\\\/\\\/sdf.hr\\\/#\\\/schema\\\/logo\\\/image\\\/\"}}]}<\/script>\n<!-- \/ Yoast SEO plugin. -->","yoast_head_json":{"title":"Op\u010dinjenost slikovnicama - SDF - Srpski demokratski forum","robots":{"index":"index","follow":"follow","max-snippet":"max-snippet:-1","max-image-preview":"max-image-preview:large","max-video-preview":"max-video-preview:-1"},"canonical":"https:\/\/sdf.hr\/hr\/nada\/opcinjenost-slikovnicama\/","og_locale":"hr_HR","og_type":"article","og_title":"Op\u010dinjenost slikovnicama - SDF - Srpski demokratski forum","og_description":"Nemogu\u0107e je biti premlad ili prestar za slikovnicu. Za decu su va\u017ene jer ih uvode u \u017eivot. Za odrasle su mo\u017eda jo\u0161 va\u017enije jer ako ih \u010ditaju otvorenog uma i srca bolje \u0107e razumeti decu, a i sebe, poru\u010duje ilustratorica Maja Veselinovi\u0107","og_url":"https:\/\/sdf.hr\/hr\/nada\/opcinjenost-slikovnicama\/","og_site_name":"SDF - Srpski demokratski forum","article_modified_time":"2023-10-20T07:01:15+00:00","og_image":[{"width":2448,"height":2396,"url":"https:\/\/sdf.hr\/wp-content\/uploads\/2023\/10\/Maja_profilna.jpg","type":"image\/jpeg"}],"twitter_card":"summary_large_image","twitter_misc":{"Procijenjeno vrijeme \u010ditanja":"6 minuta"},"schema":{"@context":"https:\/\/schema.org","@graph":[{"@type":"WebPage","@id":"https:\/\/sdf.hr\/hr\/nada\/opcinjenost-slikovnicama\/","url":"https:\/\/sdf.hr\/hr\/nada\/opcinjenost-slikovnicama\/","name":"Op\u010dinjenost slikovnicama - SDF - Srpski demokratski forum","isPartOf":{"@id":"https:\/\/sdf.hr\/#website"},"primaryImageOfPage":{"@id":"https:\/\/sdf.hr\/hr\/nada\/opcinjenost-slikovnicama\/#primaryimage"},"image":{"@id":"https:\/\/sdf.hr\/hr\/nada\/opcinjenost-slikovnicama\/#primaryimage"},"thumbnailUrl":"https:\/\/sdf.hr\/wp-content\/uploads\/2023\/10\/Maja_profilna.jpg","datePublished":"2023-10-20T07:00:12+00:00","dateModified":"2023-10-20T07:01:15+00:00","breadcrumb":{"@id":"https:\/\/sdf.hr\/hr\/nada\/opcinjenost-slikovnicama\/#breadcrumb"},"inLanguage":"hr","potentialAction":[{"@type":"ReadAction","target":["https:\/\/sdf.hr\/hr\/nada\/opcinjenost-slikovnicama\/"]}]},{"@type":"ImageObject","inLanguage":"hr","@id":"https:\/\/sdf.hr\/hr\/nada\/opcinjenost-slikovnicama\/#primaryimage","url":"https:\/\/sdf.hr\/wp-content\/uploads\/2023\/10\/Maja_profilna.jpg","contentUrl":"https:\/\/sdf.hr\/wp-content\/uploads\/2023\/10\/Maja_profilna.jpg","width":2448,"height":2396,"caption":"Maja Veselinovi\u0107"},{"@type":"BreadcrumbList","@id":"https:\/\/sdf.hr\/hr\/nada\/opcinjenost-slikovnicama\/#breadcrumb","itemListElement":[{"@type":"ListItem","position":1,"name":"Po\u010detna stranica","item":"https:\/\/sdf.hr\/hr\/"},{"@type":"ListItem","position":2,"name":"Nada","item":"https:\/\/sdf.hr\/nada\/"},{"@type":"ListItem","position":3,"name":"Op\u010dinjenost slikovnicama"}]},{"@type":"WebSite","@id":"https:\/\/sdf.hr\/#website","url":"https:\/\/sdf.hr\/","name":"SDF - Srpski demokratski forum","description":"Srpski demokratski forum","publisher":{"@id":"https:\/\/sdf.hr\/#organization"},"potentialAction":[{"@type":"SearchAction","target":{"@type":"EntryPoint","urlTemplate":"https:\/\/sdf.hr\/?s={search_term_string}"},"query-input":{"@type":"PropertyValueSpecification","valueRequired":true,"valueName":"search_term_string"}}],"inLanguage":"hr"},{"@type":"Organization","@id":"https:\/\/sdf.hr\/#organization","name":"SDF - Srpski demokratski forum","url":"https:\/\/sdf.hr\/","logo":{"@type":"ImageObject","inLanguage":"hr","@id":"https:\/\/sdf.hr\/#\/schema\/logo\/image\/","url":"https:\/\/sdf.hr\/wp-content\/uploads\/2021\/07\/logo-hr.svg","contentUrl":"https:\/\/sdf.hr\/wp-content\/uploads\/2021\/07\/logo-hr.svg","width":271,"height":100,"caption":"SDF - Srpski demokratski forum"},"image":{"@id":"https:\/\/sdf.hr\/#\/schema\/logo\/image\/"}}]}},"_links":{"self":[{"href":"https:\/\/sdf.hr\/hr\/wp-json\/wp\/v2\/nada\/3787","targetHints":{"allow":["GET"]}}],"collection":[{"href":"https:\/\/sdf.hr\/hr\/wp-json\/wp\/v2\/nada"}],"about":[{"href":"https:\/\/sdf.hr\/hr\/wp-json\/wp\/v2\/types\/nada"}],"wp:featuredmedia":[{"embeddable":true,"href":"https:\/\/sdf.hr\/hr\/wp-json\/wp\/v2\/media\/3782"}],"wp:attachment":[{"href":"https:\/\/sdf.hr\/hr\/wp-json\/wp\/v2\/media?parent=3787"}],"wp:term":[{"taxonomy":"post_tag","embeddable":true,"href":"https:\/\/sdf.hr\/hr\/wp-json\/wp\/v2\/tags?post=3787"},{"taxonomy":"atribut","embeddable":true,"href":"https:\/\/sdf.hr\/hr\/wp-json\/wp\/v2\/atribut?post=3787"}],"curies":[{"name":"wp","href":"https:\/\/api.w.org\/{rel}","templated":true}]}}