{"id":3791,"date":"2023-10-22T09:00:39","date_gmt":"2023-10-22T07:00:39","guid":{"rendered":"https:\/\/sdf.hr\/nada\/galeta-s-vocem\/"},"modified":"2023-10-22T09:04:03","modified_gmt":"2023-10-22T07:04:03","slug":"galeta-s-vocem","status":"publish","type":"nada","link":"https:\/\/sdf.hr\/hr\/nada\/galeta-s-vocem\/","title":{"rendered":"Galeta s vo\u0107em"},"content":{"rendered":"<p>Galeta (<em>galette<\/em>) je vrsta kola\u010da od prhkog tijesta koje se nadjeva vo\u0107em po izboru, a mo\u017ee se raditi i u slanoj varijanti. Specifi\u010dan je po tome \u0161to se ne pe\u010de u kalupu (poput ostalih prhkih pita) nego ima rustikalan izgled i nepravilne rubove. Naziv dolazi iz francuskog jezika i ozna\u010dava razli\u010dite oblike okruglih, tankih hrskavih kola\u010da.<\/p>\n<p>Po\u0161to volim prhka tijesta s vo\u0107nim nadjevom, galeta je ba\u0161 po mom ukusu. Mo\u017eete je raditi u obliku manjih pita ili jednu ve\u0107u s kombinacijom vi\u0161e vrsta vo\u0107a. Galetu mo\u017eete poslu\u017eiti uz neki fini sladoled ili kremu od sira i slatkog vrhnja \u0161to joj daje dozu svje\u017eine. U tijesto obavezno ide maslac, a za nadjev naj\u010de\u0161\u0107e koristim \u0161ljive, jabuke, marelice, vi\u0161nje, borovnice i maline uz dodatak doma\u0107eg pekmeza od marelica i jabuka. \u0160e\u0107er stavite po \u017eelji, ovisno kakvo vo\u0107e ste koristili i koliko slatko volite. Galeta mo\u017eda ne spada u slasticu koja je tradicionalna kod nas, ali uz \u0161umske borovnice ili maline Gorskog kotara postaje vrhunska slastica pa probajte, ne\u0107ete se razo\u010darati.<\/p>\n<p>&nbsp;<\/p>\n<p><strong><em>Sastojci za tijesto:<\/em><\/strong><\/p>\n<p>250 g glatkog bra\u0161na<\/p>\n<p>2 \u017elice \u0161e\u0107era u prahu<\/p>\n<p>malo arome vanilije (ili strugane mahune)<\/p>\n<p>200 g maslaca<\/p>\n<p>prstohvat soli<\/p>\n<p>4-5 \u017elica hladne vode<\/p>\n<p>&nbsp;<\/p>\n<p><strong><em>Nadjev:<\/em><\/strong><\/p>\n<p>500 g vo\u0107a<\/p>\n<p>nekoliko \u017elica pekmeza<\/p>\n<p>1 \u017elica \u0161krobnog bra\u0161na<\/p>\n<p>\u0161e\u0107er po \u017eelji (mo\u017ee i sme\u0111i)<\/p>\n<p>cimet<\/p>\n<p>&nbsp;<\/p>\n<p><strong><em>Za premaz:<\/em><\/strong><\/p>\n<p>1 jaje<\/p>\n<p>listi\u0107i badema ili sjeckani ora\u0161asti plodovi<\/p>\n<p>&nbsp;<\/p>\n<p><strong><em>Priprema:<\/em><\/strong><\/p>\n<p>U ve\u0107u posudu prosijte bra\u0161no te dodajte \u0161e\u0107er, malo soli i hladni maslac narezan na listi\u0107e. Razmrvite sve u mrvi\u010dastu smjesu pa dodajte vaniliju i jako hladnu vodu. Zamijesite tijesto koje nemojte predugo mijesiti da vam se masno\u0107a ne rastopi od topline ruku. Tajna hrskavog tijesta je da se tijesto ne grije. Ukoliko vam se \u010dini presuho, dodajte jo\u0161 \u017elicu ili dvije hladne vode. Tijesto stavite na radnu povr\u0161inu i ovisno koliko komada radite, podijelite na kugle.<\/p>\n<p>Valjkom spljo\u0161tite tijesto u disk, poput deblje pala\u010dinke i zamotajte u prozirnu foliju pa ga stavite u hladnjak na sat vremena.<\/p>\n<p>Dok se tijesto hladi, pripremite vo\u0107e. Bobi\u010dasto vo\u0107e samo o\u010distite, operite i ocijedite da bude suho pa ga pomije\u0161ajte sa \u017elicom \u0161krobnog bra\u0161na. Ako koristite zale\u0111eno, samo ga pomije\u0161ajte sa \u017elicom \u0161krobnog bra\u0161na. Jabuke i sli\u010dno vo\u0107e ogulite i nare\u017eite na listi\u0107e ili plo\u0161ke.<\/p>\n<p>Ohla\u0111eno tijesto stavite na papir za pe\u010denje i razvaljajte na otprilike jedan centimetar debljine. Prebacite skupa s papirom na pleh za pe\u010denje. Upalite pe\u0107nicu da vam se zagrije na 180 stupnjeva. Razvaljano tijesto nama\u017eite pekmezom po \u017eelji, ali ne do samog ruba. Ostavite nekoliko centimetara jer \u0107ete to preklopiti da &#8220;zatvorite&#8221; vo\u0107e. Po pekmezu slo\u017eite vo\u0107e. Pospite ga \u0161e\u0107erom i cimetom po \u017eelji. Rubove tijesta preklopite preko vo\u0107a kako ne bi iscurilo tijekom pe\u010denja. Razmutite jaje i prema\u017eite rub galete te pospite sa sjeckanim ora\u0161astim plodovima ili listi\u0107ima badema. Pecite nekih 25-30 minuta dok tijesto ne porumeni. Kola\u010d poslu\u017eite uz omiljeni sladoled ili neku kremu.<\/p>\n<p>Dobar tek!<\/p>\n<p><em>pi\u0161e Valentina Vukadinovi\u0107<\/em><\/p>\n","protected":false},"excerpt":{"rendered":"<p>Galetu mo\u017eete poslu\u017eiti uz fini sladoled ili kremu od sira i slatkog vrhnja. U tijesto obavezno ide maslac, a za nadjev naj\u010de\u0161\u0107e koristim \u0161ljive, jabuke, marelice, vi\u0161nje, borovnice i maline uz dodatak doma\u0107eg pekmeza<\/p>\n","protected":false},"featured_media":3790,"template":"","tags":[42],"atribut":[],"class_list":["post-3791","nada","type-nada","status-publish","has-post-thumbnail","hentry","tag-gorski-kotao"],"acf":[],"yoast_head":"<!-- This site is optimized with the Yoast SEO plugin v27.4 - https:\/\/yoast.com\/product\/yoast-seo-wordpress\/ -->\n<title>Galeta s vo\u0107em - SDF - Srpski demokratski forum<\/title>\n<meta name=\"robots\" content=\"index, follow, max-snippet:-1, max-image-preview:large, max-video-preview:-1\" \/>\n<link rel=\"canonical\" href=\"https:\/\/sdf.hr\/hr\/nada\/galeta-s-vocem\/\" \/>\n<meta property=\"og:locale\" content=\"hr_HR\" \/>\n<meta property=\"og:type\" content=\"article\" \/>\n<meta property=\"og:title\" content=\"Galeta s vo\u0107em - SDF - Srpski demokratski forum\" \/>\n<meta property=\"og:description\" content=\"Galetu mo\u017eete poslu\u017eiti uz fini sladoled ili kremu od sira i slatkog vrhnja. U tijesto obavezno ide maslac, a za nadjev naj\u010de\u0161\u0107e koristim \u0161ljive, jabuke, marelice, vi\u0161nje, borovnice i maline uz dodatak doma\u0107eg pekmeza\" \/>\n<meta property=\"og:url\" content=\"https:\/\/sdf.hr\/hr\/nada\/galeta-s-vocem\/\" \/>\n<meta property=\"og:site_name\" content=\"SDF - Srpski demokratski forum\" \/>\n<meta property=\"article:modified_time\" content=\"2023-10-22T07:04:03+00:00\" \/>\n<meta property=\"og:image\" content=\"https:\/\/sdf.hr\/wp-content\/uploads\/2023\/10\/Galeta-scaled.jpeg\" \/>\n\t<meta property=\"og:image:width\" content=\"2560\" \/>\n\t<meta property=\"og:image:height\" content=\"1920\" \/>\n\t<meta property=\"og:image:type\" content=\"image\/jpeg\" \/>\n<meta name=\"twitter:card\" content=\"summary_large_image\" \/>\n<meta name=\"twitter:label1\" content=\"Procijenjeno vrijeme \u010ditanja\" \/>\n\t<meta name=\"twitter:data1\" content=\"3 minute\" \/>\n<script type=\"application\/ld+json\" class=\"yoast-schema-graph\">{\"@context\":\"https:\\\/\\\/schema.org\",\"@graph\":[{\"@type\":\"WebPage\",\"@id\":\"https:\\\/\\\/sdf.hr\\\/hr\\\/nada\\\/galeta-s-vocem\\\/\",\"url\":\"https:\\\/\\\/sdf.hr\\\/hr\\\/nada\\\/galeta-s-vocem\\\/\",\"name\":\"Galeta s vo\u0107em - SDF - Srpski demokratski forum\",\"isPartOf\":{\"@id\":\"https:\\\/\\\/sdf.hr\\\/#website\"},\"primaryImageOfPage\":{\"@id\":\"https:\\\/\\\/sdf.hr\\\/hr\\\/nada\\\/galeta-s-vocem\\\/#primaryimage\"},\"image\":{\"@id\":\"https:\\\/\\\/sdf.hr\\\/hr\\\/nada\\\/galeta-s-vocem\\\/#primaryimage\"},\"thumbnailUrl\":\"https:\\\/\\\/sdf.hr\\\/wp-content\\\/uploads\\\/2023\\\/10\\\/Galeta-scaled.jpeg\",\"datePublished\":\"2023-10-22T07:00:39+00:00\",\"dateModified\":\"2023-10-22T07:04:03+00:00\",\"breadcrumb\":{\"@id\":\"https:\\\/\\\/sdf.hr\\\/hr\\\/nada\\\/galeta-s-vocem\\\/#breadcrumb\"},\"inLanguage\":\"hr\",\"potentialAction\":[{\"@type\":\"ReadAction\",\"target\":[\"https:\\\/\\\/sdf.hr\\\/hr\\\/nada\\\/galeta-s-vocem\\\/\"]}]},{\"@type\":\"ImageObject\",\"inLanguage\":\"hr\",\"@id\":\"https:\\\/\\\/sdf.hr\\\/hr\\\/nada\\\/galeta-s-vocem\\\/#primaryimage\",\"url\":\"https:\\\/\\\/sdf.hr\\\/wp-content\\\/uploads\\\/2023\\\/10\\\/Galeta-scaled.jpeg\",\"contentUrl\":\"https:\\\/\\\/sdf.hr\\\/wp-content\\\/uploads\\\/2023\\\/10\\\/Galeta-scaled.jpeg\",\"width\":2560,\"height\":1920},{\"@type\":\"BreadcrumbList\",\"@id\":\"https:\\\/\\\/sdf.hr\\\/hr\\\/nada\\\/galeta-s-vocem\\\/#breadcrumb\",\"itemListElement\":[{\"@type\":\"ListItem\",\"position\":1,\"name\":\"Po\u010detna stranica\",\"item\":\"https:\\\/\\\/sdf.hr\\\/hr\\\/\"},{\"@type\":\"ListItem\",\"position\":2,\"name\":\"Nada\",\"item\":\"https:\\\/\\\/sdf.hr\\\/nada\\\/\"},{\"@type\":\"ListItem\",\"position\":3,\"name\":\"Galeta s vo\u0107em\"}]},{\"@type\":\"WebSite\",\"@id\":\"https:\\\/\\\/sdf.hr\\\/#website\",\"url\":\"https:\\\/\\\/sdf.hr\\\/\",\"name\":\"SDF - Srpski demokratski forum\",\"description\":\"Srpski demokratski forum\",\"publisher\":{\"@id\":\"https:\\\/\\\/sdf.hr\\\/#organization\"},\"potentialAction\":[{\"@type\":\"SearchAction\",\"target\":{\"@type\":\"EntryPoint\",\"urlTemplate\":\"https:\\\/\\\/sdf.hr\\\/?s={search_term_string}\"},\"query-input\":{\"@type\":\"PropertyValueSpecification\",\"valueRequired\":true,\"valueName\":\"search_term_string\"}}],\"inLanguage\":\"hr\"},{\"@type\":\"Organization\",\"@id\":\"https:\\\/\\\/sdf.hr\\\/#organization\",\"name\":\"SDF - Srpski demokratski forum\",\"url\":\"https:\\\/\\\/sdf.hr\\\/\",\"logo\":{\"@type\":\"ImageObject\",\"inLanguage\":\"hr\",\"@id\":\"https:\\\/\\\/sdf.hr\\\/#\\\/schema\\\/logo\\\/image\\\/\",\"url\":\"https:\\\/\\\/sdf.hr\\\/wp-content\\\/uploads\\\/2021\\\/07\\\/logo-hr.svg\",\"contentUrl\":\"https:\\\/\\\/sdf.hr\\\/wp-content\\\/uploads\\\/2021\\\/07\\\/logo-hr.svg\",\"width\":271,\"height\":100,\"caption\":\"SDF - Srpski demokratski forum\"},\"image\":{\"@id\":\"https:\\\/\\\/sdf.hr\\\/#\\\/schema\\\/logo\\\/image\\\/\"}}]}<\/script>\n<!-- \/ Yoast SEO plugin. -->","yoast_head_json":{"title":"Galeta s vo\u0107em - SDF - Srpski demokratski forum","robots":{"index":"index","follow":"follow","max-snippet":"max-snippet:-1","max-image-preview":"max-image-preview:large","max-video-preview":"max-video-preview:-1"},"canonical":"https:\/\/sdf.hr\/hr\/nada\/galeta-s-vocem\/","og_locale":"hr_HR","og_type":"article","og_title":"Galeta s vo\u0107em - SDF - Srpski demokratski forum","og_description":"Galetu mo\u017eete poslu\u017eiti uz fini sladoled ili kremu od sira i slatkog vrhnja. U tijesto obavezno ide maslac, a za nadjev naj\u010de\u0161\u0107e koristim \u0161ljive, jabuke, marelice, vi\u0161nje, borovnice i maline uz dodatak doma\u0107eg pekmeza","og_url":"https:\/\/sdf.hr\/hr\/nada\/galeta-s-vocem\/","og_site_name":"SDF - Srpski demokratski forum","article_modified_time":"2023-10-22T07:04:03+00:00","og_image":[{"width":2560,"height":1920,"url":"https:\/\/sdf.hr\/wp-content\/uploads\/2023\/10\/Galeta-scaled.jpeg","type":"image\/jpeg"}],"twitter_card":"summary_large_image","twitter_misc":{"Procijenjeno vrijeme \u010ditanja":"3 minute"},"schema":{"@context":"https:\/\/schema.org","@graph":[{"@type":"WebPage","@id":"https:\/\/sdf.hr\/hr\/nada\/galeta-s-vocem\/","url":"https:\/\/sdf.hr\/hr\/nada\/galeta-s-vocem\/","name":"Galeta s vo\u0107em - SDF - Srpski demokratski forum","isPartOf":{"@id":"https:\/\/sdf.hr\/#website"},"primaryImageOfPage":{"@id":"https:\/\/sdf.hr\/hr\/nada\/galeta-s-vocem\/#primaryimage"},"image":{"@id":"https:\/\/sdf.hr\/hr\/nada\/galeta-s-vocem\/#primaryimage"},"thumbnailUrl":"https:\/\/sdf.hr\/wp-content\/uploads\/2023\/10\/Galeta-scaled.jpeg","datePublished":"2023-10-22T07:00:39+00:00","dateModified":"2023-10-22T07:04:03+00:00","breadcrumb":{"@id":"https:\/\/sdf.hr\/hr\/nada\/galeta-s-vocem\/#breadcrumb"},"inLanguage":"hr","potentialAction":[{"@type":"ReadAction","target":["https:\/\/sdf.hr\/hr\/nada\/galeta-s-vocem\/"]}]},{"@type":"ImageObject","inLanguage":"hr","@id":"https:\/\/sdf.hr\/hr\/nada\/galeta-s-vocem\/#primaryimage","url":"https:\/\/sdf.hr\/wp-content\/uploads\/2023\/10\/Galeta-scaled.jpeg","contentUrl":"https:\/\/sdf.hr\/wp-content\/uploads\/2023\/10\/Galeta-scaled.jpeg","width":2560,"height":1920},{"@type":"BreadcrumbList","@id":"https:\/\/sdf.hr\/hr\/nada\/galeta-s-vocem\/#breadcrumb","itemListElement":[{"@type":"ListItem","position":1,"name":"Po\u010detna stranica","item":"https:\/\/sdf.hr\/hr\/"},{"@type":"ListItem","position":2,"name":"Nada","item":"https:\/\/sdf.hr\/nada\/"},{"@type":"ListItem","position":3,"name":"Galeta s vo\u0107em"}]},{"@type":"WebSite","@id":"https:\/\/sdf.hr\/#website","url":"https:\/\/sdf.hr\/","name":"SDF - Srpski demokratski forum","description":"Srpski demokratski forum","publisher":{"@id":"https:\/\/sdf.hr\/#organization"},"potentialAction":[{"@type":"SearchAction","target":{"@type":"EntryPoint","urlTemplate":"https:\/\/sdf.hr\/?s={search_term_string}"},"query-input":{"@type":"PropertyValueSpecification","valueRequired":true,"valueName":"search_term_string"}}],"inLanguage":"hr"},{"@type":"Organization","@id":"https:\/\/sdf.hr\/#organization","name":"SDF - Srpski demokratski forum","url":"https:\/\/sdf.hr\/","logo":{"@type":"ImageObject","inLanguage":"hr","@id":"https:\/\/sdf.hr\/#\/schema\/logo\/image\/","url":"https:\/\/sdf.hr\/wp-content\/uploads\/2021\/07\/logo-hr.svg","contentUrl":"https:\/\/sdf.hr\/wp-content\/uploads\/2021\/07\/logo-hr.svg","width":271,"height":100,"caption":"SDF - Srpski demokratski forum"},"image":{"@id":"https:\/\/sdf.hr\/#\/schema\/logo\/image\/"}}]}},"_links":{"self":[{"href":"https:\/\/sdf.hr\/hr\/wp-json\/wp\/v2\/nada\/3791","targetHints":{"allow":["GET"]}}],"collection":[{"href":"https:\/\/sdf.hr\/hr\/wp-json\/wp\/v2\/nada"}],"about":[{"href":"https:\/\/sdf.hr\/hr\/wp-json\/wp\/v2\/types\/nada"}],"wp:featuredmedia":[{"embeddable":true,"href":"https:\/\/sdf.hr\/hr\/wp-json\/wp\/v2\/media\/3790"}],"wp:attachment":[{"href":"https:\/\/sdf.hr\/hr\/wp-json\/wp\/v2\/media?parent=3791"}],"wp:term":[{"taxonomy":"post_tag","embeddable":true,"href":"https:\/\/sdf.hr\/hr\/wp-json\/wp\/v2\/tags?post=3791"},{"taxonomy":"atribut","embeddable":true,"href":"https:\/\/sdf.hr\/hr\/wp-json\/wp\/v2\/atribut?post=3791"}],"curies":[{"name":"wp","href":"https:\/\/api.w.org\/{rel}","templated":true}]}}