{"id":3811,"date":"2023-10-29T10:00:07","date_gmt":"2023-10-29T09:00:07","guid":{"rendered":"https:\/\/sdf.hr\/nada\/olga-dimitrijevic-bez-imaginacije-necemo-moci-da-spasimo-svet\/"},"modified":"2023-11-12T12:14:18","modified_gmt":"2023-11-12T11:14:18","slug":"olga-dimitrijevic-bez-imaginacije-necemo-moci-da-spasimo-svet","status":"publish","type":"nada","link":"https:\/\/sdf.hr\/hr\/nada\/olga-dimitrijevic-bez-imaginacije-necemo-moci-da-spasimo-svet\/","title":{"rendered":"Olga Dimitrijevi\u0107: Bez imaginacije ne\u0107emo mo\u0107i da spasimo svet"},"content":{"rendered":"<p><strong>Olga Dimitrijevi\u0107<\/strong> je dramaturginja i dramska spisateljica. Ro\u0111ena je 1984. godine u Beogradu, gdje je diplomirala dramaturgiju na Fakultetu dramskih umjetnosti. Rodne studije zavr\u0161ava na Centralnom evropskom sveu\u010dili\u0161tu u Budimpe\u0161ti te je jedna od rijetkih umjetnica \u010diji se naslov master teze uvijek citira u ovakvim biografskim crticama \u2013 rije\u010d je radu &#8220;Telo narodne peva\u010dice: konstrukcije nacionalnih identiteta u Srbiji posle 2000. godine&#8221;. Njeni su dramski tekstovi izvo\u0111eni na brojnim postjugoslavenskim i evropskim pozornicama. Dobitnica je nagrade Hartefakt fonda, Sterijinog pozorja i Mihizove nagrade za dramsko stvarala\u0161tvo. S Olgom smo razgovarali jedne tople oktobarske subote, na terasi iznad rije\u010dke pla\u017ee Pe\u0107ine, okru\u017eene ma\u010dkama i rojem komaraca.<\/p>\n<p><strong>Krenimo od va\u0161ih profesionalnih po\u010detaka. Studentska drama &#8220;Internat&#8221; izvedena je 2009. godine. \u0160to je zanimalo Olgu u srednjim dvadesetima, o \u010demu ste pisali?<\/strong><\/p>\n<p>Radnja drame sme\u0161tena je u internat jedne mlekarske \u0161kole u Srbiji, re\u010d je o tinejd\u017eerskoj pri\u010di o odrastanju dve devoj\u010dice i dva de\u010daka, i to je jedna <em>coming-of-age<\/em> feministi\u010dka pri\u010da. U sredi\u0161tu pri\u010de su rigidna struktura \u0161kolskog sistema, odnosi izme\u0111u u\u010denika i u\u010denica, rana seksualnost i surovost okoline. Snimljena je kao radio-drama i izvedena u pozori\u0161tu Dadov, to su bili neki moji po\u010deci.<\/p>\n<p><strong>Vi\u0161e ste puta izjavili kako volite koristiti melodramske strukture u svom radu. Kako se i za\u0161to njima igrate u tekstovima?<\/strong><\/p>\n<p>Kako vreme vi\u0161e odmi\u010de, sve sam sklonija da ka\u017eem da se uop\u0161te ne igram sa njima nego da ih prosto dramatur\u0161ki primenjujem, samo \u0161to u tim mojim melodramskih strukturama politi\u010dki dio izbacujem u prvi plan. U klasi\u010dnoj melodrami politi\u010dko-dru\u0161tveni aspekt sveta nekako provejava u pozadini, a kod mene su ti elementi vrlo vidljivi, fokus je na izvorima nejednakosti koji stvaraju probleme junakinjama. Melodrama se smatra \u017eanrom \u0161irokih narodnih masa, njena struktura je savr\u0161ena za identifikaciju. Svi mi pre ili kasnije spadamo pod narodnu masu, i svi pre ili kasnije zapla\u010demo ili navijamo da dobro pobedi uz dobru melodramu.<\/p>\n<p><strong>Godine 2016. u beogradskom Bitef teatru postavljena je &#8220;Crvena ljubav&#8221; prema romanu Aleksandre Kolontaj, \u010diju dramatizaciju i re\u017eiju potpisujete. Kolontaj poznajemo kao komunistkinju, politi\u010darku, odakle zanimanje za njen knji\u017eevni rad?<\/strong><\/p>\n<p>Sasvim sam slu\u010dajno saznala za njen knji\u017eevni rad, i to tako \u0161to sam sedela jedne ve\u010deri sa drugaricama i po\u010dele smo da \u010ditamo po\u010detak &#8220;Crvene ljubavi&#8221;, koji me odu\u0161evio. Trivijalni, naki\u0107eni stil kojim je roman pisan naizgled ne odgovara politi\u010dkom radu <strong>Aleksandre Kolontaj<\/strong>, ali upravo je u tome stvar, ja isto obo\u017eavam spoj tzv. trivijalnih \u017eanrova sa politikom. Re\u010d je o komunisti\u010dkom ljubavnom romanu koji kroz melodramski tekst provla\u010di jasnu politi\u010dku agendu. Vasilisa i Vladimir su aktivisti, revolucionari i ljubavnici. Pet godina kasnije, revolucija je izvedena, njih dvoje su mu\u017e i \u017eena, Vasilisa je ostala verna revolucionarnim idealima, a on je direktor koji je vara sa sekretaricom. Kolontaj koristi formu ki\u010d ljubavnog romana da plasira ideju da bez osloba\u0111anja \u017eena ne\u0107e biti ni revolucije u smislu radikalnog preokreta dru\u0161tvenih odnosa, i to je predivno. Za predstavu mi je bilo najbitnije to ve\u010dno pitanje \u0161ta \u0107emo s patrijarhatom, na koji na\u010din ljubav funkcioni\u0161e kao izvor dru\u0161tvene represije. I naravno: da ne\u0107emo imati pravedniji svet dok ne re\u0161imo patrijarhat, i obrnuto.<\/p>\n<figure id=\"attachment_3805\" aria-describedby=\"caption-attachment-3805\" style=\"width: 1707px\" class=\"wp-caption alignnone\"><img loading=\"lazy\" decoding=\"async\" class=\"wp-image-3805 size-full\" src=\"https:\/\/sdf.hr\/wp-content\/uploads\/2023\/10\/Dimitrijevic2_Tanja-Kanazir-scaled.jpg\" alt=\"\" width=\"1707\" height=\"2560\" srcset=\"https:\/\/sdf.hr\/wp-content\/uploads\/2023\/10\/Dimitrijevic2_Tanja-Kanazir-scaled.jpg 1707w, https:\/\/sdf.hr\/wp-content\/uploads\/2023\/10\/Dimitrijevic2_Tanja-Kanazir-200x300.jpg 200w, https:\/\/sdf.hr\/wp-content\/uploads\/2023\/10\/Dimitrijevic2_Tanja-Kanazir-683x1024.jpg 683w, https:\/\/sdf.hr\/wp-content\/uploads\/2023\/10\/Dimitrijevic2_Tanja-Kanazir-768x1152.jpg 768w, https:\/\/sdf.hr\/wp-content\/uploads\/2023\/10\/Dimitrijevic2_Tanja-Kanazir-1024x1536.jpg 1024w, https:\/\/sdf.hr\/wp-content\/uploads\/2023\/10\/Dimitrijevic2_Tanja-Kanazir-1366x2048.jpg 1366w\" sizes=\"auto, (max-width: 1707px) 100vw, 1707px\" \/><figcaption id=\"caption-attachment-3805\" class=\"wp-caption-text\">Foto: Tanja Kanazir<\/figcaption><\/figure>\n<p>Muzi\u010darka <strong>Ana \u0106ur\u010din<\/strong> bila je s glumcima <strong>Jelenom Ili\u0107<\/strong>, <strong>Vladimirom Aleksi\u0107em<\/strong> i <strong>Milicom Stefanovi\u0107<\/strong> na pozornici i imala je zadatak da u ljubavnu pri\u010du integri\u0161e u tom momentu popularne pesme savremenog folka s temom krize bur\u017eoaskog braka. Divno su se uklopili stihovi <strong>Marine Tucakovi\u0107<\/strong>, na primer: &#8220;U tre\u0107u sobu idi, tamo uzdi\u0161i za njom.&#8221; Pa odakle radnicima tre\u0107a soba? (smijeh) Ovo je primer rada u kom je istovremeno prisutna i ironi\u010dna igra s muzikom i raznim pop kulturnim referencama, a paralelno je emocionalna reakcija na te ljubavne stihove iskrena i autenti\u010dna, i taj naoko kontradiktorni miks posti\u017ee najve\u0107i u\u010dinak.<\/p>\n<p><strong>U romanu se Vasilisa, kada sazna za prevaru, pita: &#8220;Mogu li komunisti vjerovati u slutnje? Pa \u0161to bi to drugo bilo? Od kuda sjeta? Ta bezimena, beskrajna, nezvana sjeta?&#8221;<\/strong><\/p>\n<p>Predivno pitanje, naravno da mogu! Ba\u0161 sam to htela i s predstavom, stvoriti jedan pozori\u0161ni eksperiment u kom se melodramska struktura koristi da se kroz ultimativnu emocionalnu identifikaciju zapravo govori o politi\u010dkim temama.<\/p>\n<p><strong>Osim predstava, stvarate i razli\u010dite audio i vizualne projekte. &#8220;Virovi nasilja&#8221; nastali su u Lici, a &#8220;\u017divot i smrt na Mediteranu&#8221; u Rijeci. \u010cim ste se bavili u ovim radovima?<\/strong><\/p>\n<p>U sklopu rezidencije Polygon krenula sam razvijati rad &#8220;Virovi nasilja&#8221;, taj projekat je jo\u0161 u procesu, rije\u010d je o video-eseju u nastajanju koji prikazuje dualitet jednog prelepog mesta \u2013 kada gleda\u0161 u \u0160trba\u010dki buk vidi\u0161 paralelno magi\u010dnu prirodu, u pozadini sru\u0161en most u zadnjem ratu, prugu, ostatke biv\u0161eg zajedni\u010dkog \u017eivota. To je mesto koje je i danas granica, mesto na kojem s hrvatske strane hrpa policije brani tvr\u0111avu Evropu. Prolaze\u0107i kroz kraj stalno sam nailazila za policiju. Polazi\u0161te za rad bila je pri\u010da o nasilnim prekidima, o poku\u0161ajima prelaska, o liniji razgrani\u010denja, nasilju, ali i lepoti.<\/p>\n<p>&#8220;\u017divot i smrt na Mediteranu&#8221; je audio-instalacija u moru koja je bazirana na tekstu koji sam napisala jo\u0161 pre par godina za rad sarajevske umetnice <strong>Lane \u010cmaj\u010danin<\/strong>. Govori o situiranoj beloj \u017eeni koja je do\u0161la na odmor na Mediteran sa svojom porodicom, gleda u to divno more i polako po\u010dinje da joj se budi savest, odnosno kroz interakciju sa morem istovremeno osve\u0161\u0107ava Mediteran kao mesto njenog u\u017eitka, ali i mesto masovne grobnice, smrti migranata. I u njoj po\u010dinje nekako da kuva. Radio-dramu smo smestili na divan du\u0161ek koji pluta na rije\u010dkoj pla\u017ei Bivio, do njega se mo\u017ee da do\u0111e samo plivaju\u0107i, dakle malo se pomu\u010di\u0161 pa u\u017eiva\u0161. Bio je izlo\u017een u septembru kao dio programa Art kampa Empeduja.<\/p>\n<p><strong>&#8220;Lepa Brena Project&#8221; postala je regionalni hit. Kako ste Vladimir Aleksi\u0107 i vi birali pjesme za predstavu, vjerujemo da je bilo te\u0161ko suziti bogati Brenin opus?<\/strong><\/p>\n<p>Bilo je jako te\u0161ko, znali smo odmah da &#8220;Po\u017eeli sre\u0107u drugima&#8221; sigurno ulazi. Kao i &#8220;Sanjam&#8221;, i bilo je jasno da u predstavi treba da bude mesta i za &#8220;Jugoslovenku&#8221;. Krenuli smo sa nekim \u0161irim spiskom na kojem su bile pesme koje volimo, pesme koje imaju veze s tekstovima pa smo \u010distili, ostale su one koje su se prosto dramatur\u0161ki uklopile. Neko moje geslo, koje se izgovara i u predstavi, je da svaka ljubavna pesma ima neko svoje zna\u010denje u \u0161iroj dru\u0161tvenoj areni. To je i klju\u010d za tuma\u010denje pesama u predstavi.<\/p>\n<p><strong>Kako biste ukratko opisali predstavu?<\/strong><\/p>\n<p>Vidim je kao pri\u010du o dru\u0161tvenim, istorijskim i ekonomskim kompleksnostima na\u0161eg prostora u poslednjih \u010detrdeset godina. Otpo\u010detka smo znali da ne \u017eelimo da radimo biografsku predstavu pa smo tako do\u0161li do na\u0161ih pet Brena: Brene Graditeljstva, Brene Biznismenke, Brene Jugoslavenke, Brene Seksualnosti i Brene Pesme.<\/p>\n<figure id=\"attachment_3807\" aria-describedby=\"caption-attachment-3807\" style=\"width: 2560px\" class=\"wp-caption alignnone\"><img loading=\"lazy\" decoding=\"async\" class=\"wp-image-3807 size-full\" src=\"https:\/\/sdf.hr\/wp-content\/uploads\/2023\/10\/Dimitrijevic3_Tanja-Kanazir-scaled.jpg\" alt=\"\" width=\"2560\" height=\"1707\" srcset=\"https:\/\/sdf.hr\/wp-content\/uploads\/2023\/10\/Dimitrijevic3_Tanja-Kanazir-scaled.jpg 2560w, https:\/\/sdf.hr\/wp-content\/uploads\/2023\/10\/Dimitrijevic3_Tanja-Kanazir-300x200.jpg 300w, https:\/\/sdf.hr\/wp-content\/uploads\/2023\/10\/Dimitrijevic3_Tanja-Kanazir-1024x683.jpg 1024w, https:\/\/sdf.hr\/wp-content\/uploads\/2023\/10\/Dimitrijevic3_Tanja-Kanazir-768x512.jpg 768w, https:\/\/sdf.hr\/wp-content\/uploads\/2023\/10\/Dimitrijevic3_Tanja-Kanazir-1536x1024.jpg 1536w, https:\/\/sdf.hr\/wp-content\/uploads\/2023\/10\/Dimitrijevic3_Tanja-Kanazir-2048x1366.jpg 2048w\" sizes=\"auto, (max-width: 2560px) 100vw, 2560px\" \/><figcaption id=\"caption-attachment-3807\" class=\"wp-caption-text\">Foto: Tanja Kanazir<\/figcaption><\/figure>\n<p><strong>Va\u0161a posljednja predstava &#8220;Svijet bez \u017eena&#8221; tematizira seksizam u teatru. Vi i kolegica Maja Pelevi\u0107 same ste na sceni. Kako izgleda otvoreni razgovor o nejednakostima teatra u samom teatru?<\/strong><\/p>\n<p>Ovo je <strong>Majin<\/strong> i moj drugi zajedni\u010dki projekat u kojem smo same na sceni, a sve je krenulo, naravno, na kafi. Pri\u010dale smo o institucionalizovanom nasilju unutar samog teatarskog procesa, o tome kako se tretiraju glumice, kako se u samim metodama rada neretko normalizuje nasilje. Pri\u010dale smo o prisutnosti \u017eena na klju\u010dnim autorskim pozicijama u teatru, dakle re\u017eija i tekst. Na pozori\u0161noj sceni Srbije postoji jedna velika zamka \u2013 kada je u pitanju dramsko pisanje, \u017eene imaju vi\u0161e uspeha i ve\u0107u vidljivost, tako\u0111e ima jakih \u017eenskih rediteljskih glasova, pa se ostavlja dojam da je sve odli\u010dno. Onda smo Maja i ja napravile istra\u017eivanje u kojem smo analizirale beogradska dramska pozori\u0161ta od 2009. godine do tog leta 2022. i rezultati su jasni: tamo gde ima vi\u0161e para i simboli\u010dkog kapitala, tamo su mu\u0161karci u predominantoj ve\u0107ini, tamo gde nema para i nema simboli\u010dkog kapitala, rade \u017eene. Primerice, za 13 godina rada Jugoslavenskog dramskog pozori\u0161ta na njihovoj velikoj sceni re\u017eirale su samo dve \u017eene. U Narodnom pozori\u0161tu na velikoj sceni se za 13 godina izveo jedan jedini komad koji je \u017eena napisala, kao i u teatru Zvezdara.<\/p>\n<p>Krenule smo tako od brojeva, a po\u0161to dolazimo iz nekog drugog politi\u010dkog konteksta, zanimao nas je i dublji nivo, zanimali su nas radni uslovi, na koji na\u010din se sistemsko nasilje opravdava, kako se umetnost kada su u pitanju \u017eene smatra &#8220;radom ljubavi&#8221;. U predstavi smo propitkivale i zbog \u010dega smo u konstantnom krugu samoeksploatacije. Pri\u010dale smo i sa dosta biv\u0161ih i sada\u0161njih upravnika u sklopu istra\u017eivanja za predstavu. Skoro svi naravno ka\u017eu da ne biraju oni predstave, tekstove ni re\u017eisere po polu, nego po kvalitetu. A iza tog pojma kvaliteta u umetnosti se stalno sakrivaju strukturalne dru\u0161tvene nejednakosti. Od svega ovoga uspele smo da napravimo predstavu koja je i zabavna. Igramo fudbal, pe\u010demo pala\u010dinke, i pri\u010damo o \u017eenama i radu u umetnosti, gde \u0107e\u0161 bolje!<\/p>\n<p><strong>Jeste li ikada dobili komentar da je ne\u0161to \u0161to radite plitko zbog melodrame, zbog folka, zbog zabave?<\/strong><\/p>\n<p>Naravno, evo predstava &#8220;Moja ti&#8221;, koja od 2017. godine igra u Ateljeu 212 u Beogradu, bila je i na Gavellinim danima u Zagrebu, jedna je, recimo, jako gledana lezbijsko-komunisti\u010dka propaganda (smijeh) i neki levo nastrojeni etablirani umetnici su rekli da smatraju da se ja u tekstu sprdam s Jugoslavijom, s levicom. Bila sam zbunjena s takvim komentarima, ako je ne\u0161to komi\u010dno, ne zna\u010di da se sprdam. Valjda mora da bude ozbiljno da bi bilo politi\u010dki relevantno? Nikako ne mogu s tim da se slo\u017eim. Ti ima\u0161 mogu\u0107nost ako se bavi\u0161 nekim javnim poslom, bila to umetnost ili recimo aktivizam, da na\u0111e\u0161 na\u010din da komunicira\u0161 svoju ideju tako da rezonira sa ljudima. Uvek sam nekako sumnji\u010dava spram elitisti\u010dkih stavova da ljudi ne gledaju umetnost, ne razumeju je jer me stvarnost \u010desto demantuje. Pa ljudi gledaju i apstraktnu vizuelnu umetnost i imaju neki svoj emocionalni do\u017eivljaj spram tih dela, ne mora do\u017eivljaj da se artikuli\u0161e samo kroz u\u010dene kustoske re\u010denice. Umetnost radi, stvara svoj emocionalni i misaoni u\u010dinak, koji je \u010desto neuhvatljiv, ali je tu. Zato i postoji koliko postoji \u010dove\u010danstvo, neophodna nam je.<\/p>\n<p><strong>Nedavno ste se dotakli i smaka svijeta i ekolo\u0161ke katastrofe u predstavi &#8220;Drama na kraju sveta&#8221;. Kako izgleda va\u0161 kraj?<\/strong><\/p>\n<p>\u010cini mi se da \u017eivimo u trenutku u kojem delimo neko kolektivno ose\u0107anje kraja sveta \u2013 od pandemije, preko ratova do u\u017earene planete, svi pri\u010damo o potencijalnom kraju. Radnja drame sme\u0161tena je u jedan fikcionalni Beograd, \u0161est meseci od danas, u svetu koji nam deluje kao svet represivnih re\u017eima koji ne pripadaju na\u0161oj dana\u0161njici i \u017eivljenom iskustvu, ali zapravo su iza ugla. To je svet vrhunskog nadzora u kojem ljudi nestaju pod okriljem no\u0107i. Zanimalo me kako bi se kraj sveta zrcalio u radikalnoj promeni dru\u0161tvenih odnosa, mo\u017ee li kraj sveta ipak zna\u010diti kraj samo ovog i ovakvog sveta i mo\u017eda po\u010detak nekog novog. Na\u0161a lektorka je rekla da joj se \u010dini da je ovo drama o po\u010detku novog sveta, i to me dirnulo. Glavnu junakinju odvode na streljanje jer \u017eeli da spasi drvo kestena koje gleda s prozora, \u0161to pokre\u0107e lan\u010danu reakciju, koja dovodi do kraja, ili po\u010detka, kako se uzme. Meni je u pisanju va\u017ean politi\u010dki hepiend, da se otvori mogu\u0107nost da makar u prostoru ma\u0161te, teksta, scene mislimo da je bolji svet stvarno mogu\u0107. Politi\u010dka imaginacija je zapravo klju\u010dna tema za sve moje drame.<\/p>\n<figure id=\"attachment_3809\" aria-describedby=\"caption-attachment-3809\" style=\"width: 2560px\" class=\"wp-caption alignnone\"><img loading=\"lazy\" decoding=\"async\" class=\"wp-image-3809 size-full\" src=\"https:\/\/sdf.hr\/wp-content\/uploads\/2023\/10\/Dimitrijevic4_Tanja-Kanazir-scaled.jpg\" alt=\"\" width=\"2560\" height=\"1707\" srcset=\"https:\/\/sdf.hr\/wp-content\/uploads\/2023\/10\/Dimitrijevic4_Tanja-Kanazir-scaled.jpg 2560w, https:\/\/sdf.hr\/wp-content\/uploads\/2023\/10\/Dimitrijevic4_Tanja-Kanazir-300x200.jpg 300w, https:\/\/sdf.hr\/wp-content\/uploads\/2023\/10\/Dimitrijevic4_Tanja-Kanazir-1024x683.jpg 1024w, https:\/\/sdf.hr\/wp-content\/uploads\/2023\/10\/Dimitrijevic4_Tanja-Kanazir-768x512.jpg 768w, https:\/\/sdf.hr\/wp-content\/uploads\/2023\/10\/Dimitrijevic4_Tanja-Kanazir-1536x1024.jpg 1536w, https:\/\/sdf.hr\/wp-content\/uploads\/2023\/10\/Dimitrijevic4_Tanja-Kanazir-2048x1366.jpg 2048w\" sizes=\"auto, (max-width: 2560px) 100vw, 2560px\" \/><figcaption id=\"caption-attachment-3809\" class=\"wp-caption-text\">Foto: Tanja Kanazir<\/figcaption><\/figure>\n<p><strong>Odmah mi pada napamet Brena Pesme, i ona je na kraju predstave otvoreno ma\u0161tala o boljem svijetu.<\/strong><\/p>\n<p>Tako je. Nemam odgovor kako mo\u017eemo da napravimo bolji svet u trenutku krize leve progresivne ideje, nemam odgovor ni na to \u0161ta da radimo sami sa sobom nakon \u0161to smo izgubili istorijsku bitku, u trenutku u kojem smo na sve mogu\u0107e na\u010dine u marginalnoj poziciji u postoje\u0107em ideolo\u0161kom poretku sveta. U na\u0161im zemljama je ve\u0107 dugo nacionalizam dominantna ideologija. Ako krene\u0161 da se bavi\u0161 politi\u010dkom imaginacijom, udari\u0161 o zid realpolitike, u\u017easno lako po\u010dnu da se prave kompromisi, ali i dalje mislim da bez politi\u010dke imaginacije nikada ne\u0107emo mo\u0107i da spasimo svet. Meni su tekstovi i scena poligon da se igram s tim, ali da budem malo i negativna, kada pogledamo neki generalni horizont ideja u Evropi i kada pri\u010dam s ljudima i razmi\u0161ljam \u0161to stvarno mislimo da je mogu\u0107e, a \u0161ta nije, izgleda nam verovatnije da to moje drve\u0107e progovori i po\u010dne da hoda, nego da napravimo iole pravednije dru\u0161tvo.<\/p>\n<p><strong>Na \u010demu trenutno radite, gdje mo\u017eemo o\u010dekivati politi\u010dki hepiend, makar na sceni?<\/strong><\/p>\n<p>Zavr\u0161avam dramatizaciju tekstova <strong>Semezdina Mehmedinovi\u0107a<\/strong>, radim s rediteljkom <strong>Jovanom Tomi\u0107<\/strong> u SARTR-u u Sarajevu. Pa \u0107emo dalje da vidimo.<\/p>\n<p><strong>\u017divite na relaciji Rijeka \u2013 Beograd. \u0160to vas je privuklo Rijeci, kako vam je tu \u017eivjeti?<\/strong><\/p>\n<p>S obzirom na to da sam frilenserica, kada ne moram da budem na nekom mestu zbog proba, be\u017eim u Rijeku zbog ljubavi i mora, i tako ve\u0107 pet godina. Volim Rijeku, prija mi na\u010din \u017eivota koji sebi ovde mogu da slo\u017eim, pijaca pa jutarnja kafica. Ovo je i dalje grad koji je na moru, a ljudi ipak u avgustu usred sezone odu na kolektivni godi\u0161nji odmor. Beskona\u010dni \u0161arm Rijeke se zasniva izme\u0111u ostalog i na tome \u0161to krupni kapital i njegov devastiraju\u0107i u\u010dinak po lokalnu zajednicu jo\u0161 nije u\u0161ao u grad. Cinici bi rekli da je grad ve\u0107 devastiran, ali krupnom kapitalu mo\u017ee da se raduje samo onaj ko njegov u\u010dinak na licu grada jo\u0161 nije video, ili onaj koji misli da \u0107e imati koristi od njega. Kada se ljudi osveste da koristi zapravo nema, odnosno da je tu samo za nekolicinu, ve\u0107 je kasno. Strah me da se Rijeci spremaju velike i u\u017easne promene, L\u00fcrssen grupa je pokupovala pola obale, grad je prodao zemlji\u0161te na \u017dabici da bi se izgradio novi kolodvor privatnoj firmi koja se bavi parkingom, i po svim parametrima i dosada\u0161njem iskustvu \u0161ta se de\u0161ava u takvim situacijama, na pomolu je d\u017eentrifikacija kakvu ni Split nije video.<\/p>\n<p><strong>\u0160to vama daje nadu? Osim mo\u017eda pokoje pjesme Nade Top\u010dagi\u0107.<\/strong><\/p>\n<p>Razmi\u0161ljam o tome \u010desto, pitanje nade vezano je za kolektivni ose\u0107aj kraja sveta o kom smo pri\u010dale. Te\u0161ko je misliti o nadi kada \u017eivimo u ose\u0107anju kraja, ili kad ose\u0107amo da \u017eivimo u distopiji. Opet, dok mislimo o svim mra\u010dnim scenarijima kraja ovog sveta i nas samih, mi \u017eivimo, borimo se, sklapamo kraj sa krajem, volimo i brinemo za druge. Ja sam dramatur\u0161kinja, preokret je klju\u010dni element u klasi\u010dnoj dramskoj strukturi, pa \u0161to ne bi bio i u \u017eivotu. A dok ne do\u0111e preokret, tu su ljubav, prijateljstvo i dobra umetnost. Malo li je?<\/p>\n<p><em>razgovor vodila Vedrana Bibi\u0107<\/em><\/p>\n","protected":false},"excerpt":{"rendered":"<p>Te\u0161ko je misliti o nadi kada \u017eivimo u ose\u0107anju kraja, ili kad ose\u0107amo da \u017eivimo u distopiji. Opet, dok mislimo o svim mra\u010dnim scenarijima kraja ovog sveta i nas samih, mi \u017eivimo, borimo se, sklapamo kraj sa krajem, volimo i brinemo za druge<\/p>\n","protected":false},"featured_media":3804,"template":"","tags":[29,173],"atribut":[],"class_list":["post-3811","nada","type-nada","status-publish","has-post-thumbnail","hentry","tag-intervju","tag-intervju-2-hr"],"acf":[],"yoast_head":"<!-- This site is optimized with the Yoast SEO plugin v27.4 - https:\/\/yoast.com\/product\/yoast-seo-wordpress\/ -->\n<title>Olga Dimitrijevi\u0107: Bez imaginacije ne\u0107emo mo\u0107i da spasimo svet - SDF - Srpski demokratski forum<\/title>\n<meta name=\"robots\" content=\"index, follow, max-snippet:-1, max-image-preview:large, max-video-preview:-1\" \/>\n<link rel=\"canonical\" href=\"https:\/\/sdf.hr\/hr\/nada\/olga-dimitrijevic-bez-imaginacije-necemo-moci-da-spasimo-svet\/\" \/>\n<meta property=\"og:locale\" content=\"hr_HR\" \/>\n<meta property=\"og:type\" content=\"article\" \/>\n<meta property=\"og:title\" content=\"Olga Dimitrijevi\u0107: Bez imaginacije ne\u0107emo mo\u0107i da spasimo svet - SDF - Srpski demokratski forum\" \/>\n<meta property=\"og:description\" content=\"Te\u0161ko je misliti o nadi kada \u017eivimo u ose\u0107anju kraja, ili kad ose\u0107amo da \u017eivimo u distopiji. Opet, dok mislimo o svim mra\u010dnim scenarijima kraja ovog sveta i nas samih, mi \u017eivimo, borimo se, sklapamo kraj sa krajem, volimo i brinemo za druge\" \/>\n<meta property=\"og:url\" content=\"https:\/\/sdf.hr\/hr\/nada\/olga-dimitrijevic-bez-imaginacije-necemo-moci-da-spasimo-svet\/\" \/>\n<meta property=\"og:site_name\" content=\"SDF - Srpski demokratski forum\" \/>\n<meta property=\"article:modified_time\" content=\"2023-11-12T11:14:18+00:00\" \/>\n<meta property=\"og:image\" content=\"https:\/\/sdf.hr\/wp-content\/uploads\/2023\/10\/Dimitrijevic1_Tanja-Kanazir-scaled.jpg\" \/>\n\t<meta property=\"og:image:width\" content=\"2560\" \/>\n\t<meta property=\"og:image:height\" content=\"1707\" \/>\n\t<meta property=\"og:image:type\" content=\"image\/jpeg\" \/>\n<meta name=\"twitter:card\" content=\"summary_large_image\" \/>\n<meta name=\"twitter:label1\" content=\"Procijenjeno vrijeme \u010ditanja\" \/>\n\t<meta name=\"twitter:data1\" content=\"13 minuta\" \/>\n<script type=\"application\/ld+json\" class=\"yoast-schema-graph\">{\"@context\":\"https:\\\/\\\/schema.org\",\"@graph\":[{\"@type\":\"WebPage\",\"@id\":\"https:\\\/\\\/sdf.hr\\\/hr\\\/nada\\\/olga-dimitrijevic-bez-imaginacije-necemo-moci-da-spasimo-svet\\\/\",\"url\":\"https:\\\/\\\/sdf.hr\\\/hr\\\/nada\\\/olga-dimitrijevic-bez-imaginacije-necemo-moci-da-spasimo-svet\\\/\",\"name\":\"Olga Dimitrijevi\u0107: Bez imaginacije ne\u0107emo mo\u0107i da spasimo svet - SDF - Srpski demokratski forum\",\"isPartOf\":{\"@id\":\"https:\\\/\\\/sdf.hr\\\/#website\"},\"primaryImageOfPage\":{\"@id\":\"https:\\\/\\\/sdf.hr\\\/hr\\\/nada\\\/olga-dimitrijevic-bez-imaginacije-necemo-moci-da-spasimo-svet\\\/#primaryimage\"},\"image\":{\"@id\":\"https:\\\/\\\/sdf.hr\\\/hr\\\/nada\\\/olga-dimitrijevic-bez-imaginacije-necemo-moci-da-spasimo-svet\\\/#primaryimage\"},\"thumbnailUrl\":\"https:\\\/\\\/sdf.hr\\\/wp-content\\\/uploads\\\/2023\\\/10\\\/Dimitrijevic1_Tanja-Kanazir-scaled.jpg\",\"datePublished\":\"2023-10-29T09:00:07+00:00\",\"dateModified\":\"2023-11-12T11:14:18+00:00\",\"breadcrumb\":{\"@id\":\"https:\\\/\\\/sdf.hr\\\/hr\\\/nada\\\/olga-dimitrijevic-bez-imaginacije-necemo-moci-da-spasimo-svet\\\/#breadcrumb\"},\"inLanguage\":\"hr\",\"potentialAction\":[{\"@type\":\"ReadAction\",\"target\":[\"https:\\\/\\\/sdf.hr\\\/hr\\\/nada\\\/olga-dimitrijevic-bez-imaginacije-necemo-moci-da-spasimo-svet\\\/\"]}]},{\"@type\":\"ImageObject\",\"inLanguage\":\"hr\",\"@id\":\"https:\\\/\\\/sdf.hr\\\/hr\\\/nada\\\/olga-dimitrijevic-bez-imaginacije-necemo-moci-da-spasimo-svet\\\/#primaryimage\",\"url\":\"https:\\\/\\\/sdf.hr\\\/wp-content\\\/uploads\\\/2023\\\/10\\\/Dimitrijevic1_Tanja-Kanazir-scaled.jpg\",\"contentUrl\":\"https:\\\/\\\/sdf.hr\\\/wp-content\\\/uploads\\\/2023\\\/10\\\/Dimitrijevic1_Tanja-Kanazir-scaled.jpg\",\"width\":2560,\"height\":1707,\"caption\":\"v\"},{\"@type\":\"BreadcrumbList\",\"@id\":\"https:\\\/\\\/sdf.hr\\\/hr\\\/nada\\\/olga-dimitrijevic-bez-imaginacije-necemo-moci-da-spasimo-svet\\\/#breadcrumb\",\"itemListElement\":[{\"@type\":\"ListItem\",\"position\":1,\"name\":\"Po\u010detna stranica\",\"item\":\"https:\\\/\\\/sdf.hr\\\/hr\\\/\"},{\"@type\":\"ListItem\",\"position\":2,\"name\":\"Nada\",\"item\":\"https:\\\/\\\/sdf.hr\\\/nada\\\/\"},{\"@type\":\"ListItem\",\"position\":3,\"name\":\"Olga Dimitrijevi\u0107: Bez imaginacije ne\u0107emo mo\u0107i da spasimo svet\"}]},{\"@type\":\"WebSite\",\"@id\":\"https:\\\/\\\/sdf.hr\\\/#website\",\"url\":\"https:\\\/\\\/sdf.hr\\\/\",\"name\":\"SDF - Srpski demokratski forum\",\"description\":\"Srpski demokratski forum\",\"publisher\":{\"@id\":\"https:\\\/\\\/sdf.hr\\\/#organization\"},\"potentialAction\":[{\"@type\":\"SearchAction\",\"target\":{\"@type\":\"EntryPoint\",\"urlTemplate\":\"https:\\\/\\\/sdf.hr\\\/?s={search_term_string}\"},\"query-input\":{\"@type\":\"PropertyValueSpecification\",\"valueRequired\":true,\"valueName\":\"search_term_string\"}}],\"inLanguage\":\"hr\"},{\"@type\":\"Organization\",\"@id\":\"https:\\\/\\\/sdf.hr\\\/#organization\",\"name\":\"SDF - Srpski demokratski forum\",\"url\":\"https:\\\/\\\/sdf.hr\\\/\",\"logo\":{\"@type\":\"ImageObject\",\"inLanguage\":\"hr\",\"@id\":\"https:\\\/\\\/sdf.hr\\\/#\\\/schema\\\/logo\\\/image\\\/\",\"url\":\"https:\\\/\\\/sdf.hr\\\/wp-content\\\/uploads\\\/2021\\\/07\\\/logo-hr.svg\",\"contentUrl\":\"https:\\\/\\\/sdf.hr\\\/wp-content\\\/uploads\\\/2021\\\/07\\\/logo-hr.svg\",\"width\":271,\"height\":100,\"caption\":\"SDF - Srpski demokratski forum\"},\"image\":{\"@id\":\"https:\\\/\\\/sdf.hr\\\/#\\\/schema\\\/logo\\\/image\\\/\"}}]}<\/script>\n<!-- \/ Yoast SEO plugin. -->","yoast_head_json":{"title":"Olga Dimitrijevi\u0107: Bez imaginacije ne\u0107emo mo\u0107i da spasimo svet - SDF - Srpski demokratski forum","robots":{"index":"index","follow":"follow","max-snippet":"max-snippet:-1","max-image-preview":"max-image-preview:large","max-video-preview":"max-video-preview:-1"},"canonical":"https:\/\/sdf.hr\/hr\/nada\/olga-dimitrijevic-bez-imaginacije-necemo-moci-da-spasimo-svet\/","og_locale":"hr_HR","og_type":"article","og_title":"Olga Dimitrijevi\u0107: Bez imaginacije ne\u0107emo mo\u0107i da spasimo svet - SDF - Srpski demokratski forum","og_description":"Te\u0161ko je misliti o nadi kada \u017eivimo u ose\u0107anju kraja, ili kad ose\u0107amo da \u017eivimo u distopiji. Opet, dok mislimo o svim mra\u010dnim scenarijima kraja ovog sveta i nas samih, mi \u017eivimo, borimo se, sklapamo kraj sa krajem, volimo i brinemo za druge","og_url":"https:\/\/sdf.hr\/hr\/nada\/olga-dimitrijevic-bez-imaginacije-necemo-moci-da-spasimo-svet\/","og_site_name":"SDF - Srpski demokratski forum","article_modified_time":"2023-11-12T11:14:18+00:00","og_image":[{"width":2560,"height":1707,"url":"https:\/\/sdf.hr\/wp-content\/uploads\/2023\/10\/Dimitrijevic1_Tanja-Kanazir-scaled.jpg","type":"image\/jpeg"}],"twitter_card":"summary_large_image","twitter_misc":{"Procijenjeno vrijeme \u010ditanja":"13 minuta"},"schema":{"@context":"https:\/\/schema.org","@graph":[{"@type":"WebPage","@id":"https:\/\/sdf.hr\/hr\/nada\/olga-dimitrijevic-bez-imaginacije-necemo-moci-da-spasimo-svet\/","url":"https:\/\/sdf.hr\/hr\/nada\/olga-dimitrijevic-bez-imaginacije-necemo-moci-da-spasimo-svet\/","name":"Olga Dimitrijevi\u0107: Bez imaginacije ne\u0107emo mo\u0107i da spasimo svet - SDF - Srpski demokratski forum","isPartOf":{"@id":"https:\/\/sdf.hr\/#website"},"primaryImageOfPage":{"@id":"https:\/\/sdf.hr\/hr\/nada\/olga-dimitrijevic-bez-imaginacije-necemo-moci-da-spasimo-svet\/#primaryimage"},"image":{"@id":"https:\/\/sdf.hr\/hr\/nada\/olga-dimitrijevic-bez-imaginacije-necemo-moci-da-spasimo-svet\/#primaryimage"},"thumbnailUrl":"https:\/\/sdf.hr\/wp-content\/uploads\/2023\/10\/Dimitrijevic1_Tanja-Kanazir-scaled.jpg","datePublished":"2023-10-29T09:00:07+00:00","dateModified":"2023-11-12T11:14:18+00:00","breadcrumb":{"@id":"https:\/\/sdf.hr\/hr\/nada\/olga-dimitrijevic-bez-imaginacije-necemo-moci-da-spasimo-svet\/#breadcrumb"},"inLanguage":"hr","potentialAction":[{"@type":"ReadAction","target":["https:\/\/sdf.hr\/hr\/nada\/olga-dimitrijevic-bez-imaginacije-necemo-moci-da-spasimo-svet\/"]}]},{"@type":"ImageObject","inLanguage":"hr","@id":"https:\/\/sdf.hr\/hr\/nada\/olga-dimitrijevic-bez-imaginacije-necemo-moci-da-spasimo-svet\/#primaryimage","url":"https:\/\/sdf.hr\/wp-content\/uploads\/2023\/10\/Dimitrijevic1_Tanja-Kanazir-scaled.jpg","contentUrl":"https:\/\/sdf.hr\/wp-content\/uploads\/2023\/10\/Dimitrijevic1_Tanja-Kanazir-scaled.jpg","width":2560,"height":1707,"caption":"v"},{"@type":"BreadcrumbList","@id":"https:\/\/sdf.hr\/hr\/nada\/olga-dimitrijevic-bez-imaginacije-necemo-moci-da-spasimo-svet\/#breadcrumb","itemListElement":[{"@type":"ListItem","position":1,"name":"Po\u010detna stranica","item":"https:\/\/sdf.hr\/hr\/"},{"@type":"ListItem","position":2,"name":"Nada","item":"https:\/\/sdf.hr\/nada\/"},{"@type":"ListItem","position":3,"name":"Olga Dimitrijevi\u0107: Bez imaginacije ne\u0107emo mo\u0107i da spasimo svet"}]},{"@type":"WebSite","@id":"https:\/\/sdf.hr\/#website","url":"https:\/\/sdf.hr\/","name":"SDF - Srpski demokratski forum","description":"Srpski demokratski forum","publisher":{"@id":"https:\/\/sdf.hr\/#organization"},"potentialAction":[{"@type":"SearchAction","target":{"@type":"EntryPoint","urlTemplate":"https:\/\/sdf.hr\/?s={search_term_string}"},"query-input":{"@type":"PropertyValueSpecification","valueRequired":true,"valueName":"search_term_string"}}],"inLanguage":"hr"},{"@type":"Organization","@id":"https:\/\/sdf.hr\/#organization","name":"SDF - Srpski demokratski forum","url":"https:\/\/sdf.hr\/","logo":{"@type":"ImageObject","inLanguage":"hr","@id":"https:\/\/sdf.hr\/#\/schema\/logo\/image\/","url":"https:\/\/sdf.hr\/wp-content\/uploads\/2021\/07\/logo-hr.svg","contentUrl":"https:\/\/sdf.hr\/wp-content\/uploads\/2021\/07\/logo-hr.svg","width":271,"height":100,"caption":"SDF - Srpski demokratski forum"},"image":{"@id":"https:\/\/sdf.hr\/#\/schema\/logo\/image\/"}}]}},"_links":{"self":[{"href":"https:\/\/sdf.hr\/hr\/wp-json\/wp\/v2\/nada\/3811","targetHints":{"allow":["GET"]}}],"collection":[{"href":"https:\/\/sdf.hr\/hr\/wp-json\/wp\/v2\/nada"}],"about":[{"href":"https:\/\/sdf.hr\/hr\/wp-json\/wp\/v2\/types\/nada"}],"wp:featuredmedia":[{"embeddable":true,"href":"https:\/\/sdf.hr\/hr\/wp-json\/wp\/v2\/media\/3804"}],"wp:attachment":[{"href":"https:\/\/sdf.hr\/hr\/wp-json\/wp\/v2\/media?parent=3811"}],"wp:term":[{"taxonomy":"post_tag","embeddable":true,"href":"https:\/\/sdf.hr\/hr\/wp-json\/wp\/v2\/tags?post=3811"},{"taxonomy":"atribut","embeddable":true,"href":"https:\/\/sdf.hr\/hr\/wp-json\/wp\/v2\/atribut?post=3811"}],"curies":[{"name":"wp","href":"https:\/\/api.w.org\/{rel}","templated":true}]}}