{"id":3815,"date":"2023-10-31T10:11:12","date_gmt":"2023-10-31T09:11:12","guid":{"rendered":"https:\/\/sdf.hr\/nada\/na-starim-temeljima\/"},"modified":"2023-10-31T10:11:50","modified_gmt":"2023-10-31T09:11:50","slug":"na-starim-temeljima","status":"publish","type":"nada","link":"https:\/\/sdf.hr\/hr\/nada\/na-starim-temeljima\/","title":{"rendered":"Na starim temeljima"},"content":{"rendered":"<p>Sam samcat, stariji \u010dovjek peca uz Dravu. Iza njegovih nogu na kamenju je polo\u017een mali radio s kojeg se \u010duje glas <strong>Bobe Stefanovi\u0107a<\/strong>, \u0161lagerski klasik &#8220;Obri\u0161i suze draga&#8221;. Te\u0161ki su se dani zaredali u Osijeku. &#8220;Tuga se vratiti ne\u0107e&#8221; i &#8220;\u010ditav je \u017eivot pred nama&#8221; mo\u017ee se ovih dana \u010duti samo u pjesmi iz 1970. godine.<\/p>\n<p>Mi \u0107emo se vratiti jo\u0161 koje desetlje\u0107e ranije, u Osijek netom nakon Drugog svjetskog rata. Nakon rata su se po\u010dela obnavljati razna sportska dru\u0161tva, me\u0111u njima i ona u kojima se prije rata igrala hazena. U rano ljeto 1945. godine na sjednici grafi\u010dkih radnika i radnica obnovljeno je Fiskulturno dru\u0161tvo Grafi\u010dar. Iste te godine u augustu njihove hazena\u0161ice igrale su prvu neslu\u017ebenu utakmicu, prijateljski susret u \u0110ur\u0111enovcu. Krajem ljeta u Beli\u0161\u0107u su odigrale i prvu slu\u017ebenu utakmicu, u kojoj su pobijedile hazena\u0161ice doma\u0107eg FD Proletera.<\/p>\n<p>Kroz 1946. godinu Grafi\u010darke su pod vodstvom trenera <strong>Zvonka Hrsa<\/strong> u svoje redove uspjele privu\u0107i nove \u010dlanice pa je u sekciji do kraja godine djelovalo oko 30 igra\u010dica, ve\u0107inom iz tada\u0161njih osje\u010dkih poduze\u0107a Litokartona i \u0160tampe. Me\u0111utim, uskoro dolazi do va\u017enih promjena \u2013 diljem zemlje se prihva\u0107aju nova pravila rukometne igre donesena krajem 1950. godine u Zagrebu. Postupno se prestaju odigravati hazena\u0161ke utakmice i prelazi se na igranje danas nam poznatog i standardnog rukometa. Kako u monografiji &#8220;Dinami\u010dan sport na starim temeljima: 50 godina \u017dRK Osijek (1954.-2004.)&#8221; navodi <strong>Zlata \u017divakovi\u0107 &#8211; Ker\u017ee<\/strong>, osnivanjem Hrvatske lige rukometa u rukometno natjecanje se od sredine novembra 1951. godine uklju\u010dila i \u017eenska rukometna sekcija Grafi\u010dara. Tada je to bila jedina osje\u010dka ekipa rukometa\u0161ica. Ekipu je vodio <strong>Franjo Ma\u0111ar<\/strong>, a trenirale su na terenu u Podgradu. Od 1954. godine posao trenera preuzeo je <strong>Franjo Prutki<\/strong>. Klub se nastavio razvijati pod okriljem tvornice Litokarton. Osim sportskih dru\u0161tava, zaslugom Litokartona u Osijeku je 1961. godine osnovana srednja grafi\u010dka \u0161kola.<\/p>\n<p>U monografiji o \u017dRK Osijek zabilje\u017eeno je kako su djevojke koje su igrale za Grafi\u010dar sredinom 1950-ih na trening obi\u010davale dolaziti sat vremena ranije, kako bi na\u0161timale teren za igru. Da bi se u su\u0161nom razdoblju sprije\u010dilo dizanje crne pra\u0161ine na igrali\u0161tu, \u0161ljaku su pola sata prije treninga polijevale one i oru\u017ear prezimena <strong>\u017dubrini\u0107<\/strong>. Tijekom 1954. godine rukometa\u0161ice Grafi\u010dara odigrale su 34 utakmice, od kojih su 21 zavr\u0161ile kao pobjednice. Prvu me\u0111unarodnu utakmicu odigrale su protiv ekipe nizozemskog kluba HC Niloc iz Amsterdama 22. septembra na igrali\u0161tu u Podgradu, pred oko 700 gledatelja i gledateljica. Na teren su tada iza\u0161le: <strong>Ana Ivezi\u0107<\/strong>, <strong>Jelka Mile\u0161evi\u0107<\/strong>, <strong>Bla\u017eenka Lon\u010dari\u0107<\/strong>, <strong>Dubravka Hojnik<\/strong>, <strong>Vi\u0161nja Bartovski<\/strong>, <strong>Bo\u017ea Malo\u0161evac<\/strong>, <strong>Zlata Horvat<\/strong>, <strong>Renata Ranogajac<\/strong>, <strong>Terezija Seka Balen<\/strong>, <strong>Anica Lipovac<\/strong>, <strong>Slava Mato\u0161evi\u0107<\/strong>, <strong>Mirka Gavrilovi\u0107<\/strong>. Nisu pobijedile, ali utakmica zbog toga nije bila ni\u0161ta manje zna\u010dajna.<\/p>\n<p>Rukometa\u0161ice nisu imale dovoljno dresova \u2013 ostalo je zapisano da su ih imale samo igra\u010dice na terenu, pa je prilikom izlaska svaka majicu skidala i davala igra\u010dici koja je ulazila u igru. Tenisice su se krpale dok nisu postale posve neupotrebljive, a mre\u017ee za golove su se redovno posu\u0111ivale. &#8220;Igra\u010dice prvih generacija ustrajale su unato\u010d svim te\u0161ko\u0107ama i utrle put svim ostalim generacijama osje\u010dkih rukometa\u0161ica&#8221;, pi\u0161e \u017divakovi\u0107 &#8211; Ker\u017ee. Obri\u0161i suze draga, nema druge.<\/p>\n<p><em>pi\u0161e Ivana Peri\u0107<\/em><\/p>\n","protected":false},"excerpt":{"rendered":"<p>Kroz 1946. godinu Grafi\u010darke su uspjele privu\u0107i nove \u010dlanice pa je u sekciji do kraja godine djelovalo oko 30 njih, ve\u0107inom iz tada\u0161njih osje\u010dkih poduze\u0107a Litokartona i \u0160tampe. Me\u0111utim, uskoro dolazi do va\u017enih promjena<\/p>\n","protected":false},"featured_media":3814,"template":"","tags":[40],"atribut":[],"class_list":["post-3815","nada","type-nada","status-publish","has-post-thumbnail","hentry","tag-dvokorak-naprijed"],"acf":[],"yoast_head":"<!-- This site is optimized with the Yoast SEO plugin v27.4 - https:\/\/yoast.com\/product\/yoast-seo-wordpress\/ -->\n<title>Na starim temeljima - SDF - Srpski demokratski forum<\/title>\n<meta name=\"robots\" content=\"index, follow, max-snippet:-1, max-image-preview:large, max-video-preview:-1\" \/>\n<link rel=\"canonical\" href=\"https:\/\/sdf.hr\/hr\/nada\/na-starim-temeljima\/\" \/>\n<meta property=\"og:locale\" content=\"hr_HR\" \/>\n<meta property=\"og:type\" content=\"article\" \/>\n<meta property=\"og:title\" content=\"Na starim temeljima - SDF - Srpski demokratski forum\" \/>\n<meta property=\"og:description\" content=\"Kroz 1946. godinu Grafi\u010darke su uspjele privu\u0107i nove \u010dlanice pa je u sekciji do kraja godine djelovalo oko 30 njih, ve\u0107inom iz tada\u0161njih osje\u010dkih poduze\u0107a Litokartona i \u0160tampe. Me\u0111utim, uskoro dolazi do va\u017enih promjena\" \/>\n<meta property=\"og:url\" content=\"https:\/\/sdf.hr\/hr\/nada\/na-starim-temeljima\/\" \/>\n<meta property=\"og:site_name\" content=\"SDF - Srpski demokratski forum\" \/>\n<meta property=\"article:modified_time\" content=\"2023-10-31T09:11:50+00:00\" \/>\n<meta property=\"og:image\" content=\"https:\/\/sdf.hr\/wp-content\/uploads\/2023\/10\/Rukometna-lopta_Dejan-Rakita-scaled.jpg\" \/>\n\t<meta property=\"og:image:width\" content=\"2560\" \/>\n\t<meta property=\"og:image:height\" content=\"1707\" \/>\n\t<meta property=\"og:image:type\" content=\"image\/jpeg\" \/>\n<meta name=\"twitter:card\" content=\"summary_large_image\" \/>\n<meta name=\"twitter:label1\" content=\"Procijenjeno vrijeme \u010ditanja\" \/>\n\t<meta name=\"twitter:data1\" content=\"3 minute\" \/>\n<script type=\"application\/ld+json\" class=\"yoast-schema-graph\">{\"@context\":\"https:\\\/\\\/schema.org\",\"@graph\":[{\"@type\":\"WebPage\",\"@id\":\"https:\\\/\\\/sdf.hr\\\/hr\\\/nada\\\/na-starim-temeljima\\\/\",\"url\":\"https:\\\/\\\/sdf.hr\\\/hr\\\/nada\\\/na-starim-temeljima\\\/\",\"name\":\"Na starim temeljima - SDF - Srpski demokratski forum\",\"isPartOf\":{\"@id\":\"https:\\\/\\\/sdf.hr\\\/#website\"},\"primaryImageOfPage\":{\"@id\":\"https:\\\/\\\/sdf.hr\\\/hr\\\/nada\\\/na-starim-temeljima\\\/#primaryimage\"},\"image\":{\"@id\":\"https:\\\/\\\/sdf.hr\\\/hr\\\/nada\\\/na-starim-temeljima\\\/#primaryimage\"},\"thumbnailUrl\":\"https:\\\/\\\/sdf.hr\\\/wp-content\\\/uploads\\\/2023\\\/10\\\/Rukometna-lopta_Dejan-Rakita-scaled.jpg\",\"datePublished\":\"2023-10-31T09:11:12+00:00\",\"dateModified\":\"2023-10-31T09:11:50+00:00\",\"breadcrumb\":{\"@id\":\"https:\\\/\\\/sdf.hr\\\/hr\\\/nada\\\/na-starim-temeljima\\\/#breadcrumb\"},\"inLanguage\":\"hr\",\"potentialAction\":[{\"@type\":\"ReadAction\",\"target\":[\"https:\\\/\\\/sdf.hr\\\/hr\\\/nada\\\/na-starim-temeljima\\\/\"]}]},{\"@type\":\"ImageObject\",\"inLanguage\":\"hr\",\"@id\":\"https:\\\/\\\/sdf.hr\\\/hr\\\/nada\\\/na-starim-temeljima\\\/#primaryimage\",\"url\":\"https:\\\/\\\/sdf.hr\\\/wp-content\\\/uploads\\\/2023\\\/10\\\/Rukometna-lopta_Dejan-Rakita-scaled.jpg\",\"contentUrl\":\"https:\\\/\\\/sdf.hr\\\/wp-content\\\/uploads\\\/2023\\\/10\\\/Rukometna-lopta_Dejan-Rakita-scaled.jpg\",\"width\":2560,\"height\":1707,\"caption\":\"S hazene se na rukomet prelazi 1950-ih (Foto: Dejan Rakita\\\/PIXSELL)\"},{\"@type\":\"BreadcrumbList\",\"@id\":\"https:\\\/\\\/sdf.hr\\\/hr\\\/nada\\\/na-starim-temeljima\\\/#breadcrumb\",\"itemListElement\":[{\"@type\":\"ListItem\",\"position\":1,\"name\":\"Po\u010detna stranica\",\"item\":\"https:\\\/\\\/sdf.hr\\\/hr\\\/\"},{\"@type\":\"ListItem\",\"position\":2,\"name\":\"Nada\",\"item\":\"https:\\\/\\\/sdf.hr\\\/nada\\\/\"},{\"@type\":\"ListItem\",\"position\":3,\"name\":\"Na starim temeljima\"}]},{\"@type\":\"WebSite\",\"@id\":\"https:\\\/\\\/sdf.hr\\\/#website\",\"url\":\"https:\\\/\\\/sdf.hr\\\/\",\"name\":\"SDF - Srpski demokratski forum\",\"description\":\"Srpski demokratski forum\",\"publisher\":{\"@id\":\"https:\\\/\\\/sdf.hr\\\/#organization\"},\"potentialAction\":[{\"@type\":\"SearchAction\",\"target\":{\"@type\":\"EntryPoint\",\"urlTemplate\":\"https:\\\/\\\/sdf.hr\\\/?s={search_term_string}\"},\"query-input\":{\"@type\":\"PropertyValueSpecification\",\"valueRequired\":true,\"valueName\":\"search_term_string\"}}],\"inLanguage\":\"hr\"},{\"@type\":\"Organization\",\"@id\":\"https:\\\/\\\/sdf.hr\\\/#organization\",\"name\":\"SDF - Srpski demokratski forum\",\"url\":\"https:\\\/\\\/sdf.hr\\\/\",\"logo\":{\"@type\":\"ImageObject\",\"inLanguage\":\"hr\",\"@id\":\"https:\\\/\\\/sdf.hr\\\/#\\\/schema\\\/logo\\\/image\\\/\",\"url\":\"https:\\\/\\\/sdf.hr\\\/wp-content\\\/uploads\\\/2021\\\/07\\\/logo-hr.svg\",\"contentUrl\":\"https:\\\/\\\/sdf.hr\\\/wp-content\\\/uploads\\\/2021\\\/07\\\/logo-hr.svg\",\"width\":271,\"height\":100,\"caption\":\"SDF - Srpski demokratski forum\"},\"image\":{\"@id\":\"https:\\\/\\\/sdf.hr\\\/#\\\/schema\\\/logo\\\/image\\\/\"}}]}<\/script>\n<!-- \/ Yoast SEO plugin. -->","yoast_head_json":{"title":"Na starim temeljima - SDF - Srpski demokratski forum","robots":{"index":"index","follow":"follow","max-snippet":"max-snippet:-1","max-image-preview":"max-image-preview:large","max-video-preview":"max-video-preview:-1"},"canonical":"https:\/\/sdf.hr\/hr\/nada\/na-starim-temeljima\/","og_locale":"hr_HR","og_type":"article","og_title":"Na starim temeljima - SDF - Srpski demokratski forum","og_description":"Kroz 1946. godinu Grafi\u010darke su uspjele privu\u0107i nove \u010dlanice pa je u sekciji do kraja godine djelovalo oko 30 njih, ve\u0107inom iz tada\u0161njih osje\u010dkih poduze\u0107a Litokartona i \u0160tampe. Me\u0111utim, uskoro dolazi do va\u017enih promjena","og_url":"https:\/\/sdf.hr\/hr\/nada\/na-starim-temeljima\/","og_site_name":"SDF - Srpski demokratski forum","article_modified_time":"2023-10-31T09:11:50+00:00","og_image":[{"width":2560,"height":1707,"url":"https:\/\/sdf.hr\/wp-content\/uploads\/2023\/10\/Rukometna-lopta_Dejan-Rakita-scaled.jpg","type":"image\/jpeg"}],"twitter_card":"summary_large_image","twitter_misc":{"Procijenjeno vrijeme \u010ditanja":"3 minute"},"schema":{"@context":"https:\/\/schema.org","@graph":[{"@type":"WebPage","@id":"https:\/\/sdf.hr\/hr\/nada\/na-starim-temeljima\/","url":"https:\/\/sdf.hr\/hr\/nada\/na-starim-temeljima\/","name":"Na starim temeljima - SDF - Srpski demokratski forum","isPartOf":{"@id":"https:\/\/sdf.hr\/#website"},"primaryImageOfPage":{"@id":"https:\/\/sdf.hr\/hr\/nada\/na-starim-temeljima\/#primaryimage"},"image":{"@id":"https:\/\/sdf.hr\/hr\/nada\/na-starim-temeljima\/#primaryimage"},"thumbnailUrl":"https:\/\/sdf.hr\/wp-content\/uploads\/2023\/10\/Rukometna-lopta_Dejan-Rakita-scaled.jpg","datePublished":"2023-10-31T09:11:12+00:00","dateModified":"2023-10-31T09:11:50+00:00","breadcrumb":{"@id":"https:\/\/sdf.hr\/hr\/nada\/na-starim-temeljima\/#breadcrumb"},"inLanguage":"hr","potentialAction":[{"@type":"ReadAction","target":["https:\/\/sdf.hr\/hr\/nada\/na-starim-temeljima\/"]}]},{"@type":"ImageObject","inLanguage":"hr","@id":"https:\/\/sdf.hr\/hr\/nada\/na-starim-temeljima\/#primaryimage","url":"https:\/\/sdf.hr\/wp-content\/uploads\/2023\/10\/Rukometna-lopta_Dejan-Rakita-scaled.jpg","contentUrl":"https:\/\/sdf.hr\/wp-content\/uploads\/2023\/10\/Rukometna-lopta_Dejan-Rakita-scaled.jpg","width":2560,"height":1707,"caption":"S hazene se na rukomet prelazi 1950-ih (Foto: Dejan Rakita\/PIXSELL)"},{"@type":"BreadcrumbList","@id":"https:\/\/sdf.hr\/hr\/nada\/na-starim-temeljima\/#breadcrumb","itemListElement":[{"@type":"ListItem","position":1,"name":"Po\u010detna stranica","item":"https:\/\/sdf.hr\/hr\/"},{"@type":"ListItem","position":2,"name":"Nada","item":"https:\/\/sdf.hr\/nada\/"},{"@type":"ListItem","position":3,"name":"Na starim temeljima"}]},{"@type":"WebSite","@id":"https:\/\/sdf.hr\/#website","url":"https:\/\/sdf.hr\/","name":"SDF - Srpski demokratski forum","description":"Srpski demokratski forum","publisher":{"@id":"https:\/\/sdf.hr\/#organization"},"potentialAction":[{"@type":"SearchAction","target":{"@type":"EntryPoint","urlTemplate":"https:\/\/sdf.hr\/?s={search_term_string}"},"query-input":{"@type":"PropertyValueSpecification","valueRequired":true,"valueName":"search_term_string"}}],"inLanguage":"hr"},{"@type":"Organization","@id":"https:\/\/sdf.hr\/#organization","name":"SDF - Srpski demokratski forum","url":"https:\/\/sdf.hr\/","logo":{"@type":"ImageObject","inLanguage":"hr","@id":"https:\/\/sdf.hr\/#\/schema\/logo\/image\/","url":"https:\/\/sdf.hr\/wp-content\/uploads\/2021\/07\/logo-hr.svg","contentUrl":"https:\/\/sdf.hr\/wp-content\/uploads\/2021\/07\/logo-hr.svg","width":271,"height":100,"caption":"SDF - Srpski demokratski forum"},"image":{"@id":"https:\/\/sdf.hr\/#\/schema\/logo\/image\/"}}]}},"_links":{"self":[{"href":"https:\/\/sdf.hr\/hr\/wp-json\/wp\/v2\/nada\/3815","targetHints":{"allow":["GET"]}}],"collection":[{"href":"https:\/\/sdf.hr\/hr\/wp-json\/wp\/v2\/nada"}],"about":[{"href":"https:\/\/sdf.hr\/hr\/wp-json\/wp\/v2\/types\/nada"}],"wp:featuredmedia":[{"embeddable":true,"href":"https:\/\/sdf.hr\/hr\/wp-json\/wp\/v2\/media\/3814"}],"wp:attachment":[{"href":"https:\/\/sdf.hr\/hr\/wp-json\/wp\/v2\/media?parent=3815"}],"wp:term":[{"taxonomy":"post_tag","embeddable":true,"href":"https:\/\/sdf.hr\/hr\/wp-json\/wp\/v2\/tags?post=3815"},{"taxonomy":"atribut","embeddable":true,"href":"https:\/\/sdf.hr\/hr\/wp-json\/wp\/v2\/atribut?post=3815"}],"curies":[{"name":"wp","href":"https:\/\/api.w.org\/{rel}","templated":true}]}}