{"id":3826,"date":"2023-11-01T10:00:42","date_gmt":"2023-11-01T09:00:42","guid":{"rendered":"https:\/\/sdf.hr\/nada\/aktivisticka-vedrina-iz-knina\/"},"modified":"2023-10-31T10:17:30","modified_gmt":"2023-10-31T09:17:30","slug":"aktivisticka-vedrina-iz-knina","status":"publish","type":"nada","link":"https:\/\/sdf.hr\/hr\/nada\/aktivisticka-vedrina-iz-knina\/","title":{"rendered":"Aktivisti\u010dka vedrina iz Knina"},"content":{"rendered":"<p>Premda je poznato da se Knin s ljeta pretvori u usijanu kotlinu, mnogi i ne znaju da je u takvom okru\u017eenju donedavno putnik namjernik poput \u017eedne ose tragao po njegovim ulicama za kapljom vode, da mu razbistri um i rashladi tijelo.<\/p>\n<p>Gradskoj \u017ee\u0111i su dosko\u010dile mlade i ne\u0161to starije nade iz Ekolo\u0161ke udruge &#8220;Krka&#8221; Knin, ljudi koji su osmislili i lani zgotovili projekt pod imenom &#8220;Knine evo ti \u0161pine&#8221;, nakon \u010dega su na pet javnih gradskih povr\u0161ina, na radost ljudi i ptica, postavljene \u010desme s pitkom vodom. Pridjev ekolo\u0161ka koji udruga nosi time je dvostruko opravdan: u smislu javne dostupnosti pitke vode te u cilju smanjenja upotrebe plasti\u010dnih boca.<\/p>\n<p>Na\u0161 interes za doti\u010dnu udrugu nastao je i zbog mnogih drugih dru\u0161tveno korisnih aktivnosti koje provodi na podru\u010dju \u0160ibensko-kninske \u017eupanije, kao i zbog nagla\u0161ene potrebe za promicanjem zelenih ekolo\u0161kih politika, koje su danas sve vi\u0161e i prvorazredno politi\u010dko pitanje. Tako su \u010dlanovi udruge prije tri godine na mjestu stare zapu\u0161tene \u0161kole u Lukaru u Promini u drni\u0161kom kraju obnovili zgradu i otvorili dru\u0161tveni centar &#8220;Promina&#8221;. Za to su povukli 370 tisu\u0107a kuna iz europskih fondova. U sklopu centra priprema se upravo projekt prilago\u0111en mladima, naslovljen: &#8220;Manje pesimizma, vi\u0161e aktivizma&#8221;.<\/p>\n<p>&#8211; Navedeni projekt predstavlja odli\u010dan primjer odr\u017eivosti projekta Dru\u0161tvenog centra koji je i nakon zavr\u0161etka financiranja nastavio s radom \u2013 pri\u010da nam, dok u gradskom kafi\u0107u ispijamo kavu, <strong>Inga Kukolj<\/strong>, tajnica kninske udruge.<\/p>\n<p>&#8211; Namjeravamo s mladima radili manje projekte koje bi oni osmi\u0161ljavali za zajednicu, primjerice kako napraviti klub za mlade i sli\u010dno. A u toj op\u0107ini Promina, \u0161to god netko mislio \u2013 ima mladih! U zadnje \u010detiri godine tri su mlade osobe s tog podru\u010dja na\u0161im posredstvom po prvi put stjecale znanja i bile zaposlene na odre\u0111eno, po projektima. Nau\u010dile su kako napisati projekt, kako napraviti prezentaciju i evaluaciju, dati medijima izjave \u2013 dodaje na\u0161a sugovornica.<\/p>\n<figure id=\"attachment_3820\" aria-describedby=\"caption-attachment-3820\" style=\"width: 1852px\" class=\"wp-caption alignnone\"><img loading=\"lazy\" decoding=\"async\" class=\"wp-image-3820 size-full\" src=\"https:\/\/sdf.hr\/wp-content\/uploads\/2023\/10\/Inga-Kukolj-scaled.jpg\" alt=\"\" width=\"1852\" height=\"2560\" srcset=\"https:\/\/sdf.hr\/wp-content\/uploads\/2023\/10\/Inga-Kukolj-scaled.jpg 1852w, https:\/\/sdf.hr\/wp-content\/uploads\/2023\/10\/Inga-Kukolj-217x300.jpg 217w, https:\/\/sdf.hr\/wp-content\/uploads\/2023\/10\/Inga-Kukolj-741x1024.jpg 741w, https:\/\/sdf.hr\/wp-content\/uploads\/2023\/10\/Inga-Kukolj-768x1062.jpg 768w, https:\/\/sdf.hr\/wp-content\/uploads\/2023\/10\/Inga-Kukolj-1111x1536.jpg 1111w, https:\/\/sdf.hr\/wp-content\/uploads\/2023\/10\/Inga-Kukolj-1482x2048.jpg 1482w\" sizes=\"auto, (max-width: 1852px) 100vw, 1852px\" \/><figcaption id=\"caption-attachment-3820\" class=\"wp-caption-text\">Inga Kukolj (Foto: Dragan Grozdani\u0107)<\/figcaption><\/figure>\n<p>Inga je energi\u010dna, nikad ne miruje, aktivizam joj je dodijeljen \u010dini se, poput usuda. Oduvijek radi u nevladinom sektoru; isprva u Gra\u010dacu kao \u010dlanica splitskog Dalmatinskog odbora solidarnosti koji je nakon rata devedesetih pru\u017eao pravnu pomo\u0107, zatim je radila i educirala se u nevladinoj humanitarnoj organizaciji &#8220;CARE International&#8221;. Svoja znanja i vje\u0161tine u pisanju projekata i educiranju drugih, prenijela je na Ekolo\u0161ku udrugu &#8220;Krka&#8221; Knin u gradu u kojem je civilna scena ina\u010de vrlo \u017eivahna. Udruga je osnovana krajem 2004., a aktivnije je s radom po\u010dela dvije godine poslije. Trenutno broji 71 \u010dlana, s dvadesetak aktivnih i \u0161estero stalno zaposlenih. Udruga je \u010dlanica koordinacije Zelenog foruma i Mre\u017ee Zelenih telefona, a &#8220;\u017eivi&#8221; dakako od projekata. Osim Inge, koja je uglavnom zadu\u017eena za realizaciju onih ve\u0107ih, tu su i predsjednik udruge <strong>Sre\u010dko Kmeti\u010d<\/strong> i drugi, koje \u0107emo tek upoznati. Godi\u0161nje u prosjeku odrade desetak projekata. No u zadnje vrijeme jako je malo natje\u010daja na temu ekologije, ka\u017ee na\u0161a sugovornica, dodav\u0161i kako upravo nedostaje programa direktno vezanih uz za\u0161titu okoli\u0161a.<\/p>\n<p>&#8211; Postoje natje\u010daji za mlade, u sklopu kojih je propisano da mo\u017eemo s mladima raditi na volonterizmu, ekologiji, pa se onda uklapamo u takav rezon \u2013 ka\u017ee nam.<\/p>\n<p>Pitamo je o \u010demu pri\u010damo kad govorimo o zelenim politikama i klimatskim promjenama. Postoje li danas va\u017enija pitanja od toga?<\/p>\n<p>&#8211; Ne postoje. Mi smo ovdje na kr\u0161u, ima puno podzemnih voda. Moramo \u010duvati prirodu i okoli\u0161 radi budu\u0107nosti na\u0161e djece. \u010culi ste za vara\u017edinski otpad? Svojedobno smo sprije\u010dili da se taj otpad doprema u Knin. Bio je tako\u0111er problem da su se sva minsko-eksplozivna sredstva u dr\u017eavi uni\u0161tavala na poligonu Crvena zemlja ispod Dinare i to smo uspjeli zaustaviti na\u0161om kampanjom &#8220;Dosta nam je mina, za vodu smo iz \u0161pina&#8221; \u2013 navodi nam primjere.<\/p>\n<p>U trenutku kad za\u0111ete u prostor udruge, prvo \u0107ete, kao u nekom dje\u010djem svijetu, primijetiti \u0161arenilo boja \u0161to se zrcale iz knjiga i igra\u010daka na policama. Tu je smje\u0161tena zapravo eko knji\u017enica igra\u010daka, prva takva knji\u017enica u Hrvatskoj, a sli\u010dne su otvorili i u \u0160ibeniku, Karlovcu, Veloj Luci, Sesvetskom Kraljevcu i Promini. Plan je \u010dlanova udruge da taj projekt pro\u0161ire i dalje u Europi. Time nastoje educirati djecu i odrasle o va\u017enosti za\u0161tite okoli\u0161a, o odgovornom gospodarenju otpadom i ponovnoj upotrebi igra\u010daka. Roditelji dakle mogu ondje donijeti igra\u010dke koje \u0107e volonteri udruge zaprimiti, sortirati i izlo\u017eiti na police. Pioniri su ideje eko ku\u0107ica za igra\u010dke koje se tako\u0111er mogu prona\u0107i na gradskim punktovima. Djeca s \u010dlanskim iskaznicama mogu besplatno posuditi po tri igra\u010dke na rok od mjesec dana.<\/p>\n<p>&#8211; Umjesto da bacaju igra\u010dke ljudi nam ih tako\u0111er \u0161alju po\u0161tom. Vi\u0161kove igra\u010daka smo slali i na krizna podru\u010dja pogo\u0111ena potresom i poplavom \u2013 pri\u010da Inga Kukolj.<\/p>\n<figure id=\"attachment_3822\" aria-describedby=\"caption-attachment-3822\" style=\"width: 2454px\" class=\"wp-caption alignnone\"><img loading=\"lazy\" decoding=\"async\" class=\"wp-image-3822 size-full\" src=\"https:\/\/sdf.hr\/wp-content\/uploads\/2023\/10\/Petra-i-Martina.jpg\" alt=\"\" width=\"2454\" height=\"1767\" srcset=\"https:\/\/sdf.hr\/wp-content\/uploads\/2023\/10\/Petra-i-Martina.jpg 2454w, https:\/\/sdf.hr\/wp-content\/uploads\/2023\/10\/Petra-i-Martina-300x216.jpg 300w, https:\/\/sdf.hr\/wp-content\/uploads\/2023\/10\/Petra-i-Martina-1024x737.jpg 1024w, https:\/\/sdf.hr\/wp-content\/uploads\/2023\/10\/Petra-i-Martina-768x553.jpg 768w, https:\/\/sdf.hr\/wp-content\/uploads\/2023\/10\/Petra-i-Martina-1536x1106.jpg 1536w, https:\/\/sdf.hr\/wp-content\/uploads\/2023\/10\/Petra-i-Martina-2048x1475.jpg 2048w\" sizes=\"auto, (max-width: 2454px) 100vw, 2454px\" \/><figcaption id=\"caption-attachment-3822\" class=\"wp-caption-text\">Petra Perli\u0107 i Martina Scelta (Foto: Dragan Grozdani\u0107)<\/figcaption><\/figure>\n<p>Tridesetak je ljudi koji u udruzi volontiraju. Rije\u010d je o mladima do 30 godina, od kojih ve\u0107ina dolazi iz brojnih europskih dr\u017eava za \u0161to je zaslu\u017ean Erasmus program Europskih snaga solidarnosti za mlade. Smje\u0161teni su u domu u sklopu kninskog Veleu\u010dili\u0161ta; poma\u017eu u radu knji\u017enice, organizaciji radionica, pripremi prezentacija&#8230;<\/p>\n<p><strong>Martinu Sceltu<\/strong>, uskoro 27-godi\u0161njakinju, koja u udruzi volontira zamalo sedam mjeseci, pitamo kako se snalazi u Kninu. Po\u010detkom decembra planira povratak ku\u0107i, u selo Sanzo udaljeno dva sata vo\u017enje od Napulja. U tom je gradu ina\u010de, studirala, i lanjskog listopada diplomirala orijentalne jezike (kineski) i me\u0111unarodne odnose.<\/p>\n<p>Pri\u010da nam da joj se grad izuzetno svi\u0111a, voli odlaziti na rijeku Krku, boraviti u prirodi, posje\u0107ivati doga\u0111aje u \u010duvenom kninskom klubu A3, a upoznala je i druge dalmatinske gradove i ljude u njima.<\/p>\n<p>&#8211; Organiziramo razli\u010dite radionice \u010dak i u \u0161kolama, sudjelujemo u zajedni\u010dkim inicijativama u pomo\u0107i osobama s mentalnim i psihi\u010dkim smetnjama (poput Udruge osoba s invaliditetom Sveti Bartolomej, op.a.). Organiziramo aktivnosti integracije i uklju\u010denosti u dru\u0161tvo \u2013 govori Martina.<\/p>\n<p>Premda je vrlo zadovoljna boravkom u Kninu, ostaje joj misliti \u0161to dalje.<\/p>\n<p>&#8211; Mo\u017eda \u0107u prona\u0107i neki posao sli\u010dan ovome na kojem volontiram u Kninu, vezan za neki vid dru\u0161tvenog anga\u017emana u smislu solidarnosti. E sad, ho\u0107u li nakon povratka ostati u Italiji ili i\u0107i negdje drugdje, i to valja vidjeti. Preciznije bi bilo re\u0107i da jo\u0161 uvijek ne znam \u0161to bih i \u0161to \u0107u raditi nadalje \u2013 ka\u017ee nam Martina.<\/p>\n<p>Obilazimo tako\u0111er eko ku\u0107ice za knjige koje su postavljene i ispred vrti\u0107a i \u0161kola. Knjige, pri\u010da nam <strong>Petra Perli\u0107<\/strong>, ina\u010de ve\u0107 dvije godine stalno zaposlena u udruzi, slu\u017ee za razmjenu, posudbu, i tako ukrug. Virimo i na koricama bilje\u017eimo knjigu <strong>Scotta Fitzgeralda<\/strong>.<\/p>\n<p>&#8211;\u00a0 Za mene je odli\u010dno \u017eivjeti i raditi u Kninu. Blizu su i \u0160ibenik, i Zadar, i Split, ako se po\u017eelite ve\u0107eg grada. Udruzi me privuklo to \u0161to puno ula\u017ee u zajednicu. Sve \u0161to rade \u010dine s mi\u0161lju da nekome pomognu. Ne rade samo ekolo\u0161ke stvari ve\u0107 i stvari za mlade, starije i one slabijeg imovnog stanja. Motiv je rad za zajednicu \u2013 govori Petra.<\/p>\n<p>Sjedimo zatim u takozvanoj u\u010dionici na otvorenom, ispred Osnovne \u0161kole Domovinske zahvalnosti, koju je osmislila tako\u0111er kninska udruga.<\/p>\n<p>&#8211; To mi je bio najdra\u017ei projekt \u2013 ka\u017ee nam Petra Perli\u0107, koja je ina\u010de zavr\u0161ila program za vo\u0111enje projekata.<\/p>\n<p><strong>Maja Kutla\u010da<\/strong> od 2018. godine mentorira volontere, a nekada je i sama u udruzi volontirala. Prvi volonteri pristigli su, pri\u010da nam, u studenome 2019. godine, a boravili su ondje i za cijelo vrijeme progla\u0161enja karantene zbog Covida 19.<\/p>\n<figure id=\"attachment_3824\" aria-describedby=\"caption-attachment-3824\" style=\"width: 1995px\" class=\"wp-caption alignnone\"><img loading=\"lazy\" decoding=\"async\" class=\"wp-image-3824 size-full\" src=\"https:\/\/sdf.hr\/wp-content\/uploads\/2023\/10\/Maja-Kutlaca-scaled.jpg\" alt=\"\" width=\"1995\" height=\"2560\" srcset=\"https:\/\/sdf.hr\/wp-content\/uploads\/2023\/10\/Maja-Kutlaca-scaled.jpg 1995w, https:\/\/sdf.hr\/wp-content\/uploads\/2023\/10\/Maja-Kutlaca-234x300.jpg 234w, https:\/\/sdf.hr\/wp-content\/uploads\/2023\/10\/Maja-Kutlaca-798x1024.jpg 798w, https:\/\/sdf.hr\/wp-content\/uploads\/2023\/10\/Maja-Kutlaca-768x986.jpg 768w, https:\/\/sdf.hr\/wp-content\/uploads\/2023\/10\/Maja-Kutlaca-1197x1536.jpg 1197w, https:\/\/sdf.hr\/wp-content\/uploads\/2023\/10\/Maja-Kutlaca-1596x2048.jpg 1596w\" sizes=\"auto, (max-width: 1995px) 100vw, 1995px\" \/><figcaption id=\"caption-attachment-3824\" class=\"wp-caption-text\">Maja Kutla\u010da (Foto: Dragan Grozdani\u0107)<\/figcaption><\/figure>\n<p>&#8211; Recimo, na\u0161 volonter iz Portugala je nedugo nakon toga krenuo sa \u0161kolom hip hopa, koju je posje\u0107ivalo desetak djece na tjednoj bazi. Kako smo ostali u kontaktu znam da danas putuje svijetom, ima svoju hip hop grupu s kojom sudjeluje na natjecanjima. Jedan volonter iz Francuske je primjerice u pismu namjere prije dolaska iskazao tek \u017eelju da nau\u010di hrvatski jezik. Na kraju je kod nas ostao godinu dana, nije nau\u010dio hrvatski, ali jest mnogo drugih stvari za koje prvobitno nije iskazao \u017eelju. Martina je nakon mjesec dana rekla da zapravo \u017eeli studirati biologiju i jako se zainteresirala za civilni sektor. Imala bi \u017eelju raditi na ovakvim i sli\u010dnim projektima\u00a0 \u2013 ispri\u010dala nam je Maja volonterske anegdote.<\/p>\n<p>U fokusu je zapravo njihovo u\u010denje i integracija. Na kraju zajedno potpisuju certifikat o ste\u010denim kompetencijama (<em>youth pass<\/em>). Maja ka\u017ee da je te\u0161ko zamisliti rad udruge bez volontera.<\/p>\n<p>&#8211; Osobno nisam osoba koja je ne\u0161to putovala, ali imam osje\u0107aj da sam proputovala mnogo dr\u017eava, nau\u010dila jednako tako o kulturi, \u017eivotu, tradiciji, upravo zbog na\u0161ih volontera. A kako povodimo puno aktivnosti u \u0161kolama, vrti\u0107ima i drugim organizacijama, udrugama i institucijama, super mi je da nam se i djeca ne libe pridru\u017eiti. Kad shvate da na\u0161i volonteri govore engleski jezik, nelagoda nestaje bez obzira na njihovu dob \u2013 pri\u010da Maja.<\/p>\n<p>Od tako\u0111er va\u017enijih dru\u0161tvenih akcija kninska je ekolo\u0161ka udruga nositelj projekta &#8220;Za\u017eeli&#8221; (za koji se prijavljuje i teku\u0107u jesen) preko kojeg se zapo\u0161ljavaju \u017eene koje posje\u0107uju i poma\u017eu starije osobe u \u017eupaniji, \u010desto u ruralnim i te\u017ee dostupnim podru\u010djima, kakvih ondje ne nedostaje. Poznata je i lanjska akcija udruge u sklopu projekta &#8220;Sitno, ali bitno&#8221;, kada su \u010dlanovi i volonteri na \u0161ibenskim pla\u017eama dijelili eko-bin posudice za opu\u0161ke i drugi sitni otpad, izra\u0111ene od polipropilena, dakle reciklirane i negorive plastike koja se nanovo mo\u017ee reciklirati.<\/p>\n<p>Iz udruge poru\u010duju da su uvijek otvoreni za prijedloge gra\u0111ana kako bi razvijali projekte i akcije va\u017ene za za\u0161titu okoli\u0161a i odr\u017eivi razvoj zajednice.<\/p>\n<p>U gradu koji le\u017ei na sedam rijeka, kako to isti\u010du u udruzi (Krka, Kr\u010di\u0107, Kosov\u010dica, Ora\u0161nica, Buti\u017enica, Radljevac i Mar\u010dinkovac), \u017eelja nam je bila posjetiti i Ekolo\u0161ko-informativni centar Krka, na lijevoj obali te jedine plovne rijeke. Centar je tako\u0111er pod ingerencijom udruge, no ondje trenutno traje pauza nakon dobre ljetne sezone. Vrata \u0107emo o\u010dito morati otklju\u010dati nekom drugom prilikom.<\/p>\n<p><em>pi\u0161e Dragan Grozdani\u0107<\/em><\/p>\n","protected":false},"excerpt":{"rendered":"<p>Ekolo\u0161ka udruga &#8220;Krka&#8221; Knin lani je realizirala postavljanje \u010desmi s pitkom vodom na pet javnih povr\u0161ina, a to je samo jedan od desetak projekata godi\u0161nje kojima doprinosi zajednici, uz pomo\u0107 volontera iz cijele Europe. &#8220;Motiv je rad za zajednicu&#8221;, poru\u010duju iz &#8220;Krke&#8221;<\/p>\n","protected":false},"featured_media":3819,"template":"","tags":[131],"atribut":[],"class_list":["post-3826","nada","type-nada","status-publish","has-post-thumbnail","hentry","tag-reportaza"],"acf":[],"yoast_head":"<!-- This site is optimized with the Yoast SEO plugin v27.4 - https:\/\/yoast.com\/product\/yoast-seo-wordpress\/ -->\n<title>Aktivisti\u010dka vedrina iz Knina - SDF - Srpski demokratski forum<\/title>\n<meta name=\"robots\" content=\"index, follow, max-snippet:-1, max-image-preview:large, max-video-preview:-1\" \/>\n<link rel=\"canonical\" href=\"https:\/\/sdf.hr\/nada\/aktivisticka-vedrina-iz-knina\/\" \/>\n<meta property=\"og:locale\" content=\"hr_HR\" \/>\n<meta property=\"og:type\" content=\"article\" \/>\n<meta property=\"og:title\" content=\"Aktivisti\u010dka vedrina iz Knina - SDF - Srpski demokratski forum\" \/>\n<meta property=\"og:description\" content=\"Ekolo\u0161ka udruga &quot;Krka&quot; Knin lani je realizirala postavljanje \u010desmi s pitkom vodom na pet javnih povr\u0161ina, a to je samo jedan od desetak projekata godi\u0161nje kojima doprinosi zajednici, uz pomo\u0107 volontera iz cijele Europe. &quot;Motiv je rad za zajednicu&quot;, poru\u010duju iz &quot;Krke&quot;\" \/>\n<meta property=\"og:url\" content=\"https:\/\/sdf.hr\/nada\/aktivisticka-vedrina-iz-knina\/\" \/>\n<meta property=\"og:site_name\" content=\"SDF - Srpski demokratski forum\" \/>\n<meta property=\"og:image\" content=\"https:\/\/sdf.hr\/wp-content\/uploads\/2023\/10\/Krka-Knin-akcija_Hrvoje-Jelavic-scaled.jpg\" \/>\n\t<meta property=\"og:image:width\" content=\"2560\" \/>\n\t<meta property=\"og:image:height\" content=\"1705\" \/>\n\t<meta property=\"og:image:type\" content=\"image\/jpeg\" \/>\n<meta name=\"twitter:card\" content=\"summary_large_image\" \/>\n<meta name=\"twitter:label1\" content=\"Procijenjeno vrijeme \u010ditanja\" \/>\n\t<meta name=\"twitter:data1\" content=\"9 minuta\" \/>\n<script type=\"application\/ld+json\" class=\"yoast-schema-graph\">{\"@context\":\"https:\\\/\\\/schema.org\",\"@graph\":[{\"@type\":\"WebPage\",\"@id\":\"https:\\\/\\\/sdf.hr\\\/nada\\\/aktivisticka-vedrina-iz-knina\\\/\",\"url\":\"https:\\\/\\\/sdf.hr\\\/nada\\\/aktivisticka-vedrina-iz-knina\\\/\",\"name\":\"Aktivisti\u010dka vedrina iz Knina - SDF - Srpski demokratski forum\",\"isPartOf\":{\"@id\":\"https:\\\/\\\/sdf.hr\\\/#website\"},\"primaryImageOfPage\":{\"@id\":\"https:\\\/\\\/sdf.hr\\\/nada\\\/aktivisticka-vedrina-iz-knina\\\/#primaryimage\"},\"image\":{\"@id\":\"https:\\\/\\\/sdf.hr\\\/nada\\\/aktivisticka-vedrina-iz-knina\\\/#primaryimage\"},\"thumbnailUrl\":\"https:\\\/\\\/sdf.hr\\\/wp-content\\\/uploads\\\/2023\\\/10\\\/Krka-Knin-akcija_Hrvoje-Jelavic-scaled.jpg\",\"datePublished\":\"2023-11-01T09:00:42+00:00\",\"breadcrumb\":{\"@id\":\"https:\\\/\\\/sdf.hr\\\/nada\\\/aktivisticka-vedrina-iz-knina\\\/#breadcrumb\"},\"inLanguage\":\"hr\",\"potentialAction\":[{\"@type\":\"ReadAction\",\"target\":[\"https:\\\/\\\/sdf.hr\\\/nada\\\/aktivisticka-vedrina-iz-knina\\\/\"]}]},{\"@type\":\"ImageObject\",\"inLanguage\":\"hr\",\"@id\":\"https:\\\/\\\/sdf.hr\\\/nada\\\/aktivisticka-vedrina-iz-knina\\\/#primaryimage\",\"url\":\"https:\\\/\\\/sdf.hr\\\/wp-content\\\/uploads\\\/2023\\\/10\\\/Krka-Knin-akcija_Hrvoje-Jelavic-scaled.jpg\",\"contentUrl\":\"https:\\\/\\\/sdf.hr\\\/wp-content\\\/uploads\\\/2023\\\/10\\\/Krka-Knin-akcija_Hrvoje-Jelavic-scaled.jpg\",\"width\":2560,\"height\":1705,\"caption\":\"\u010clanovi udruge u jednoj od akcija (Foto: Hrvoje Jelavi\u0107\\\/PIXSELL)\"},{\"@type\":\"BreadcrumbList\",\"@id\":\"https:\\\/\\\/sdf.hr\\\/nada\\\/aktivisticka-vedrina-iz-knina\\\/#breadcrumb\",\"itemListElement\":[{\"@type\":\"ListItem\",\"position\":1,\"name\":\"Po\u010detna stranica\",\"item\":\"https:\\\/\\\/sdf.hr\\\/hr\\\/\"},{\"@type\":\"ListItem\",\"position\":2,\"name\":\"Nada\",\"item\":\"https:\\\/\\\/sdf.hr\\\/nada\\\/\"},{\"@type\":\"ListItem\",\"position\":3,\"name\":\"Aktivisti\u010dka vedrina iz Knina\"}]},{\"@type\":\"WebSite\",\"@id\":\"https:\\\/\\\/sdf.hr\\\/#website\",\"url\":\"https:\\\/\\\/sdf.hr\\\/\",\"name\":\"SDF - Srpski demokratski forum\",\"description\":\"Srpski demokratski forum\",\"publisher\":{\"@id\":\"https:\\\/\\\/sdf.hr\\\/#organization\"},\"potentialAction\":[{\"@type\":\"SearchAction\",\"target\":{\"@type\":\"EntryPoint\",\"urlTemplate\":\"https:\\\/\\\/sdf.hr\\\/?s={search_term_string}\"},\"query-input\":{\"@type\":\"PropertyValueSpecification\",\"valueRequired\":true,\"valueName\":\"search_term_string\"}}],\"inLanguage\":\"hr\"},{\"@type\":\"Organization\",\"@id\":\"https:\\\/\\\/sdf.hr\\\/#organization\",\"name\":\"SDF - Srpski demokratski forum\",\"url\":\"https:\\\/\\\/sdf.hr\\\/\",\"logo\":{\"@type\":\"ImageObject\",\"inLanguage\":\"hr\",\"@id\":\"https:\\\/\\\/sdf.hr\\\/#\\\/schema\\\/logo\\\/image\\\/\",\"url\":\"https:\\\/\\\/sdf.hr\\\/wp-content\\\/uploads\\\/2021\\\/07\\\/logo-hr.svg\",\"contentUrl\":\"https:\\\/\\\/sdf.hr\\\/wp-content\\\/uploads\\\/2021\\\/07\\\/logo-hr.svg\",\"width\":271,\"height\":100,\"caption\":\"SDF - Srpski demokratski forum\"},\"image\":{\"@id\":\"https:\\\/\\\/sdf.hr\\\/#\\\/schema\\\/logo\\\/image\\\/\"}}]}<\/script>\n<!-- \/ Yoast SEO plugin. -->","yoast_head_json":{"title":"Aktivisti\u010dka vedrina iz Knina - SDF - Srpski demokratski forum","robots":{"index":"index","follow":"follow","max-snippet":"max-snippet:-1","max-image-preview":"max-image-preview:large","max-video-preview":"max-video-preview:-1"},"canonical":"https:\/\/sdf.hr\/nada\/aktivisticka-vedrina-iz-knina\/","og_locale":"hr_HR","og_type":"article","og_title":"Aktivisti\u010dka vedrina iz Knina - SDF - Srpski demokratski forum","og_description":"Ekolo\u0161ka udruga \"Krka\" Knin lani je realizirala postavljanje \u010desmi s pitkom vodom na pet javnih povr\u0161ina, a to je samo jedan od desetak projekata godi\u0161nje kojima doprinosi zajednici, uz pomo\u0107 volontera iz cijele Europe. \"Motiv je rad za zajednicu\", poru\u010duju iz \"Krke\"","og_url":"https:\/\/sdf.hr\/nada\/aktivisticka-vedrina-iz-knina\/","og_site_name":"SDF - Srpski demokratski forum","og_image":[{"width":2560,"height":1705,"url":"https:\/\/sdf.hr\/wp-content\/uploads\/2023\/10\/Krka-Knin-akcija_Hrvoje-Jelavic-scaled.jpg","type":"image\/jpeg"}],"twitter_card":"summary_large_image","twitter_misc":{"Procijenjeno vrijeme \u010ditanja":"9 minuta"},"schema":{"@context":"https:\/\/schema.org","@graph":[{"@type":"WebPage","@id":"https:\/\/sdf.hr\/nada\/aktivisticka-vedrina-iz-knina\/","url":"https:\/\/sdf.hr\/nada\/aktivisticka-vedrina-iz-knina\/","name":"Aktivisti\u010dka vedrina iz Knina - SDF - Srpski demokratski forum","isPartOf":{"@id":"https:\/\/sdf.hr\/#website"},"primaryImageOfPage":{"@id":"https:\/\/sdf.hr\/nada\/aktivisticka-vedrina-iz-knina\/#primaryimage"},"image":{"@id":"https:\/\/sdf.hr\/nada\/aktivisticka-vedrina-iz-knina\/#primaryimage"},"thumbnailUrl":"https:\/\/sdf.hr\/wp-content\/uploads\/2023\/10\/Krka-Knin-akcija_Hrvoje-Jelavic-scaled.jpg","datePublished":"2023-11-01T09:00:42+00:00","breadcrumb":{"@id":"https:\/\/sdf.hr\/nada\/aktivisticka-vedrina-iz-knina\/#breadcrumb"},"inLanguage":"hr","potentialAction":[{"@type":"ReadAction","target":["https:\/\/sdf.hr\/nada\/aktivisticka-vedrina-iz-knina\/"]}]},{"@type":"ImageObject","inLanguage":"hr","@id":"https:\/\/sdf.hr\/nada\/aktivisticka-vedrina-iz-knina\/#primaryimage","url":"https:\/\/sdf.hr\/wp-content\/uploads\/2023\/10\/Krka-Knin-akcija_Hrvoje-Jelavic-scaled.jpg","contentUrl":"https:\/\/sdf.hr\/wp-content\/uploads\/2023\/10\/Krka-Knin-akcija_Hrvoje-Jelavic-scaled.jpg","width":2560,"height":1705,"caption":"\u010clanovi udruge u jednoj od akcija (Foto: Hrvoje Jelavi\u0107\/PIXSELL)"},{"@type":"BreadcrumbList","@id":"https:\/\/sdf.hr\/nada\/aktivisticka-vedrina-iz-knina\/#breadcrumb","itemListElement":[{"@type":"ListItem","position":1,"name":"Po\u010detna stranica","item":"https:\/\/sdf.hr\/hr\/"},{"@type":"ListItem","position":2,"name":"Nada","item":"https:\/\/sdf.hr\/nada\/"},{"@type":"ListItem","position":3,"name":"Aktivisti\u010dka vedrina iz Knina"}]},{"@type":"WebSite","@id":"https:\/\/sdf.hr\/#website","url":"https:\/\/sdf.hr\/","name":"SDF - Srpski demokratski forum","description":"Srpski demokratski forum","publisher":{"@id":"https:\/\/sdf.hr\/#organization"},"potentialAction":[{"@type":"SearchAction","target":{"@type":"EntryPoint","urlTemplate":"https:\/\/sdf.hr\/?s={search_term_string}"},"query-input":{"@type":"PropertyValueSpecification","valueRequired":true,"valueName":"search_term_string"}}],"inLanguage":"hr"},{"@type":"Organization","@id":"https:\/\/sdf.hr\/#organization","name":"SDF - Srpski demokratski forum","url":"https:\/\/sdf.hr\/","logo":{"@type":"ImageObject","inLanguage":"hr","@id":"https:\/\/sdf.hr\/#\/schema\/logo\/image\/","url":"https:\/\/sdf.hr\/wp-content\/uploads\/2021\/07\/logo-hr.svg","contentUrl":"https:\/\/sdf.hr\/wp-content\/uploads\/2021\/07\/logo-hr.svg","width":271,"height":100,"caption":"SDF - Srpski demokratski forum"},"image":{"@id":"https:\/\/sdf.hr\/#\/schema\/logo\/image\/"}}]}},"_links":{"self":[{"href":"https:\/\/sdf.hr\/hr\/wp-json\/wp\/v2\/nada\/3826","targetHints":{"allow":["GET"]}}],"collection":[{"href":"https:\/\/sdf.hr\/hr\/wp-json\/wp\/v2\/nada"}],"about":[{"href":"https:\/\/sdf.hr\/hr\/wp-json\/wp\/v2\/types\/nada"}],"wp:featuredmedia":[{"embeddable":true,"href":"https:\/\/sdf.hr\/hr\/wp-json\/wp\/v2\/media\/3819"}],"wp:attachment":[{"href":"https:\/\/sdf.hr\/hr\/wp-json\/wp\/v2\/media?parent=3826"}],"wp:term":[{"taxonomy":"post_tag","embeddable":true,"href":"https:\/\/sdf.hr\/hr\/wp-json\/wp\/v2\/tags?post=3826"},{"taxonomy":"atribut","embeddable":true,"href":"https:\/\/sdf.hr\/hr\/wp-json\/wp\/v2\/atribut?post=3826"}],"curies":[{"name":"wp","href":"https:\/\/api.w.org\/{rel}","templated":true}]}}