{"id":3832,"date":"2023-11-03T11:00:24","date_gmt":"2023-11-03T10:00:24","guid":{"rendered":"https:\/\/sdf.hr\/nada\/sto-je-roman-nego-fantazija\/"},"modified":"2023-11-03T11:00:41","modified_gmt":"2023-11-03T10:00:41","slug":"sto-je-roman-nego-fantazija","status":"publish","type":"nada","link":"https:\/\/sdf.hr\/hr\/nada\/sto-je-roman-nego-fantazija\/","title":{"rendered":"\u0160to je roman nego fantazija"},"content":{"rendered":"<p>&#8220;Sjena Jantarnog mora&#8221; debitantski je roman autorice <strong>Franke Bla\u017ei\u0107<\/strong>, Rije\u010danke i kulturologinje koja se tijekom i nakon studija bavila raznim poslovima u podru\u010dju kulture i medija. Roman epske fantastike, prva knjiga u serijalu &#8220;Anara&#8221;, objavljen je ove godine u nakladi izdava\u010dke ku\u0107e Cranium, a govori o raskolu dvaju svjetova, Anare i Meresa, uzrokovanom razornim potresom. Pri\u010da prati Elin, mladu djevojku \u010diji se \u017eivot mijenja nakon prelaska iz Meresa u Anaru, gdje postaje \u010dlanicom anarijskog Vije\u0107a. Kao pripadnica Vije\u0107a, Elin upoznaje zajednicu koja za razliku od njezine ve\u0107 desetlje\u0107ima \u017eivi u skladu.<\/p>\n<p>Na ideju za pri\u010du Franka je do\u0161la prije sedam godina, ali je bilo potrebno puno vremena da se odva\u017ei razraditi je do kraja.<\/p>\n<p>&#8211; Prije svega sam htjela napisati pri\u010du o liku koji se na\u0111e u novoj okolini i dru\u0161tvu s potpuno druk\u010dijim obi\u010dajima, prioritetima i razmi\u0161ljanjima. Budu\u0107i da nisam bila u mogu\u0107nosti provesti neko vrijeme u takvoj zemlji, preostalo mi je izmisliti ju. Osim toga, obo\u017eavatelj sam <em>fantasyja<\/em> i znanstvene fantastike. Za razliku od nekih drugih pri\u010da, Anara je tekla i rasla, i nisam je htjela pustiti \u2013 govori nam Franka.<\/p>\n<p>Specifi\u010dnost \u017eanra epske fantastike upravo je u procesu izgradnje cijelog jednog svijeta (<em>worldbuilding<\/em>) iz temelja, za \u0161to Franka ka\u017ee da je zahtjevan, ali jako uzbudljiv i zanimljiv proces. Anaru je zamislila kao svijet koji se razlikuje od na\u0161eg po pitanju prioriteta, strukture dru\u0161tva, vjerovanja, odnosa kolektiva prema prirodi i \u017eivotinjama, a u njemu je vidjela i djelomi\u010dne sli\u010dnosti sa pojedinim stvarnim zajednicama u svijetu. No, kako nam govori, na funkcioniranje svijeta u romanima utje\u010de i glavni element fantastike koji spisateljica <strong>N. K. Jemisin<\/strong> naziva elementom &#8220;X&#8221;. On ozna\u010dava temeljnu neobi\u010dnost i razliku od na\u0161eg svijeta, a u slu\u010daju Anare to je Heunidino stablo koje pohranjuje misli i pojedincu omogu\u0107ava svojevrsno otvaranje uma drugima.<\/p>\n<p>&#8211; Struktura dru\u0161tva i podjele u Anari uvjetovane su tim fantasti\u010dnim elementom, Heunidinim stablom, i svime \u0161to njegovo postojanje podrazumijeva. Prvi dio romana prikazuje mir i ravnopravnost u Anari, kao i \u017eelju Vije\u0107a da se takvo stanje odr\u017ei; pa \u010dak i ako zbog toga moraju sprije\u010diti dotok odre\u0111enih misli i ideja u Heunidino stablo koje ih tako mo\u017ee \u0161iriti dalje. Me\u0111utim, ako u fiktivnom, kao i stvarnom svijetu, vrijedi da sve na neki na\u010din ima cijenu, onda i to nastojanje da se stablo zadr\u017ei &#8220;\u010distim&#8221; ima svoje posljedice \u2013 obja\u0161njava nam.<\/p>\n<p>Mo\u017ee se povu\u0107i paralela s poja\u010danom komunikacijom i dijeljenjem mi\u0161ljenja i informacija nakon pojave dru\u0161tvenih mre\u017ea, ali kako obja\u0161njava Franka, Heunidino stablo tako\u0111er mo\u017ee predstavljati i kolektivno znanje koje imamo kao dru\u0161tvo. Navika i tradicija povezivanja Anarijaca s Heunidinim stablom je razlog njihove izra\u017eene empatije, na \u0161to autorica postavlja pitanje o dosezima i temeljima na\u0161e empatije. U kojoj mjeri mo\u017eemo biti empati\u010dni prema onima \u010diju sudbinu nismo osjetili na vlastitoj ko\u017ei i koliko je va\u017eno da poku\u0161amo u\u010diniti?<\/p>\n<p><img loading=\"lazy\" decoding=\"async\" class=\"alignnone wp-image-3830 size-full\" src=\"https:\/\/sdf.hr\/wp-content\/uploads\/2023\/11\/Franka-roman.jpg\" alt=\"\" width=\"1500\" height=\"1150\" srcset=\"https:\/\/sdf.hr\/wp-content\/uploads\/2023\/11\/Franka-roman.jpg 1500w, https:\/\/sdf.hr\/wp-content\/uploads\/2023\/11\/Franka-roman-300x230.jpg 300w, https:\/\/sdf.hr\/wp-content\/uploads\/2023\/11\/Franka-roman-1024x785.jpg 1024w, https:\/\/sdf.hr\/wp-content\/uploads\/2023\/11\/Franka-roman-768x589.jpg 768w\" sizes=\"auto, (max-width: 1500px) 100vw, 1500px\" \/><\/p>\n<p>&#8211; Tijekom velikog potresa u pro\u0161losti, uru\u0161io se prolaz u Jantarnom moru koji je povezivao Anaru i Meres. Njihova razdvojenost nije tako jednostavna kao \u0161to oba naroda misle. Elin prelazi iz Meresa u Anaru, \u0161to je samo po sebi te\u0161ko ostvarivo, a nedugo nakon toga je progla\u0161ena pripadnicom Vije\u0107a. To izaziva mnoga pitanja, ali i neodobravanja, \u0161to joj dozvoljava da sazna ne\u0161to vi\u0161e o stavu Anare prema njenoj zemlji. Elin je u Meresu odrasla u druk\u010dijim, surovijim uvjetima, pa poku\u0161ava i otkriti za\u0161to je do\u0161lo do takve razlike nakon razdvajanja svjetova \u2013 govori Franka.<\/p>\n<p>Franka obja\u0161njava kako Anara nikako nije preslika na\u0161e realnosti, ali nije ni poku\u0161aj stvaranja ne\u010deg boljeg.<\/p>\n<p>&#8211; Zbog nekih elemenata po\u017eelim \u017eivjeti u Anari, zbog nekih me na tu pomisao pro\u0111u trnci, a neki (kao \u0161to su npr. stavovi pojedinih \u017eenskih likova) su nastali kao rezultat razmi\u0161ljanja o rodnom identitetu, pitanju srama i otvorenosti, prirodi ljubavnih odnosa i sli\u010dnim temama \u2013 ka\u017ee Franka te dodaje kako <em>fantasy<\/em> \u017eanr pru\u017ea mnogo prostora za bavljenje va\u017enim tematikama.<\/p>\n<p>&#8211; Mo\u017eda govorimo o fiktivnim svjetovima, ali to samo zna\u010di da pisac ima vi\u0161e alata i na\u010dina kojima mo\u017ee pristupiti nekoj temi. Kroz moj roman se prote\u017eu teme ekologije (kao \u0161to je odnos \u010dovjeka prema svom stani\u0161tu, \u017eivotinjama i prehrani), uloge pojedinaca u zajednici i njihove isprepletenosti, prirode sukoba, i onoga \u0161to mo\u017eda objedinjuje sve navedeno, a to je empatija. <em>Fantasy<\/em> romani mogu biti zabavni i uzbudljivi, ali mislim da je va\u017eno znati iza koje poruke autorski stoji\u0161. Va\u017eno je kroz ma\u0161tu i pri\u010de postavljati i poticati pitanja; o dru\u0161tvu, sebi, svijetu, onome \u0161to jesmo, onome \u0161to \u017eelimo postati\u2026 To je, po mom mi\u0161ljenju, jedna od uloga knji\u017eevnosti op\u0107enito \u2013 obja\u0161njava Franka.<\/p>\n<p>O statusu <em>fantasy<\/em> \u017eanra na doma\u0107oj knji\u017eevnoj sceni svjedo\u010di to \u0161to pored naklade Cranium, nema drugih nakladnika \u010diji su primarni ciljevi objavljivanje doma\u0107ih neafirmiranih autora znanstvene i epske fantastike.<\/p>\n<p>&#8211; \u0160to se ti\u010de doma\u0107e knji\u017eevne scene, ne znam objasniti manju prisutnost spekulativne fikcije i \u017eanra op\u0107enito. Iako, nakon pronalaska izdava\u010da i objave &#8220;Anare&#8221;, upoznala sam i saznala za neke divne doma\u0107e autorice i autore SF-a. Vjerujem da se stvari polako mijenjaju, ali vidjet \u0107emo ho\u0107e li se tako skoro SF romani penjati na vrhove top lista kao \u0161to to \u010desto bude u svijetu \u2013 govori nam.<\/p>\n<p>Franka je ljubav prema pisanju otkrila u djetinjstvu, a iako na svom laptopu ima sa\u010duvanih raznih pri\u010da, niti jedna ju nije obuzela kao &#8220;Anara&#8221;. Trenutno pi\u0161e za razne portale, uglavnom recenzije knjiga.<\/p>\n<p>&#8211; To je posao koji zahtijeva lako\u0107u izra\u017eavanja, ali i poznavanje \u0161ireg spektra tema i kriti\u010dku crtu, tako da su mi kulturologija i rad u medijima definitivno pomogli da do\u0111em do tog posla. Naravno da sanjarim o tome da se jednog dana potpuno posvetim knji\u017eevnosti, ali taj put je dug. Kada prohodam jo\u0161 koji kilometar mo\u017eda \u0107u znati bolje odgovoriti na pitanje o tome koliko je sve to mogu\u0107e \u2013 zaklju\u010duje Franka.<\/p>\n<p><em>pi\u0161e Katarina Bo\u0161njak<\/em><\/p>\n","protected":false},"excerpt":{"rendered":"<p>Fantasy romani mogu biti zabavni i uzbudljivi, ali mislim da je va\u017eno znati iza koje poruke autorski stoji\u0161, ka\u017ee Franka Bla\u017ei\u0107 \u010diji debitantski roman &#8220;Anara \u2013 Sjena Jantarnog mora&#8221; govori o raskolu dvaju svjetova<\/p>\n","protected":false},"featured_media":3829,"template":"","tags":[136],"atribut":[],"class_list":["post-3832","nada","type-nada","status-publish","has-post-thumbnail","hentry","tag-portret"],"acf":[],"yoast_head":"<!-- This site is optimized with the Yoast SEO plugin v27.4 - https:\/\/yoast.com\/product\/yoast-seo-wordpress\/ -->\n<title>\u0160to je roman nego fantazija - SDF - Srpski demokratski forum<\/title>\n<meta name=\"robots\" content=\"index, follow, max-snippet:-1, max-image-preview:large, max-video-preview:-1\" \/>\n<link rel=\"canonical\" href=\"https:\/\/sdf.hr\/hr\/nada\/sto-je-roman-nego-fantazija\/\" \/>\n<meta property=\"og:locale\" content=\"hr_HR\" \/>\n<meta property=\"og:type\" content=\"article\" \/>\n<meta property=\"og:title\" content=\"\u0160to je roman nego fantazija - SDF - Srpski demokratski forum\" \/>\n<meta property=\"og:description\" content=\"Fantasy romani mogu biti zabavni i uzbudljivi, ali mislim da je va\u017eno znati iza koje poruke autorski stoji\u0161, ka\u017ee Franka Bla\u017ei\u0107 \u010diji debitantski roman &quot;Anara \u2013 Sjena Jantarnog mora&quot; govori o raskolu dvaju svjetova\" \/>\n<meta property=\"og:url\" content=\"https:\/\/sdf.hr\/hr\/nada\/sto-je-roman-nego-fantazija\/\" \/>\n<meta property=\"og:site_name\" content=\"SDF - Srpski demokratski forum\" \/>\n<meta property=\"article:modified_time\" content=\"2023-11-03T10:00:41+00:00\" \/>\n<meta property=\"og:image\" content=\"https:\/\/sdf.hr\/wp-content\/uploads\/2023\/11\/Franka-Blazevic-scaled.jpg\" \/>\n\t<meta property=\"og:image:width\" content=\"2560\" \/>\n\t<meta property=\"og:image:height\" content=\"1707\" \/>\n\t<meta property=\"og:image:type\" content=\"image\/jpeg\" \/>\n<meta name=\"twitter:card\" content=\"summary_large_image\" \/>\n<meta name=\"twitter:label1\" content=\"Procijenjeno vrijeme \u010ditanja\" \/>\n\t<meta name=\"twitter:data1\" content=\"5 minuta\" \/>\n<script type=\"application\/ld+json\" class=\"yoast-schema-graph\">{\"@context\":\"https:\\\/\\\/schema.org\",\"@graph\":[{\"@type\":\"WebPage\",\"@id\":\"https:\\\/\\\/sdf.hr\\\/hr\\\/nada\\\/sto-je-roman-nego-fantazija\\\/\",\"url\":\"https:\\\/\\\/sdf.hr\\\/hr\\\/nada\\\/sto-je-roman-nego-fantazija\\\/\",\"name\":\"\u0160to je roman nego fantazija - SDF - Srpski demokratski forum\",\"isPartOf\":{\"@id\":\"https:\\\/\\\/sdf.hr\\\/#website\"},\"primaryImageOfPage\":{\"@id\":\"https:\\\/\\\/sdf.hr\\\/hr\\\/nada\\\/sto-je-roman-nego-fantazija\\\/#primaryimage\"},\"image\":{\"@id\":\"https:\\\/\\\/sdf.hr\\\/hr\\\/nada\\\/sto-je-roman-nego-fantazija\\\/#primaryimage\"},\"thumbnailUrl\":\"https:\\\/\\\/sdf.hr\\\/wp-content\\\/uploads\\\/2023\\\/11\\\/Franka-Blazevic-scaled.jpg\",\"datePublished\":\"2023-11-03T10:00:24+00:00\",\"dateModified\":\"2023-11-03T10:00:41+00:00\",\"breadcrumb\":{\"@id\":\"https:\\\/\\\/sdf.hr\\\/hr\\\/nada\\\/sto-je-roman-nego-fantazija\\\/#breadcrumb\"},\"inLanguage\":\"hr\",\"potentialAction\":[{\"@type\":\"ReadAction\",\"target\":[\"https:\\\/\\\/sdf.hr\\\/hr\\\/nada\\\/sto-je-roman-nego-fantazija\\\/\"]}]},{\"@type\":\"ImageObject\",\"inLanguage\":\"hr\",\"@id\":\"https:\\\/\\\/sdf.hr\\\/hr\\\/nada\\\/sto-je-roman-nego-fantazija\\\/#primaryimage\",\"url\":\"https:\\\/\\\/sdf.hr\\\/wp-content\\\/uploads\\\/2023\\\/11\\\/Franka-Blazevic-scaled.jpg\",\"contentUrl\":\"https:\\\/\\\/sdf.hr\\\/wp-content\\\/uploads\\\/2023\\\/11\\\/Franka-Blazevic-scaled.jpg\",\"width\":2560,\"height\":1707,\"caption\":\"Franka Bla\u017ei\u0107\"},{\"@type\":\"BreadcrumbList\",\"@id\":\"https:\\\/\\\/sdf.hr\\\/hr\\\/nada\\\/sto-je-roman-nego-fantazija\\\/#breadcrumb\",\"itemListElement\":[{\"@type\":\"ListItem\",\"position\":1,\"name\":\"Po\u010detna stranica\",\"item\":\"https:\\\/\\\/sdf.hr\\\/hr\\\/\"},{\"@type\":\"ListItem\",\"position\":2,\"name\":\"Nada\",\"item\":\"https:\\\/\\\/sdf.hr\\\/nada\\\/\"},{\"@type\":\"ListItem\",\"position\":3,\"name\":\"\u0160to je roman nego fantazija\"}]},{\"@type\":\"WebSite\",\"@id\":\"https:\\\/\\\/sdf.hr\\\/#website\",\"url\":\"https:\\\/\\\/sdf.hr\\\/\",\"name\":\"SDF - Srpski demokratski forum\",\"description\":\"Srpski demokratski forum\",\"publisher\":{\"@id\":\"https:\\\/\\\/sdf.hr\\\/#organization\"},\"potentialAction\":[{\"@type\":\"SearchAction\",\"target\":{\"@type\":\"EntryPoint\",\"urlTemplate\":\"https:\\\/\\\/sdf.hr\\\/?s={search_term_string}\"},\"query-input\":{\"@type\":\"PropertyValueSpecification\",\"valueRequired\":true,\"valueName\":\"search_term_string\"}}],\"inLanguage\":\"hr\"},{\"@type\":\"Organization\",\"@id\":\"https:\\\/\\\/sdf.hr\\\/#organization\",\"name\":\"SDF - Srpski demokratski forum\",\"url\":\"https:\\\/\\\/sdf.hr\\\/\",\"logo\":{\"@type\":\"ImageObject\",\"inLanguage\":\"hr\",\"@id\":\"https:\\\/\\\/sdf.hr\\\/#\\\/schema\\\/logo\\\/image\\\/\",\"url\":\"https:\\\/\\\/sdf.hr\\\/wp-content\\\/uploads\\\/2021\\\/07\\\/logo-hr.svg\",\"contentUrl\":\"https:\\\/\\\/sdf.hr\\\/wp-content\\\/uploads\\\/2021\\\/07\\\/logo-hr.svg\",\"width\":271,\"height\":100,\"caption\":\"SDF - Srpski demokratski forum\"},\"image\":{\"@id\":\"https:\\\/\\\/sdf.hr\\\/#\\\/schema\\\/logo\\\/image\\\/\"}}]}<\/script>\n<!-- \/ Yoast SEO plugin. -->","yoast_head_json":{"title":"\u0160to je roman nego fantazija - SDF - Srpski demokratski forum","robots":{"index":"index","follow":"follow","max-snippet":"max-snippet:-1","max-image-preview":"max-image-preview:large","max-video-preview":"max-video-preview:-1"},"canonical":"https:\/\/sdf.hr\/hr\/nada\/sto-je-roman-nego-fantazija\/","og_locale":"hr_HR","og_type":"article","og_title":"\u0160to je roman nego fantazija - SDF - Srpski demokratski forum","og_description":"Fantasy romani mogu biti zabavni i uzbudljivi, ali mislim da je va\u017eno znati iza koje poruke autorski stoji\u0161, ka\u017ee Franka Bla\u017ei\u0107 \u010diji debitantski roman \"Anara \u2013 Sjena Jantarnog mora\" govori o raskolu dvaju svjetova","og_url":"https:\/\/sdf.hr\/hr\/nada\/sto-je-roman-nego-fantazija\/","og_site_name":"SDF - Srpski demokratski forum","article_modified_time":"2023-11-03T10:00:41+00:00","og_image":[{"width":2560,"height":1707,"url":"https:\/\/sdf.hr\/wp-content\/uploads\/2023\/11\/Franka-Blazevic-scaled.jpg","type":"image\/jpeg"}],"twitter_card":"summary_large_image","twitter_misc":{"Procijenjeno vrijeme \u010ditanja":"5 minuta"},"schema":{"@context":"https:\/\/schema.org","@graph":[{"@type":"WebPage","@id":"https:\/\/sdf.hr\/hr\/nada\/sto-je-roman-nego-fantazija\/","url":"https:\/\/sdf.hr\/hr\/nada\/sto-je-roman-nego-fantazija\/","name":"\u0160to je roman nego fantazija - SDF - Srpski demokratski forum","isPartOf":{"@id":"https:\/\/sdf.hr\/#website"},"primaryImageOfPage":{"@id":"https:\/\/sdf.hr\/hr\/nada\/sto-je-roman-nego-fantazija\/#primaryimage"},"image":{"@id":"https:\/\/sdf.hr\/hr\/nada\/sto-je-roman-nego-fantazija\/#primaryimage"},"thumbnailUrl":"https:\/\/sdf.hr\/wp-content\/uploads\/2023\/11\/Franka-Blazevic-scaled.jpg","datePublished":"2023-11-03T10:00:24+00:00","dateModified":"2023-11-03T10:00:41+00:00","breadcrumb":{"@id":"https:\/\/sdf.hr\/hr\/nada\/sto-je-roman-nego-fantazija\/#breadcrumb"},"inLanguage":"hr","potentialAction":[{"@type":"ReadAction","target":["https:\/\/sdf.hr\/hr\/nada\/sto-je-roman-nego-fantazija\/"]}]},{"@type":"ImageObject","inLanguage":"hr","@id":"https:\/\/sdf.hr\/hr\/nada\/sto-je-roman-nego-fantazija\/#primaryimage","url":"https:\/\/sdf.hr\/wp-content\/uploads\/2023\/11\/Franka-Blazevic-scaled.jpg","contentUrl":"https:\/\/sdf.hr\/wp-content\/uploads\/2023\/11\/Franka-Blazevic-scaled.jpg","width":2560,"height":1707,"caption":"Franka Bla\u017ei\u0107"},{"@type":"BreadcrumbList","@id":"https:\/\/sdf.hr\/hr\/nada\/sto-je-roman-nego-fantazija\/#breadcrumb","itemListElement":[{"@type":"ListItem","position":1,"name":"Po\u010detna stranica","item":"https:\/\/sdf.hr\/hr\/"},{"@type":"ListItem","position":2,"name":"Nada","item":"https:\/\/sdf.hr\/nada\/"},{"@type":"ListItem","position":3,"name":"\u0160to je roman nego fantazija"}]},{"@type":"WebSite","@id":"https:\/\/sdf.hr\/#website","url":"https:\/\/sdf.hr\/","name":"SDF - Srpski demokratski forum","description":"Srpski demokratski forum","publisher":{"@id":"https:\/\/sdf.hr\/#organization"},"potentialAction":[{"@type":"SearchAction","target":{"@type":"EntryPoint","urlTemplate":"https:\/\/sdf.hr\/?s={search_term_string}"},"query-input":{"@type":"PropertyValueSpecification","valueRequired":true,"valueName":"search_term_string"}}],"inLanguage":"hr"},{"@type":"Organization","@id":"https:\/\/sdf.hr\/#organization","name":"SDF - Srpski demokratski forum","url":"https:\/\/sdf.hr\/","logo":{"@type":"ImageObject","inLanguage":"hr","@id":"https:\/\/sdf.hr\/#\/schema\/logo\/image\/","url":"https:\/\/sdf.hr\/wp-content\/uploads\/2021\/07\/logo-hr.svg","contentUrl":"https:\/\/sdf.hr\/wp-content\/uploads\/2021\/07\/logo-hr.svg","width":271,"height":100,"caption":"SDF - Srpski demokratski forum"},"image":{"@id":"https:\/\/sdf.hr\/#\/schema\/logo\/image\/"}}]}},"_links":{"self":[{"href":"https:\/\/sdf.hr\/hr\/wp-json\/wp\/v2\/nada\/3832","targetHints":{"allow":["GET"]}}],"collection":[{"href":"https:\/\/sdf.hr\/hr\/wp-json\/wp\/v2\/nada"}],"about":[{"href":"https:\/\/sdf.hr\/hr\/wp-json\/wp\/v2\/types\/nada"}],"wp:featuredmedia":[{"embeddable":true,"href":"https:\/\/sdf.hr\/hr\/wp-json\/wp\/v2\/media\/3829"}],"wp:attachment":[{"href":"https:\/\/sdf.hr\/hr\/wp-json\/wp\/v2\/media?parent=3832"}],"wp:term":[{"taxonomy":"post_tag","embeddable":true,"href":"https:\/\/sdf.hr\/hr\/wp-json\/wp\/v2\/tags?post=3832"},{"taxonomy":"atribut","embeddable":true,"href":"https:\/\/sdf.hr\/hr\/wp-json\/wp\/v2\/atribut?post=3832"}],"curies":[{"name":"wp","href":"https:\/\/api.w.org\/{rel}","templated":true}]}}