{"id":3836,"date":"2023-11-05T08:30:05","date_gmt":"2023-11-05T07:30:05","guid":{"rendered":"https:\/\/sdf.hr\/nada\/bucnica-od-tikvica-i-sira\/"},"modified":"2023-11-05T08:40:42","modified_gmt":"2023-11-05T07:40:42","slug":"bucnica-od-tikvica-i-sira","status":"publish","type":"nada","link":"https:\/\/sdf.hr\/hr\/nada\/bucnica-od-tikvica-i-sira\/","title":{"rendered":"Bu\u010dnica od tikvica i sira"},"content":{"rendered":"<p>\u010cesto spominjem svoje bake i mamu kada pi\u0161em o pripremi jela. Prirodno je to jer one prve okuse i mirise koje pamtimo, pamtimo iz topline doma. Kada se spomene \u0161trudl ili \u0161trudla, prvo pomislim na onu klasi\u010dnu s jabukama i cimetom, a onda sa sirom i gro\u017e\u0111icama. Ono \u0161to svaku \u0161trudlu \u010dini posebnom je na\u010din pripreme tijesta. Vu\u010deno tijesto je jedno od najjednostavnijih po sastavu, ali sam zbog na\u010dina izrade \u010desto zazirala od njega. No kada sam se jednom ohrabrila i napravila ga, postalo mi je jasno da nije tako veliki bauk i da svatko to mo\u017ee uz malo strpljenja i vje\u017ebe.<\/p>\n<p>Ono \u0161to se meni pokazalo kao odli\u010dan trik je da ostavim tijesto preko no\u0107i potopljeno u ulju. Idu\u0107eg dana se fino razvla\u010di i ne puca jer se razvije gluten. Mo\u017ee stajati dva do tri dana tako pospremljeno i nauljeno pa po potrebi izvadite bulu (kuglu) i razvu\u010dete za \u010das te napunite omiljenim nadjevom. Koristila sam obi\u010dno, p\u0161eni\u010dno, glatko bra\u0161no, a na policama ve\u0107ih du\u0107ana mo\u017eete prona\u0107i bra\u0161no namijenjeno za bureke i pite koje \u0107e vam jo\u0161 malo olak\u0161ati postupak razvla\u010denja. Naravno, tijesto mo\u017eete razvla\u010diti istog dana, potrebno mu je da se odmori sat ili dva, ali ako ga ostavite preko no\u0107i, garantiram vam lijepo i tanko razvu\u010dene kore.<\/p>\n<p>&nbsp;<\/p>\n<p><em>Sastojci za kore:<\/em><\/p>\n<p>500 g glatkog bra\u0161na (ili onog za bureke i pite)<\/p>\n<p>prstohvat soli<\/p>\n<p>5 \u017elica ulja<\/p>\n<p>280 ml mlake vode<\/p>\n<p>&nbsp;<\/p>\n<p><em>Za nadjev:<\/em><\/p>\n<p>cca 750-1000 g tikvica<\/p>\n<p>500 g svje\u017eeg kravljeg sira<\/p>\n<p>200 g kiselog vrhnja (koristila sam ono s vi\u0161e masno\u0107e)<\/p>\n<p>2 jaja<\/p>\n<p>sol, papar<\/p>\n<p>&nbsp;<\/p>\n<p><em>Priprema:<\/em><\/p>\n<p>U posudu prosijte bra\u0161no, dodajte prstohvat soli, ulje i mlaku vodu. Umijesite tijesto (dodajte jo\u0161 malo vode ako je potrebno). Kada se sastojci spoje, tijesto prebacite na radnu plohu i mijesite dok ne dobijete glatko i elasti\u010dno tijesto. Formirajte kuglu i sna\u017enim i kratkim pokretima bacajte kuglu o plohu. Ovo ponovite najmanje 30 puta, a to poma\u017ee da se razvije gluten (i rje\u0161avate se stresa, provjereno). Kada je tijesto gipko, oblikujte kuglu (ja sam oblikovala tri manje), stavite ga u duboki tanjur ili posudu i prelijte uljem. Zamotajte prozirnom folijom pa ostavite da stoji barem sat vremena.<\/p>\n<p>Za nadjev operite i osu\u0161ite tikvice pa ih naribajte te posolite. Dobro promije\u0161ajte i ostavite nekoliko minuta da puste vi\u0161ak vode koju \u0107ete ocijediti. U zdjeli izradite svje\u017ei sir, vrhnje i jaja pa u tu smjesu dodajte ocije\u0111ene tikvice. Za\u010dinite po ukusu pa sve dobro izmije\u0161ajte. Upalite pe\u0107nicu da se zagrije na 180 stupnjeva.<\/p>\n<p>Na stol stavite podlogu (plahtu, stolnjak\u2026) pa tijesto najprije prstima spljo\u0161tite i stanjite koliko ide. Ne koristim bra\u0161no u ovoj fazi nego samo ulje jer tijesto ne smije biti suho (tada \u0107e pucati). Tijesto razvla\u010dite od sredine prema rubovima, povla\u010dite prstima uokolo da se ravnomjerno razvu\u010de i stanji. Ako i pukne, ne brinite, ne\u0107e smetati. Kada ste postigli \u017eeljenu debljinu, odre\u017eite deblje rubove, lagano ga nauljite i rasporedite pripremljen nadjev. Pomo\u0107u stolnjaka zamotajte savija\u010du. Stavite je u pleh oblo\u017een masnim papirom te namazan s malo ulja. Bu\u010dnicu mo\u017eete saviti u krug poput pu\u017ea ili kvadratno po obliku pleha.<\/p>\n<p>Bu\u010dnicu pecite nekih 45 do 50 minuta te po potrebi stavite foliju da vam ne zagori. Kada je gotova, zalijte je s malo mineralne vode i prekrijte \u010distom krpom dok se malo ne ohladi.<\/p>\n<p>Dobar tek!<\/p>\n<p><em>pi\u0161e Valentina Vukadinovi\u0107<\/em><\/p>\n","protected":false},"excerpt":{"rendered":"<p>Tijesto mo\u017eete razvla\u010diti istog dana, potrebno mu je da se odmori sat ili dva, ali ako ga ostavite preko no\u0107i, garantiramo vam lijepo i tanko razvu\u010dene kore<\/p>\n","protected":false},"featured_media":3835,"template":"","tags":[42],"atribut":[],"class_list":["post-3836","nada","type-nada","status-publish","has-post-thumbnail","hentry","tag-gorski-kotao"],"acf":[],"yoast_head":"<!-- This site is optimized with the Yoast SEO plugin v27.4 - https:\/\/yoast.com\/product\/yoast-seo-wordpress\/ -->\n<title>Bu\u010dnica od tikvica i sira - SDF - Srpski demokratski forum<\/title>\n<meta name=\"robots\" content=\"index, follow, max-snippet:-1, max-image-preview:large, max-video-preview:-1\" \/>\n<link rel=\"canonical\" href=\"https:\/\/sdf.hr\/hr\/nada\/bucnica-od-tikvica-i-sira\/\" \/>\n<meta property=\"og:locale\" content=\"hr_HR\" \/>\n<meta property=\"og:type\" content=\"article\" \/>\n<meta property=\"og:title\" content=\"Bu\u010dnica od tikvica i sira - SDF - Srpski demokratski forum\" \/>\n<meta property=\"og:description\" content=\"Tijesto mo\u017eete razvla\u010diti istog dana, potrebno mu je da se odmori sat ili dva, ali ako ga ostavite preko no\u0107i, garantiramo vam lijepo i tanko razvu\u010dene kore\" \/>\n<meta property=\"og:url\" content=\"https:\/\/sdf.hr\/hr\/nada\/bucnica-od-tikvica-i-sira\/\" \/>\n<meta property=\"og:site_name\" content=\"SDF - Srpski demokratski forum\" \/>\n<meta property=\"article:modified_time\" content=\"2023-11-05T07:40:42+00:00\" \/>\n<meta property=\"og:image\" content=\"https:\/\/sdf.hr\/wp-content\/uploads\/2023\/11\/Bucnica-scaled.jpg\" \/>\n\t<meta property=\"og:image:width\" content=\"2560\" \/>\n\t<meta property=\"og:image:height\" content=\"1458\" \/>\n\t<meta property=\"og:image:type\" content=\"image\/jpeg\" \/>\n<meta name=\"twitter:card\" content=\"summary_large_image\" \/>\n<meta name=\"twitter:label1\" content=\"Procijenjeno vrijeme \u010ditanja\" \/>\n\t<meta name=\"twitter:data1\" content=\"3 minute\" \/>\n<script type=\"application\/ld+json\" class=\"yoast-schema-graph\">{\"@context\":\"https:\\\/\\\/schema.org\",\"@graph\":[{\"@type\":\"WebPage\",\"@id\":\"https:\\\/\\\/sdf.hr\\\/hr\\\/nada\\\/bucnica-od-tikvica-i-sira\\\/\",\"url\":\"https:\\\/\\\/sdf.hr\\\/hr\\\/nada\\\/bucnica-od-tikvica-i-sira\\\/\",\"name\":\"Bu\u010dnica od tikvica i sira - SDF - Srpski demokratski forum\",\"isPartOf\":{\"@id\":\"https:\\\/\\\/sdf.hr\\\/#website\"},\"primaryImageOfPage\":{\"@id\":\"https:\\\/\\\/sdf.hr\\\/hr\\\/nada\\\/bucnica-od-tikvica-i-sira\\\/#primaryimage\"},\"image\":{\"@id\":\"https:\\\/\\\/sdf.hr\\\/hr\\\/nada\\\/bucnica-od-tikvica-i-sira\\\/#primaryimage\"},\"thumbnailUrl\":\"https:\\\/\\\/sdf.hr\\\/wp-content\\\/uploads\\\/2023\\\/11\\\/Bucnica-scaled.jpg\",\"datePublished\":\"2023-11-05T07:30:05+00:00\",\"dateModified\":\"2023-11-05T07:40:42+00:00\",\"breadcrumb\":{\"@id\":\"https:\\\/\\\/sdf.hr\\\/hr\\\/nada\\\/bucnica-od-tikvica-i-sira\\\/#breadcrumb\"},\"inLanguage\":\"hr\",\"potentialAction\":[{\"@type\":\"ReadAction\",\"target\":[\"https:\\\/\\\/sdf.hr\\\/hr\\\/nada\\\/bucnica-od-tikvica-i-sira\\\/\"]}]},{\"@type\":\"ImageObject\",\"inLanguage\":\"hr\",\"@id\":\"https:\\\/\\\/sdf.hr\\\/hr\\\/nada\\\/bucnica-od-tikvica-i-sira\\\/#primaryimage\",\"url\":\"https:\\\/\\\/sdf.hr\\\/wp-content\\\/uploads\\\/2023\\\/11\\\/Bucnica-scaled.jpg\",\"contentUrl\":\"https:\\\/\\\/sdf.hr\\\/wp-content\\\/uploads\\\/2023\\\/11\\\/Bucnica-scaled.jpg\",\"width\":2560,\"height\":1458},{\"@type\":\"BreadcrumbList\",\"@id\":\"https:\\\/\\\/sdf.hr\\\/hr\\\/nada\\\/bucnica-od-tikvica-i-sira\\\/#breadcrumb\",\"itemListElement\":[{\"@type\":\"ListItem\",\"position\":1,\"name\":\"Po\u010detna stranica\",\"item\":\"https:\\\/\\\/sdf.hr\\\/hr\\\/\"},{\"@type\":\"ListItem\",\"position\":2,\"name\":\"Nada\",\"item\":\"https:\\\/\\\/sdf.hr\\\/nada\\\/\"},{\"@type\":\"ListItem\",\"position\":3,\"name\":\"Bu\u010dnica od tikvica i sira\"}]},{\"@type\":\"WebSite\",\"@id\":\"https:\\\/\\\/sdf.hr\\\/#website\",\"url\":\"https:\\\/\\\/sdf.hr\\\/\",\"name\":\"SDF - Srpski demokratski forum\",\"description\":\"Srpski demokratski forum\",\"publisher\":{\"@id\":\"https:\\\/\\\/sdf.hr\\\/#organization\"},\"potentialAction\":[{\"@type\":\"SearchAction\",\"target\":{\"@type\":\"EntryPoint\",\"urlTemplate\":\"https:\\\/\\\/sdf.hr\\\/?s={search_term_string}\"},\"query-input\":{\"@type\":\"PropertyValueSpecification\",\"valueRequired\":true,\"valueName\":\"search_term_string\"}}],\"inLanguage\":\"hr\"},{\"@type\":\"Organization\",\"@id\":\"https:\\\/\\\/sdf.hr\\\/#organization\",\"name\":\"SDF - Srpski demokratski forum\",\"url\":\"https:\\\/\\\/sdf.hr\\\/\",\"logo\":{\"@type\":\"ImageObject\",\"inLanguage\":\"hr\",\"@id\":\"https:\\\/\\\/sdf.hr\\\/#\\\/schema\\\/logo\\\/image\\\/\",\"url\":\"https:\\\/\\\/sdf.hr\\\/wp-content\\\/uploads\\\/2021\\\/07\\\/logo-hr.svg\",\"contentUrl\":\"https:\\\/\\\/sdf.hr\\\/wp-content\\\/uploads\\\/2021\\\/07\\\/logo-hr.svg\",\"width\":271,\"height\":100,\"caption\":\"SDF - Srpski demokratski forum\"},\"image\":{\"@id\":\"https:\\\/\\\/sdf.hr\\\/#\\\/schema\\\/logo\\\/image\\\/\"}}]}<\/script>\n<!-- \/ Yoast SEO plugin. -->","yoast_head_json":{"title":"Bu\u010dnica od tikvica i sira - SDF - Srpski demokratski forum","robots":{"index":"index","follow":"follow","max-snippet":"max-snippet:-1","max-image-preview":"max-image-preview:large","max-video-preview":"max-video-preview:-1"},"canonical":"https:\/\/sdf.hr\/hr\/nada\/bucnica-od-tikvica-i-sira\/","og_locale":"hr_HR","og_type":"article","og_title":"Bu\u010dnica od tikvica i sira - SDF - Srpski demokratski forum","og_description":"Tijesto mo\u017eete razvla\u010diti istog dana, potrebno mu je da se odmori sat ili dva, ali ako ga ostavite preko no\u0107i, garantiramo vam lijepo i tanko razvu\u010dene kore","og_url":"https:\/\/sdf.hr\/hr\/nada\/bucnica-od-tikvica-i-sira\/","og_site_name":"SDF - Srpski demokratski forum","article_modified_time":"2023-11-05T07:40:42+00:00","og_image":[{"width":2560,"height":1458,"url":"https:\/\/sdf.hr\/wp-content\/uploads\/2023\/11\/Bucnica-scaled.jpg","type":"image\/jpeg"}],"twitter_card":"summary_large_image","twitter_misc":{"Procijenjeno vrijeme \u010ditanja":"3 minute"},"schema":{"@context":"https:\/\/schema.org","@graph":[{"@type":"WebPage","@id":"https:\/\/sdf.hr\/hr\/nada\/bucnica-od-tikvica-i-sira\/","url":"https:\/\/sdf.hr\/hr\/nada\/bucnica-od-tikvica-i-sira\/","name":"Bu\u010dnica od tikvica i sira - SDF - Srpski demokratski forum","isPartOf":{"@id":"https:\/\/sdf.hr\/#website"},"primaryImageOfPage":{"@id":"https:\/\/sdf.hr\/hr\/nada\/bucnica-od-tikvica-i-sira\/#primaryimage"},"image":{"@id":"https:\/\/sdf.hr\/hr\/nada\/bucnica-od-tikvica-i-sira\/#primaryimage"},"thumbnailUrl":"https:\/\/sdf.hr\/wp-content\/uploads\/2023\/11\/Bucnica-scaled.jpg","datePublished":"2023-11-05T07:30:05+00:00","dateModified":"2023-11-05T07:40:42+00:00","breadcrumb":{"@id":"https:\/\/sdf.hr\/hr\/nada\/bucnica-od-tikvica-i-sira\/#breadcrumb"},"inLanguage":"hr","potentialAction":[{"@type":"ReadAction","target":["https:\/\/sdf.hr\/hr\/nada\/bucnica-od-tikvica-i-sira\/"]}]},{"@type":"ImageObject","inLanguage":"hr","@id":"https:\/\/sdf.hr\/hr\/nada\/bucnica-od-tikvica-i-sira\/#primaryimage","url":"https:\/\/sdf.hr\/wp-content\/uploads\/2023\/11\/Bucnica-scaled.jpg","contentUrl":"https:\/\/sdf.hr\/wp-content\/uploads\/2023\/11\/Bucnica-scaled.jpg","width":2560,"height":1458},{"@type":"BreadcrumbList","@id":"https:\/\/sdf.hr\/hr\/nada\/bucnica-od-tikvica-i-sira\/#breadcrumb","itemListElement":[{"@type":"ListItem","position":1,"name":"Po\u010detna stranica","item":"https:\/\/sdf.hr\/hr\/"},{"@type":"ListItem","position":2,"name":"Nada","item":"https:\/\/sdf.hr\/nada\/"},{"@type":"ListItem","position":3,"name":"Bu\u010dnica od tikvica i sira"}]},{"@type":"WebSite","@id":"https:\/\/sdf.hr\/#website","url":"https:\/\/sdf.hr\/","name":"SDF - Srpski demokratski forum","description":"Srpski demokratski forum","publisher":{"@id":"https:\/\/sdf.hr\/#organization"},"potentialAction":[{"@type":"SearchAction","target":{"@type":"EntryPoint","urlTemplate":"https:\/\/sdf.hr\/?s={search_term_string}"},"query-input":{"@type":"PropertyValueSpecification","valueRequired":true,"valueName":"search_term_string"}}],"inLanguage":"hr"},{"@type":"Organization","@id":"https:\/\/sdf.hr\/#organization","name":"SDF - Srpski demokratski forum","url":"https:\/\/sdf.hr\/","logo":{"@type":"ImageObject","inLanguage":"hr","@id":"https:\/\/sdf.hr\/#\/schema\/logo\/image\/","url":"https:\/\/sdf.hr\/wp-content\/uploads\/2021\/07\/logo-hr.svg","contentUrl":"https:\/\/sdf.hr\/wp-content\/uploads\/2021\/07\/logo-hr.svg","width":271,"height":100,"caption":"SDF - Srpski demokratski forum"},"image":{"@id":"https:\/\/sdf.hr\/#\/schema\/logo\/image\/"}}]}},"_links":{"self":[{"href":"https:\/\/sdf.hr\/hr\/wp-json\/wp\/v2\/nada\/3836","targetHints":{"allow":["GET"]}}],"collection":[{"href":"https:\/\/sdf.hr\/hr\/wp-json\/wp\/v2\/nada"}],"about":[{"href":"https:\/\/sdf.hr\/hr\/wp-json\/wp\/v2\/types\/nada"}],"wp:featuredmedia":[{"embeddable":true,"href":"https:\/\/sdf.hr\/hr\/wp-json\/wp\/v2\/media\/3835"}],"wp:attachment":[{"href":"https:\/\/sdf.hr\/hr\/wp-json\/wp\/v2\/media?parent=3836"}],"wp:term":[{"taxonomy":"post_tag","embeddable":true,"href":"https:\/\/sdf.hr\/hr\/wp-json\/wp\/v2\/tags?post=3836"},{"taxonomy":"atribut","embeddable":true,"href":"https:\/\/sdf.hr\/hr\/wp-json\/wp\/v2\/atribut?post=3836"}],"curies":[{"name":"wp","href":"https:\/\/api.w.org\/{rel}","templated":true}]}}