{"id":3851,"date":"2023-11-12T10:01:34","date_gmt":"2023-11-12T09:01:34","guid":{"rendered":"https:\/\/sdf.hr\/nada\/boban-stojanovic-verujem-da-mudrost-sveta-lezi-u-zenama\/"},"modified":"2023-11-27T12:29:38","modified_gmt":"2023-11-27T11:29:38","slug":"boban-stojanovic-verujem-da-mudrost-sveta-lezi-u-zenama","status":"publish","type":"nada","link":"https:\/\/sdf.hr\/hr\/nada\/boban-stojanovic-verujem-da-mudrost-sveta-lezi-u-zenama\/","title":{"rendered":"Boban Stojanovi\u0107: Verujem da mudrost sveta le\u017ei u \u017eenama"},"content":{"rendered":"<p><a href=\"https:\/\/www.jergovic.com\/author\/bobanstojanocic\/\">Na pjesme <strong>Bobana Stojanovi\u0107a<\/strong><\/a> sam nai\u0161la na Facebooku prije nego \u0161to mu je pred ljeto iza\u0161la zbirka &#8220;Ovo je mogla da bude na\u0161a dnevna soba&#8221; (izdava\u010d Rende). To je poezija od one vrste koja vas zakuca odmah; izravna, bolno iskrena, mo\u0107na. Kao da ju je napisao netko tko nema vi\u0161e \u0161to izgubiti. Bobanu Stojanovi\u0107u to je prva zbirka pjesama. Bio je dugogodi\u0161nji aktivist za gej prava u Srbiji, a onda je 2016. morao oti\u0107i i u Kanadi je s partnerom <strong>Adamom Pu\u0161karom<\/strong>, tako\u0111er gej aktivistom, zatra\u017eio i dobio politi\u010dki azil. Malo prije odlaska bio je napadnut na ulici u Beogradu, a policija nije ni\u0161ta poduzela mada je prijavio napad i prepoznao napada\u010de. Naprotiv, s visokih politi\u010dkih funkcija su mu prijetili da se uti\u0161a. Boban je pisao za medije u Srbiji, sudjelovao je u umjetni\u010dkim projektima, a i u Velikom bratu 2013., nakon \u010dega je objavio autobiografiju pod naslovom &#8220;Kao da je sve u redu&#8221;. U Kanadi radi s izbjeglicama.<\/p>\n<p><strong>Kada sam vas pitala za razgovor, pojasnila sam vam prostor Nade kao medijsku dnevnu sobu, mjesto u medijima gdje se mo\u017eete osje\u0107ati ugodno i sigurno. Je li takva i dnevna soba iz naslova va\u0161e zbirke?<\/strong><\/p>\n<p>Naslov je do\u0161ao pred finaliziranje zbirke kada sam se pitao gde sme\u0161tam te pesme, u kakav okvir. Shvatio sam da su to moje neispri\u010dane pri\u010de koje ja vi\u0161e ose\u0107am nego \u0161to mogu da ih artikuli\u0161em. To je nedovr\u0161ena komunikacija koja je meni nedostajala i kada sam razmi\u0161ljao gde bi se ta komunikacija odvijala, onda mi je pala na pamet dnevna soba. To je mesto gde ljudi provode vreme zajedno, gledaju filmove, smeju se, pla\u010du, vode ljubav. To je sigurno mesto na kome mogu da ose\u0107am i ka\u017eem \u0161to mislim, a \u0161to nisam pre rekao. Tako da ste to dobro prepoznali. Kada je zbirka iza\u0161la i kada su mi se po\u010deli javljati \u010ditatelji, onda sam shvatio da se i njihova komunikacija s pesmama uglavnom bukvalno odvija u dnevnim sobama.<\/p>\n<p><strong>\u010citala sam zbirku kao va\u0161e svo\u0111enje ra\u010duna s djetinjstvom i porodicom. Kako ste je vi pisali?<\/strong><\/p>\n<p>Pa jeste, a to svo\u0111enje ra\u010duna je do\u0161lo kao produkt moga izle\u010denja. Dve nedelje nakon \u0161to smo moj partner i ja kupili stan 2020. u Kanadi, sedio sam u dnevnom boravku i pri pogledu na dve neotpakirane kutije me uhvatila ja\u010da anksioznost i shvatio sam da moram da potra\u017eim pomo\u0107. Javio sam se terapeutkinji i ona mi je ve\u0107 na prvom sastanku rekla da sam pun trauma. Kroz terapiju sam shvatio da mi slike trigeruju traume. Neke od tih slika sam pretvorio u pesme. Recimo, slika cipela i listova moje mame kada sam je sreo na putu do ku\u0107e kada sam kao dete no\u0107u sam kroz ki\u0161u pe\u0161a\u010dio s vikendice jer me tata ostavio da ga beskona\u010dno \u010dekam. Va\u017eno je i \u0161to mi je mama umrla otkako sam u Kanadi, a onda se tata ubio pa mi je do\u0161lo vreme da razre\u0161im neke stvari iz detinjstva i tinejd\u017eerskog doba, da probam da shvatim za\u0161to su me uop\u0107e rodili, kakva je bila ideja projekta zvanog mali Boban\u2026 Nisu te pesme obra\u010dun, ve\u0107 poku\u0161aj tra\u017eenja odgovora na neka pitanja koja su meni va\u017ena.<\/p>\n<p><strong>Ro\u0111eni ste 1978. i odrastali ste u Zaje\u010daru. \u0160to se 1980-ih o\u010dekivalo od mu\u0161kog djeteta?<\/strong><\/p>\n<p>Bio sam jedino dete mojim roditeljima. Moja je mama imala abortuse i prije i posle mene\u2026<\/p>\n<p><strong>Je li vam to mama rekla? Imali ste dovoljno otvoren odnos za takve razgovore?<\/strong><\/p>\n<p>Da, pri\u010dala mi je o tome, kao \u0161to sam i uvek znao kada je imala menstruaciju jer me slala da kupim ulo\u0161ke, a \u017eene iz kom\u0161iluka su se zgra\u017eale nad tim tako da sam rano skapirao te dru\u0161tvene relacije. Da se vratim na o\u010dekivanja: mislim da su se malo sramili mojih aspiracija jer sam voleo da se igram krpicama, ali me nisu puno silili na ne\u0161to. U ranim tinejd\u017eerskim godinama me okolina po\u010dela maltretirati jer nisam pristajao na kompromis da se uklopim u rodna o\u010dekivanja, pa su me zvali \u017eenski petko, pitali jesam li peder, bilo je i nasilja.<\/p>\n<p>Kao i uvek, dru\u0161tvo postavlja neke norme pona\u0161anja. Ako ne \u017ertvuje\u0161 sebe radi uklapanja, postaje\u0161 objekat podsmeha i nasilja. Za moju generaciju de\u010daka bilo je tipi\u010dno da su okrenuti sportu, da navijaju za odre\u0111ene klubove, da su nasilni prema devoj\u010dicama, kompetitivni, nekreativni, na izvestan na\u010din bahati, a ja sam bio sve suprotno. Se\u0107am se razo\u010daranja kada mi je majka pokazala \u0161kolsku torbu koju su mi kupili. Na njoj je bio de\u010dak koji vozi motor i \u010dije je lice izgledalo ljutito. Ja sam \u017eeleo torbu na kojoj je bila p\u010delica Maja koja leti preko cve\u0107a. \u010cini mi se da je bilo lak\u0161e biti nesenzibilna devoj\u010dica, nego senzibilan de\u010dak. Stalno su mi stavljali do znanja da ne smem da budem previ\u0161e osetiljiv, ve\u0107 da treba da &#8220;o\u010dvrsnem&#8221;, kako je to moja baba govorila.<\/p>\n<p><strong>U pjesmama je dosta nasilja. Vr\u0161nja\u010dkog, naro\u010dito nasilja nad \u017eenama, a pi\u0161ete i o batinama koje ste dobili od mame, \u0161to je bila relativno ra\u0161irena praksa tog vremena. To sam shvatila u razgovorima s va\u0161om i mojom generacijom. Kako danas gledate na to?<\/strong><\/p>\n<p>Iz dana\u0161nje perspektive bih to definisao kao traumati\u010dno iskustvo, a iz onda\u0161nje je to bilo normalno jer smo ve\u0107ina nas dobivali batine. Mislim da zbog toga jo\u0161 i danas kada ne\u0161to banalno pogre\u0161im na poslu reagujem kao da sam ne\u0161to razbio i bojim se \u0161to \u0107e mama. Ono \u0161to je mene mo\u017eda vi\u0161e o\u0161tetilo od batina je to \u0161to su oni uvek ignorisali ono \u0161to sam ja voleo, kao i kasnije moj uspeh, \u0161ta god da to zna\u010dilo. A kada pri\u010damo o fizi\u010dkom nasilju, to \u0161to je moja mama do\u017eivljavala je ostavilo velikog traga na mene i izgradilo moj ceo odnos prema \u017eenama. Moj otac je bio dobar \u010dovek du\u0161om, ali te\u017eak karakterom. Ta se te\u017eina poja\u010davala kad bi se napio, a pio je stalno. Pored fizi\u010dkog nasilja koje je do\u017eivljavala, bilo je prisutno i psihi\u010dko. Se\u0107am se kada je jedne no\u0107i otac, u mrklom mraku, u tek poko\u0161eno polje pored koga je parkirao kamion, bacio klju\u010d od kamiona i rekao majci da ga na\u0111e. Mama i ja smo tra\u017eili taj mali klju\u010d baterijskom lampom, a ja sam gledao u maminu kosu iz koje je izlazila para jer ju je tek minut pre toga oprala. Njena kosa je bila vla\u017ena i topla, a napolju je bilo hladno. Takva se\u0107anja mi, doslovno, izazivaju bol u stomaku. Moja je majka \u010desto bila objekat poni\u017eavanja mog oca. Imam utisak da je njoj govorio sve ono \u0161to nije smeo da ka\u017ee drugima.<\/p>\n<figure id=\"attachment_3849\" aria-describedby=\"caption-attachment-3849\" style=\"width: 1708px\" class=\"wp-caption alignnone\"><img loading=\"lazy\" decoding=\"async\" class=\"wp-image-3849 size-full\" src=\"https:\/\/sdf.hr\/wp-content\/uploads\/2023\/11\/Stojanovic2_Jon-Yee-scaled.jpg\" alt=\"\" width=\"1708\" height=\"2560\" srcset=\"https:\/\/sdf.hr\/wp-content\/uploads\/2023\/11\/Stojanovic2_Jon-Yee-scaled.jpg 1708w, https:\/\/sdf.hr\/wp-content\/uploads\/2023\/11\/Stojanovic2_Jon-Yee-200x300.jpg 200w, https:\/\/sdf.hr\/wp-content\/uploads\/2023\/11\/Stojanovic2_Jon-Yee-683x1024.jpg 683w, https:\/\/sdf.hr\/wp-content\/uploads\/2023\/11\/Stojanovic2_Jon-Yee-768x1151.jpg 768w, https:\/\/sdf.hr\/wp-content\/uploads\/2023\/11\/Stojanovic2_Jon-Yee-1025x1536.jpg 1025w, https:\/\/sdf.hr\/wp-content\/uploads\/2023\/11\/Stojanovic2_Jon-Yee-1366x2048.jpg 1366w\" sizes=\"auto, (max-width: 1708px) 100vw, 1708px\" \/><figcaption id=\"caption-attachment-3849\" class=\"wp-caption-text\">Foto: Jon Yee<\/figcaption><\/figure>\n<p><strong>Pi\u0161ete u pjesmi <a href=\"https:\/\/www.jergovic.com\/ajfelov-most\/mozda-zato-sto-sam-roden-na-dan-pobede-nad-fasizmom\/\">&#8220;Mo\u017eda zato \u0161to sam ro\u0111en na Dan pobede nad fa\u0161izmom&#8221;<\/a>\u00a0da ste feminist. \u0160to za vas to zna\u010di?<\/strong><\/p>\n<p>Za mene je to na\u010din na koji gledam svet, a na osnovu toga kako su me nau\u010dile \u017eene. Mene defini\u0161e to \u0161to sam odrastao sa babama, majkom, \u017eenama. Znate kako \u017eene vode ra\u010duna o tome kako \u0107e da se pre\u017eivi? Tako sam vrlo rano shvatio kako se snalazi i opstaje. Odnos prema drugim ljudima, odnos prema nasilju, odnos prema ratu, odnos prema svemu sam gradio, otprilike, na tome \u0161ta bi moja baba mislila o tome. Koliko god sam se bavio gej pravima, mislim da se ni\u0161ta ne\u0107e promeniti dokle se globalno ne promeni odnos prema \u017eenama.<\/p>\n<p>Verujem da mudrost sveta le\u017ei u \u017eenama, ali da je ta mudrost potpuno nevidljiva. \u010cak i jezi\u010dki, ne postoji ekvivalent u \u017eenskom rodu za mudraca, zar ne? Ako postoji ne\u0161to \u0161to sam nau\u010dio od \u017eena, to je holisti\u010dki pogled prema svetu, ljudima, emocijama, stanjima, pa i klasnim pitanjima. Kada ljudima na zapadu pri\u010dam svoju pri\u010du i kroz \u0161ta sam pro\u0161ao, ka\u017eu da je to previ\u0161e. Mo\u017eda jeste, ali ja sam imao majku, babe, kom\u0161inice, sve \u017eene koje sam sretao i koje su me nau\u010dile kako da pre\u017eivim, a da ne postanem lo\u0161 \u010dovek. To je za mene feminizam. Imaju\u0107i svo ovo znanje, moja je obaveza da ga, kao neko ko se identifikuje kao mu\u0161karac, primenjujem, \u010duvam i \u0161irim, ali da uvek nagla\u0161avam da ono dolazi iz iskustva \u017eena. Nemam drugi izbor nego da budem saveznik \u017eenama.<\/p>\n<p><strong>Sude\u0107i po pjesmama, u va\u0161oj porodici ima dosta \u010detnika, kako ih sami nazivate, a vi ste se pak bavili antiratnim aktivizmom sa \u017denama u crnom. Kako ste se odmetnuli na tu stranu?<\/strong><\/p>\n<p>I s mamine i s tatine strane imam te koji veli\u010daju \u010detnike, dr\u017ee njihove postere i bore se za neku istinu o \u010detnicima. Kako sam bio izlo\u017een tome, rano sam prepoznao da voleti moje nekako nu\u017eno zna\u010di mrzeti druge. Kasnije sam shvatio da se to zove nacionalizam. A ose\u0107anje da nekog mrzim mi je uvek bilo strano. Nekog treba da isklju\u010dim, a sam znam kako je biti isklju\u010den ili nekoga treba da bijem, a ja sam znam kako boli kad te neko bije. Nisu mogli da me dobiju za to. Nekad mislim da bi moja \u0161ira porodica lak\u0161e prihvatila da sam gej, nego \u0161to su mogli da prihvate da sam antinacionalista, antifa\u0161ista, da nemam problem da odem u Sarajevo ili u Hrvatsku, da ne mislim da su svi Hrvati usta\u0161e. Da sam gej bez politi\u010dkog stava, to bi nekako prihvatili. Ovo im je prosto bilo previ\u0161e.<\/p>\n<p><strong>Cijelom zbirkom se provla\u010di memla siroma\u0161tva, mada su vam oboje roditelja radili. O radni\u010dkoj klasi u Jugoslaviji se rijetko govori kao o siroma\u0161noj, dapa\u010de, uglavnom se govori o sigurnosti u kojoj je \u017eivjela radni\u010dka klasa, imali su sigurne zaposlenja, dobivali su stanove i i\u0161li na more u radni\u010dka odmarali\u0161ta. Va\u0161e je iskustvo o\u010digledno druga\u010dije?<\/strong><\/p>\n<p>Ja sam video klasu unutar radni\u010dke klase. Moj tata je bio voza\u010d kamiona u jednoj firmi, a mama mi je imala tu sme\u0161nu poziciju referenta za obra\u010dun goriva u prevozni\u010dkoj firmi. Moji roditelji nikad nisu imali paso\u0161, nikad nisu i\u0161li u inostranstvo, nikad nismo oti\u0161li na letovanje. Njihov maksimum je bio do\u010dek nove godine. Uvek smo bili u modusu pre\u017eivljavanja. I 1980-ih je bila muka, a 1990. je bila kolektivna muka u Srbiji i onda su do\u0161le 2000-te sa svim tim privatizacijama i oni su stradali. Tata je dve i po godine odlazio u firmu, a nije dobio jedan pi\u0161ljivi dinar za to. Se\u0107am se kad je lepio cipele jer nismo mogli da kupimo druge. Na\u017ealost, moji roditelji su i umrli u bedi. Tata je ostao bez posla, imao je 50 i ne\u0161to godina i niko nije hteo da ga zaposli. On je bio zgodan \u010dovek i imao je jako lepe mi\u0161i\u0107ave mu\u0161ke noge, a zadnji put kad sam ga video bile su tanke s \u010dvornovatim kolenima. Mislim da je to dobio od toga \u0161to je na privremenom poslu bukvalno bio u reci do pojasa da bi gla\u010dao daske za luksuzni name\u0161taj.<\/p>\n<p><strong>I pi\u0161ete o toj slici u pjesmi <a href=\"https:\/\/www.jergovic.com\/ajfelov-most\/mom-ocu-nakon-cetiri-godine\/\">&#8220;Mom ocu nakon \u010detiri godine&#8221;<\/a>.<\/strong><\/p>\n<p>Da, ta slika njegovih nogu mi je bila tako pora\u017eavaju\u0107a. Mislim da se tata i ubio nakon \u0161to je mama umrla jer nije znao kako \u0107e da pre\u017eivi bez nje. Ona je imala malu penziju, a on nije ni penziju stekao. Prosto se izgubio nakon njene smrti. To siroma\u0161tvo je uvek bilo prisutno u porodici i uvek je ostavljalo neke posledice.<\/p>\n<p><strong>Biste li mogli napisati tako bespo\u0161tednu zbirku po sve, i va\u0161e bli\u017enje, i vas i va\u0161u pro\u0161lost, da su vam roditelji \u017eivi?<\/strong><\/p>\n<p>Ne, ne bih. Njihov odlazak je zahtevao zaokru\u017eivanje cele te pri\u010de sa njima. Nakon \u0161to sam bio 2013. u Velikom bratu, bilo je veliko interesovanje da se nekako vi\u0161e zna o meni i onda sam napisao knjigu, ali nisam tu izneo puno stvari. Tako da dok roditelji nisu oti\u0161li s ovog sveta, nisam bio spreman da to iznesem.<\/p>\n<p><strong>U smislu da ih po\u0161tedite ili?<\/strong><\/p>\n<p>Prosto \u010dinjenica da su \u017eivi je dr\u017eala mnoga te ose\u0107anja <em>on hold<\/em>. A mo\u017eda je postojala i ta neka po\u0161teda da ih ne ogolim na na\u010din na koji oni mo\u017eda ne bi \u017eeleli. Kad sam ostao sam, vi\u0161e nisam imao kome da se pravdam, nema me ko pozvati i re\u0107i kako si mogao to da napi\u0161e\u0161.<\/p>\n<p><strong>U pjesmi &#8220;O traumi krvi&#8221; pi\u0161ete da vam je prijateljica rekla da kada budete oti\u0161li u drugu zemlju i govorili drugim jezikom, da \u0107ete i misliti na druga\u010diji na\u010din, i dodajete da je to to\u010dno. Kako druga\u010dije mislite?<\/strong><\/p>\n<p>Jezik mi je postao veoma va\u017ean. Maternji jezik je nu\u017eno vezan za emocije. Govorim engleski, ali ga ne ose\u0107am, za mene je to tehni\u010dki jezik, njegova svrha je puka komunikacija, nema ni\u010deg iza. Maternji jezik, srpski jezik, BHS jezik kako ga zovemo, ima emociju, istoriju, iskustva koja sam pro\u0161ao. Na engleskom komuniciram, na maternjem mislim i ose\u0107am.<\/p>\n<p><strong>Kakav vam je \u017eivot pru\u017eila Kanada?<\/strong><\/p>\n<p>Ta\u010dno je sedam godina da smo moj partner i ja u Kanadi. Dala mi je stabilnost i priliku da \u017eivim jedan malo lagodniji \u017eivot. Mogu da planiram, to u Srbiji nikad nisam mogao. Dala mi je i luksuz vremena i mentalnog prostora da mogu da mislim o stvarima o kojima mo\u017eda ne bih razmi\u0161ljao, i da pi\u0161em. Ali mi je i dala da razumem da ne postoji savr\u0161eno dru\u0161tvo, \u0161to mi je va\u017eno kao politi\u010dkom bi\u0107u. U Kanadi se \u017eivi bolje u odnosu na Srbiju u mnogo aspekata, ali nije savr\u0161eno. Savremena Kanada je zasnovana na kolonijalizmu i kapitalizmu, ovde je novac jedina mera vrednosti. Novac, silina, mo\u0107 su odlike zapadnog dru\u0161tva. Sve je polarizovano izme\u0111u puke zabave i duboke depresije. Nema ni\u010deg izme\u0111u. Nema ovde u\u017eivanja u malim stvarima jer je sve lako dostupno i sve se uzima zdravo za gotovo. Ovaj svet dugo nije ostao kolektivno gladan i kreira i bavi se problemima koji to nisu. Tako da mi je Kanada na jedan ironi\u010dni na\u010din pomogla da zavolim prostor iz koga sam pobegao. U zadnje vreme mi je Kanada i neka vrsta malog rehabilitacionog centra jer me Srbija nau\u010dila da budem konstantno u pre\u017eivljava\u010dkom modu pa sad poku\u0161avam da se izvu\u010dem iz toga i da shvatam da \u017eivot ne mora uvek da bude taj neki gr\u010d na koji sam tamo navikao. To ide malo te\u017ee tako da sam zbog svega toga trenutno na lekovima.<\/p>\n<p><strong>Kad gledate, s jedne strane, na to \u0161ta ste postigli ili pobolj\u0161ali u Srbiji kao aktivist, a s druge, koja je bila cijena toga u smislu bijega iz zemlje pa i terapije lijekovima danas? \u0160to ka\u017eete, je li vrijedilo?<\/strong><\/p>\n<p>Jeste, apsolutno jeste. Ako ti je cilj da stvori\u0161 odre\u0111enu promenu, svaki aktivizam nosi ogromnu koli\u010dinu stresa i rizike. Ja sam svega toga bio svesan. I mislim da sam kao osoba mnogo sazreo kroz ta iskustva. Dobivao sam batine konstantno tokom tih 20 godina aktivizma u Srbiji i nisam odustao sve do trenutka kad je ozbiljno postalo rizi\u010dno i kada sam shvatio da vi\u0161e nemam kontrolu nad tim rizikom. To je bilo kada se Vlada ume\u0161ala i kad su po\u010deli da mi prete. Ne ose\u0107am ni kajanje, ni \u017ealjenje ni neku te\u017einu zbog svega toga. Kada pratim \u0161to se de\u0161ava oko Beograd Prajda i vidim neke nove mlade ljudi, raduje me da sam doprineo stvaranju prostora za njih. Taj prostor je neko napravio za mene jednom, a moj anga\u017eman je stvorio prostore za neke druge ljude.<\/p>\n<p>\u0160to sam stariji, sve vi\u0161e razumem da je va\u017eno da ljudi rade stvari u koje veruju, bez obzira na to da li one drugima izgledaju kao besmislene. Aktivizam nije samo borba sa nepravdom u svetu, to je borba sa dubokim nezadovoljstvom unutar nas samih. Aktivizam je najsebi\u010dnija stvar kojom se bavimo, jer rade\u0107i to, borimo se sa sopstvenim demonima. Ako je tako, onda se na\u0111e snaga da se u\u0111e u javni prostor i ta unutra\u0161nja borba dobija drugi smisao, ona poma\u017ee drugima. Mo\u017eda nisam uspeo da donesem Zakon o istopolnom partnerstvu u Srbiji, ali postoji mnogo LGBT ljudi koji su se autovali svojim porodicama i prijateljima gledaju\u0107i me u TV emisijama ili su, zahvaljuju\u0107i meni, otvorili diskusiju o Prajdu, pravima, jednakosti. Meni je to dovoljno. Nedavno sam, sasvim slu\u010dajno, stupio u kontakt sa jednim umetnikom koji je sa na\u0161ih prostora, a koji je jedan od najperspektivnijih umetnika u svetu. Rekao mi je da se porodici autovao gledaju\u0107i me svojevremeno u regionalnom Velikom bratu. Eto, mene je tamo doveo aktivizam, a nekome je to, verujem, promenilo \u017eivot. Gledaju\u0107i u tog momka i u mnoge druge LGBT ljude, vidim da je vredelo.<\/p>\n<p><em>razgovor vodila Barbara Matej\u010di\u0107<\/em><\/p>\n","protected":false},"excerpt":{"rendered":"<p>Kada ljudima na zapadu pri\u010dam svoju pri\u010du i kroz \u0161ta sam pro\u0161ao, ka\u017eu da je to previ\u0161e. Mo\u017eda jeste, ali ja sam imao majku, babe, kom\u0161inice, sve \u017eene koje sam sretao i koje su me nau\u010dile kako da pre\u017eivim, a da ne postanem lo\u0161 \u010dovek. To je za mene feminizam<\/p>\n","protected":false},"featured_media":3848,"template":"","tags":[29,173],"atribut":[],"class_list":["post-3851","nada","type-nada","status-publish","has-post-thumbnail","hentry","tag-intervju","tag-intervju-2-hr"],"acf":[],"yoast_head":"<!-- This site is optimized with the Yoast SEO plugin v27.4 - https:\/\/yoast.com\/product\/yoast-seo-wordpress\/ -->\n<title>Boban Stojanovi\u0107: Verujem da mudrost sveta le\u017ei u \u017eenama - SDF - Srpski demokratski forum<\/title>\n<meta name=\"robots\" content=\"index, follow, max-snippet:-1, max-image-preview:large, max-video-preview:-1\" \/>\n<link rel=\"canonical\" href=\"https:\/\/sdf.hr\/hr\/nada\/boban-stojanovic-verujem-da-mudrost-sveta-lezi-u-zenama\/\" \/>\n<meta property=\"og:locale\" content=\"hr_HR\" \/>\n<meta property=\"og:type\" content=\"article\" \/>\n<meta property=\"og:title\" content=\"Boban Stojanovi\u0107: Verujem da mudrost sveta le\u017ei u \u017eenama - SDF - Srpski demokratski forum\" \/>\n<meta property=\"og:description\" content=\"Kada ljudima na zapadu pri\u010dam svoju pri\u010du i kroz \u0161ta sam pro\u0161ao, ka\u017eu da je to previ\u0161e. Mo\u017eda jeste, ali ja sam imao majku, babe, kom\u0161inice, sve \u017eene koje sam sretao i koje su me nau\u010dile kako da pre\u017eivim, a da ne postanem lo\u0161 \u010dovek. To je za mene feminizam\" \/>\n<meta property=\"og:url\" content=\"https:\/\/sdf.hr\/hr\/nada\/boban-stojanovic-verujem-da-mudrost-sveta-lezi-u-zenama\/\" \/>\n<meta property=\"og:site_name\" content=\"SDF - Srpski demokratski forum\" \/>\n<meta property=\"article:modified_time\" content=\"2023-11-27T11:29:38+00:00\" \/>\n<meta property=\"og:image\" content=\"https:\/\/sdf.hr\/wp-content\/uploads\/2023\/11\/Stojanovic1_Jon-Yee-scaled.jpg\" \/>\n\t<meta property=\"og:image:width\" content=\"2560\" \/>\n\t<meta property=\"og:image:height\" content=\"1708\" \/>\n\t<meta property=\"og:image:type\" content=\"image\/jpeg\" \/>\n<meta name=\"twitter:card\" content=\"summary_large_image\" \/>\n<meta name=\"twitter:label1\" content=\"Procijenjeno vrijeme \u010ditanja\" \/>\n\t<meta name=\"twitter:data1\" content=\"15 minuta\" \/>\n<script type=\"application\/ld+json\" class=\"yoast-schema-graph\">{\"@context\":\"https:\\\/\\\/schema.org\",\"@graph\":[{\"@type\":\"WebPage\",\"@id\":\"https:\\\/\\\/sdf.hr\\\/hr\\\/nada\\\/boban-stojanovic-verujem-da-mudrost-sveta-lezi-u-zenama\\\/\",\"url\":\"https:\\\/\\\/sdf.hr\\\/hr\\\/nada\\\/boban-stojanovic-verujem-da-mudrost-sveta-lezi-u-zenama\\\/\",\"name\":\"Boban Stojanovi\u0107: Verujem da mudrost sveta le\u017ei u \u017eenama - SDF - Srpski demokratski forum\",\"isPartOf\":{\"@id\":\"https:\\\/\\\/sdf.hr\\\/#website\"},\"primaryImageOfPage\":{\"@id\":\"https:\\\/\\\/sdf.hr\\\/hr\\\/nada\\\/boban-stojanovic-verujem-da-mudrost-sveta-lezi-u-zenama\\\/#primaryimage\"},\"image\":{\"@id\":\"https:\\\/\\\/sdf.hr\\\/hr\\\/nada\\\/boban-stojanovic-verujem-da-mudrost-sveta-lezi-u-zenama\\\/#primaryimage\"},\"thumbnailUrl\":\"https:\\\/\\\/sdf.hr\\\/wp-content\\\/uploads\\\/2023\\\/11\\\/Stojanovic1_Jon-Yee-scaled.jpg\",\"datePublished\":\"2023-11-12T09:01:34+00:00\",\"dateModified\":\"2023-11-27T11:29:38+00:00\",\"breadcrumb\":{\"@id\":\"https:\\\/\\\/sdf.hr\\\/hr\\\/nada\\\/boban-stojanovic-verujem-da-mudrost-sveta-lezi-u-zenama\\\/#breadcrumb\"},\"inLanguage\":\"hr\",\"potentialAction\":[{\"@type\":\"ReadAction\",\"target\":[\"https:\\\/\\\/sdf.hr\\\/hr\\\/nada\\\/boban-stojanovic-verujem-da-mudrost-sveta-lezi-u-zenama\\\/\"]}]},{\"@type\":\"ImageObject\",\"inLanguage\":\"hr\",\"@id\":\"https:\\\/\\\/sdf.hr\\\/hr\\\/nada\\\/boban-stojanovic-verujem-da-mudrost-sveta-lezi-u-zenama\\\/#primaryimage\",\"url\":\"https:\\\/\\\/sdf.hr\\\/wp-content\\\/uploads\\\/2023\\\/11\\\/Stojanovic1_Jon-Yee-scaled.jpg\",\"contentUrl\":\"https:\\\/\\\/sdf.hr\\\/wp-content\\\/uploads\\\/2023\\\/11\\\/Stojanovic1_Jon-Yee-scaled.jpg\",\"width\":2560,\"height\":1708,\"caption\":\"Boban Stojanovi\u0107 (Foto: Jon Yee)\"},{\"@type\":\"BreadcrumbList\",\"@id\":\"https:\\\/\\\/sdf.hr\\\/hr\\\/nada\\\/boban-stojanovic-verujem-da-mudrost-sveta-lezi-u-zenama\\\/#breadcrumb\",\"itemListElement\":[{\"@type\":\"ListItem\",\"position\":1,\"name\":\"Po\u010detna stranica\",\"item\":\"https:\\\/\\\/sdf.hr\\\/hr\\\/\"},{\"@type\":\"ListItem\",\"position\":2,\"name\":\"Nada\",\"item\":\"https:\\\/\\\/sdf.hr\\\/nada\\\/\"},{\"@type\":\"ListItem\",\"position\":3,\"name\":\"Boban Stojanovi\u0107: Verujem da mudrost sveta le\u017ei u \u017eenama\"}]},{\"@type\":\"WebSite\",\"@id\":\"https:\\\/\\\/sdf.hr\\\/#website\",\"url\":\"https:\\\/\\\/sdf.hr\\\/\",\"name\":\"SDF - Srpski demokratski forum\",\"description\":\"Srpski demokratski forum\",\"publisher\":{\"@id\":\"https:\\\/\\\/sdf.hr\\\/#organization\"},\"potentialAction\":[{\"@type\":\"SearchAction\",\"target\":{\"@type\":\"EntryPoint\",\"urlTemplate\":\"https:\\\/\\\/sdf.hr\\\/?s={search_term_string}\"},\"query-input\":{\"@type\":\"PropertyValueSpecification\",\"valueRequired\":true,\"valueName\":\"search_term_string\"}}],\"inLanguage\":\"hr\"},{\"@type\":\"Organization\",\"@id\":\"https:\\\/\\\/sdf.hr\\\/#organization\",\"name\":\"SDF - Srpski demokratski forum\",\"url\":\"https:\\\/\\\/sdf.hr\\\/\",\"logo\":{\"@type\":\"ImageObject\",\"inLanguage\":\"hr\",\"@id\":\"https:\\\/\\\/sdf.hr\\\/#\\\/schema\\\/logo\\\/image\\\/\",\"url\":\"https:\\\/\\\/sdf.hr\\\/wp-content\\\/uploads\\\/2021\\\/07\\\/logo-hr.svg\",\"contentUrl\":\"https:\\\/\\\/sdf.hr\\\/wp-content\\\/uploads\\\/2021\\\/07\\\/logo-hr.svg\",\"width\":271,\"height\":100,\"caption\":\"SDF - Srpski demokratski forum\"},\"image\":{\"@id\":\"https:\\\/\\\/sdf.hr\\\/#\\\/schema\\\/logo\\\/image\\\/\"}}]}<\/script>\n<!-- \/ Yoast SEO plugin. -->","yoast_head_json":{"title":"Boban Stojanovi\u0107: Verujem da mudrost sveta le\u017ei u \u017eenama - SDF - Srpski demokratski forum","robots":{"index":"index","follow":"follow","max-snippet":"max-snippet:-1","max-image-preview":"max-image-preview:large","max-video-preview":"max-video-preview:-1"},"canonical":"https:\/\/sdf.hr\/hr\/nada\/boban-stojanovic-verujem-da-mudrost-sveta-lezi-u-zenama\/","og_locale":"hr_HR","og_type":"article","og_title":"Boban Stojanovi\u0107: Verujem da mudrost sveta le\u017ei u \u017eenama - SDF - Srpski demokratski forum","og_description":"Kada ljudima na zapadu pri\u010dam svoju pri\u010du i kroz \u0161ta sam pro\u0161ao, ka\u017eu da je to previ\u0161e. Mo\u017eda jeste, ali ja sam imao majku, babe, kom\u0161inice, sve \u017eene koje sam sretao i koje su me nau\u010dile kako da pre\u017eivim, a da ne postanem lo\u0161 \u010dovek. To je za mene feminizam","og_url":"https:\/\/sdf.hr\/hr\/nada\/boban-stojanovic-verujem-da-mudrost-sveta-lezi-u-zenama\/","og_site_name":"SDF - Srpski demokratski forum","article_modified_time":"2023-11-27T11:29:38+00:00","og_image":[{"width":2560,"height":1708,"url":"https:\/\/sdf.hr\/wp-content\/uploads\/2023\/11\/Stojanovic1_Jon-Yee-scaled.jpg","type":"image\/jpeg"}],"twitter_card":"summary_large_image","twitter_misc":{"Procijenjeno vrijeme \u010ditanja":"15 minuta"},"schema":{"@context":"https:\/\/schema.org","@graph":[{"@type":"WebPage","@id":"https:\/\/sdf.hr\/hr\/nada\/boban-stojanovic-verujem-da-mudrost-sveta-lezi-u-zenama\/","url":"https:\/\/sdf.hr\/hr\/nada\/boban-stojanovic-verujem-da-mudrost-sveta-lezi-u-zenama\/","name":"Boban Stojanovi\u0107: Verujem da mudrost sveta le\u017ei u \u017eenama - SDF - Srpski demokratski forum","isPartOf":{"@id":"https:\/\/sdf.hr\/#website"},"primaryImageOfPage":{"@id":"https:\/\/sdf.hr\/hr\/nada\/boban-stojanovic-verujem-da-mudrost-sveta-lezi-u-zenama\/#primaryimage"},"image":{"@id":"https:\/\/sdf.hr\/hr\/nada\/boban-stojanovic-verujem-da-mudrost-sveta-lezi-u-zenama\/#primaryimage"},"thumbnailUrl":"https:\/\/sdf.hr\/wp-content\/uploads\/2023\/11\/Stojanovic1_Jon-Yee-scaled.jpg","datePublished":"2023-11-12T09:01:34+00:00","dateModified":"2023-11-27T11:29:38+00:00","breadcrumb":{"@id":"https:\/\/sdf.hr\/hr\/nada\/boban-stojanovic-verujem-da-mudrost-sveta-lezi-u-zenama\/#breadcrumb"},"inLanguage":"hr","potentialAction":[{"@type":"ReadAction","target":["https:\/\/sdf.hr\/hr\/nada\/boban-stojanovic-verujem-da-mudrost-sveta-lezi-u-zenama\/"]}]},{"@type":"ImageObject","inLanguage":"hr","@id":"https:\/\/sdf.hr\/hr\/nada\/boban-stojanovic-verujem-da-mudrost-sveta-lezi-u-zenama\/#primaryimage","url":"https:\/\/sdf.hr\/wp-content\/uploads\/2023\/11\/Stojanovic1_Jon-Yee-scaled.jpg","contentUrl":"https:\/\/sdf.hr\/wp-content\/uploads\/2023\/11\/Stojanovic1_Jon-Yee-scaled.jpg","width":2560,"height":1708,"caption":"Boban Stojanovi\u0107 (Foto: Jon Yee)"},{"@type":"BreadcrumbList","@id":"https:\/\/sdf.hr\/hr\/nada\/boban-stojanovic-verujem-da-mudrost-sveta-lezi-u-zenama\/#breadcrumb","itemListElement":[{"@type":"ListItem","position":1,"name":"Po\u010detna stranica","item":"https:\/\/sdf.hr\/hr\/"},{"@type":"ListItem","position":2,"name":"Nada","item":"https:\/\/sdf.hr\/nada\/"},{"@type":"ListItem","position":3,"name":"Boban Stojanovi\u0107: Verujem da mudrost sveta le\u017ei u \u017eenama"}]},{"@type":"WebSite","@id":"https:\/\/sdf.hr\/#website","url":"https:\/\/sdf.hr\/","name":"SDF - Srpski demokratski forum","description":"Srpski demokratski forum","publisher":{"@id":"https:\/\/sdf.hr\/#organization"},"potentialAction":[{"@type":"SearchAction","target":{"@type":"EntryPoint","urlTemplate":"https:\/\/sdf.hr\/?s={search_term_string}"},"query-input":{"@type":"PropertyValueSpecification","valueRequired":true,"valueName":"search_term_string"}}],"inLanguage":"hr"},{"@type":"Organization","@id":"https:\/\/sdf.hr\/#organization","name":"SDF - Srpski demokratski forum","url":"https:\/\/sdf.hr\/","logo":{"@type":"ImageObject","inLanguage":"hr","@id":"https:\/\/sdf.hr\/#\/schema\/logo\/image\/","url":"https:\/\/sdf.hr\/wp-content\/uploads\/2021\/07\/logo-hr.svg","contentUrl":"https:\/\/sdf.hr\/wp-content\/uploads\/2021\/07\/logo-hr.svg","width":271,"height":100,"caption":"SDF - Srpski demokratski forum"},"image":{"@id":"https:\/\/sdf.hr\/#\/schema\/logo\/image\/"}}]}},"_links":{"self":[{"href":"https:\/\/sdf.hr\/hr\/wp-json\/wp\/v2\/nada\/3851","targetHints":{"allow":["GET"]}}],"collection":[{"href":"https:\/\/sdf.hr\/hr\/wp-json\/wp\/v2\/nada"}],"about":[{"href":"https:\/\/sdf.hr\/hr\/wp-json\/wp\/v2\/types\/nada"}],"wp:featuredmedia":[{"embeddable":true,"href":"https:\/\/sdf.hr\/hr\/wp-json\/wp\/v2\/media\/3848"}],"wp:attachment":[{"href":"https:\/\/sdf.hr\/hr\/wp-json\/wp\/v2\/media?parent=3851"}],"wp:term":[{"taxonomy":"post_tag","embeddable":true,"href":"https:\/\/sdf.hr\/hr\/wp-json\/wp\/v2\/tags?post=3851"},{"taxonomy":"atribut","embeddable":true,"href":"https:\/\/sdf.hr\/hr\/wp-json\/wp\/v2\/atribut?post=3851"}],"curies":[{"name":"wp","href":"https:\/\/api.w.org\/{rel}","templated":true}]}}