{"id":3881,"date":"2023-11-24T09:00:00","date_gmt":"2023-11-24T08:00:00","guid":{"rendered":"https:\/\/sdf.hr\/nada\/zadrska-iz-hamburga\/"},"modified":"2023-11-22T15:34:09","modified_gmt":"2023-11-22T14:34:09","slug":"zadrska-iz-hamburga","status":"publish","type":"nada","link":"https:\/\/sdf.hr\/hr\/nada\/zadrska-iz-hamburga\/","title":{"rendered":"Zadr\u0161ka iz Hamburga"},"content":{"rendered":"<p>Od stadiona Glasgowa, Madrida i San Sebasti\u00e1na preko Livorna, Mostara i Kaira, nastavlja se podr\u0161ka nogometnih navija\u010da i navija\u010dica Palestini. Navija\u010di Real Sociedada na stadion su iza\u0161li u bijelim kombinezonima poprskanima crvenom bojom. Navija\u010di Vele\u017ea na tribini su ra\u0161irili veliku palestinsku zastavu, a deseci tisu\u0107a navija\u010da Al Ahlija u kairskoj no\u0107i kao jedno skandirali: &#8220;\u017divote i du\u0161u dat \u0107emo za Palestinu.&#8221;<\/p>\n<p>A u Hamburgu \u2013 zadr\u0161ka. Ne\u0161to je ovih dana druga\u010dije u pankerskom lu\u010dkom gradu iz kojeg smo navikli na britki i nabrijani glas navija\u010da St. Paulija, svojevrsni lijevi megafon. Postavljaju\u0107i se kao klub \u0161ire dru\u0161tvenih pitanja, a ne samo nogometa i navija\u0161tva, St. Pauli je s vremenom postao glavni ljevi\u010darski brend njema\u010dkog nogometa. Danas postoji vi\u0161e od 400 njihovih registriranih klubova prijatelja i podr\u017eavatelja diljem svijeta.<\/p>\n<p>I sve u njima uglavnom te\u010de glatko, ili je teklo, do Gaze. Naime, zadnjih mjesec dana do\u0161lo je do razdora izme\u0111u lokalnih i me\u0111unarodnih navija\u010da St. Paulija oko pitanja kako (i da li uop\u0107e) iskazati podr\u0161ku Palestini. Dio sna\u017ene podr\u0161ke Palestini stigao je odmah po\u010detkom oktobra iz me\u0111unarodnih klubova navija\u010da St. Paulija, da bi potom njihove poteze s oprezom, a u nekim slu\u010dajevima i osudom, tuma\u010dili iz &#8220;aktivne baze navija\u010da&#8221; u Njema\u010dkoj. Tako su na nedavnoj utakmici navija\u010di u Hamburgu razvukli dva transparenta: &#8220;Od Gaze do Glasgowa, borite se protiv antisemitizma!&#8221; i &#8220;Oslobodite Palestinu od Hamasa!&#8221;.<\/p>\n<p>Referenca je to na zajedni\u010dku izjavu koju potpisuje vi\u0161e klubova navija\u010da St. Paulija, me\u0111u ostalim iz Glasgowa, Liverpoola, Chicaga, Atene i Belfasta. U njoj se kritizira mlak slu\u017ebeni stav uprave St. Paulija oko rata u Palestini \u2013 fokus na teror Hamasa i humanitarnu krizu u Gazi, izbjegavanje adresiranja uloge desni\u010darske izraelske vlade, nespominjanje okupacije i aparthejda te intenziteta nedavnih ratnih zlo\u010dina tj. genocida.<\/p>\n<p>&#8220;Znamo i razumijemo osjetljiv i pa\u017eljiv stav njema\u010dke ljevice prema Izraelu. Na\u017ealost, zbog holokausta, to \u0107e uvijek biti osjetljiva stvar. Ali tako\u0111er s tugom promatramo kako to omogu\u0107uje nekim navija\u010dima da vr\u0161e pritisak na vodstvo kluba. \u0160tovi\u0161e, ti ljudi nas stalno optu\u017euju i napadaju da smo antisemiti. To je demagogija koju odbijamo prihvatiti (&#8230;) Mi smo prista\u0161e St. Paulija, svi smo antifa\u0161isti i antirasisti&#8221;, stoji u toj izjavi. Me\u0111unarodni ogranci pozvali su tako upravu kluba da preispita svoj stav o ovom pitanju i stane iza vrijednosti koje St. Pauli predstavlja desetlje\u0107ima.<\/p>\n<p>Zbog nezadovoljstva reakcijom uprave ovih je dana uga\u0161en klub podr\u017eavatelja St. Paulija u Bilbau. Nakon \u0161est godina postojanja odluku o raspu\u0161tanju donijeli su u ime protesta zbog &#8220;promjena vrijednosti kluba&#8221;. U njihovoj izjavi stoji: &#8220;Osje\u0107ali smo tugu i sram nakon \u0161to smo vidjeli reakciju njema\u010dke ljevice, uklju\u010duju\u0107i i nogometni svijet, na genocid koji Dr\u017eava Izrael \u010dini nad palestinskim narodom. Zabranjeni su prosvjedi i palestinske zastave, a svakoga tko ne brani slu\u017ebeni narativ optu\u017euje se da je antisemit. Svi nogometni klubovi u zemlji, uklju\u010duju\u0107i i St. Pauli, i ve\u0107ina njihovih navija\u010da, pona\u0161ali su se u skladu s tim. Ako mo\u017ee postojati samo jedna strana povijesti i samo jedna verzija doga\u0111aja koja ignorira neselektivna ubojstva civila, aparthejd i okupaciju i kolonizaciju palestinske zemlje, onda shva\u0107amo da ovo definitivno nije na\u0161e mjesto. Ako klub i njegovi navija\u010di opravdaju masakre koji su u tijeku, onda ne vidimo drugu opciju nego napustiti klub, prekinuti sve aktivnosti i raspustiti Bilbao St. Pauli.&#8221;<\/p>\n<p><em>pi\u0161e Ivana Peri\u0107<\/em><\/p>\n","protected":false},"excerpt":{"rendered":"<p>St. Pauli je s vremenom postao glavni ljevi\u010darski brend njema\u010dkog nogometa. Danas postoji vi\u0161e od 400 njihovih registriranih klubova prijatelja i podr\u017eavatelja diljem svijeta. I sve u njima uglavnom te\u010de glatko, ili je teklo, do Gaze<\/p>\n","protected":false},"featured_media":3880,"template":"","tags":[40],"atribut":[],"class_list":["post-3881","nada","type-nada","status-publish","has-post-thumbnail","hentry","tag-dvokorak-naprijed"],"acf":[],"yoast_head":"<!-- This site is optimized with the Yoast SEO plugin v27.4 - https:\/\/yoast.com\/product\/yoast-seo-wordpress\/ -->\n<title>Zadr\u0161ka iz Hamburga - SDF - Srpski demokratski forum<\/title>\n<meta name=\"robots\" content=\"index, follow, max-snippet:-1, max-image-preview:large, max-video-preview:-1\" \/>\n<link rel=\"canonical\" href=\"https:\/\/sdf.hr\/nada\/zadrska-iz-hamburga\/\" \/>\n<meta property=\"og:locale\" content=\"hr_HR\" \/>\n<meta property=\"og:type\" content=\"article\" \/>\n<meta property=\"og:title\" content=\"Zadr\u0161ka iz Hamburga - SDF - Srpski demokratski forum\" \/>\n<meta property=\"og:description\" content=\"St. Pauli je s vremenom postao glavni ljevi\u010darski brend njema\u010dkog nogometa. Danas postoji vi\u0161e od 400 njihovih registriranih klubova prijatelja i podr\u017eavatelja diljem svijeta. I sve u njima uglavnom te\u010de glatko, ili je teklo, do Gaze\" \/>\n<meta property=\"og:url\" content=\"https:\/\/sdf.hr\/nada\/zadrska-iz-hamburga\/\" \/>\n<meta property=\"og:site_name\" content=\"SDF - Srpski demokratski forum\" \/>\n<meta property=\"og:image\" content=\"https:\/\/sdf.hr\/wp-content\/uploads\/2023\/11\/St-Pauli_Oliver-Ruhnke-Imagosport-scaled.jpg\" \/>\n\t<meta property=\"og:image:width\" content=\"2560\" \/>\n\t<meta property=\"og:image:height\" content=\"1930\" \/>\n\t<meta property=\"og:image:type\" content=\"image\/jpeg\" \/>\n<meta name=\"twitter:card\" content=\"summary_large_image\" \/>\n<meta name=\"twitter:label1\" content=\"Procijenjeno vrijeme \u010ditanja\" \/>\n\t<meta name=\"twitter:data1\" content=\"3 minute\" \/>\n<script type=\"application\/ld+json\" class=\"yoast-schema-graph\">{\"@context\":\"https:\\\/\\\/schema.org\",\"@graph\":[{\"@type\":\"WebPage\",\"@id\":\"https:\\\/\\\/sdf.hr\\\/nada\\\/zadrska-iz-hamburga\\\/\",\"url\":\"https:\\\/\\\/sdf.hr\\\/nada\\\/zadrska-iz-hamburga\\\/\",\"name\":\"Zadr\u0161ka iz Hamburga - SDF - Srpski demokratski forum\",\"isPartOf\":{\"@id\":\"https:\\\/\\\/sdf.hr\\\/#website\"},\"primaryImageOfPage\":{\"@id\":\"https:\\\/\\\/sdf.hr\\\/nada\\\/zadrska-iz-hamburga\\\/#primaryimage\"},\"image\":{\"@id\":\"https:\\\/\\\/sdf.hr\\\/nada\\\/zadrska-iz-hamburga\\\/#primaryimage\"},\"thumbnailUrl\":\"https:\\\/\\\/sdf.hr\\\/wp-content\\\/uploads\\\/2023\\\/11\\\/St-Pauli_Oliver-Ruhnke-Imagosport-scaled.jpg\",\"datePublished\":\"2023-11-24T08:00:00+00:00\",\"breadcrumb\":{\"@id\":\"https:\\\/\\\/sdf.hr\\\/nada\\\/zadrska-iz-hamburga\\\/#breadcrumb\"},\"inLanguage\":\"hr\",\"potentialAction\":[{\"@type\":\"ReadAction\",\"target\":[\"https:\\\/\\\/sdf.hr\\\/nada\\\/zadrska-iz-hamburga\\\/\"]}]},{\"@type\":\"ImageObject\",\"inLanguage\":\"hr\",\"@id\":\"https:\\\/\\\/sdf.hr\\\/nada\\\/zadrska-iz-hamburga\\\/#primaryimage\",\"url\":\"https:\\\/\\\/sdf.hr\\\/wp-content\\\/uploads\\\/2023\\\/11\\\/St-Pauli_Oliver-Ruhnke-Imagosport-scaled.jpg\",\"contentUrl\":\"https:\\\/\\\/sdf.hr\\\/wp-content\\\/uploads\\\/2023\\\/11\\\/St-Pauli_Oliver-Ruhnke-Imagosport-scaled.jpg\",\"width\":2560,\"height\":1930,\"caption\":\"Navija\u010di St. Pulija (Foto: Oliver Ruhnke\\\/IMAGOSPORT\\\/PIXSELL)\"},{\"@type\":\"BreadcrumbList\",\"@id\":\"https:\\\/\\\/sdf.hr\\\/nada\\\/zadrska-iz-hamburga\\\/#breadcrumb\",\"itemListElement\":[{\"@type\":\"ListItem\",\"position\":1,\"name\":\"Po\u010detna stranica\",\"item\":\"https:\\\/\\\/sdf.hr\\\/hr\\\/\"},{\"@type\":\"ListItem\",\"position\":2,\"name\":\"Nada\",\"item\":\"https:\\\/\\\/sdf.hr\\\/nada\\\/\"},{\"@type\":\"ListItem\",\"position\":3,\"name\":\"Zadr\u0161ka iz Hamburga\"}]},{\"@type\":\"WebSite\",\"@id\":\"https:\\\/\\\/sdf.hr\\\/#website\",\"url\":\"https:\\\/\\\/sdf.hr\\\/\",\"name\":\"SDF - Srpski demokratski forum\",\"description\":\"Srpski demokratski forum\",\"publisher\":{\"@id\":\"https:\\\/\\\/sdf.hr\\\/#organization\"},\"potentialAction\":[{\"@type\":\"SearchAction\",\"target\":{\"@type\":\"EntryPoint\",\"urlTemplate\":\"https:\\\/\\\/sdf.hr\\\/?s={search_term_string}\"},\"query-input\":{\"@type\":\"PropertyValueSpecification\",\"valueRequired\":true,\"valueName\":\"search_term_string\"}}],\"inLanguage\":\"hr\"},{\"@type\":\"Organization\",\"@id\":\"https:\\\/\\\/sdf.hr\\\/#organization\",\"name\":\"SDF - Srpski demokratski forum\",\"url\":\"https:\\\/\\\/sdf.hr\\\/\",\"logo\":{\"@type\":\"ImageObject\",\"inLanguage\":\"hr\",\"@id\":\"https:\\\/\\\/sdf.hr\\\/#\\\/schema\\\/logo\\\/image\\\/\",\"url\":\"https:\\\/\\\/sdf.hr\\\/wp-content\\\/uploads\\\/2021\\\/07\\\/logo-hr.svg\",\"contentUrl\":\"https:\\\/\\\/sdf.hr\\\/wp-content\\\/uploads\\\/2021\\\/07\\\/logo-hr.svg\",\"width\":271,\"height\":100,\"caption\":\"SDF - Srpski demokratski forum\"},\"image\":{\"@id\":\"https:\\\/\\\/sdf.hr\\\/#\\\/schema\\\/logo\\\/image\\\/\"}}]}<\/script>\n<!-- \/ Yoast SEO plugin. -->","yoast_head_json":{"title":"Zadr\u0161ka iz Hamburga - SDF - Srpski demokratski forum","robots":{"index":"index","follow":"follow","max-snippet":"max-snippet:-1","max-image-preview":"max-image-preview:large","max-video-preview":"max-video-preview:-1"},"canonical":"https:\/\/sdf.hr\/nada\/zadrska-iz-hamburga\/","og_locale":"hr_HR","og_type":"article","og_title":"Zadr\u0161ka iz Hamburga - SDF - Srpski demokratski forum","og_description":"St. Pauli je s vremenom postao glavni ljevi\u010darski brend njema\u010dkog nogometa. Danas postoji vi\u0161e od 400 njihovih registriranih klubova prijatelja i podr\u017eavatelja diljem svijeta. I sve u njima uglavnom te\u010de glatko, ili je teklo, do Gaze","og_url":"https:\/\/sdf.hr\/nada\/zadrska-iz-hamburga\/","og_site_name":"SDF - Srpski demokratski forum","og_image":[{"width":2560,"height":1930,"url":"https:\/\/sdf.hr\/wp-content\/uploads\/2023\/11\/St-Pauli_Oliver-Ruhnke-Imagosport-scaled.jpg","type":"image\/jpeg"}],"twitter_card":"summary_large_image","twitter_misc":{"Procijenjeno vrijeme \u010ditanja":"3 minute"},"schema":{"@context":"https:\/\/schema.org","@graph":[{"@type":"WebPage","@id":"https:\/\/sdf.hr\/nada\/zadrska-iz-hamburga\/","url":"https:\/\/sdf.hr\/nada\/zadrska-iz-hamburga\/","name":"Zadr\u0161ka iz Hamburga - SDF - Srpski demokratski forum","isPartOf":{"@id":"https:\/\/sdf.hr\/#website"},"primaryImageOfPage":{"@id":"https:\/\/sdf.hr\/nada\/zadrska-iz-hamburga\/#primaryimage"},"image":{"@id":"https:\/\/sdf.hr\/nada\/zadrska-iz-hamburga\/#primaryimage"},"thumbnailUrl":"https:\/\/sdf.hr\/wp-content\/uploads\/2023\/11\/St-Pauli_Oliver-Ruhnke-Imagosport-scaled.jpg","datePublished":"2023-11-24T08:00:00+00:00","breadcrumb":{"@id":"https:\/\/sdf.hr\/nada\/zadrska-iz-hamburga\/#breadcrumb"},"inLanguage":"hr","potentialAction":[{"@type":"ReadAction","target":["https:\/\/sdf.hr\/nada\/zadrska-iz-hamburga\/"]}]},{"@type":"ImageObject","inLanguage":"hr","@id":"https:\/\/sdf.hr\/nada\/zadrska-iz-hamburga\/#primaryimage","url":"https:\/\/sdf.hr\/wp-content\/uploads\/2023\/11\/St-Pauli_Oliver-Ruhnke-Imagosport-scaled.jpg","contentUrl":"https:\/\/sdf.hr\/wp-content\/uploads\/2023\/11\/St-Pauli_Oliver-Ruhnke-Imagosport-scaled.jpg","width":2560,"height":1930,"caption":"Navija\u010di St. Pulija (Foto: Oliver Ruhnke\/IMAGOSPORT\/PIXSELL)"},{"@type":"BreadcrumbList","@id":"https:\/\/sdf.hr\/nada\/zadrska-iz-hamburga\/#breadcrumb","itemListElement":[{"@type":"ListItem","position":1,"name":"Po\u010detna stranica","item":"https:\/\/sdf.hr\/hr\/"},{"@type":"ListItem","position":2,"name":"Nada","item":"https:\/\/sdf.hr\/nada\/"},{"@type":"ListItem","position":3,"name":"Zadr\u0161ka iz Hamburga"}]},{"@type":"WebSite","@id":"https:\/\/sdf.hr\/#website","url":"https:\/\/sdf.hr\/","name":"SDF - Srpski demokratski forum","description":"Srpski demokratski forum","publisher":{"@id":"https:\/\/sdf.hr\/#organization"},"potentialAction":[{"@type":"SearchAction","target":{"@type":"EntryPoint","urlTemplate":"https:\/\/sdf.hr\/?s={search_term_string}"},"query-input":{"@type":"PropertyValueSpecification","valueRequired":true,"valueName":"search_term_string"}}],"inLanguage":"hr"},{"@type":"Organization","@id":"https:\/\/sdf.hr\/#organization","name":"SDF - Srpski demokratski forum","url":"https:\/\/sdf.hr\/","logo":{"@type":"ImageObject","inLanguage":"hr","@id":"https:\/\/sdf.hr\/#\/schema\/logo\/image\/","url":"https:\/\/sdf.hr\/wp-content\/uploads\/2021\/07\/logo-hr.svg","contentUrl":"https:\/\/sdf.hr\/wp-content\/uploads\/2021\/07\/logo-hr.svg","width":271,"height":100,"caption":"SDF - Srpski demokratski forum"},"image":{"@id":"https:\/\/sdf.hr\/#\/schema\/logo\/image\/"}}]}},"_links":{"self":[{"href":"https:\/\/sdf.hr\/hr\/wp-json\/wp\/v2\/nada\/3881","targetHints":{"allow":["GET"]}}],"collection":[{"href":"https:\/\/sdf.hr\/hr\/wp-json\/wp\/v2\/nada"}],"about":[{"href":"https:\/\/sdf.hr\/hr\/wp-json\/wp\/v2\/types\/nada"}],"wp:featuredmedia":[{"embeddable":true,"href":"https:\/\/sdf.hr\/hr\/wp-json\/wp\/v2\/media\/3880"}],"wp:attachment":[{"href":"https:\/\/sdf.hr\/hr\/wp-json\/wp\/v2\/media?parent=3881"}],"wp:term":[{"taxonomy":"post_tag","embeddable":true,"href":"https:\/\/sdf.hr\/hr\/wp-json\/wp\/v2\/tags?post=3881"},{"taxonomy":"atribut","embeddable":true,"href":"https:\/\/sdf.hr\/hr\/wp-json\/wp\/v2\/atribut?post=3881"}],"curies":[{"name":"wp","href":"https:\/\/api.w.org\/{rel}","templated":true}]}}