{"id":3891,"date":"2023-11-26T09:00:33","date_gmt":"2023-11-26T08:00:33","guid":{"rendered":"https:\/\/sdf.hr\/nada\/kristian-novak-ne-smatram-se-dovrsenim-piscem\/"},"modified":"2023-12-10T11:25:51","modified_gmt":"2023-12-10T10:25:51","slug":"kristian-novak-ne-smatram-se-dovrsenim-piscem","status":"publish","type":"nada","link":"https:\/\/sdf.hr\/hr\/nada\/kristian-novak-ne-smatram-se-dovrsenim-piscem\/","title":{"rendered":"Kristian Novak: Ne smatram se dovr\u0161enim piscem"},"content":{"rendered":"<p><strong>Kristian Novak<\/strong> ro\u0111en je 1979. godine u Baden-Badenu, a djetinjstvo je proveo u Sv. Martinu na Muri. Na Filozofskom fakultetu u Zagrebu diplomirao je kroatistiku i germanistiku te doktorirao na Poslijediplomskom studiju lingvistike. Predaje na Odsjeku za germanistiku zagreba\u010dkog Filozofskog fakulteta. Autor je \u010detiri romana: &#8220;Obje\u0161eni&#8221; (2005.), &#8220;\u010crna mati zemla&#8221; (2013.), &#8220;Ciganin, ali najljep\u0161i&#8221; (2016.) i &#8220;Slu\u010daj vlastite pogibelji&#8221; (2023.). Romanima &#8220;\u010crna mati zemla&#8221; i &#8220;Ciganin, ali najljep\u0161i&#8221; Novak je osvojio knji\u017eevnu publiku i kritiku, kao i sva dostupna doma\u0107a knji\u017eevna priznanja. Kristiana smo uhvatili jedno subotnje prohladno jutro na zapadu Zagreba.<\/p>\n<p><strong>U enciklopedijskoj natuknici stoji: Novak, Kristian, hrvatski knji\u017eevnik i jezikoslovac. Zadr\u017eimo se malo na Kristianu jezikoslovcu, o kojem javnost sigurno zna manje. Koje je va\u0161e polje interesa, koje kolegije predajete na germanistici i kako studenti reagiraju na njih?<\/strong><\/p>\n<p>Na preddiplomskom studiju germanistike predajem sintaksu njema\u010dkog jezika, \u0161to je tre\u0107i najdosadniji kolegij, a s prevoditeljima na diplomskom radim, pazite sad ove nazive: terminologije i jezici struka jedan, dva i tri. Tako\u0111er, predajem i idiomatiku i stilistiku hrvatskog jezika, gdje radimo na kvaliteti prijevoda, raspravljamo i o jezi\u010dnoj ideologiji, kada treba prevoditi na standard, kada ne i sli\u010dno. U istra\u017eiva\u010dkom radu bavim se sociolingvistikom, posebno povijesnom sociolingvistikom, 19. stolje\u0107em, ilirskim pokretom, politi\u010dkom ulogom jezika u stvaranju nacije.<\/p>\n<p><strong>Diplomirali ste 2005. godine i ostali raditi na fakultetu. Koja je glavna razlika izme\u0111u studenata u va\u0161im profesorskim po\u010decima i danas?<\/strong><\/p>\n<p>Za po\u010detak druga\u010diji sam i ja, 2005. sam se borio s uspostavom autoriteta i paralelno se pravio da mi do toga nije stalo, a sada, kada sam prakti\u010dki gotov istra\u017eiva\u010d, puno mi je lak\u0161e priznati studentima da sam rekao neku glupost, to s 26 godina nisi u stanju. Studenti su danas otvoreniji i skloniji artikulirati svoje stavove i nezadovoljstvo. S druge strane, promijenio se na\u010din transfera znanja. Primjerice, kada smo mi prevodili, sjedili smo ispred tri ogromna rje\u010dnika, a sada ve\u0107inom radimo s prijevodnim memorijama, s ChatGPT-ijem, s Google Translateom. To su alati koje itekako treba uzeti u obzir, a paralelno studenti moraju nau\u010diti koliko moraju biti kriti\u010dni prema rje\u0161enjima koja im alati nude. Jako sam zadovoljan sa svojim studentima i studenticama, imam dvije super generacije i mislim da smo stvorili sigurno mjesto u kojem svatko mo\u017ee re\u0107i svoje mi\u0161ljenje bez straha.<\/p>\n<p><strong>Iste godine kada ste po\u010deli raditi na fakultetu objavili ste prvi roman &#8220;Obje\u0161eni&#8221;. Roman je pro\u0161ao ispod radara pa nam recite ne\u0161to o njemu.<\/strong><\/p>\n<p>Roman sam pisao za vrijeme faksa, pro\u010ditalo ga je jako malo ljudi i dobro je da je tako (smijeh). &#8220;Obje\u0161eni&#8221; su pri\u010da o troje studenata sa sjeverozapada Hrvatske koji studiraju u Zagrebu. Sje\u0107am se da sam tekst do sedamdesete stranice napisao bez problema, a onda nisam znao nastaviti pa sam po\u010deo palamuditi i isprobavati razli\u010dite pripovjeda\u010dke postupke. U rukopis sam htio ubaciti sva svoja tada\u0161nja uvjerenja, deklarirati koliko puno znam o drogama i seksu. Danas mi je to smije\u0161no, ali tada sam mislio da sam otkrio kako isko\u010diti iz mase. Isko\u010dio iz mase nisam jer je roman objavljen u regionalnoj nakladi, a u pravilu relevantnu knji\u017eevnu kritiku ne zanima ne\u0161to \u0161to je objavljeno kod nepoznatih izdava\u010da.<\/p>\n<p><strong>Malo je re\u0107i da je drugi roman, &#8220;\u010crna mati zemla&#8221;, pro\u0161ao mnogo bolje. Koja pri\u010da stoji iza tog rukopisa?<\/strong><\/p>\n<p>Kako nakon &#8220;Obje\u0161enih&#8221; nisam imao nikakav <em>feedback<\/em>, mislim da roman ni moja mama nije pro\u010ditala, nisam imao ideju o sebi kao o budu\u0107em piscu i posvetio sam se fakultetu i pisanju doktorata. Tokom pisanja doktorata trebalo mi je da negdje sa strane i\u017eivim svoju emociju, pi\u0161em o onome \u0161to se ne mo\u017ee kvantificirati ni znanstveno artikulirati, pa sam po\u010deo pisati dnevnik u kojem sam i\u0161ao sve dalje i dublje u pro\u0161lost. Nakon dva-tri tjedna po\u010deo sam otkrivati vrlo zanimljive stvari o svom djetinjstvu i moja je podsvijest oko tog sje\u0107anja po\u010dela graditi fiktivni okvir. Kada sam zavr\u0161io rukopis, poslao sam ga <strong>Kruni Lokotaru<\/strong> jer sam od svojih kolega <strong>Svjetlana Lacka Viduli\u0107a<\/strong> i <strong>Franje Jane\u0161a<\/strong> \u010duo da je on urednik koji radi s autorima i autoricama od pasusa do pasusa, od rije\u010di do rije\u010di ako treba, da voli raditi s mladim neafirmiranim piscima \u0161to je bila rijetkost. Kruno je rukopis odbio. Nakon nekog vremena, slu\u010dajno smo se sreli na nekoj promociji knjige, predstavio sam mu se, jer se prije nismo poznavali. Na kraju je ispalo da je on odustao nakon tridesetak stranica rukopisa jer sam stvarno imao barokni stil i hrpu vi\u0161kova, ali ga je zainteresirala pri\u010da. Da skratim, rastali smo se u deset nave\u010der i iste no\u0107i oko jedan-dva do\u0161ao je mejl da \u017eeli raditi sa mnom. I tako je, nakon dosta rada, \u010di\u0161\u0107enja jezika i redukcije nastala &#8220;\u010crna mati&#8221;.<\/p>\n<figure id=\"attachment_3885\" aria-describedby=\"caption-attachment-3885\" style=\"width: 2560px\" class=\"wp-caption alignnone\"><img loading=\"lazy\" decoding=\"async\" class=\"wp-image-3885 size-full\" src=\"https:\/\/sdf.hr\/wp-content\/uploads\/2023\/11\/Novak2-scaled.jpg\" alt=\"\" width=\"2560\" height=\"1708\" srcset=\"https:\/\/sdf.hr\/wp-content\/uploads\/2023\/11\/Novak2-scaled.jpg 2560w, https:\/\/sdf.hr\/wp-content\/uploads\/2023\/11\/Novak2-300x200.jpg 300w, https:\/\/sdf.hr\/wp-content\/uploads\/2023\/11\/Novak2-1024x683.jpg 1024w, https:\/\/sdf.hr\/wp-content\/uploads\/2023\/11\/Novak2-768x512.jpg 768w, https:\/\/sdf.hr\/wp-content\/uploads\/2023\/11\/Novak2-1536x1025.jpg 1536w, https:\/\/sdf.hr\/wp-content\/uploads\/2023\/11\/Novak2-2048x1366.jpg 2048w\" sizes=\"auto, (max-width: 2560px) 100vw, 2560px\" \/><figcaption id=\"caption-attachment-3885\" class=\"wp-caption-text\">Foto: Davor Konjiku\u0161i\u0107<\/figcaption><\/figure>\n<p><strong>Kao \u010ditateljica kojoj je kajkavski uistinu stran, mogu re\u0107i da nakon tre\u0107eg romana pone\u0161to razumijem dijaloge va\u0161ih likova. Ima li velike razlike u dijalektu u &#8220;\u010crnoj mati&#8221; i novom romanu &#8220;Slu\u010daj vlastite pogibelji&#8221;?<\/strong><\/p>\n<p>&#8220;U \u010crnoj mati zemli&#8221; koristio sam gornjome\u0111imurski idiom, a u &#8220;Slu\u010daju vlastite pogibelji&#8221; likovi su iz razli\u010ditih dijelova Me\u0111imurja, pri\u010daju urbanije, gravitiraju prema \u010cakovcu. Mislim da se ova pri\u010da mo\u017ee zamisliti bilo gdje pa mi tvrdi naglasak nije bio u fokusu.<\/p>\n<p><strong>Roman &#8220;Ciganin, ali najljep\u0161i&#8221; osvojio je manje-vi\u0161e sve nagrade koje postoje u doma\u0107em knji\u017eevnom polju. Na koji ste se na\u010din uspjeli otresti enormnog uspjeha romana prije nego ste se upustili u novi tekst?<\/strong><\/p>\n<p>Mislim da je klju\u010dno to \u0161to se ne smatram dovr\u0161enim piscem. Od srama ne \u010ditam svoje knjige nakon objave, uvijek znam da je moglo bolje pa je konstruktivnije da krenem razmi\u0161ljati o sljede\u0107oj pri\u010di. Kada sjednem pisati novi roman, izbri\u0161em sve \u0161to sam dotad imao u glavi jer svaka pri\u010da zaslu\u017euje da krene\u0161 od nule, \u0161to je mu\u010dan proces, ali meni to jedino daje \u0161ansu da se ne ponavljam.<\/p>\n<p><strong> Izjavili ste da vas je stvarni slu\u010daj sumnjive smrti mladog me\u0111imurskog policajca iz 2013. opsjedao i da zapravo niste znali da \u0107e iz toga iza\u0107i gra\u0111a za roman. Za\u0161to vas je od hiljade pri\u010da iz crne kronike ba\u0161 ta toliko dotakla?<\/strong><\/p>\n<p>Prijatelj koji radi u zagreba\u010dkoj policiji ukazao mi je na slu\u010daj, i on mi je tada bio rekao, iako meni nije bilo ni u primisli, da bi trebao napisati knjigu koja se temelji na tom istinitom doga\u0111aju. Nikada nisam zaboravio taj slu\u010daj, a kada se razvila pri\u010da s bratom preminulog, isto policajcem, koji je u dva navrata spasio \u017eivote ljudima koji su htjeli po\u010diniti suicid, sve me vi\u0161e vuklo da krenem stvarati tekst. Posebno me zanimala situacija brata koji je \u017eiv i koji je ostao izme\u0111u dvije vatre, izme\u0111u obitelji koja je tra\u017eila zadovolj\u0161tinu i sustava koji od njega tra\u017ei da ne talasa. Tako sam stvorio lik Marlija u &#8220;Slu\u010daju vlastite pogibelji&#8221;. Duboko me pogodila ta pri\u010da, jedna od prvih misli kada bi se budio u tom periodu bila je da idem guglati je li objavljena neka nova informacija.<\/p>\n<p><strong>Kada se odmaknemo od fakcije, zanimljivo je da ste odabrali ba\u0161 lik prometnog policajca i pogodovanja sitnim mo\u0107nicima u prometnim prekr\u0161ajima, a ne primjerice neke ve\u0107e koruptivne radnje. Za\u0161to vam je bilo va\u017eno pokazati kako i na tim najni\u017eim razinama stvari mogu krenuti u jako lo\u0161em smjeru?<\/strong><\/p>\n<p>Ta banalnost mi je bila dosta va\u017ena, iako ona mo\u017ee biti i dvosjekli ma\u010d, kao, pa nije to velika pri\u010da, nije rije\u010d o velikom novcu, nije mladi policajac nai\u0161ao na ne\u0161to va\u017eno. Svi mi pomalo pristajemo na tu igru, na \u017eivot u svijetu koji podrazumijeva premre\u017eenost u interesne skupine, pravdamo se tako \u0161to ka\u017eemo da ovi iznad nas kradu puno vi\u0161e. Ali kad na najni\u017eim razinama pristaje\u0161 na nepo\u0161tene odnose, odmah se desi asimetrija, stvaramo jasne odnose mo\u0107i i uvijek netko ostane izvan. Mladi policajac, koji se u romanu zove Neno, nije pristao ni na tu prvu stepenicu, odlu\u010dio je prijaviti pogodovanje, dao je prometnu kaznu nekom tajkunskom sinu i tu kre\u0107e njegov pad.<\/p>\n<p><strong>Knjiga je nedavno iza\u0161la, kako \u010ditatelji reagiraju na pri\u010du?<\/strong><\/p>\n<p>Javljaju mi se ljudi iz raznih dijelova Hrvatske koji su imali neka sli\u010dna iskustva ili su \u010duli za nekog sli\u010dnog, ne samo u sustavu policije, nego \u010desto i u zdravstvu, ljudi koji su se pobunili, koji su skloni prokazati kolege i nadre\u0111ene koji ne rade dobro. Ono \u0161to sam u romanu tako\u0111er htio naglasiti je da mislim da imamo i dalje dosta lo\u0161 odnos prema takvim hrabrim ljudima. Na prvu \u0107emo biti na njihovoj strani, ali biti uz njih i boriti se s njima na du\u017ee staze je te\u0161ko.<\/p>\n<figure id=\"attachment_3887\" aria-describedby=\"caption-attachment-3887\" style=\"width: 2560px\" class=\"wp-caption alignnone\"><img loading=\"lazy\" decoding=\"async\" class=\"wp-image-3887 size-full\" src=\"https:\/\/sdf.hr\/wp-content\/uploads\/2023\/11\/Novak3-scaled.jpg\" alt=\"\" width=\"2560\" height=\"1708\" srcset=\"https:\/\/sdf.hr\/wp-content\/uploads\/2023\/11\/Novak3-scaled.jpg 2560w, https:\/\/sdf.hr\/wp-content\/uploads\/2023\/11\/Novak3-300x200.jpg 300w, https:\/\/sdf.hr\/wp-content\/uploads\/2023\/11\/Novak3-1024x683.jpg 1024w, https:\/\/sdf.hr\/wp-content\/uploads\/2023\/11\/Novak3-768x512.jpg 768w, https:\/\/sdf.hr\/wp-content\/uploads\/2023\/11\/Novak3-1536x1025.jpg 1536w, https:\/\/sdf.hr\/wp-content\/uploads\/2023\/11\/Novak3-2048x1366.jpg 2048w\" sizes=\"auto, (max-width: 2560px) 100vw, 2560px\" \/><figcaption id=\"caption-attachment-3887\" class=\"wp-caption-text\">Foto: Davor Konjiku\u0161i\u0107<\/figcaption><\/figure>\n<p><strong>Upravo to govori i lik Marlijeve odvjetnice: &#8220;Zvi\u017eda\u010di koje narod slavi kao borce za pravdu\u2026 to je romanti\u010dna slika. Ona prava slika je kisela, znojna, prestra\u0161ena. To su ljudi koji ne mogu vi\u0161e, koji nemaju koga povu\u0107i na barikadu i koji svjesno idu u propast.&#8221;<\/strong><\/p>\n<p>Pa da, ja to tako zami\u0161ljam, jo\u0161 od djetinjstva, od pri\u010de <strong>Ankice Lepej<\/strong>. Ta \u017eena je zapravo ostala sama, imala je moralnu podr\u0161ku intelektualaca, ali uvijek sam je zami\u0161ljao kako sjedi u nekoj sobi s cigaretom u ustima, zna da je postupila protiv monstruoznog sustava protiv kojeg ne mo\u017ee\u0161 sama. I mi kao narod tada nismo iza\u0161li na ulice. Danas je mo\u017eda malo bolje, ali uvijek \u0107e se hrabre \u017eene nazvati histeri\u010dnima i ludima, za mu\u0161karce \u0107e se naj\u010de\u0161\u0107e re\u0107i da su zavidni jer sami nisu uspjeli pa sada prokazuju druge, uvijek postoji neki narativ koji opravdava na\u0161u \u0161utnju.<\/p>\n<p><strong>U jednom od intervjua koje ste dali u povodu izlaska novog romana ka\u017eete da u &#8220;Slu\u010daju vlastite pogibelji&#8221; pi\u0161ete o tri sustava koji su nam bliski i neophodni, ali barem djelomi\u010dno represivni. Radi se o obitelji, policiji i \u0161kolstvu. Na koji na\u010din vidite obitelj kao mjesto potencijalne represije?<\/strong><\/p>\n<p>Uz Marlija, glavni lik u romanu je Profa, koja je sa svojim u\u010denicima i u\u010denicama na dramskoj grupi spremala &#8220;Antigonu&#8221;, pa im je u sklopu dramske vje\u017ebe rekla koliko ju je pogodila smrt mladog policajca i otvoreno pred u\u010denicima prozvala one kojima se suprotstavio. Tako kre\u0107e njena pri\u010da, a paralelno se odmotava i njena obiteljska situacija. Profa nije Antigona jer ona kalkulira, ispo\u010detka se poku\u0161ava izvu\u0107i iz situacije, ali kada vidi da ne mo\u017ee istovremeno sa\u010duvati obraz i smiriti tenzije, krene ru\u0161iti ustaljene obrasce svoga \u017eivota kao domino. Profa svjesno i namjerno ostavlja za sobom vrlo komotnu obiteljsku situaciju, dobro situiranog mu\u017ea. Lik mu\u017ea, Dragog, namjerno nisam napisao kao nekog otvorenog siled\u017eiju, to bi mi bilo prvolopta\u0161ki. Htio sam prikazati njegovu pasivnu agresiju, njegovo nerazumijevanje za potrebe i \u017eelje svoje supruge i na \u0161to je sve spreman da zadr\u017ei svoj savr\u0161eni malogra\u0111anski raj. Ta njegova la\u017ena podr\u0161ka i \u017eivot u kojem ne smije biti talasanja je isto oblik represije.<\/p>\n<p><strong>Profin odlazak od ku\u0107e, odnosno &#8220;bijeg iz Hipsterie Lanea&#8221; uklju\u010duje i slu\u0161anje Vesne Pisarovi\u0107 u automobilu. S obzirom na to da niste napisali o kojoj je pjesmi rije\u010d, moramo ispraviti tu nepravdu i nadodati romanu pjesmu.<\/strong><\/p>\n<p>Morate pogledati predstavu, dobili smo besplatno prava za kori\u0161tenje pjesme. Ali ajde poga\u0111ajte, lako je.<\/p>\n<p><strong>&#8220;Jutro donosi kraj&#8221;?<\/strong><\/p>\n<p>To\u010dno!<\/p>\n<p><strong>Spomenuli ste predstavu. Ovo je ve\u0107 va\u0161 tre\u0107i roman koji \u017eivi svoj \u017eivot na teatarskim daskama: &#8220;\u010crna mati&#8221; postavljena je u ZKM-u, &#8220;Ciganin&#8221; u zagreba\u010dkom HNK-u, a &#8220;Slu\u010daj vlastite pogibelji&#8221; u HNK-u Vara\u017edin u koprodukciju s HNK-om Ivan Plemeniti Zajc iz Rijeke. Koliko ste sudjelovali u procesu nastanka predstava?<\/strong><\/p>\n<p>Rekao sam autorima predstava da me nazovu ako ne\u0161to trebaju. <strong>Tomislav Zajec<\/strong> bi mi za &#8220;\u010crnu mati&#8221; poslao dijalog da ispravim dijalekt, naravno, pitao me uvijek i za mi\u0161ljenje, ali sam i njemu i <strong>Ivoru Martini\u0107u<\/strong> za &#8220;Ciganina&#8221; stalno ponavljao da sam u ovom slu\u010daju laik, a oni profesionalci, i da imaju odrije\u0161ene ruke. <strong>Ivanu Plazibatu<\/strong> sam za &#8220;Slu\u010daj vlastite pogibelji&#8221; pomogao raspisati nekoliko scena. Predstava ima ba\u0161 sjajnih, hrabrih poteza koje uop\u0107e nisam o\u010dekivao, primjerice Plazibat je izbacio lik \u017eupnika koji je meni u knjizi jako va\u017ean, a previ\u0161e bi razdu\u017eio predstavu. Tako\u0111er je promijenio kraj, fenomenalno je to napravio. Sudjelovao sam samo kao sekundant.<\/p>\n<figure id=\"attachment_3889\" aria-describedby=\"caption-attachment-3889\" style=\"width: 1708px\" class=\"wp-caption alignnone\"><img loading=\"lazy\" decoding=\"async\" class=\"wp-image-3889 size-full\" src=\"https:\/\/sdf.hr\/wp-content\/uploads\/2023\/11\/Novak4-scaled.jpg\" alt=\"\" width=\"1708\" height=\"2560\" srcset=\"https:\/\/sdf.hr\/wp-content\/uploads\/2023\/11\/Novak4-scaled.jpg 1708w, https:\/\/sdf.hr\/wp-content\/uploads\/2023\/11\/Novak4-200x300.jpg 200w, https:\/\/sdf.hr\/wp-content\/uploads\/2023\/11\/Novak4-683x1024.jpg 683w, https:\/\/sdf.hr\/wp-content\/uploads\/2023\/11\/Novak4-768x1151.jpg 768w, https:\/\/sdf.hr\/wp-content\/uploads\/2023\/11\/Novak4-1025x1536.jpg 1025w, https:\/\/sdf.hr\/wp-content\/uploads\/2023\/11\/Novak4-1366x2048.jpg 1366w\" sizes=\"auto, (max-width: 1708px) 100vw, 1708px\" \/><figcaption id=\"caption-attachment-3889\" class=\"wp-caption-text\">Foto: Davor Konjiku\u0161i\u0107<\/figcaption><\/figure>\n<p><strong>Znamo da ne volite nabrajati koga od kolega i kolegica volite \u010ditati, ali poku\u0161at \u0107emo vas nagovoriti. \u0160to ste u zadnje vrijeme \u010ditali, \u0161to planirate \u010ditati?<\/strong><\/p>\n<p>Zadnje sam \u010ditao publicistiku, &#8220;Ljudski rod&#8221; <strong>Rutgera Bregmana<\/strong>, a doma\u0107u produkciju pratim i volim, ne volim nabrajati samo jer uvijek nekoga zaboravim. Evo, nedavno nisam spomenuo <strong>Dortu Jagi\u0107<\/strong>, a ona mi je u\u017easno va\u017ena autorica. \u010cekaju me na popisu nove knjige <strong>Andrijane Kos Lajtman<\/strong>, <strong>Lidije Dedu\u0161<\/strong> i <strong>Ivice Prtenja\u010de<\/strong>, to ovako na prvu. Ajme, da, i novu <strong>Mariju Andrija\u0161evi\u0107<\/strong> jedva \u010dekam pro\u010ditati, kao i <strong>Marka Poga\u010dara<\/strong>. Oni su mi nekako jednako sna\u017eni i samonikli.<\/p>\n<p><strong>Koliko sudjelujete u knji\u017eevnom \u017eivotu Zagreba, njegovim promocijama, festivalima, intrigama i dramama?<\/strong><\/p>\n<p>Ma ne stignem, razvozim djecu po aktivnostima cijelo popodne i ve\u010der, tako da stvarno van festivala na koje sam pozvan ne uspijem u\u017eivo sudjelovati u nekom knji\u017eevnom \u017eivotu. Supruga <strong>Mirna<\/strong> radi po cijeli dan i moramo se organizirati s \u010duvanjem troje djece i kada je neki ba\u0161 moj doga\u0111aj. Nikad nemam dovoljno vremena, a sve \u0161to radim mi je va\u017eno i nemam gdje rezati.<\/p>\n<p><strong>Te\u0161ko je presko\u010diti zanimljivu biografsku crticu za jednog doma\u0107eg pisca \u2013 bili ste hrvatski reprezentativac u karateu, kojim ste se profesionalno bavili do 2009. Jesu li ostale neke navike iz sportskog \u017eivota?<\/strong><\/p>\n<p>Ostao mi je apetit (smijeh), mogu u\u017easno puno jesti, samo \u0161to sam dok sam trenirao tro\u0161io oko 5000-6000 kalorija dnevno, sada ba\u0161 i ne. Ponekad se uspijem probuditi u \u0161est ujutro i tr\u010dati, nakon \u010dega sam \u010dangrizava osoba cijeli dan.<\/p>\n<p><strong>Roman &#8220;Slu\u010daj vlastite pogibelji&#8221; zavr\u0161ava rije\u010dima: &#8220;Ima nas koji pamtimo.&#8221; Daje li vam nadu, da ipak, na koncu, uvijek netko pamti \u0161to se dogodilo, \u010dak i kada ne do\u010dekamo pravdu?<\/strong><\/p>\n<p>To mi daje i utjehu i nadu. Mislim da je va\u017eno pamtiti \u0161to se dogodilo da bismo se mogli osloboditi jer svako potiskivanje zapravo ima kontraefekt \u2013 trauma zavlada, a kada ne\u0161to izgovori\u0161, artikulira\u0161, ti si na neki na\u010din uspostavio kontrolu. Mo\u017ee tvoj narativ biti i kriv, ali ako je vani, glasno izre\u010den, to je polazi\u0161te za konstruktivnu raspravu koje svima nama nedostaje. Sam sebi sam na kraju knjige htio dati odgovor na pitanje \u0161to mo\u017eemo napraviti u ovom svijetu koji ne izgleda osobito dobro, u svijetu u kojem gledamo \u0161to se doga\u0111a, primjerice, u Ukrajini i Gazi. I mislim da unato\u010d svemu ima razloga za optimizam jer vjerujem da smo kao ljudi inherentno skloni da jedni drugima pru\u017eimo utjehu, a dio nas, makar bili u manjini, poklonit \u0107e povjerenje i nekome koga uop\u0107e ne poznaje. I dok god je tako, bit \u0107e i nade.<\/p>\n<p><em>razgovor vodila Vedrana Bibi\u0107<\/em><\/p>\n","protected":false},"excerpt":{"rendered":"<p>Od srama ne \u010ditam svoje knjige nakon objave, uvijek znam da je moglo bolje pa je konstruktivnije da krenem razmi\u0161ljati o sljede\u0107oj pri\u010di. Kada sjednem pisati novi roman, izbri\u0161em sve \u0161to sam dotad imao u glavi. To mi daje \u0161ansu da se ne ponavljam<\/p>\n","protected":false},"featured_media":3884,"template":"","tags":[173,29],"atribut":[],"class_list":["post-3891","nada","type-nada","status-publish","has-post-thumbnail","hentry","tag-intervju-2-hr","tag-intervju"],"acf":[],"yoast_head":"<!-- This site is optimized with the Yoast SEO plugin v27.4 - https:\/\/yoast.com\/product\/yoast-seo-wordpress\/ -->\n<title>Kristian Novak: Ne smatram se dovr\u0161enim piscem - SDF - Srpski demokratski forum<\/title>\n<meta name=\"robots\" content=\"index, follow, max-snippet:-1, max-image-preview:large, max-video-preview:-1\" \/>\n<link rel=\"canonical\" href=\"https:\/\/sdf.hr\/hr\/nada\/kristian-novak-ne-smatram-se-dovrsenim-piscem\/\" \/>\n<meta property=\"og:locale\" content=\"hr_HR\" \/>\n<meta property=\"og:type\" content=\"article\" \/>\n<meta property=\"og:title\" content=\"Kristian Novak: Ne smatram se dovr\u0161enim piscem - SDF - Srpski demokratski forum\" \/>\n<meta property=\"og:description\" content=\"Od srama ne \u010ditam svoje knjige nakon objave, uvijek znam da je moglo bolje pa je konstruktivnije da krenem razmi\u0161ljati o sljede\u0107oj pri\u010di. Kada sjednem pisati novi roman, izbri\u0161em sve \u0161to sam dotad imao u glavi. To mi daje \u0161ansu da se ne ponavljam\" \/>\n<meta property=\"og:url\" content=\"https:\/\/sdf.hr\/hr\/nada\/kristian-novak-ne-smatram-se-dovrsenim-piscem\/\" \/>\n<meta property=\"og:site_name\" content=\"SDF - Srpski demokratski forum\" \/>\n<meta property=\"article:modified_time\" content=\"2023-12-10T10:25:51+00:00\" \/>\n<meta property=\"og:image\" content=\"https:\/\/sdf.hr\/wp-content\/uploads\/2023\/11\/Novak1-scaled.jpg\" \/>\n\t<meta property=\"og:image:width\" content=\"2560\" \/>\n\t<meta property=\"og:image:height\" content=\"1708\" \/>\n\t<meta property=\"og:image:type\" content=\"image\/jpeg\" \/>\n<meta name=\"twitter:card\" content=\"summary_large_image\" \/>\n<meta name=\"twitter:label1\" content=\"Procijenjeno vrijeme \u010ditanja\" \/>\n\t<meta name=\"twitter:data1\" content=\"13 minuta\" \/>\n<script type=\"application\/ld+json\" class=\"yoast-schema-graph\">{\"@context\":\"https:\\\/\\\/schema.org\",\"@graph\":[{\"@type\":\"WebPage\",\"@id\":\"https:\\\/\\\/sdf.hr\\\/hr\\\/nada\\\/kristian-novak-ne-smatram-se-dovrsenim-piscem\\\/\",\"url\":\"https:\\\/\\\/sdf.hr\\\/hr\\\/nada\\\/kristian-novak-ne-smatram-se-dovrsenim-piscem\\\/\",\"name\":\"Kristian Novak: Ne smatram se dovr\u0161enim piscem - SDF - Srpski demokratski forum\",\"isPartOf\":{\"@id\":\"https:\\\/\\\/sdf.hr\\\/#website\"},\"primaryImageOfPage\":{\"@id\":\"https:\\\/\\\/sdf.hr\\\/hr\\\/nada\\\/kristian-novak-ne-smatram-se-dovrsenim-piscem\\\/#primaryimage\"},\"image\":{\"@id\":\"https:\\\/\\\/sdf.hr\\\/hr\\\/nada\\\/kristian-novak-ne-smatram-se-dovrsenim-piscem\\\/#primaryimage\"},\"thumbnailUrl\":\"https:\\\/\\\/sdf.hr\\\/wp-content\\\/uploads\\\/2023\\\/11\\\/Novak1-scaled.jpg\",\"datePublished\":\"2023-11-26T08:00:33+00:00\",\"dateModified\":\"2023-12-10T10:25:51+00:00\",\"breadcrumb\":{\"@id\":\"https:\\\/\\\/sdf.hr\\\/hr\\\/nada\\\/kristian-novak-ne-smatram-se-dovrsenim-piscem\\\/#breadcrumb\"},\"inLanguage\":\"hr\",\"potentialAction\":[{\"@type\":\"ReadAction\",\"target\":[\"https:\\\/\\\/sdf.hr\\\/hr\\\/nada\\\/kristian-novak-ne-smatram-se-dovrsenim-piscem\\\/\"]}]},{\"@type\":\"ImageObject\",\"inLanguage\":\"hr\",\"@id\":\"https:\\\/\\\/sdf.hr\\\/hr\\\/nada\\\/kristian-novak-ne-smatram-se-dovrsenim-piscem\\\/#primaryimage\",\"url\":\"https:\\\/\\\/sdf.hr\\\/wp-content\\\/uploads\\\/2023\\\/11\\\/Novak1-scaled.jpg\",\"contentUrl\":\"https:\\\/\\\/sdf.hr\\\/wp-content\\\/uploads\\\/2023\\\/11\\\/Novak1-scaled.jpg\",\"width\":2560,\"height\":1708,\"caption\":\"Kristian Novak (Foto: Davor Konjiku\u0161i\u0107)\"},{\"@type\":\"BreadcrumbList\",\"@id\":\"https:\\\/\\\/sdf.hr\\\/hr\\\/nada\\\/kristian-novak-ne-smatram-se-dovrsenim-piscem\\\/#breadcrumb\",\"itemListElement\":[{\"@type\":\"ListItem\",\"position\":1,\"name\":\"Po\u010detna stranica\",\"item\":\"https:\\\/\\\/sdf.hr\\\/hr\\\/\"},{\"@type\":\"ListItem\",\"position\":2,\"name\":\"Nada\",\"item\":\"https:\\\/\\\/sdf.hr\\\/nada\\\/\"},{\"@type\":\"ListItem\",\"position\":3,\"name\":\"Kristian Novak: Ne smatram se dovr\u0161enim piscem\"}]},{\"@type\":\"WebSite\",\"@id\":\"https:\\\/\\\/sdf.hr\\\/#website\",\"url\":\"https:\\\/\\\/sdf.hr\\\/\",\"name\":\"SDF - Srpski demokratski forum\",\"description\":\"Srpski demokratski forum\",\"publisher\":{\"@id\":\"https:\\\/\\\/sdf.hr\\\/#organization\"},\"potentialAction\":[{\"@type\":\"SearchAction\",\"target\":{\"@type\":\"EntryPoint\",\"urlTemplate\":\"https:\\\/\\\/sdf.hr\\\/?s={search_term_string}\"},\"query-input\":{\"@type\":\"PropertyValueSpecification\",\"valueRequired\":true,\"valueName\":\"search_term_string\"}}],\"inLanguage\":\"hr\"},{\"@type\":\"Organization\",\"@id\":\"https:\\\/\\\/sdf.hr\\\/#organization\",\"name\":\"SDF - Srpski demokratski forum\",\"url\":\"https:\\\/\\\/sdf.hr\\\/\",\"logo\":{\"@type\":\"ImageObject\",\"inLanguage\":\"hr\",\"@id\":\"https:\\\/\\\/sdf.hr\\\/#\\\/schema\\\/logo\\\/image\\\/\",\"url\":\"https:\\\/\\\/sdf.hr\\\/wp-content\\\/uploads\\\/2021\\\/07\\\/logo-hr.svg\",\"contentUrl\":\"https:\\\/\\\/sdf.hr\\\/wp-content\\\/uploads\\\/2021\\\/07\\\/logo-hr.svg\",\"width\":271,\"height\":100,\"caption\":\"SDF - Srpski demokratski forum\"},\"image\":{\"@id\":\"https:\\\/\\\/sdf.hr\\\/#\\\/schema\\\/logo\\\/image\\\/\"}}]}<\/script>\n<!-- \/ Yoast SEO plugin. -->","yoast_head_json":{"title":"Kristian Novak: Ne smatram se dovr\u0161enim piscem - SDF - Srpski demokratski forum","robots":{"index":"index","follow":"follow","max-snippet":"max-snippet:-1","max-image-preview":"max-image-preview:large","max-video-preview":"max-video-preview:-1"},"canonical":"https:\/\/sdf.hr\/hr\/nada\/kristian-novak-ne-smatram-se-dovrsenim-piscem\/","og_locale":"hr_HR","og_type":"article","og_title":"Kristian Novak: Ne smatram se dovr\u0161enim piscem - SDF - Srpski demokratski forum","og_description":"Od srama ne \u010ditam svoje knjige nakon objave, uvijek znam da je moglo bolje pa je konstruktivnije da krenem razmi\u0161ljati o sljede\u0107oj pri\u010di. Kada sjednem pisati novi roman, izbri\u0161em sve \u0161to sam dotad imao u glavi. To mi daje \u0161ansu da se ne ponavljam","og_url":"https:\/\/sdf.hr\/hr\/nada\/kristian-novak-ne-smatram-se-dovrsenim-piscem\/","og_site_name":"SDF - Srpski demokratski forum","article_modified_time":"2023-12-10T10:25:51+00:00","og_image":[{"width":2560,"height":1708,"url":"https:\/\/sdf.hr\/wp-content\/uploads\/2023\/11\/Novak1-scaled.jpg","type":"image\/jpeg"}],"twitter_card":"summary_large_image","twitter_misc":{"Procijenjeno vrijeme \u010ditanja":"13 minuta"},"schema":{"@context":"https:\/\/schema.org","@graph":[{"@type":"WebPage","@id":"https:\/\/sdf.hr\/hr\/nada\/kristian-novak-ne-smatram-se-dovrsenim-piscem\/","url":"https:\/\/sdf.hr\/hr\/nada\/kristian-novak-ne-smatram-se-dovrsenim-piscem\/","name":"Kristian Novak: Ne smatram se dovr\u0161enim piscem - SDF - Srpski demokratski forum","isPartOf":{"@id":"https:\/\/sdf.hr\/#website"},"primaryImageOfPage":{"@id":"https:\/\/sdf.hr\/hr\/nada\/kristian-novak-ne-smatram-se-dovrsenim-piscem\/#primaryimage"},"image":{"@id":"https:\/\/sdf.hr\/hr\/nada\/kristian-novak-ne-smatram-se-dovrsenim-piscem\/#primaryimage"},"thumbnailUrl":"https:\/\/sdf.hr\/wp-content\/uploads\/2023\/11\/Novak1-scaled.jpg","datePublished":"2023-11-26T08:00:33+00:00","dateModified":"2023-12-10T10:25:51+00:00","breadcrumb":{"@id":"https:\/\/sdf.hr\/hr\/nada\/kristian-novak-ne-smatram-se-dovrsenim-piscem\/#breadcrumb"},"inLanguage":"hr","potentialAction":[{"@type":"ReadAction","target":["https:\/\/sdf.hr\/hr\/nada\/kristian-novak-ne-smatram-se-dovrsenim-piscem\/"]}]},{"@type":"ImageObject","inLanguage":"hr","@id":"https:\/\/sdf.hr\/hr\/nada\/kristian-novak-ne-smatram-se-dovrsenim-piscem\/#primaryimage","url":"https:\/\/sdf.hr\/wp-content\/uploads\/2023\/11\/Novak1-scaled.jpg","contentUrl":"https:\/\/sdf.hr\/wp-content\/uploads\/2023\/11\/Novak1-scaled.jpg","width":2560,"height":1708,"caption":"Kristian Novak (Foto: Davor Konjiku\u0161i\u0107)"},{"@type":"BreadcrumbList","@id":"https:\/\/sdf.hr\/hr\/nada\/kristian-novak-ne-smatram-se-dovrsenim-piscem\/#breadcrumb","itemListElement":[{"@type":"ListItem","position":1,"name":"Po\u010detna stranica","item":"https:\/\/sdf.hr\/hr\/"},{"@type":"ListItem","position":2,"name":"Nada","item":"https:\/\/sdf.hr\/nada\/"},{"@type":"ListItem","position":3,"name":"Kristian Novak: Ne smatram se dovr\u0161enim piscem"}]},{"@type":"WebSite","@id":"https:\/\/sdf.hr\/#website","url":"https:\/\/sdf.hr\/","name":"SDF - Srpski demokratski forum","description":"Srpski demokratski forum","publisher":{"@id":"https:\/\/sdf.hr\/#organization"},"potentialAction":[{"@type":"SearchAction","target":{"@type":"EntryPoint","urlTemplate":"https:\/\/sdf.hr\/?s={search_term_string}"},"query-input":{"@type":"PropertyValueSpecification","valueRequired":true,"valueName":"search_term_string"}}],"inLanguage":"hr"},{"@type":"Organization","@id":"https:\/\/sdf.hr\/#organization","name":"SDF - Srpski demokratski forum","url":"https:\/\/sdf.hr\/","logo":{"@type":"ImageObject","inLanguage":"hr","@id":"https:\/\/sdf.hr\/#\/schema\/logo\/image\/","url":"https:\/\/sdf.hr\/wp-content\/uploads\/2021\/07\/logo-hr.svg","contentUrl":"https:\/\/sdf.hr\/wp-content\/uploads\/2021\/07\/logo-hr.svg","width":271,"height":100,"caption":"SDF - Srpski demokratski forum"},"image":{"@id":"https:\/\/sdf.hr\/#\/schema\/logo\/image\/"}}]}},"_links":{"self":[{"href":"https:\/\/sdf.hr\/hr\/wp-json\/wp\/v2\/nada\/3891","targetHints":{"allow":["GET"]}}],"collection":[{"href":"https:\/\/sdf.hr\/hr\/wp-json\/wp\/v2\/nada"}],"about":[{"href":"https:\/\/sdf.hr\/hr\/wp-json\/wp\/v2\/types\/nada"}],"wp:featuredmedia":[{"embeddable":true,"href":"https:\/\/sdf.hr\/hr\/wp-json\/wp\/v2\/media\/3884"}],"wp:attachment":[{"href":"https:\/\/sdf.hr\/hr\/wp-json\/wp\/v2\/media?parent=3891"}],"wp:term":[{"taxonomy":"post_tag","embeddable":true,"href":"https:\/\/sdf.hr\/hr\/wp-json\/wp\/v2\/tags?post=3891"},{"taxonomy":"atribut","embeddable":true,"href":"https:\/\/sdf.hr\/hr\/wp-json\/wp\/v2\/atribut?post=3891"}],"curies":[{"name":"wp","href":"https:\/\/api.w.org\/{rel}","templated":true}]}}