{"id":3897,"date":"2023-11-28T11:14:15","date_gmt":"2023-11-28T10:14:15","guid":{"rendered":"https:\/\/sdf.hr\/nada\/kumica-iz-ruande\/"},"modified":"2023-11-28T11:14:15","modified_gmt":"2023-11-28T10:14:15","slug":"kumica-iz-ruande","status":"publish","type":"nada","link":"https:\/\/sdf.hr\/hr\/nada\/kumica-iz-ruande\/","title":{"rendered":"Kumica iz Ruande"},"content":{"rendered":"<p><strong>Zorana Vuksanovi\u0107<\/strong>, 28-godi\u0161njakinja iz Tenje pokraj Osijeka, znala je da \u0107e joj se upornost i privr\u017eenost vlastitim uvjerenjima jednog dana isplatiti. \u017delja da posjeti Afriku nije je napustila jo\u0161 od osnovne \u0161kole kada joj se u pam\u0107enje urezala spoznaja o ekstremnom siroma\u0161tvu na crnom kontinentu. Nikad nije planirala oti\u0107i u Afriku turisti\u010dki, da ganja avanture, isprobava autohtonu kuhinju i odmara ispod palmi s koktelom u ruci. Davno je odlu\u010dila da \u0107e to putovanje biti sa svrhom, nikako iz komfora i obijesti. Sve o \u010demu je ma\u0161tala nedavno joj se i ostvarilo. Tri tjedna u oktobru ove godine provela je u Ruandi s humanitarnom udrugom Putokaz za Afriku.<\/p>\n<p>Udruga za pomo\u0107 djeci u neima\u0161tinom pogo\u0111enoj Ruandi osnovana je 2018. u Slavonskom Brodu. Osnovale su je dvije \u017eene, prijateljice <strong>Elizabeth Suzana Kozina<\/strong> i <strong>Slavica Ga\u0161parovi\u0107<\/strong>, nakon njihovog prvog posjeta Africi i boravka u Ruandi. Kako navode na svojim stranicama, djeca u Ruandi ve\u0107 s 12 godina po\u010dinju raditi poljoprivredne poslove, jedu jednom do dva puta tjedno i \u010desto nemaju uvjete za obrazovanje. Udruga Putokaz za Afriku pokrenula je donacije, oformiv\u0161i sustav kumstava te danas broji 5640 kum\u010dadi, 111 u\u010denika u internatu i \u010detiri studenta. U pet godina rada ove udruge, kumovi iz Hrvatske i regiona omogu\u0107ili su priliku za \u017eivot i \u0161kolovanje za vi\u0161e od 7000 djece u Ruandi.<\/p>\n<p>Prema podacima Svjetske banke iz 2017., oko 38,2 posto stanovni\u0161tva u Ruandi \u017eivjelo je ispod nacionalne linije siroma\u0161tva. U ruralnim predjelima nema vodoopskrbe pa je pitka voda te\u0161ko dostupna.<\/p>\n<p>Putokaz za Afriku djeluje u Muhanga distriktu. To podru\u010dje je sat vremena vo\u017enje udaljeno od glavnog grada Kigalija. Podru\u010dne \u0161kole Kivumu, Cyicaro, Biringaga, Burerabana, Bwirika, Gifumba, Makeraq, Munini, Gatenzi i Horezo su pod pokroviteljstvom udruge iz Hrvatske.<\/p>\n<p>Zorana je prije dvije godine dobila status kume. Za djevoj\u010dicu <strong>Christellu<\/strong> mjese\u010dno upla\u0107uje odre\u0111eni iznos za njeno \u0161kolovanja. Nagla\u0161ava da Ruanda nema dovoljno razvijen socijalni sustav, dr\u017eava \u0161kole financira sitnim iznosom, iako je, prema zakonu, osnovno\u0161kolsko obrazovanje obavezno. Roditelji odlu\u010duju da ne \u0161alju djecu u \u0161kolu u trenutku kada vi\u0161e ne mogu financirati \u0161kolovanje. Na\u017ealost, smatra se da su djeca u ovoj gusto naseljenoj dr\u017eavi, gdje je gotovo svaki pedalj zemlje obra\u0111en, potrebnija na polju ili na nekom drugom fizi\u010dkom poslu.<\/p>\n<p>&#8211; Upoznala sam kumicu koju financiram, nju i njene roditelje. Ona ima 14 godina. Planiram joj kupiti mobitel. Ona \u017eeli i\u0107i na fakultet, velika mi je \u017eelja da joj to omogu\u0107im. Voljela bih joj dati priliku da ne\u0161to postigne u \u017eivotu \u2013 pri\u010da Zorana.<\/p>\n<p>U\u010diteljica hrvatskog jezika u Osnovnoj \u0161koli Borovo dugo se pripremala za ovaj put. Njena kolegica iz \u0161kole je bila s udrugom u Africi i to je najvi\u0161e motiviralo Zoranu da se oproba.<\/p>\n<figure id=\"attachment_3895\" aria-describedby=\"caption-attachment-3895\" style=\"width: 1600px\" class=\"wp-caption alignnone\"><img loading=\"lazy\" decoding=\"async\" class=\"wp-image-3895 size-full\" src=\"https:\/\/sdf.hr\/wp-content\/uploads\/2023\/11\/1700155992443.jpg\" alt=\"\" width=\"1600\" height=\"1197\" srcset=\"https:\/\/sdf.hr\/wp-content\/uploads\/2023\/11\/1700155992443.jpg 1600w, https:\/\/sdf.hr\/wp-content\/uploads\/2023\/11\/1700155992443-300x224.jpg 300w, https:\/\/sdf.hr\/wp-content\/uploads\/2023\/11\/1700155992443-1024x766.jpg 1024w, https:\/\/sdf.hr\/wp-content\/uploads\/2023\/11\/1700155992443-768x575.jpg 768w, https:\/\/sdf.hr\/wp-content\/uploads\/2023\/11\/1700155992443-1536x1149.jpg 1536w\" sizes=\"auto, (max-width: 1600px) 100vw, 1600px\" \/><figcaption id=\"caption-attachment-3895\" class=\"wp-caption-text\">Zorana Vuksanovi\u0107<\/figcaption><\/figure>\n<p>&#8211; Javila sam se prije nekoliko godina Suzani, predsjednici udruge, ali ona me je tada odbila jer sam bila premlada. S obzirom da sam tvrdoglava, nisam odustajala. S direktorom \u0161kole sam dogovorila da \u0107u uzeti nepla\u0107eni godi\u0161nji, a paralelno sam skupljala novac za kartu. Ponovo sam je kontaktirala za godinu dana i rekla da sam sad starija te da \u0107u svakako i\u0107i, ili s njima ili sama. Prvi put su me odbili jer je anga\u017eman u Ruandi doista psihi\u010dki zahtjevan i odgovoran. Odlazak tamo mo\u017ee ostaviti traumatske posljedice, pa je zato preporuka da ne idu jako mladi ljudi na takav teren. Ja sam si poslo\u017eila u glavi da idem pomo\u0107i koliko mogu, da nije na meni da utje\u010dem na politi\u010dku situaciju jer je to nemogu\u0107e. Djeca su izuzetno zahvalna i komunikativna. Te\u0161kih situacija je bilo, vidjeli smo puno stra\u0161nih scena, siroma\u0161tva, bezna\u0111a i gladi, vidjeli smo djecu bez nadzora, svjedo\u010dili smo nehumanom odnosu prema bolesnima i ljudima s pote\u0161ko\u0107ama u razvoju. Velike su klasne razlike me\u0111u ljudima, od najgoreg, nezamislivog siroma\u0161tva do brutalnih bogata\u0161a &#8211; obja\u0161njava Zorana.<\/p>\n<p>Posebno je ponosna \u0161to su ljudi s Balkana, kumovi i donatori, preko Putokaza za Afriku financirali izgradnju sigurne ku\u0107e za \u017ertve seksualnog nasilja. Ta ku\u0107a se, govori, nalazi na izoliranom mjestu i upravo se ure\u0111uje. Osim toga, u jednoj podru\u010dnoj \u0161koli koju su posjetili postoji soba za djevoj\u010dice koje menstruiraju. One tamo mogu odmarati, ne moraju biti na nastavi ili odlaziti doma s nastave u slu\u010daju da imaju fizi\u010dke tegobe. Potreba za pomaganjem na mjestu poput Ruande ne\u0107e uskoro prestati. Zorana govori da se \u017eeli opet uputiti u Afriku, ali da joj je s u\u010diteljskom pla\u0107om taj izdatak financijski te\u0161ko priu\u0161tiv. Mo\u017eda je to iskustvo koje se desi jednom u \u017eivotu, komentira ona.<\/p>\n<p>&#8211; Ali zato nastavljam biti uklju\u010dena na sve druge na\u010dine. Volontiram jer smatram da je to moja svrha u \u017eivotu, tada se osje\u0107am korisnom, sretnom i ispunjenom &#8211; poru\u010duje Zorana.<\/p>\n<p>Osim u Putokazima, Zorana volontira i u folklornom dru\u0161tvu u Tenji. Aktivna je i u Udruzi za darovitu djecu Klikeraj gdje poma\u017ee u radionicama i vodi \u010ditala\u010dki projekt. U proteklom periodu Zorana je bila polaznica \u0160kole za dru\u0161tveno politi\u010dki razvoj \u017eena &#8220;Kata&#8221; Srpskog demokratskog foruma.<\/p>\n<p>&#8211; U tom periodu kad sam se prijavila na &#8220;Katu&#8221; bila sam pod stresom, imala sam puno obaveza i poslova koji me nisu ispunjavali. Na fakultetu sam imala dva ili tri kolegija koji su se doticali feminizma, ali to je sve bilo povr\u0161no. Uvijek mi je bila \u017eelja da to nadogradim s pravim znanjem. Otvorila se prilika i to ba\u0161 u momentu kad mi je bilo potrebno da ne\u0161to u\u010dinim za sebe. Iskustvo u &#8220;Kati&#8221; je bilo prekrasno, \u017eene iz razli\u010ditih krajeva koje sam upoznala su me nadahnule svojim pri\u010dama. Puno \u017eena me inspiriralo jer sam i sama imala problema u privatnom \u017eivotu. Razgovaraju\u0107i s njima do\u0161la sam do korisnih savjeta kako da to razrije\u0161im i krenem dalje. S dosta kolegica sam ostala u kontaktu. To je pravo \u0161irenje \u017eenske mre\u017ee za osna\u017eivanje. Na predavanjima samo u\u010dile o stvarima koje bi \u017eene trebali znati, a nisu upu\u0107ene jer su mu\u0161karci na nekim vode\u0107im pozicijama, a mi smo samo usputno. Dosad sam za mnoge stvari u \u017eivotu pu\u0161tala mu\u0161karce da to obave umjesto mene &#8211; odlu\u010dno zaklju\u010duje Zorana Vuksanovi\u0107.<\/p>\n<p><em>pi\u0161e Anja Ko\u017eul<\/em><\/p>\n","protected":false},"excerpt":{"rendered":"<p>U\u010diteljica iz Tenje Zorana Vuksanovi\u0107 provela je tri tjedna u Ruandi s humanitarnom udrugom Putokaz za Afriku. Kao kuma poma\u017ee \u0161kolovanje djevoj\u010dice Christelle koju je sada upoznala. &#8220;Ona \u017eeli i\u0107i na fakultet, velika mi je \u017eelja da joj to omogu\u0107im&#8221;, ka\u017ee Zorana<\/p>\n","protected":false},"featured_media":3894,"template":"","tags":[136],"atribut":[],"class_list":["post-3897","nada","type-nada","status-publish","has-post-thumbnail","hentry","tag-portret"],"acf":[],"yoast_head":"<!-- This site is optimized with the Yoast SEO plugin v27.4 - https:\/\/yoast.com\/product\/yoast-seo-wordpress\/ -->\n<title>Kumica iz Ruande - SDF - Srpski demokratski forum<\/title>\n<meta name=\"robots\" content=\"index, follow, max-snippet:-1, max-image-preview:large, max-video-preview:-1\" \/>\n<link rel=\"canonical\" href=\"https:\/\/sdf.hr\/hr\/nada\/kumica-iz-ruande\/\" \/>\n<meta property=\"og:locale\" content=\"hr_HR\" \/>\n<meta property=\"og:type\" content=\"article\" \/>\n<meta property=\"og:title\" content=\"Kumica iz Ruande - SDF - Srpski demokratski forum\" \/>\n<meta property=\"og:description\" content=\"U\u010diteljica iz Tenje Zorana Vuksanovi\u0107 provela je tri tjedna u Ruandi s humanitarnom udrugom Putokaz za Afriku. Kao kuma poma\u017ee \u0161kolovanje djevoj\u010dice Christelle koju je sada upoznala. &quot;Ona \u017eeli i\u0107i na fakultet, velika mi je \u017eelja da joj to omogu\u0107im&quot;, ka\u017ee Zorana\" \/>\n<meta property=\"og:url\" content=\"https:\/\/sdf.hr\/hr\/nada\/kumica-iz-ruande\/\" \/>\n<meta property=\"og:site_name\" content=\"SDF - Srpski demokratski forum\" \/>\n<meta property=\"og:image\" content=\"https:\/\/sdf.hr\/wp-content\/uploads\/2023\/11\/1700155992443.jpg\" \/>\n<meta name=\"twitter:card\" content=\"summary_large_image\" \/>\n<meta name=\"twitter:label1\" content=\"Procijenjeno vrijeme \u010ditanja\" \/>\n\t<meta name=\"twitter:data1\" content=\"5 minuta\" \/>\n<script type=\"application\/ld+json\" class=\"yoast-schema-graph\">{\"@context\":\"https:\\\/\\\/schema.org\",\"@graph\":[{\"@type\":\"WebPage\",\"@id\":\"https:\\\/\\\/sdf.hr\\\/hr\\\/nada\\\/kumica-iz-ruande\\\/\",\"url\":\"https:\\\/\\\/sdf.hr\\\/hr\\\/nada\\\/kumica-iz-ruande\\\/\",\"name\":\"Kumica iz Ruande - SDF - Srpski demokratski forum\",\"isPartOf\":{\"@id\":\"https:\\\/\\\/sdf.hr\\\/#website\"},\"primaryImageOfPage\":{\"@id\":\"https:\\\/\\\/sdf.hr\\\/hr\\\/nada\\\/kumica-iz-ruande\\\/#primaryimage\"},\"image\":{\"@id\":\"https:\\\/\\\/sdf.hr\\\/hr\\\/nada\\\/kumica-iz-ruande\\\/#primaryimage\"},\"thumbnailUrl\":\"https:\\\/\\\/sdf.hr\\\/wp-content\\\/uploads\\\/2023\\\/11\\\/Zorana-i-Christella.jpg\",\"datePublished\":\"2023-11-28T10:14:15+00:00\",\"breadcrumb\":{\"@id\":\"https:\\\/\\\/sdf.hr\\\/hr\\\/nada\\\/kumica-iz-ruande\\\/#breadcrumb\"},\"inLanguage\":\"hr\",\"potentialAction\":[{\"@type\":\"ReadAction\",\"target\":[\"https:\\\/\\\/sdf.hr\\\/hr\\\/nada\\\/kumica-iz-ruande\\\/\"]}]},{\"@type\":\"ImageObject\",\"inLanguage\":\"hr\",\"@id\":\"https:\\\/\\\/sdf.hr\\\/hr\\\/nada\\\/kumica-iz-ruande\\\/#primaryimage\",\"url\":\"https:\\\/\\\/sdf.hr\\\/wp-content\\\/uploads\\\/2023\\\/11\\\/Zorana-i-Christella.jpg\",\"contentUrl\":\"https:\\\/\\\/sdf.hr\\\/wp-content\\\/uploads\\\/2023\\\/11\\\/Zorana-i-Christella.jpg\",\"width\":1536,\"height\":1083,\"caption\":\"Zorana i Christella\"},{\"@type\":\"BreadcrumbList\",\"@id\":\"https:\\\/\\\/sdf.hr\\\/hr\\\/nada\\\/kumica-iz-ruande\\\/#breadcrumb\",\"itemListElement\":[{\"@type\":\"ListItem\",\"position\":1,\"name\":\"Po\u010detna stranica\",\"item\":\"https:\\\/\\\/sdf.hr\\\/hr\\\/\"},{\"@type\":\"ListItem\",\"position\":2,\"name\":\"Nada\",\"item\":\"https:\\\/\\\/sdf.hr\\\/nada\\\/\"},{\"@type\":\"ListItem\",\"position\":3,\"name\":\"Kumica iz Ruande\"}]},{\"@type\":\"WebSite\",\"@id\":\"https:\\\/\\\/sdf.hr\\\/#website\",\"url\":\"https:\\\/\\\/sdf.hr\\\/\",\"name\":\"SDF - Srpski demokratski forum\",\"description\":\"Srpski demokratski forum\",\"publisher\":{\"@id\":\"https:\\\/\\\/sdf.hr\\\/#organization\"},\"potentialAction\":[{\"@type\":\"SearchAction\",\"target\":{\"@type\":\"EntryPoint\",\"urlTemplate\":\"https:\\\/\\\/sdf.hr\\\/?s={search_term_string}\"},\"query-input\":{\"@type\":\"PropertyValueSpecification\",\"valueRequired\":true,\"valueName\":\"search_term_string\"}}],\"inLanguage\":\"hr\"},{\"@type\":\"Organization\",\"@id\":\"https:\\\/\\\/sdf.hr\\\/#organization\",\"name\":\"SDF - Srpski demokratski forum\",\"url\":\"https:\\\/\\\/sdf.hr\\\/\",\"logo\":{\"@type\":\"ImageObject\",\"inLanguage\":\"hr\",\"@id\":\"https:\\\/\\\/sdf.hr\\\/#\\\/schema\\\/logo\\\/image\\\/\",\"url\":\"https:\\\/\\\/sdf.hr\\\/wp-content\\\/uploads\\\/2021\\\/07\\\/logo-hr.svg\",\"contentUrl\":\"https:\\\/\\\/sdf.hr\\\/wp-content\\\/uploads\\\/2021\\\/07\\\/logo-hr.svg\",\"width\":271,\"height\":100,\"caption\":\"SDF - Srpski demokratski forum\"},\"image\":{\"@id\":\"https:\\\/\\\/sdf.hr\\\/#\\\/schema\\\/logo\\\/image\\\/\"}}]}<\/script>\n<!-- \/ Yoast SEO plugin. -->","yoast_head_json":{"title":"Kumica iz Ruande - SDF - Srpski demokratski forum","robots":{"index":"index","follow":"follow","max-snippet":"max-snippet:-1","max-image-preview":"max-image-preview:large","max-video-preview":"max-video-preview:-1"},"canonical":"https:\/\/sdf.hr\/hr\/nada\/kumica-iz-ruande\/","og_locale":"hr_HR","og_type":"article","og_title":"Kumica iz Ruande - SDF - Srpski demokratski forum","og_description":"U\u010diteljica iz Tenje Zorana Vuksanovi\u0107 provela je tri tjedna u Ruandi s humanitarnom udrugom Putokaz za Afriku. Kao kuma poma\u017ee \u0161kolovanje djevoj\u010dice Christelle koju je sada upoznala. \"Ona \u017eeli i\u0107i na fakultet, velika mi je \u017eelja da joj to omogu\u0107im\", ka\u017ee Zorana","og_url":"https:\/\/sdf.hr\/hr\/nada\/kumica-iz-ruande\/","og_site_name":"SDF - Srpski demokratski forum","og_image":[{"url":"https:\/\/sdf.hr\/wp-content\/uploads\/2023\/11\/1700155992443.jpg","type":"","width":"","height":""}],"twitter_card":"summary_large_image","twitter_misc":{"Procijenjeno vrijeme \u010ditanja":"5 minuta"},"schema":{"@context":"https:\/\/schema.org","@graph":[{"@type":"WebPage","@id":"https:\/\/sdf.hr\/hr\/nada\/kumica-iz-ruande\/","url":"https:\/\/sdf.hr\/hr\/nada\/kumica-iz-ruande\/","name":"Kumica iz Ruande - SDF - Srpski demokratski forum","isPartOf":{"@id":"https:\/\/sdf.hr\/#website"},"primaryImageOfPage":{"@id":"https:\/\/sdf.hr\/hr\/nada\/kumica-iz-ruande\/#primaryimage"},"image":{"@id":"https:\/\/sdf.hr\/hr\/nada\/kumica-iz-ruande\/#primaryimage"},"thumbnailUrl":"https:\/\/sdf.hr\/wp-content\/uploads\/2023\/11\/Zorana-i-Christella.jpg","datePublished":"2023-11-28T10:14:15+00:00","breadcrumb":{"@id":"https:\/\/sdf.hr\/hr\/nada\/kumica-iz-ruande\/#breadcrumb"},"inLanguage":"hr","potentialAction":[{"@type":"ReadAction","target":["https:\/\/sdf.hr\/hr\/nada\/kumica-iz-ruande\/"]}]},{"@type":"ImageObject","inLanguage":"hr","@id":"https:\/\/sdf.hr\/hr\/nada\/kumica-iz-ruande\/#primaryimage","url":"https:\/\/sdf.hr\/wp-content\/uploads\/2023\/11\/Zorana-i-Christella.jpg","contentUrl":"https:\/\/sdf.hr\/wp-content\/uploads\/2023\/11\/Zorana-i-Christella.jpg","width":1536,"height":1083,"caption":"Zorana i Christella"},{"@type":"BreadcrumbList","@id":"https:\/\/sdf.hr\/hr\/nada\/kumica-iz-ruande\/#breadcrumb","itemListElement":[{"@type":"ListItem","position":1,"name":"Po\u010detna stranica","item":"https:\/\/sdf.hr\/hr\/"},{"@type":"ListItem","position":2,"name":"Nada","item":"https:\/\/sdf.hr\/nada\/"},{"@type":"ListItem","position":3,"name":"Kumica iz Ruande"}]},{"@type":"WebSite","@id":"https:\/\/sdf.hr\/#website","url":"https:\/\/sdf.hr\/","name":"SDF - Srpski demokratski forum","description":"Srpski demokratski forum","publisher":{"@id":"https:\/\/sdf.hr\/#organization"},"potentialAction":[{"@type":"SearchAction","target":{"@type":"EntryPoint","urlTemplate":"https:\/\/sdf.hr\/?s={search_term_string}"},"query-input":{"@type":"PropertyValueSpecification","valueRequired":true,"valueName":"search_term_string"}}],"inLanguage":"hr"},{"@type":"Organization","@id":"https:\/\/sdf.hr\/#organization","name":"SDF - Srpski demokratski forum","url":"https:\/\/sdf.hr\/","logo":{"@type":"ImageObject","inLanguage":"hr","@id":"https:\/\/sdf.hr\/#\/schema\/logo\/image\/","url":"https:\/\/sdf.hr\/wp-content\/uploads\/2021\/07\/logo-hr.svg","contentUrl":"https:\/\/sdf.hr\/wp-content\/uploads\/2021\/07\/logo-hr.svg","width":271,"height":100,"caption":"SDF - Srpski demokratski forum"},"image":{"@id":"https:\/\/sdf.hr\/#\/schema\/logo\/image\/"}}]}},"_links":{"self":[{"href":"https:\/\/sdf.hr\/hr\/wp-json\/wp\/v2\/nada\/3897","targetHints":{"allow":["GET"]}}],"collection":[{"href":"https:\/\/sdf.hr\/hr\/wp-json\/wp\/v2\/nada"}],"about":[{"href":"https:\/\/sdf.hr\/hr\/wp-json\/wp\/v2\/types\/nada"}],"wp:featuredmedia":[{"embeddable":true,"href":"https:\/\/sdf.hr\/hr\/wp-json\/wp\/v2\/media\/3894"}],"wp:attachment":[{"href":"https:\/\/sdf.hr\/hr\/wp-json\/wp\/v2\/media?parent=3897"}],"wp:term":[{"taxonomy":"post_tag","embeddable":true,"href":"https:\/\/sdf.hr\/hr\/wp-json\/wp\/v2\/tags?post=3897"},{"taxonomy":"atribut","embeddable":true,"href":"https:\/\/sdf.hr\/hr\/wp-json\/wp\/v2\/atribut?post=3897"}],"curies":[{"name":"wp","href":"https:\/\/api.w.org\/{rel}","templated":true}]}}