{"id":3905,"date":"2023-11-29T13:14:50","date_gmt":"2023-11-29T12:14:50","guid":{"rendered":"https:\/\/sdf.hr\/nada\/mrezna-bolest\/"},"modified":"2023-11-29T13:15:47","modified_gmt":"2023-11-29T12:15:47","slug":"mrezna-bolest","status":"publish","type":"nada","link":"https:\/\/sdf.hr\/hr\/nada\/mrezna-bolest\/","title":{"rendered":"Mre\u017ena bolest"},"content":{"rendered":"<p><em>Dru\u0161tvenu mre\u017eu pose\u0107ujem \u010desto,<br \/>\nna dru\u0161tvenoj mre\u017ei svoje imam mesto<br \/>\nNa dru\u0161tvenoj mre\u017ei danju i no\u0107u,<br \/>\nna dru\u0161tvenoj mre\u017ei pri\u010dam \u0161ta god ho\u0107u.<\/em><br \/>\nDiciplin a Kitschme &#8220;Dru\u0161tvena mre\u017ea&#8221;<\/p>\n<p>&nbsp;<\/p>\n<p><strong>Mark Zuckerberg<\/strong> na sudu \u2013 Meta je postala m\u00e9ta(!). Tako bi u najkra\u0107em glasila vijest koju bi u neka bolja vremena na ulici izvikivali kolporteri. Naime, pro\u0161log su mjeseca dr\u017eavni odvjetnici koji zastupaju 42 ameri\u010dke savezne dr\u017eave podnijeli tu\u017ebu federalnom sudu u Oaklandu u Kaliforniji protiv Mete Platforms, Zuckerbergove tvrtke koja osim megapopularnog Facebooka ima u vlasni\u0161tvu i platforme WhatsApp, Instagram i Messenger. Tu\u017ebom se \u017eeli dokazati negativan utjecaj spomenutih dru\u0161tvenih mre\u017ea \u2013 pri \u010demu je posebno istaknut Instagram \u2013 na mentalno zdravlje mladih, a tvrdi se i da je Meta (o\u010dito ne prvi put) obmanjivala javnost o opasnostima svojih platformi, poput navo\u0111enja djece i mladih na njihovo kompulzivno kori\u0161tenje i posljedi\u010dno ovisnost o njima. Motivirane prije svega profitom, smatraju tu\u017eitelji, spomenute platforme svojim sadr\u017eajem poti\u010du na anksioznost, depresiju i nesanicu kod mladih, a spominjalo se i nezakonito prikupljanje podataka djece mla\u0111e od 13 godina. Meta je o\u010dekivano razo\u010darana ovakvom tu\u017ebom, negira \u0161tetnost svojih dru\u0161tvenih mre\u017ea po mentalno zdravlje. Pa ipak treba re\u0107i i da se ta tvrtka otprije suo\u010davala s tu\u017ebama; primjerice lani se u sudskom sporu nagodila i platila 90 milijuna dolara, de facto priznaju\u0107i time da je pratila svoje korisnike na internetu i nakon \u0161to su se izlogirali s Facebooka.<\/p>\n<p>Kako god se jednom raspleo doti\u010dni slu\u010daj, kriza mentalnog zdravlja, posebno kod mladih, predmet je sve brojnijih rasprava i istra\u017eivanja u Hrvatskoj, posebno otkako je 2020. progla\u0161ena pandemija koronavirusa, koja je trajala zamalo tri godine. U nastavku teksta razmotrit \u0107emo utjecaj dru\u0161tvenih mre\u017ea na mentalno zdravlje mladih u Hrvatskoj. One, prema rije\u010dima <strong>Irene Rojni\u0107 Palavre<\/strong>, specijalistice psihijatrije iz Dnevne bolnice za ovisnosti zagreba\u010dke Klinike za psihijatriju Sv. Ivan, imaju odre\u0111eni adiktivni potencijal te mogu uzrokovati razvoj ovisnosti, naro\u010dito kod osoba pod pove\u0107anim rizikom. Osim same ovisnosti, mogu biti i kanal za zlostavljaju\u0107e pona\u0161anje razli\u010ditih oblika \u2013 financijskog, seksualnog, namamljuju\u0107eg, ucjenjiva\u010dkog i poni\u017eavaju\u0107eg, od opasnih &#8220;izazova&#8221;, promoviranja krivih i povr\u0161nih vrijednosti, pa sve do o\u0161te\u0107enja kognitivnih funkcija i pove\u0107anog rizika za razvoj razli\u010ditih mentalnih pote\u0161ko\u0107a i poreme\u0107aja.<\/p>\n<p>U kliniku na Jankomiru javljaju se prete\u017eno mladi mu\u0161karci izme\u0111u 18. i 25. godine \u017eivota, prije svega zbog problema proiza\u0161lih iz prekomjerne uporabe videoigara.<\/p>\n<p>&#8211; Isto tako rekla bih da drugo mjesto dijele dru\u0161tvene mre\u017ee, pornografski sadr\u017eaji i slobodno &#8220;surfanje&#8221; po internetu. Dru\u0161tvene mre\u017ee pru\u017eaju iskrivljeni prozor u \u017eivot, a tek treba vidjeti kako \u0107e se odrastanje u virtualnom kontekstu odraziti na budu\u0107nost. U ovom slu\u010daju ne bih se izja\u0161njavala glede kr\u0161enja prava djece iz tu\u017ebe koju spominjete jer to prelazi okvire onoga \u010dime se bavimo, tim vi\u0161e \u0161to radimo isklju\u010divo s punoljetnim osobama \u2013 ka\u017ee za Nadu psihijatrica Rojni\u0107 Palavra.<\/p>\n<p>Dome\u0107e da ipak o\u010dekuje porast problema ovisnosti i posljedica po mentalno zdravlje mladih uz opasku da je mogu\u0107 i obrnut smjer \u2013 da je u podlozi ovisnosti neki psiholo\u0161ki problem.<\/p>\n<p>Prema pro\u0161logodi\u0161njim podacima UNICEF-a o stanju djece u svijetu 2021. godine, 44 tisu\u0107e djece i adolescenata (11,5 posto) u dobi od 10 do 19 godina u Hrvatskoj ima problema s mentalnim zdravljem, u \u010demu prednja\u010de anksiozno-depresivne smetnje. Usporedbe radi, prema istom izvje\u0161\u0107u u svijetu je \u017eivjelo 1,2 milijarde djece i mladih od 10 do 19 godina. Od tog broja 80 milijuna djece od 10 do 14 godina i 86 milijuna adolescenata od 15 do 19 godina \u017eivi s mentalnim poreme\u0107ajima, \u0161to je ne\u0161to vi\u0161e od 13 posto. Ispada da je Hrvatska ipak ispod tog prosjeka, \u0161to ne zna\u010di da je sve idili\u010dno, naprotiv.<\/p>\n<figure id=\"attachment_3901\" aria-describedby=\"caption-attachment-3901\" style=\"width: 2560px\" class=\"wp-caption alignnone\"><img loading=\"lazy\" decoding=\"async\" class=\"wp-image-3901 size-full\" src=\"https:\/\/sdf.hr\/wp-content\/uploads\/2023\/11\/Lucija-Vejmelka-scaled.jpg\" alt=\"\" width=\"2560\" height=\"1798\" srcset=\"https:\/\/sdf.hr\/wp-content\/uploads\/2023\/11\/Lucija-Vejmelka-scaled.jpg 2560w, https:\/\/sdf.hr\/wp-content\/uploads\/2023\/11\/Lucija-Vejmelka-300x211.jpg 300w, https:\/\/sdf.hr\/wp-content\/uploads\/2023\/11\/Lucija-Vejmelka-1024x719.jpg 1024w, https:\/\/sdf.hr\/wp-content\/uploads\/2023\/11\/Lucija-Vejmelka-768x539.jpg 768w, https:\/\/sdf.hr\/wp-content\/uploads\/2023\/11\/Lucija-Vejmelka-1536x1079.jpg 1536w, https:\/\/sdf.hr\/wp-content\/uploads\/2023\/11\/Lucija-Vejmelka-2048x1439.jpg 2048w\" sizes=\"auto, (max-width: 2560px) 100vw, 2560px\" \/><figcaption id=\"caption-attachment-3901\" class=\"wp-caption-text\">Lucija Vejmelka (Foto: \u017deljko Lukuni\u0107\/PIXSELL)<\/figcaption><\/figure>\n<p>Rezultati istra\u017eivanja koje je proveo Ipsos za Agenciju za elektroni\u010dke medije i ured UNICEF-a Hrvatska u travnju 2022. na uzorku od tisu\u0107u ispitanika, pokazali su da kod djece i mladih\u00a0prilikom kori\u0161tenja dru\u0161tvenih mre\u017ea najvi\u0161e zabrinutosti izazivaju dru\u0161tvene mre\u017ee i platforme za razmjenu videozapisa\u00a0poput\u00a0Instagrama, Facebooka, Snapchata, Tik-Toka i YouTubea. Tako je odgovorilo 48 posto ispitanika, dok se 14 posto izjasnilo da ih najvi\u0161e brinu online videoigre, itd.<\/p>\n<p>Prvo pak relevantno istra\u017eivanje na temu online seksualnog uznemiravanja pod nazivom &#8220;DeShame&#8221; lani je provedeno u Srbiji i Hrvatskoj, a priprema se isto provesti u BiH i Crnoj Gori. Istra\u017eivanje u Hrvatskoj, u kojem je sudjelovalo 2016 srednjo\u0161kolaca iz 21 \u0161kole u 20 \u017eupanija i Gradu Zagrebu, proveo je Centar za sigurniji internet pod vodstvom <strong>Lucije Vejmelke<\/strong>, izvanredne profesorice sa studija socijalnog rada zagreba\u010dkog Pravnog fakulteta. Rezultati su op\u0107enito pokazali kako se dje\u010daci i djevoj\u010dice podjednako, svakodnevno i vi\u0161esatno slu\u017ee dru\u0161tvenim mre\u017eama; gotovo polovica njih ima vi\u0161e od jednog profila na dru\u0161tvenim mre\u017eama koje aktivno koriste, \u0161to zna\u010di da imaju profile za razli\u010dite namjene: komunikaciju s roditeljima, vr\u0161njacima, la\u017ene profile i sli\u010dno.<\/p>\n<p>Na Hrvatskom pak uzorku, ka\u017ee za Nadu profesorica Vejmelka, preko 40 posto djece izjavilo je da je u posljednjih godinu dana do\u017eivjelo online seksualno uznemiravanje, odnosno bilo \u017ertva. To zna\u010di, navodi dalje, da ako u razredu imate 25 u\u010denika, \u010dak njih 10 je u tom razdoblju do\u017eivjelo online seksualno uznemiravanje \u0161to je zabrinjavaju\u0107i podatak.<\/p>\n<p>&#8211; Tako\u0111er, na\u0161e je istra\u017eivanje pokazalo da gotovo 10 posto djece u Hrvatskoj i tek koji postotak manje u Srbiji \u0161alje vlastite seksualne sadr\u017eaje i to naj\u010de\u0161\u0107e na nagovor ili prisilu i ucjenu, \u0161to spada u kazneno djelo seksualnih iznuda ili prisila (sextortion). Dosada\u0161nje spoznaje pokazuju kako je ovo izrazito uznemiruju\u0107e i rizi\u010dno seksualno pona\u0161anje sa mogu\u0107im ozbiljnim i dugotrajnim posljedicama na \u017ertve, uklju\u010duju\u0107i sram, krivicu, strah i anksioznost te ima obilje\u017eja ozbiljnog traumatskog iskustva \u2013 ka\u017ee na\u0161a sugovornica.<\/p>\n<p>Povodom optu\u017ebi protiv Mete, dome\u0107e da podr\u017eava sve napore koje \u0107e internet i online komunikaciju u\u010diniti boljim i sigurnijim mjestom za sve.<\/p>\n<p>&#8211; Mi stru\u010dnjaci koji se bavimo ovim podru\u010djem ve\u0107 dugo nagla\u0161avamo odgovornost velikih pru\u017eatelja usluga, konkretno dru\u0161tvenih mre\u017ea. Ne zaboravimo da su to danas najbogatije kompanije i korporacije, a proizvodi koje koristimo su besplatni (profili na dru\u0161tvenim mre\u017eama). Ono na \u010demu zara\u0111uju novce su veliki setovi podataka koje prikupljaju o svojim korisnicima \u0161to zna\u010di da nas \u017eele online \u0161to du\u017ee kako bi im se proizvod isplatio \u2013 rezimira profesorica.<\/p>\n<p>Drugim rije\u010dima, navodi na\u0161a sugovornica, algoritmi koji kroje individualizirane sadr\u017eaje, notifikacije i objave koje vidimo usmjereni su upravo na to da \u0161to du\u017ee &#8220;skrolamo&#8221; i &#8216;klikamo&#8217; pa tako i odrasli na dru\u0161tvenim mre\u017eama provedu puno vi\u0161e vremena od planiranog. A za djecu koja su u razli\u010ditim fazama kognitivnog, socijalnog i emocionalnog razvoja samokontrola prilikom kori\u0161tenja ekrana jo\u0161 je izazovnija i te\u017ee je posti\u017eu.<\/p>\n<p>&#8220;DeShame&#8221; istra\u017eivanje je pokazalo tako\u0111er da je do\u017eivljavanje seksualnog uznemiravanja povezano s ni\u017eom socijalnom podr\u0161kom, vi\u0161om depresijom, ni\u017eim samopo\u0161tovanjem i \u010de\u0161\u0107im odgovorom na vr\u0161nja\u010dki pritisak, dok je njegovo \u010dinjenje povezano s ni\u017eom socijalnom podr\u0161kom, vi\u0161om depresijom, ni\u017eom samou\u010dinkovito\u0161\u0107u i \u010de\u0161\u0107im odgovorom na vr\u0161nja\u010dki pritisak.<\/p>\n<p>&#8211; S druge strane vi\u0161e do\u017eivljavanja i vi\u0161e \u010dinjenja pokazuju lo\u0161ije mentalno zdravlje na\u0161e djece. No potrebno je naglasiti kako smo dokazali i raspr\u0161enost fenomena te identificirali i zna\u010dajan broj one djece koja imaju dobre komponente mentalnog zdravlja, a koja \u010dine i do\u017eivljavaju online seksualno uznemiravanje. No generalno su rezultati na nekim domenama mentalnog zdravlja i podr\u0161ke zabrinjavaju\u0107i pa tako preko 50 posto u\u010denika izjavljuje kako puno brine, a gotovo jedna \u010detvrtina da se \u010desto osje\u0107a nesretno i poti\u0161teno -ka\u017ee profesorica Vejmelka.<\/p>\n<figure id=\"attachment_3903\" aria-describedby=\"caption-attachment-3903\" style=\"width: 2249px\" class=\"wp-caption alignnone\"><img loading=\"lazy\" decoding=\"async\" class=\"wp-image-3903 size-full\" src=\"https:\/\/sdf.hr\/wp-content\/uploads\/2023\/11\/Danijela-Stimac-Grbic-scaled.jpg\" alt=\"\" width=\"2249\" height=\"2560\" srcset=\"https:\/\/sdf.hr\/wp-content\/uploads\/2023\/11\/Danijela-Stimac-Grbic-scaled.jpg 2249w, https:\/\/sdf.hr\/wp-content\/uploads\/2023\/11\/Danijela-Stimac-Grbic-264x300.jpg 264w, https:\/\/sdf.hr\/wp-content\/uploads\/2023\/11\/Danijela-Stimac-Grbic-900x1024.jpg 900w, https:\/\/sdf.hr\/wp-content\/uploads\/2023\/11\/Danijela-Stimac-Grbic-768x874.jpg 768w, https:\/\/sdf.hr\/wp-content\/uploads\/2023\/11\/Danijela-Stimac-Grbic-1349x1536.jpg 1349w, https:\/\/sdf.hr\/wp-content\/uploads\/2023\/11\/Danijela-Stimac-Grbic-1799x2048.jpg 1799w\" sizes=\"auto, (max-width: 2249px) 100vw, 2249px\" \/><figcaption id=\"caption-attachment-3903\" class=\"wp-caption-text\">Danijela \u0160timac Grbi\u0107 (Foto: Slavko Mid\u017eor\/PIXSELL)<\/figcaption><\/figure>\n<p>Posebno je \u0161okantan rezultat da se djeca gotovo uop\u0107e ne obra\u0107aju odraslima ako im se ovako ne\u0161to i dogodi. Problem poku\u0161avaju rije\u0161iti sama, eventualno se obrate prijatelju no ni roditelje ni nastavnike ne do\u017eivljavaju osobama kojima bi se povjerili. Profesorica Vejmelka je stava da \u0161kole i druge ustanove koje pru\u017eaju podr\u0161ku trebaju aktivni anga\u017eman i resurse za prevenciju. Potrebno je aktivno raditi na hodogramima i educirati stru\u010dnjake za postupanje oko prijava i za\u0161tite djece-\u017ertava. Nastavnici, ali i roditelji trebaju kontinuiranu sustavnu podr\u0161ku u podru\u010dju online rizi\u010dnog pona\u0161anja i u mogu\u0107nostima rada s djecom i mladima.<\/p>\n<p><strong>Danijela \u0160timac Grbi\u0107<\/strong>, voditeljica Odjela za promicanje mentalnog zdravlja Hrvatskog zavoda za javno zdravstvo (HZJZ) nazna\u010dila je za na\u0161 magazin trend pove\u0107anja kori\u0161tenja dru\u0161tvenih mre\u017ea u Hrvatskoj. Sve vi\u0161e, dome\u0107e, svjedoci smo razvoja odre\u0111enih ovisnosti, ne samo o dru\u0161tvenim mre\u017eama ve\u0107 uop\u0107e o digitalnim tehnologijama, \u0161to je poznato pod nazivom &#8220;pona\u0161ajne ovisnosti&#8221;, koje obuhva\u0107aju i ovisnost o kocki itsl.<\/p>\n<p>&#8211; Trendovi su pove\u0107anja potreba za lije\u010denjem te vrste poreme\u0107aja. Kod nas je, vezano uz dru\u0161tvene mre\u017ee, razvidan porast nasilja me\u0111u mladima. Podaci kod mla\u0111e djece od 11 godina govore o ve\u0107em broju fizi\u010dkog vr\u0161nja\u010dkog nasilja, naro\u010dito me\u0111u dje\u010dacima. Me\u0111utim kako se dobna granica penje iznad 13 pa do 15 godina, nasilje je sve manje fizi\u010dko, a \u010dinjenica je da se ono \u0161iri na dru\u0161tvenim mre\u017eama. Kad ka\u017eem nasilje, rije\u010d je o zlostavljanju, kad netko objavi ne\u010diju fotografiju, snimi nekoga, \u010dak ste imali situacije da se fizi\u010dko nasilje snimi i objavi na dru\u0161tvenim mre\u017eama. Ne treba zaboraviti i na psihi\u010dko nasilje, vrije\u0111anje, ismijavanje, \u0161irenje sadr\u017eaja za koje dijete nije dalo dopu\u0161tenje, prijetnje&#8230; \u2013 upozorava \u0160timac Grbi\u0107.<\/p>\n<p>Dru\u0161tvene mre\u017ee su, dome\u0107e, sredstvo koje naprosto ne mo\u017eemo vi\u0161e ukinuti, Pa ipak, trebala bi postojati odre\u0111ena regulacija za mla\u0111e, posebno vezano uz sadr\u017eaj.<\/p>\n<p>&#8211; Tako\u0111er sve \u010de\u0161\u0107a je pojava influensera, pri \u010demu je va\u017eno to \u0161to oni promoviraju i zagovaraju, jer vrlo \u010desto su, pouzdano znam, sponzorirani od industrije alkoholnih pi\u0107a. Upravo njih gledaju i njihove ideje usvajaju djeca i mladi \u2013 upozorava na\u0161a sugovornica.<\/p>\n<p><em>pi\u0161e Dragan Grozadni\u0107<\/em><\/p>\n","protected":false},"excerpt":{"rendered":"<p>Kompanija Meta na\u0161la pod tu\u017ebom u SAD-u zbog \u0161tetnog utjecaja njenih dru\u0161tvenih mre\u017ea na mentalno zdravlje djece i mladih. &#8220;Kod nas je, vezano uz dru\u0161tvene mre\u017ee, razvidan porast nasilja me\u0111u mladima&#8221;, upozorava voditeljica Odjela za promicanje mentalnog zdravlja HZJZ-a Danijela \u0160timac Grbi\u0107<\/p>\n","protected":false},"featured_media":3900,"template":"","tags":[130],"atribut":[],"class_list":["post-3905","nada","type-nada","status-publish","has-post-thumbnail","hentry","tag-tema"],"acf":[],"yoast_head":"<!-- This site is optimized with the Yoast SEO plugin v27.4 - https:\/\/yoast.com\/product\/yoast-seo-wordpress\/ -->\n<title>Mre\u017ena bolest - SDF - Srpski demokratski forum<\/title>\n<meta name=\"robots\" content=\"index, follow, max-snippet:-1, max-image-preview:large, max-video-preview:-1\" \/>\n<link rel=\"canonical\" href=\"https:\/\/sdf.hr\/hr\/nada\/mrezna-bolest\/\" \/>\n<meta property=\"og:locale\" content=\"hr_HR\" \/>\n<meta property=\"og:type\" content=\"article\" \/>\n<meta property=\"og:title\" content=\"Mre\u017ena bolest - SDF - Srpski demokratski forum\" \/>\n<meta property=\"og:description\" content=\"Kompanija Meta na\u0161la pod tu\u017ebom u SAD-u zbog \u0161tetnog utjecaja njenih dru\u0161tvenih mre\u017ea na mentalno zdravlje djece i mladih. &quot;Kod nas je, vezano uz dru\u0161tvene mre\u017ee, razvidan porast nasilja me\u0111u mladima&quot;, upozorava voditeljica Odjela za promicanje mentalnog zdravlja HZJZ-a Danijela \u0160timac Grbi\u0107\" \/>\n<meta property=\"og:url\" content=\"https:\/\/sdf.hr\/hr\/nada\/mrezna-bolest\/\" \/>\n<meta property=\"og:site_name\" content=\"SDF - Srpski demokratski forum\" \/>\n<meta property=\"article:modified_time\" content=\"2023-11-29T12:15:47+00:00\" \/>\n<meta property=\"og:image\" content=\"https:\/\/sdf.hr\/wp-content\/uploads\/2023\/11\/Social-Media-scaled.jpg\" \/>\n\t<meta property=\"og:image:width\" content=\"2560\" \/>\n\t<meta property=\"og:image:height\" content=\"1707\" \/>\n\t<meta property=\"og:image:type\" content=\"image\/jpeg\" \/>\n<meta name=\"twitter:card\" content=\"summary_large_image\" \/>\n<meta name=\"twitter:label1\" content=\"Procijenjeno vrijeme \u010ditanja\" \/>\n\t<meta name=\"twitter:data1\" content=\"9 minuta\" \/>\n<script type=\"application\/ld+json\" class=\"yoast-schema-graph\">{\"@context\":\"https:\\\/\\\/schema.org\",\"@graph\":[{\"@type\":\"WebPage\",\"@id\":\"https:\\\/\\\/sdf.hr\\\/hr\\\/nada\\\/mrezna-bolest\\\/\",\"url\":\"https:\\\/\\\/sdf.hr\\\/hr\\\/nada\\\/mrezna-bolest\\\/\",\"name\":\"Mre\u017ena bolest - SDF - Srpski demokratski forum\",\"isPartOf\":{\"@id\":\"https:\\\/\\\/sdf.hr\\\/#website\"},\"primaryImageOfPage\":{\"@id\":\"https:\\\/\\\/sdf.hr\\\/hr\\\/nada\\\/mrezna-bolest\\\/#primaryimage\"},\"image\":{\"@id\":\"https:\\\/\\\/sdf.hr\\\/hr\\\/nada\\\/mrezna-bolest\\\/#primaryimage\"},\"thumbnailUrl\":\"https:\\\/\\\/sdf.hr\\\/wp-content\\\/uploads\\\/2023\\\/11\\\/Social-Media-scaled.jpg\",\"datePublished\":\"2023-11-29T12:14:50+00:00\",\"dateModified\":\"2023-11-29T12:15:47+00:00\",\"breadcrumb\":{\"@id\":\"https:\\\/\\\/sdf.hr\\\/hr\\\/nada\\\/mrezna-bolest\\\/#breadcrumb\"},\"inLanguage\":\"hr\",\"potentialAction\":[{\"@type\":\"ReadAction\",\"target\":[\"https:\\\/\\\/sdf.hr\\\/hr\\\/nada\\\/mrezna-bolest\\\/\"]}]},{\"@type\":\"ImageObject\",\"inLanguage\":\"hr\",\"@id\":\"https:\\\/\\\/sdf.hr\\\/hr\\\/nada\\\/mrezna-bolest\\\/#primaryimage\",\"url\":\"https:\\\/\\\/sdf.hr\\\/wp-content\\\/uploads\\\/2023\\\/11\\\/Social-Media-scaled.jpg\",\"contentUrl\":\"https:\\\/\\\/sdf.hr\\\/wp-content\\\/uploads\\\/2023\\\/11\\\/Social-Media-scaled.jpg\",\"width\":2560,\"height\":1707,\"caption\":\"Mobiteli stvaraju ovisnost (Foto: Alexandra Buxbaum\\\/SIPA USA\\\/PIXSELL) Photo: Alexandra Buxbaum\\\/SIPA USA\"},{\"@type\":\"BreadcrumbList\",\"@id\":\"https:\\\/\\\/sdf.hr\\\/hr\\\/nada\\\/mrezna-bolest\\\/#breadcrumb\",\"itemListElement\":[{\"@type\":\"ListItem\",\"position\":1,\"name\":\"Po\u010detna stranica\",\"item\":\"https:\\\/\\\/sdf.hr\\\/hr\\\/\"},{\"@type\":\"ListItem\",\"position\":2,\"name\":\"Nada\",\"item\":\"https:\\\/\\\/sdf.hr\\\/nada\\\/\"},{\"@type\":\"ListItem\",\"position\":3,\"name\":\"Mre\u017ena bolest\"}]},{\"@type\":\"WebSite\",\"@id\":\"https:\\\/\\\/sdf.hr\\\/#website\",\"url\":\"https:\\\/\\\/sdf.hr\\\/\",\"name\":\"SDF - Srpski demokratski forum\",\"description\":\"Srpski demokratski forum\",\"publisher\":{\"@id\":\"https:\\\/\\\/sdf.hr\\\/#organization\"},\"potentialAction\":[{\"@type\":\"SearchAction\",\"target\":{\"@type\":\"EntryPoint\",\"urlTemplate\":\"https:\\\/\\\/sdf.hr\\\/?s={search_term_string}\"},\"query-input\":{\"@type\":\"PropertyValueSpecification\",\"valueRequired\":true,\"valueName\":\"search_term_string\"}}],\"inLanguage\":\"hr\"},{\"@type\":\"Organization\",\"@id\":\"https:\\\/\\\/sdf.hr\\\/#organization\",\"name\":\"SDF - Srpski demokratski forum\",\"url\":\"https:\\\/\\\/sdf.hr\\\/\",\"logo\":{\"@type\":\"ImageObject\",\"inLanguage\":\"hr\",\"@id\":\"https:\\\/\\\/sdf.hr\\\/#\\\/schema\\\/logo\\\/image\\\/\",\"url\":\"https:\\\/\\\/sdf.hr\\\/wp-content\\\/uploads\\\/2021\\\/07\\\/logo-hr.svg\",\"contentUrl\":\"https:\\\/\\\/sdf.hr\\\/wp-content\\\/uploads\\\/2021\\\/07\\\/logo-hr.svg\",\"width\":271,\"height\":100,\"caption\":\"SDF - Srpski demokratski forum\"},\"image\":{\"@id\":\"https:\\\/\\\/sdf.hr\\\/#\\\/schema\\\/logo\\\/image\\\/\"}}]}<\/script>\n<!-- \/ Yoast SEO plugin. -->","yoast_head_json":{"title":"Mre\u017ena bolest - SDF - Srpski demokratski forum","robots":{"index":"index","follow":"follow","max-snippet":"max-snippet:-1","max-image-preview":"max-image-preview:large","max-video-preview":"max-video-preview:-1"},"canonical":"https:\/\/sdf.hr\/hr\/nada\/mrezna-bolest\/","og_locale":"hr_HR","og_type":"article","og_title":"Mre\u017ena bolest - SDF - Srpski demokratski forum","og_description":"Kompanija Meta na\u0161la pod tu\u017ebom u SAD-u zbog \u0161tetnog utjecaja njenih dru\u0161tvenih mre\u017ea na mentalno zdravlje djece i mladih. \"Kod nas je, vezano uz dru\u0161tvene mre\u017ee, razvidan porast nasilja me\u0111u mladima\", upozorava voditeljica Odjela za promicanje mentalnog zdravlja HZJZ-a Danijela \u0160timac Grbi\u0107","og_url":"https:\/\/sdf.hr\/hr\/nada\/mrezna-bolest\/","og_site_name":"SDF - Srpski demokratski forum","article_modified_time":"2023-11-29T12:15:47+00:00","og_image":[{"width":2560,"height":1707,"url":"https:\/\/sdf.hr\/wp-content\/uploads\/2023\/11\/Social-Media-scaled.jpg","type":"image\/jpeg"}],"twitter_card":"summary_large_image","twitter_misc":{"Procijenjeno vrijeme \u010ditanja":"9 minuta"},"schema":{"@context":"https:\/\/schema.org","@graph":[{"@type":"WebPage","@id":"https:\/\/sdf.hr\/hr\/nada\/mrezna-bolest\/","url":"https:\/\/sdf.hr\/hr\/nada\/mrezna-bolest\/","name":"Mre\u017ena bolest - SDF - Srpski demokratski forum","isPartOf":{"@id":"https:\/\/sdf.hr\/#website"},"primaryImageOfPage":{"@id":"https:\/\/sdf.hr\/hr\/nada\/mrezna-bolest\/#primaryimage"},"image":{"@id":"https:\/\/sdf.hr\/hr\/nada\/mrezna-bolest\/#primaryimage"},"thumbnailUrl":"https:\/\/sdf.hr\/wp-content\/uploads\/2023\/11\/Social-Media-scaled.jpg","datePublished":"2023-11-29T12:14:50+00:00","dateModified":"2023-11-29T12:15:47+00:00","breadcrumb":{"@id":"https:\/\/sdf.hr\/hr\/nada\/mrezna-bolest\/#breadcrumb"},"inLanguage":"hr","potentialAction":[{"@type":"ReadAction","target":["https:\/\/sdf.hr\/hr\/nada\/mrezna-bolest\/"]}]},{"@type":"ImageObject","inLanguage":"hr","@id":"https:\/\/sdf.hr\/hr\/nada\/mrezna-bolest\/#primaryimage","url":"https:\/\/sdf.hr\/wp-content\/uploads\/2023\/11\/Social-Media-scaled.jpg","contentUrl":"https:\/\/sdf.hr\/wp-content\/uploads\/2023\/11\/Social-Media-scaled.jpg","width":2560,"height":1707,"caption":"Mobiteli stvaraju ovisnost (Foto: Alexandra Buxbaum\/SIPA USA\/PIXSELL) Photo: Alexandra Buxbaum\/SIPA USA"},{"@type":"BreadcrumbList","@id":"https:\/\/sdf.hr\/hr\/nada\/mrezna-bolest\/#breadcrumb","itemListElement":[{"@type":"ListItem","position":1,"name":"Po\u010detna stranica","item":"https:\/\/sdf.hr\/hr\/"},{"@type":"ListItem","position":2,"name":"Nada","item":"https:\/\/sdf.hr\/nada\/"},{"@type":"ListItem","position":3,"name":"Mre\u017ena bolest"}]},{"@type":"WebSite","@id":"https:\/\/sdf.hr\/#website","url":"https:\/\/sdf.hr\/","name":"SDF - Srpski demokratski forum","description":"Srpski demokratski forum","publisher":{"@id":"https:\/\/sdf.hr\/#organization"},"potentialAction":[{"@type":"SearchAction","target":{"@type":"EntryPoint","urlTemplate":"https:\/\/sdf.hr\/?s={search_term_string}"},"query-input":{"@type":"PropertyValueSpecification","valueRequired":true,"valueName":"search_term_string"}}],"inLanguage":"hr"},{"@type":"Organization","@id":"https:\/\/sdf.hr\/#organization","name":"SDF - Srpski demokratski forum","url":"https:\/\/sdf.hr\/","logo":{"@type":"ImageObject","inLanguage":"hr","@id":"https:\/\/sdf.hr\/#\/schema\/logo\/image\/","url":"https:\/\/sdf.hr\/wp-content\/uploads\/2021\/07\/logo-hr.svg","contentUrl":"https:\/\/sdf.hr\/wp-content\/uploads\/2021\/07\/logo-hr.svg","width":271,"height":100,"caption":"SDF - Srpski demokratski forum"},"image":{"@id":"https:\/\/sdf.hr\/#\/schema\/logo\/image\/"}}]}},"_links":{"self":[{"href":"https:\/\/sdf.hr\/hr\/wp-json\/wp\/v2\/nada\/3905","targetHints":{"allow":["GET"]}}],"collection":[{"href":"https:\/\/sdf.hr\/hr\/wp-json\/wp\/v2\/nada"}],"about":[{"href":"https:\/\/sdf.hr\/hr\/wp-json\/wp\/v2\/types\/nada"}],"wp:featuredmedia":[{"embeddable":true,"href":"https:\/\/sdf.hr\/hr\/wp-json\/wp\/v2\/media\/3900"}],"wp:attachment":[{"href":"https:\/\/sdf.hr\/hr\/wp-json\/wp\/v2\/media?parent=3905"}],"wp:term":[{"taxonomy":"post_tag","embeddable":true,"href":"https:\/\/sdf.hr\/hr\/wp-json\/wp\/v2\/tags?post=3905"},{"taxonomy":"atribut","embeddable":true,"href":"https:\/\/sdf.hr\/hr\/wp-json\/wp\/v2\/atribut?post=3905"}],"curies":[{"name":"wp","href":"https:\/\/api.w.org\/{rel}","templated":true}]}}