{"id":3912,"date":"2023-12-01T09:00:34","date_gmt":"2023-12-01T08:00:34","guid":{"rendered":"https:\/\/sdf.hr\/nada\/mirise-na-dobro\/"},"modified":"2023-12-01T12:06:39","modified_gmt":"2023-12-01T11:06:39","slug":"mirise-na-dobro","status":"publish","type":"nada","link":"https:\/\/sdf.hr\/hr\/nada\/mirise-na-dobro\/","title":{"rendered":"Miri\u0161e na dobro"},"content":{"rendered":"<p>Kada se 2020. godine tokom pandemije koronavirusa ve\u0107ina ljudi povukla u svoje domove, nisu svi imali gdje oti\u0107i. Uslijed obustavljanja rada u ve\u0107ini mjesta na kojima se ljudi okupljaju, zatvorene su i narodne kuhinje u Novom Sadu, ina\u010de jedina mjesta na kojima osobe u situaciji besku\u0107ni\u0161tva i slabijeg socioekonomskog statusa mogu dobiti topli obrok. Tada je nekolicina ljudi okupljenih oko Omladinskog centra CK13 pokrenula Kuhinju solidarnosti s ciljem da na dvotjednoj bazi volonterski kuhaju hranu kojom se poma\u017ee najugro\u017eenijem dijelu stanovni\u0161tva u Novom Sadu.<\/p>\n<p>Kako nam govori <strong>Ivan Arsenov<\/strong>, volonter Kuhinje solidarnosti, s obzirom na to da su neformalno udru\u017eenje, nemaju nikakve odre\u0111ene uvjete i kriterije koje ljudi moraju ispuniti da bi dobili hranu \u2013 ljudi se jednostavno pojave, a nakon \u0161to dobiju obrok volonteri ih stave na spisak da vode ra\u010duna o koli\u010dini hrane koju \u0107e pripremati.<\/p>\n<p>&#8211; Jako smo opu\u0161teni s tim, dosta korisnika \u0107e do\u0107i u CK13, jesti tamo i poneti u teglama ku\u0107i ono \u0161to ostane. Nosio sam i ja nekada kada nam ostane, donesem ku\u0107i dve tegle so\u010diva pa jedemo i supruga, i ja, i ta\u0161ta, i svastika, i jo\u0161 nam ostane. Drago mi je da to ljudima onda ne bude jedini obrok, ve\u0107 mo\u017eda imaju jo\u0161 dva ru\u010dka od toga \u2013 obja\u0161njava Ivan.<\/p>\n<p>Kuhinja se vodi antidiskriminatornom politikom, na principu nenasilja prema \u017eivotinjama i ljudima, a u skladu s time svi obroci su veganski. S obzirom na to da nemaju prostor za skladi\u0161tenje, ne mogu primati donacije u hrani ve\u0107 je kupuju doniranim novcem. Ukupno u kuhinji imaju oko 130 volontera, \u0161to se \u010dini kao dostatna brojka, ali aktivnih i stalnih volontera zapravo je oko 30 do 40.<\/p>\n<p>&#8211; Nedavno smo saznali da smo jedina kuhinja u centralnoj Evropi koja ustvari distribuira obroke po ku\u0107ama. Imamo korisnike kojima obroke donosimo na adresu, a distribucija je jako bitna jer tako dolazimo i do korisnika koji su bolesni, koji mo\u017eda ne \u017eele da dolaze u prostor, koji su osobe sa invaliditetom ili moraju u to vreme biti na poslu, koji mo\u017eda ne \u017eele da provode vreme sa drugim ljudima ili da budu vi\u0111eni u polo\u017eaju u kojem moraju tra\u017eiti hranu \u2013 obja\u0161njava Ivan te dodaje kako vi\u0161e od polovice korisnika dolazi u CK13.<\/p>\n<p>Kada su tek po\u010deli s ovom inicijativom, dovoljno je bilo skuhati oko 40 obroka po danu, dok je sada ta brojka porasla na 220 dva puta tjedno, s tim da u zimskim mjesecima bude pet do deset posto vi\u0161e ljudi. Ivan nam govori kako do kraja godine o\u010dekuju i 250 korisnika, \u0161to je veliki teret, ali i dokaz kako se dr\u017eava nosi s time.<\/p>\n<figure id=\"attachment_3910\" aria-describedby=\"caption-attachment-3910\" style=\"width: 1600px\" class=\"wp-caption alignnone\"><img loading=\"lazy\" decoding=\"async\" class=\"wp-image-3910 size-full\" src=\"https:\/\/sdf.hr\/wp-content\/uploads\/2023\/11\/Kuhinja-solidarnosti2.jpg\" alt=\"\" width=\"1600\" height=\"720\" srcset=\"https:\/\/sdf.hr\/wp-content\/uploads\/2023\/11\/Kuhinja-solidarnosti2.jpg 1600w, https:\/\/sdf.hr\/wp-content\/uploads\/2023\/11\/Kuhinja-solidarnosti2-300x135.jpg 300w, https:\/\/sdf.hr\/wp-content\/uploads\/2023\/11\/Kuhinja-solidarnosti2-1024x461.jpg 1024w, https:\/\/sdf.hr\/wp-content\/uploads\/2023\/11\/Kuhinja-solidarnosti2-768x346.jpg 768w, https:\/\/sdf.hr\/wp-content\/uploads\/2023\/11\/Kuhinja-solidarnosti2-1536x691.jpg 1536w\" sizes=\"auto, (max-width: 1600px) 100vw, 1600px\" \/><figcaption id=\"caption-attachment-3910\" class=\"wp-caption-text\">Pakiranje obroka za dostavu<\/figcaption><\/figure>\n<p>&#8211; U Novom Sadu postoji Narodna kuhinja Crvenog krsta i oni distribuiraju tri obroka dnevno, ali kod njih morate imati dokumente, \u0161to oni \u010desto nemaju, kao i re\u0161enje centra za socijalni rad. Oni imaju svega 600 korisnika, \u0161to je ni\u0161ta za grad veli\u010dine Novog Sada. Postoje i stege koje vas dr\u017ee u sistemu, ne smeju se propu\u0161tati obroci i sli\u010dno, zbog \u010dega ljudi nemaju slobodu \u2013 ka\u017ee Ivan.<\/p>\n<p>&#8211; Tu je CK13 kao prostor idealan za nas, jer slu\u017ei i kao centar za dru\u017eenje gde ljudi imaju svoju privatnost, dok ostale kuhinje rade to na glavnim gradskim trgovima. \u010covek koji dolazi uzeti hranu ve\u0107 je u poni\u017eenom polo\u017eaju, a stajanje na punktu u centru grada gde ga prolaznici gledaju je dodatno stigmatiziraju\u0107e \u2013 dodaje.<\/p>\n<p>Jedna od inicijativa Kuhinje je i skupljanje odje\u0107e i sli\u010dnih potrep\u0161tina, ali bi vrlo rado htjeli da to mogu planirati i raditi u nekim redovitijim intervalima, u \u010demu ih ko\u010di \u010dinjenica da nisu registrirana, formalna organizacija. Trenutno razmi\u0161ljaju o tome da se registriraju kako bi mogli pristupiti fondovima za financiranje putem projekata.<\/p>\n<p>&#8211; Ideja kuhinje je antikapitalisti\u010dka, zato ne primamo donacije od firmi jer ne \u017eelimo da sara\u0111ujemo sa nekim ko u\u010destvuje u ovakvom sistemu, ko je kriv za to \u0161to su ljudi na ulici i \u0161to su gladni. Opet, to projektno finansiranje bi nam pomoglo da funkcioni\u0161emo, na\u0161i tro\u0161kovi su porasli duplo, broj obroka je porastao duplo, a na\u0161e donacije pokriju pola ili jo\u0161 manje od cifre koja nam treba. Tako se dogodi da guramo par meseci, onda bude frka pa ljudi ulete i skupimo to za dva-tri meseca, pa opet guramo par meseci \u2013 ka\u017ee Ivan.<\/p>\n<p>Kuhinja solidarnosti sada je po prvi puta morala pauzirati s radom, i to na mjesec dana, kako bi se prostor CK13 mogao srediti, a tako\u0111er i kako bi interno napravili reorganizaciju. Fale im volonteri, a najte\u017ee pronalaze voza\u010de koji bi distribuirali hranu. Osim toga su u konstantnom stanju neizvjesnosti zbog situacije s prostorom. Prijeti delo\u017eacija, a broj korisnika Kuhinje samo raste.<\/p>\n<p>&#8211; Voleo bih da broj korisnika raste jer ih vi\u0161e saznaje za Kuhinju, ali zbog toga kako se i koliko ogla\u0161avamo (isklju\u010divo na dru\u0161tvenim mre\u017eama, op.a.), mislim da je dru\u0161tvo sve gore, kapitalizam nas jede i \u010dini se da sve vi\u0161e ljudi zavr\u0161ava na ulici ili u ku\u0107ama gde nemaju struju ili vodu. Na\u017ealost, siguran sam da je to posledica predatorskog kapitalizma i sve ve\u0107eg osiroma\u0161enja ljudi koji jednostavno ne znaju da li \u0107e imati gde da spavaju i \u0161ta da jedu \u2013 govori Ivan.<\/p>\n<p>Velika je i diskriminacija u javnim ustanovama, uklju\u010duju\u0107i i zdravstvene, poput domova zdravlja u kojima se besku\u0107nike ne \u017eeli pregledati kada zatra\u017ee pomo\u0107, ili ih se pregleda u hodnicima.<\/p>\n<p>&#8211; &#8220;Mi znamo njega, on je alkoholi\u010dar&#8221;, to je ta stigmatizacija gde se besku\u0107nike krivi za to \u0161to su besku\u0107nici. Ljudi uvek zaborave da se upravo zbog tog \u017eivota u besku\u0107ni\u0161tvu ljudi odaju ne\u010demu \u0161to im poma\u017ee da pre\u017eive. Ali \u010dak i da su sami krivi \u0161to su tamo, ne trebaju biti tamo. \u017delimo da radimo sa njima i da im omogu\u0107imo \u0161ta mo\u017eemo, voleli bismo da imaju i prostor gde mogu da se istu\u0161iraju, da se presvuku, ali to je ne\u0161to na \u010demu se nadamo da \u0107emo imati prilike da radimo \u2013 obja\u0161njava Ivan te dodaje kako institucije dosta problema ne vide i ne zanimaju ih.<\/p>\n<p>Bez obzira na to, Kuhinja nastoji i \u017eeli sura\u0111ivati s institucijama upravo zbog \u010dinjenice da je besku\u0107ni\u0161tvo dru\u0161tveni problem, a tom se slu\u010daju svi trebamo uklju\u010diti kako bi se on rije\u0161io. Naravno, ka\u017ee Ivan, da institucije ipak trebaju mnogo vi\u0161e raditi, ali na njima je da se nadaju.<\/p>\n<p>&#8211; Dosta korisnika sada prosto deluje bolje, oni sami vide taj dolazak kao proces reintegracije u dru\u0161tvo, tretiraju to kao deo njihovog \u017eivota koji im prija. To se vidi fizi\u010dki i kroz osmehe i razgovor, mo\u017eda malo i kroz kila\u017eu, ali vi\u0161e po njihovom stavu. Promena svakako postoji \u2013 zaklju\u010duje Ivan.<\/p>\n<p><em>pi\u0161e Katarina Bo\u0161njak<\/em><\/p>\n","protected":false},"excerpt":{"rendered":"<p>Kuhinja solidarnosti u Novom Sadu podijeli 220 obroka po danu, dva puta na tjedan. &#8220;Nedavno smo saznali da smo jedina kuhinja u centralnoj Evropi koja ustvari distribuira obroke po ku\u0107ama&#8221;, ka\u017ee Ivan Arsenov<\/p>\n","protected":false},"featured_media":3909,"template":"","tags":[130],"atribut":[],"class_list":["post-3912","nada","type-nada","status-publish","has-post-thumbnail","hentry","tag-tema"],"acf":[],"yoast_head":"<!-- This site is optimized with the Yoast SEO plugin v27.4 - https:\/\/yoast.com\/product\/yoast-seo-wordpress\/ -->\n<title>Miri\u0161e na dobro - SDF - Srpski demokratski forum<\/title>\n<meta name=\"robots\" content=\"index, follow, max-snippet:-1, max-image-preview:large, max-video-preview:-1\" \/>\n<link rel=\"canonical\" href=\"https:\/\/sdf.hr\/hr\/nada\/mirise-na-dobro\/\" \/>\n<meta property=\"og:locale\" content=\"hr_HR\" \/>\n<meta property=\"og:type\" content=\"article\" \/>\n<meta property=\"og:title\" content=\"Miri\u0161e na dobro - SDF - Srpski demokratski forum\" \/>\n<meta property=\"og:description\" content=\"Kuhinja solidarnosti u Novom Sadu podijeli 220 obroka po danu, dva puta na tjedan. &quot;Nedavno smo saznali da smo jedina kuhinja u centralnoj Evropi koja ustvari distribuira obroke po ku\u0107ama&quot;, ka\u017ee Ivan Arsenov\" \/>\n<meta property=\"og:url\" content=\"https:\/\/sdf.hr\/hr\/nada\/mirise-na-dobro\/\" \/>\n<meta property=\"og:site_name\" content=\"SDF - Srpski demokratski forum\" \/>\n<meta property=\"article:modified_time\" content=\"2023-12-01T11:06:39+00:00\" \/>\n<meta property=\"og:image\" content=\"https:\/\/sdf.hr\/wp-content\/uploads\/2023\/11\/Kuhinja-solidarnosti1.jpg\" \/>\n\t<meta property=\"og:image:width\" content=\"1600\" \/>\n\t<meta property=\"og:image:height\" content=\"1200\" \/>\n\t<meta property=\"og:image:type\" content=\"image\/jpeg\" \/>\n<meta name=\"twitter:card\" content=\"summary_large_image\" \/>\n<meta name=\"twitter:label1\" content=\"Procijenjeno vrijeme \u010ditanja\" \/>\n\t<meta name=\"twitter:data1\" content=\"6 minuta\" \/>\n<script type=\"application\/ld+json\" class=\"yoast-schema-graph\">{\"@context\":\"https:\\\/\\\/schema.org\",\"@graph\":[{\"@type\":\"WebPage\",\"@id\":\"https:\\\/\\\/sdf.hr\\\/hr\\\/nada\\\/mirise-na-dobro\\\/\",\"url\":\"https:\\\/\\\/sdf.hr\\\/hr\\\/nada\\\/mirise-na-dobro\\\/\",\"name\":\"Miri\u0161e na dobro - SDF - Srpski demokratski forum\",\"isPartOf\":{\"@id\":\"https:\\\/\\\/sdf.hr\\\/#website\"},\"primaryImageOfPage\":{\"@id\":\"https:\\\/\\\/sdf.hr\\\/hr\\\/nada\\\/mirise-na-dobro\\\/#primaryimage\"},\"image\":{\"@id\":\"https:\\\/\\\/sdf.hr\\\/hr\\\/nada\\\/mirise-na-dobro\\\/#primaryimage\"},\"thumbnailUrl\":\"https:\\\/\\\/sdf.hr\\\/wp-content\\\/uploads\\\/2023\\\/11\\\/Kuhinja-solidarnosti1.jpg\",\"datePublished\":\"2023-12-01T08:00:34+00:00\",\"dateModified\":\"2023-12-01T11:06:39+00:00\",\"breadcrumb\":{\"@id\":\"https:\\\/\\\/sdf.hr\\\/hr\\\/nada\\\/mirise-na-dobro\\\/#breadcrumb\"},\"inLanguage\":\"hr\",\"potentialAction\":[{\"@type\":\"ReadAction\",\"target\":[\"https:\\\/\\\/sdf.hr\\\/hr\\\/nada\\\/mirise-na-dobro\\\/\"]}]},{\"@type\":\"ImageObject\",\"inLanguage\":\"hr\",\"@id\":\"https:\\\/\\\/sdf.hr\\\/hr\\\/nada\\\/mirise-na-dobro\\\/#primaryimage\",\"url\":\"https:\\\/\\\/sdf.hr\\\/wp-content\\\/uploads\\\/2023\\\/11\\\/Kuhinja-solidarnosti1.jpg\",\"contentUrl\":\"https:\\\/\\\/sdf.hr\\\/wp-content\\\/uploads\\\/2023\\\/11\\\/Kuhinja-solidarnosti1.jpg\",\"width\":1600,\"height\":1200,\"caption\":\"Volonteri Kuhinje solidarnosti\"},{\"@type\":\"BreadcrumbList\",\"@id\":\"https:\\\/\\\/sdf.hr\\\/hr\\\/nada\\\/mirise-na-dobro\\\/#breadcrumb\",\"itemListElement\":[{\"@type\":\"ListItem\",\"position\":1,\"name\":\"Po\u010detna stranica\",\"item\":\"https:\\\/\\\/sdf.hr\\\/hr\\\/\"},{\"@type\":\"ListItem\",\"position\":2,\"name\":\"Nada\",\"item\":\"https:\\\/\\\/sdf.hr\\\/nada\\\/\"},{\"@type\":\"ListItem\",\"position\":3,\"name\":\"Miri\u0161e na dobro\"}]},{\"@type\":\"WebSite\",\"@id\":\"https:\\\/\\\/sdf.hr\\\/#website\",\"url\":\"https:\\\/\\\/sdf.hr\\\/\",\"name\":\"SDF - Srpski demokratski forum\",\"description\":\"Srpski demokratski forum\",\"publisher\":{\"@id\":\"https:\\\/\\\/sdf.hr\\\/#organization\"},\"potentialAction\":[{\"@type\":\"SearchAction\",\"target\":{\"@type\":\"EntryPoint\",\"urlTemplate\":\"https:\\\/\\\/sdf.hr\\\/?s={search_term_string}\"},\"query-input\":{\"@type\":\"PropertyValueSpecification\",\"valueRequired\":true,\"valueName\":\"search_term_string\"}}],\"inLanguage\":\"hr\"},{\"@type\":\"Organization\",\"@id\":\"https:\\\/\\\/sdf.hr\\\/#organization\",\"name\":\"SDF - Srpski demokratski forum\",\"url\":\"https:\\\/\\\/sdf.hr\\\/\",\"logo\":{\"@type\":\"ImageObject\",\"inLanguage\":\"hr\",\"@id\":\"https:\\\/\\\/sdf.hr\\\/#\\\/schema\\\/logo\\\/image\\\/\",\"url\":\"https:\\\/\\\/sdf.hr\\\/wp-content\\\/uploads\\\/2021\\\/07\\\/logo-hr.svg\",\"contentUrl\":\"https:\\\/\\\/sdf.hr\\\/wp-content\\\/uploads\\\/2021\\\/07\\\/logo-hr.svg\",\"width\":271,\"height\":100,\"caption\":\"SDF - Srpski demokratski forum\"},\"image\":{\"@id\":\"https:\\\/\\\/sdf.hr\\\/#\\\/schema\\\/logo\\\/image\\\/\"}}]}<\/script>\n<!-- \/ Yoast SEO plugin. -->","yoast_head_json":{"title":"Miri\u0161e na dobro - SDF - Srpski demokratski forum","robots":{"index":"index","follow":"follow","max-snippet":"max-snippet:-1","max-image-preview":"max-image-preview:large","max-video-preview":"max-video-preview:-1"},"canonical":"https:\/\/sdf.hr\/hr\/nada\/mirise-na-dobro\/","og_locale":"hr_HR","og_type":"article","og_title":"Miri\u0161e na dobro - SDF - Srpski demokratski forum","og_description":"Kuhinja solidarnosti u Novom Sadu podijeli 220 obroka po danu, dva puta na tjedan. \"Nedavno smo saznali da smo jedina kuhinja u centralnoj Evropi koja ustvari distribuira obroke po ku\u0107ama\", ka\u017ee Ivan Arsenov","og_url":"https:\/\/sdf.hr\/hr\/nada\/mirise-na-dobro\/","og_site_name":"SDF - Srpski demokratski forum","article_modified_time":"2023-12-01T11:06:39+00:00","og_image":[{"width":1600,"height":1200,"url":"https:\/\/sdf.hr\/wp-content\/uploads\/2023\/11\/Kuhinja-solidarnosti1.jpg","type":"image\/jpeg"}],"twitter_card":"summary_large_image","twitter_misc":{"Procijenjeno vrijeme \u010ditanja":"6 minuta"},"schema":{"@context":"https:\/\/schema.org","@graph":[{"@type":"WebPage","@id":"https:\/\/sdf.hr\/hr\/nada\/mirise-na-dobro\/","url":"https:\/\/sdf.hr\/hr\/nada\/mirise-na-dobro\/","name":"Miri\u0161e na dobro - SDF - Srpski demokratski forum","isPartOf":{"@id":"https:\/\/sdf.hr\/#website"},"primaryImageOfPage":{"@id":"https:\/\/sdf.hr\/hr\/nada\/mirise-na-dobro\/#primaryimage"},"image":{"@id":"https:\/\/sdf.hr\/hr\/nada\/mirise-na-dobro\/#primaryimage"},"thumbnailUrl":"https:\/\/sdf.hr\/wp-content\/uploads\/2023\/11\/Kuhinja-solidarnosti1.jpg","datePublished":"2023-12-01T08:00:34+00:00","dateModified":"2023-12-01T11:06:39+00:00","breadcrumb":{"@id":"https:\/\/sdf.hr\/hr\/nada\/mirise-na-dobro\/#breadcrumb"},"inLanguage":"hr","potentialAction":[{"@type":"ReadAction","target":["https:\/\/sdf.hr\/hr\/nada\/mirise-na-dobro\/"]}]},{"@type":"ImageObject","inLanguage":"hr","@id":"https:\/\/sdf.hr\/hr\/nada\/mirise-na-dobro\/#primaryimage","url":"https:\/\/sdf.hr\/wp-content\/uploads\/2023\/11\/Kuhinja-solidarnosti1.jpg","contentUrl":"https:\/\/sdf.hr\/wp-content\/uploads\/2023\/11\/Kuhinja-solidarnosti1.jpg","width":1600,"height":1200,"caption":"Volonteri Kuhinje solidarnosti"},{"@type":"BreadcrumbList","@id":"https:\/\/sdf.hr\/hr\/nada\/mirise-na-dobro\/#breadcrumb","itemListElement":[{"@type":"ListItem","position":1,"name":"Po\u010detna stranica","item":"https:\/\/sdf.hr\/hr\/"},{"@type":"ListItem","position":2,"name":"Nada","item":"https:\/\/sdf.hr\/nada\/"},{"@type":"ListItem","position":3,"name":"Miri\u0161e na dobro"}]},{"@type":"WebSite","@id":"https:\/\/sdf.hr\/#website","url":"https:\/\/sdf.hr\/","name":"SDF - Srpski demokratski forum","description":"Srpski demokratski forum","publisher":{"@id":"https:\/\/sdf.hr\/#organization"},"potentialAction":[{"@type":"SearchAction","target":{"@type":"EntryPoint","urlTemplate":"https:\/\/sdf.hr\/?s={search_term_string}"},"query-input":{"@type":"PropertyValueSpecification","valueRequired":true,"valueName":"search_term_string"}}],"inLanguage":"hr"},{"@type":"Organization","@id":"https:\/\/sdf.hr\/#organization","name":"SDF - Srpski demokratski forum","url":"https:\/\/sdf.hr\/","logo":{"@type":"ImageObject","inLanguage":"hr","@id":"https:\/\/sdf.hr\/#\/schema\/logo\/image\/","url":"https:\/\/sdf.hr\/wp-content\/uploads\/2021\/07\/logo-hr.svg","contentUrl":"https:\/\/sdf.hr\/wp-content\/uploads\/2021\/07\/logo-hr.svg","width":271,"height":100,"caption":"SDF - Srpski demokratski forum"},"image":{"@id":"https:\/\/sdf.hr\/#\/schema\/logo\/image\/"}}]}},"_links":{"self":[{"href":"https:\/\/sdf.hr\/hr\/wp-json\/wp\/v2\/nada\/3912","targetHints":{"allow":["GET"]}}],"collection":[{"href":"https:\/\/sdf.hr\/hr\/wp-json\/wp\/v2\/nada"}],"about":[{"href":"https:\/\/sdf.hr\/hr\/wp-json\/wp\/v2\/types\/nada"}],"wp:featuredmedia":[{"embeddable":true,"href":"https:\/\/sdf.hr\/hr\/wp-json\/wp\/v2\/media\/3909"}],"wp:attachment":[{"href":"https:\/\/sdf.hr\/hr\/wp-json\/wp\/v2\/media?parent=3912"}],"wp:term":[{"taxonomy":"post_tag","embeddable":true,"href":"https:\/\/sdf.hr\/hr\/wp-json\/wp\/v2\/tags?post=3912"},{"taxonomy":"atribut","embeddable":true,"href":"https:\/\/sdf.hr\/hr\/wp-json\/wp\/v2\/atribut?post=3912"}],"curies":[{"name":"wp","href":"https:\/\/api.w.org\/{rel}","templated":true}]}}