{"id":3922,"date":"2023-12-08T15:29:57","date_gmt":"2023-12-08T14:29:57","guid":{"rendered":"https:\/\/sdf.hr\/nada\/kovanje-otpora\/"},"modified":"2023-12-08T15:30:58","modified_gmt":"2023-12-08T14:30:58","slug":"kovanje-otpora","status":"publish","type":"nada","link":"https:\/\/sdf.hr\/hr\/nada\/kovanje-otpora\/","title":{"rendered":"Kovanje otpora"},"content":{"rendered":"<p>Ratni zlo\u010dini kle\u0161u srca i kuju otpor, pi\u0161e na velikom transparentu du\u017e sjeverne tribine stadiona Hamadi Agrebi. Iznad tribine se lelujaju gigantska platna na kojima su oslikane sive zgrade kako se ru\u0161e. U centralnom dijelu koreografije stoji lice dje\u010daka zalivenog krvlju. Dje\u010dak u desnoj ruci dr\u017ei stari klju\u010d. Preko o\u010diju mu brojke 06405. Pirotehnika na stadion donosi dim i buku rata. U slu\u017ebi strave, a ne slavlja. Koja \u0107e se utakmica uop\u0107e ovdje danas igrati, i koga briga kako \u0107e zavr\u0161iti?<\/p>\n<p>Ultrasi Cluba Africaina, jednog od najpopularnijih tuni\u0161kih nogometnih klubova, svoje su napravili. Cilj njihove utakmice bio je skrenuti pozornost na Palestinu koreografijom kakvu se te\u0161ko zaboravlja. Nije ovo prvi put da \u0107e se pamtiti njihov stadionski performans. Prije dvije godine, u jeku polemika oko uvo\u0111enja Superlige kao novog elitnog nogometnog natjecanja, na internetu je masovno cirkulirala fotografija gigantskog transparenta &#8220;Stvorili siroma\u0161ni, ukrali bogati&#8221;, izvje\u0161enog na jednom stadionu. Tuni\u0161ki novinar <strong>Firas K\u00e9fi<\/strong> kazat \u0107e medijima kasnije da su originalni transparent izradili ultrasi Cluba Africaina, za prijateljsku utakmicu koju su u januaru 2017. godine igrali protiv Paris Saint-Germaina (PSG).<\/p>\n<p>Club Africain je osnovan 1919. godine pod francuskom kolonijalnom vla\u0161\u0107u, a historijat mu se ve\u017ee uz radni\u010dku klasu i otpor kolonijalistima, pa je ostao omiljeni narodni klub u zemlji. Osvojio je mnoge titule od 1960-ih do 1980-ih, a nakon toga su do\u0161la te\u017ea vremena. U tim su se vremenima sve ja\u010de i \u0161ire organizirali nogometni navija\u010di i navija\u010dice, \u0161to je kulminiralo po\u010detkom 2011. godine, revolucijom koja je dobila ime po jasminu. Vi\u0161e od 60 grupa ultrasa osnovano je u Tunisu u posljednja dva desetlje\u0107a, a tijekom revolucije mnogi od njih su, kao i u Egiptu, bili va\u017eni mobilizatori i me\u0111u prvima se borili protiv policijske represije na ulicama.<\/p>\n<p>Ultrasi Africaina ispjevali su i najpoznatiju navija\u010dku pjesmu u Tunisu, &#8220;Ja Hajetna&#8221; (O, \u017eivote na\u0161). Pjesma je nastala 2019. godine, nakon \u0161to je 12 poljoprivrednih radnica poginulo, a 20 ozlije\u0111eno u sudaru kamiona na putu za posao. Radnice su bile natrpane u stra\u017enji dio kamiona, a navija\u010di su nakon pogibije poru\u010dili da se prema slabo pla\u0107enoj, uglavnom \u017eenskoj radnoj snazi, vlasnici poljoprivrednih kompanija odnose &#8220;kao prema stoci&#8221;. U &#8220;Ja hajetna&#8221; tako pjevaju: &#8220;Sustav mrzimo tako nemilosrdno \/ Nikada ne\u0107emo zaboraviti poginule u sudaru kamiona \/ Ili majku koja je rodila dijete u kartonskoj kutiji \/ Kakva \u0161teta \u0161to one umiru, a vi ostajete \u017eivi.&#8221;<\/p>\n<p>Ta je pjesma u me\u0111uvremenu za\u017eivjela i na drugim stadionima sjeverne Afrike, pjevali su je ultrasi u Maroku, Egiptu. A zadnjih se godina zajedni\u010dki pamti i lik i djelo <strong>Omara Labidija<\/strong>. Labidi je bio \u010dlan ultrasa Africaina, a ubijen je 2018. godine, u dobi od 19 godina. Igrala se tada utakmica izme\u0111u Cluba Africaina i M\u00e9denine Olympica, a zavr\u0161ila je policijskim nasiljem i tla\u010denjem navija\u010da. Policijska brutalnost pro\u0161irila se i izvan tribina, dok su progonili navija\u010de po ulicama. Prema svjedo\u010denjima o\u010devidaca, Labidi je ba\u010den u rijeku. Molio je za pomo\u0107, ali su mu se policajci rugali da &#8220;nau\u010di plivati&#8221;. Utopio se. Nakon vi\u0161e od \u010detiri godine pritisaka, sud je optu\u017eio 12 policajaca uklju\u010denih u slu\u010daj za &#8220;ubojstvo iz nehaja&#8221;.<\/p>\n<p>Prije \u010detiri godine tuni\u0161ke su vlasti uvele zabranu dijeljenja tribina s ultrasima, u \u017eelji da ograni\u010de doticaje i dosege njihova rada. \u010cetiri godine kasnije, na tribinama je Palestina, i to \u010duje \u010ditav svijet.<\/p>\n<p><em>pi\u0161e Ivana Peri\u0107<\/em><\/p>\n","protected":false},"excerpt":{"rendered":"<p>Prije \u010detiri godine tuni\u0161ke su vlasti uvele zabranu dijeljenja tribina s ultrasima, u \u017eelji da ograni\u010de doticaje i dosege njihova rada. \u010cetiri godine kasnije, na tribinama je Palestina i to \u010duje \u010ditav svijet<\/p>\n","protected":false},"featured_media":3921,"template":"","tags":[40],"atribut":[],"class_list":["post-3922","nada","type-nada","status-publish","has-post-thumbnail","hentry","tag-dvokorak-naprijed"],"acf":[],"yoast_head":"<!-- This site is optimized with the Yoast SEO plugin v27.4 - https:\/\/yoast.com\/product\/yoast-seo-wordpress\/ -->\n<title>Kovanje otpora - SDF - Srpski demokratski forum<\/title>\n<meta name=\"robots\" content=\"index, follow, max-snippet:-1, max-image-preview:large, max-video-preview:-1\" \/>\n<link rel=\"canonical\" href=\"https:\/\/sdf.hr\/hr\/nada\/kovanje-otpora\/\" \/>\n<meta property=\"og:locale\" content=\"hr_HR\" \/>\n<meta property=\"og:type\" content=\"article\" \/>\n<meta property=\"og:title\" content=\"Kovanje otpora - SDF - Srpski demokratski forum\" \/>\n<meta property=\"og:description\" content=\"Prije \u010detiri godine tuni\u0161ke su vlasti uvele zabranu dijeljenja tribina s ultrasima, u \u017eelji da ograni\u010de doticaje i dosege njihova rada. \u010cetiri godine kasnije, na tribinama je Palestina i to \u010duje \u010ditav svijet\" \/>\n<meta property=\"og:url\" content=\"https:\/\/sdf.hr\/hr\/nada\/kovanje-otpora\/\" \/>\n<meta property=\"og:site_name\" content=\"SDF - Srpski demokratski forum\" \/>\n<meta property=\"article:modified_time\" content=\"2023-12-08T14:30:58+00:00\" \/>\n<meta property=\"og:image\" content=\"https:\/\/sdf.hr\/wp-content\/uploads\/2023\/12\/Ultrasi-Wassime-Mahjoub-IMAGOSPORT-scaled.jpg\" \/>\n\t<meta property=\"og:image:width\" content=\"2560\" \/>\n\t<meta property=\"og:image:height\" content=\"1707\" \/>\n\t<meta property=\"og:image:type\" content=\"image\/jpeg\" \/>\n<meta name=\"twitter:card\" content=\"summary_large_image\" \/>\n<meta name=\"twitter:label1\" content=\"Procijenjeno vrijeme \u010ditanja\" \/>\n\t<meta name=\"twitter:data1\" content=\"3 minute\" \/>\n<script type=\"application\/ld+json\" class=\"yoast-schema-graph\">{\"@context\":\"https:\\\/\\\/schema.org\",\"@graph\":[{\"@type\":\"WebPage\",\"@id\":\"https:\\\/\\\/sdf.hr\\\/hr\\\/nada\\\/kovanje-otpora\\\/\",\"url\":\"https:\\\/\\\/sdf.hr\\\/hr\\\/nada\\\/kovanje-otpora\\\/\",\"name\":\"Kovanje otpora - SDF - Srpski demokratski forum\",\"isPartOf\":{\"@id\":\"https:\\\/\\\/sdf.hr\\\/#website\"},\"primaryImageOfPage\":{\"@id\":\"https:\\\/\\\/sdf.hr\\\/hr\\\/nada\\\/kovanje-otpora\\\/#primaryimage\"},\"image\":{\"@id\":\"https:\\\/\\\/sdf.hr\\\/hr\\\/nada\\\/kovanje-otpora\\\/#primaryimage\"},\"thumbnailUrl\":\"https:\\\/\\\/sdf.hr\\\/wp-content\\\/uploads\\\/2023\\\/12\\\/Ultrasi-Wassime-Mahjoub-IMAGOSPORT-scaled.jpg\",\"datePublished\":\"2023-12-08T14:29:57+00:00\",\"dateModified\":\"2023-12-08T14:30:58+00:00\",\"breadcrumb\":{\"@id\":\"https:\\\/\\\/sdf.hr\\\/hr\\\/nada\\\/kovanje-otpora\\\/#breadcrumb\"},\"inLanguage\":\"hr\",\"potentialAction\":[{\"@type\":\"ReadAction\",\"target\":[\"https:\\\/\\\/sdf.hr\\\/hr\\\/nada\\\/kovanje-otpora\\\/\"]}]},{\"@type\":\"ImageObject\",\"inLanguage\":\"hr\",\"@id\":\"https:\\\/\\\/sdf.hr\\\/hr\\\/nada\\\/kovanje-otpora\\\/#primaryimage\",\"url\":\"https:\\\/\\\/sdf.hr\\\/wp-content\\\/uploads\\\/2023\\\/12\\\/Ultrasi-Wassime-Mahjoub-IMAGOSPORT-scaled.jpg\",\"contentUrl\":\"https:\\\/\\\/sdf.hr\\\/wp-content\\\/uploads\\\/2023\\\/12\\\/Ultrasi-Wassime-Mahjoub-IMAGOSPORT-scaled.jpg\",\"width\":2560,\"height\":1707,\"caption\":\"Koreografija tuni\u0161kih ultrasa (Foto: Wassime Mahjoub\\\/IMAGOSPORT\\\/PIXSELL)\"},{\"@type\":\"BreadcrumbList\",\"@id\":\"https:\\\/\\\/sdf.hr\\\/hr\\\/nada\\\/kovanje-otpora\\\/#breadcrumb\",\"itemListElement\":[{\"@type\":\"ListItem\",\"position\":1,\"name\":\"Po\u010detna stranica\",\"item\":\"https:\\\/\\\/sdf.hr\\\/hr\\\/\"},{\"@type\":\"ListItem\",\"position\":2,\"name\":\"Nada\",\"item\":\"https:\\\/\\\/sdf.hr\\\/nada\\\/\"},{\"@type\":\"ListItem\",\"position\":3,\"name\":\"Kovanje otpora\"}]},{\"@type\":\"WebSite\",\"@id\":\"https:\\\/\\\/sdf.hr\\\/#website\",\"url\":\"https:\\\/\\\/sdf.hr\\\/\",\"name\":\"SDF - Srpski demokratski forum\",\"description\":\"Srpski demokratski forum\",\"publisher\":{\"@id\":\"https:\\\/\\\/sdf.hr\\\/#organization\"},\"potentialAction\":[{\"@type\":\"SearchAction\",\"target\":{\"@type\":\"EntryPoint\",\"urlTemplate\":\"https:\\\/\\\/sdf.hr\\\/?s={search_term_string}\"},\"query-input\":{\"@type\":\"PropertyValueSpecification\",\"valueRequired\":true,\"valueName\":\"search_term_string\"}}],\"inLanguage\":\"hr\"},{\"@type\":\"Organization\",\"@id\":\"https:\\\/\\\/sdf.hr\\\/#organization\",\"name\":\"SDF - Srpski demokratski forum\",\"url\":\"https:\\\/\\\/sdf.hr\\\/\",\"logo\":{\"@type\":\"ImageObject\",\"inLanguage\":\"hr\",\"@id\":\"https:\\\/\\\/sdf.hr\\\/#\\\/schema\\\/logo\\\/image\\\/\",\"url\":\"https:\\\/\\\/sdf.hr\\\/wp-content\\\/uploads\\\/2021\\\/07\\\/logo-hr.svg\",\"contentUrl\":\"https:\\\/\\\/sdf.hr\\\/wp-content\\\/uploads\\\/2021\\\/07\\\/logo-hr.svg\",\"width\":271,\"height\":100,\"caption\":\"SDF - Srpski demokratski forum\"},\"image\":{\"@id\":\"https:\\\/\\\/sdf.hr\\\/#\\\/schema\\\/logo\\\/image\\\/\"}}]}<\/script>\n<!-- \/ Yoast SEO plugin. -->","yoast_head_json":{"title":"Kovanje otpora - SDF - Srpski demokratski forum","robots":{"index":"index","follow":"follow","max-snippet":"max-snippet:-1","max-image-preview":"max-image-preview:large","max-video-preview":"max-video-preview:-1"},"canonical":"https:\/\/sdf.hr\/hr\/nada\/kovanje-otpora\/","og_locale":"hr_HR","og_type":"article","og_title":"Kovanje otpora - SDF - Srpski demokratski forum","og_description":"Prije \u010detiri godine tuni\u0161ke su vlasti uvele zabranu dijeljenja tribina s ultrasima, u \u017eelji da ograni\u010de doticaje i dosege njihova rada. \u010cetiri godine kasnije, na tribinama je Palestina i to \u010duje \u010ditav svijet","og_url":"https:\/\/sdf.hr\/hr\/nada\/kovanje-otpora\/","og_site_name":"SDF - Srpski demokratski forum","article_modified_time":"2023-12-08T14:30:58+00:00","og_image":[{"width":2560,"height":1707,"url":"https:\/\/sdf.hr\/wp-content\/uploads\/2023\/12\/Ultrasi-Wassime-Mahjoub-IMAGOSPORT-scaled.jpg","type":"image\/jpeg"}],"twitter_card":"summary_large_image","twitter_misc":{"Procijenjeno vrijeme \u010ditanja":"3 minute"},"schema":{"@context":"https:\/\/schema.org","@graph":[{"@type":"WebPage","@id":"https:\/\/sdf.hr\/hr\/nada\/kovanje-otpora\/","url":"https:\/\/sdf.hr\/hr\/nada\/kovanje-otpora\/","name":"Kovanje otpora - SDF - Srpski demokratski forum","isPartOf":{"@id":"https:\/\/sdf.hr\/#website"},"primaryImageOfPage":{"@id":"https:\/\/sdf.hr\/hr\/nada\/kovanje-otpora\/#primaryimage"},"image":{"@id":"https:\/\/sdf.hr\/hr\/nada\/kovanje-otpora\/#primaryimage"},"thumbnailUrl":"https:\/\/sdf.hr\/wp-content\/uploads\/2023\/12\/Ultrasi-Wassime-Mahjoub-IMAGOSPORT-scaled.jpg","datePublished":"2023-12-08T14:29:57+00:00","dateModified":"2023-12-08T14:30:58+00:00","breadcrumb":{"@id":"https:\/\/sdf.hr\/hr\/nada\/kovanje-otpora\/#breadcrumb"},"inLanguage":"hr","potentialAction":[{"@type":"ReadAction","target":["https:\/\/sdf.hr\/hr\/nada\/kovanje-otpora\/"]}]},{"@type":"ImageObject","inLanguage":"hr","@id":"https:\/\/sdf.hr\/hr\/nada\/kovanje-otpora\/#primaryimage","url":"https:\/\/sdf.hr\/wp-content\/uploads\/2023\/12\/Ultrasi-Wassime-Mahjoub-IMAGOSPORT-scaled.jpg","contentUrl":"https:\/\/sdf.hr\/wp-content\/uploads\/2023\/12\/Ultrasi-Wassime-Mahjoub-IMAGOSPORT-scaled.jpg","width":2560,"height":1707,"caption":"Koreografija tuni\u0161kih ultrasa (Foto: Wassime Mahjoub\/IMAGOSPORT\/PIXSELL)"},{"@type":"BreadcrumbList","@id":"https:\/\/sdf.hr\/hr\/nada\/kovanje-otpora\/#breadcrumb","itemListElement":[{"@type":"ListItem","position":1,"name":"Po\u010detna stranica","item":"https:\/\/sdf.hr\/hr\/"},{"@type":"ListItem","position":2,"name":"Nada","item":"https:\/\/sdf.hr\/nada\/"},{"@type":"ListItem","position":3,"name":"Kovanje otpora"}]},{"@type":"WebSite","@id":"https:\/\/sdf.hr\/#website","url":"https:\/\/sdf.hr\/","name":"SDF - Srpski demokratski forum","description":"Srpski demokratski forum","publisher":{"@id":"https:\/\/sdf.hr\/#organization"},"potentialAction":[{"@type":"SearchAction","target":{"@type":"EntryPoint","urlTemplate":"https:\/\/sdf.hr\/?s={search_term_string}"},"query-input":{"@type":"PropertyValueSpecification","valueRequired":true,"valueName":"search_term_string"}}],"inLanguage":"hr"},{"@type":"Organization","@id":"https:\/\/sdf.hr\/#organization","name":"SDF - Srpski demokratski forum","url":"https:\/\/sdf.hr\/","logo":{"@type":"ImageObject","inLanguage":"hr","@id":"https:\/\/sdf.hr\/#\/schema\/logo\/image\/","url":"https:\/\/sdf.hr\/wp-content\/uploads\/2021\/07\/logo-hr.svg","contentUrl":"https:\/\/sdf.hr\/wp-content\/uploads\/2021\/07\/logo-hr.svg","width":271,"height":100,"caption":"SDF - Srpski demokratski forum"},"image":{"@id":"https:\/\/sdf.hr\/#\/schema\/logo\/image\/"}}]}},"_links":{"self":[{"href":"https:\/\/sdf.hr\/hr\/wp-json\/wp\/v2\/nada\/3922","targetHints":{"allow":["GET"]}}],"collection":[{"href":"https:\/\/sdf.hr\/hr\/wp-json\/wp\/v2\/nada"}],"about":[{"href":"https:\/\/sdf.hr\/hr\/wp-json\/wp\/v2\/types\/nada"}],"wp:featuredmedia":[{"embeddable":true,"href":"https:\/\/sdf.hr\/hr\/wp-json\/wp\/v2\/media\/3921"}],"wp:attachment":[{"href":"https:\/\/sdf.hr\/hr\/wp-json\/wp\/v2\/media?parent=3922"}],"wp:term":[{"taxonomy":"post_tag","embeddable":true,"href":"https:\/\/sdf.hr\/hr\/wp-json\/wp\/v2\/tags?post=3922"},{"taxonomy":"atribut","embeddable":true,"href":"https:\/\/sdf.hr\/hr\/wp-json\/wp\/v2\/atribut?post=3922"}],"curies":[{"name":"wp","href":"https:\/\/api.w.org\/{rel}","templated":true}]}}