{"id":393,"date":"2021-08-25T11:12:10","date_gmt":"2021-08-25T09:12:10","guid":{"rendered":"https:\/\/sdf.hr\/?post_type=nada&#038;p=393"},"modified":"2023-03-28T14:17:24","modified_gmt":"2023-03-28T12:17:24","slug":"tihana-lazovic-nemoguce-je-ignorirati-zenski-glas","status":"publish","type":"nada","link":"https:\/\/sdf.hr\/hr\/nada\/tihana-lazovic-nemoguce-je-ignorirati-zenski-glas\/","title":{"rendered":"Tihana Lazovi\u0107: Nemogu\u0107e je ignorirati \u017eenski glas"},"content":{"rendered":"<p>Tihana Lazovi\u0107 ro\u0111ena je 1990. u Zadru, gdje je odrastala u godinama velikih i konkretnih razaranja, ali i intenzivnog mitolo\u0161kog stvaranja, na me\u0111i istine i fikcije koje se vazda preta\u010du jedna u drugu. Ne \u010dudi, zapravo, \u0161to je u \u017eivotu odabrala postati glumica, \u017eeljna istra\u017eivanja razli\u010ditih narativa, osoba kojoj je \u017eivot u drugoj ko\u017ei i hodanje u tu\u0111im cipelama istovremeno i va\u017eno i nu\u017eno. Za takvo je pute\u0161estvije od po\u010detka karijere pokazala izvanredan \u2018lakoklize\u0107i\u2019 talent, ali i uspjela po putu zadr\u017eati senzibilitet osobe koja ostaje za\u010du\u0111ena i zanesena svakom novom spoznajom i prilikom. U posljednjih deset godina Tihana Lazovi\u0107 je radila puno i raznoliko i taj je rad u struci prepoznat. Tako je postala jedna od na\u0161ih najtra\u017eenijih glumica i regionalna zvijezda koja me\u0111u priznanjima ve\u0107 ima nagradu \u2018Un Certain Regard\u2019 s filmskog festivala u Cannesu, presti\u017eno priznanje \u2018European Shooting Stars\u2019 s Berlinalea te dvije pulske \u2018Zlatne arene\u2019.<\/p>\n<p>Lazovi\u0107 je me\u0111u svojim postignu\u0107ima nanizala i likove koje \u0107e publika pamtiti jo\u0161 dugo, od filmskih uloga u \u2018Zvizdanu\u2019 Dalibora Matani\u0107a, \u2018\u0160uti\u2019 Lukasa Nole, \u2018Aleksi\u2019 Barbare Vekari\u0107 i \u2018Posljednjem Srbinu u Hrvatskoj\u2019 Predraga Li\u010dine, do onih u Matani\u0107evoj seriji \u2018Novine\u2019 po scenariju Ivice \u0110iki\u0107a i seriji \u2018Tajkun\u2019 u re\u017eiji Mi\u0161e Terzi\u0107a. Skoro da je nemogu\u0107e uhvatiti je na jednom mjestu i gotovo uvijek mo\u017eete ra\u010dunati da \u0107ete je zate\u0107i usred snimanja nekog filma ili serije, pa se tako i za ovaj razgovor hvatamo iz razli\u010ditih gradova, tipkaju\u0107i si poruke preko Instagrama, mobitela i e-maila. Na Instagramu je i ina\u010de dosta aktivna, objavljuje kratke crtice i scene iz projekata na kojima trenutno radi, ali i podr\u017eava i zagovara dru\u0161tvene inicijative i aktivisti\u010dke teme koje su joj bitne. Sve to radi s dozom posve\u0107enog, gorljivog truda, ali i lako\u0107e i humora, neke neozbiljne ozbiljnosti kojom kao da poru\u010duje da ni\u0161ta u \u017eivotu nije banalno, ali i da se na ra\u010dun svega treba znati \u0161aliti.<\/p>\n<p>Gluma\u010dke kvalitete koje su naveliko hvalili kriti\u010dari ne prolaze ispod radara ni kod \u2018obi\u010dne publike\u2019 koja je vjerno prati na malim i velikim ekranima, a jedna Tihanina kvaliteta postaje o\u010dita ve\u0107 iz na\u0161eg inicijalnog upoznavanja i prvog dopisivanja. Kod nje nema nikakve poze i pompe, svojim nastupom odmah signalizira da mo\u017eemo pri\u010dati pitomo, neposredno i opu\u0161teno. Ne samo da mo\u017eemo, nego druga\u010dije zapravo i ne \u017eeli.<\/p>\n<h3>\u2018Zora\u2019 je radikalna<\/h3>\n<p><strong>Vratili ste se nedavno iz Italije gdje ste snimali film \u2018Il Paradiso del Pavone\u2019 (\u2019Paunov raj\u2019). Drugi je to talijanski film kojeg ste dio, re\u017eirala ga je Laura Bispuri, a u njemu glume i poznate talijanske glumice Alba Rohrwacher, Dominique Sanda i Maya Sansa. Recite nam ne\u0161to o filmu, kako je bilo snimati s tako impresivnom gluma\u010dkom postavom?<\/strong><\/p>\n<p>Do dolaska na Laurin set nisam osvijestila s kakvim filmskim veli\u010dinama zapravo radim. Bilo je vrlo ugodno, mirno i lijepo. Scenarij je kao neka pjesma, pa je i samo snimanje proteklo kao muziciranje izme\u0111u nas, velikog ansambla i redateljice. U\u017eivala sam kao malo prase gledaju\u0107i Albu kako glumi. Za mene je to i dalje potpuno nestvarno iskustvo.<\/p>\n<p><strong>U tom filmu glumite na talijanskom jeziku, koji ina\u010de ne govorite te\u010dno. Je li vas proces svladavanja talijanskog jezika za snimanja nau\u010dio ne\u010demu \u0161to vas je iznenadilo, koristite li tijelo i gestikulacije na druga\u010diji na\u010din kad govorite talijanski?<\/strong><\/p>\n<p>Pa, u najmanju ruku, gluma na stranom jeziku je izazovna. Mislim da nikad u \u017eivotu nisam bila koncentrirana kao na ovom setu, imala sam osje\u0107aj da mi se pu\u0161i iz u\u0161iju. Nije problem razumjeti i nau\u010diti tekst, izazov je u prisvajanju istog, oprirodnjavanju, melodiji&#8230; Moram priznati da sam rijetko kad ponosna na sebe, ali u trenutku kad sam savladala dijalog s jednom od najve\u0107ih europskih glumica, Albom Rohrwacher, bila sam ponosna.<\/p>\n<p><strong>Film \u2018Il Paradiso del Pavone\u2019 nije jedina novost u va\u0161em radu. \u2018Zora\u2019, drugi film iz \u2018Trilogije sunca\u2019 Dalibora Matani\u0107a, u kojem glumite Iku, u lipnju je stigao u hrvatska kina. Po \u010demu je \u2018Zora\u2019 druga\u010dija od \u2018Zvizdana\u2019, a Ika, siroma\u0161na \u017eena iz zale\u0111a, Srpkinja koja \u017eivi u mije\u0161anom braku, od prija\u0161njih likova, Marije, Nata\u0161e, Jelene?<\/strong><\/p>\n<p>\u2018Zora\u2019 je radikalnija od \u2018Zvizdana\u2019. Usudila bih se re\u0107i da grani\u010di s eksperimentalom. Puno je hrabriji, bezobrazniji i siroviji film. Poti\u010de publiku na unutarnji monolog, na pogled u one najmra\u010dnije i najzaba\u010denije kutke unutar svakoga od nas. Zagledali smo se unutra i poklonili filmu ne\u0161to od vlastitih demona. Cijeli autorski tim zakora\u010dio je u ne\u0161to novo, i Dado Matanovi\u0107, i Ankica Juri\u0107 Tili\u0107, i Marko Brdar, i mi glumci. To je zastra\u0161uju\u0107e, a u isto vrijeme predivno i osloba\u0111aju\u0107e. Iskustvo snimanja \u2018Zore\u2019 je za mene jedno od najva\u017enijih iskustava u karijeri. Mogli smo napraviti zihera\u0161ki film, ali nismo.<\/p>\n<p><strong>Kako izgledaju pandemijska snimanja, \u0161to se sve u ovo korona doba promijenilo u na\u010dinu rada na filmskim setovima?<\/strong><\/p>\n<p>Zavladala je generalna anksioznost i neizvjesnost. U Italiji smo bili testirani svaki dan, maske smo nosili do pred ulazak u kadar, potpisivali smo ugovor da se ne vi\u0111amo ni s kim osim s ekipom filma. To je bilo prili\u010dno strogo, ali je na\u017ealost to bio i jedini na\u010din da snimanje od dva mjeseca pre\u017eivimo bez zaraze.<\/p>\n<p><strong>Kad ve\u0107 spominjemo pandemiju, glumili ste i u filmu Predraga Li\u010dine \u2018Posljednji Srbin u Hrvatskoj\u2019, u kojem je radnja takva da je preko va\u0161eg lika, Vesne Zdovc, plasiran virus koji ljude pretvara u zombije. \u010cudi li vas da se jo\u0161 nije razvila neka teorija zavjere da je upravo ekipa iza \u2018Posljednjeg Srbina u Hrvatskoj\u2019 odgovorna za pojavu koronavirusa?<\/strong><\/p>\n<p>Sigurna sam da ima ljudi u Hrvatskoj koji su uvjereni da je Pe\u0111a Li\u010dina glavni i odgovorni za pandemiju (smijeh).<\/p>\n<p><strong>Koliko je te\u0161ko biti filmska radnica, radnica u kulturi? Kakvi su radni uvjeti glumica, koliko je prisutna financijska nesigurnost, mogu li si samo rijetki osigurati egzistenciju?<\/strong><\/p>\n<p>Ako me pitate mogu li si kupiti stan kao umjetnica u Hrvatskoj, ne, ne mogu. Zara\u0111ujem li vi\u0161e od svoje sestre, diplomirane pijanistice? Da, zara\u0111ujem. \u017divimo u kapitalizmu i ne gajim velike nade u bolje sutra, ve\u0107e pla\u0107e, siguran posao i lagodan \u017eivot. To je u ovom sustavu izgubljena bitka. Ono \u0161to je moja bitka, to je tra\u017eenje jednake pla\u0107e i uvjeta rada kao kod mojih mu\u0161kih kolega, da mi se na sastanku ne nudi 500 eura manje nego mojem gluma\u010dkom partneru.<\/p>\n<p><strong>Dobili ste tijekom godina brojne nagrade za svoje gluma\u010dke pothvate. Koji je modus operandi nagrada u gluma\u010dkoj profesiji, kako utje\u010du na karijeru (mladih) glumica i glumaca?<\/strong><\/p>\n<p>Nagrade su super, ne zavaravajmo se. Ali ne donose ni kruh na stol, niti pla\u0107aju ra\u010dune, a ne garantiraju zapravo ni nove poslove. Pogotovo me\u0111unarodne nagrade, koje mediji u Hrvatskoj zapravo vrlo \u010desto i ne spomenu, eventualno naprave copy paste ako ja ne\u0161to o tome objavim na svojim dru\u0161tvenim mre\u017eama.<\/p>\n<p><strong>Spomenuli ste ve\u0107 u nekim intervjuima kako reklame i prave promocije za hrvatski film u Hrvatskoj gotovo da i ne postoje, pa svoje filmove \u010desto sami promovirate preko Instagrama i drugih dru\u0161tvenih mre\u017ea. Prepoznaje li se taj marketin\u0161ki rad i koliko i kako vam u svakodnevici poma\u017ee, a koliko i kako odma\u017ee kori\u0161tenje i oslanjanje na dru\u0161tvene mre\u017ee?<\/strong><\/p>\n<p>Javnost je generalno manje zainteresirana za nagradu u Cannesu, nego za to koju liniju proizvoda koristim za lice. Dosta mojih me\u0111unarodnih nagrada uop\u0107e ne bi bilo spomenuto da se nisam pohvalila na Facebooku. Utoliko, dru\u0161tvene mre\u017ee mi slu\u017ee kao nekakav portfolio. Moja generacija sre\u0107om ima iskustvo prije Instagrama i beauty filtera, i znamo \u0161to je realnost, a \u0161to nije. Brinem se za sve dvanaestogodi\u0161nje djevoj\u010dice koje na dru\u0161tvenim mre\u017eama isklju\u010divo i stalno vide nametnute standarde ljepote, male nosove i velika usta, savr\u0161ena tijela i savr\u0161ene \u017eivote s puno puno novca. \u010cini mi se da je to put za generaciju ovisnu o antidepresivima.<\/p>\n<p><strong>Kad ste se ve\u0107 dotaknuli tinejd\u017eerskog doba, poznato je da ste u srednjoj \u0161koli pisali za jedan \u010dasopis i vjerovali kako biste mogli postati novinarka. Ne\u0161to godina kasnije, u \u2018Novinama\u2019 ste utjelovili lik mlade novinarke Tene Latinovi\u0107. Je li snimanje \u2018Novina\u2019 utjecalo na va\u0161e poimanje novinarstva, i na koji na\u010din ako jest?<\/strong><\/p>\n<p>Ivica \u0110iki\u0107 otvorio mi je jedan potpuno novi svijet, svijet novinarstva, i na tome sam mu zahvalna. Odrasla sam na Feral Tribuneu, u\u010dila \u010ditati na naslovima tih novina. Otac mi je vrlo rano usadio ljubav prema pravim novinarima, pravom istra\u017eiva\u010dkom novinarstvu i pravim kriti\u010darima dru\u0161tva. Ovo dana\u0161nje copy paste novinarstvo, senzacionalizam i \u017eutilo me tjeraju na povra\u0107anje.<\/p>\n<p><strong>Spomenuli ste oca i njegovu ljubav prema novinarstvu. Iz familije ste u kojoj je majka Gordana profesorica talijanskog i engleskog, a posljednjih godina ste, \u0161to smo vidjeli kroz filmove koji vas opetovano vode u Italiju, na svoj na\u010din udomili talijanski jezik. Otac Milenko legendarni je golman Nogometnog kluba Zadar. Jeste li s godinama udomili i\u0161ta od nogometa i njegovog nogometnog svjetonazora?<\/strong><\/p>\n<p>Pratim nogomet kao svaka prosje\u010dna osoba. Otac mi je usadio ljubav prema sportu. Iako smo i sestra i ja vrlo rano napustile gimnastiku i upisale muzi\u010dku \u0161kolu, sve sportske savjete svog oca mogla sam primijeniti i na sviranje. Najva\u017enija je ljubav prema onome \u0161to radi\u0161 \u2013 disciplina, odgovornost, odricanja, trud, treninzi i ljubav, ljubav, ljubav.<\/p>\n<figure id=\"attachment_3223\" aria-describedby=\"caption-attachment-3223\" style=\"width: 1707px\" class=\"wp-caption alignnone\"><img loading=\"lazy\" decoding=\"async\" class=\"wp-image-3223 size-full\" src=\"https:\/\/sdf.hr\/wp-content\/uploads\/2021\/08\/Lazovic1_Matej-Dokic-CROPIX-scaled.jpg\" alt=\"\" width=\"1707\" height=\"2560\" srcset=\"https:\/\/sdf.hr\/wp-content\/uploads\/2021\/08\/Lazovic1_Matej-Dokic-CROPIX-scaled.jpg 1707w, https:\/\/sdf.hr\/wp-content\/uploads\/2021\/08\/Lazovic1_Matej-Dokic-CROPIX-200x300.jpg 200w, https:\/\/sdf.hr\/wp-content\/uploads\/2021\/08\/Lazovic1_Matej-Dokic-CROPIX-683x1024.jpg 683w, https:\/\/sdf.hr\/wp-content\/uploads\/2021\/08\/Lazovic1_Matej-Dokic-CROPIX-768x1152.jpg 768w, https:\/\/sdf.hr\/wp-content\/uploads\/2021\/08\/Lazovic1_Matej-Dokic-CROPIX-1024x1536.jpg 1024w, https:\/\/sdf.hr\/wp-content\/uploads\/2021\/08\/Lazovic1_Matej-Dokic-CROPIX-1365x2048.jpg 1365w\" sizes=\"auto, (max-width: 1707px) 100vw, 1707px\" \/><figcaption id=\"caption-attachment-3223\" class=\"wp-caption-text\">Foto: Matej Doki\u0107\/CROPIX<\/figcaption><\/figure>\n<h3>Pokrenula se lavina<\/h3>\n<p><strong>Ro\u0111eni ste 1990. u Zadru i tamo odrastali, \u0161to su neke sli\u010dne po\u010detne koordinate koje s vama dijelim. Kako je bilo odrastati u Zadru, postoje li neki momenti specifi\u010dni za zadarsko okru\u017eenje i period kad ste ro\u0111eni, koji su vas obilje\u017eili i formirali? Recimo to ovako \u2013 od \u010dega zadarskog bje\u017eite, a \u010demu se vra\u0107ate?<\/strong><\/p>\n<p>Zadar je vrlo specifi\u010dan grad, kao uostalom i svaki dalmatinski grad. Te\u0161ko ga je opisati i te\u0161ko je strpati u rije\u010di sve ono \u0161to za mene predstavlja. Zadar je i hrpa klinaca ro\u0111enih 2000. godine koji urlaju \u2018Ubij Srbina\u2019, ali i grad koji je izrodio predivne umjetnike i umjetnice. Zadar je i riva s najljep\u0161im zalaskom sunca, ali su to i usta\u0161ki grafiti na \u0161kolama. Zadar je i \u017eena koja nam je na snimanju filma vikala \u2018Ajte \u0107a, mrzi vas cili grad\u2019, ali to su i Andrej, Ivica i Mario koji organiziraju \u2018Kino zonu\u2019 i trude se da zadarska publika ima priliku pogledati art house filmove, filmove koji nisu blockbusteri, kao i poslu\u0161ati muzi\u010dare koji nisu mainstream. Kompleksno je to pitanje, a nemamo ni vremena ni prostora da na njega odgovorimo ovako.<\/p>\n<p><strong>Sada je va\u0161 dom posvuda, dosta ste u Zagrebu, dosta u Beogradu, i dom \u010dine ponajvi\u0161e ljudi do kojih vam je stalo, \u0161to \u010desto i isti\u010dete u javnim nastupima. Rado spominjete i glumice koje su utjecale na vas, koje su s vama na snimanjima velikodu\u0161no dijelile znanje i iskustvo, poput legendarnih glumica Branke Kati\u0107 i Nede Arneri\u0107. Mo\u017eete li nam re\u0107i vi\u0161e o tome, o zna\u010daju takvog povezivanja, \u010demu vas je sve to (na)u\u010dilo?<\/strong><\/p>\n<p>Nau\u010dilo me da su najve\u0107e gluma\u010dke veli\u010dine najnormalniji, jednostavni i prirodni ljudi koji nemaju potrebu za dokazivanjem. Divno je bilo i s Brankom i s Nedom, ali i s mojom Marinom Rede\u017eepovi\u0107, Lukrecijom Tudor, Slavkom Sobinom&#8230; Va\u017eniji su mi dobra atmosfera, kolegijalnost i opu\u0161tenost, nego gluma\u010dko iskustvo mojih kolegica i kolega.<\/p>\n<p><strong>Problematizirali ste u vi\u0161e intervjua kako u filmskoj industriji \u010desto nedostaje dobrih, kompleksnih i zanimljivih uloga za \u017eene, pogotovo za starije \u017eene. Vidite li ikakve pomake oko toga posljednjih godina?<\/strong><\/p>\n<p>Pa, mijenjaju se stvari, polako. Imamo divnu Lanu Bari\u0107 koja je sama uzela stvari u svoje ruke i napisala \u2018Terezu\u2019, imamo novi film Sonje Taroki\u0107 s Marinom Red\u017eepovi\u0107 u glavnoj ulozi. Upravo snimam film s Vanjom Jurani\u0107 u kojem je Tina sredi\u0161nji lik. Kako u svijetu, tako i kod nas, nemogu\u0107e je ignorirati \u017eenski glas. To su sve spore promjene i procesi, jer \u017eivimo u patrijarhatu oduvijek, ali se ipak doga\u0111aju.<\/p>\n<p><strong>Pomake na bolje u posljednje vrijeme vidimo i oko progovaranja o seksualnom nasilju i uznemiravanju, a tu su upravo glumice iz \u010ditave regije odigrale va\u017enu ulogu. I sami ste na dru\u0161tvenim mre\u017eama upozoravali kako sada ne smijemo obeshrabriti i potisnuti \u017eene koje su se usudile progovoriti o nasilju koje su pro\u017eivjele. Osjetite li promjene na tom polju, \u010dini li vam se da se vremenima u\u0161utkavanja i pokornosti napokon nazire kraj?<\/strong><\/p>\n<p>Milena Radulovi\u0107, Danijela \u0160tajnfeld i Iva Ilin\u010di\u0107 cure su koje su napravile ne\u0161to nevjerojatno hrabro i zna\u010dajno. Zahvaljuju\u0107i njihovoj spremnosti da progovore o svojim traumama, pokrenula se lavina koju vi\u0161e ni\u0161ta ne mo\u017ee zaustaviti. To su napravile iako su bile svjesne rizika svega onoga \u0161to se dogodi nakon ispri\u010dane pri\u010de, i dodatnog zlostavljanja od strane javnosti i medija. Cure iz Sarajeva koje su osnovale Facebook grupu \u2018Nisam tra\u017eila\u2019 pru\u017eile su mogu\u0107nost da se svaka pri\u010da \u010duje. Ne samo pri\u010de iz na\u0161eg gluma\u010dkog miljea, ve\u0107 svaka pri\u010da koja je morala napokon biti izbljuvana, doslovno. Pri\u010de koje su bile zaklju\u010dane u ladicama, od straha i nepovjerenja. Svjesni smo da su dru\u0161tvene mre\u017ee jedno, zakoni i svakodnevica ipak ne\u0161to drugo, i tu su promjene puno sporije. Ali, ono \u0161to se pokrenulo i o \u010demu se napokon po\u010delo pri\u010dati, vi\u0161e se ne\u0107e zaustaviti. Sre\u0107om, nikad nisam bila seksualno zlostavljana, ali tjednima nakon Milenine objave razmi\u0161ljala sam o svim seksisti\u010dkim i \u0161ovinisti\u010dkim komentarima i upadicama kojima sam bila izlo\u017eena, i ja i sve moje kolegice, o upadicama koje su mi se \u010dinile normalnima, prirodnima, koje su me vrije\u0111ale i boljele, ali sam ih trpjela jer je \u2018to naprosto tako\u2019.<\/p>\n<h3>Pri\u010dam sebi maloj<\/h3>\n<p><strong>Poznato mi je i iz nekih drugih dodirnih to\u010daka da ste responzivni prema svima na Instagramu i da uvijek rado podr\u017eavate aktivisti\u010dke inicijative do kojih vam je stalo, pa ste tako primjerice podr\u017eavali No\u0107ni mar\u0161 za Osmi mart koji organizira feministi\u010dki kolektiv faktiv. Koliko i za\u0161to vam je bitno da kao glumica i javna li\u010dnost podr\u017eavate takve inicijative?<\/strong><\/p>\n<p>Podr\u017eavam javno sve ono o \u010demu vrlo strastveno i glasno raspravljam sa svojim prijateljima. \u010cini mi se licemjernim zagovarati jedan stav, a onda ubla\u017eavati u intervjuima i na dru\u0161tvenim mre\u017eama svoje stavove. Tom logikom mogu biti i lutka koja nema mozak. Onda kad pri\u010dam da je svaka djevoj\u010dica lijepa i s pri\u0161ti\u0107ima, i sa zubnom protezom, i s deset kilograma \u2018vi\u0161ka\u2019, i s trojkom iz matematike, uvijek se nekako nadam da to mo\u017eda ba\u0161 ona \u010dita i da je to utje\u0161i. Ili mo\u017eda to samo pri\u010dam sebi maloj, koja je mislila da nije dovoljno lijepa, pametna ili talentirana.<\/p>\n<p><strong>Glumite u serijama i filmovima koji su \u010desto veoma te\u0161ki za probaviti, koji nas suo\u010davaju sa slojevitim \u010demerom svijeta, i onog vanjskoga i onoga u nama. Na kraju svega, \u0161to vama daje nadu?<\/strong><\/p>\n<p>Bavim se glumom iz vrlo sebi\u010dnih razloga. Gluma mi pru\u017ea scenu i slobodu da pri\u010dam pri\u010de koje \u017eelim ispri\u010dati, da utjelovljujem \u017eene koje nemaju svoj glas, \u017eene koje boli, koje pla\u010du, koje su shrvane tragedijom, sretne \u017eene, slobodne \u017eene, \u017eene koje je dru\u0161tvo odbacilo, zlostavljane \u017eene, \u017eene koje su uspje\u0161ne i one koje misle da nisu. Ku\u0107anice, doktorice, seljanke, profesorice, \u010dista\u010dice&#8230; Prije par godina snimala sam film o dvojici bra\u0107e Hazara koji bje\u017ee iz Afganistana u Italiju. Prije par dana dobila sam poruku od de\u010dka iz Kabula koji mi je napisao samo: \u2018Hvala za film\u2019. To mi daje nadu.<\/p>\n<p><em>razgovarala Ivana Peri\u0107<\/em><\/p>\n","protected":false},"excerpt":{"rendered":"<p>Gluma mi pru\u017ea scenu i slobodu da pri\u010dam pri\u010de koje \u017eelim ispri\u010dati, da utjelovljujem \u017eene koje boli i koje pla\u010du, kao i sretne, uspje\u0161ne \u017eene<\/p>\n","protected":false},"featured_media":3227,"template":"","tags":[29],"atribut":[],"class_list":["post-393","nada","type-nada","status-publish","has-post-thumbnail","hentry","tag-intervju"],"acf":[],"yoast_head":"<!-- This site is optimized with the Yoast SEO plugin v27.4 - https:\/\/yoast.com\/product\/yoast-seo-wordpress\/ -->\n<title>Tihana Lazovi\u0107: Nemogu\u0107e je ignorirati \u017eenski glas - SDF - Srpski demokratski forum<\/title>\n<meta name=\"robots\" content=\"index, follow, max-snippet:-1, max-image-preview:large, max-video-preview:-1\" \/>\n<link rel=\"canonical\" href=\"https:\/\/sdf.hr\/hr\/nada\/tihana-lazovic-nemoguce-je-ignorirati-zenski-glas\/\" \/>\n<meta property=\"og:locale\" content=\"hr_HR\" \/>\n<meta property=\"og:type\" content=\"article\" \/>\n<meta property=\"og:title\" content=\"Tihana Lazovi\u0107: Nemogu\u0107e je ignorirati \u017eenski glas - SDF - Srpski demokratski forum\" \/>\n<meta property=\"og:description\" content=\"Gluma mi pru\u017ea scenu i slobodu da pri\u010dam pri\u010de koje \u017eelim ispri\u010dati, da utjelovljujem \u017eene koje boli i koje pla\u010du, kao i sretne, uspje\u0161ne \u017eene\" \/>\n<meta property=\"og:url\" content=\"https:\/\/sdf.hr\/hr\/nada\/tihana-lazovic-nemoguce-je-ignorirati-zenski-glas\/\" \/>\n<meta property=\"og:site_name\" content=\"SDF - Srpski demokratski forum\" \/>\n<meta property=\"article:modified_time\" content=\"2023-03-28T12:17:24+00:00\" \/>\n<meta property=\"og:image\" content=\"https:\/\/sdf.hr\/wp-content\/uploads\/2021\/08\/Lazovic2_Matej-Dokic-CROPIX-scaled.jpg\" \/>\n\t<meta property=\"og:image:width\" content=\"2560\" \/>\n\t<meta property=\"og:image:height\" content=\"1707\" \/>\n\t<meta property=\"og:image:type\" content=\"image\/jpeg\" \/>\n<meta name=\"twitter:card\" content=\"summary_large_image\" \/>\n<meta name=\"twitter:label1\" content=\"Procijenjeno vrijeme \u010ditanja\" \/>\n\t<meta name=\"twitter:data1\" content=\"12 minuta\" \/>\n<script type=\"application\/ld+json\" class=\"yoast-schema-graph\">{\"@context\":\"https:\\\/\\\/schema.org\",\"@graph\":[{\"@type\":\"WebPage\",\"@id\":\"https:\\\/\\\/sdf.hr\\\/hr\\\/nada\\\/tihana-lazovic-nemoguce-je-ignorirati-zenski-glas\\\/\",\"url\":\"https:\\\/\\\/sdf.hr\\\/hr\\\/nada\\\/tihana-lazovic-nemoguce-je-ignorirati-zenski-glas\\\/\",\"name\":\"Tihana Lazovi\u0107: Nemogu\u0107e je ignorirati \u017eenski glas - SDF - Srpski demokratski forum\",\"isPartOf\":{\"@id\":\"https:\\\/\\\/sdf.hr\\\/#website\"},\"primaryImageOfPage\":{\"@id\":\"https:\\\/\\\/sdf.hr\\\/hr\\\/nada\\\/tihana-lazovic-nemoguce-je-ignorirati-zenski-glas\\\/#primaryimage\"},\"image\":{\"@id\":\"https:\\\/\\\/sdf.hr\\\/hr\\\/nada\\\/tihana-lazovic-nemoguce-je-ignorirati-zenski-glas\\\/#primaryimage\"},\"thumbnailUrl\":\"https:\\\/\\\/sdf.hr\\\/wp-content\\\/uploads\\\/2021\\\/08\\\/Lazovic2_Matej-Dokic-CROPIX-scaled.jpg\",\"datePublished\":\"2021-08-25T09:12:10+00:00\",\"dateModified\":\"2023-03-28T12:17:24+00:00\",\"breadcrumb\":{\"@id\":\"https:\\\/\\\/sdf.hr\\\/hr\\\/nada\\\/tihana-lazovic-nemoguce-je-ignorirati-zenski-glas\\\/#breadcrumb\"},\"inLanguage\":\"hr\",\"potentialAction\":[{\"@type\":\"ReadAction\",\"target\":[\"https:\\\/\\\/sdf.hr\\\/hr\\\/nada\\\/tihana-lazovic-nemoguce-je-ignorirati-zenski-glas\\\/\"]}]},{\"@type\":\"ImageObject\",\"inLanguage\":\"hr\",\"@id\":\"https:\\\/\\\/sdf.hr\\\/hr\\\/nada\\\/tihana-lazovic-nemoguce-je-ignorirati-zenski-glas\\\/#primaryimage\",\"url\":\"https:\\\/\\\/sdf.hr\\\/wp-content\\\/uploads\\\/2021\\\/08\\\/Lazovic2_Matej-Dokic-CROPIX-scaled.jpg\",\"contentUrl\":\"https:\\\/\\\/sdf.hr\\\/wp-content\\\/uploads\\\/2021\\\/08\\\/Lazovic2_Matej-Dokic-CROPIX-scaled.jpg\",\"width\":2560,\"height\":1707,\"caption\":\"Foto: Matej Doki\u0107\\\/CROPIX\"},{\"@type\":\"BreadcrumbList\",\"@id\":\"https:\\\/\\\/sdf.hr\\\/hr\\\/nada\\\/tihana-lazovic-nemoguce-je-ignorirati-zenski-glas\\\/#breadcrumb\",\"itemListElement\":[{\"@type\":\"ListItem\",\"position\":1,\"name\":\"Po\u010detna stranica\",\"item\":\"https:\\\/\\\/sdf.hr\\\/hr\\\/\"},{\"@type\":\"ListItem\",\"position\":2,\"name\":\"Nada\",\"item\":\"https:\\\/\\\/sdf.hr\\\/nada\\\/\"},{\"@type\":\"ListItem\",\"position\":3,\"name\":\"Tihana Lazovi\u0107: Nemogu\u0107e je ignorirati \u017eenski glas\"}]},{\"@type\":\"WebSite\",\"@id\":\"https:\\\/\\\/sdf.hr\\\/#website\",\"url\":\"https:\\\/\\\/sdf.hr\\\/\",\"name\":\"SDF - Srpski demokratski forum\",\"description\":\"Srpski demokratski forum\",\"publisher\":{\"@id\":\"https:\\\/\\\/sdf.hr\\\/#organization\"},\"potentialAction\":[{\"@type\":\"SearchAction\",\"target\":{\"@type\":\"EntryPoint\",\"urlTemplate\":\"https:\\\/\\\/sdf.hr\\\/?s={search_term_string}\"},\"query-input\":{\"@type\":\"PropertyValueSpecification\",\"valueRequired\":true,\"valueName\":\"search_term_string\"}}],\"inLanguage\":\"hr\"},{\"@type\":\"Organization\",\"@id\":\"https:\\\/\\\/sdf.hr\\\/#organization\",\"name\":\"SDF - Srpski demokratski forum\",\"url\":\"https:\\\/\\\/sdf.hr\\\/\",\"logo\":{\"@type\":\"ImageObject\",\"inLanguage\":\"hr\",\"@id\":\"https:\\\/\\\/sdf.hr\\\/#\\\/schema\\\/logo\\\/image\\\/\",\"url\":\"https:\\\/\\\/sdf.hr\\\/wp-content\\\/uploads\\\/2021\\\/07\\\/logo-hr.svg\",\"contentUrl\":\"https:\\\/\\\/sdf.hr\\\/wp-content\\\/uploads\\\/2021\\\/07\\\/logo-hr.svg\",\"width\":271,\"height\":100,\"caption\":\"SDF - Srpski demokratski forum\"},\"image\":{\"@id\":\"https:\\\/\\\/sdf.hr\\\/#\\\/schema\\\/logo\\\/image\\\/\"}}]}<\/script>\n<!-- \/ Yoast SEO plugin. -->","yoast_head_json":{"title":"Tihana Lazovi\u0107: Nemogu\u0107e je ignorirati \u017eenski glas - SDF - Srpski demokratski forum","robots":{"index":"index","follow":"follow","max-snippet":"max-snippet:-1","max-image-preview":"max-image-preview:large","max-video-preview":"max-video-preview:-1"},"canonical":"https:\/\/sdf.hr\/hr\/nada\/tihana-lazovic-nemoguce-je-ignorirati-zenski-glas\/","og_locale":"hr_HR","og_type":"article","og_title":"Tihana Lazovi\u0107: Nemogu\u0107e je ignorirati \u017eenski glas - SDF - Srpski demokratski forum","og_description":"Gluma mi pru\u017ea scenu i slobodu da pri\u010dam pri\u010de koje \u017eelim ispri\u010dati, da utjelovljujem \u017eene koje boli i koje pla\u010du, kao i sretne, uspje\u0161ne \u017eene","og_url":"https:\/\/sdf.hr\/hr\/nada\/tihana-lazovic-nemoguce-je-ignorirati-zenski-glas\/","og_site_name":"SDF - Srpski demokratski forum","article_modified_time":"2023-03-28T12:17:24+00:00","og_image":[{"width":2560,"height":1707,"url":"https:\/\/sdf.hr\/wp-content\/uploads\/2021\/08\/Lazovic2_Matej-Dokic-CROPIX-scaled.jpg","type":"image\/jpeg"}],"twitter_card":"summary_large_image","twitter_misc":{"Procijenjeno vrijeme \u010ditanja":"12 minuta"},"schema":{"@context":"https:\/\/schema.org","@graph":[{"@type":"WebPage","@id":"https:\/\/sdf.hr\/hr\/nada\/tihana-lazovic-nemoguce-je-ignorirati-zenski-glas\/","url":"https:\/\/sdf.hr\/hr\/nada\/tihana-lazovic-nemoguce-je-ignorirati-zenski-glas\/","name":"Tihana Lazovi\u0107: Nemogu\u0107e je ignorirati \u017eenski glas - SDF - Srpski demokratski forum","isPartOf":{"@id":"https:\/\/sdf.hr\/#website"},"primaryImageOfPage":{"@id":"https:\/\/sdf.hr\/hr\/nada\/tihana-lazovic-nemoguce-je-ignorirati-zenski-glas\/#primaryimage"},"image":{"@id":"https:\/\/sdf.hr\/hr\/nada\/tihana-lazovic-nemoguce-je-ignorirati-zenski-glas\/#primaryimage"},"thumbnailUrl":"https:\/\/sdf.hr\/wp-content\/uploads\/2021\/08\/Lazovic2_Matej-Dokic-CROPIX-scaled.jpg","datePublished":"2021-08-25T09:12:10+00:00","dateModified":"2023-03-28T12:17:24+00:00","breadcrumb":{"@id":"https:\/\/sdf.hr\/hr\/nada\/tihana-lazovic-nemoguce-je-ignorirati-zenski-glas\/#breadcrumb"},"inLanguage":"hr","potentialAction":[{"@type":"ReadAction","target":["https:\/\/sdf.hr\/hr\/nada\/tihana-lazovic-nemoguce-je-ignorirati-zenski-glas\/"]}]},{"@type":"ImageObject","inLanguage":"hr","@id":"https:\/\/sdf.hr\/hr\/nada\/tihana-lazovic-nemoguce-je-ignorirati-zenski-glas\/#primaryimage","url":"https:\/\/sdf.hr\/wp-content\/uploads\/2021\/08\/Lazovic2_Matej-Dokic-CROPIX-scaled.jpg","contentUrl":"https:\/\/sdf.hr\/wp-content\/uploads\/2021\/08\/Lazovic2_Matej-Dokic-CROPIX-scaled.jpg","width":2560,"height":1707,"caption":"Foto: Matej Doki\u0107\/CROPIX"},{"@type":"BreadcrumbList","@id":"https:\/\/sdf.hr\/hr\/nada\/tihana-lazovic-nemoguce-je-ignorirati-zenski-glas\/#breadcrumb","itemListElement":[{"@type":"ListItem","position":1,"name":"Po\u010detna stranica","item":"https:\/\/sdf.hr\/hr\/"},{"@type":"ListItem","position":2,"name":"Nada","item":"https:\/\/sdf.hr\/nada\/"},{"@type":"ListItem","position":3,"name":"Tihana Lazovi\u0107: Nemogu\u0107e je ignorirati \u017eenski glas"}]},{"@type":"WebSite","@id":"https:\/\/sdf.hr\/#website","url":"https:\/\/sdf.hr\/","name":"SDF - Srpski demokratski forum","description":"Srpski demokratski forum","publisher":{"@id":"https:\/\/sdf.hr\/#organization"},"potentialAction":[{"@type":"SearchAction","target":{"@type":"EntryPoint","urlTemplate":"https:\/\/sdf.hr\/?s={search_term_string}"},"query-input":{"@type":"PropertyValueSpecification","valueRequired":true,"valueName":"search_term_string"}}],"inLanguage":"hr"},{"@type":"Organization","@id":"https:\/\/sdf.hr\/#organization","name":"SDF - Srpski demokratski forum","url":"https:\/\/sdf.hr\/","logo":{"@type":"ImageObject","inLanguage":"hr","@id":"https:\/\/sdf.hr\/#\/schema\/logo\/image\/","url":"https:\/\/sdf.hr\/wp-content\/uploads\/2021\/07\/logo-hr.svg","contentUrl":"https:\/\/sdf.hr\/wp-content\/uploads\/2021\/07\/logo-hr.svg","width":271,"height":100,"caption":"SDF - Srpski demokratski forum"},"image":{"@id":"https:\/\/sdf.hr\/#\/schema\/logo\/image\/"}}]}},"_links":{"self":[{"href":"https:\/\/sdf.hr\/hr\/wp-json\/wp\/v2\/nada\/393","targetHints":{"allow":["GET"]}}],"collection":[{"href":"https:\/\/sdf.hr\/hr\/wp-json\/wp\/v2\/nada"}],"about":[{"href":"https:\/\/sdf.hr\/hr\/wp-json\/wp\/v2\/types\/nada"}],"wp:featuredmedia":[{"embeddable":true,"href":"https:\/\/sdf.hr\/hr\/wp-json\/wp\/v2\/media\/3227"}],"wp:attachment":[{"href":"https:\/\/sdf.hr\/hr\/wp-json\/wp\/v2\/media?parent=393"}],"wp:term":[{"taxonomy":"post_tag","embeddable":true,"href":"https:\/\/sdf.hr\/hr\/wp-json\/wp\/v2\/tags?post=393"},{"taxonomy":"atribut","embeddable":true,"href":"https:\/\/sdf.hr\/hr\/wp-json\/wp\/v2\/atribut?post=393"}],"curies":[{"name":"wp","href":"https:\/\/api.w.org\/{rel}","templated":true}]}}