{"id":3931,"date":"2023-12-10T10:00:05","date_gmt":"2023-12-10T09:00:05","guid":{"rendered":"https:\/\/sdf.hr\/nada\/branka-vierda-mlade-generacije-mi-donose-mir\/"},"modified":"2024-01-30T16:31:23","modified_gmt":"2024-01-30T15:31:23","slug":"branka-vierda-mlade-generacije-mi-donose-mir","status":"publish","type":"nada","link":"https:\/\/sdf.hr\/hr\/nada\/branka-vierda-mlade-generacije-mi-donose-mir\/","title":{"rendered":"Branka Vierda: Mlade generacije mi donose mir"},"content":{"rendered":"<p>Diplomirana pravnica i programska direktorica Inicijative mladih za ljudska prava Hrvatske<strong> Branka Vierda<\/strong> ovogodi\u0161nja je dobitnica nagrade &#8220;Krunoslav Suki\u0107&#8221; koju pojedincima zaslu\u017enima za promicanje sloboda i mirotvorstva dodjeljuje Centar za mir, nenasilje i ljudska prava Osijek. Vierda, kojoj je zbog njenog anga\u017emana na podru\u010dju suo\u010davanja s pro\u0161lo\u0161\u0107u lani pripala i nagrada &#8220;Ordinary Hero&#8221; Centra za post-konfliktna istra\u017eivanja, ro\u0111ena je 1986. u Rijeci, a odrasla u Dubrovniku. Razgovor za Nadu vodile smo povodom 15. ro\u0111endana Inicijative, a u njemu se Branka prisje\u0107a svojih prvih aktivisti\u010dkih koraka. Govori i o radu s mladima, teretu 1990-ih te izazovima koje sa sobom nosi bavljenje tranzicijskom pravdom u aktualnom kontekstu, obilje\u017eenom ratnim sukobima na globalnom nivou i ponovnim bu\u0111enjem nacionalizma na onom lokalnom.<\/p>\n<p><strong>Kako su izgledali va\u0161i aktivisti\u010dki po\u010deci i \u0161to vas je uop\u0107e motiviralo da se anga\u017eirate unutar civilnog dru\u0161tva?<\/strong><\/p>\n<p>Moja pokojna majka i otac su se aktivno bavili dru\u0161tveno-politi\u010dkim radom, a po\u0161to sam jedinica, neminovno sam bila uklju\u010dena u njihove razgovore. U \u010detvrtom razredu srednje \u0161kole, kada su se pojavile nekakve prve opcije, uklju\u010dila sam se u debatni klub, a povremeno sam pisala i za \u0161kolski list. Nedavno sam spremala stare stvari i prona\u0161la primjerak &#8220;Info \u0111ira&#8221;, kako se zvao taj list, u kojem sam pisala o va\u017enosti kori\u0161tenja glasa\u010dkog prava. Dobro se sje\u0107am tog uzbu\u0111enja kada sam iza\u0161la na prve izbore, zaista sam se osje\u0107ala kao da raspola\u017eem bitnim pravom koje mi omogu\u0107uje da na ne\u0161to utje\u010dem (smijeh).<\/p>\n<p>Vrlo brzo nakon \u0161to sam do\u0161la na studij prava u Zagreb, u\u010dlanila sam se u SDP. U toj stranci sam provela 12 godina, najvi\u0161e kroz anga\u017eman u forumima mladih i \u017eena. I moram re\u0107i da sam bila stvarno posve\u0107ena, vjerovala sam da kroz takav tip politi\u010dkog rada mogu posti\u0107i promjene. To je, naime, bilo vrijeme <strong>Ive Sanadera<\/strong>, otpora HDZ-u i tada mi civilno dru\u0161tvo uop\u0107e nije bilo u perspektivi, a u socijaldemokratsku ideju sam stvarno duboko vjerovala. Toliko da sam joj u svojim 20-ima ponekad bila puno predanija nego studiju (smijeh). Me\u0111utim, sve te ideje su mi bile nekako rasute, nedostajalo je da shvatim teorijske okvire i feministi\u010dku perspektivu. Usred svega toga, 2015. godine, upisala sam \u017denske studije koje su tada vodile <strong>Ankica \u010cakardi\u0107<\/strong> i <strong>Andrea Gregorina<\/strong>, i to mi je jako puno zna\u010dilo. Za po\u010detak, motiviralo me da zavr\u0161im fakultet i napokon sam dobila potreban prostor da svoje dotada\u0161nje iskustvo artikuliram u suvisle ideje. U tom momentu mi tema suo\u010davanja s pro\u0161lo\u0161\u0107u uop\u0107e nije bila na vidiku.<\/p>\n<p><strong>Kako je uop\u0107e do\u0161lo do va\u0161eg izlaska iz SDP-a? Zbog razo\u010darenja?<\/strong><\/p>\n<p>Tako je. Tu odluku nisam lagano donijela jer je SDP bio kolektiv koji mi je bio iznimno blizak, pogotovo ljudi s kojima sam ne\u0161to poku\u0161avala promijeniti. Na po\u010detku 30-ih sam shvatila da vi\u0161e ne vidim perspektivu u toj stranci. Tim vi\u0161e \u0161to se SDP s godinama udaljavao od ideje socijaldemokracije i okrenuo tvrdom neoliberalnom smjeru. Dobro se sje\u0107am izlaznog perioda. Tada nekako se <strong>Karolina Leakovi\u0107<\/strong> bila kandidirala za predsjednicu SDP-a, a mi koji smo je podr\u017eavali bili smo ridikulizirani unutar partije, doslovno se na nas gledalo kao neku vrstu lu\u0111aka. Tada je u SDP-u govoriti o <strong>Bernieju Sandersu<\/strong> ili <strong>Jeremyju Corbynu<\/strong>, kao uostalom i o <em>mainstream<\/em> tipu socijaldemokracije, bilo smije\u0161no. Karolina je na kraju pora\u017eena na unutarstrana\u010dkim izborima, a bila je jedina osoba za koju sam vjerovala da SDP-u mo\u017ee dati druga\u010diji smjer. Kada vi\u0161e nisam vidjela nikakvu \u0161ansu da se SDP transformira u ozbiljnu partiju lijevog tipa, i\u0161\u010dlanila sam se. Taman u tom periodu sam po\u010dela raditi u Inicijativi mladih za ljudskih prava pa sam htjela i razdvojiti te identitete. Tada mi je postalo jasno i kakva je zapravo pozicija te stranke prema temama s kojima se sada bavim i da \u0107e me to dovoditi u neki tip sukoba, ponajvi\u0161e sa samom sobom.<\/p>\n<p><strong>Odakle rad na temi suo\u010davanja s pro\u0161lo\u0161\u0107u? U kolikoj mjeri je na odabir utjecalo va\u0161e iskustvo odrastanja u Dubrovniku?<\/strong><\/p>\n<p>Jo\u0161 dok sam studirala bilo mi je jasno da se ne \u017eelim baviti odvjetni\u0161tvom, sudstvom ili korporativno-birokratskom primjenom prava. Inicijalno sam razmi\u0161ljala o zaposlenju u npr. sindikatu, odnosno da osnova moga rada sadr\u017eava kolektivisti\u010dku perspektivu i borbu za dru\u0161tvenu jednakost. Nakon zavr\u0161etka fakulteta po\u010dela sam volontirati u Documenti u sklopu monitoringa su\u0111enja za ratne zlo\u010dine, a mentorica mi je bila <strong>Milena \u010cali\u0107 Jeli\u0107<\/strong>. Odmah sam se zaljubila u tu temu i po prvi put shvatila \u0161to se zapravo doga\u0111alo 1990-ih jer dotad o tom uop\u0107e nisam ni razmi\u0161ljala. Danas kada se prisje\u0107am svog djetinjstva shva\u0107am da su moja prva sje\u0107anja uistinu vezana uz skloni\u0161te u Dubrovniku. Moj otac je za vrijeme cijelog rata bio u gradu, mama i ja smo u jednom momentu oti\u0161le u prognani\u0161tvo u Rijeku, ali nikad nisam osje\u0107ala da je to ne\u0161to \u0161to zna\u010dajno odre\u0111uje moj identitet. Zahvaljuju\u0107i anga\u017emanu u Documenti i procesima na kojima sam radila, shvatila sam kako ti postupci izgledaju, kome se sudi za zlo\u010dine, a kome ne, \u0161to se uzima kao olakotna ili otegotna okolnost.<\/p>\n<p>Uskoro je Inicijativa mladih raspisala natje\u010daj za koordinatoricu programa pravde. Realno, o konceptu tranzicijske pravde sam tada vrlo malo znala, pa me na novom radnom mjestu do\u010dekalo vatreno kr\u0161tenje. Odmah me je, naime, dopalo da se bavim predmetom <strong>Prli\u0107<\/strong> i drugi, koji se tada vodio pred sudom u Hagu, odnosno udru\u017eenim zlo\u010dina\u010dkim poduhvatom Hrvatske koji je podrazumijevao stra\u0161ne zlo\u010dine po\u010dinjene u BiH. Osje\u0107ala sam ogromnu odgovornost prema tome \u0161to sam saznala, \u017eelju da \u0161to ve\u0107i dio populacije dozna \u010dinjenice koje su dio na\u0161e pro\u0161losti i postoje\u0107eg, kolektivnog identiteta. Kako onda, tako i danas, bilo mi je va\u017eno poku\u0161ati prona\u0107i na\u010din da se postoje\u0107i nacionalisti\u010dki mitovi barem donekle dekonstruiraju. Cijelo vrijeme je ostao prisutan i osje\u0107aj zabrinutosti zbog \u010dinjenice da se tako malo ljudi i organizacija civilnog dru\u0161tva bavi tom temom. Ako govorimo o ljevici, devedesete u njenoj interesnoj sferi gotovo isklju\u010divo postoje kroz ekonomsku perspektivu.<\/p>\n<figure id=\"attachment_3927\" aria-describedby=\"caption-attachment-3927\" style=\"width: 2560px\" class=\"wp-caption alignnone\"><img loading=\"lazy\" decoding=\"async\" class=\"wp-image-3927 size-full\" src=\"https:\/\/sdf.hr\/wp-content\/uploads\/2023\/12\/Vierda2_Sandro-Lendler-scaled.jpg\" alt=\"\" width=\"2560\" height=\"1706\" srcset=\"https:\/\/sdf.hr\/wp-content\/uploads\/2023\/12\/Vierda2_Sandro-Lendler-scaled.jpg 2560w, https:\/\/sdf.hr\/wp-content\/uploads\/2023\/12\/Vierda2_Sandro-Lendler-300x200.jpg 300w, https:\/\/sdf.hr\/wp-content\/uploads\/2023\/12\/Vierda2_Sandro-Lendler-1024x683.jpg 1024w, https:\/\/sdf.hr\/wp-content\/uploads\/2023\/12\/Vierda2_Sandro-Lendler-768x512.jpg 768w, https:\/\/sdf.hr\/wp-content\/uploads\/2023\/12\/Vierda2_Sandro-Lendler-1536x1024.jpg 1536w, https:\/\/sdf.hr\/wp-content\/uploads\/2023\/12\/Vierda2_Sandro-Lendler-2048x1365.jpg 2048w\" sizes=\"auto, (max-width: 2560px) 100vw, 2560px\" \/><figcaption id=\"caption-attachment-3927\" class=\"wp-caption-text\">Foto: Sandro Lendler<\/figcaption><\/figure>\n<p><strong>Kako to tuma\u010dite?<\/strong><\/p>\n<p>U postoje\u0107em kontekstu je sigurnije baviti se naslje\u0111em Drugog svjetskog rata. Puno je, naime, lagodnije izu\u010davati antifa\u0161izam iz 1940-ih nego rastvarati postoje\u0107e nacionalne mitove koji se dominantno temelje na doga\u0111ajima iz 1990-ih. Cinici na ljevici bi rekli da se radi o identitarnim pitanjima, a ja mislim da to nije po\u0161ten pristup i da je cijeli period prethodnog rata na ovda\u0161njim prostorima puno kompleksniji od njegovog svo\u0111enja na konstruiranje etni\u010dkih identiteta. Mislim i da ljevica tu puno mo\u017ee dati, da postoji puno prostora koji se istra\u017eiva\u010dki, politi\u010dki i aktivisti\u010dki mo\u017ee koristiti, pogotovo imaju\u0107i u vidu aktualnu situaciju i ratove koji se vode. Ali to se na\u017ealost ne de\u0161ava.<\/p>\n<p><strong>Spomenuli ste utjecaj koji su na vas ostavili majka i otac. Istra\u017eivanjem koje je provela Inicijativa tako\u0111er je utvr\u0111eno da su za mlade najzna\u010dajniji izvor znanja o ratu \u010dlanovi njihove u\u017ee obitelji. Me\u0111utim, ve\u0107 je generaciji kojoj pripadamo nas dvije tema suo\u010davanja s pro\u0161lo\u0161\u0107u poprili\u010dno neinteresantna. Kako u takvim okolnostima Inicijativa dopire do jo\u0161 mla\u0111ih, pripadnika generacije Z?<\/strong><\/p>\n<p>Istra\u017eivanje &#8220;Ratne devedesete iz perspektive mladih&#8221; donosi i uvid u vrijednosnu orijentaciju mladih. Iz rezultata proizlazi da bi njih 36 posto sankcioniralo kori\u0161tenje pozdrava &#8220;Za dom spremni&#8221;, a njih 33 posto &#8220;Smrt fa\u0161izmu \u2013 sloboda narodu&#8221; i da bi ih \u010dak 55 posto ka\u017enjavalo isticanje \u0107irili\u010dnih natpisa na slu\u017ebenim institucijama u Vukovaru. To pokazuje njihovu potpunu vrijednosnu dezorijentaciju, a neki rezultati ukazuju i na nesuosje\u0107anje prema \u017ertvama koje nisu pripadnici njihovog naroda. O tome sam dosta razgovarala s mla\u0111om kolegicom <strong>Sennom \u0160imek<\/strong> i do\u0161le smo do zaklju\u010dka da to uop\u0107e nije \u010dudno jer mladi toliko malo znaju o periodu 1990-ih. Mislim da su to \u010dinjenice o kojima ozbiljno trebamo razmisliti kao dru\u0161tvo.<\/p>\n<p>U takvoj situaciji ipak uspijevamo doprijeti i do mla\u0111ih generacija, naj\u010de\u0161\u0107e preko volonterskih aktivnosti, a pri\u010da o radu Inicijative naj\u010de\u0161\u0107e se \u0161iri usmenim putem. Tako konstantno pro\u0161irujemo mre\u017eu mladih ljudi, ro\u0111enih nakon rata, koji nu\u017eno ne moraju odmah razumjeti temu suo\u010davanja s pro\u0161lo\u0161\u0107u, ali vide da imaju probleme u profesionalnom, privatnom, pa i ljubavnom \u017eivotu koji su determinirani postoje\u0107im me\u0111uetni\u010dkim odnosima. Drugim rije\u010dima, brojne cure iz Hrvatske znaju da \u0107e ako se zaljube u Srbe imati problema unutar svojih obitelji. Mnogi se u takvim momentima na\u0111u na prekretnici jer to zna\u010di i potpuno rasturanje vrijednosti koje su im duboko usa\u0111ene. To silno utje\u010de na njih i o\u010dito im stvara potrebu da se zainteresiraju za temu suo\u010davanja s pro\u0161lo\u0161\u0107u, bilo kroz akademski rad ili aktivisti\u010dki anga\u017eman.<\/p>\n<p><strong>Vidite li na aktivisti\u010dkom polju ikakve me\u0111ugeneracijske pomake?<\/strong><\/p>\n<p>Primje\u0107ujem da mla\u0111e aktivistkinje, bilo da se bave tranzicijskom ili klimatskom pravdom, bilo da sudjeluju u organizaciji studentskih prosvjeda kakav je nedavno odr\u017ean na zagreba\u010dkoj Akademiji dramskih umjetnosti, u pravilu polaze od kolektivnih problema, \u0161to je donekle sli\u010dno s generacijom kojoj pripadamo vi i ja. Me\u0111utim, mislim da na\u0161e mla\u0111e kolegice puno hrabrije propituju dru\u0161tvene odnose unutar postoje\u0107eg sistema i kapitalizam kao takav. Ne ka\u017eem da mi to nismo radile, ali mi se \u010dini da smo bile zatvorene u uski krug istomi\u0161ljenica i da nismo bile ba\u0161 toliko javno glasne. Smatram da je to njihova prednost zahvaljuju\u0107i kojoj svi mo\u017eemo imati pozitivnu perspektivu.<\/p>\n<p><strong>U kontekstu suo\u010davanja s pro\u0161lo\u0161\u0107u na na\u0161im prostorima, ali i \u0161ire, zapravo je te\u0161ko prona\u0107i pozitivnu perspektivu. Spomenimo samo neke od problema: u Hrvatskoj se konstantno rehabilitira usta\u0161ki pozdrav &#8220;Za dom spremni&#8221;, a u Srbiji se ratnim zlo\u010dincima podi\u017eu spomenici i iscrtavaju murali. Da li se zbog svega toga, kao i sveop\u0107e militarizacije, ponekad osje\u0107ate obeshrabreno?<\/strong><\/p>\n<p>Prije bih rekla da se u mom slu\u010daju javlja zabrinutost. Prvenstveno zbog specifi\u010dnosti teme o kojoj razgovaramo, a koja podrazumijeva strpljenje i neprestani anga\u017eman bez obzira na to \u0161to je najve\u0107i broj pomaka na tom podru\u010dju nemogu\u0107e vidjeti u kratkom periodu. Rad na izgradnji mira zahtijeva konstantnost kako bi to jednog dana postao politi\u010dki prioritet. U Hrvatskoj to naprosto nije slu\u010daj, \u0161to je, primjerice, jasno iz <strong>Plenkovi\u0107evog<\/strong> govora koji je ove godine odr\u017eao na obljetnici &#8220;Oluje&#8221; u Kninu. Me\u0111u ostalim je rekao kako se u njegovom mandatu prora\u010dun za hrvatsku vojsku i oru\u017eane snage pove\u0107ao sto posto i da sada iznosi oko milijardu eura, kako je hrvatski vojnik prioritet i da je militarizacija <em>de facto<\/em> cilj njegove Vlade. S druge strane apsolutno nema govora o, primjerice, mirnoj reintegraciji Podunavlja, a kamoli ideje o posve\u0107enosti mirovnim temama unutar obrazovnog sustava ili da se novac namijenjen vojsci preusmjeri na reparaciju \u017ertava rata.<\/p>\n<p><strong>To im nije u politi\u010dkom cilju.<\/strong><\/p>\n<p>Nije. Kao \u0161to i recentni ratovi pokazuju da je upitno na koji na\u010din Europska unija, koja je i stvarana izme\u0111u ostalog i kao mirovni projekt, danas pristupa izgradnji mira, i unutar i izvan EU-a.<\/p>\n<p><strong>Me\u0111u ostalim, to je razotkriveno tokom rata u Ukrajini, a sada i u Gazi. \u0160tovi\u0161e, i one koji u takvoj situaciji zazivaju mir naziva se izdajnicima, diljem zapada dobivaju i otkaze.<\/strong><\/p>\n<p>U takvim okolnostima izgradnja mira i solidarnosti sve te\u017ee mo\u017ee postati politi\u010dki cilj i u zemljama kao \u0161to je Hrvatska. I ne samo da ne postoje pregovori, nego se konstantno zanemaruju svi mehanizmi, financijski, intelektualni i kadrovski, koji bi mogli dovesti do obustave masovnih kr\u0161enja ljudskih prava. Bit \u0107e zanimljivo pratiti i \u0161to \u0107e se doga\u0111ati sa su\u0111enjima za ratne zlo\u010dine kada govorimo o sukobu na Bliskom istoku i u Ukrajini. Mi smo zapravo imali sre\u0107u \u0161to je postojao Me\u0111unarodni kazneni sud za biv\u0161u Jugoslaviju, da je more zlo\u010dinaca osu\u0111eno i, \u0161to je jo\u0161 va\u017enije, da su utvr\u0111ene relevantne \u010dinjenice. Me\u0111utim, pokazalo se da \u010dinjeni\u010dni temelj nije motivirao postoje\u0107e politi\u010dke elite na sustavan rad na pomirenju.<\/p>\n<figure id=\"attachment_3929\" aria-describedby=\"caption-attachment-3929\" style=\"width: 2560px\" class=\"wp-caption alignnone\"><img loading=\"lazy\" decoding=\"async\" class=\"wp-image-3929 size-full\" src=\"https:\/\/sdf.hr\/wp-content\/uploads\/2023\/12\/Vierda3_Sandro-Lendler-scaled.jpg\" alt=\"\" width=\"2560\" height=\"1706\" srcset=\"https:\/\/sdf.hr\/wp-content\/uploads\/2023\/12\/Vierda3_Sandro-Lendler-scaled.jpg 2560w, https:\/\/sdf.hr\/wp-content\/uploads\/2023\/12\/Vierda3_Sandro-Lendler-300x200.jpg 300w, https:\/\/sdf.hr\/wp-content\/uploads\/2023\/12\/Vierda3_Sandro-Lendler-1024x683.jpg 1024w, https:\/\/sdf.hr\/wp-content\/uploads\/2023\/12\/Vierda3_Sandro-Lendler-768x512.jpg 768w, https:\/\/sdf.hr\/wp-content\/uploads\/2023\/12\/Vierda3_Sandro-Lendler-1536x1024.jpg 1536w, https:\/\/sdf.hr\/wp-content\/uploads\/2023\/12\/Vierda3_Sandro-Lendler-2048x1365.jpg 2048w\" sizes=\"auto, (max-width: 2560px) 100vw, 2560px\" \/><figcaption id=\"caption-attachment-3929\" class=\"wp-caption-text\">Foto: Sandro Lendler<\/figcaption><\/figure>\n<p><strong>Teret izgradnje mira ovdje su dominantno preuzele \u017eene, kako 1990-ih, tako i danas. Uostalom, u zagreba\u010dkom uredu Inicijative zaposlene su \u010detiri \u017eene, sve direktorice Inicijativa u regiji su tako\u0111er \u017eene, a i nedavna okupljanja podr\u0161ke Palestini organizirala je grupa aktivistkinja. Crpite li inspiraciju od svojih prethodnica?<\/strong><\/p>\n<p>Apsolutno. Rije\u010d je o \u017eenama koje su se svojim \u017eivotima borile za mir i ta ogromna koli\u010dina hrabrosti mi je nevjerojatna, toliko da se posramim kada ponekad ostanem bez snage. Na\u017ealost, mirovne aktivistkinje iz 1990-ih danas su u <em>mainstreamu<\/em> potpuno nevidljive iako je rije\u010d o \u017eenama koje i danas vrlo aktivno, strastveno, posve\u0107eno i strpljivo rade na izgradnji boljeg dru\u0161tva. Mislim da je jako va\u017eno da se ba\u0161 u ovim periodima te\u0161kih sukoba u javnosti \u010duje njihov glas. Inicijativa mladih je u tom smislu imala neke poku\u0161aje. Recimo, zagovarali smo da se Koranskom mostu ne dodijeli naziv po Gromovima, jedinici \u010diji je pripadnik <strong>Mihajlo Hrastov<\/strong> osu\u0111en zbog ubojstva razoru\u017eanih ratnih zarobljenika, ve\u0107 da se imenuje po <strong>Jelki Glumi\u010di\u0107<\/strong>, karlova\u010dkoj aktivistkinji i jednoj od suosniva\u010dica Antiratne kampanje Hrvatske, ali nismo uspjeli. Jo\u0161 za mandata <strong>Kolinde Grabar-Kitarovi\u0107<\/strong> zatra\u017eili smo i da joj se posthumno dodijeli dr\u017eavno odlikovanje. Nikada nismo dobili odgovor, a imaju\u0107i u vidu koga sve <strong>Zoran Milanovi\u0107<\/strong> odlikuje, mislim da je takav tip zahtjeva sada smije\u0161no i postavljati.<\/p>\n<p><strong>Aktivisti Inicijative Srbije svojevremeno su fizi\u010dki napadnuti jer su se usprotivili obra\u0107anju ha\u0161kog osu\u0111enika Veselina \u0160ljivan\u010danina na tribini SNS-a, u kvartu u kojem \u017eivi Sofija Todorovi\u0107, direktorica tamo\u0161nje Inicijative, nedavno je osvanuo prijete\u0107i, mizogini grafit, a prijetnje je dobivao i zagreba\u010dki ured. Kako se s takvim pritiscima nosite na osobnoj razini?<\/strong><\/p>\n<p>Pod takvim tipom tereta, konstantne izlo\u017eenosti i pritisaka s kojima se nose na\u0161e kolege iz Inicijative u Beogradu, i ne samo oni, nego i drugi mirovni aktivisti i aktivistkinje u Srbiji, jako je te\u0161ko raditi. Silno ih po\u0161tujem jer sve to uspijevaju transformirati u novu energiju koja ih gura da se jo\u0161 predanije anga\u017eiraju. Lagala bih kada bih rekla da me prijetnje ne diraju, ali me ne obeshrabruju, a tako\u0111er me ni ne tjeraju na prkos. U takvim momentima me ljuti \u0161to nas je tako malo. Pogotovo me ljute oni skloni ekstremnom individualizmu, oni koji unato\u010d nizu privilegija koje u\u017eivaju nisu spremni javno adresirati odre\u0111ene probleme. Pri\u010da da je sve tako kako jest, da tako mora biti, to ubojstvo imaginacije, to me najvi\u0161e uznemiruje.<\/p>\n<p><strong>Inicijativa mladih Hrvatske nedavno je obilje\u017eila svoj 15. ro\u0111endan. Na \u0161to ste najponosniji iz tog perioda?<\/strong><\/p>\n<p>Na ono \u0161to su radili drugi (smijeh) i ljude koji su iza\u0161li iz komfor zone, mlade koji su se pored svega drugoga \u0161to im se nudi opredijelili za bavljenje temom koja je jedna od najosjetljivijih, do te mjere da ne zna\u0161 gdje \u0107e te odvesti. A kroz tih 15 godina je na tisu\u0107e ljudi pro\u0161lo kroz na\u0161e programe od kojih neki danas rade na poslovima koji se odnose na izgradnju pozitivnih dru\u0161tvenih promjena. Mislim da je to najvrjednije. Ponosna sam i na ljude koji jo\u0161 uvijek rade u Inicijativi jer oko tema s kojima se bavimo danas nema pretjerane podr\u0161ke ni unutar civilnog dru\u0161tva, pogotovo nakon ulaska Hrvatske u EU. Organizacije koje se kod nas jo\u0161 uvijek bave suo\u010davanjem s pro\u0161lo\u0161\u0107u nose se s jednim tipom tereta, a sada smo na neki na\u010din razdvojeni od regije jer nas se \u010desto percipira kao nekakvu srednjoeuropsku dr\u017eavu koja njeguje ljudska prava, kao da ovdje teku med i mlijeko, a zapravo je toliko toga pod tepihom. Iskustva drugih dr\u017eava pokazuju nam da to ne mo\u017eemo naprosto pustiti jer ne\u0107e iza\u0107i na dobro.<\/p>\n<p><strong>Za intenzivno bavljenje takvom temom zapravo treba imati i hrabrosti. Ima li nade s mladim generacijama?<\/strong><\/p>\n<p>Apsolutno ima, one mi stvaraju mir. Svaki put nakon \u0161to zavr\u0161imo s nekom radionicom, zadovoljstvo mi je gledati njihova lica, posebno onih koje je sve to inspiriralo, usudila bih se re\u0107i i oslobodilo nekih tereta. Imaju\u0107i u vidu sva institucionalna zaobila\u017eenja rada s mladim u podru\u010dju ljudskih prava, mislim da bi se aktivnije trebalo raditi na me\u0111ugeneracijskom prijenosu znanja i unutar civilnog dru\u0161tva. S obzirom na te\u0161ke i nestabilne uvjete u kojima svi mi radimo, mo\u017eda nije po\u0161teno da od mojih kolega i kolegica imam takva o\u010dekivanja. Ali druge trenutno nemamo.<\/p>\n<p><em>razgovor vodila Tamara Opa\u010di\u0107<\/em><\/p>\n","protected":false},"excerpt":{"rendered":"<p>Primje\u0107ujem da mla\u0111e aktivistkinje puno hrabrije propituju odnose unutar postoje\u0107eg sistema. Ne ka\u017eem da mi to nismo radile, ali nismo bile toliko javno glasne. Smatram da je to njihova prednost zahvaljuju\u0107i kojoj svi mo\u017eemo imati pozitivnu perspektivu<\/p>\n","protected":false},"featured_media":3926,"template":"","tags":[29],"atribut":[],"class_list":["post-3931","nada","type-nada","status-publish","has-post-thumbnail","hentry","tag-intervju"],"acf":[],"yoast_head":"<!-- This site is optimized with the Yoast SEO plugin v27.4 - https:\/\/yoast.com\/product\/yoast-seo-wordpress\/ -->\n<title>Branka Vierda: Mlade generacije mi donose mir - SDF - Srpski demokratski forum<\/title>\n<meta name=\"robots\" content=\"index, follow, max-snippet:-1, max-image-preview:large, max-video-preview:-1\" \/>\n<link rel=\"canonical\" href=\"https:\/\/sdf.hr\/hr\/nada\/branka-vierda-mlade-generacije-mi-donose-mir\/\" \/>\n<meta property=\"og:locale\" content=\"hr_HR\" \/>\n<meta property=\"og:type\" content=\"article\" \/>\n<meta property=\"og:title\" content=\"Branka Vierda: Mlade generacije mi donose mir - SDF - Srpski demokratski forum\" \/>\n<meta property=\"og:description\" content=\"Primje\u0107ujem da mla\u0111e aktivistkinje puno hrabrije propituju odnose unutar postoje\u0107eg sistema. Ne ka\u017eem da mi to nismo radile, ali nismo bile toliko javno glasne. Smatram da je to njihova prednost zahvaljuju\u0107i kojoj svi mo\u017eemo imati pozitivnu perspektivu\" \/>\n<meta property=\"og:url\" content=\"https:\/\/sdf.hr\/hr\/nada\/branka-vierda-mlade-generacije-mi-donose-mir\/\" \/>\n<meta property=\"og:site_name\" content=\"SDF - Srpski demokratski forum\" \/>\n<meta property=\"article:modified_time\" content=\"2024-01-30T15:31:23+00:00\" \/>\n<meta property=\"og:image\" content=\"https:\/\/sdf.hr\/wp-content\/uploads\/2023\/12\/Vierda1_Sandro-Lendler-scaled.jpg\" \/>\n\t<meta property=\"og:image:width\" content=\"2560\" \/>\n\t<meta property=\"og:image:height\" content=\"1706\" \/>\n\t<meta property=\"og:image:type\" content=\"image\/jpeg\" \/>\n<meta name=\"twitter:card\" content=\"summary_large_image\" \/>\n<meta name=\"twitter:label1\" content=\"Procijenjeno vrijeme \u010ditanja\" \/>\n\t<meta name=\"twitter:data1\" content=\"15 minuta\" \/>\n<script type=\"application\/ld+json\" class=\"yoast-schema-graph\">{\"@context\":\"https:\\\/\\\/schema.org\",\"@graph\":[{\"@type\":\"WebPage\",\"@id\":\"https:\\\/\\\/sdf.hr\\\/hr\\\/nada\\\/branka-vierda-mlade-generacije-mi-donose-mir\\\/\",\"url\":\"https:\\\/\\\/sdf.hr\\\/hr\\\/nada\\\/branka-vierda-mlade-generacije-mi-donose-mir\\\/\",\"name\":\"Branka Vierda: Mlade generacije mi donose mir - SDF - Srpski demokratski forum\",\"isPartOf\":{\"@id\":\"https:\\\/\\\/sdf.hr\\\/#website\"},\"primaryImageOfPage\":{\"@id\":\"https:\\\/\\\/sdf.hr\\\/hr\\\/nada\\\/branka-vierda-mlade-generacije-mi-donose-mir\\\/#primaryimage\"},\"image\":{\"@id\":\"https:\\\/\\\/sdf.hr\\\/hr\\\/nada\\\/branka-vierda-mlade-generacije-mi-donose-mir\\\/#primaryimage\"},\"thumbnailUrl\":\"https:\\\/\\\/sdf.hr\\\/wp-content\\\/uploads\\\/2023\\\/12\\\/Vierda1_Sandro-Lendler-scaled.jpg\",\"datePublished\":\"2023-12-10T09:00:05+00:00\",\"dateModified\":\"2024-01-30T15:31:23+00:00\",\"breadcrumb\":{\"@id\":\"https:\\\/\\\/sdf.hr\\\/hr\\\/nada\\\/branka-vierda-mlade-generacije-mi-donose-mir\\\/#breadcrumb\"},\"inLanguage\":\"hr\",\"potentialAction\":[{\"@type\":\"ReadAction\",\"target\":[\"https:\\\/\\\/sdf.hr\\\/hr\\\/nada\\\/branka-vierda-mlade-generacije-mi-donose-mir\\\/\"]}]},{\"@type\":\"ImageObject\",\"inLanguage\":\"hr\",\"@id\":\"https:\\\/\\\/sdf.hr\\\/hr\\\/nada\\\/branka-vierda-mlade-generacije-mi-donose-mir\\\/#primaryimage\",\"url\":\"https:\\\/\\\/sdf.hr\\\/wp-content\\\/uploads\\\/2023\\\/12\\\/Vierda1_Sandro-Lendler-scaled.jpg\",\"contentUrl\":\"https:\\\/\\\/sdf.hr\\\/wp-content\\\/uploads\\\/2023\\\/12\\\/Vierda1_Sandro-Lendler-scaled.jpg\",\"width\":2560,\"height\":1706,\"caption\":\"Branka Vierda (Foto: Sandro Lendler)\"},{\"@type\":\"BreadcrumbList\",\"@id\":\"https:\\\/\\\/sdf.hr\\\/hr\\\/nada\\\/branka-vierda-mlade-generacije-mi-donose-mir\\\/#breadcrumb\",\"itemListElement\":[{\"@type\":\"ListItem\",\"position\":1,\"name\":\"Po\u010detna stranica\",\"item\":\"https:\\\/\\\/sdf.hr\\\/hr\\\/\"},{\"@type\":\"ListItem\",\"position\":2,\"name\":\"Nada\",\"item\":\"https:\\\/\\\/sdf.hr\\\/nada\\\/\"},{\"@type\":\"ListItem\",\"position\":3,\"name\":\"Branka Vierda: Mlade generacije mi donose mir\"}]},{\"@type\":\"WebSite\",\"@id\":\"https:\\\/\\\/sdf.hr\\\/#website\",\"url\":\"https:\\\/\\\/sdf.hr\\\/\",\"name\":\"SDF - Srpski demokratski forum\",\"description\":\"Srpski demokratski forum\",\"publisher\":{\"@id\":\"https:\\\/\\\/sdf.hr\\\/#organization\"},\"potentialAction\":[{\"@type\":\"SearchAction\",\"target\":{\"@type\":\"EntryPoint\",\"urlTemplate\":\"https:\\\/\\\/sdf.hr\\\/?s={search_term_string}\"},\"query-input\":{\"@type\":\"PropertyValueSpecification\",\"valueRequired\":true,\"valueName\":\"search_term_string\"}}],\"inLanguage\":\"hr\"},{\"@type\":\"Organization\",\"@id\":\"https:\\\/\\\/sdf.hr\\\/#organization\",\"name\":\"SDF - Srpski demokratski forum\",\"url\":\"https:\\\/\\\/sdf.hr\\\/\",\"logo\":{\"@type\":\"ImageObject\",\"inLanguage\":\"hr\",\"@id\":\"https:\\\/\\\/sdf.hr\\\/#\\\/schema\\\/logo\\\/image\\\/\",\"url\":\"https:\\\/\\\/sdf.hr\\\/wp-content\\\/uploads\\\/2021\\\/07\\\/logo-hr.svg\",\"contentUrl\":\"https:\\\/\\\/sdf.hr\\\/wp-content\\\/uploads\\\/2021\\\/07\\\/logo-hr.svg\",\"width\":271,\"height\":100,\"caption\":\"SDF - Srpski demokratski forum\"},\"image\":{\"@id\":\"https:\\\/\\\/sdf.hr\\\/#\\\/schema\\\/logo\\\/image\\\/\"}}]}<\/script>\n<!-- \/ Yoast SEO plugin. -->","yoast_head_json":{"title":"Branka Vierda: Mlade generacije mi donose mir - SDF - Srpski demokratski forum","robots":{"index":"index","follow":"follow","max-snippet":"max-snippet:-1","max-image-preview":"max-image-preview:large","max-video-preview":"max-video-preview:-1"},"canonical":"https:\/\/sdf.hr\/hr\/nada\/branka-vierda-mlade-generacije-mi-donose-mir\/","og_locale":"hr_HR","og_type":"article","og_title":"Branka Vierda: Mlade generacije mi donose mir - SDF - Srpski demokratski forum","og_description":"Primje\u0107ujem da mla\u0111e aktivistkinje puno hrabrije propituju odnose unutar postoje\u0107eg sistema. Ne ka\u017eem da mi to nismo radile, ali nismo bile toliko javno glasne. Smatram da je to njihova prednost zahvaljuju\u0107i kojoj svi mo\u017eemo imati pozitivnu perspektivu","og_url":"https:\/\/sdf.hr\/hr\/nada\/branka-vierda-mlade-generacije-mi-donose-mir\/","og_site_name":"SDF - Srpski demokratski forum","article_modified_time":"2024-01-30T15:31:23+00:00","og_image":[{"width":2560,"height":1706,"url":"https:\/\/sdf.hr\/wp-content\/uploads\/2023\/12\/Vierda1_Sandro-Lendler-scaled.jpg","type":"image\/jpeg"}],"twitter_card":"summary_large_image","twitter_misc":{"Procijenjeno vrijeme \u010ditanja":"15 minuta"},"schema":{"@context":"https:\/\/schema.org","@graph":[{"@type":"WebPage","@id":"https:\/\/sdf.hr\/hr\/nada\/branka-vierda-mlade-generacije-mi-donose-mir\/","url":"https:\/\/sdf.hr\/hr\/nada\/branka-vierda-mlade-generacije-mi-donose-mir\/","name":"Branka Vierda: Mlade generacije mi donose mir - SDF - Srpski demokratski forum","isPartOf":{"@id":"https:\/\/sdf.hr\/#website"},"primaryImageOfPage":{"@id":"https:\/\/sdf.hr\/hr\/nada\/branka-vierda-mlade-generacije-mi-donose-mir\/#primaryimage"},"image":{"@id":"https:\/\/sdf.hr\/hr\/nada\/branka-vierda-mlade-generacije-mi-donose-mir\/#primaryimage"},"thumbnailUrl":"https:\/\/sdf.hr\/wp-content\/uploads\/2023\/12\/Vierda1_Sandro-Lendler-scaled.jpg","datePublished":"2023-12-10T09:00:05+00:00","dateModified":"2024-01-30T15:31:23+00:00","breadcrumb":{"@id":"https:\/\/sdf.hr\/hr\/nada\/branka-vierda-mlade-generacije-mi-donose-mir\/#breadcrumb"},"inLanguage":"hr","potentialAction":[{"@type":"ReadAction","target":["https:\/\/sdf.hr\/hr\/nada\/branka-vierda-mlade-generacije-mi-donose-mir\/"]}]},{"@type":"ImageObject","inLanguage":"hr","@id":"https:\/\/sdf.hr\/hr\/nada\/branka-vierda-mlade-generacije-mi-donose-mir\/#primaryimage","url":"https:\/\/sdf.hr\/wp-content\/uploads\/2023\/12\/Vierda1_Sandro-Lendler-scaled.jpg","contentUrl":"https:\/\/sdf.hr\/wp-content\/uploads\/2023\/12\/Vierda1_Sandro-Lendler-scaled.jpg","width":2560,"height":1706,"caption":"Branka Vierda (Foto: Sandro Lendler)"},{"@type":"BreadcrumbList","@id":"https:\/\/sdf.hr\/hr\/nada\/branka-vierda-mlade-generacije-mi-donose-mir\/#breadcrumb","itemListElement":[{"@type":"ListItem","position":1,"name":"Po\u010detna stranica","item":"https:\/\/sdf.hr\/hr\/"},{"@type":"ListItem","position":2,"name":"Nada","item":"https:\/\/sdf.hr\/nada\/"},{"@type":"ListItem","position":3,"name":"Branka Vierda: Mlade generacije mi donose mir"}]},{"@type":"WebSite","@id":"https:\/\/sdf.hr\/#website","url":"https:\/\/sdf.hr\/","name":"SDF - Srpski demokratski forum","description":"Srpski demokratski forum","publisher":{"@id":"https:\/\/sdf.hr\/#organization"},"potentialAction":[{"@type":"SearchAction","target":{"@type":"EntryPoint","urlTemplate":"https:\/\/sdf.hr\/?s={search_term_string}"},"query-input":{"@type":"PropertyValueSpecification","valueRequired":true,"valueName":"search_term_string"}}],"inLanguage":"hr"},{"@type":"Organization","@id":"https:\/\/sdf.hr\/#organization","name":"SDF - Srpski demokratski forum","url":"https:\/\/sdf.hr\/","logo":{"@type":"ImageObject","inLanguage":"hr","@id":"https:\/\/sdf.hr\/#\/schema\/logo\/image\/","url":"https:\/\/sdf.hr\/wp-content\/uploads\/2021\/07\/logo-hr.svg","contentUrl":"https:\/\/sdf.hr\/wp-content\/uploads\/2021\/07\/logo-hr.svg","width":271,"height":100,"caption":"SDF - Srpski demokratski forum"},"image":{"@id":"https:\/\/sdf.hr\/#\/schema\/logo\/image\/"}}]}},"_links":{"self":[{"href":"https:\/\/sdf.hr\/hr\/wp-json\/wp\/v2\/nada\/3931","targetHints":{"allow":["GET"]}}],"collection":[{"href":"https:\/\/sdf.hr\/hr\/wp-json\/wp\/v2\/nada"}],"about":[{"href":"https:\/\/sdf.hr\/hr\/wp-json\/wp\/v2\/types\/nada"}],"wp:featuredmedia":[{"embeddable":true,"href":"https:\/\/sdf.hr\/hr\/wp-json\/wp\/v2\/media\/3926"}],"wp:attachment":[{"href":"https:\/\/sdf.hr\/hr\/wp-json\/wp\/v2\/media?parent=3931"}],"wp:term":[{"taxonomy":"post_tag","embeddable":true,"href":"https:\/\/sdf.hr\/hr\/wp-json\/wp\/v2\/tags?post=3931"},{"taxonomy":"atribut","embeddable":true,"href":"https:\/\/sdf.hr\/hr\/wp-json\/wp\/v2\/atribut?post=3931"}],"curies":[{"name":"wp","href":"https:\/\/api.w.org\/{rel}","templated":true}]}}