{"id":3937,"date":"2023-12-12T16:44:37","date_gmt":"2023-12-12T15:44:37","guid":{"rendered":"https:\/\/sdf.hr\/nada\/roze-zastavnice\/"},"modified":"2023-12-12T16:45:08","modified_gmt":"2023-12-12T15:45:08","slug":"roze-zastavnice","status":"publish","type":"nada","link":"https:\/\/sdf.hr\/hr\/nada\/roze-zastavnice\/","title":{"rendered":"Roze zastavnice"},"content":{"rendered":"<p>Iz potrebe da se u obrazovnim institucijama i dru\u0161tvu normalizira menstruacija, 2020. godine neformalno su se okupile tri studentice novosadskog Filozofskog fakulteta. Komunikologinja <strong>Jelena Miri\u0107<\/strong>, filologinja i studentica srpskog jezika i knji\u017eevnosti <strong>Jovana Mrdalj<\/strong> i apsolventica sociologije <strong>Milica Sekuli\u0107<\/strong> pro\u0161le su godine osnovale i slu\u017ebeno udru\u017eenje \u017denska inicijativa &#8220;Roze zastava&#8221;. Danas broje vi\u0161e nagrada za svoj rad, uklju\u010duju\u0107i nedavnu nagradu za najbolji studentski projekt u Srbiji u 2023. godini.<\/p>\n<p>Dosad su realizirale mnogobrojne tribine i edukativne radionice, ali i bile podr\u0161ka nevladinom sektoru po pitanju reproduktivnog zdravlja i podr\u0161ke mladima. Uz pomo\u0107 kompanije Vega IT napravile su besplatnu mobilnu aplikaciju s funkcijama menstrualnog kalendara pod nazivom Pink Flag. Kako nam ka\u017eu, sama pomisao da mogu pomo\u0107i svojim kolegicama i svim djevojkama na univerzitetima dovoljan im je motiv da budu spremne za prvu liniju borbe.<\/p>\n<p>&#8211; Drago nam je da smo postale jedne od vode\u0107ih aktera kada govorimo o smanjenju menstrualnog siroma\u0161tva i poreza na roze u Republici Srbiji. Kroz dosada\u0161nji rad, edukacije, radionice, konferencije, ali i putem kanala komunikacije na\u0161ih dru\u0161tvenih mre\u017ea svakodnevno podse\u0107amo na va\u017enost ove teme. Trenutni porez na menstrualne proizvode u Republici Srbiji iznosi 20 procenata, dok se ostale zemlje regiona mogu pohvaliti sa manjim procentom. U hrvatskoj je to 13 procenata, u Bosni i Hercegovini 17, u Severnoj Makedoniji pet, a u Crnoj Gori sedam &#8211; objasnila je Jelena.<\/p>\n<p>\u017denska inicijativa je za pro\u0161lu akademsku godinu osigurala besplatne higijenske ulo\u0161ke na ukupno 15 fakulteta u Novom Sadu, Beogradu, Ni\u0161u, Kragujevcu, Beogradu, Subotici, Zrenjaninu i Kosovskoj Mitrovici te time pru\u017eila podr\u0161ku za \u010dak 18.000 studentica. Osigurale su i besplatne ulo\u0161ke u dvije srednje \u0161kole, a od ove godine i u jednom studentskom domu. U ovome im osim donatora poma\u017eu brojni suradnici i predstavnici raznih kompanija te brendova higijenskih ulo\u017eaka poput Bella, Always, Libresse i PomPom.<\/p>\n<p>&#8211; Imamo i saradnje sa privatnim ginekolo\u0161kim ordinacijama koje motivi\u0161emo da daju popust za studentkinje prilikom pregleda. Trudimo se da na na\u0161im tribinama delimo besplatne PAPA testove, izra\u0111ujemo bro\u0161ure na temu menstruacije, ali i budemo na raspolaganju nevladinom sektoru za zajedni\u010dke akcije. Predstavnici medija su jedni od na\u0161im najve\u0107ih saveznika. Kroz tri godine \u017denska inicijativa se na\u0161la u preko 200 \u010dlanaka, intervjua, uklju\u010denja u TV program ili izve\u0161taja o samim aktivnostima. To zna\u010di da su svaki \u010detvrti dan prethodnih godina u medijima odjeknule re\u010di &#8220;menstruacija&#8221; ili &#8220;menstrualno siroma\u0161tvo me\u0111u mladima&#8221; \u2013 kazala je Jovana.<\/p>\n<p>Pod menstrualnim siroma\u0161tvom podrazumijevaju situaciju u kojoj \u017eene ne mogu priu\u0161titi proizvode potrebne tijekom ciklusa, misle\u0107i na kvalitetnije ulo\u0161ke, tampone, menstrualne ga\u0107ice ili \u010da\u0161ice i tablete koje su \u010desto neophodne zbog bolova.<\/p>\n<figure id=\"attachment_3935\" aria-describedby=\"caption-attachment-3935\" style=\"width: 2560px\" class=\"wp-caption alignnone\"><img loading=\"lazy\" decoding=\"async\" class=\"wp-image-3935 size-full\" src=\"https:\/\/sdf.hr\/wp-content\/uploads\/2023\/12\/Besplatni-ulosci-scaled.jpg\" alt=\"\" width=\"2560\" height=\"1920\" srcset=\"https:\/\/sdf.hr\/wp-content\/uploads\/2023\/12\/Besplatni-ulosci-scaled.jpg 2560w, https:\/\/sdf.hr\/wp-content\/uploads\/2023\/12\/Besplatni-ulosci-300x225.jpg 300w, https:\/\/sdf.hr\/wp-content\/uploads\/2023\/12\/Besplatni-ulosci-1024x768.jpg 1024w, https:\/\/sdf.hr\/wp-content\/uploads\/2023\/12\/Besplatni-ulosci-768x576.jpg 768w, https:\/\/sdf.hr\/wp-content\/uploads\/2023\/12\/Besplatni-ulosci-1536x1152.jpg 1536w, https:\/\/sdf.hr\/wp-content\/uploads\/2023\/12\/Besplatni-ulosci-2048x1536.jpg 2048w\" sizes=\"auto, (max-width: 2560px) 100vw, 2560px\" \/><figcaption id=\"caption-attachment-3935\" class=\"wp-caption-text\">Korpa s besplatnim ulo\u0161cima<\/figcaption><\/figure>\n<p>U sklopu inicijative provele su istra\u017eivanje o dostupnosti menstrualnih potrep\u0161tina na uzorku od 1554 studentice Filozofskog fakulteta u Novom Sadu. Prema rezultatima ankete samo je 16 procenata studentica upoznato s vi\u0161ekratnim perivim ulo\u0161cima. Njih 59 odsto tro\u0161e od 300 do 500 dinara mjese\u010dno na menstrualne potrep\u0161tine, \u0161to su jedno ili dva pakiranja jednokratnih ulo\u017eaka, a njih 10 odsto potro\u0161i manje od 200 dinara, \u0161to zna\u010di da uzimaju menstrualne ulo\u0161ke lo\u0161ijeg kvaliteta.<\/p>\n<p>&#8211; Osobe koje menstruiraju, a koriste jednokratne menstrualne potrep\u0161tine, verovatno \u0107e tokom \u017eivota potro\u0161iti zna\u010dajnu koli\u010dinu novca na njih te stvoriti nezanemarivu koli\u010dinu nerazgra\u0111enog otpada. Ta\u010dnije, tokom \u017eivota, iskoristi\u0107e 12.000 do 15.000 jednokratno upotrebljivih menstrualnih proizvoda koji stvaraju 250 do 300 kilograma otpada po osobi. Me\u0111utim, videli smo u kakvim uslovima su \u017eene \u017eivele ranije te da im ni tada nisu bile dostupne menstrualne potrep\u0161tine zbog dru\u0161tveno uslovljenog \u017eivota. Takav dru\u0161tveni kontekst je opstao i danas, pa, u nedostatku razgovora o ovoj temi, ona nastavlja da bude ne\u0161to \u0161to je predmet stida \u2013 obja\u0161njava Milica.<\/p>\n<p>Jelena dodaje kako menstrualno siroma\u0161tvo osim financijskih mo\u017ee imati i socijalne, kulturne i politi\u010dke prepreke. Cijena menstrualnih proizvoda u Srbiji je samo u 2022. godini porasla za vi\u0161e od 30 procenata, \u0161to je na godi\u0161njem nivou pove\u0107anje od skoro 2000 dinara. Prema prora\u010dunima \u017denske inicijative, svaka \u017eena i djevoj\u010dica u Republici Srbiji mora izdvojiti vi\u0161e od 8000 dinara godi\u0161nje za odr\u017eavanje osnovne menstrualne higijene.<\/p>\n<p>&#8211; Takva situacija zna\u010di da, na primer, samohrana majka sa dve \u0107erke godi\u0161nje treba da izdvoji skoro celu mese\u010dnu minimalnu zaradu za ove osnovne \u017eivotne potrebe. Istra\u017eivanje je pokazalo da je usled nepriu\u0161tivosti skoro polovina devojaka koje su u\u010destvovale u istra\u017eivanju primorana da neki od proizvoda koriste du\u017ee, a \u010detvrtina se na\u0161la u situaciji da ih pozajmi. Porez na roze dodatno optere\u0107uje mese\u010dni bud\u017eet, pogotovo u na\u0161oj zemlji gde je preko 50 odsto \u017eena nezaposleno ili nemaju stalni izvor prihoda\u2026 Kad je re\u010d o ekonomskom razvoju, zdravstvu, obrazovanju i politici, u raspodeli sredstava i dono\u0161enju va\u017enih odluka oslanjamo se na brojke. Me\u0111utim, po\u0161to statistika \u010desto zanemaruje rod, po\u0161to se mu\u0161karci smatraju standardom, a \u017eene izuzetkom, diskriminacija je sastavni deo na\u0161ih sistema \u2013 ka\u017ee Milica.<\/p>\n<p>Iako im podr\u0161ke ne manjka u vidu ljudstva, nedostaje im financiranja. Kako bi mogle nastaviti, ali i unaprijediti projekte i programe, potrebni su im kontinuirani prihodi, jer pored donacija, ovaj je projekt od samog po\u010detka u potpunosti volonterski. \u017densku inicijativu mo\u017ee se podr\u017eati putem njihove mobilne aplikacije gdje postoji odjeljak za uplate.<\/p>\n<p>&#8211; Plan je da se u narednom periodu, pored uvo\u0111enja higijenskih ulo\u017eaka, posvetimo edukacijama, kao i predavanjima srednjo\u0161kolcima Grada Novog Sada, da budemo mentorke Omladinskim klubovima u Republici Srbiji na temu menstrualne pravde, ali i da ostanemo dosledne cilju, a to je da se PDV na menstrualne proizvode smanji \u2013 zaklju\u010duje Jelena.<\/p>\n<p><em>pi\u0161e Katarina Bo\u0161njak<\/em><\/p>\n","protected":false},"excerpt":{"rendered":"<p>Tri studentice novosadskog Filozofskog fakulteta pokrenule su u Srbiji inicijativu koja je osigurala besplatne higijenske ulo\u0161ke na brojnim fakultetima i u \u0161kolskim ustanovama. Ostajemo dosledne cilju, a to je da se PDV na menstrualne proizvode smanji, poru\u010duju<\/p>\n","protected":false},"featured_media":3934,"template":"","tags":[130],"atribut":[],"class_list":["post-3937","nada","type-nada","status-publish","has-post-thumbnail","hentry","tag-tema"],"acf":[],"yoast_head":"<!-- This site is optimized with the Yoast SEO plugin v27.4 - https:\/\/yoast.com\/product\/yoast-seo-wordpress\/ -->\n<title>Roze zastavnice - SDF - Srpski demokratski forum<\/title>\n<meta name=\"robots\" content=\"index, follow, max-snippet:-1, max-image-preview:large, max-video-preview:-1\" \/>\n<link rel=\"canonical\" href=\"https:\/\/sdf.hr\/hr\/nada\/roze-zastavnice\/\" \/>\n<meta property=\"og:locale\" content=\"hr_HR\" \/>\n<meta property=\"og:type\" content=\"article\" \/>\n<meta property=\"og:title\" content=\"Roze zastavnice - SDF - Srpski demokratski forum\" \/>\n<meta property=\"og:description\" content=\"Tri studentice novosadskog Filozofskog fakulteta pokrenule su u Srbiji inicijativu koja je osigurala besplatne higijenske ulo\u0161ke na brojnim fakultetima i u \u0161kolskim ustanovama. Ostajemo dosledne cilju, a to je da se PDV na menstrualne proizvode smanji, poru\u010duju\" \/>\n<meta property=\"og:url\" content=\"https:\/\/sdf.hr\/hr\/nada\/roze-zastavnice\/\" \/>\n<meta property=\"og:site_name\" content=\"SDF - Srpski demokratski forum\" \/>\n<meta property=\"article:modified_time\" content=\"2023-12-12T15:45:08+00:00\" \/>\n<meta property=\"og:image\" content=\"https:\/\/sdf.hr\/wp-content\/uploads\/2023\/12\/Zenska-inicijativa.jpg\" \/>\n\t<meta property=\"og:image:width\" content=\"1600\" \/>\n\t<meta property=\"og:image:height\" content=\"1067\" \/>\n\t<meta property=\"og:image:type\" content=\"image\/jpeg\" \/>\n<meta name=\"twitter:card\" content=\"summary_large_image\" \/>\n<meta name=\"twitter:label1\" content=\"Procijenjeno vrijeme \u010ditanja\" \/>\n\t<meta name=\"twitter:data1\" content=\"5 minuta\" \/>\n<script type=\"application\/ld+json\" class=\"yoast-schema-graph\">{\"@context\":\"https:\\\/\\\/schema.org\",\"@graph\":[{\"@type\":\"WebPage\",\"@id\":\"https:\\\/\\\/sdf.hr\\\/hr\\\/nada\\\/roze-zastavnice\\\/\",\"url\":\"https:\\\/\\\/sdf.hr\\\/hr\\\/nada\\\/roze-zastavnice\\\/\",\"name\":\"Roze zastavnice - SDF - Srpski demokratski forum\",\"isPartOf\":{\"@id\":\"https:\\\/\\\/sdf.hr\\\/#website\"},\"primaryImageOfPage\":{\"@id\":\"https:\\\/\\\/sdf.hr\\\/hr\\\/nada\\\/roze-zastavnice\\\/#primaryimage\"},\"image\":{\"@id\":\"https:\\\/\\\/sdf.hr\\\/hr\\\/nada\\\/roze-zastavnice\\\/#primaryimage\"},\"thumbnailUrl\":\"https:\\\/\\\/sdf.hr\\\/wp-content\\\/uploads\\\/2023\\\/12\\\/Zenska-inicijativa.jpg\",\"datePublished\":\"2023-12-12T15:44:37+00:00\",\"dateModified\":\"2023-12-12T15:45:08+00:00\",\"breadcrumb\":{\"@id\":\"https:\\\/\\\/sdf.hr\\\/hr\\\/nada\\\/roze-zastavnice\\\/#breadcrumb\"},\"inLanguage\":\"hr\",\"potentialAction\":[{\"@type\":\"ReadAction\",\"target\":[\"https:\\\/\\\/sdf.hr\\\/hr\\\/nada\\\/roze-zastavnice\\\/\"]}]},{\"@type\":\"ImageObject\",\"inLanguage\":\"hr\",\"@id\":\"https:\\\/\\\/sdf.hr\\\/hr\\\/nada\\\/roze-zastavnice\\\/#primaryimage\",\"url\":\"https:\\\/\\\/sdf.hr\\\/wp-content\\\/uploads\\\/2023\\\/12\\\/Zenska-inicijativa.jpg\",\"contentUrl\":\"https:\\\/\\\/sdf.hr\\\/wp-content\\\/uploads\\\/2023\\\/12\\\/Zenska-inicijativa.jpg\",\"width\":1600,\"height\":1067,\"caption\":\"Jelena Miri\u0107, Milica Sekuli\u0107 i Jovana Mrdalj\"},{\"@type\":\"BreadcrumbList\",\"@id\":\"https:\\\/\\\/sdf.hr\\\/hr\\\/nada\\\/roze-zastavnice\\\/#breadcrumb\",\"itemListElement\":[{\"@type\":\"ListItem\",\"position\":1,\"name\":\"Po\u010detna stranica\",\"item\":\"https:\\\/\\\/sdf.hr\\\/hr\\\/\"},{\"@type\":\"ListItem\",\"position\":2,\"name\":\"Nada\",\"item\":\"https:\\\/\\\/sdf.hr\\\/nada\\\/\"},{\"@type\":\"ListItem\",\"position\":3,\"name\":\"Roze zastavnice\"}]},{\"@type\":\"WebSite\",\"@id\":\"https:\\\/\\\/sdf.hr\\\/#website\",\"url\":\"https:\\\/\\\/sdf.hr\\\/\",\"name\":\"SDF - Srpski demokratski forum\",\"description\":\"Srpski demokratski forum\",\"publisher\":{\"@id\":\"https:\\\/\\\/sdf.hr\\\/#organization\"},\"potentialAction\":[{\"@type\":\"SearchAction\",\"target\":{\"@type\":\"EntryPoint\",\"urlTemplate\":\"https:\\\/\\\/sdf.hr\\\/?s={search_term_string}\"},\"query-input\":{\"@type\":\"PropertyValueSpecification\",\"valueRequired\":true,\"valueName\":\"search_term_string\"}}],\"inLanguage\":\"hr\"},{\"@type\":\"Organization\",\"@id\":\"https:\\\/\\\/sdf.hr\\\/#organization\",\"name\":\"SDF - Srpski demokratski forum\",\"url\":\"https:\\\/\\\/sdf.hr\\\/\",\"logo\":{\"@type\":\"ImageObject\",\"inLanguage\":\"hr\",\"@id\":\"https:\\\/\\\/sdf.hr\\\/#\\\/schema\\\/logo\\\/image\\\/\",\"url\":\"https:\\\/\\\/sdf.hr\\\/wp-content\\\/uploads\\\/2021\\\/07\\\/logo-hr.svg\",\"contentUrl\":\"https:\\\/\\\/sdf.hr\\\/wp-content\\\/uploads\\\/2021\\\/07\\\/logo-hr.svg\",\"width\":271,\"height\":100,\"caption\":\"SDF - Srpski demokratski forum\"},\"image\":{\"@id\":\"https:\\\/\\\/sdf.hr\\\/#\\\/schema\\\/logo\\\/image\\\/\"}}]}<\/script>\n<!-- \/ Yoast SEO plugin. -->","yoast_head_json":{"title":"Roze zastavnice - SDF - Srpski demokratski forum","robots":{"index":"index","follow":"follow","max-snippet":"max-snippet:-1","max-image-preview":"max-image-preview:large","max-video-preview":"max-video-preview:-1"},"canonical":"https:\/\/sdf.hr\/hr\/nada\/roze-zastavnice\/","og_locale":"hr_HR","og_type":"article","og_title":"Roze zastavnice - SDF - Srpski demokratski forum","og_description":"Tri studentice novosadskog Filozofskog fakulteta pokrenule su u Srbiji inicijativu koja je osigurala besplatne higijenske ulo\u0161ke na brojnim fakultetima i u \u0161kolskim ustanovama. Ostajemo dosledne cilju, a to je da se PDV na menstrualne proizvode smanji, poru\u010duju","og_url":"https:\/\/sdf.hr\/hr\/nada\/roze-zastavnice\/","og_site_name":"SDF - Srpski demokratski forum","article_modified_time":"2023-12-12T15:45:08+00:00","og_image":[{"width":1600,"height":1067,"url":"https:\/\/sdf.hr\/wp-content\/uploads\/2023\/12\/Zenska-inicijativa.jpg","type":"image\/jpeg"}],"twitter_card":"summary_large_image","twitter_misc":{"Procijenjeno vrijeme \u010ditanja":"5 minuta"},"schema":{"@context":"https:\/\/schema.org","@graph":[{"@type":"WebPage","@id":"https:\/\/sdf.hr\/hr\/nada\/roze-zastavnice\/","url":"https:\/\/sdf.hr\/hr\/nada\/roze-zastavnice\/","name":"Roze zastavnice - SDF - Srpski demokratski forum","isPartOf":{"@id":"https:\/\/sdf.hr\/#website"},"primaryImageOfPage":{"@id":"https:\/\/sdf.hr\/hr\/nada\/roze-zastavnice\/#primaryimage"},"image":{"@id":"https:\/\/sdf.hr\/hr\/nada\/roze-zastavnice\/#primaryimage"},"thumbnailUrl":"https:\/\/sdf.hr\/wp-content\/uploads\/2023\/12\/Zenska-inicijativa.jpg","datePublished":"2023-12-12T15:44:37+00:00","dateModified":"2023-12-12T15:45:08+00:00","breadcrumb":{"@id":"https:\/\/sdf.hr\/hr\/nada\/roze-zastavnice\/#breadcrumb"},"inLanguage":"hr","potentialAction":[{"@type":"ReadAction","target":["https:\/\/sdf.hr\/hr\/nada\/roze-zastavnice\/"]}]},{"@type":"ImageObject","inLanguage":"hr","@id":"https:\/\/sdf.hr\/hr\/nada\/roze-zastavnice\/#primaryimage","url":"https:\/\/sdf.hr\/wp-content\/uploads\/2023\/12\/Zenska-inicijativa.jpg","contentUrl":"https:\/\/sdf.hr\/wp-content\/uploads\/2023\/12\/Zenska-inicijativa.jpg","width":1600,"height":1067,"caption":"Jelena Miri\u0107, Milica Sekuli\u0107 i Jovana Mrdalj"},{"@type":"BreadcrumbList","@id":"https:\/\/sdf.hr\/hr\/nada\/roze-zastavnice\/#breadcrumb","itemListElement":[{"@type":"ListItem","position":1,"name":"Po\u010detna stranica","item":"https:\/\/sdf.hr\/hr\/"},{"@type":"ListItem","position":2,"name":"Nada","item":"https:\/\/sdf.hr\/nada\/"},{"@type":"ListItem","position":3,"name":"Roze zastavnice"}]},{"@type":"WebSite","@id":"https:\/\/sdf.hr\/#website","url":"https:\/\/sdf.hr\/","name":"SDF - Srpski demokratski forum","description":"Srpski demokratski forum","publisher":{"@id":"https:\/\/sdf.hr\/#organization"},"potentialAction":[{"@type":"SearchAction","target":{"@type":"EntryPoint","urlTemplate":"https:\/\/sdf.hr\/?s={search_term_string}"},"query-input":{"@type":"PropertyValueSpecification","valueRequired":true,"valueName":"search_term_string"}}],"inLanguage":"hr"},{"@type":"Organization","@id":"https:\/\/sdf.hr\/#organization","name":"SDF - Srpski demokratski forum","url":"https:\/\/sdf.hr\/","logo":{"@type":"ImageObject","inLanguage":"hr","@id":"https:\/\/sdf.hr\/#\/schema\/logo\/image\/","url":"https:\/\/sdf.hr\/wp-content\/uploads\/2021\/07\/logo-hr.svg","contentUrl":"https:\/\/sdf.hr\/wp-content\/uploads\/2021\/07\/logo-hr.svg","width":271,"height":100,"caption":"SDF - Srpski demokratski forum"},"image":{"@id":"https:\/\/sdf.hr\/#\/schema\/logo\/image\/"}}]}},"_links":{"self":[{"href":"https:\/\/sdf.hr\/hr\/wp-json\/wp\/v2\/nada\/3937","targetHints":{"allow":["GET"]}}],"collection":[{"href":"https:\/\/sdf.hr\/hr\/wp-json\/wp\/v2\/nada"}],"about":[{"href":"https:\/\/sdf.hr\/hr\/wp-json\/wp\/v2\/types\/nada"}],"wp:featuredmedia":[{"embeddable":true,"href":"https:\/\/sdf.hr\/hr\/wp-json\/wp\/v2\/media\/3934"}],"wp:attachment":[{"href":"https:\/\/sdf.hr\/hr\/wp-json\/wp\/v2\/media?parent=3937"}],"wp:term":[{"taxonomy":"post_tag","embeddable":true,"href":"https:\/\/sdf.hr\/hr\/wp-json\/wp\/v2\/tags?post=3937"},{"taxonomy":"atribut","embeddable":true,"href":"https:\/\/sdf.hr\/hr\/wp-json\/wp\/v2\/atribut?post=3937"}],"curies":[{"name":"wp","href":"https:\/\/api.w.org\/{rel}","templated":true}]}}