{"id":3945,"date":"2023-12-13T12:02:56","date_gmt":"2023-12-13T11:02:56","guid":{"rendered":"https:\/\/sdf.hr\/nada\/zbog-nas-sviraju-ulice\/"},"modified":"2023-12-13T12:02:56","modified_gmt":"2023-12-13T11:02:56","slug":"zbog-nas-sviraju-ulice","status":"publish","type":"nada","link":"https:\/\/sdf.hr\/hr\/nada\/zbog-nas-sviraju-ulice\/","title":{"rendered":"Zbog nas sviraju ulice"},"content":{"rendered":"<p><strong>Apolonije<\/strong> s Rodosa u svojoj &#8220;Agronautici&#8221;, kao i anti\u010dki putopisac <strong>Pausanius<\/strong> u svom &#8220;Opisu Gr\u010dke&#8221;, pripovijeda o dvojici bra\u0107e, Amfionu i Zetu, koji su izgradili Tebu. Amfion je bio op\u010dinjen lirom koju mu je podario Hermes, u \u010dijim zvucima bi u\u017eivao do te mjere da bi mu brat prigovarao da dangubi i da ga sviranje odvra\u0107a od gra\u0111evinskog rada. I dok se Zet upinjao svom snagom da pomakne i nasla\u017ee kamenje u tebanske zidine, Amfionovim notama kamenje se lako\u0107om podizalo i lebdjelo, nalije\u017eu\u0107i s meko\u0107om na svoje mjesto na hrpi. Rad muzi\u010dara na ulicama i trgovima, ne samo Tebe nego godinama kasnije suvremenih gr\u010dkih i drugih europskih gradova, li\u0161avan je karakteristika rada, tretiraju\u0107i se kao dokolica i \u017eivotarenje, iako su se gradovi i dr\u017eave nekada i danas njime na razli\u010dite na\u010dine okori\u0161tavali. U nekim trenucima je bilo oportuno taj potisnuti rad zabraniti, a u nekima regulirati ili nadzirati, a prezir prema uli\u010dnim muzi\u010darima bio je usporediv s prezirom prema drugim radnicima zahva\u0107enima u ekonomiju ulice, kao i prema nezaposlenima i korisnicima socijalne pomo\u0107i. Povijest putuju\u0107e i uli\u010dne muzike rijetko je zapisivana, uglavnom isklju\u010divo, kako napominje <strong>Harrison-Pepper<\/strong> 1990. u knjizi &#8220;Drawing a Circle in the Square&#8221;, u zakonima koji su se okomljivali na muzi\u010dare predbacuju\u0107i im lijenost, lutanje, buku i ometanje javnoga morala i reda. Svim tim odredbama sna\u017eno su doprinijeli i ksenofobija, rasizam i nacionalizam u kapitalisti\u010dkim stegama.<\/p>\n<p><strong>Daniel Mitrev<\/strong> iz Makedonije nave\u010der svira harmoniku na Glavnom kolodvoru u Zagrebu ili u Oktogonu. Radi u jednom stara\u010dkom domu kao njegovatelj, sviraju\u0107i obi\u010dno po par sati prije ili nakon smjene. Nije mu naporno s dva posla, ka\u017ee. Nakon \u0161to je dugo skrbio za majku oboljelu od karcinoma, ka\u017ee da &#8220;kada ve\u0107 du\u0161a opu\u0161ta od tijela, treba da osoba ima nekog pored sebe&#8221;. Nedavno je okupio bend s par ljudi iz Hrvatske i BiH, ali nikako da nagovori grupu da za po\u010detak zasviraju na ulici. Uz kavu, prije nego krene njegova no\u0107na smjena, ka\u017ee da je za prvog sviranja u Makedoniji za tri sata zaradio 20 eura. Sje\u0107a se nelagode, ali i predrasuda s kojima se susretao na po\u010detku.<\/p>\n<p>&#8211; Mama jedne drugarice u Makedoniji mi je \u0161utnula kutiju za harmoniku i rekla neka idem tra\u017eiti pravi posao. Kada sam doputovao u Zagreb, poslao sam drugarici da poka\u017ee mami koliko imam na ra\u010dunu, da vidi kako se pristojno od ovoga posla \u017eivi \u2013 pri\u010da Daniel.<\/p>\n<p>Proputovao je Makedoniju uzdu\u017e i poprijeko, a radio je i u Slova\u010dkoj i Crnoj Gori prije dolaska u Zagreb.<\/p>\n<p>&#8211; Provjerio sam postoje li kazne u Hrvatskoj jer si ne mogu priu\u0161titi da mi policija oduzme instrument. Naplate mogu biti i od 100 do 400 eura. U komunalnom redarstvu izvukao sam dozvolu koja vrijedi pet mjeseci. Obi\u010dno policija odbija dozvole izdati za mjesta gdje su dr\u017eavna administracija ili du\u0107ani. \u010cekam onda tako da se zatvore du\u0107ani u Oktogonu, oko 19.30, da mogu svirati. Tamo je fenomenalna akustika \u2013 dodaje.<\/p>\n<p>Daniel u\u017eiva u te\u0161kotu i tradicionalnim makedonskim pjesmama, vesele\u0107i se kada ih ljudi prepoznaju. Svira i <strong>To\u0161u Proeskog<\/strong>, a tokom studija razvio je interes i za bizantsku muziku.<\/p>\n<figure id=\"attachment_3941\" aria-describedby=\"caption-attachment-3941\" style=\"width: 1152px\" class=\"wp-caption alignnone\"><img loading=\"lazy\" decoding=\"async\" class=\"wp-image-3941 size-full\" src=\"https:\/\/sdf.hr\/wp-content\/uploads\/2023\/12\/Daniel-Mitrev.jpg\" alt=\"\" width=\"1152\" height=\"1609\" srcset=\"https:\/\/sdf.hr\/wp-content\/uploads\/2023\/12\/Daniel-Mitrev.jpg 1152w, https:\/\/sdf.hr\/wp-content\/uploads\/2023\/12\/Daniel-Mitrev-215x300.jpg 215w, https:\/\/sdf.hr\/wp-content\/uploads\/2023\/12\/Daniel-Mitrev-733x1024.jpg 733w, https:\/\/sdf.hr\/wp-content\/uploads\/2023\/12\/Daniel-Mitrev-768x1073.jpg 768w, https:\/\/sdf.hr\/wp-content\/uploads\/2023\/12\/Daniel-Mitrev-1100x1536.jpg 1100w\" sizes=\"auto, (max-width: 1152px) 100vw, 1152px\" \/><figcaption id=\"caption-attachment-3941\" class=\"wp-caption-text\">Daniel Mitrev<\/figcaption><\/figure>\n<p><strong>Magdalena Rogi\u0107<\/strong> s violinom i klavirom stvara od svoje devete godine, a danas poha\u0111a Glazbenu gimnaziju i neumorno osvaja nagrade na brojnim natjecanjima. Ka\u017ee, prvi put je nastupila u Lisinskom jo\u0161 u maminom trbuhu. <strong>Maja Rogi\u0107<\/strong>, tekstopisac, aran\u017eerka i voditeljica zbora Kiki\u0107i&amp;Genijalci koji djeluje ve\u0107 26 godina, na k\u0107er je prenijela ljubav prema muzici. Ova nadarena srednjo\u0161kolka odnedavno svira i u simfonijskom orkestru, u \u0161koli je dio klavirskoga trija, u sklopu je zbora i radila je na sinkronizaciji mjuzikla &#8220;Matilda&#8221; za Netflix.<\/p>\n<p>&#8211; U po\u010detku me ba\u0161 bilo strah stati pred ljude i svirati. Onda je profesor rekao mojoj mami da pet minuta ljeti stanem na rivu i sviram, kao na\u010din prevladavanja treme. Strah se lagano krenuo otapati i ja sam shvatila koliko u\u017eivam u tome. Sada sviram kad god se pru\u017ei prilika u \u0161kolskim obavezama \u2013 ka\u017ee Magdalena.<\/p>\n<p>Nakon \u0161to je cijelo ljeto svirala po pet minuta kao dijete, sama je uspjela u\u0161tedjeti za \u0161kolsku torbu.<\/p>\n<p>&#8211; Nau\u010dila sam raspolagati novcem, a danas, sviraju\u0107i, naravno, znatno du\u017ee, skupljam za novu violinu. Radi se o skupom instrumentu, ali malo po malo, uz trud i rad, znam da \u0107u uspjeti \u2013 dodaje.<\/p>\n<p>Magdalenin nastup ima oko dva sata programa s &#8220;Malom no\u0107nom muzikom&#8221;, &#8220;La Turkom&#8221;, &#8220;Vltavom&#8221;, <strong>Boccherinijevim<\/strong> &#8220;Menuetom&#8221;, &#8220;\u010carda\u0161om&#8221;, ali i &#8220;Despacitom&#8221;, &#8220;Senoritom&#8221;, &#8220;Memories&#8221;, <strong>Zdravkom \u010coli\u0107em<\/strong> i <strong>Oliverom Dragojevi\u0107em<\/strong>.<\/p>\n<p>&#8211; Sviram i Stonese i filmsku glazbu, od &#8220;Phantom of the Opera&#8221; do &#8220;Kuma&#8221; i &#8220;Titanica&#8221;. Oslobodila sam se potpuno kroz muziku i zna mi se desiti da mi odjednom samo nai\u0111e inspiracija, neka ideja za videospot ili pjesma koju moram u tom trenutku zapisati \u2013 pri\u010da Magdalena.<\/p>\n<p>Jednom su joj, prisje\u0107a se, pri\u0161li Koreanci kojima su prijatelji, koji su je slu\u0161ali na istom mjestu prije godina dana, preporu\u010dili da je svakako potra\u017ee kad budu u Zagrebu.<\/p>\n<p>Da uli\u010dnom muzikom odjekuju sna\u017eni glasovi mladih \u017eena svjedo\u010di i <strong>Maddie Williamson<\/strong>, gitaristica iz Kalifornije. Njezina je baka davnih 1910-tih otputovala za Ameriku iz Ogulina, a s obitelji se kao tinejd\u017eerica preselila u Chioggiu, pored Venecije. Tamo je po\u010dela svirati na ulici kao jedna od rijetkih u tom poslu u malom ribarskom gradu u kojem se zajedni\u0161tvo osje\u0107alo i kroz male geste, kao \u0161to su sladoled ili pizza u pauzi koje su joj znale donijeti starije prolaznice. Znala je da \u017eeli raditi ne\u0161to \u0161to je \u010dini sretnom, zbog \u010dega nije bilo dileme da \u0107e nastaviti svirati i po dolasku u Hrvatsku, u Puli i u Zagrebu. Ulica predstavlja i svojevrsni plan B, neku vrstu paradoksalne sigurnosti u ekonomski nesigurnom svijetu.<\/p>\n<p>&#8211; \u0160to god da se dogodi, ulica je uvijek tu \u2013 poru\u010duje.<\/p>\n<p>Maddie eksperimentira s jazzom, rockom, bluesom i funkom, a voli i improvizirati.<\/p>\n<p>&#8211; \u017delim se oku\u0161ati u razli\u010ditim \u017eanrovima kao muzi\u010darka da bih mogla pro\u0161iriti paletu mogu\u0107nosti u kreiranju vlastita stila. Ponekad se ne\u010dega sjetim i isprobam to na gitari, uvje\u017ebam i onda dora\u0111ujem u interakciji s ljudima \u2013 ka\u017ee Maddie.<\/p>\n<p>Represija prema uli\u010dnim muzi\u010darima ve\u017ee se uz poku\u0161aje &#8220;uvo\u0111enja reda&#8221; u Austro-Ugarskoj nakon Napoleonskih ratova, pa je pristup tim oblicima rada bio omogu\u0107en prete\u017eno ratnim veteranima s invaliditetom i drugim osobama sa socijalnim statusom, kojima je dr\u017eava pomagala u kupnji vergla. Regulacija rada uli\u010dnih muzi\u010dara u zate\u010denom obliku, gdje svira\u010di i pjeva\u010di putuju od mjesta do mjesta, bez stalne adrese i poslodavca koji ih ve\u017ee, nije bila opcija jer bi to ote\u017ealo prikupljanje poreza i nadzor nad prete\u017eno romskim i migrantskim stanovni\u0161tvom. Rasijalizirane radnike sputavalo se tako da bi im lokalna uprava dodijelila neko mjesto, prema kojem je bilo mogu\u0107e kontrolirati njihovo kretanje, a papiri se ni danas puno ne razlikuju u proceduri. Rasprave u novinama i parlamentima u 18. i 19. stolje\u0107u oko uli\u010dne muzike prelamale su se na pitanjima &#8220;uznemirenosti&#8221; i, slijedom toga, smanjenje produktivnosti radnika te &#8220;dolaska stranaca&#8221; sa svojim kulturama i na\u010dinom \u017eivotom na europske ulice.<\/p>\n<figure id=\"attachment_3943\" aria-describedby=\"caption-attachment-3943\" style=\"width: 768px\" class=\"wp-caption alignnone\"><img loading=\"lazy\" decoding=\"async\" class=\"wp-image-3943 size-full\" src=\"https:\/\/sdf.hr\/wp-content\/uploads\/2023\/12\/Magdalena-Rogic_1.jpg\" alt=\"\" width=\"768\" height=\"794\" srcset=\"https:\/\/sdf.hr\/wp-content\/uploads\/2023\/12\/Magdalena-Rogic_1.jpg 768w, https:\/\/sdf.hr\/wp-content\/uploads\/2023\/12\/Magdalena-Rogic_1-290x300.jpg 290w\" sizes=\"auto, (max-width: 768px) 100vw, 768px\" \/><figcaption id=\"caption-attachment-3943\" class=\"wp-caption-text\">Magdalena Rogi\u0107<\/figcaption><\/figure>\n<p>Dozvola za uli\u010dne muzi\u010dare regulira na kojim mjestima mogu, kada i koliko dugo svirati. Ta administrativna kontrola obi\u010dno zna\u010di razvla\u010denje od ureda do ureda, gdje nitko ne zna \u0161to uop\u0107e treba i kakva su pravila, a kreira i prostor za policijsko uznemiravanje. Pri\u010daju neki od na\u0161ih sugovornika, koji se nisu osje\u0107ali sigurnima podijeliti podatke, da u nekoj sobi netko napokon razgrne kartu Zagreba i ka\u017ee \u2013 mo\u017eete odabrati dvije lokacije. Dozvola se \u010deka 21 dan, ali \u010dak s privremenom dozvolom zna biti te\u0161ko\u0107a. Uli\u010dne muzi\u010dare gradske vlasti sve vi\u0161e rastjeruju s turisti\u010dkih lokacija, pa je tako na jednoj od stranica, na kojima uli\u010dni muzi\u010dari upozoravaju jedni druge, mogu\u0107e na\u0107i da je npr. na sjeveru Italije manje policije, a da su jezero Garda ili Amalfijska obala skoro pa van dosega. Policija, ka\u017eu, povremeno samo nezainteresirano pro\u0111e pored muzi\u010dara, a povremeno ih potjera, obru\u0161avaju\u0107i se na njih, ovisno o raspolo\u017eenju. Jednome se od njih dogodilo da mu je isti policajac pri\u0161ao dva dana zaredom s razli\u010ditim uputama. Prvi dan, kad mu je pokazao dozvolu, policajac je rekao \u2013 dobro, samo nemojte biti glasni. Drugi dan je opet pro\u0161ao i rekao muzi\u010daru da ne smije svirati, da nije bitno ima li dozvolu ili ne. Neki vlasnici trgovina tako\u0111er znaju biti neugodni tjeraju\u0107i uli\u010dne muzi\u010dare koji do\u0111u preblizu. No bez obzira na to, svaka osoba na koju smo nai\u0161li u \u0161etnji gradom isti\u010de da svakodnevno upozna i puno predivnih i dragih ljudi.<\/p>\n<p>Obezvre\u0111ivanjem uli\u010dne muzike kapital prekriva i njezinu stvarnu vrijednost, a na radu uli\u010dnih muzi\u010dara zara\u0111uju ugostiteljski objekti i turisti\u010dke zajednice, upravo institucije grada \u010dije politike ote\u017eavaju svakodnevnicu muzi\u010dara. Daniel primje\u0107uje da bi bilo jednostavnije kada bi uli\u010dni muzi\u010dari i drugi izvo\u0111a\u010di bili povezani u neki oblik radni\u010dke organizacije koja bi mogla zahtijevati bolje uvjete rada, pristup zdravstvenoj skrbi i stjecanje sta\u017ea za mirovinu.<\/p>\n<p>&#8211; Uli\u010dna muzika ni\u0161ta ne osigurava. Kada bi nastupao po kavanama ili koncertima, uzdr\u017eavao bih se na taj na\u010din, mogao bih samo jedan mjesec raditi kao strani dr\u017eavljanin. Poslije toga bih trebao proboraviti tri mjeseca izvan dr\u017eave i onda se tek vratiti. Budu\u0107i da sam zaposlen kao njegovatelj, imam pravo na godinu dana rada \u2013 ukazuje on kako reprodukcija nacionalnih dr\u017eava funkcionira u stratifikaciji prostornih i radnih odnosa.<\/p>\n<p>&#8211; Ne bi smjelo biti zakona protiv sviranja na ulicama. Vlast ne bi trebala ograni\u010davati mogu\u0107nost rada uli\u010dnim muzi\u010darima. Policija i administracija samo odma\u017eu. A nije da ikome nanosimo \u0161tetu &#8211; ka\u017ee jedan od na\u0161ih sugovornika.<\/p>\n<p>Upu\u0107uje nas na to da policija nije potrebna jer na ulici postoji ve\u0107 cijela jedna mre\u017ea solidarnosti temeljena na drugarstvu i uzajamnoj podr\u0161ci. Da je to zaista tako, pokazuje jedna i od Maddienih pri\u010da. Kada je svirala u Puli, jedan pijani mu\u0161karac joj je pri\u0161ao psuju\u0107i i prijete\u0107i. U blizini su bile dvije osobe koje je do tada samo sretala u prolazu i koje su pri\u0161le mu\u0161karcu i otjerale ga. Ka\u017ee, puno zna\u010de ti oblici savezni\u0161tva, spoznaja da \u0107e ti, ako se ne\u0161to dogodi, netko prisko\u010diti.<\/p>\n<p>Ima koja godina da se opet u Zagrebu mo\u017ee za\u010duti vergl, uz okretaje <strong>Had\u017eija Veljkovi\u0107a<\/strong> iz grupe Kraljevi ulice, u taktovima iz kojih isparava promrzli dah zapuhnut u rukavice i u\u017eurbana gradska vreva. U stvarnosti u kojoj se obeshrabruje bilo kakav oblik pobune i u\u017eitka, uli\u010dna muzika pokre\u0107e kamenje i naju\u010dmalijih mjesta, u svojim slobodarskim porivima izvla\u010de\u0107i iz pepela ono preostale vatre u obraze.<\/p>\n<p><em>pi\u0161e Nina \u010colovi\u0107<\/em><\/p>\n","protected":false},"excerpt":{"rendered":"<p>Daniel Mitrev iz Makedonije nave\u010der svira harmoniku na Glavnom kolodvoru u Zagrebu ili u Oktogonu. Nastup Magdalene Rogi\u0107 ima dva sata programa, od klasike do \u010coli\u0107a, Olivera i Stonesa. Maddie Williamson, gitaristica iz Kalifornije, svira u Puli i u Zagrebu. &#8220;\u0160to god da se dogodi, ulica je uvijek tu&#8221;, poru\u010duje<\/p>\n","protected":false},"featured_media":3940,"template":"","tags":[130],"atribut":[],"class_list":["post-3945","nada","type-nada","status-publish","has-post-thumbnail","hentry","tag-tema"],"acf":[],"yoast_head":"<!-- This site is optimized with the Yoast SEO plugin v27.4 - https:\/\/yoast.com\/product\/yoast-seo-wordpress\/ -->\n<title>Zbog nas sviraju ulice - SDF - Srpski demokratski forum<\/title>\n<meta name=\"robots\" content=\"index, follow, max-snippet:-1, max-image-preview:large, max-video-preview:-1\" \/>\n<link rel=\"canonical\" href=\"https:\/\/sdf.hr\/hr\/nada\/zbog-nas-sviraju-ulice\/\" \/>\n<meta property=\"og:locale\" content=\"hr_HR\" \/>\n<meta property=\"og:type\" content=\"article\" \/>\n<meta property=\"og:title\" content=\"Zbog nas sviraju ulice - SDF - Srpski demokratski forum\" \/>\n<meta property=\"og:description\" content=\"Daniel Mitrev iz Makedonije nave\u010der svira harmoniku na Glavnom kolodvoru u Zagrebu ili u Oktogonu. Nastup Magdalene Rogi\u0107 ima dva sata programa, od klasike do \u010coli\u0107a, Olivera i Stonesa. Maddie Williamson, gitaristica iz Kalifornije, svira u Puli i u Zagrebu. &quot;\u0160to god da se dogodi, ulica je uvijek tu&quot;, poru\u010duje\" \/>\n<meta property=\"og:url\" content=\"https:\/\/sdf.hr\/hr\/nada\/zbog-nas-sviraju-ulice\/\" \/>\n<meta property=\"og:site_name\" content=\"SDF - Srpski demokratski forum\" \/>\n<meta property=\"og:image\" content=\"https:\/\/sdf.hr\/wp-content\/uploads\/2023\/12\/Daniel-Mitrev.jpg\" \/>\n<meta name=\"twitter:card\" content=\"summary_large_image\" \/>\n<meta name=\"twitter:label1\" content=\"Procijenjeno vrijeme \u010ditanja\" \/>\n\t<meta name=\"twitter:data1\" content=\"10 minuta\" \/>\n<script type=\"application\/ld+json\" class=\"yoast-schema-graph\">{\"@context\":\"https:\\\/\\\/schema.org\",\"@graph\":[{\"@type\":\"WebPage\",\"@id\":\"https:\\\/\\\/sdf.hr\\\/hr\\\/nada\\\/zbog-nas-sviraju-ulice\\\/\",\"url\":\"https:\\\/\\\/sdf.hr\\\/hr\\\/nada\\\/zbog-nas-sviraju-ulice\\\/\",\"name\":\"Zbog nas sviraju ulice - SDF - Srpski demokratski forum\",\"isPartOf\":{\"@id\":\"https:\\\/\\\/sdf.hr\\\/#website\"},\"primaryImageOfPage\":{\"@id\":\"https:\\\/\\\/sdf.hr\\\/hr\\\/nada\\\/zbog-nas-sviraju-ulice\\\/#primaryimage\"},\"image\":{\"@id\":\"https:\\\/\\\/sdf.hr\\\/hr\\\/nada\\\/zbog-nas-sviraju-ulice\\\/#primaryimage\"},\"thumbnailUrl\":\"https:\\\/\\\/sdf.hr\\\/wp-content\\\/uploads\\\/2023\\\/12\\\/Maddie-Williamson_4.jpg\",\"datePublished\":\"2023-12-13T11:02:56+00:00\",\"breadcrumb\":{\"@id\":\"https:\\\/\\\/sdf.hr\\\/hr\\\/nada\\\/zbog-nas-sviraju-ulice\\\/#breadcrumb\"},\"inLanguage\":\"hr\",\"potentialAction\":[{\"@type\":\"ReadAction\",\"target\":[\"https:\\\/\\\/sdf.hr\\\/hr\\\/nada\\\/zbog-nas-sviraju-ulice\\\/\"]}]},{\"@type\":\"ImageObject\",\"inLanguage\":\"hr\",\"@id\":\"https:\\\/\\\/sdf.hr\\\/hr\\\/nada\\\/zbog-nas-sviraju-ulice\\\/#primaryimage\",\"url\":\"https:\\\/\\\/sdf.hr\\\/wp-content\\\/uploads\\\/2023\\\/12\\\/Maddie-Williamson_4.jpg\",\"contentUrl\":\"https:\\\/\\\/sdf.hr\\\/wp-content\\\/uploads\\\/2023\\\/12\\\/Maddie-Williamson_4.jpg\",\"width\":864,\"height\":958,\"caption\":\"Maddie Williamson\"},{\"@type\":\"BreadcrumbList\",\"@id\":\"https:\\\/\\\/sdf.hr\\\/hr\\\/nada\\\/zbog-nas-sviraju-ulice\\\/#breadcrumb\",\"itemListElement\":[{\"@type\":\"ListItem\",\"position\":1,\"name\":\"Po\u010detna stranica\",\"item\":\"https:\\\/\\\/sdf.hr\\\/hr\\\/\"},{\"@type\":\"ListItem\",\"position\":2,\"name\":\"Nada\",\"item\":\"https:\\\/\\\/sdf.hr\\\/nada\\\/\"},{\"@type\":\"ListItem\",\"position\":3,\"name\":\"Zbog nas sviraju ulice\"}]},{\"@type\":\"WebSite\",\"@id\":\"https:\\\/\\\/sdf.hr\\\/#website\",\"url\":\"https:\\\/\\\/sdf.hr\\\/\",\"name\":\"SDF - Srpski demokratski forum\",\"description\":\"Srpski demokratski forum\",\"publisher\":{\"@id\":\"https:\\\/\\\/sdf.hr\\\/#organization\"},\"potentialAction\":[{\"@type\":\"SearchAction\",\"target\":{\"@type\":\"EntryPoint\",\"urlTemplate\":\"https:\\\/\\\/sdf.hr\\\/?s={search_term_string}\"},\"query-input\":{\"@type\":\"PropertyValueSpecification\",\"valueRequired\":true,\"valueName\":\"search_term_string\"}}],\"inLanguage\":\"hr\"},{\"@type\":\"Organization\",\"@id\":\"https:\\\/\\\/sdf.hr\\\/#organization\",\"name\":\"SDF - Srpski demokratski forum\",\"url\":\"https:\\\/\\\/sdf.hr\\\/\",\"logo\":{\"@type\":\"ImageObject\",\"inLanguage\":\"hr\",\"@id\":\"https:\\\/\\\/sdf.hr\\\/#\\\/schema\\\/logo\\\/image\\\/\",\"url\":\"https:\\\/\\\/sdf.hr\\\/wp-content\\\/uploads\\\/2021\\\/07\\\/logo-hr.svg\",\"contentUrl\":\"https:\\\/\\\/sdf.hr\\\/wp-content\\\/uploads\\\/2021\\\/07\\\/logo-hr.svg\",\"width\":271,\"height\":100,\"caption\":\"SDF - Srpski demokratski forum\"},\"image\":{\"@id\":\"https:\\\/\\\/sdf.hr\\\/#\\\/schema\\\/logo\\\/image\\\/\"}}]}<\/script>\n<!-- \/ Yoast SEO plugin. -->","yoast_head_json":{"title":"Zbog nas sviraju ulice - SDF - Srpski demokratski forum","robots":{"index":"index","follow":"follow","max-snippet":"max-snippet:-1","max-image-preview":"max-image-preview:large","max-video-preview":"max-video-preview:-1"},"canonical":"https:\/\/sdf.hr\/hr\/nada\/zbog-nas-sviraju-ulice\/","og_locale":"hr_HR","og_type":"article","og_title":"Zbog nas sviraju ulice - SDF - Srpski demokratski forum","og_description":"Daniel Mitrev iz Makedonije nave\u010der svira harmoniku na Glavnom kolodvoru u Zagrebu ili u Oktogonu. Nastup Magdalene Rogi\u0107 ima dva sata programa, od klasike do \u010coli\u0107a, Olivera i Stonesa. Maddie Williamson, gitaristica iz Kalifornije, svira u Puli i u Zagrebu. \"\u0160to god da se dogodi, ulica je uvijek tu\", poru\u010duje","og_url":"https:\/\/sdf.hr\/hr\/nada\/zbog-nas-sviraju-ulice\/","og_site_name":"SDF - Srpski demokratski forum","og_image":[{"url":"https:\/\/sdf.hr\/wp-content\/uploads\/2023\/12\/Daniel-Mitrev.jpg","type":"","width":"","height":""}],"twitter_card":"summary_large_image","twitter_misc":{"Procijenjeno vrijeme \u010ditanja":"10 minuta"},"schema":{"@context":"https:\/\/schema.org","@graph":[{"@type":"WebPage","@id":"https:\/\/sdf.hr\/hr\/nada\/zbog-nas-sviraju-ulice\/","url":"https:\/\/sdf.hr\/hr\/nada\/zbog-nas-sviraju-ulice\/","name":"Zbog nas sviraju ulice - SDF - Srpski demokratski forum","isPartOf":{"@id":"https:\/\/sdf.hr\/#website"},"primaryImageOfPage":{"@id":"https:\/\/sdf.hr\/hr\/nada\/zbog-nas-sviraju-ulice\/#primaryimage"},"image":{"@id":"https:\/\/sdf.hr\/hr\/nada\/zbog-nas-sviraju-ulice\/#primaryimage"},"thumbnailUrl":"https:\/\/sdf.hr\/wp-content\/uploads\/2023\/12\/Maddie-Williamson_4.jpg","datePublished":"2023-12-13T11:02:56+00:00","breadcrumb":{"@id":"https:\/\/sdf.hr\/hr\/nada\/zbog-nas-sviraju-ulice\/#breadcrumb"},"inLanguage":"hr","potentialAction":[{"@type":"ReadAction","target":["https:\/\/sdf.hr\/hr\/nada\/zbog-nas-sviraju-ulice\/"]}]},{"@type":"ImageObject","inLanguage":"hr","@id":"https:\/\/sdf.hr\/hr\/nada\/zbog-nas-sviraju-ulice\/#primaryimage","url":"https:\/\/sdf.hr\/wp-content\/uploads\/2023\/12\/Maddie-Williamson_4.jpg","contentUrl":"https:\/\/sdf.hr\/wp-content\/uploads\/2023\/12\/Maddie-Williamson_4.jpg","width":864,"height":958,"caption":"Maddie Williamson"},{"@type":"BreadcrumbList","@id":"https:\/\/sdf.hr\/hr\/nada\/zbog-nas-sviraju-ulice\/#breadcrumb","itemListElement":[{"@type":"ListItem","position":1,"name":"Po\u010detna stranica","item":"https:\/\/sdf.hr\/hr\/"},{"@type":"ListItem","position":2,"name":"Nada","item":"https:\/\/sdf.hr\/nada\/"},{"@type":"ListItem","position":3,"name":"Zbog nas sviraju ulice"}]},{"@type":"WebSite","@id":"https:\/\/sdf.hr\/#website","url":"https:\/\/sdf.hr\/","name":"SDF - Srpski demokratski forum","description":"Srpski demokratski forum","publisher":{"@id":"https:\/\/sdf.hr\/#organization"},"potentialAction":[{"@type":"SearchAction","target":{"@type":"EntryPoint","urlTemplate":"https:\/\/sdf.hr\/?s={search_term_string}"},"query-input":{"@type":"PropertyValueSpecification","valueRequired":true,"valueName":"search_term_string"}}],"inLanguage":"hr"},{"@type":"Organization","@id":"https:\/\/sdf.hr\/#organization","name":"SDF - Srpski demokratski forum","url":"https:\/\/sdf.hr\/","logo":{"@type":"ImageObject","inLanguage":"hr","@id":"https:\/\/sdf.hr\/#\/schema\/logo\/image\/","url":"https:\/\/sdf.hr\/wp-content\/uploads\/2021\/07\/logo-hr.svg","contentUrl":"https:\/\/sdf.hr\/wp-content\/uploads\/2021\/07\/logo-hr.svg","width":271,"height":100,"caption":"SDF - Srpski demokratski forum"},"image":{"@id":"https:\/\/sdf.hr\/#\/schema\/logo\/image\/"}}]}},"_links":{"self":[{"href":"https:\/\/sdf.hr\/hr\/wp-json\/wp\/v2\/nada\/3945","targetHints":{"allow":["GET"]}}],"collection":[{"href":"https:\/\/sdf.hr\/hr\/wp-json\/wp\/v2\/nada"}],"about":[{"href":"https:\/\/sdf.hr\/hr\/wp-json\/wp\/v2\/types\/nada"}],"wp:featuredmedia":[{"embeddable":true,"href":"https:\/\/sdf.hr\/hr\/wp-json\/wp\/v2\/media\/3940"}],"wp:attachment":[{"href":"https:\/\/sdf.hr\/hr\/wp-json\/wp\/v2\/media?parent=3945"}],"wp:term":[{"taxonomy":"post_tag","embeddable":true,"href":"https:\/\/sdf.hr\/hr\/wp-json\/wp\/v2\/tags?post=3945"},{"taxonomy":"atribut","embeddable":true,"href":"https:\/\/sdf.hr\/hr\/wp-json\/wp\/v2\/atribut?post=3945"}],"curies":[{"name":"wp","href":"https:\/\/api.w.org\/{rel}","templated":true}]}}