{"id":3972,"date":"2023-12-24T09:30:12","date_gmt":"2023-12-24T08:30:12","guid":{"rendered":"https:\/\/sdf.hr\/nada\/lenhart-tapes-buvljaci-su-mi-velika-inspiracija\/"},"modified":"2024-01-14T15:57:13","modified_gmt":"2024-01-14T14:57:13","slug":"lenhart-tapes-buvljaci-su-mi-velika-inspiracija","status":"publish","type":"nada","link":"https:\/\/sdf.hr\/hr\/nada\/lenhart-tapes-buvljaci-su-mi-velika-inspiracija\/","title":{"rendered":"Lenhart Tapes: Buvljaci su mi velika inspiracija"},"content":{"rendered":"<p>Jedan \u010dovjek, \u010detiri vokmena, izobli\u010deni semplovi i mnogo, mnogo buke. Terenske snimke s Manja\u010de, magi\u010dne dionice <strong>Mileta Basa<\/strong>, gusle <strong>\u010cede \u0106ur\u010di\u0107a<\/strong>, komadi\u0107i otkinuti od krautrock grupe Faust, La Monte Younga, a sve za\u010dinjeno s polomljenim vokalom <strong>Ip\u010deta Ahmedovskog<\/strong>. Sve mo\u017ee, sipaj jo\u0161. Po ovom receptu, otprilike, svira i dizajnira svoj jedinstveni zvuk <strong>Lenhart Tapes<\/strong>. <strong>Vladimir Lenhart<\/strong> (1978.) iz Kova\u010dice, slova\u010dke varo\u0161ice u Ju\u017enobanatskom okrugu, inzistira na X povijesti umjetnosti van glavnih tokova. O\u017eivljava sve \u0161to je skrajnuto i \u0161to prolazi mimo nas. Neumorni pregalac nastupa od 2010. po sumanutim svjetskim festivalima i beogradskim bud\u017eacima, a u proteklom periodu Lenhart Tapes skuplja samo izuzetne recenzije svog najnovijeg albuma &#8220;Dens&#8221; u izdanju Glitterbeat Recordsa. Okru\u017een je vrsnim interpretatoricama balkanske tradicijske muzike, <strong>Tijanom Stankovi\u0107<\/strong>, <strong>Svetlanom Spaji\u0107<\/strong> i <strong>Mirjanom Rai\u0107<\/strong> te pjeva\u010dicom <strong>Zojom Borov\u010danin<\/strong> iz grupe Lira Vega. S Vladimirom smo razgovarali u Beogradu, a fotografirali smo ga, nimalo slu\u010dajno, na Bajlonijevoj pijaci. Svu opremu za stvaranje, sve kasete, ma svu svoju inspiraciju, nosio je u naramku s buvljaka.<\/p>\n<p><strong>U novembru ste nastupili u zagreba\u010dkoj Mo\u010dvari, prvi put nakon deset godina, prvi put samostalno. Prili\u010dno se zagu\u017evalo u redu za karte. Po va\u0161oj reakciji bih rekla da takvo ne\u0161to niste o\u010dekivali?<\/strong><\/p>\n<p>Red na ulazu za svoj nastup nisam video u \u017eivotu! Pogotovo jer nisam ni imao mnogo solo koncerata, obi\u010dno nastupam na festivalima. Prva svirka u Zagrebu i ova zadnja ne mo\u017ee da se porede. Tada je bilo izme\u0111u deset i petnaest ljudi. Za ovo \u0161to se desilo u Mo\u010dvari je svakako zaslu\u017ena me\u0111unarodna izdava\u010dka ku\u0107a Glitterbeat, napravio se hajp oko albuma. Naravno, ne mogu da ka\u017eem da je to samo rezultat dobrog marketinga, i moj izraz je napredovao, malo sam se pro\u0161irio u tom <em>undergroundu<\/em>. A i ovo \u0161to ja radim nije neka igranka za ispijanje piva i zezanje, zahteva slu\u0161anje i pa\u017enju. To je, u su\u0161tini, naporna muzika.<\/p>\n<p><strong>Isprva sam bila iznena\u0111ena \u0161to se malo ljudi razbacalo na podiju, ali shva\u0107am da je potrebna velika tjelesna anga\u017eiranost da bi se na va\u0161em setu odr\u017eao neki plesni pokret. Dopire toliko razli\u010ditih semplova, nije lako uhvatiti se za jednu nit. Hermeti\u010dno je to.<\/strong><\/p>\n<p>Hermeti\u010dan sam i ne stidim se toga, to mi je obele\u017eje. Ne bih voleo da to bude pravi dance, samo volim da koketiram. Nije mi cilj da bude napucano. Znate ono, truba\u010di i tehno, meni to nikad nije bilo napeto. Ali pravim brejkove da ne dr\u017eim ljude zategnute, dajem slobodu i da zaple\u0161u na sav taj <em>noise<\/em>. Prave zvezde mojih koncerata su peva\u010dice. Ja nisam, ja sam dosadan lik koji bulji u opremu i zavr\u0107e dugmi\u0107e. Sada imam vi\u0161e komunikacije s publikom upravo zahvaljuju\u0107i mojim go\u0161\u0107ama. A kada sam po\u010deo da se interesujem za folk, samo sam kopao dublje. Ne zanima me ono \u0161to je na povr\u0161ini i svima dostupno. Ako uzmemo da prepevavamo neku pesmu i da je revitalizujemo na neki na\u010din, ne gledam onu koja je prva na top listi. Zanima me pesma koja uop\u0161te nije na top listi. To ima veze i sa muzikom nacionalnih manjina koju volim da istra\u017eujem \u2013 ta skrivena blaga se dr\u017ee u zajednici i ne iska\u010du napolje. One i jesu pravljene da ostanu unutar nekih okvira, nisu imali pretenzije da dobiju \u0161iri auditorijum. Ne sudim o kvaliteti pesme na produkcijskom, aran\u017emanskom nivou \u2013 tragam za samom melodijom, tra\u017eim vapaj i \u010de\u017enju.<\/p>\n<figure id=\"attachment_3966\" aria-describedby=\"caption-attachment-3966\" style=\"width: 2560px\" class=\"wp-caption alignnone\"><img loading=\"lazy\" decoding=\"async\" class=\"wp-image-3966 size-full\" src=\"https:\/\/sdf.hr\/wp-content\/uploads\/2023\/12\/Lenhart2_Aleksa-Vitorovic-scaled.jpg\" alt=\"\" width=\"2560\" height=\"1697\" srcset=\"https:\/\/sdf.hr\/wp-content\/uploads\/2023\/12\/Lenhart2_Aleksa-Vitorovic-scaled.jpg 2560w, https:\/\/sdf.hr\/wp-content\/uploads\/2023\/12\/Lenhart2_Aleksa-Vitorovic-300x199.jpg 300w, https:\/\/sdf.hr\/wp-content\/uploads\/2023\/12\/Lenhart2_Aleksa-Vitorovic-1024x679.jpg 1024w, https:\/\/sdf.hr\/wp-content\/uploads\/2023\/12\/Lenhart2_Aleksa-Vitorovic-768x509.jpg 768w, https:\/\/sdf.hr\/wp-content\/uploads\/2023\/12\/Lenhart2_Aleksa-Vitorovic-1536x1018.jpg 1536w, https:\/\/sdf.hr\/wp-content\/uploads\/2023\/12\/Lenhart2_Aleksa-Vitorovic-2048x1358.jpg 2048w\" sizes=\"auto, (max-width: 2560px) 100vw, 2560px\" \/><figcaption id=\"caption-attachment-3966\" class=\"wp-caption-text\">Foto: Aleksa Vitorovi\u0107<\/figcaption><\/figure>\n<p><strong>Ethno-noise je, rekli ste, va\u0161a kovanica, na brzinu sklepana izmi\u0161ljotina. Gdje se doti\u010du?<\/strong><\/p>\n<p>U samom zvuku. Postoji etno muzika koja gotovo da grani\u010di s noisom. Bukvalno ne mo\u017ee\u0161 da razlikuje\u0161 ne\u0161to iz korpusa narodne muzike i britanskog producenta <strong>Muslimgauzea<\/strong>. Neke frekvencije jesu iste, bar za mene, \u010dujem sli\u010dnosti. Ili na primer, marokanske zurle i japanska elektronika. Te dve muzike sli\u010dno vibriraju u mom telu, a to je na\u010din na koji slu\u0161am muziku \u2013 telom. To podjednako rezonuje i odjekuje u mom mozgu i du\u0161i.<\/p>\n<p><strong>Live act Lenhart Tapes je upe\u010datljiv i za gledanje. Koristite opremu iz pro\u0161log stolje\u0107a, sve se de\u0161ava brzo, kao da imate \u010detiri ruke, malim prstom premotavate kasete, bacate ih iz kazetofona u kazetofon&#8230; Odajete utisak, ili je to samo varka, kao da nemate potpunu kontrolu. Pa da li je uop\u0107e mogu\u0107e imati kontrolu nad ma\u0161inama?<\/strong><\/p>\n<p>Pa sad uspostavljam kontrolu nad instrumentima. Pre sam se dosta prepu\u0161tao situaciji, nisam premotavao kasete, kao, znam da je ovo dobra kaseta, gde god zabodem bi\u0107e taman. \u010cesto me je \u0161okiralo \u0161ta se tu de\u0161ava, vozio me je efekat iznena\u0111enja. Ali u poslednje vreme, pogotovo otkad nastupam s peva\u010dicama i kad pravimo aran\u017emane i redosled pesama, volim da znam \u0161ta ide u kojem trenutku. Ne fali mi improvizacija, ona se svakako desi. To je neka metrika, koliko \u0107e \u010dega i kad da uleti. Kaseta kad se zavrti nema nazad, nije digitalna manipulacija, nego analogna i u tome je velika razlika. Zna da se desi ne\u0161to ne\u017eeljeno, ali to isto mo\u017ee da doprinese atmosferi. Se\u0107am se, u Makedoniji mi je pukla jako bitna traka, koreanski muzi\u010dari. Zato radim <em>backupove<\/em>. A i kad pukne kaseta, ne odustajem od nje. Lepim je i ona i dalje mo\u017ee da radi, mada nekad ode do\u0111avola nepovratno. Pitali su me neki za\u0161to se zezam s tim, za\u0161to vu\u010dem toliku opremu. To sve laptop mo\u017ee da zavr\u0161i na keca, ali meni ne mo\u017ee, ne \u017eelim! Kazetofone koristim kao muzi\u010dke instrumente. Volim taj performans, da imam interakciju s opremom, da to nije kliktanje lera u softveru.<\/p>\n<p><strong>Na va\u0161im koncertima znalo je biti zgra\u017eavanja, ali i potpune dekadencije. Kakve lepeze reakcije ste dobivali otkad nastupate? Sigurna sam da vas mnogi pitaju ono dosadno pitanje \u2013 da li je sve ovo samo ironija?<\/strong><\/p>\n<p>Na po\u010detku je bilo ironije u odre\u0111enim segmentima, ali sam oduvek uzdizao ono \u0161to istinski volim. Recimo, semplujem Ju\u017eni vetar zbog fantasti\u010dne bas linije u njihovim izdanjima. A na nastupima je bilo svega, od sabla\u017enjavanja, preko suzdr\u017eanosti, pa do onih koji skidaju ga\u0107e. Ali najvi\u0161e ima pozitivnih reakcija. Mada, znalo je biti nezgodno petljanje s narodnja\u010dkim elementima kad bih se na\u0161ao na nekom ekskluzivnom, urbanom mestu. U Sarajevu mi je vlasnik kluba rekao da ga moja muzika podse\u0107a na rat. Sa Mirjanom Rai\u0107 sam nastupao u jednom sku\u010denom prostoru u Beogradu. Iznad nas je bio televizor, pitao sam gazdu da pusti rijaliti Parove. To je bila ona najja\u010da sezona kad je bio <strong>\u0110us<\/strong>, ako se se\u0107ate? I tako smo peglali dok se iznad nas vrteo rijaliti u udarnom terminu. I jesam imao agendu da bude provokativno. Bar deset ljudi mu je pri\u0161lo i pitalo za\u0161to pu\u0161ta Parove, da li je normalan. Na ranijim nastupima kao vizuali su se vrteli neki prastari, opskurni porno filmovi. Ipak, mislim da mi je najdra\u017ei jedan DVD na kojem je potpisan izvesni <strong>DJ Ceko<\/strong>. U amaterskom kadru su ljudi koji sede negde u Makedoniji na ulici, samo tako sede, jedu, piju i sviraju za svoje ljude. I to traje. <em>Found footage<\/em>, takore\u0107i. Ja sviram, a iznad mene projekcija dve ogromne fla\u0161e Fante. Jako me je to zabavljalo. Kad me pitaju: &#8220;E, jel&#8217; ima\u0161 neke vizuale&#8221;, ka\u017eem pa kako ne. DJ Ceko. Sve kako ne treba, to je moto!<\/p>\n<p><strong>U posljednje vrijeme nastupate s pjeva\u010dicama tradicijske muzike. Mogu samo pretpostaviti koliko je njima izazovno nadovezati se na vas. One ina\u010de pjevaju bez muzi\u010dke podloge, a vi im dajte zahtjevan beat. Kako ste se povezali?<\/strong><\/p>\n<p>Njih je zanimalo \u0161ta ja mogu da dam kao neki suludi DJ. Sa Tijanom Stankovi\u0107 sara\u0111ujem odavno, ali nije bilo planirano da nastupamo zajedno. Pitao sam je: &#8220;\u0160ta misli\u0161 da ovu kraji\u0161ku pesmu spojimo s marokanskom gnavom, ima li <em>groova<\/em>?&#8221; I tako je nastala &#8220;Nema raja&#8221;. Ona ima veliko iskustvo pode\u0161avanja glasa. Zahvalan sam \u0161to sam okupio peva\u010dke veli\u010dine oko sebe. Njih niko nije zvao za ovakve saradnje, uglavnom imaju konvencionalnije nastupe. Mo\u017eda jesam diletant, ali sam muzikalan. Znam \u0161ta sa \u010dim mo\u017ee da spoji, pa\u017eljivo je odabran svaki <em>loop<\/em> sa svakom melodijom. One to \u010duju, ne pri\u010daju sa mnom o partiturama, ve\u0107 o frekvencijama, mi se tu pronalazimo. Svetlanu sam zvao da otpeva jednu slova\u010dku pesmu, to je bio iscrpan radni proces. Ja sam im tu do\u0161ao kao neka sinteza. Znale su da ne znam muzi\u010dku teoriju, ali njima je to bilo super. Tijana i Mirjana su bile u fazonu \u2013 hajde da razbijemo ovo za\u010darano kolo akademizma!<\/p>\n<figure id=\"attachment_3968\" aria-describedby=\"caption-attachment-3968\" style=\"width: 2560px\" class=\"wp-caption alignnone\"><img loading=\"lazy\" decoding=\"async\" class=\"wp-image-3968 size-full\" src=\"https:\/\/sdf.hr\/wp-content\/uploads\/2023\/12\/Lenhart3_Aleksa-Vitorovic-scaled.jpg\" alt=\"\" width=\"2560\" height=\"1697\" srcset=\"https:\/\/sdf.hr\/wp-content\/uploads\/2023\/12\/Lenhart3_Aleksa-Vitorovic-scaled.jpg 2560w, https:\/\/sdf.hr\/wp-content\/uploads\/2023\/12\/Lenhart3_Aleksa-Vitorovic-300x199.jpg 300w, https:\/\/sdf.hr\/wp-content\/uploads\/2023\/12\/Lenhart3_Aleksa-Vitorovic-1024x679.jpg 1024w, https:\/\/sdf.hr\/wp-content\/uploads\/2023\/12\/Lenhart3_Aleksa-Vitorovic-768x509.jpg 768w, https:\/\/sdf.hr\/wp-content\/uploads\/2023\/12\/Lenhart3_Aleksa-Vitorovic-1536x1018.jpg 1536w, https:\/\/sdf.hr\/wp-content\/uploads\/2023\/12\/Lenhart3_Aleksa-Vitorovic-2048x1357.jpg 2048w\" sizes=\"auto, (max-width: 2560px) 100vw, 2560px\" \/><figcaption id=\"caption-attachment-3968\" class=\"wp-caption-text\">Foto: Aleksa Vitorovi\u0107<\/figcaption><\/figure>\n<p><strong>Izdvojila bih pjesmu &#8220;Mejremo&#8221; s novog albuma. Verziju te pjesme je, barem u mojoj generaciji, popularizirao Aca Lukas. Dugo sam mislila da je njen tvorac Muharem Serbezovski, nisam i\u0161la dalje od toga. Vi ste stvar vratili na izvor, u Tursku.<\/strong><\/p>\n<p>Ta pesma je do\u017eivela razne inkarnacije, ja znam tri. Mi smo uzeli goransku verziju te turske pesme. Tijana ju je na\u0161la i meni je to zaista bilo <em>mindblowing<\/em>. Prave\u0107i tu pesmu koristio sam <em>loop <\/em>od grupe This Heat, to je engleska post-punk grupa iz 1970-ih. Me\u0111utim, nisam uspeo da dobijem autorska prava za taj ise\u010dak pa smo je radili iznova. Imitirali smo, snimali smo nove matrice za tu pesmu i ljudi prepoznaju da ima sli\u010dnih elemenata. Hteo sam da spojim hladni evropski industrial s orijentalnim \u017ealom. Ina\u010de, kre\u0107em se ispod radara s autorskim pravima. Kad bih krenuo da \u010distim semplove, nikad ne bih izdao ni\u0161ta. Ve\u0107ina muzike koju koristim ni nema izdava\u010da. Ono \u0161to uzimam posmatram kao fusnote ili citate, ne kao rabljenje ne\u010dijih melodija i zvukova. Koliko volim <strong>Muharema Serbezovskog<\/strong>, toliko volim <strong>Petera Br\u00f6tzmanna<\/strong>, nema\u010dkog saksofonistu. Sama ideja da to bude spojeno mi je mnogo va\u017ena.<\/p>\n<p><strong>Kolekciju kaseta i vokmena prikupljate po pijacama i buvljacima. Na jednom komadu najlona na\u0161li ste Gadafijevu Zelenu knjigu?<\/strong><\/p>\n<p>Na\u0161ao sam \u010ditav kontigent kaseta, na tri govorne kasete je cela <strong>Gadafijeva <\/strong>knjiga. To nema ni izdava\u010da, snimljeno je, pretpostavljam, za potrebe ambasade ili Libijsko-jugoslovenskog prijateljstva koje je u to vreme postojalo. Peva\u010dici Zoji Borov\u010danin je zabavno da na nastupu iz fizi\u010dkog izdanja \u010dita, tj. opona\u0161a delove iz knjige koje semplujem. Pesma &#8220;D\u017eamahirija&#8221; je na\u0161 mali oma\u017e arapskom socijalizmu koji je utopijski za\u017eiveo u nekom periodu u pro\u0161lom veku. Zato su mi buvljaci velika inspiracija, tamo stara vremena i dalje \u017eive. Sam taj doga\u0111aj, to mesto, \u010dinjenica da si na\u0161ao ne\u0161to \u0161to neko smatra sme\u0107em, a za tebe je blago, to je tako uzbudljivo. Omiljena mi je Najlon pijaca u Novom Sadu, kakvo je to bogatstvo! Nema ni\u0161ta lep\u0161e nego kad ti prodavac za robu iz kontejnera ka\u017ee: &#8220;Antika, brate!&#8221; Jo\u0161 i Zemun, Pan\u010devo, volim i Hreli\u0107, tamo sam bio samo jednom. Obilazio sam pijace po zapadu, ali to je ne\u0161to sasvim drugo, druge su vrednosti u pitanju. Ima ne\u0161to u tome za\u0161to je ta muzika nastala ovde, a ne preko. Zanimljiv je \u017eivot i dinamika koja se odvija na na\u0161im buvljacima. Vi\u0161e je interakcija me\u0111u ljudima, pri\u010daju se gluposti, cenka se&#8230; A Hreli\u0107 je ta\u010dno izme\u0111u Balkana i Evrope. To se sve da i\u0161\u010ditati po buvljacima.<\/p>\n<p><strong>Mnogo va\u0161ih kolega i prijatelja ba\u0161tini najbolje od narodne umjetnosti kroz raznolike forme izra\u017eavanja. Zajedni\u010dka je ta posve\u0107enost i strastveni narativ isprepleten oko kulturnog naslje\u0111a. Koliko je, u tom smislu, AKC Matrijar\u0161ija va\u017ena kao neko mrjestili\u0161te i infrastruktura?<\/strong><\/p>\n<p>Drago mi je da to pitate. Da nema Matrijar\u0161ije, ne znam da li bi postojalo ovo \u0161to ja radim, bar ne u ovoj formi u kojoj je sad. Matrijar\u0161ija i ja smo krenuli u sli\u010dno vreme. Kod njih u Zemunu, na prvoj lokaciji, mogao sam da radim sve. Napravili su prostor za sviranje, \u0161tampariju i rezidenciju. Celo to artisti\u010dko okru\u017eenje mi je bilo od klju\u010dne va\u017enosti, napravila se neka simbioza. Tih prvih godina, kao i danas, imali su mnogo me\u0111unarodnih gostovanja i razmena. Bio sam im jako zgodan da me \u0161alju svuda, tako sam preko njih prvi put nastupao u Zagrebu na Fijuk sajmu. U to vreme nisam bio svestan \u0161ta se de\u0161ava, sada sve vi\u0161e shvatam koliko je Matrijar\u0161ija integralni deo mene. <strong>Johanna Marcade-M\u00f3t<\/strong> mi je radila tri <em>covera<\/em>. Neki stariji su se povukli iz Matrijar\u0161ije, do\u0161li su mla\u0111i, ali ideja, cilj i volja se nisu promenili. Uvek su furali svoj fazon. Da ne pominjem festivale Novo doba, to je takva koncentracija ludila koje volim u umetnosti. Ta vrsta nadrealizma, koja je u Matrijar\u0161iji oduvek obitavala, duboko se preslikala na moje stvarala\u0161tvo.<\/p>\n<p><strong>U va\u0161oj biografiji se isti\u010de rad za Nacionalni savet slova\u010dke nacionalne manjine. Mi smo kolege, i vi ste pisali u manjinskom tjedniku. \u010cime ste se primarno bavili?<\/strong><\/p>\n<p>U manjinskom parlamentu sam radio pet godina na poziciji koordinatora Odbora za informisanje. Jedno vreme sam pisao za slova\u010dki nedeljnik &#8220;Hlas ljudu&#8221; koji postoji jo\u0161 od 1940-ih. Novine su uvek bile politi\u010dke pristrasne, ali ustrajno izve\u0161tavaju iz zajednice, a imaju i fantasti\u010dan kulturni dodatak. Imao sam veliku slobodu da pi\u0161em o \u010demu god \u017eelim, se\u0107am se intervjua s <strong>Markom Breceljem<\/strong> i izve\u0161taja s koncerta grupe The Residents. Mogao sam da zagrebem izvan manjinskog, to se i o\u010dekivalo od mene, da ne bude sve unutar te oblande izve\u0161tavanja o zajednici. Istra\u017eivao sam i \u017eivot i kulturu drugih manjinskih zajednica u Vojvodini. Ideja je bila da vidimo \u0161ta rade na\u0161i sugra\u0111ani koji su u istoj poziciji kao mi, koji su, na primer, selo do nas. Znate i sami, to su getoizirane zajednice, nema tu puno interakcija. Slovaci i Ma\u0111ari \u017eive selo do sela, pa tu postoji neki nu\u017eni kontakt, ali bugarska ili makedonska nacionalna manjina, o njima se ne zna mnogo. Naravno, mene su zanimale \u0161to manje nacionalne zajednice, kao \u0161to su rusinska ili vla\u0161ka. Bilo mi je izazovno jer i kod manjina postoje konflikti i sporovi po raznim osnovama, politi\u010dki, jezi\u010dno, obi\u010dajno.<\/p>\n<figure id=\"attachment_3970\" aria-describedby=\"caption-attachment-3970\" style=\"width: 2560px\" class=\"wp-caption alignnone\"><img loading=\"lazy\" decoding=\"async\" class=\"wp-image-3970 size-full\" src=\"https:\/\/sdf.hr\/wp-content\/uploads\/2023\/12\/Lenhart4_Aleksa-Vitorovic-scaled.jpg\" alt=\"\" width=\"2560\" height=\"1697\" srcset=\"https:\/\/sdf.hr\/wp-content\/uploads\/2023\/12\/Lenhart4_Aleksa-Vitorovic-scaled.jpg 2560w, https:\/\/sdf.hr\/wp-content\/uploads\/2023\/12\/Lenhart4_Aleksa-Vitorovic-300x199.jpg 300w, https:\/\/sdf.hr\/wp-content\/uploads\/2023\/12\/Lenhart4_Aleksa-Vitorovic-1024x679.jpg 1024w, https:\/\/sdf.hr\/wp-content\/uploads\/2023\/12\/Lenhart4_Aleksa-Vitorovic-768x509.jpg 768w, https:\/\/sdf.hr\/wp-content\/uploads\/2023\/12\/Lenhart4_Aleksa-Vitorovic-1536x1018.jpg 1536w, https:\/\/sdf.hr\/wp-content\/uploads\/2023\/12\/Lenhart4_Aleksa-Vitorovic-2048x1358.jpg 2048w\" sizes=\"auto, (max-width: 2560px) 100vw, 2560px\" \/><figcaption id=\"caption-attachment-3970\" class=\"wp-caption-text\">Foto: Aleksa Vitorovi\u0107<\/figcaption><\/figure>\n<p><strong>Koje su teme i motivi zastupljeni u pjesmama Slovaka? Koristite i semplove iz muzike Srba pre\u010dana, ima li sli\u010dnosti?<\/strong><\/p>\n<p>Najbolje su slova\u010dke balade. To su uglavnom ljubavne teme, \u010de\u017enja, neke unutra\u0161nje borbe, \u017ealjenje za propu\u0161tenim prilikama. Kad odu u tu vrstu emocije, ne la\u017eu. Pesme koje sam izabrao nisu na repertoarima ni u slova\u010dkoj zajednici, na svadbama i proslavama, jer su tu\u017ene. S druge strane, kod Kraji\u0161nika se roka po zavi\u010daju. Imali smo dve takve pesme, obe je nametnula Svetlana Spaji\u0107, ona je veliki majstor u tome. Na probi ih je postavila za raspevavanje, a ja sam se uhvatio. Te pesme ba\u0161 slave \u017eivot, ono, &#8220;\u017dao mi je \u0161to sam ostario&#8221; i &#8220;Kad barabe polaze na prelo zapjevaju da ih \u010duje selo&#8221;. Dok sam \u017eiveo u Novom Sadu slu\u0161ao sam radio Dugu u kolima, tu sam \u010duo neverovatne kraji\u0161ke pesme, pravo zlato. Imam kolekciju erotskih narodnih pesama.<\/p>\n<p><strong>Va\u0161a familija je muzikalna, svakako je najpoznatiji \u010dlan djed Jan Lenhart, narodni pjeva\u010d. Istina je da sve polazi iz ku\u0107e?<\/strong><\/p>\n<p>Majka se isticala na slova\u010dkim smotrama, a \u0107ale je imao rokenrol bend u srednjoj, jedan od prvih u Kova\u010dici. On je voleo da se prise\u0107a da su pobedili na nekom festivalu i za nagradu su osvojili televizor u boji za ekonomsku srednju \u0161kolu. To je bila velika stvar. Pre toga je bio deda <strong>Jan<\/strong>. On je prestao da peva javno pre nego \u0161to sam se ja rodio. Prvi javni nastup, odnosno snimanje je imao na radiju Novi Sad 1954. Kad mu se rodio prvi unuk, odlu\u010dio je da prestane sa tim. Mislim da nije imao podr\u0161ku okoline, nije se to ozbiljno shvatalo. Pevao je po slova\u010dkim selima. To je tad bilo kao da ti peva <strong>Elvis Presley<\/strong>, orkestri su bili sastavljeni od vrsnih muzi\u010dara. Njega su prepoznali lovci na talente koji su smatrali da ima reprezentativan glas. Pesme koje je izvodio poslu\u017eile su kao vredan zvu\u010dni zapis iz zajednice. Do danas je ostalo misteriozno poreklo pesama koje je on izvodio. Ve\u0107ina toga datira iz starih vremena, iz matice, ali su tu uba\u010deni neki novi motivi. On ih je sasvim sigurno dora\u0111ivao. U jednoj pesmi spominje Pan\u010deva\u010dki most. Te\u0161ko je tome u\u0107i u trag. Neke stvari jesu autenti\u010dne, a neke su izme\u0161ane, ono \u0161to je deda \u010duo i skupio ko zna gde. Mogu slobodno da ka\u017eem da se ni\u0161ta nije promenilo. I ja tako radim danas.<\/p>\n<p><em>razgovor vodila Anja Ko\u017eul<\/em><\/p>\n","protected":false},"excerpt":{"rendered":"<p>Ne zanima me ono \u0161to je na povr\u0161ini i svima dostupno, zanima me pesma koja uop\u0161te nije na top listi. To ima veze i sa muzikom nacionalnih manjina koju volim da istra\u017eujem \u2013 ta skrivena blaga se dr\u017ee u zajednici i ne iska\u010du napolje<\/p>\n","protected":false},"featured_media":3965,"template":"","tags":[29],"atribut":[],"class_list":["post-3972","nada","type-nada","status-publish","has-post-thumbnail","hentry","tag-intervju"],"acf":[],"yoast_head":"<!-- This site is optimized with the Yoast SEO plugin v27.4 - https:\/\/yoast.com\/product\/yoast-seo-wordpress\/ -->\n<title>Lenhart Tapes: Buvljaci su mi velika inspiracija - SDF - Srpski demokratski forum<\/title>\n<meta name=\"robots\" content=\"index, follow, max-snippet:-1, max-image-preview:large, max-video-preview:-1\" \/>\n<link rel=\"canonical\" href=\"https:\/\/sdf.hr\/hr\/nada\/lenhart-tapes-buvljaci-su-mi-velika-inspiracija\/\" \/>\n<meta property=\"og:locale\" content=\"hr_HR\" \/>\n<meta property=\"og:type\" content=\"article\" \/>\n<meta property=\"og:title\" content=\"Lenhart Tapes: Buvljaci su mi velika inspiracija - SDF - Srpski demokratski forum\" \/>\n<meta property=\"og:description\" content=\"Ne zanima me ono \u0161to je na povr\u0161ini i svima dostupno, zanima me pesma koja uop\u0161te nije na top listi. To ima veze i sa muzikom nacionalnih manjina koju volim da istra\u017eujem \u2013 ta skrivena blaga se dr\u017ee u zajednici i ne iska\u010du napolje\" \/>\n<meta property=\"og:url\" content=\"https:\/\/sdf.hr\/hr\/nada\/lenhart-tapes-buvljaci-su-mi-velika-inspiracija\/\" \/>\n<meta property=\"og:site_name\" content=\"SDF - Srpski demokratski forum\" \/>\n<meta property=\"article:modified_time\" content=\"2024-01-14T14:57:13+00:00\" \/>\n<meta property=\"og:image\" content=\"https:\/\/sdf.hr\/wp-content\/uploads\/2023\/12\/Lenhart1_Aleksa-Vitorovic-scaled.jpg\" \/>\n\t<meta property=\"og:image:width\" content=\"2560\" \/>\n\t<meta property=\"og:image:height\" content=\"1697\" \/>\n\t<meta property=\"og:image:type\" content=\"image\/jpeg\" \/>\n<meta name=\"twitter:card\" content=\"summary_large_image\" \/>\n<meta name=\"twitter:label1\" content=\"Procijenjeno vrijeme \u010ditanja\" \/>\n\t<meta name=\"twitter:data1\" content=\"14 minuta\" \/>\n<script type=\"application\/ld+json\" class=\"yoast-schema-graph\">{\"@context\":\"https:\\\/\\\/schema.org\",\"@graph\":[{\"@type\":\"WebPage\",\"@id\":\"https:\\\/\\\/sdf.hr\\\/hr\\\/nada\\\/lenhart-tapes-buvljaci-su-mi-velika-inspiracija\\\/\",\"url\":\"https:\\\/\\\/sdf.hr\\\/hr\\\/nada\\\/lenhart-tapes-buvljaci-su-mi-velika-inspiracija\\\/\",\"name\":\"Lenhart Tapes: Buvljaci su mi velika inspiracija - SDF - Srpski demokratski forum\",\"isPartOf\":{\"@id\":\"https:\\\/\\\/sdf.hr\\\/#website\"},\"primaryImageOfPage\":{\"@id\":\"https:\\\/\\\/sdf.hr\\\/hr\\\/nada\\\/lenhart-tapes-buvljaci-su-mi-velika-inspiracija\\\/#primaryimage\"},\"image\":{\"@id\":\"https:\\\/\\\/sdf.hr\\\/hr\\\/nada\\\/lenhart-tapes-buvljaci-su-mi-velika-inspiracija\\\/#primaryimage\"},\"thumbnailUrl\":\"https:\\\/\\\/sdf.hr\\\/wp-content\\\/uploads\\\/2023\\\/12\\\/Lenhart1_Aleksa-Vitorovic-scaled.jpg\",\"datePublished\":\"2023-12-24T08:30:12+00:00\",\"dateModified\":\"2024-01-14T14:57:13+00:00\",\"breadcrumb\":{\"@id\":\"https:\\\/\\\/sdf.hr\\\/hr\\\/nada\\\/lenhart-tapes-buvljaci-su-mi-velika-inspiracija\\\/#breadcrumb\"},\"inLanguage\":\"hr\",\"potentialAction\":[{\"@type\":\"ReadAction\",\"target\":[\"https:\\\/\\\/sdf.hr\\\/hr\\\/nada\\\/lenhart-tapes-buvljaci-su-mi-velika-inspiracija\\\/\"]}]},{\"@type\":\"ImageObject\",\"inLanguage\":\"hr\",\"@id\":\"https:\\\/\\\/sdf.hr\\\/hr\\\/nada\\\/lenhart-tapes-buvljaci-su-mi-velika-inspiracija\\\/#primaryimage\",\"url\":\"https:\\\/\\\/sdf.hr\\\/wp-content\\\/uploads\\\/2023\\\/12\\\/Lenhart1_Aleksa-Vitorovic-scaled.jpg\",\"contentUrl\":\"https:\\\/\\\/sdf.hr\\\/wp-content\\\/uploads\\\/2023\\\/12\\\/Lenhart1_Aleksa-Vitorovic-scaled.jpg\",\"width\":2560,\"height\":1697,\"caption\":\"Lenhart Tapes (Foto:\"},{\"@type\":\"BreadcrumbList\",\"@id\":\"https:\\\/\\\/sdf.hr\\\/hr\\\/nada\\\/lenhart-tapes-buvljaci-su-mi-velika-inspiracija\\\/#breadcrumb\",\"itemListElement\":[{\"@type\":\"ListItem\",\"position\":1,\"name\":\"Po\u010detna stranica\",\"item\":\"https:\\\/\\\/sdf.hr\\\/hr\\\/\"},{\"@type\":\"ListItem\",\"position\":2,\"name\":\"Nada\",\"item\":\"https:\\\/\\\/sdf.hr\\\/nada\\\/\"},{\"@type\":\"ListItem\",\"position\":3,\"name\":\"Lenhart Tapes: Buvljaci su mi velika inspiracija\"}]},{\"@type\":\"WebSite\",\"@id\":\"https:\\\/\\\/sdf.hr\\\/#website\",\"url\":\"https:\\\/\\\/sdf.hr\\\/\",\"name\":\"SDF - Srpski demokratski forum\",\"description\":\"Srpski demokratski forum\",\"publisher\":{\"@id\":\"https:\\\/\\\/sdf.hr\\\/#organization\"},\"potentialAction\":[{\"@type\":\"SearchAction\",\"target\":{\"@type\":\"EntryPoint\",\"urlTemplate\":\"https:\\\/\\\/sdf.hr\\\/?s={search_term_string}\"},\"query-input\":{\"@type\":\"PropertyValueSpecification\",\"valueRequired\":true,\"valueName\":\"search_term_string\"}}],\"inLanguage\":\"hr\"},{\"@type\":\"Organization\",\"@id\":\"https:\\\/\\\/sdf.hr\\\/#organization\",\"name\":\"SDF - Srpski demokratski forum\",\"url\":\"https:\\\/\\\/sdf.hr\\\/\",\"logo\":{\"@type\":\"ImageObject\",\"inLanguage\":\"hr\",\"@id\":\"https:\\\/\\\/sdf.hr\\\/#\\\/schema\\\/logo\\\/image\\\/\",\"url\":\"https:\\\/\\\/sdf.hr\\\/wp-content\\\/uploads\\\/2021\\\/07\\\/logo-hr.svg\",\"contentUrl\":\"https:\\\/\\\/sdf.hr\\\/wp-content\\\/uploads\\\/2021\\\/07\\\/logo-hr.svg\",\"width\":271,\"height\":100,\"caption\":\"SDF - Srpski demokratski forum\"},\"image\":{\"@id\":\"https:\\\/\\\/sdf.hr\\\/#\\\/schema\\\/logo\\\/image\\\/\"}}]}<\/script>\n<!-- \/ Yoast SEO plugin. -->","yoast_head_json":{"title":"Lenhart Tapes: Buvljaci su mi velika inspiracija - SDF - Srpski demokratski forum","robots":{"index":"index","follow":"follow","max-snippet":"max-snippet:-1","max-image-preview":"max-image-preview:large","max-video-preview":"max-video-preview:-1"},"canonical":"https:\/\/sdf.hr\/hr\/nada\/lenhart-tapes-buvljaci-su-mi-velika-inspiracija\/","og_locale":"hr_HR","og_type":"article","og_title":"Lenhart Tapes: Buvljaci su mi velika inspiracija - SDF - Srpski demokratski forum","og_description":"Ne zanima me ono \u0161to je na povr\u0161ini i svima dostupno, zanima me pesma koja uop\u0161te nije na top listi. To ima veze i sa muzikom nacionalnih manjina koju volim da istra\u017eujem \u2013 ta skrivena blaga se dr\u017ee u zajednici i ne iska\u010du napolje","og_url":"https:\/\/sdf.hr\/hr\/nada\/lenhart-tapes-buvljaci-su-mi-velika-inspiracija\/","og_site_name":"SDF - Srpski demokratski forum","article_modified_time":"2024-01-14T14:57:13+00:00","og_image":[{"width":2560,"height":1697,"url":"https:\/\/sdf.hr\/wp-content\/uploads\/2023\/12\/Lenhart1_Aleksa-Vitorovic-scaled.jpg","type":"image\/jpeg"}],"twitter_card":"summary_large_image","twitter_misc":{"Procijenjeno vrijeme \u010ditanja":"14 minuta"},"schema":{"@context":"https:\/\/schema.org","@graph":[{"@type":"WebPage","@id":"https:\/\/sdf.hr\/hr\/nada\/lenhart-tapes-buvljaci-su-mi-velika-inspiracija\/","url":"https:\/\/sdf.hr\/hr\/nada\/lenhart-tapes-buvljaci-su-mi-velika-inspiracija\/","name":"Lenhart Tapes: Buvljaci su mi velika inspiracija - SDF - Srpski demokratski forum","isPartOf":{"@id":"https:\/\/sdf.hr\/#website"},"primaryImageOfPage":{"@id":"https:\/\/sdf.hr\/hr\/nada\/lenhart-tapes-buvljaci-su-mi-velika-inspiracija\/#primaryimage"},"image":{"@id":"https:\/\/sdf.hr\/hr\/nada\/lenhart-tapes-buvljaci-su-mi-velika-inspiracija\/#primaryimage"},"thumbnailUrl":"https:\/\/sdf.hr\/wp-content\/uploads\/2023\/12\/Lenhart1_Aleksa-Vitorovic-scaled.jpg","datePublished":"2023-12-24T08:30:12+00:00","dateModified":"2024-01-14T14:57:13+00:00","breadcrumb":{"@id":"https:\/\/sdf.hr\/hr\/nada\/lenhart-tapes-buvljaci-su-mi-velika-inspiracija\/#breadcrumb"},"inLanguage":"hr","potentialAction":[{"@type":"ReadAction","target":["https:\/\/sdf.hr\/hr\/nada\/lenhart-tapes-buvljaci-su-mi-velika-inspiracija\/"]}]},{"@type":"ImageObject","inLanguage":"hr","@id":"https:\/\/sdf.hr\/hr\/nada\/lenhart-tapes-buvljaci-su-mi-velika-inspiracija\/#primaryimage","url":"https:\/\/sdf.hr\/wp-content\/uploads\/2023\/12\/Lenhart1_Aleksa-Vitorovic-scaled.jpg","contentUrl":"https:\/\/sdf.hr\/wp-content\/uploads\/2023\/12\/Lenhart1_Aleksa-Vitorovic-scaled.jpg","width":2560,"height":1697,"caption":"Lenhart Tapes (Foto:"},{"@type":"BreadcrumbList","@id":"https:\/\/sdf.hr\/hr\/nada\/lenhart-tapes-buvljaci-su-mi-velika-inspiracija\/#breadcrumb","itemListElement":[{"@type":"ListItem","position":1,"name":"Po\u010detna stranica","item":"https:\/\/sdf.hr\/hr\/"},{"@type":"ListItem","position":2,"name":"Nada","item":"https:\/\/sdf.hr\/nada\/"},{"@type":"ListItem","position":3,"name":"Lenhart Tapes: Buvljaci su mi velika inspiracija"}]},{"@type":"WebSite","@id":"https:\/\/sdf.hr\/#website","url":"https:\/\/sdf.hr\/","name":"SDF - Srpski demokratski forum","description":"Srpski demokratski forum","publisher":{"@id":"https:\/\/sdf.hr\/#organization"},"potentialAction":[{"@type":"SearchAction","target":{"@type":"EntryPoint","urlTemplate":"https:\/\/sdf.hr\/?s={search_term_string}"},"query-input":{"@type":"PropertyValueSpecification","valueRequired":true,"valueName":"search_term_string"}}],"inLanguage":"hr"},{"@type":"Organization","@id":"https:\/\/sdf.hr\/#organization","name":"SDF - Srpski demokratski forum","url":"https:\/\/sdf.hr\/","logo":{"@type":"ImageObject","inLanguage":"hr","@id":"https:\/\/sdf.hr\/#\/schema\/logo\/image\/","url":"https:\/\/sdf.hr\/wp-content\/uploads\/2021\/07\/logo-hr.svg","contentUrl":"https:\/\/sdf.hr\/wp-content\/uploads\/2021\/07\/logo-hr.svg","width":271,"height":100,"caption":"SDF - Srpski demokratski forum"},"image":{"@id":"https:\/\/sdf.hr\/#\/schema\/logo\/image\/"}}]}},"_links":{"self":[{"href":"https:\/\/sdf.hr\/hr\/wp-json\/wp\/v2\/nada\/3972","targetHints":{"allow":["GET"]}}],"collection":[{"href":"https:\/\/sdf.hr\/hr\/wp-json\/wp\/v2\/nada"}],"about":[{"href":"https:\/\/sdf.hr\/hr\/wp-json\/wp\/v2\/types\/nada"}],"wp:featuredmedia":[{"embeddable":true,"href":"https:\/\/sdf.hr\/hr\/wp-json\/wp\/v2\/media\/3965"}],"wp:attachment":[{"href":"https:\/\/sdf.hr\/hr\/wp-json\/wp\/v2\/media?parent=3972"}],"wp:term":[{"taxonomy":"post_tag","embeddable":true,"href":"https:\/\/sdf.hr\/hr\/wp-json\/wp\/v2\/tags?post=3972"},{"taxonomy":"atribut","embeddable":true,"href":"https:\/\/sdf.hr\/hr\/wp-json\/wp\/v2\/atribut?post=3972"}],"curies":[{"name":"wp","href":"https:\/\/api.w.org\/{rel}","templated":true}]}}