{"id":3978,"date":"2023-12-26T12:06:09","date_gmt":"2023-12-26T11:06:09","guid":{"rendered":"https:\/\/sdf.hr\/nada\/muzej-protiv-nepravde\/"},"modified":"2023-12-26T12:06:22","modified_gmt":"2023-12-26T11:06:22","slug":"muzej-protiv-nepravde","status":"publish","type":"nada","link":"https:\/\/sdf.hr\/hr\/nada\/muzej-protiv-nepravde\/","title":{"rendered":"Muzej protiv nepravde"},"content":{"rendered":"<p>Od 2020. godine u prostoru osje\u010dke Stare pekare nalazi se Muzej osobnih pri\u010da, umjetni\u010dki projekt Fantasti\u010dno dobre institucije (Fade In) fokusiran na nedovoljno zastupljene, a relevantne dru\u0161tvene teme, i marginalizirane skupine. Projekt je zapo\u010deo i prije nego \u0161to je prona\u0161ao svoj prostor, kada je Fade In u suradnji s Romskim resursnim centrom iz Darde upoznavao potrebe romske zajednice u Slavoniji i Baranji te prepoznao nedostatak pisane povijesti Roma. Tako 2018. nastaje njihov prvi projekt, Muzej osobne povijesti Roma \u010diji je rezultat bila izlo\u017eba &#8220;Pri\u010de Roma&#8221;.<\/p>\n<p>&#8211; \u010cinilo nam se va\u017enim odmaknuti se od uobi\u010dajenih praksi promocije zajednice kroz folklor i tradiciju, a osobne pri\u010de \u010dinile su se kao dobar put ka tome. U me\u0111uvremenu, upoznavaju\u0107i Osijek, njegovu multikulturalnost i posebnost kao grada s 22 nacionalne manjine krenuli smo u daljnja istra\u017eivanja \u2013 govori nam jedna od autorica izlo\u017ebe, <strong>\u017deljka Kova\u010devi\u0107<\/strong>.<\/p>\n<p>Dvije godine kasnije nastaje izlo\u017eba &#8220;Pri\u010de \u017didova&#8221;, a u novootvorenom Muzeju djelomi\u010dno se odr\u017eava dio programa manifestacije &#8220;Mjesec \u017eidovske kulture&#8221;, u organizaciji \u017didovske op\u0107ine Osijek. Krajem rujna ove godine zavr\u0161ili su provedbu jednogodi\u0161njeg projekta &#8220;Po mjeri&#8221; nastalog u partnerstvu s Bazom za radni\u010dku inicijativu i demokratizaciju, koji je sada dio novog postava Muzeja, a u fokusu ima osobne pri\u010de biv\u0161ih tekstilnih radnica iz Osijeka. Kako nam govori koordinatorica programa Muzeja <strong>Suzana Agoti\u0107<\/strong>, projektom daju glas onima koje dru\u0161tvo \u010desto percipira kao &#8220;druge i druga\u010dije&#8221; i koje \u0161ira dru\u0161tvena zajednica naj\u010de\u0161\u0107e ne \u010duje.<\/p>\n<p>&#8211; Protagoniste osobnih pri\u010da osna\u017eujemo, a posjetiteljima dajemo mogu\u0107nost u\u010denja i upoznavanja sa \u017eivotima i iskustvima s kojima se do sada mo\u017eda nisu imali priliku susresti. Osobne pri\u010de na taj na\u010din postaju most empatije i povjerenja, \u0161to djeluje pozitivno ne samo na osobnoj razini, ve\u0107 ima i sna\u017ean utjecaj na \u017eivot zajednice u cjelini. Projekt se oslanja na suvremene muzeolo\u0161ke prakse bilje\u017eenja &#8220;sada\u0161njosti&#8221; utemeljene na tezi da se dokumentiranjem suvremenog \u017eivota pojedinaca, kao i prikupljanjem i \u010duvanjem svakodnevnih predmeta, \u010duvaju memorija i identitet zajednice \u2013 obja\u0161njava Suzana.<\/p>\n<p>Prostor Muzeja nalikuje otvorenom arhivu ispunjenom jednakim kutijama koje \u010duvaju osobne pri\u010de i pozivaju posjetitelja da ih nasumce odabere, uzme u ruke te slobodno istra\u017euje njihov sadr\u017eaj. Nositelji \u017eivotnih pri\u010da predstavljaju se fotografskim portretom, osobnim narativom, video-intervjuom te osobnim predmetom povezanim s pri\u010dom. Pri\u010de pokrivaju razli\u010dite aspekte \u017eivota, va\u017ene i zna\u010dajne doga\u0111aje, izazove, uspjehe, gubitke, ljubavi i nade.<\/p>\n<p>&#8211; Mogu\u0107nost samostalnog istra\u017eivanja sadr\u017eaja kutija i pri\u010da, razgovor s \u010dlanovima tima Muzeja, ali i \u010dinjenica da eksponati nisu odvojeni i za\u0161ti\u0107eni od posjetitelja odmah u startu uklanjaju granice izme\u0111u &#8220;nas&#8221; i &#8220;njih&#8221; i stvaraju otvoren i poticajan prostor za upoznavanje i u\u010denje. Osim individualnih i grupnih posjeta Muzeju, s vremena na vrijeme organiziramo i tzv. \u017eive knji\u017enice u kojima posjetitelji imaju mogu\u0107nost razgovarati s protagonistima \u010dije su pri\u010de dio stalnog postava Muzeja \u2013 govori nam Suzana te dodaje kako im je va\u017ean i web Muzej koji pru\u017ea priliku upoznavanja s osobnim pri\u010dama svima koji ih ne mogu fizi\u010dki posjetiti.<\/p>\n<figure id=\"attachment_3976\" aria-describedby=\"caption-attachment-3976\" style=\"width: 2560px\" class=\"wp-caption alignnone\"><img loading=\"lazy\" decoding=\"async\" class=\"wp-image-3976 size-full\" src=\"https:\/\/sdf.hr\/wp-content\/uploads\/2023\/12\/Muzej-osobnih-prica-2-scaled.jpeg\" alt=\"\" width=\"2560\" height=\"2560\" srcset=\"https:\/\/sdf.hr\/wp-content\/uploads\/2023\/12\/Muzej-osobnih-prica-2-scaled.jpeg 2560w, https:\/\/sdf.hr\/wp-content\/uploads\/2023\/12\/Muzej-osobnih-prica-2-300x300.jpeg 300w, https:\/\/sdf.hr\/wp-content\/uploads\/2023\/12\/Muzej-osobnih-prica-2-1024x1024.jpeg 1024w, https:\/\/sdf.hr\/wp-content\/uploads\/2023\/12\/Muzej-osobnih-prica-2-150x150.jpeg 150w, https:\/\/sdf.hr\/wp-content\/uploads\/2023\/12\/Muzej-osobnih-prica-2-768x768.jpeg 768w, https:\/\/sdf.hr\/wp-content\/uploads\/2023\/12\/Muzej-osobnih-prica-2-1536x1536.jpeg 1536w, https:\/\/sdf.hr\/wp-content\/uploads\/2023\/12\/Muzej-osobnih-prica-2-2048x2048.jpeg 2048w\" sizes=\"auto, (max-width: 2560px) 100vw, 2560px\" \/><figcaption id=\"caption-attachment-3976\" class=\"wp-caption-text\">Pri\u010de se \u010duvaju u kutijama<\/figcaption><\/figure>\n<p>Prikupljanje pri\u010da slo\u017een je i kompleksan proces koji po\u010dinje propitivanjem o problemima o kojima autori \u017eele progovoriti, a cijelo vrijeme zapravo preispituju sebe i dru\u0161tvo u kojem \u017eivimo, kako do\u017eivljavamo jedni druge i je li mogu\u0107e promijeniti negativnu percepciju.<\/p>\n<p>Kako nam obja\u0161njava <strong>Martina Globo\u010dnik<\/strong>, koja je uz <strong>Miroslava Sikavicu<\/strong> autorica dosada\u0161njih postava i koncepta Muzeja, va\u017eno im je pritom osvje\u0161tavanje vlastitog neznanja i ograni\u010denja kako bi krenuli u istra\u017eivanje pri\u010da onih koje ne poznaju.<\/p>\n<p>&#8211; Posebnu pa\u017enju posve\u0107ujemo osobnom iskustvu kaziva\u010da, na\u010dinu kako pojedinci unutar zajednice do\u017eivljavaju sebe, kao i mapiranju va\u017enih doga\u0111aja koji oblikuju ne\u010dije osobno iskustvo. Poku\u0161avamo izgraditi ljudski odnos, kao i odnos povjerenja sa svima s kojima stupamo u kontakt te ih upoznati, ne samo kao pripadnike neke zajednice, nego i kao individue. Pritom razmi\u0161ljamo o publici: mo\u017ee li se s pri\u010dama, odnosno elementima osobnih narativa posjetitelj Muzeja identificirati na ljudskoj razini. Va\u017eno nam je da na\u0161i sugovornici razumiju proces rada i zajedni\u010dki cilj\u2026 Muzej osobnih pri\u010da je \u017eiv organizam, baza osobnih memorija gra\u0111ana Osijeka i \u0161ire regije i zato nam je va\u017eno da oni kaziva\u010di, koji su podijelili svoje osobne pri\u010de s drugima, Muzej do\u017eivljavaju i osje\u0107aju kao svoj \u2013 govori Martina te dodaje kako se kaziva\u010d izla\u017ee pri\u010daju\u0107i o svom \u017eivotu, otkriva sebe, ali se pritom i osna\u017euje tako \u0161to daje mogu\u0107nost drugoj osobi da ga \u010duje i razumije.<\/p>\n<p>&#8211; Postavima Muzeja izlazimo iz okvira etni\u010dke pripadnosti, razmi\u0161ljamo o rasnim, klasnim, vjerskim, seksualnim identitetima i razlikama. Nepravda je ono \u0161to nas \u010desto kao autore poti\u010de na promi\u0161ljanje i rad, ali i razumijevanje va\u017enosti nekih grupa koje su bile pre\u0161u\u0107ene. Pri\u010de tekstilnih radnica koje smo ispri\u010dali kroz postav &#8220;Po mjeri&#8221; va\u017ean nam je, jer je Osijek grad s bogatim industrijskim naslje\u0111em, a tekstilna proizvodnja koja danas pro\u017eivljava mo\u017eda najte\u017ee dane, stotinu godina bila je najve\u0107i poslodavac i zna\u010dajno polje \u017eenske radne i socijalne emancipacije \u2013 ka\u017ee Martina.<\/p>\n<p>Ljutnja na nepravdu i potreba da se ne\u0161to promijeni njezini su naj\u010de\u0161\u0107i pokreta\u010di, govori nam Martina, a zato joj je kao autorici najve\u0107i poklon kada vidi da djeca osnovnih \u0161kola koja su imala negativnu percepciju o Romima izlaze iz Muzeja i komentiraju da nisu toliko toga znali i sad druga\u010dije do\u017eivljavaju Rome.<\/p>\n<p>&#8211; Znam da je u svima nama potencijal razumijevanja i potreba za povezivanjem i u\u010denjem. \u017divimo u cini\u010dno vrijeme, vrijeme netolerancije i isklju\u010divosti, ali svejedno smo i dalje \u017eeljni dodira i iskrenosti. Suradnja s ljudima oboga\u0107uje, ne samo \u0161to postajete svjedoci tu\u0111eg iskustva, nego i s nekima kolege i prijatelji \u2013 ka\u017ee Martina.<\/p>\n<p>&#8211; Kako u Osijeku postoje 22 nacionalne manjine, \u010desto razgovaramo o njihovom predstavljanju. Razumljivo da Muzej osobnih pri\u010da prepoznaje doprinos nacionalnih manjina u kulturnom, dru\u0161tvenom, politi\u010dkom, ekonomskom \u017eivotu Osijeka \u2013 kako kroz povijest tako i danas. Svjesni smo da neke manjine imaju te\u017ei polo\u017eaj u dru\u0161tvenim odnosima. Srpska manjina je velikim dijelom asimilirana te nevidljiva, \u0161to smatram nepravdom i gubitkom za grad. Op\u0107enito re\u010deno, kroz postav Muzeja, \u017eelimo potaknuti dijalog, procese u\u010denja i uva\u017eavanja svih dru\u0161tvenih grupa koje se nalaze u nepovoljnijem polo\u017eaju u odnosu na ve\u0107insko stanovni\u0161tvo \u2013 dodaje ona.<\/p>\n<p>Muzej je u suradnji sa Srpskim narodnim vije\u0107em 2022. godine istra\u017eivao srpsku zajednicu u Osijeku kako bi dobio \u0161iru sliku o njoj. Kako nam govori Suzana, premda je srpska nacionalna manjina najbrojnija, nekako je i dalje nevidljiva, bez glasa te se nalazi u procijepu izme\u0111u asimilacije i getoizacije.<\/p>\n<p>&#8211; Nadamo se da \u0107e se ta suradnja nastaviti i u godini pred nama te da \u0107e osobne pri\u010de srpske nacionalne manjine postati dijelom stalnog postava Muzeja osobnih pri\u010da. Na\u017ealost, na\u0161 rad ovisi o dostupnim fondovima, \u0161to nam, kao i mnogim drugim udrugama u kulturi, predstavlja veliki izazov. Zbog toga nismo uvijek u mogu\u0107nosti preto\u010diti sve ideje u stvarnost, ali trudimo se svake godine obogatiti Muzej novim sadr\u017eajima i novim aktivnostima \u2013 zaklju\u010duje Suzana.<\/p>\n<p><em>pi\u0161e Katarina Bo\u0161njak<\/em><\/p>\n","protected":false},"excerpt":{"rendered":"<p>Muzej osobnih pri\u010da je \u017eiv organizam, baza osobnih memorija gra\u0111ana Osijeka i \u0161ire regije i zato nam je va\u017eno da kaziva\u010di koji su podijelili svoje osobne pri\u010de Muzej do\u017eivljavaju i osje\u0107aju kao svoj, poru\u010duje Martina Globo\u010dnik<\/p>\n","protected":false},"featured_media":3975,"template":"","tags":[130],"atribut":[],"class_list":["post-3978","nada","type-nada","status-publish","has-post-thumbnail","hentry","tag-tema"],"acf":[],"yoast_head":"<!-- This site is optimized with the Yoast SEO plugin v27.4 - https:\/\/yoast.com\/product\/yoast-seo-wordpress\/ -->\n<title>Muzej protiv nepravde - SDF - Srpski demokratski forum<\/title>\n<meta name=\"robots\" content=\"index, follow, max-snippet:-1, max-image-preview:large, max-video-preview:-1\" \/>\n<link rel=\"canonical\" href=\"https:\/\/sdf.hr\/hr\/nada\/muzej-protiv-nepravde\/\" \/>\n<meta property=\"og:locale\" content=\"hr_HR\" \/>\n<meta property=\"og:type\" content=\"article\" \/>\n<meta property=\"og:title\" content=\"Muzej protiv nepravde - SDF - Srpski demokratski forum\" \/>\n<meta property=\"og:description\" content=\"Muzej osobnih pri\u010da je \u017eiv organizam, baza osobnih memorija gra\u0111ana Osijeka i \u0161ire regije i zato nam je va\u017eno da kaziva\u010di koji su podijelili svoje osobne pri\u010de Muzej do\u017eivljavaju i osje\u0107aju kao svoj, poru\u010duje Martina Globo\u010dnik\" \/>\n<meta property=\"og:url\" content=\"https:\/\/sdf.hr\/hr\/nada\/muzej-protiv-nepravde\/\" \/>\n<meta property=\"og:site_name\" content=\"SDF - Srpski demokratski forum\" \/>\n<meta property=\"article:modified_time\" content=\"2023-12-26T11:06:22+00:00\" \/>\n<meta property=\"og:image\" content=\"https:\/\/sdf.hr\/wp-content\/uploads\/2023\/12\/Muzej-osobnih-prica1-foto-Miroslav-Sikavica.jpeg\" \/>\n\t<meta property=\"og:image:width\" content=\"2048\" \/>\n\t<meta property=\"og:image:height\" content=\"1536\" \/>\n\t<meta property=\"og:image:type\" content=\"image\/jpeg\" \/>\n<meta name=\"twitter:card\" content=\"summary_large_image\" \/>\n<meta name=\"twitter:label1\" content=\"Procijenjeno vrijeme \u010ditanja\" \/>\n\t<meta name=\"twitter:data1\" content=\"6 minuta\" \/>\n<script type=\"application\/ld+json\" class=\"yoast-schema-graph\">{\"@context\":\"https:\\\/\\\/schema.org\",\"@graph\":[{\"@type\":\"WebPage\",\"@id\":\"https:\\\/\\\/sdf.hr\\\/hr\\\/nada\\\/muzej-protiv-nepravde\\\/\",\"url\":\"https:\\\/\\\/sdf.hr\\\/hr\\\/nada\\\/muzej-protiv-nepravde\\\/\",\"name\":\"Muzej protiv nepravde - SDF - Srpski demokratski forum\",\"isPartOf\":{\"@id\":\"https:\\\/\\\/sdf.hr\\\/#website\"},\"primaryImageOfPage\":{\"@id\":\"https:\\\/\\\/sdf.hr\\\/hr\\\/nada\\\/muzej-protiv-nepravde\\\/#primaryimage\"},\"image\":{\"@id\":\"https:\\\/\\\/sdf.hr\\\/hr\\\/nada\\\/muzej-protiv-nepravde\\\/#primaryimage\"},\"thumbnailUrl\":\"https:\\\/\\\/sdf.hr\\\/wp-content\\\/uploads\\\/2023\\\/12\\\/Muzej-osobnih-prica1-foto-Miroslav-Sikavica.jpeg\",\"datePublished\":\"2023-12-26T11:06:09+00:00\",\"dateModified\":\"2023-12-26T11:06:22+00:00\",\"breadcrumb\":{\"@id\":\"https:\\\/\\\/sdf.hr\\\/hr\\\/nada\\\/muzej-protiv-nepravde\\\/#breadcrumb\"},\"inLanguage\":\"hr\",\"potentialAction\":[{\"@type\":\"ReadAction\",\"target\":[\"https:\\\/\\\/sdf.hr\\\/hr\\\/nada\\\/muzej-protiv-nepravde\\\/\"]}]},{\"@type\":\"ImageObject\",\"inLanguage\":\"hr\",\"@id\":\"https:\\\/\\\/sdf.hr\\\/hr\\\/nada\\\/muzej-protiv-nepravde\\\/#primaryimage\",\"url\":\"https:\\\/\\\/sdf.hr\\\/wp-content\\\/uploads\\\/2023\\\/12\\\/Muzej-osobnih-prica1-foto-Miroslav-Sikavica.jpeg\",\"contentUrl\":\"https:\\\/\\\/sdf.hr\\\/wp-content\\\/uploads\\\/2023\\\/12\\\/Muzej-osobnih-prica1-foto-Miroslav-Sikavica.jpeg\",\"width\":2048,\"height\":1536,\"caption\":\"Jedna od kaziva\u010dica (Foto: Miroslav Sikavica)\"},{\"@type\":\"BreadcrumbList\",\"@id\":\"https:\\\/\\\/sdf.hr\\\/hr\\\/nada\\\/muzej-protiv-nepravde\\\/#breadcrumb\",\"itemListElement\":[{\"@type\":\"ListItem\",\"position\":1,\"name\":\"Po\u010detna stranica\",\"item\":\"https:\\\/\\\/sdf.hr\\\/hr\\\/\"},{\"@type\":\"ListItem\",\"position\":2,\"name\":\"Nada\",\"item\":\"https:\\\/\\\/sdf.hr\\\/nada\\\/\"},{\"@type\":\"ListItem\",\"position\":3,\"name\":\"Muzej protiv nepravde\"}]},{\"@type\":\"WebSite\",\"@id\":\"https:\\\/\\\/sdf.hr\\\/#website\",\"url\":\"https:\\\/\\\/sdf.hr\\\/\",\"name\":\"SDF - Srpski demokratski forum\",\"description\":\"Srpski demokratski forum\",\"publisher\":{\"@id\":\"https:\\\/\\\/sdf.hr\\\/#organization\"},\"potentialAction\":[{\"@type\":\"SearchAction\",\"target\":{\"@type\":\"EntryPoint\",\"urlTemplate\":\"https:\\\/\\\/sdf.hr\\\/?s={search_term_string}\"},\"query-input\":{\"@type\":\"PropertyValueSpecification\",\"valueRequired\":true,\"valueName\":\"search_term_string\"}}],\"inLanguage\":\"hr\"},{\"@type\":\"Organization\",\"@id\":\"https:\\\/\\\/sdf.hr\\\/#organization\",\"name\":\"SDF - Srpski demokratski forum\",\"url\":\"https:\\\/\\\/sdf.hr\\\/\",\"logo\":{\"@type\":\"ImageObject\",\"inLanguage\":\"hr\",\"@id\":\"https:\\\/\\\/sdf.hr\\\/#\\\/schema\\\/logo\\\/image\\\/\",\"url\":\"https:\\\/\\\/sdf.hr\\\/wp-content\\\/uploads\\\/2021\\\/07\\\/logo-hr.svg\",\"contentUrl\":\"https:\\\/\\\/sdf.hr\\\/wp-content\\\/uploads\\\/2021\\\/07\\\/logo-hr.svg\",\"width\":271,\"height\":100,\"caption\":\"SDF - Srpski demokratski forum\"},\"image\":{\"@id\":\"https:\\\/\\\/sdf.hr\\\/#\\\/schema\\\/logo\\\/image\\\/\"}}]}<\/script>\n<!-- \/ Yoast SEO plugin. -->","yoast_head_json":{"title":"Muzej protiv nepravde - SDF - Srpski demokratski forum","robots":{"index":"index","follow":"follow","max-snippet":"max-snippet:-1","max-image-preview":"max-image-preview:large","max-video-preview":"max-video-preview:-1"},"canonical":"https:\/\/sdf.hr\/hr\/nada\/muzej-protiv-nepravde\/","og_locale":"hr_HR","og_type":"article","og_title":"Muzej protiv nepravde - SDF - Srpski demokratski forum","og_description":"Muzej osobnih pri\u010da je \u017eiv organizam, baza osobnih memorija gra\u0111ana Osijeka i \u0161ire regije i zato nam je va\u017eno da kaziva\u010di koji su podijelili svoje osobne pri\u010de Muzej do\u017eivljavaju i osje\u0107aju kao svoj, poru\u010duje Martina Globo\u010dnik","og_url":"https:\/\/sdf.hr\/hr\/nada\/muzej-protiv-nepravde\/","og_site_name":"SDF - Srpski demokratski forum","article_modified_time":"2023-12-26T11:06:22+00:00","og_image":[{"width":2048,"height":1536,"url":"https:\/\/sdf.hr\/wp-content\/uploads\/2023\/12\/Muzej-osobnih-prica1-foto-Miroslav-Sikavica.jpeg","type":"image\/jpeg"}],"twitter_card":"summary_large_image","twitter_misc":{"Procijenjeno vrijeme \u010ditanja":"6 minuta"},"schema":{"@context":"https:\/\/schema.org","@graph":[{"@type":"WebPage","@id":"https:\/\/sdf.hr\/hr\/nada\/muzej-protiv-nepravde\/","url":"https:\/\/sdf.hr\/hr\/nada\/muzej-protiv-nepravde\/","name":"Muzej protiv nepravde - SDF - Srpski demokratski forum","isPartOf":{"@id":"https:\/\/sdf.hr\/#website"},"primaryImageOfPage":{"@id":"https:\/\/sdf.hr\/hr\/nada\/muzej-protiv-nepravde\/#primaryimage"},"image":{"@id":"https:\/\/sdf.hr\/hr\/nada\/muzej-protiv-nepravde\/#primaryimage"},"thumbnailUrl":"https:\/\/sdf.hr\/wp-content\/uploads\/2023\/12\/Muzej-osobnih-prica1-foto-Miroslav-Sikavica.jpeg","datePublished":"2023-12-26T11:06:09+00:00","dateModified":"2023-12-26T11:06:22+00:00","breadcrumb":{"@id":"https:\/\/sdf.hr\/hr\/nada\/muzej-protiv-nepravde\/#breadcrumb"},"inLanguage":"hr","potentialAction":[{"@type":"ReadAction","target":["https:\/\/sdf.hr\/hr\/nada\/muzej-protiv-nepravde\/"]}]},{"@type":"ImageObject","inLanguage":"hr","@id":"https:\/\/sdf.hr\/hr\/nada\/muzej-protiv-nepravde\/#primaryimage","url":"https:\/\/sdf.hr\/wp-content\/uploads\/2023\/12\/Muzej-osobnih-prica1-foto-Miroslav-Sikavica.jpeg","contentUrl":"https:\/\/sdf.hr\/wp-content\/uploads\/2023\/12\/Muzej-osobnih-prica1-foto-Miroslav-Sikavica.jpeg","width":2048,"height":1536,"caption":"Jedna od kaziva\u010dica (Foto: Miroslav Sikavica)"},{"@type":"BreadcrumbList","@id":"https:\/\/sdf.hr\/hr\/nada\/muzej-protiv-nepravde\/#breadcrumb","itemListElement":[{"@type":"ListItem","position":1,"name":"Po\u010detna stranica","item":"https:\/\/sdf.hr\/hr\/"},{"@type":"ListItem","position":2,"name":"Nada","item":"https:\/\/sdf.hr\/nada\/"},{"@type":"ListItem","position":3,"name":"Muzej protiv nepravde"}]},{"@type":"WebSite","@id":"https:\/\/sdf.hr\/#website","url":"https:\/\/sdf.hr\/","name":"SDF - Srpski demokratski forum","description":"Srpski demokratski forum","publisher":{"@id":"https:\/\/sdf.hr\/#organization"},"potentialAction":[{"@type":"SearchAction","target":{"@type":"EntryPoint","urlTemplate":"https:\/\/sdf.hr\/?s={search_term_string}"},"query-input":{"@type":"PropertyValueSpecification","valueRequired":true,"valueName":"search_term_string"}}],"inLanguage":"hr"},{"@type":"Organization","@id":"https:\/\/sdf.hr\/#organization","name":"SDF - Srpski demokratski forum","url":"https:\/\/sdf.hr\/","logo":{"@type":"ImageObject","inLanguage":"hr","@id":"https:\/\/sdf.hr\/#\/schema\/logo\/image\/","url":"https:\/\/sdf.hr\/wp-content\/uploads\/2021\/07\/logo-hr.svg","contentUrl":"https:\/\/sdf.hr\/wp-content\/uploads\/2021\/07\/logo-hr.svg","width":271,"height":100,"caption":"SDF - Srpski demokratski forum"},"image":{"@id":"https:\/\/sdf.hr\/#\/schema\/logo\/image\/"}}]}},"_links":{"self":[{"href":"https:\/\/sdf.hr\/hr\/wp-json\/wp\/v2\/nada\/3978","targetHints":{"allow":["GET"]}}],"collection":[{"href":"https:\/\/sdf.hr\/hr\/wp-json\/wp\/v2\/nada"}],"about":[{"href":"https:\/\/sdf.hr\/hr\/wp-json\/wp\/v2\/types\/nada"}],"wp:featuredmedia":[{"embeddable":true,"href":"https:\/\/sdf.hr\/hr\/wp-json\/wp\/v2\/media\/3975"}],"wp:attachment":[{"href":"https:\/\/sdf.hr\/hr\/wp-json\/wp\/v2\/media?parent=3978"}],"wp:term":[{"taxonomy":"post_tag","embeddable":true,"href":"https:\/\/sdf.hr\/hr\/wp-json\/wp\/v2\/tags?post=3978"},{"taxonomy":"atribut","embeddable":true,"href":"https:\/\/sdf.hr\/hr\/wp-json\/wp\/v2\/atribut?post=3978"}],"curies":[{"name":"wp","href":"https:\/\/api.w.org\/{rel}","templated":true}]}}