{"id":3984,"date":"2023-12-27T09:30:56","date_gmt":"2023-12-27T08:30:56","guid":{"rendered":"https:\/\/sdf.hr\/nada\/dok-je-tlake-nema-katarze\/"},"modified":"2023-12-27T09:42:57","modified_gmt":"2023-12-27T08:42:57","slug":"dok-je-tlake-nema-katarze","status":"publish","type":"nada","link":"https:\/\/sdf.hr\/hr\/nada\/dok-je-tlake-nema-katarze\/","title":{"rendered":"Dok je tlake, nema katarze"},"content":{"rendered":"<p>Jednu hladnu nedjelju u prostoru zagreba\u010dke Ku\u0107e ljudskih prava pred nas izlazi grupa ljudi. Sla\u017eu stolice u krug. Sjedaju na stolice, tr\u010de oko njih. Potom mi\u010du stolicu po stolicu. Natje\u010du se tko mo\u017ee sjesti, sve je manje mjesta. Gledamo predstavu &#8220;I&#8217;m not a racist, but&#8221; Centra za kazali\u0161te potla\u010denih POKAZ.<\/p>\n<p>Organizacija je to koja, kako navodi na svojim stranicama, &#8220;promi\u010de inkluziju, dijalog i pravednost&#8221; kori\u0161tenjem metoda i tehnika kazali\u0161ta potla\u010denih te kriti\u010dke pedagogije. Cilj je stvaranje &#8220;pravednog dru\u0161tva dijaloga, temeljenog na jednakosti i solidarnosti, oslobo\u0111enog od sustava opresija&#8221;. Uskoro \u0107emo saznati \u0161to to to\u010dno zna\u010di.<\/p>\n<p>Na samom po\u010detku predstave jedna osoba, koja figurira kao tzv. d\u017eoker i koja djeluje kao posrednik izme\u0111u dva dijela predstave, kao i izme\u0111u &#8220;glumaca&#8221; i &#8220;publike&#8221;, obja\u0161njava nam kako su svi problemi koji su postavljeni u predstavi zapravo stvarni, \u017eivotni problemi grupe koja je napravila predstavu. Predstava nije osmi\u0161ljena tako, govori nam dalje d\u017eoker, &#8220;da samo mi ne\u0161to radimo, a vi sjedite&#8221;. Publika \u0107e tako\u0111er imati priliku iznijeti svoje ideje i misli, ali i &#8220;u\u0107i&#8221; u predstavu, ako to bude \u017eeljela.<\/p>\n<p>Pred nama se potom ni\u017eu scene. U jednoj sceni, osobi migrantskog porijekla prodava\u010d prvo \u017eeli prodati kist po skupljoj cijeni, a potom ga prodaje drugoj osobi, &#8220;na\u0161em \u010doviku&#8221;. U drugoj je sceni stan koji je do prije dvije minute bio slobodan \u010dudesno ipak unajmljen kada najmodavac \u010duje da se osoba zainteresirana za stan zove Mohammed.<\/p>\n<p>Scena koju dijeli tre\u0107i glumac govori o poslodavcu koji zaposleniku, stranom radniku koji ne razumije hrvatski, na prepad daje ugovor na potpis. Sljede\u0107e rije\u010di poslodavca nakon potpisivanja bile su &#8220;otkaz&#8221; i &#8220;hvala, dovi\u0111enja&#8221;.<\/p>\n<p>Nakon \u0161to se izredaju scene publika se dijeli u manje grupe da ih prokomentira. Potom kre\u0107e rasprava. Jedan sudionik iz publike govori kako su mu sve scene bile razumljive, jer je ve\u0107ina gledatelja sve to ve\u0107 do\u017eivjela. Dijele se iskustva koja su vrlo sli\u010dna vi\u0111enim scenama iz predstave.<\/p>\n<p>&#8211; Kad idem u nabavku, \u010desto se desi da postoje duple cijene \u2013 jedne za doma\u0107e i jedne za mene \u2013 govori jedan sudionik.<\/p>\n<p>&#8211; Dobio sam posao u <em>call centru<\/em> na temelju znanja engleskog i francuskog, ali je u ugovoru pisalo da se tra\u017ei osoba koja zna i njema\u010dki jezik, pa sam na toj osnovi dobio otkaz \u2013 dijeli svoju pri\u010du druga osoba.<\/p>\n<p>Potom kre\u0107e drugi dio predstave. Onaj forumski. \u0160to bismo promijenili da smo u nekoj od situacija koje smo gledali prije desetak minuta, pita nas d\u017eoker. \u0160to mo\u017eemo napraviti kako bismo mo\u017eda sprije\u010dili da se navedene scene druga\u010dije odviju ili da ih promijenimo?<\/p>\n<p>Ljudi iz publike potom ustaju i interveniraju u scene po svojem odabiru, mogli bismo re\u0107i vi\u0161e ili manje uspje\u0161no. Ideja je, govori nam d\u017eoker, da nastavimo razgovarati, razmi\u0161ljati i smi\u0161ljati ideje i mogu\u0107nosti za to kako zajedno mo\u017eemo raditi na promjeni.<\/p>\n<p>Kako se navodi na stranicama POKAZ-a, kazali\u0161te potla\u010denih vrsta je interaktivnog politi\u010dkog teatra koju je \u0161ezdesetih godina u Brazilu osmislio <strong>Augusto Boal<\/strong> i onda desetlje\u0107ima razvijao kroz radionice i predstave diljem svijeta.<\/p>\n<p>Kazali\u0161te potla\u010denih kao termin obuhva\u0107a niz kazali\u0161nih i aktivisti\u010dkih tehnika koje povezuje inzistiranje na demokratskom dijalogu i (samo)osna\u017eivanju potla\u010denih skupina, dok su sve tehnike ukorijenjene u svakodnevnom iskustvu nasilja i opresije, kako bi sudionici i sudionice od pasivnih promatra\u010da postali aktivni sudionici vlastitih \u017eivota. Tehnike koje se koriste su razli\u010dite, ali dijele iste osnovne principe: utemeljene su na do\u017eivljenim opresijama, dijalogu, pozivu na djelovanje. A za\u0161to uop\u0107e raditi i koristiti kazali\u0161te potla\u010denih?<\/p>\n<p>&#8211; Ono stvara jedan puno radikalniji horizontalni prostor od drugih vrsta organiziranja i aktivizma, a definitivno vi\u0161e nego mnoge druge vrste umjetnosti \u2013 govori organizatorska voditeljica u POKAZ-u <strong>Josipa Luli\u0107<\/strong>.<\/p>\n<p>Opisuje nam kako u svakoj izvedbi kazali\u0161ta potla\u010denih postoje dva dijela: predstava i forum.<\/p>\n<p>&#8211; U prvom se dijelu do kraja odigraju scene onako kako su zami\u0161ljene, dok se u drugom, forumskom dijelu razgovara s publikom, ona intervenira, tra\u017ei druga\u010dije modalitete i mogu\u0107nosti da se stvari mo\u017eda odigraju na druga\u010diji na\u010din \u2013 poja\u0161njava Luli\u0107.<\/p>\n<figure id=\"attachment_3982\" aria-describedby=\"caption-attachment-3982\" style=\"width: 2048px\" class=\"wp-caption alignnone\"><img loading=\"lazy\" decoding=\"async\" class=\"wp-image-3982 size-full\" src=\"https:\/\/sdf.hr\/wp-content\/uploads\/2023\/12\/Pokaz-3-Josipa-Lulic-s-publikom.jpg\" alt=\"\" width=\"2048\" height=\"1365\" srcset=\"https:\/\/sdf.hr\/wp-content\/uploads\/2023\/12\/Pokaz-3-Josipa-Lulic-s-publikom.jpg 2048w, https:\/\/sdf.hr\/wp-content\/uploads\/2023\/12\/Pokaz-3-Josipa-Lulic-s-publikom-300x200.jpg 300w, https:\/\/sdf.hr\/wp-content\/uploads\/2023\/12\/Pokaz-3-Josipa-Lulic-s-publikom-1024x683.jpg 1024w, https:\/\/sdf.hr\/wp-content\/uploads\/2023\/12\/Pokaz-3-Josipa-Lulic-s-publikom-768x512.jpg 768w, https:\/\/sdf.hr\/wp-content\/uploads\/2023\/12\/Pokaz-3-Josipa-Lulic-s-publikom-1536x1024.jpg 1536w\" sizes=\"auto, (max-width: 2048px) 100vw, 2048px\" \/><figcaption id=\"caption-attachment-3982\" class=\"wp-caption-text\">Josipa Luli\u0107 s publikom<\/figcaption><\/figure>\n<p>Da bi forumski dio funkcionirao za\u010detnik kazali\u0161ta potla\u010denih Augusto Boal smatrao je da bi nakon predstave ona trebala gledateljima &#8220;ostaviti kamen\u010di\u0107 u cipeli&#8221;. Ne\u0161to nas treba nastaviti &#8220;\u017euljati&#8221;, kopkati, potaknuti da nastavimo misliti i promi\u0161ljati: &#8220;\u010cekaj, a \u0161to bih ja sad napravio?&#8221;<\/p>\n<p>Mi smo to \u017euljanje zasigurno osjetili. Komentiramo kako se nakon predstave, kad smo iza\u0161li u hladno\u0107u tog nedjeljnog predve\u010derja, \u010dekaju\u0107i autobus i hodaju\u0107i doma, nismo mogli otresti frustracije jer u sceni koju je publika izabirala za interakciju, onoj s prodajom kistova, nema \u2013 katarze. Nema laganog rje\u0161enja scene. Ne postoji <em>deus ex machina<\/em>. Nakon predstave vrtjeli smo navedenu scenu u glavi, pitaju\u0107i se \u0161to bismo napravili, kako bismo rije\u0161ili situaciji. Ali odgovor nismo na\u0161li. Kopkalo nas je to.<\/p>\n<p>Luli\u0107 se smije. To je uveseljava, jer ka\u017ee da je onda &#8220;posao&#8221; kazali\u0161ta potla\u010denih zapravo dobro obavljen. Naime, osnovna poanta je da izbacuje katarzu. Boal je bio izrazito protiv nje. Pa, za\u0161to?<\/p>\n<p>Prvo, kako poja\u0161njava Luli\u0107, katarza je iz teatrolo\u0161kog aspekta pacificiraju\u0107a te se kao takva koristila jo\u0161 od gr\u010dkog doba.<\/p>\n<p>Tijekom predstave bi se kod gledatelja stvorila odre\u0111ena vrsta nezadovoljstva, nestabilnosti ili napetosti. Kroz katarzu bi oni svoju napetost ostavili u kazali\u0161tu i iza\u0161li \u017eivjeti i dalje u <em>statusu quo<\/em>. Boalova teza je da katarza zapravo odr\u017eava <strong>status quo<\/strong>, stoga mu je bilo jako va\u017eno da se dio kazali\u0161ta potla\u010denih vodi forumski. Otuda onaj &#8220;kamen\u010di\u0107 u cipeli&#8221;.<\/p>\n<p>Nakon predstave s nama bi trebala ostati odre\u0111ena doza frustracije, ali i ideje, smjera u kojem mo\u017eemo razmi\u0161ljati, pa \u010dak i novog pogleda na razumijevanje odre\u0111enog problema.<\/p>\n<p>&#8211; Ta frustracija daje <em>impetus<\/em> za organiziranje, za konkretne akcije, direktnu promjenu u dru\u0161tvu \u2013 ka\u017ee Josipa Luli\u0107.<\/p>\n<p>Dodaje da je Boal inzistirao na tome da je forum proba za dru\u0161tvenu promjenu.<\/p>\n<p>&#8211; Ali da je samo proba &#8211; nagla\u0161ava.<\/p>\n<p>I ta proba ne smije zavr\u0161iti u kazali\u0161tu. Ideja je da ljudi iz kazali\u0161ta iza\u0111u s konkretnom inspiracijom, idejama i, u krajnjoj mjeri, potrebom da iz te neke frustracije ne\u0161to zapravo i naprave. Zanimalo nas je kako te\u010de rad na predstavama kazali\u0161ta potla\u010denih. Prvo, kolektivno.<\/p>\n<p>&#8211; Puno toga dolazi iz tijela. Koristi se puno kazali\u0161nih vje\u017ebi koje ciljaju na razli\u010dita \u017eivotna iskustva. Potom postoje igre koje su vezane za demehanizaciju tijela, one koje su vezane za glas \u2013 nabraja Luli\u0107.<\/p>\n<p>Kroz igru se otvara i postavlja odre\u0111eni okvir nakon \u010dega se dijele iskustva. Dijeljenje iskustva je va\u017eno, isti\u010de organizacijska voditeljica POKAZ-a, jer bitan dio svega \u010dini rad na povezivanju, na stvaranju povjerenja, kao i sigurnog prostora u kojem ljudi mogu progovoriti. Potom se iz konkretnih pri\u010da i primjera sudionika modeliraju pri\u010de za kazali\u0161te. Sve su pri\u010de bazirane na \u017eivljenom iskustvu.<\/p>\n<p>U onoj sceni s kistovima s po\u010detka pri\u010de, iz predstave &#8220;I&#8217;m not a racist, but&#8221;, umjesto kista u stvarnom je \u017eivotu bio \u0161al na Hreli\u0107u.<\/p>\n<p>&#8211; No \u0161al, kist&#8230; To to nije va\u017eno. Va\u017eno je da je iskustvo dijeljeno \u2013 isti\u010de Luli\u0107.<\/p>\n<p>Scene koje se postavljaju u sklopu kazali\u0161ta potla\u010denih zapravo su pitanja. Me\u0111utim, poanta nije da se u sat ili dva predstave na\u0111e odgovor ili rje\u0161enje na neko &#8220;veliko&#8221; pitanje. Recimo, ekipa POKAZ-a je na predstavi &#8220;I&#8217;m not a racist, but&#8221; radila sedam mjeseci.<\/p>\n<p>&#8211; Mi nakon tih sedam mjeseci, sa svim tim \u017eivljenim iskustvima, nismo shvatili kako bismo te scene to\u010dno rije\u0161iti. Stoga ne o\u010dekujemo da \u0107e se sve rije\u0161iti u sat vremena predstave. I to nikada ni nije poanta \u2013 ka\u017ee Luli\u0107.<\/p>\n<p>Poanta je zapravo pronalazak novih mogu\u0107nosti, strategija, novih ideja, svje\u017eih pogleda na situaciju. Mo\u017eda \u010dak i novih pitanja. Zato Luli\u0107 isti\u010de da se predstava prikazuje u svoj njenoj kompleksnosti, jer su i \u017eivotna iskustva koja su dijeljena kompleksna.<\/p>\n<p>&#8211; Osoba koja kupuje kistove iz scene se mo\u017eda ne\u0107e znati sna\u0107i u toj situaciji. Mo\u017eda ne zna hrvatski. Ili joj mo\u017eda ne pada na pamet zvati neke institucije dr\u017eave poput policije ili porezne, jer nema rje\u0161enje \u2013 govori ona.<\/p>\n<p>Taj \u0161al iz &#8220;stvarnog \u017eivota&#8221; koji osoba nije mogla kupiti, tj. kistovi iz predstave, mo\u017eda predstavlja malu stvar, ali je osobi koja je upravo tu scenu iz \u017eivota podijelila i odabrala za kazali\u0161te potla\u010denih sna\u017eno ostao u sje\u0107aju, nastavlja Luli\u0107, jer se radi o &#8220;vrlo jasnom primjeru rasizma na koji je ta osoba \u017eeljela reagirati, ali nije imala mogu\u0107nosti&#8221;.<\/p>\n<p>&#8211; I tu je poziv ljudima iz publike da to prepoznaju i vide \u0161to mogu napraviti iz svoje pozicije \u2013 dodaje.<\/p>\n<p>Luli\u0107 ka\u017ee kako je, nakon \u0161to je po\u010dela raditi u sklopu kazali\u0161ta potla\u010denih, po\u010dela sve vi\u0161e primje\u0107ivati opresiju. To joj je bio &#8220;veliki \u0161ok&#8221;.<\/p>\n<p>&#8211; Cijeli taj proces s kazali\u0161tem potla\u010denih me nekako ba\u017edario da po\u010dnem primje\u0107ivati opresiju \u2013 ka\u017ee.<\/p>\n<p>Kazali\u0161te potla\u010denih uvijek balansira izme\u0111u verbalizma i aktivizma. Obje te prakse je teoreti\u010dar <strong>Paulo Freire<\/strong> na kojega se Boal uvelike oslanjao o\u0161tro kritizirao. Freire je, naime, oboje \u2013 i verbalizam i aktivizam \u2013 vidio kao prakse koje na povr\u0161ini djeluju kao da \u017eele promijeniti dru\u0161tvo, ali zapravo sudjeluju u <em>statusu quo<\/em>.<\/p>\n<p>&#8211; Verbalizam je teoritiziranje, analiza, ostajanje u pri\u010dama bez konkretnog rada na terenu. Aktivizam je djelovanje koje se pretvara u neki humanitarizam ili ne\u0161to sli\u010dno, a koji se zapravo bez razumijevanja strukture opet vrti i odr\u017eava, servisira status quo \u2013 poja\u0161njava Josipa Luli\u0107.<\/p>\n<p>Me\u0111utim, postoje primjeri iz prakse, kada se verbalizam i aktivizam susre\u0107u i mogu dati konkretne rezultate. Recimo, tijekom rada POKAZ-a s ljudima razli\u010ditih \u017eivotnih pri\u010da iskristaliziralo se jedno pitanje, tj. problem \u2013 tra\u017eenje stana.<\/p>\n<p>Uz to \u0161to su cijene najma drasti\u010dno porasle, Luli\u0107 ka\u017ee i kako se brojni pri tra\u017eenju stana susre\u0107u sa ksenofobijom. Stoga se radi na oformljivanju grupe volontera koji bi pomogli s pregledavanjem oglasa, tra\u017eenjem smje\u0161taja i eventualnim zvanjem potencijalnih stanodavaca.<\/p>\n<p>I to je, smatra Luli\u0107, konkretan primjer za koji se mo\u017ee re\u0107i da je korak u pravom smjeru. Balansira izme\u0111u aktivizma i verbalizma, jer je rije\u010d o politizaciji odre\u0111enog pitanja, zagovaranju i pomaganju te se radi na vi\u0161e razina koje se me\u0111usobno pro\u017eimaju. Radi se aktivisti\u010dki, ali kroz osvje\u0161tavanje sistemskog problema, koji nas \u017eulja, kao kamen\u010di\u0107 iz cipele.<\/p>\n<p><em>pi\u0161e Matea Grgurinovi\u0107<\/em><\/p>\n","protected":false},"excerpt":{"rendered":"<p>Gledamo predstavu &#8220;I&#8217;m not a racist, but&#8221; Centra za kazali\u0161te potla\u010denih POKAZ. Nakon \u0161to se izredaju scene publika se dijeli u manje grupe da ih prokomentira. Potom kre\u0107e rasprava. Kazali\u0161te potla\u010denih obuhva\u0107a niz kazali\u0161nih i aktivisti\u010dkih tehnika koje povezuje inzistiranje na demokratskom dijalogu i (samo)osna\u017eivanju potla\u010denih skupina<\/p>\n","protected":false},"featured_media":3981,"template":"","tags":[130],"atribut":[],"class_list":["post-3984","nada","type-nada","status-publish","has-post-thumbnail","hentry","tag-tema"],"acf":[],"yoast_head":"<!-- This site is optimized with the Yoast SEO plugin v27.4 - https:\/\/yoast.com\/product\/yoast-seo-wordpress\/ -->\n<title>Dok je tlake, nema katarze - SDF - Srpski demokratski forum<\/title>\n<meta name=\"robots\" content=\"index, follow, max-snippet:-1, max-image-preview:large, max-video-preview:-1\" \/>\n<link rel=\"canonical\" href=\"https:\/\/sdf.hr\/hr\/nada\/dok-je-tlake-nema-katarze\/\" \/>\n<meta property=\"og:locale\" content=\"hr_HR\" \/>\n<meta property=\"og:type\" content=\"article\" \/>\n<meta property=\"og:title\" content=\"Dok je tlake, nema katarze - SDF - Srpski demokratski forum\" \/>\n<meta property=\"og:description\" content=\"Gledamo predstavu &quot;I&#039;m not a racist, but&quot; Centra za kazali\u0161te potla\u010denih POKAZ. Nakon \u0161to se izredaju scene publika se dijeli u manje grupe da ih prokomentira. Potom kre\u0107e rasprava. Kazali\u0161te potla\u010denih obuhva\u0107a niz kazali\u0161nih i aktivisti\u010dkih tehnika koje povezuje inzistiranje na demokratskom dijalogu i (samo)osna\u017eivanju potla\u010denih skupina\" \/>\n<meta property=\"og:url\" content=\"https:\/\/sdf.hr\/hr\/nada\/dok-je-tlake-nema-katarze\/\" \/>\n<meta property=\"og:site_name\" content=\"SDF - Srpski demokratski forum\" \/>\n<meta property=\"article:modified_time\" content=\"2023-12-27T08:42:57+00:00\" \/>\n<meta property=\"og:image\" content=\"https:\/\/sdf.hr\/wp-content\/uploads\/2023\/12\/Pokaz-1.jpg\" \/>\n\t<meta property=\"og:image:width\" content=\"2048\" \/>\n\t<meta property=\"og:image:height\" content=\"1365\" \/>\n\t<meta property=\"og:image:type\" content=\"image\/jpeg\" \/>\n<meta name=\"twitter:card\" content=\"summary_large_image\" \/>\n<meta name=\"twitter:label1\" content=\"Procijenjeno vrijeme \u010ditanja\" \/>\n\t<meta name=\"twitter:data1\" content=\"9 minuta\" \/>\n<script type=\"application\/ld+json\" class=\"yoast-schema-graph\">{\"@context\":\"https:\\\/\\\/schema.org\",\"@graph\":[{\"@type\":\"WebPage\",\"@id\":\"https:\\\/\\\/sdf.hr\\\/hr\\\/nada\\\/dok-je-tlake-nema-katarze\\\/\",\"url\":\"https:\\\/\\\/sdf.hr\\\/hr\\\/nada\\\/dok-je-tlake-nema-katarze\\\/\",\"name\":\"Dok je tlake, nema katarze - SDF - Srpski demokratski forum\",\"isPartOf\":{\"@id\":\"https:\\\/\\\/sdf.hr\\\/#website\"},\"primaryImageOfPage\":{\"@id\":\"https:\\\/\\\/sdf.hr\\\/hr\\\/nada\\\/dok-je-tlake-nema-katarze\\\/#primaryimage\"},\"image\":{\"@id\":\"https:\\\/\\\/sdf.hr\\\/hr\\\/nada\\\/dok-je-tlake-nema-katarze\\\/#primaryimage\"},\"thumbnailUrl\":\"https:\\\/\\\/sdf.hr\\\/wp-content\\\/uploads\\\/2023\\\/12\\\/Pokaz-1.jpg\",\"datePublished\":\"2023-12-27T08:30:56+00:00\",\"dateModified\":\"2023-12-27T08:42:57+00:00\",\"breadcrumb\":{\"@id\":\"https:\\\/\\\/sdf.hr\\\/hr\\\/nada\\\/dok-je-tlake-nema-katarze\\\/#breadcrumb\"},\"inLanguage\":\"hr\",\"potentialAction\":[{\"@type\":\"ReadAction\",\"target\":[\"https:\\\/\\\/sdf.hr\\\/hr\\\/nada\\\/dok-je-tlake-nema-katarze\\\/\"]}]},{\"@type\":\"ImageObject\",\"inLanguage\":\"hr\",\"@id\":\"https:\\\/\\\/sdf.hr\\\/hr\\\/nada\\\/dok-je-tlake-nema-katarze\\\/#primaryimage\",\"url\":\"https:\\\/\\\/sdf.hr\\\/wp-content\\\/uploads\\\/2023\\\/12\\\/Pokaz-1.jpg\",\"contentUrl\":\"https:\\\/\\\/sdf.hr\\\/wp-content\\\/uploads\\\/2023\\\/12\\\/Pokaz-1.jpg\",\"width\":2048,\"height\":1365,\"caption\":\"Predstava \\\"I'm not a racist, but\\\"\"},{\"@type\":\"BreadcrumbList\",\"@id\":\"https:\\\/\\\/sdf.hr\\\/hr\\\/nada\\\/dok-je-tlake-nema-katarze\\\/#breadcrumb\",\"itemListElement\":[{\"@type\":\"ListItem\",\"position\":1,\"name\":\"Po\u010detna stranica\",\"item\":\"https:\\\/\\\/sdf.hr\\\/hr\\\/\"},{\"@type\":\"ListItem\",\"position\":2,\"name\":\"Nada\",\"item\":\"https:\\\/\\\/sdf.hr\\\/nada\\\/\"},{\"@type\":\"ListItem\",\"position\":3,\"name\":\"Dok je tlake, nema katarze\"}]},{\"@type\":\"WebSite\",\"@id\":\"https:\\\/\\\/sdf.hr\\\/#website\",\"url\":\"https:\\\/\\\/sdf.hr\\\/\",\"name\":\"SDF - Srpski demokratski forum\",\"description\":\"Srpski demokratski forum\",\"publisher\":{\"@id\":\"https:\\\/\\\/sdf.hr\\\/#organization\"},\"potentialAction\":[{\"@type\":\"SearchAction\",\"target\":{\"@type\":\"EntryPoint\",\"urlTemplate\":\"https:\\\/\\\/sdf.hr\\\/?s={search_term_string}\"},\"query-input\":{\"@type\":\"PropertyValueSpecification\",\"valueRequired\":true,\"valueName\":\"search_term_string\"}}],\"inLanguage\":\"hr\"},{\"@type\":\"Organization\",\"@id\":\"https:\\\/\\\/sdf.hr\\\/#organization\",\"name\":\"SDF - Srpski demokratski forum\",\"url\":\"https:\\\/\\\/sdf.hr\\\/\",\"logo\":{\"@type\":\"ImageObject\",\"inLanguage\":\"hr\",\"@id\":\"https:\\\/\\\/sdf.hr\\\/#\\\/schema\\\/logo\\\/image\\\/\",\"url\":\"https:\\\/\\\/sdf.hr\\\/wp-content\\\/uploads\\\/2021\\\/07\\\/logo-hr.svg\",\"contentUrl\":\"https:\\\/\\\/sdf.hr\\\/wp-content\\\/uploads\\\/2021\\\/07\\\/logo-hr.svg\",\"width\":271,\"height\":100,\"caption\":\"SDF - Srpski demokratski forum\"},\"image\":{\"@id\":\"https:\\\/\\\/sdf.hr\\\/#\\\/schema\\\/logo\\\/image\\\/\"}}]}<\/script>\n<!-- \/ Yoast SEO plugin. -->","yoast_head_json":{"title":"Dok je tlake, nema katarze - SDF - Srpski demokratski forum","robots":{"index":"index","follow":"follow","max-snippet":"max-snippet:-1","max-image-preview":"max-image-preview:large","max-video-preview":"max-video-preview:-1"},"canonical":"https:\/\/sdf.hr\/hr\/nada\/dok-je-tlake-nema-katarze\/","og_locale":"hr_HR","og_type":"article","og_title":"Dok je tlake, nema katarze - SDF - Srpski demokratski forum","og_description":"Gledamo predstavu \"I'm not a racist, but\" Centra za kazali\u0161te potla\u010denih POKAZ. Nakon \u0161to se izredaju scene publika se dijeli u manje grupe da ih prokomentira. Potom kre\u0107e rasprava. Kazali\u0161te potla\u010denih obuhva\u0107a niz kazali\u0161nih i aktivisti\u010dkih tehnika koje povezuje inzistiranje na demokratskom dijalogu i (samo)osna\u017eivanju potla\u010denih skupina","og_url":"https:\/\/sdf.hr\/hr\/nada\/dok-je-tlake-nema-katarze\/","og_site_name":"SDF - Srpski demokratski forum","article_modified_time":"2023-12-27T08:42:57+00:00","og_image":[{"width":2048,"height":1365,"url":"https:\/\/sdf.hr\/wp-content\/uploads\/2023\/12\/Pokaz-1.jpg","type":"image\/jpeg"}],"twitter_card":"summary_large_image","twitter_misc":{"Procijenjeno vrijeme \u010ditanja":"9 minuta"},"schema":{"@context":"https:\/\/schema.org","@graph":[{"@type":"WebPage","@id":"https:\/\/sdf.hr\/hr\/nada\/dok-je-tlake-nema-katarze\/","url":"https:\/\/sdf.hr\/hr\/nada\/dok-je-tlake-nema-katarze\/","name":"Dok je tlake, nema katarze - SDF - Srpski demokratski forum","isPartOf":{"@id":"https:\/\/sdf.hr\/#website"},"primaryImageOfPage":{"@id":"https:\/\/sdf.hr\/hr\/nada\/dok-je-tlake-nema-katarze\/#primaryimage"},"image":{"@id":"https:\/\/sdf.hr\/hr\/nada\/dok-je-tlake-nema-katarze\/#primaryimage"},"thumbnailUrl":"https:\/\/sdf.hr\/wp-content\/uploads\/2023\/12\/Pokaz-1.jpg","datePublished":"2023-12-27T08:30:56+00:00","dateModified":"2023-12-27T08:42:57+00:00","breadcrumb":{"@id":"https:\/\/sdf.hr\/hr\/nada\/dok-je-tlake-nema-katarze\/#breadcrumb"},"inLanguage":"hr","potentialAction":[{"@type":"ReadAction","target":["https:\/\/sdf.hr\/hr\/nada\/dok-je-tlake-nema-katarze\/"]}]},{"@type":"ImageObject","inLanguage":"hr","@id":"https:\/\/sdf.hr\/hr\/nada\/dok-je-tlake-nema-katarze\/#primaryimage","url":"https:\/\/sdf.hr\/wp-content\/uploads\/2023\/12\/Pokaz-1.jpg","contentUrl":"https:\/\/sdf.hr\/wp-content\/uploads\/2023\/12\/Pokaz-1.jpg","width":2048,"height":1365,"caption":"Predstava \"I'm not a racist, but\""},{"@type":"BreadcrumbList","@id":"https:\/\/sdf.hr\/hr\/nada\/dok-je-tlake-nema-katarze\/#breadcrumb","itemListElement":[{"@type":"ListItem","position":1,"name":"Po\u010detna stranica","item":"https:\/\/sdf.hr\/hr\/"},{"@type":"ListItem","position":2,"name":"Nada","item":"https:\/\/sdf.hr\/nada\/"},{"@type":"ListItem","position":3,"name":"Dok je tlake, nema katarze"}]},{"@type":"WebSite","@id":"https:\/\/sdf.hr\/#website","url":"https:\/\/sdf.hr\/","name":"SDF - Srpski demokratski forum","description":"Srpski demokratski forum","publisher":{"@id":"https:\/\/sdf.hr\/#organization"},"potentialAction":[{"@type":"SearchAction","target":{"@type":"EntryPoint","urlTemplate":"https:\/\/sdf.hr\/?s={search_term_string}"},"query-input":{"@type":"PropertyValueSpecification","valueRequired":true,"valueName":"search_term_string"}}],"inLanguage":"hr"},{"@type":"Organization","@id":"https:\/\/sdf.hr\/#organization","name":"SDF - Srpski demokratski forum","url":"https:\/\/sdf.hr\/","logo":{"@type":"ImageObject","inLanguage":"hr","@id":"https:\/\/sdf.hr\/#\/schema\/logo\/image\/","url":"https:\/\/sdf.hr\/wp-content\/uploads\/2021\/07\/logo-hr.svg","contentUrl":"https:\/\/sdf.hr\/wp-content\/uploads\/2021\/07\/logo-hr.svg","width":271,"height":100,"caption":"SDF - Srpski demokratski forum"},"image":{"@id":"https:\/\/sdf.hr\/#\/schema\/logo\/image\/"}}]}},"_links":{"self":[{"href":"https:\/\/sdf.hr\/hr\/wp-json\/wp\/v2\/nada\/3984","targetHints":{"allow":["GET"]}}],"collection":[{"href":"https:\/\/sdf.hr\/hr\/wp-json\/wp\/v2\/nada"}],"about":[{"href":"https:\/\/sdf.hr\/hr\/wp-json\/wp\/v2\/types\/nada"}],"wp:featuredmedia":[{"embeddable":true,"href":"https:\/\/sdf.hr\/hr\/wp-json\/wp\/v2\/media\/3981"}],"wp:attachment":[{"href":"https:\/\/sdf.hr\/hr\/wp-json\/wp\/v2\/media?parent=3984"}],"wp:term":[{"taxonomy":"post_tag","embeddable":true,"href":"https:\/\/sdf.hr\/hr\/wp-json\/wp\/v2\/tags?post=3984"},{"taxonomy":"atribut","embeddable":true,"href":"https:\/\/sdf.hr\/hr\/wp-json\/wp\/v2\/atribut?post=3984"}],"curies":[{"name":"wp","href":"https:\/\/api.w.org\/{rel}","templated":true}]}}