{"id":3991,"date":"2023-12-31T09:30:01","date_gmt":"2023-12-31T08:30:01","guid":{"rendered":"https:\/\/sdf.hr\/nada\/mandl-smarn\/"},"modified":"2023-12-31T09:32:45","modified_gmt":"2023-12-31T08:32:45","slug":"mandl-smarn","status":"publish","type":"nada","link":"https:\/\/sdf.hr\/hr\/nada\/mandl-smarn\/","title":{"rendered":"Mandl \u0161marn"},"content":{"rendered":"<p>Mandl \u0161marn ili carski drobljenac s bademima je jo\u0161 jedan u nizu recepata za drobljence koje sam prona\u0161la u staroj bilje\u017enici. U\u010dinio mi se zanimljiv za probu jer volim drobljence, odli\u010dni su kao doru\u010dak, a ne\u0161to \u0161to se priprema s bademima mora biti ukusno. Naziv jela sam ostavila u izvornom obliku jer ima \u0161arm i \u0161tih pro\u0161lih vremena, a Gorski kotao njeguje tradiciju i \u010duva stare recepte. Osim mandl \u0161marna, bilje\u017enica krije recepte za \u0161marn koji se priprema s p\u0161eni\u010dnom krupicom i kajser \u0161marn. Ne mogu se odlu\u010diti koji mi je ukusniji. Ovaj s bademima je hrskaviji jer ih nisam samljela skroz sitno, ve\u0107 sam ostavila komadi\u0107e. U originalnom receptu doma\u0107ica navodi da se stave kru\u0161ne mrvice, pa sam pomo\u0107u valjka za tijesto zdrobila stari kruh tako da ostanu komadi\u0107i.<\/p>\n<p>U receptu zapisanom u bilje\u017enici navode se i cizibe (gro\u017e\u0111ice) kao jedan od sastojaka, no njih ba\u0161 ne volim pa sam ih izostavila. Ovaj \u0161marn je zami\u0161ljen kao slatko jelo jer u samu smjesu ide \u0161e\u0107er, ali sam ja stavila samo pola \u017eli\u010dice, a mo\u017eete ga i potpuno izostaviti. Doma\u0107ica je zapisala ovako: &#8220;\u010cetiri deci mleka sa vrhnjem, pet \u017eutanjaka, sedam dg dobro izrezanih mandula, tri pune \u017elice cukra, malo soli, dobro izme\u0161aj sa ribanim kruhom. Dok je smjesa gusta, pusti neko vrijeme stajati, onda dodaj cizibe, snijeg od tri bjelanjka, izli to sve skupa u \u0161est deka vru\u010de masti, pusti da lepo za\u017eutiti. Izre\u017ee se, metne u zdjelu i posiplje sa cukrom.&#8221; Izvorni recept sam malo korigirala pa vam navodim sastojke koje sam koristila.<\/p>\n<p>&nbsp;<\/p>\n<p><strong><em>Sastojci (za dvije osobe):<\/em><\/strong><\/p>\n<p>2 dl punomasnog mlijeka<\/p>\n<p>2 \u017eumanjka<\/p>\n<p>35 g badema (zdrobljenih ili mljevenih)<\/p>\n<p>1 \u017eli\u010dica kristal \u0161e\u0107era (mo\u017ee i bez)<\/p>\n<p>prstohvat soli<\/p>\n<p>4-5 \u017elica kru\u0161nih mrvica (krupnijih)<\/p>\n<p>snijeg od 2 bjelanjka<\/p>\n<p>\u017elica maslaca (za pe\u010denje)<\/p>\n<p>pekmez (stavila sam malinu)<\/p>\n<p>vo\u0107e po \u017eelji (stavila sam borovnice iz zamrziva\u010da te svje\u017eu marelicu, a sada u zimsko vrijeme mo\u017ee i\u0107i i pe\u010dena jabuka)<\/p>\n<p><em>\u00a0<\/em><\/p>\n<p><strong><em>Priprema:<\/em><\/strong><\/p>\n<p>U dubljoj zdjeli pjenasto umutite \u017eumanjke sa \u0161e\u0107erom i mlijekom. U smjesu dodajte rezane bademe te kru\u0161ne mrvice dok ne dobijete srednje gustu smjesu. Ostavite da smjesa stoji i nabubri (nekih 20 minuta do pola sata). Od bjelanjaka izradite snijeg uz dodatak prstohvata soli. Pa\u017eljivo umije\u0161ajte snijeg u smjesu sa \u017eumanjcima. Na vru\u0107oj tavi rastopite \u017elicu maslaca i izlijte smjesu. Ostavite da se pe\u010de dok ne poprimi zlatno\u017eutu boju i ne stvori se korica s donje strane pa poku\u0161ajte okrenuti. Ne sekirajte se ukoliko ne uspijete okrenuti &#8220;pala\u010dinku&#8221; da vam ostane cijela jer ionako sve morate rastrgati (razdrobiti) i ostaviti da se sve ispe\u010de do zlatno\u017eute boje. Drobljenac poslu\u017eite uz preljev od pekmeza te uz omiljeno vo\u0107e. Odli\u010dan je s doma\u0107im d\u017eemom od \u0161ljiva pa posut s cimetom, a mo\u017eete dodati i listi\u0107e badema za dodatnu hrskavost.<\/p>\n<p>Dobar tek!<\/p>\n<p><em>pi\u0161e Valentina Vukadinovi\u0107<\/em><\/p>\n","protected":false},"excerpt":{"rendered":"<p>Drobljenac poslu\u017eite uz preljev od pekmeza te omiljeno vo\u0107e. Odli\u010dan je s doma\u0107im d\u017eemom od \u0161ljiva pa posut s cimetom, a mo\u017eete dodati i listi\u0107e badema za dodatnu hrskavost<\/p>\n","protected":false},"featured_media":3990,"template":"","tags":[42],"atribut":[],"class_list":["post-3991","nada","type-nada","status-publish","has-post-thumbnail","hentry","tag-gorski-kotao"],"acf":[],"yoast_head":"<!-- This site is optimized with the Yoast SEO plugin v27.4 - https:\/\/yoast.com\/product\/yoast-seo-wordpress\/ -->\n<title>Mandl \u0161marn - SDF - Srpski demokratski forum<\/title>\n<meta name=\"robots\" content=\"index, follow, max-snippet:-1, max-image-preview:large, max-video-preview:-1\" \/>\n<link rel=\"canonical\" href=\"https:\/\/sdf.hr\/hr\/nada\/mandl-smarn\/\" \/>\n<meta property=\"og:locale\" content=\"hr_HR\" \/>\n<meta property=\"og:type\" content=\"article\" \/>\n<meta property=\"og:title\" content=\"Mandl \u0161marn - SDF - Srpski demokratski forum\" \/>\n<meta property=\"og:description\" content=\"Drobljenac poslu\u017eite uz preljev od pekmeza te omiljeno vo\u0107e. Odli\u010dan je s doma\u0107im d\u017eemom od \u0161ljiva pa posut s cimetom, a mo\u017eete dodati i listi\u0107e badema za dodatnu hrskavost\" \/>\n<meta property=\"og:url\" content=\"https:\/\/sdf.hr\/hr\/nada\/mandl-smarn\/\" \/>\n<meta property=\"og:site_name\" content=\"SDF - Srpski demokratski forum\" \/>\n<meta property=\"article:modified_time\" content=\"2023-12-31T08:32:45+00:00\" \/>\n<meta property=\"og:image\" content=\"https:\/\/sdf.hr\/wp-content\/uploads\/2023\/12\/Smarn-scaled.jpg\" \/>\n\t<meta property=\"og:image:width\" content=\"2560\" \/>\n\t<meta property=\"og:image:height\" content=\"1342\" \/>\n\t<meta property=\"og:image:type\" content=\"image\/jpeg\" \/>\n<meta name=\"twitter:card\" content=\"summary_large_image\" \/>\n<meta name=\"twitter:label1\" content=\"Procijenjeno vrijeme \u010ditanja\" \/>\n\t<meta name=\"twitter:data1\" content=\"3 minute\" \/>\n<script type=\"application\/ld+json\" class=\"yoast-schema-graph\">{\"@context\":\"https:\\\/\\\/schema.org\",\"@graph\":[{\"@type\":\"WebPage\",\"@id\":\"https:\\\/\\\/sdf.hr\\\/hr\\\/nada\\\/mandl-smarn\\\/\",\"url\":\"https:\\\/\\\/sdf.hr\\\/hr\\\/nada\\\/mandl-smarn\\\/\",\"name\":\"Mandl \u0161marn - SDF - Srpski demokratski forum\",\"isPartOf\":{\"@id\":\"https:\\\/\\\/sdf.hr\\\/#website\"},\"primaryImageOfPage\":{\"@id\":\"https:\\\/\\\/sdf.hr\\\/hr\\\/nada\\\/mandl-smarn\\\/#primaryimage\"},\"image\":{\"@id\":\"https:\\\/\\\/sdf.hr\\\/hr\\\/nada\\\/mandl-smarn\\\/#primaryimage\"},\"thumbnailUrl\":\"https:\\\/\\\/sdf.hr\\\/wp-content\\\/uploads\\\/2023\\\/12\\\/Smarn-scaled.jpg\",\"datePublished\":\"2023-12-31T08:30:01+00:00\",\"dateModified\":\"2023-12-31T08:32:45+00:00\",\"breadcrumb\":{\"@id\":\"https:\\\/\\\/sdf.hr\\\/hr\\\/nada\\\/mandl-smarn\\\/#breadcrumb\"},\"inLanguage\":\"hr\",\"potentialAction\":[{\"@type\":\"ReadAction\",\"target\":[\"https:\\\/\\\/sdf.hr\\\/hr\\\/nada\\\/mandl-smarn\\\/\"]}]},{\"@type\":\"ImageObject\",\"inLanguage\":\"hr\",\"@id\":\"https:\\\/\\\/sdf.hr\\\/hr\\\/nada\\\/mandl-smarn\\\/#primaryimage\",\"url\":\"https:\\\/\\\/sdf.hr\\\/wp-content\\\/uploads\\\/2023\\\/12\\\/Smarn-scaled.jpg\",\"contentUrl\":\"https:\\\/\\\/sdf.hr\\\/wp-content\\\/uploads\\\/2023\\\/12\\\/Smarn-scaled.jpg\",\"width\":2560,\"height\":1342},{\"@type\":\"BreadcrumbList\",\"@id\":\"https:\\\/\\\/sdf.hr\\\/hr\\\/nada\\\/mandl-smarn\\\/#breadcrumb\",\"itemListElement\":[{\"@type\":\"ListItem\",\"position\":1,\"name\":\"Po\u010detna stranica\",\"item\":\"https:\\\/\\\/sdf.hr\\\/hr\\\/\"},{\"@type\":\"ListItem\",\"position\":2,\"name\":\"Nada\",\"item\":\"https:\\\/\\\/sdf.hr\\\/nada\\\/\"},{\"@type\":\"ListItem\",\"position\":3,\"name\":\"Mandl \u0161marn\"}]},{\"@type\":\"WebSite\",\"@id\":\"https:\\\/\\\/sdf.hr\\\/#website\",\"url\":\"https:\\\/\\\/sdf.hr\\\/\",\"name\":\"SDF - Srpski demokratski forum\",\"description\":\"Srpski demokratski forum\",\"publisher\":{\"@id\":\"https:\\\/\\\/sdf.hr\\\/#organization\"},\"potentialAction\":[{\"@type\":\"SearchAction\",\"target\":{\"@type\":\"EntryPoint\",\"urlTemplate\":\"https:\\\/\\\/sdf.hr\\\/?s={search_term_string}\"},\"query-input\":{\"@type\":\"PropertyValueSpecification\",\"valueRequired\":true,\"valueName\":\"search_term_string\"}}],\"inLanguage\":\"hr\"},{\"@type\":\"Organization\",\"@id\":\"https:\\\/\\\/sdf.hr\\\/#organization\",\"name\":\"SDF - Srpski demokratski forum\",\"url\":\"https:\\\/\\\/sdf.hr\\\/\",\"logo\":{\"@type\":\"ImageObject\",\"inLanguage\":\"hr\",\"@id\":\"https:\\\/\\\/sdf.hr\\\/#\\\/schema\\\/logo\\\/image\\\/\",\"url\":\"https:\\\/\\\/sdf.hr\\\/wp-content\\\/uploads\\\/2021\\\/07\\\/logo-hr.svg\",\"contentUrl\":\"https:\\\/\\\/sdf.hr\\\/wp-content\\\/uploads\\\/2021\\\/07\\\/logo-hr.svg\",\"width\":271,\"height\":100,\"caption\":\"SDF - Srpski demokratski forum\"},\"image\":{\"@id\":\"https:\\\/\\\/sdf.hr\\\/#\\\/schema\\\/logo\\\/image\\\/\"}}]}<\/script>\n<!-- \/ Yoast SEO plugin. -->","yoast_head_json":{"title":"Mandl \u0161marn - SDF - Srpski demokratski forum","robots":{"index":"index","follow":"follow","max-snippet":"max-snippet:-1","max-image-preview":"max-image-preview:large","max-video-preview":"max-video-preview:-1"},"canonical":"https:\/\/sdf.hr\/hr\/nada\/mandl-smarn\/","og_locale":"hr_HR","og_type":"article","og_title":"Mandl \u0161marn - SDF - Srpski demokratski forum","og_description":"Drobljenac poslu\u017eite uz preljev od pekmeza te omiljeno vo\u0107e. Odli\u010dan je s doma\u0107im d\u017eemom od \u0161ljiva pa posut s cimetom, a mo\u017eete dodati i listi\u0107e badema za dodatnu hrskavost","og_url":"https:\/\/sdf.hr\/hr\/nada\/mandl-smarn\/","og_site_name":"SDF - Srpski demokratski forum","article_modified_time":"2023-12-31T08:32:45+00:00","og_image":[{"width":2560,"height":1342,"url":"https:\/\/sdf.hr\/wp-content\/uploads\/2023\/12\/Smarn-scaled.jpg","type":"image\/jpeg"}],"twitter_card":"summary_large_image","twitter_misc":{"Procijenjeno vrijeme \u010ditanja":"3 minute"},"schema":{"@context":"https:\/\/schema.org","@graph":[{"@type":"WebPage","@id":"https:\/\/sdf.hr\/hr\/nada\/mandl-smarn\/","url":"https:\/\/sdf.hr\/hr\/nada\/mandl-smarn\/","name":"Mandl \u0161marn - SDF - Srpski demokratski forum","isPartOf":{"@id":"https:\/\/sdf.hr\/#website"},"primaryImageOfPage":{"@id":"https:\/\/sdf.hr\/hr\/nada\/mandl-smarn\/#primaryimage"},"image":{"@id":"https:\/\/sdf.hr\/hr\/nada\/mandl-smarn\/#primaryimage"},"thumbnailUrl":"https:\/\/sdf.hr\/wp-content\/uploads\/2023\/12\/Smarn-scaled.jpg","datePublished":"2023-12-31T08:30:01+00:00","dateModified":"2023-12-31T08:32:45+00:00","breadcrumb":{"@id":"https:\/\/sdf.hr\/hr\/nada\/mandl-smarn\/#breadcrumb"},"inLanguage":"hr","potentialAction":[{"@type":"ReadAction","target":["https:\/\/sdf.hr\/hr\/nada\/mandl-smarn\/"]}]},{"@type":"ImageObject","inLanguage":"hr","@id":"https:\/\/sdf.hr\/hr\/nada\/mandl-smarn\/#primaryimage","url":"https:\/\/sdf.hr\/wp-content\/uploads\/2023\/12\/Smarn-scaled.jpg","contentUrl":"https:\/\/sdf.hr\/wp-content\/uploads\/2023\/12\/Smarn-scaled.jpg","width":2560,"height":1342},{"@type":"BreadcrumbList","@id":"https:\/\/sdf.hr\/hr\/nada\/mandl-smarn\/#breadcrumb","itemListElement":[{"@type":"ListItem","position":1,"name":"Po\u010detna stranica","item":"https:\/\/sdf.hr\/hr\/"},{"@type":"ListItem","position":2,"name":"Nada","item":"https:\/\/sdf.hr\/nada\/"},{"@type":"ListItem","position":3,"name":"Mandl \u0161marn"}]},{"@type":"WebSite","@id":"https:\/\/sdf.hr\/#website","url":"https:\/\/sdf.hr\/","name":"SDF - Srpski demokratski forum","description":"Srpski demokratski forum","publisher":{"@id":"https:\/\/sdf.hr\/#organization"},"potentialAction":[{"@type":"SearchAction","target":{"@type":"EntryPoint","urlTemplate":"https:\/\/sdf.hr\/?s={search_term_string}"},"query-input":{"@type":"PropertyValueSpecification","valueRequired":true,"valueName":"search_term_string"}}],"inLanguage":"hr"},{"@type":"Organization","@id":"https:\/\/sdf.hr\/#organization","name":"SDF - Srpski demokratski forum","url":"https:\/\/sdf.hr\/","logo":{"@type":"ImageObject","inLanguage":"hr","@id":"https:\/\/sdf.hr\/#\/schema\/logo\/image\/","url":"https:\/\/sdf.hr\/wp-content\/uploads\/2021\/07\/logo-hr.svg","contentUrl":"https:\/\/sdf.hr\/wp-content\/uploads\/2021\/07\/logo-hr.svg","width":271,"height":100,"caption":"SDF - Srpski demokratski forum"},"image":{"@id":"https:\/\/sdf.hr\/#\/schema\/logo\/image\/"}}]}},"_links":{"self":[{"href":"https:\/\/sdf.hr\/hr\/wp-json\/wp\/v2\/nada\/3991","targetHints":{"allow":["GET"]}}],"collection":[{"href":"https:\/\/sdf.hr\/hr\/wp-json\/wp\/v2\/nada"}],"about":[{"href":"https:\/\/sdf.hr\/hr\/wp-json\/wp\/v2\/types\/nada"}],"wp:featuredmedia":[{"embeddable":true,"href":"https:\/\/sdf.hr\/hr\/wp-json\/wp\/v2\/media\/3990"}],"wp:attachment":[{"href":"https:\/\/sdf.hr\/hr\/wp-json\/wp\/v2\/media?parent=3991"}],"wp:term":[{"taxonomy":"post_tag","embeddable":true,"href":"https:\/\/sdf.hr\/hr\/wp-json\/wp\/v2\/tags?post=3991"},{"taxonomy":"atribut","embeddable":true,"href":"https:\/\/sdf.hr\/hr\/wp-json\/wp\/v2\/atribut?post=3991"}],"curies":[{"name":"wp","href":"https:\/\/api.w.org\/{rel}","templated":true}]}}