{"id":3992,"date":"2023-12-29T11:52:33","date_gmt":"2023-12-29T10:52:33","guid":{"rendered":"https:\/\/sdf.hr\/nada\/marakana-gospic\/"},"modified":"2023-12-29T11:55:15","modified_gmt":"2023-12-29T10:55:15","slug":"marakana-gospic","status":"publish","type":"nada","link":"https:\/\/sdf.hr\/hr\/nada\/marakana-gospic\/","title":{"rendered":"Marakana Gospi\u0107"},"content":{"rendered":"<p>Svjetsko nogometno prvenstvo 1950. godine bilo je \u010detvrto izdanje toga natjecanja, a odr\u017ealo se u Brazilu. Prvo je prvenstvo odr\u017eano nakon dvanaest godina duge stanke prouzrokovane Drugim svjetskim ratom. Prosje\u010dan broj gledatelja po utakmici bio je rekordnih 61.000, pri \u010demu su uvelike pomogle utakmice odigrane na novoizgra\u0111enoj Maracani, stadionu koji je mogao primiti 200.000 gledatelja.<\/p>\n<p>Stadion je gra\u0111en godinama, na njemu je na \u017eegi Rio de Janeira radilo vi\u0161e od 10.000 radnika, po\u010dev\u0161i od 1948. godine. Iako je upotrebljen na Svjetskom prvenstvu, za \u0161to je i primarno sagra\u0111en, \u010ditav je zapravo dovr\u0161en tek 1965. godine. Kamo su po\u0161li zidari one ve\u010deri kad je dovr\u0161en, upitao bi <strong>Bertolt Brecht<\/strong>. Na to pitanje odgovor ne znamo. Ne zna se ni gdje je onih 75 posto radnika novoizgra\u0111ene Maracane, koji su u jednom \u0161utu otpu\u0161teni osam mjeseci prije po\u010detka Olimpijskih igara 2016. godine.<\/p>\n<p>Povijest Maracane pisala se iz drugog kuta. Pamtit \u0107e se da je 1950. godine ondje igrana prva utakmica SP-a (Brazil protiv Meksika), kao i zavr\u0161na (Brazil protiv Urugvaja, kojom je prvenstvo osvojio Urugvaj). Protiv Brazila je na Maracani toga ljeta zaigrala i Jugoslavija, koja je bila u grupi s doma\u0107inima, Meksikom i \u0160vicarskom. Suhe trave, tvrdog terena, disanja na \u0161krge i igre pred 142.000 ljudi reprezentativac Jugoslavije <strong>\u017deljko \u010cajkovski<\/strong> jasno \u0107e se sje\u0107ati i pola stolje\u0107a kasnije.<\/p>\n<p>Kada je 1963. godine otvoren novi stadion Crvene zvezde, navija\u010di su ga brzo prozvali Marakanom \u2013 grandioznost stadiona iz Rio de Janeira jo\u0161 je svima ostala u glavama. Na prvoj je utakmici na beogradskoj Marakani prisustvovalo 55.000 gledatelja, a sljede\u0107e godine, nakon \u0161to je stadion potpuno zavr\u0161en, kapacitet je dignut na 110.000.<\/p>\n<p>Nije samo Beograd dobio svoju Marakanu. Prijenosi utakmica iz Brazila 1950. godine su op\u010dinili i stanovnike i stanovnice Gospi\u0107a, gradi\u0107a usred Li\u010dkog polja. U godini Svjetskog prvenstva u obli\u017enjem Li\u010dkom Osiku osnovana je tvornica &#8220;Ivan Go\u0161njak&#8221;, uz koju je gra\u0111eno novo plansko naselje. U samome Gospi\u0107u, u kvartu danas najpoznatijem po autobusnom kolodvoru, lokalni amaterski nogometa\u0161i prozvali su svoj kvart Marakanom, a sebe &#8220;momcima s Marakane&#8221;. Na Marakani se tada redovno odr\u017eavao i veliki sto\u010dni sajam. Sajam je opstao do dana\u0161njeg dana, odr\u017eava se svakog petka pokraj autobusnog kolodvora, ali u mnogo skromnijoj varijanti.<\/p>\n<p>Uz sajamski plato nalazi se stanica na kojoj je oslikan legendarni mural &#8220;Marakana Gospi\u0107 1958&#8221;, a uz stanicu na travi stoi\u010dki duraju i mali golovi. Ako vam je autobus ikad stao u Gospi\u0107u, vidjeli ste taj prizor. Slu\u017ebeni malonogometni turniri na gospi\u0107koj su se Marakani po\u010deli odr\u017eavati 1958. godine, a Marakana je i danas jedini kvart u gradu koji je besprekidno odr\u017eao tradiciju igranja malog nogometa na istom lokalitetu i u kontinuitetu, vi\u0161e od \u0161est desetlje\u0107a. I ovoga decembra na malonogometnom turniru &#8220;Marakana gori&#8221; u Gospi\u0107u je sudjelovalo deset ekipa. Iako je na Marakani najve\u0107i hit i dalje mali nogomet, u ovom se kvartu za razli\u010dite dobne uzraste organiziraju i turniri u ko\u0161arci, bo\u0107anju, itd. Na ovoj Marakani nikad ne\u0107e ostati zabilje\u017eena rekordna posje\u0107enost, nikakve tisu\u0107e da odzvanjaju kroz stolje\u0107e, ali u Gospi\u0107u se \u010dini da osje\u0107aj Marakane zbog toga nije ni\u0161ta manje <em>grande<\/em>.<\/p>\n<p><em>pi\u0161e Ivana Peri\u0107<\/em><\/p>\n","protected":false},"excerpt":{"rendered":"<p>Nije samo Beograd dobio svoju Marakanu. Prijenosi utakmica iz Brazila 1950. godine su op\u010dinili i stanovnike Gospi\u0107a, a Marakana je i danas jedini kvart u tom gradu koji je odr\u017eao tradiciju igranja malog nogometa na istom lokalitetu i u kontinuitetu<\/p>\n","protected":false},"featured_media":3987,"template":"","tags":[40],"atribut":[],"class_list":["post-3992","nada","type-nada","status-publish","has-post-thumbnail","hentry","tag-dvokorak-naprijed"],"acf":[],"yoast_head":"<!-- This site is optimized with the Yoast SEO plugin v27.4 - https:\/\/yoast.com\/product\/yoast-seo-wordpress\/ -->\n<title>Marakana Gospi\u0107 - SDF - Srpski demokratski forum<\/title>\n<meta name=\"robots\" content=\"index, follow, max-snippet:-1, max-image-preview:large, max-video-preview:-1\" \/>\n<link rel=\"canonical\" href=\"https:\/\/sdf.hr\/hr\/nada\/marakana-gospic\/\" \/>\n<meta property=\"og:locale\" content=\"hr_HR\" \/>\n<meta property=\"og:type\" content=\"article\" \/>\n<meta property=\"og:title\" content=\"Marakana Gospi\u0107 - SDF - Srpski demokratski forum\" \/>\n<meta property=\"og:description\" content=\"Nije samo Beograd dobio svoju Marakanu. Prijenosi utakmica iz Brazila 1950. godine su op\u010dinili i stanovnike Gospi\u0107a, a Marakana je i danas jedini kvart u tom gradu koji je odr\u017eao tradiciju igranja malog nogometa na istom lokalitetu i u kontinuitetu\" \/>\n<meta property=\"og:url\" content=\"https:\/\/sdf.hr\/hr\/nada\/marakana-gospic\/\" \/>\n<meta property=\"og:site_name\" content=\"SDF - Srpski demokratski forum\" \/>\n<meta property=\"article:modified_time\" content=\"2023-12-29T10:55:15+00:00\" \/>\n<meta property=\"og:image\" content=\"https:\/\/sdf.hr\/wp-content\/uploads\/2023\/12\/Gospic-scaled.jpg\" \/>\n\t<meta property=\"og:image:width\" content=\"2560\" \/>\n\t<meta property=\"og:image:height\" content=\"2119\" \/>\n\t<meta property=\"og:image:type\" content=\"image\/jpeg\" \/>\n<meta name=\"twitter:card\" content=\"summary_large_image\" \/>\n<meta name=\"twitter:label1\" content=\"Procijenjeno vrijeme \u010ditanja\" \/>\n\t<meta name=\"twitter:data1\" content=\"3 minute\" \/>\n<script type=\"application\/ld+json\" class=\"yoast-schema-graph\">{\"@context\":\"https:\\\/\\\/schema.org\",\"@graph\":[{\"@type\":\"WebPage\",\"@id\":\"https:\\\/\\\/sdf.hr\\\/hr\\\/nada\\\/marakana-gospic\\\/\",\"url\":\"https:\\\/\\\/sdf.hr\\\/hr\\\/nada\\\/marakana-gospic\\\/\",\"name\":\"Marakana Gospi\u0107 - SDF - Srpski demokratski forum\",\"isPartOf\":{\"@id\":\"https:\\\/\\\/sdf.hr\\\/#website\"},\"primaryImageOfPage\":{\"@id\":\"https:\\\/\\\/sdf.hr\\\/hr\\\/nada\\\/marakana-gospic\\\/#primaryimage\"},\"image\":{\"@id\":\"https:\\\/\\\/sdf.hr\\\/hr\\\/nada\\\/marakana-gospic\\\/#primaryimage\"},\"thumbnailUrl\":\"https:\\\/\\\/sdf.hr\\\/wp-content\\\/uploads\\\/2023\\\/12\\\/Gospic-scaled.jpg\",\"datePublished\":\"2023-12-29T10:52:33+00:00\",\"dateModified\":\"2023-12-29T10:55:15+00:00\",\"breadcrumb\":{\"@id\":\"https:\\\/\\\/sdf.hr\\\/hr\\\/nada\\\/marakana-gospic\\\/#breadcrumb\"},\"inLanguage\":\"hr\",\"potentialAction\":[{\"@type\":\"ReadAction\",\"target\":[\"https:\\\/\\\/sdf.hr\\\/hr\\\/nada\\\/marakana-gospic\\\/\"]}]},{\"@type\":\"ImageObject\",\"inLanguage\":\"hr\",\"@id\":\"https:\\\/\\\/sdf.hr\\\/hr\\\/nada\\\/marakana-gospic\\\/#primaryimage\",\"url\":\"https:\\\/\\\/sdf.hr\\\/wp-content\\\/uploads\\\/2023\\\/12\\\/Gospic-scaled.jpg\",\"contentUrl\":\"https:\\\/\\\/sdf.hr\\\/wp-content\\\/uploads\\\/2023\\\/12\\\/Gospic-scaled.jpg\",\"width\":2560,\"height\":2119},{\"@type\":\"BreadcrumbList\",\"@id\":\"https:\\\/\\\/sdf.hr\\\/hr\\\/nada\\\/marakana-gospic\\\/#breadcrumb\",\"itemListElement\":[{\"@type\":\"ListItem\",\"position\":1,\"name\":\"Po\u010detna stranica\",\"item\":\"https:\\\/\\\/sdf.hr\\\/hr\\\/\"},{\"@type\":\"ListItem\",\"position\":2,\"name\":\"Nada\",\"item\":\"https:\\\/\\\/sdf.hr\\\/nada\\\/\"},{\"@type\":\"ListItem\",\"position\":3,\"name\":\"Marakana Gospi\u0107\"}]},{\"@type\":\"WebSite\",\"@id\":\"https:\\\/\\\/sdf.hr\\\/#website\",\"url\":\"https:\\\/\\\/sdf.hr\\\/\",\"name\":\"SDF - Srpski demokratski forum\",\"description\":\"Srpski demokratski forum\",\"publisher\":{\"@id\":\"https:\\\/\\\/sdf.hr\\\/#organization\"},\"potentialAction\":[{\"@type\":\"SearchAction\",\"target\":{\"@type\":\"EntryPoint\",\"urlTemplate\":\"https:\\\/\\\/sdf.hr\\\/?s={search_term_string}\"},\"query-input\":{\"@type\":\"PropertyValueSpecification\",\"valueRequired\":true,\"valueName\":\"search_term_string\"}}],\"inLanguage\":\"hr\"},{\"@type\":\"Organization\",\"@id\":\"https:\\\/\\\/sdf.hr\\\/#organization\",\"name\":\"SDF - Srpski demokratski forum\",\"url\":\"https:\\\/\\\/sdf.hr\\\/\",\"logo\":{\"@type\":\"ImageObject\",\"inLanguage\":\"hr\",\"@id\":\"https:\\\/\\\/sdf.hr\\\/#\\\/schema\\\/logo\\\/image\\\/\",\"url\":\"https:\\\/\\\/sdf.hr\\\/wp-content\\\/uploads\\\/2021\\\/07\\\/logo-hr.svg\",\"contentUrl\":\"https:\\\/\\\/sdf.hr\\\/wp-content\\\/uploads\\\/2021\\\/07\\\/logo-hr.svg\",\"width\":271,\"height\":100,\"caption\":\"SDF - Srpski demokratski forum\"},\"image\":{\"@id\":\"https:\\\/\\\/sdf.hr\\\/#\\\/schema\\\/logo\\\/image\\\/\"}}]}<\/script>\n<!-- \/ Yoast SEO plugin. -->","yoast_head_json":{"title":"Marakana Gospi\u0107 - SDF - Srpski demokratski forum","robots":{"index":"index","follow":"follow","max-snippet":"max-snippet:-1","max-image-preview":"max-image-preview:large","max-video-preview":"max-video-preview:-1"},"canonical":"https:\/\/sdf.hr\/hr\/nada\/marakana-gospic\/","og_locale":"hr_HR","og_type":"article","og_title":"Marakana Gospi\u0107 - SDF - Srpski demokratski forum","og_description":"Nije samo Beograd dobio svoju Marakanu. Prijenosi utakmica iz Brazila 1950. godine su op\u010dinili i stanovnike Gospi\u0107a, a Marakana je i danas jedini kvart u tom gradu koji je odr\u017eao tradiciju igranja malog nogometa na istom lokalitetu i u kontinuitetu","og_url":"https:\/\/sdf.hr\/hr\/nada\/marakana-gospic\/","og_site_name":"SDF - Srpski demokratski forum","article_modified_time":"2023-12-29T10:55:15+00:00","og_image":[{"width":2560,"height":2119,"url":"https:\/\/sdf.hr\/wp-content\/uploads\/2023\/12\/Gospic-scaled.jpg","type":"image\/jpeg"}],"twitter_card":"summary_large_image","twitter_misc":{"Procijenjeno vrijeme \u010ditanja":"3 minute"},"schema":{"@context":"https:\/\/schema.org","@graph":[{"@type":"WebPage","@id":"https:\/\/sdf.hr\/hr\/nada\/marakana-gospic\/","url":"https:\/\/sdf.hr\/hr\/nada\/marakana-gospic\/","name":"Marakana Gospi\u0107 - SDF - Srpski demokratski forum","isPartOf":{"@id":"https:\/\/sdf.hr\/#website"},"primaryImageOfPage":{"@id":"https:\/\/sdf.hr\/hr\/nada\/marakana-gospic\/#primaryimage"},"image":{"@id":"https:\/\/sdf.hr\/hr\/nada\/marakana-gospic\/#primaryimage"},"thumbnailUrl":"https:\/\/sdf.hr\/wp-content\/uploads\/2023\/12\/Gospic-scaled.jpg","datePublished":"2023-12-29T10:52:33+00:00","dateModified":"2023-12-29T10:55:15+00:00","breadcrumb":{"@id":"https:\/\/sdf.hr\/hr\/nada\/marakana-gospic\/#breadcrumb"},"inLanguage":"hr","potentialAction":[{"@type":"ReadAction","target":["https:\/\/sdf.hr\/hr\/nada\/marakana-gospic\/"]}]},{"@type":"ImageObject","inLanguage":"hr","@id":"https:\/\/sdf.hr\/hr\/nada\/marakana-gospic\/#primaryimage","url":"https:\/\/sdf.hr\/wp-content\/uploads\/2023\/12\/Gospic-scaled.jpg","contentUrl":"https:\/\/sdf.hr\/wp-content\/uploads\/2023\/12\/Gospic-scaled.jpg","width":2560,"height":2119},{"@type":"BreadcrumbList","@id":"https:\/\/sdf.hr\/hr\/nada\/marakana-gospic\/#breadcrumb","itemListElement":[{"@type":"ListItem","position":1,"name":"Po\u010detna stranica","item":"https:\/\/sdf.hr\/hr\/"},{"@type":"ListItem","position":2,"name":"Nada","item":"https:\/\/sdf.hr\/nada\/"},{"@type":"ListItem","position":3,"name":"Marakana Gospi\u0107"}]},{"@type":"WebSite","@id":"https:\/\/sdf.hr\/#website","url":"https:\/\/sdf.hr\/","name":"SDF - Srpski demokratski forum","description":"Srpski demokratski forum","publisher":{"@id":"https:\/\/sdf.hr\/#organization"},"potentialAction":[{"@type":"SearchAction","target":{"@type":"EntryPoint","urlTemplate":"https:\/\/sdf.hr\/?s={search_term_string}"},"query-input":{"@type":"PropertyValueSpecification","valueRequired":true,"valueName":"search_term_string"}}],"inLanguage":"hr"},{"@type":"Organization","@id":"https:\/\/sdf.hr\/#organization","name":"SDF - Srpski demokratski forum","url":"https:\/\/sdf.hr\/","logo":{"@type":"ImageObject","inLanguage":"hr","@id":"https:\/\/sdf.hr\/#\/schema\/logo\/image\/","url":"https:\/\/sdf.hr\/wp-content\/uploads\/2021\/07\/logo-hr.svg","contentUrl":"https:\/\/sdf.hr\/wp-content\/uploads\/2021\/07\/logo-hr.svg","width":271,"height":100,"caption":"SDF - Srpski demokratski forum"},"image":{"@id":"https:\/\/sdf.hr\/#\/schema\/logo\/image\/"}}]}},"_links":{"self":[{"href":"https:\/\/sdf.hr\/hr\/wp-json\/wp\/v2\/nada\/3992","targetHints":{"allow":["GET"]}}],"collection":[{"href":"https:\/\/sdf.hr\/hr\/wp-json\/wp\/v2\/nada"}],"about":[{"href":"https:\/\/sdf.hr\/hr\/wp-json\/wp\/v2\/types\/nada"}],"wp:featuredmedia":[{"embeddable":true,"href":"https:\/\/sdf.hr\/hr\/wp-json\/wp\/v2\/media\/3987"}],"wp:attachment":[{"href":"https:\/\/sdf.hr\/hr\/wp-json\/wp\/v2\/media?parent=3992"}],"wp:term":[{"taxonomy":"post_tag","embeddable":true,"href":"https:\/\/sdf.hr\/hr\/wp-json\/wp\/v2\/tags?post=3992"},{"taxonomy":"atribut","embeddable":true,"href":"https:\/\/sdf.hr\/hr\/wp-json\/wp\/v2\/atribut?post=3992"}],"curies":[{"name":"wp","href":"https:\/\/api.w.org\/{rel}","templated":true}]}}