{"id":3997,"date":"2024-01-12T11:59:44","date_gmt":"2024-01-12T10:59:44","guid":{"rendered":"https:\/\/sdf.hr\/nada\/herzog-i-prijatelji\/"},"modified":"2024-01-12T12:00:31","modified_gmt":"2024-01-12T11:00:31","slug":"herzog-i-prijatelji","status":"publish","type":"nada","link":"https:\/\/sdf.hr\/hr\/nada\/herzog-i-prijatelji\/","title":{"rendered":"Herzog i prijatelji"},"content":{"rendered":"<p>Rokere, skejtere i nogometa\u0161e uvijek je ne\u0161to vuklo prema meni, konstatira njema\u010dki redatelj i pisac <strong>Werner Herzog<\/strong> u fri\u0161ko objavljenim memoarima &#8220;Svaki \u010dovjek za sebe i Bog protiv svih&#8221;. Magnetizam koji rezultira tako stra\u0161nim trojstvom na vrhu te\u0161ko da bi \u010dovjek ikome po\u017eelio, ali Herzog se ne \u017eali. Fokusirat \u0107emo se na nogometnu liniju koja se provla\u010di kroz njegove memoare, a rokere i skejtere prepu\u0161tamo drugima.<\/p>\n<p>Herzog opisuje kako je 1960-ih u M\u00fcnchenu prvi put gledao vijesti i nogometne utakmice na TV-u, u stanu domara koji je \u017eivio kat iznad njega. Nogomet je igrao i na ulici, kao mladi\u0107 u raznim amaterskim ekipama. &#8220;Zaradio sam i svoj udio uobi\u010dajenih nogometnih ozljeda. Kri\u017eni ligament, na primjer, i jo\u0161 jednu, dok sam jo\u0161 bio golman, u utakmici protiv Bavarskog ceha mesara. Puno sr\u010danih mesarskih nau\u010dnika krenulo je na nas kao da smo telad, a jedan njihov napada\u010d me je nabio ispod brade&#8221;, opisuje u knjizi.<\/p>\n<p>U \u017eivotu je, ka\u017ee Herzog, samo dva puta s nekim postao prijatelj od prvog trenutka upoznavanja. Jedan od to dvoje (ne)sretnika bio je <strong>Werner Janoud<\/strong>, za kojeg je odmah znao da \u0107e biti prijatelji do kraja \u017eivota. Kako ide ta pri\u010da? Herzogovski bizarluk uz dodatak fudbala. Do\u0161ao Herzog 1970-ih u Limu, na trening kluba Sporting Cristal. U Peruu je tada snimao film &#8220;Aguirre, gnjev bo\u017eji&#8221;. Na treningu je prva ekipa kluba igrala protiv druge, i u jednom je trenutku b ekipi zafalio igra\u010d. Trener je stavio Herzoga u igru.<\/p>\n<p>Dopalo ga je tako da odmjeri snage s <strong>Albertom Gallardom<\/strong>, peruanskim igra\u010dem koji je bio jedna od zvijezda Svjetskog prvenstva u Meksiku 1970. godine. &#8220;Gallardo je bio brzi frik, lu\u0111ak koji je stalno radio manite stvari na terenu, i nikad nije radio ono \u0161to biste o\u010dekivali. Htio sam mu barem ote\u017eati stvari, stati mu na put, pa sam ga mahnito poku\u0161avao slijediti uokolo. Nakon deset minuta netko mi je dodao loptu i u toj fazi vi\u0161e se nisam mogao sjetiti koji su dresovi moje mom\u010dadi i kako uop\u0107e igramo. Nakon 15 minuta sam se s gr\u010devima u \u017eelucu iskrao s terena i povra\u0107ao satima u grmlje oleandra pokraj igrali\u0161ta. Janoud me izvukao iz grmlja i od tog smo trenutka prijatelji&#8221;, opisuje Herzog.<\/p>\n<p>A jedan od najbli\u017eih mu \u017eivotnih drugara tog ga je dana i stavio u igru, trener <strong>Rudi Gutendorf<\/strong>. Portret Gutendorfa i oma\u017e njihovom prijateljstvu donosi kratki film &#8220;Lopta je olo\u0161&#8221; koji je Herzog snimio 1999. godine. Gutendorf je bio strastveni trener i svjetska lutalica, \u010dovjek uz \u010dije ime jo\u0161 uvijek stoji Guinnessov rekord jer je trenirao 55 timova u 32 zemlje, na pet kontinenata (mr\u0161ti li se <strong>Stanko Mr\u0161i\u0107<\/strong>?).<\/p>\n<p>Trenersku karijeru zapo\u010deo je 1950-ih u klubu Blue Stars Z\u00fcrich u \u0160vicarskoj, zatim je bio igra\u010d i trener u Luzernu, a 1961. oti\u0161ao u Tunis i preuzeo klub US Monastir. Po\u010detkom 1970-ih je do\u0161ao trenirati Sporting Cristal u Peru, da bi se vrlo brzo prebacio u \u010cile, gdje je bio izbornik nacionalne reprezentacije, pio viski sa <strong>Salvadorom Allendeom<\/strong> i &#8220;pri\u010dao o svemu, a najmanje o nogometu&#8221;, a onda pobjegao nakon \u0161to je vlast preuzela hunta <strong>Augusta Pinocheta<\/strong>. Naredna je desetlje\u0107a proveo treniraju\u0107i ekipe u Australiji, Tanzaniji, Gani, Nepalu, Ruandi, a na mnogima od tih mjesta susretao se s prijateljem Herzogom. Prije desetak godina, kad mu je bilo 86, Gutendorf je i dalje bio u potrazi za novim trenerskim poslom, i sa \u017ealo\u0161\u0107u medijima konstatirao da je klubove sram ponuditi mu ugovor, da im se \u010dini da je prestar. A njegov drug Herzog danas, 81 mu godina tek, pi\u0161e knjige u punom zamahu i nada se da \u0107e upravo one nad\u017eivjeti njegove filmove.<\/p>\n<p><em>pi\u0161e Ivana Peri\u0107<\/em><\/p>\n","protected":false},"excerpt":{"rendered":"<p>U \u017eivotu je, pi\u0161e Werner Herzog u memoarima, samo dva puta s nekim postao prijatelj od prvog trenutka upoznavanja. Jedan od to dvoje (ne)sretnika bio je Werner Janoud, za kojeg je odmah znao da \u0107e biti prijatelji do kraja \u017eivota<\/p>\n","protected":false},"featured_media":3996,"template":"","tags":[40],"atribut":[],"class_list":["post-3997","nada","type-nada","status-publish","has-post-thumbnail","hentry","tag-dvokorak-naprijed"],"acf":[],"yoast_head":"<!-- This site is optimized with the Yoast SEO plugin v27.4 - https:\/\/yoast.com\/product\/yoast-seo-wordpress\/ -->\n<title>Herzog i prijatelji - SDF - Srpski demokratski forum<\/title>\n<meta name=\"robots\" content=\"index, follow, max-snippet:-1, max-image-preview:large, max-video-preview:-1\" \/>\n<link rel=\"canonical\" href=\"https:\/\/sdf.hr\/hr\/nada\/herzog-i-prijatelji\/\" \/>\n<meta property=\"og:locale\" content=\"hr_HR\" \/>\n<meta property=\"og:type\" content=\"article\" \/>\n<meta property=\"og:title\" content=\"Herzog i prijatelji - SDF - Srpski demokratski forum\" \/>\n<meta property=\"og:description\" content=\"U \u017eivotu je, pi\u0161e Werner Herzog u memoarima, samo dva puta s nekim postao prijatelj od prvog trenutka upoznavanja. Jedan od to dvoje (ne)sretnika bio je Werner Janoud, za kojeg je odmah znao da \u0107e biti prijatelji do kraja \u017eivota\" \/>\n<meta property=\"og:url\" content=\"https:\/\/sdf.hr\/hr\/nada\/herzog-i-prijatelji\/\" \/>\n<meta property=\"og:site_name\" content=\"SDF - Srpski demokratski forum\" \/>\n<meta property=\"article:modified_time\" content=\"2024-01-12T11:00:31+00:00\" \/>\n<meta property=\"og:image\" content=\"https:\/\/sdf.hr\/wp-content\/uploads\/2024\/01\/Herzog_Annette-Riedl-DPA-scaled.jpg\" \/>\n\t<meta property=\"og:image:width\" content=\"2560\" \/>\n\t<meta property=\"og:image:height\" content=\"1703\" \/>\n\t<meta property=\"og:image:type\" content=\"image\/jpeg\" \/>\n<meta name=\"twitter:card\" content=\"summary_large_image\" \/>\n<meta name=\"twitter:label1\" content=\"Procijenjeno vrijeme \u010ditanja\" \/>\n\t<meta name=\"twitter:data1\" content=\"3 minute\" \/>\n<script type=\"application\/ld+json\" class=\"yoast-schema-graph\">{\"@context\":\"https:\\\/\\\/schema.org\",\"@graph\":[{\"@type\":\"WebPage\",\"@id\":\"https:\\\/\\\/sdf.hr\\\/hr\\\/nada\\\/herzog-i-prijatelji\\\/\",\"url\":\"https:\\\/\\\/sdf.hr\\\/hr\\\/nada\\\/herzog-i-prijatelji\\\/\",\"name\":\"Herzog i prijatelji - SDF - Srpski demokratski forum\",\"isPartOf\":{\"@id\":\"https:\\\/\\\/sdf.hr\\\/#website\"},\"primaryImageOfPage\":{\"@id\":\"https:\\\/\\\/sdf.hr\\\/hr\\\/nada\\\/herzog-i-prijatelji\\\/#primaryimage\"},\"image\":{\"@id\":\"https:\\\/\\\/sdf.hr\\\/hr\\\/nada\\\/herzog-i-prijatelji\\\/#primaryimage\"},\"thumbnailUrl\":\"https:\\\/\\\/sdf.hr\\\/wp-content\\\/uploads\\\/2024\\\/01\\\/Herzog_Annette-Riedl-DPA-scaled.jpg\",\"datePublished\":\"2024-01-12T10:59:44+00:00\",\"dateModified\":\"2024-01-12T11:00:31+00:00\",\"breadcrumb\":{\"@id\":\"https:\\\/\\\/sdf.hr\\\/hr\\\/nada\\\/herzog-i-prijatelji\\\/#breadcrumb\"},\"inLanguage\":\"hr\",\"potentialAction\":[{\"@type\":\"ReadAction\",\"target\":[\"https:\\\/\\\/sdf.hr\\\/hr\\\/nada\\\/herzog-i-prijatelji\\\/\"]}]},{\"@type\":\"ImageObject\",\"inLanguage\":\"hr\",\"@id\":\"https:\\\/\\\/sdf.hr\\\/hr\\\/nada\\\/herzog-i-prijatelji\\\/#primaryimage\",\"url\":\"https:\\\/\\\/sdf.hr\\\/wp-content\\\/uploads\\\/2024\\\/01\\\/Herzog_Annette-Riedl-DPA-scaled.jpg\",\"contentUrl\":\"https:\\\/\\\/sdf.hr\\\/wp-content\\\/uploads\\\/2024\\\/01\\\/Herzog_Annette-Riedl-DPA-scaled.jpg\",\"width\":2560,\"height\":1703,\"caption\":\"Werner Herzog (Foto: Annette Riedl\\\/DPA\\\/PIXSELL)\"},{\"@type\":\"BreadcrumbList\",\"@id\":\"https:\\\/\\\/sdf.hr\\\/hr\\\/nada\\\/herzog-i-prijatelji\\\/#breadcrumb\",\"itemListElement\":[{\"@type\":\"ListItem\",\"position\":1,\"name\":\"Po\u010detna stranica\",\"item\":\"https:\\\/\\\/sdf.hr\\\/hr\\\/\"},{\"@type\":\"ListItem\",\"position\":2,\"name\":\"Nada\",\"item\":\"https:\\\/\\\/sdf.hr\\\/nada\\\/\"},{\"@type\":\"ListItem\",\"position\":3,\"name\":\"Herzog i prijatelji\"}]},{\"@type\":\"WebSite\",\"@id\":\"https:\\\/\\\/sdf.hr\\\/#website\",\"url\":\"https:\\\/\\\/sdf.hr\\\/\",\"name\":\"SDF - Srpski demokratski forum\",\"description\":\"Srpski demokratski forum\",\"publisher\":{\"@id\":\"https:\\\/\\\/sdf.hr\\\/#organization\"},\"potentialAction\":[{\"@type\":\"SearchAction\",\"target\":{\"@type\":\"EntryPoint\",\"urlTemplate\":\"https:\\\/\\\/sdf.hr\\\/?s={search_term_string}\"},\"query-input\":{\"@type\":\"PropertyValueSpecification\",\"valueRequired\":true,\"valueName\":\"search_term_string\"}}],\"inLanguage\":\"hr\"},{\"@type\":\"Organization\",\"@id\":\"https:\\\/\\\/sdf.hr\\\/#organization\",\"name\":\"SDF - Srpski demokratski forum\",\"url\":\"https:\\\/\\\/sdf.hr\\\/\",\"logo\":{\"@type\":\"ImageObject\",\"inLanguage\":\"hr\",\"@id\":\"https:\\\/\\\/sdf.hr\\\/#\\\/schema\\\/logo\\\/image\\\/\",\"url\":\"https:\\\/\\\/sdf.hr\\\/wp-content\\\/uploads\\\/2021\\\/07\\\/logo-hr.svg\",\"contentUrl\":\"https:\\\/\\\/sdf.hr\\\/wp-content\\\/uploads\\\/2021\\\/07\\\/logo-hr.svg\",\"width\":271,\"height\":100,\"caption\":\"SDF - Srpski demokratski forum\"},\"image\":{\"@id\":\"https:\\\/\\\/sdf.hr\\\/#\\\/schema\\\/logo\\\/image\\\/\"}}]}<\/script>\n<!-- \/ Yoast SEO plugin. -->","yoast_head_json":{"title":"Herzog i prijatelji - SDF - Srpski demokratski forum","robots":{"index":"index","follow":"follow","max-snippet":"max-snippet:-1","max-image-preview":"max-image-preview:large","max-video-preview":"max-video-preview:-1"},"canonical":"https:\/\/sdf.hr\/hr\/nada\/herzog-i-prijatelji\/","og_locale":"hr_HR","og_type":"article","og_title":"Herzog i prijatelji - SDF - Srpski demokratski forum","og_description":"U \u017eivotu je, pi\u0161e Werner Herzog u memoarima, samo dva puta s nekim postao prijatelj od prvog trenutka upoznavanja. Jedan od to dvoje (ne)sretnika bio je Werner Janoud, za kojeg je odmah znao da \u0107e biti prijatelji do kraja \u017eivota","og_url":"https:\/\/sdf.hr\/hr\/nada\/herzog-i-prijatelji\/","og_site_name":"SDF - Srpski demokratski forum","article_modified_time":"2024-01-12T11:00:31+00:00","og_image":[{"width":2560,"height":1703,"url":"https:\/\/sdf.hr\/wp-content\/uploads\/2024\/01\/Herzog_Annette-Riedl-DPA-scaled.jpg","type":"image\/jpeg"}],"twitter_card":"summary_large_image","twitter_misc":{"Procijenjeno vrijeme \u010ditanja":"3 minute"},"schema":{"@context":"https:\/\/schema.org","@graph":[{"@type":"WebPage","@id":"https:\/\/sdf.hr\/hr\/nada\/herzog-i-prijatelji\/","url":"https:\/\/sdf.hr\/hr\/nada\/herzog-i-prijatelji\/","name":"Herzog i prijatelji - SDF - Srpski demokratski forum","isPartOf":{"@id":"https:\/\/sdf.hr\/#website"},"primaryImageOfPage":{"@id":"https:\/\/sdf.hr\/hr\/nada\/herzog-i-prijatelji\/#primaryimage"},"image":{"@id":"https:\/\/sdf.hr\/hr\/nada\/herzog-i-prijatelji\/#primaryimage"},"thumbnailUrl":"https:\/\/sdf.hr\/wp-content\/uploads\/2024\/01\/Herzog_Annette-Riedl-DPA-scaled.jpg","datePublished":"2024-01-12T10:59:44+00:00","dateModified":"2024-01-12T11:00:31+00:00","breadcrumb":{"@id":"https:\/\/sdf.hr\/hr\/nada\/herzog-i-prijatelji\/#breadcrumb"},"inLanguage":"hr","potentialAction":[{"@type":"ReadAction","target":["https:\/\/sdf.hr\/hr\/nada\/herzog-i-prijatelji\/"]}]},{"@type":"ImageObject","inLanguage":"hr","@id":"https:\/\/sdf.hr\/hr\/nada\/herzog-i-prijatelji\/#primaryimage","url":"https:\/\/sdf.hr\/wp-content\/uploads\/2024\/01\/Herzog_Annette-Riedl-DPA-scaled.jpg","contentUrl":"https:\/\/sdf.hr\/wp-content\/uploads\/2024\/01\/Herzog_Annette-Riedl-DPA-scaled.jpg","width":2560,"height":1703,"caption":"Werner Herzog (Foto: Annette Riedl\/DPA\/PIXSELL)"},{"@type":"BreadcrumbList","@id":"https:\/\/sdf.hr\/hr\/nada\/herzog-i-prijatelji\/#breadcrumb","itemListElement":[{"@type":"ListItem","position":1,"name":"Po\u010detna stranica","item":"https:\/\/sdf.hr\/hr\/"},{"@type":"ListItem","position":2,"name":"Nada","item":"https:\/\/sdf.hr\/nada\/"},{"@type":"ListItem","position":3,"name":"Herzog i prijatelji"}]},{"@type":"WebSite","@id":"https:\/\/sdf.hr\/#website","url":"https:\/\/sdf.hr\/","name":"SDF - Srpski demokratski forum","description":"Srpski demokratski forum","publisher":{"@id":"https:\/\/sdf.hr\/#organization"},"potentialAction":[{"@type":"SearchAction","target":{"@type":"EntryPoint","urlTemplate":"https:\/\/sdf.hr\/?s={search_term_string}"},"query-input":{"@type":"PropertyValueSpecification","valueRequired":true,"valueName":"search_term_string"}}],"inLanguage":"hr"},{"@type":"Organization","@id":"https:\/\/sdf.hr\/#organization","name":"SDF - Srpski demokratski forum","url":"https:\/\/sdf.hr\/","logo":{"@type":"ImageObject","inLanguage":"hr","@id":"https:\/\/sdf.hr\/#\/schema\/logo\/image\/","url":"https:\/\/sdf.hr\/wp-content\/uploads\/2021\/07\/logo-hr.svg","contentUrl":"https:\/\/sdf.hr\/wp-content\/uploads\/2021\/07\/logo-hr.svg","width":271,"height":100,"caption":"SDF - Srpski demokratski forum"},"image":{"@id":"https:\/\/sdf.hr\/#\/schema\/logo\/image\/"}}]}},"_links":{"self":[{"href":"https:\/\/sdf.hr\/hr\/wp-json\/wp\/v2\/nada\/3997","targetHints":{"allow":["GET"]}}],"collection":[{"href":"https:\/\/sdf.hr\/hr\/wp-json\/wp\/v2\/nada"}],"about":[{"href":"https:\/\/sdf.hr\/hr\/wp-json\/wp\/v2\/types\/nada"}],"wp:featuredmedia":[{"embeddable":true,"href":"https:\/\/sdf.hr\/hr\/wp-json\/wp\/v2\/media\/3996"}],"wp:attachment":[{"href":"https:\/\/sdf.hr\/hr\/wp-json\/wp\/v2\/media?parent=3997"}],"wp:term":[{"taxonomy":"post_tag","embeddable":true,"href":"https:\/\/sdf.hr\/hr\/wp-json\/wp\/v2\/tags?post=3997"},{"taxonomy":"atribut","embeddable":true,"href":"https:\/\/sdf.hr\/hr\/wp-json\/wp\/v2\/atribut?post=3997"}],"curies":[{"name":"wp","href":"https:\/\/api.w.org\/{rel}","templated":true}]}}