{"id":4036,"date":"2024-01-26T11:00:38","date_gmt":"2024-01-26T10:00:38","guid":{"rendered":"https:\/\/sdf.hr\/nada\/vreme-je-za-aktivizam\/"},"modified":"2024-01-26T11:00:38","modified_gmt":"2024-01-26T10:00:38","slug":"vreme-je-za-aktivizam","status":"publish","type":"nada","link":"https:\/\/sdf.hr\/hr\/nada\/vreme-je-za-aktivizam\/","title":{"rendered":"Vreme je za aktivizam"},"content":{"rendered":"<p>Svako zaslu\u017euje da \u017eivi bez nasilja, sa ostvarenjem svog potencijala i ravnopravnim mogu\u0107nostima bez obzira da li se izja\u0161njavate kao \u017eena, mu\u0161karac, pripadnik LGBT+ populacije ili bilo \u0161ta drugo, ka\u017ee <strong>Dejana Dexi Sto\u0161i\u0107<\/strong>, koja je nedavno progla\u0161ena za jednu od ukupno sedam najinspirativnijih edukatorki o ljudskim pravima na svetu.<\/p>\n<p>Dejana je aktivistkinja, kreatorka poznatog ha\u0161taga #nisamprijavila i edukatorka koja se aktivizmom bavi od srednje \u0161kole. Dolazi iz Vranja, a svoje akademsko obrazovanje nastavila je na Filozofskom fakultetu u Beogradu. Tokom razgovora isti\u010de kako su joj tri omiljene teme za razgovor politika, seks i nasilje jer apsolutno sve \u0161to radi u \u017eivotu mo\u017ee da se pove\u017ee sa jednom od ovih tema. Njena motivacija za uklju\u010denje u aktivisti\u010dke vode sa akcentom na devoj\u010dice i \u017eene proizlazi iz dvostrukih standarda koje je pro\u017eivljavala tokom detinjstva kada je njen stariji brat imao ve\u0107a prava, izbor, autonomiju, ali i manje obaveza.<\/p>\n<p>Aktivizam u Srbiji poslednjih godina do\u017eivljava pomake i procvat, ali i degradaciju iz apsekta demokratske slobode. Va\u017enost mobilizacije zajednice, istrajnost u procesu aktivizma, ali i podr\u0161ka u danima kada se ose\u0107amo nemo\u0107ni, za Dejanu predstavljaju krucijalne momente za izgradnju perspektivnije budu\u0107nosti za mlade.<\/p>\n<p>&#8211; Volim da ka\u017eem da je ovo najgore i najbolje vreme za aktiviste u Srbiji. Najgore jer mo\u017ee samo da vas nema preko no\u0107i i da niko za to ne odgovara. Postoji tendencija da vi i va\u0161a porodica budete potpuno izop\u0161teni i nemate prilike za zaposlenje ili sli\u010dno. Najbolje, jer ipak, koja god da vas tema zanima mo\u017eete se priklju\u010diti, te uo\u010diti, ali i smanjiti problem u dru\u0161tvu. Ne postoji jedan segment ljudskih, socijalnih ili bilo kojih prava koji se ovde u potpunosti po\u0161tuju. Uklju\u010duju\u0107i kako slobodu medija, tako i ekocid, ekolo\u0161ke teme \u2013 govori Dejana.<\/p>\n<p>Za jednu od sedam najinspirativnijih edukatorki o ljudskim pravima Sto\u0161i\u0107 su izabrali Visoki komesarijat za ljudska prava Ujedinjenih nacija, Amnesty International i Soko Gakai. Povodom obele\u017eavanja 75 godina od uspostavljanja Deklaracije o ljudskim pravima UN-a, Dejana je nedavno u \u017denevi, u okviru dijaloga mladih, govorila koliko je i za\u0161to va\u017ena vr\u0161nja\u010dka edukacija.<\/p>\n<p>&#8211; Verujem da je jako va\u017eno i neophodno da imamo vi\u0161e vr\u0161nja\u010dkog i neformalnog obrazovanja posebno u osnovnim i srednjim \u0161kolama na teme kao \u0161to su ljudska prava, seksualna edukacija i nasilje, kako bi prevenirali lo\u0161e radnje, ali i nau\u010dili ponajvi\u0161e devoj\u010dice da postave granice. Tema rodne ravnopravnosti i borbe protiv rodno zasnovanog nasilja klju\u010dna su jer \u017eene \u010dine 51 posto populacije, a nemamo iste mogu\u0107nosti. Svako zaslu\u017euje da \u017eivi bez nasilja, sa ostvarenjem svog potencijala i ravnopravnim mogu\u0107nostima, bez obzira na to da li se izja\u0161njavate kao \u017eena, mu\u0161karac, pripadnik LGBT populacije ili bilo \u0161ta drugo \u2013 govori ona.<\/p>\n<figure id=\"attachment_4034\" aria-describedby=\"caption-attachment-4034\" style=\"width: 1707px\" class=\"wp-caption alignnone\"><img loading=\"lazy\" decoding=\"async\" class=\"wp-image-4034 size-full\" src=\"https:\/\/sdf.hr\/wp-content\/uploads\/2024\/01\/Stosic2-scaled.jpg\" alt=\"\" width=\"1707\" height=\"2560\" srcset=\"https:\/\/sdf.hr\/wp-content\/uploads\/2024\/01\/Stosic2-scaled.jpg 1707w, https:\/\/sdf.hr\/wp-content\/uploads\/2024\/01\/Stosic2-200x300.jpg 200w, https:\/\/sdf.hr\/wp-content\/uploads\/2024\/01\/Stosic2-683x1024.jpg 683w, https:\/\/sdf.hr\/wp-content\/uploads\/2024\/01\/Stosic2-768x1152.jpg 768w, https:\/\/sdf.hr\/wp-content\/uploads\/2024\/01\/Stosic2-1024x1536.jpg 1024w, https:\/\/sdf.hr\/wp-content\/uploads\/2024\/01\/Stosic2-1365x2048.jpg 1365w\" sizes=\"auto, (max-width: 1707px) 100vw, 1707px\" \/><figcaption id=\"caption-attachment-4034\" class=\"wp-caption-text\">Dejana Sto\u0161i\u0107<\/figcaption><\/figure>\n<p>Vranje je mala, po njenim re\u010dima vrlo patrijarhalna i konzervativna sredina, sa divnim ljudima, duhom, muzikom i hranom. Ali ipak grad i mentalitet u kojem &#8220;ne sme\u0161 mnogo da talasa\u0161&#8221;, jer isticanje i razli\u010ditost deluje kao borba protiv dru\u0161tvenog konsenzusa.<\/p>\n<p>&#8211; De\u0161avalo se da dobijam pretnje, da su ljudi strepili za svoj posao ukoliko ih neko vidi da se dru\u017ee ili da se pozdravljaju sa mnom. Pored ulo\u017eene energije i znanja ipak mislim da je najte\u017ee biti aktivistkinja na lokalu. Sa druge strane Vranje ima fantasti\u010dne \u017eene koje rade odli\u010dan posao kako bi se vrednovao \u017eenski rad. Ovom prilikom volela bih da izdvojim \u017denski Solidarni Front iz Vranja i njihove <strong>Jelenu<\/strong>, <strong>Rosu<\/strong> i <strong>Milicu<\/strong>. Globalni trendovi \u010desto poma\u017eu u postavljanju na\u0161ih lokalnih izazova u \u0161iri kontekst, ali ih je potrebno prilagoditi. Ono \u0161to je primer dobre prakse u Vranju ne mora funkcionisati na primer u Londonu. Razli\u010dite kulture i specifi\u010dnosti dru\u0161tvenih problema zahtevaju prilago\u0111avanje strategija kako bi bile \u0161to efikasnije \u2013 obja\u0161njava Dejana.<\/p>\n<p>Njena snaga i hrabrost ogledaju se i kroz javne govore, gde je neretko mo\u017eemo \u010duti kako glasno motivi\u0161e, ali i ru\u0161i tabue u dru\u0161tvu. Jedna od pri\u010da koja je postala viralna u regionu je pri\u010da o njenom prvom kupljenom kaputu. Te\u017eina pri\u010de stoji u \u010dinjenici da mnoge devojke i \u017eene skoro do svojih zara\u0111enih prvih prihoda nose polovnu ili nasle\u0111enu garderobu. Isti\u010de da to nije svakako ne\u0161to \u010dega bi trebalo da se stidimo, ali da se kroz takve primere jasno defini\u0161e degradacija \u017eene, kao i njen klasni polo\u017eaj.<\/p>\n<p>&#8211; Suprostavljanje i otpor su neizbe\u017eni deo borbe za rodnu ravnopravnost i protiv nasilja nad \u017eenama. Podr\u0161ka zajednice i ljudi tako\u0111e igra klju\u010dnu ulogu. Verujem da budu\u0107nost aktivizma u Srbiji ima ogroman potencijal za pozitivne promene. Mladi ljudi sve vi\u0161e prepoznaju va\u017enost aktivizma u stvaranju pravednijeg dru\u0161tva. Klju\u010dni faktor je obrazovanje koje osna\u017euje mlade da se suprostave nepravdi, koje ih u\u010di svojim pravima i obavezama \u2013 dodaje ona.<\/p>\n<p>U Srbiji femicid nije definisan kao posebno krivi\u010dno delo. Ve\u0107ina analiziranih femicida nije kvalifikovano kao te\u0161ko ubistvo, a u prethodnoj godini je u Srbiji ubijeno 28 \u017eena u porodi\u010dnom nasilju. Neophodni su sna\u017eniji zakoni koji \u0161tite \u017ertve nasilja, kao i stro\u017ee kazne za po\u010dinioce femicide. Promovisanje rodne ravnopravnosti u svim aspektima dru\u0161tva, uklju\u010duju\u0107i radna mesta, politiku i medije, za Dejanu su primarne delatnosti koje bi dru\u0161tvo trebalo oberu\u010dke da prigrli.<\/p>\n<p>&#8211; \u017delim da se seksualno obrazovanje uvrsti kao obavezno ili bar da \u0161kole \u017eele sa nama da sara\u0111uju. Kroz radionice moramo da u\u010dimo mlade o pristanku, ali i o bezbednom seksualnom odnosu. Klju\u010dna promena je osna\u017eivanje \u017eena da se izbore za svoja prava bez straha od represije ili osude, ali i edukacija mu\u0161karaca. Postoje ljudi oko nas koji pate, kojima je neophodna na\u0161a podr\u0161ka. Ako je dobro onda moramo da se borimo da ostane dobro, ako je lo\u0161e onda je borba neizostavna. \u017divimo u svetu gde se zakoni o legalnom abortusu odbacuju posle 40-50 godina od uspostavljanja, hajde da se ne navikavamo da nam oduzimaju prava ve\u0107 da ih neprestano tra\u017eimo \u2013 zaklju\u010duje Dejana Sto\u0161i\u0107.<\/p>\n<p><em>pi\u0161e Jelena Miri\u0107<\/em><\/p>\n","protected":false},"excerpt":{"rendered":"<p>Ovo je najgore i najbolje vreme za aktiviste u Srbiji. Najgore jer mo\u017ee samo da vas nema preko no\u0107i i da niko za to ne odgovara. Najbolje jer, koja god da vas tema zanima, mo\u017eete se priklju\u010diti i smanjiti problem u dru\u0161tvu, ka\u017ee Dejana Dexi Sto\u0161i\u0107<\/p>\n","protected":false},"featured_media":4033,"template":"","tags":[136],"atribut":[],"class_list":["post-4036","nada","type-nada","status-publish","has-post-thumbnail","hentry","tag-portret"],"acf":[],"yoast_head":"<!-- This site is optimized with the Yoast SEO plugin v27.4 - https:\/\/yoast.com\/product\/yoast-seo-wordpress\/ -->\n<title>Vreme je za aktivizam - SDF - Srpski demokratski forum<\/title>\n<meta name=\"robots\" content=\"index, follow, max-snippet:-1, max-image-preview:large, max-video-preview:-1\" \/>\n<link rel=\"canonical\" href=\"https:\/\/sdf.hr\/hr\/nada\/vreme-je-za-aktivizam\/\" \/>\n<meta property=\"og:locale\" content=\"hr_HR\" \/>\n<meta property=\"og:type\" content=\"article\" \/>\n<meta property=\"og:title\" content=\"Vreme je za aktivizam - SDF - Srpski demokratski forum\" \/>\n<meta property=\"og:description\" content=\"Ovo je najgore i najbolje vreme za aktiviste u Srbiji. Najgore jer mo\u017ee samo da vas nema preko no\u0107i i da niko za to ne odgovara. Najbolje jer, koja god da vas tema zanima, mo\u017eete se priklju\u010diti i smanjiti problem u dru\u0161tvu, ka\u017ee Dejana Dexi Sto\u0161i\u0107\" \/>\n<meta property=\"og:url\" content=\"https:\/\/sdf.hr\/hr\/nada\/vreme-je-za-aktivizam\/\" \/>\n<meta property=\"og:site_name\" content=\"SDF - Srpski demokratski forum\" \/>\n<meta property=\"og:image\" content=\"https:\/\/sdf.hr\/wp-content\/uploads\/2024\/01\/Stosic2-scaled.jpg\" \/>\n<meta name=\"twitter:card\" content=\"summary_large_image\" \/>\n<meta name=\"twitter:label1\" content=\"Procijenjeno vrijeme \u010ditanja\" \/>\n\t<meta name=\"twitter:data1\" content=\"5 minuta\" \/>\n<script type=\"application\/ld+json\" class=\"yoast-schema-graph\">{\"@context\":\"https:\\\/\\\/schema.org\",\"@graph\":[{\"@type\":\"WebPage\",\"@id\":\"https:\\\/\\\/sdf.hr\\\/hr\\\/nada\\\/vreme-je-za-aktivizam\\\/\",\"url\":\"https:\\\/\\\/sdf.hr\\\/hr\\\/nada\\\/vreme-je-za-aktivizam\\\/\",\"name\":\"Vreme je za aktivizam - SDF - Srpski demokratski forum\",\"isPartOf\":{\"@id\":\"https:\\\/\\\/sdf.hr\\\/#website\"},\"primaryImageOfPage\":{\"@id\":\"https:\\\/\\\/sdf.hr\\\/hr\\\/nada\\\/vreme-je-za-aktivizam\\\/#primaryimage\"},\"image\":{\"@id\":\"https:\\\/\\\/sdf.hr\\\/hr\\\/nada\\\/vreme-je-za-aktivizam\\\/#primaryimage\"},\"thumbnailUrl\":\"https:\\\/\\\/sdf.hr\\\/wp-content\\\/uploads\\\/2024\\\/01\\\/Stosic1-scaled.jpg\",\"datePublished\":\"2024-01-26T10:00:38+00:00\",\"breadcrumb\":{\"@id\":\"https:\\\/\\\/sdf.hr\\\/hr\\\/nada\\\/vreme-je-za-aktivizam\\\/#breadcrumb\"},\"inLanguage\":\"hr\",\"potentialAction\":[{\"@type\":\"ReadAction\",\"target\":[\"https:\\\/\\\/sdf.hr\\\/hr\\\/nada\\\/vreme-je-za-aktivizam\\\/\"]}]},{\"@type\":\"ImageObject\",\"inLanguage\":\"hr\",\"@id\":\"https:\\\/\\\/sdf.hr\\\/hr\\\/nada\\\/vreme-je-za-aktivizam\\\/#primaryimage\",\"url\":\"https:\\\/\\\/sdf.hr\\\/wp-content\\\/uploads\\\/2024\\\/01\\\/Stosic1-scaled.jpg\",\"contentUrl\":\"https:\\\/\\\/sdf.hr\\\/wp-content\\\/uploads\\\/2024\\\/01\\\/Stosic1-scaled.jpg\",\"width\":2560,\"height\":1707,\"caption\":\"Dejana Sto\u0161i\u0107\"},{\"@type\":\"BreadcrumbList\",\"@id\":\"https:\\\/\\\/sdf.hr\\\/hr\\\/nada\\\/vreme-je-za-aktivizam\\\/#breadcrumb\",\"itemListElement\":[{\"@type\":\"ListItem\",\"position\":1,\"name\":\"Po\u010detna stranica\",\"item\":\"https:\\\/\\\/sdf.hr\\\/hr\\\/\"},{\"@type\":\"ListItem\",\"position\":2,\"name\":\"Nada\",\"item\":\"https:\\\/\\\/sdf.hr\\\/nada\\\/\"},{\"@type\":\"ListItem\",\"position\":3,\"name\":\"Vreme je za aktivizam\"}]},{\"@type\":\"WebSite\",\"@id\":\"https:\\\/\\\/sdf.hr\\\/#website\",\"url\":\"https:\\\/\\\/sdf.hr\\\/\",\"name\":\"SDF - Srpski demokratski forum\",\"description\":\"Srpski demokratski forum\",\"publisher\":{\"@id\":\"https:\\\/\\\/sdf.hr\\\/#organization\"},\"potentialAction\":[{\"@type\":\"SearchAction\",\"target\":{\"@type\":\"EntryPoint\",\"urlTemplate\":\"https:\\\/\\\/sdf.hr\\\/?s={search_term_string}\"},\"query-input\":{\"@type\":\"PropertyValueSpecification\",\"valueRequired\":true,\"valueName\":\"search_term_string\"}}],\"inLanguage\":\"hr\"},{\"@type\":\"Organization\",\"@id\":\"https:\\\/\\\/sdf.hr\\\/#organization\",\"name\":\"SDF - Srpski demokratski forum\",\"url\":\"https:\\\/\\\/sdf.hr\\\/\",\"logo\":{\"@type\":\"ImageObject\",\"inLanguage\":\"hr\",\"@id\":\"https:\\\/\\\/sdf.hr\\\/#\\\/schema\\\/logo\\\/image\\\/\",\"url\":\"https:\\\/\\\/sdf.hr\\\/wp-content\\\/uploads\\\/2021\\\/07\\\/logo-hr.svg\",\"contentUrl\":\"https:\\\/\\\/sdf.hr\\\/wp-content\\\/uploads\\\/2021\\\/07\\\/logo-hr.svg\",\"width\":271,\"height\":100,\"caption\":\"SDF - Srpski demokratski forum\"},\"image\":{\"@id\":\"https:\\\/\\\/sdf.hr\\\/#\\\/schema\\\/logo\\\/image\\\/\"}}]}<\/script>\n<!-- \/ Yoast SEO plugin. -->","yoast_head_json":{"title":"Vreme je za aktivizam - SDF - Srpski demokratski forum","robots":{"index":"index","follow":"follow","max-snippet":"max-snippet:-1","max-image-preview":"max-image-preview:large","max-video-preview":"max-video-preview:-1"},"canonical":"https:\/\/sdf.hr\/hr\/nada\/vreme-je-za-aktivizam\/","og_locale":"hr_HR","og_type":"article","og_title":"Vreme je za aktivizam - SDF - Srpski demokratski forum","og_description":"Ovo je najgore i najbolje vreme za aktiviste u Srbiji. Najgore jer mo\u017ee samo da vas nema preko no\u0107i i da niko za to ne odgovara. Najbolje jer, koja god da vas tema zanima, mo\u017eete se priklju\u010diti i smanjiti problem u dru\u0161tvu, ka\u017ee Dejana Dexi Sto\u0161i\u0107","og_url":"https:\/\/sdf.hr\/hr\/nada\/vreme-je-za-aktivizam\/","og_site_name":"SDF - Srpski demokratski forum","og_image":[{"url":"https:\/\/sdf.hr\/wp-content\/uploads\/2024\/01\/Stosic2-scaled.jpg","type":"","width":"","height":""}],"twitter_card":"summary_large_image","twitter_misc":{"Procijenjeno vrijeme \u010ditanja":"5 minuta"},"schema":{"@context":"https:\/\/schema.org","@graph":[{"@type":"WebPage","@id":"https:\/\/sdf.hr\/hr\/nada\/vreme-je-za-aktivizam\/","url":"https:\/\/sdf.hr\/hr\/nada\/vreme-je-za-aktivizam\/","name":"Vreme je za aktivizam - SDF - Srpski demokratski forum","isPartOf":{"@id":"https:\/\/sdf.hr\/#website"},"primaryImageOfPage":{"@id":"https:\/\/sdf.hr\/hr\/nada\/vreme-je-za-aktivizam\/#primaryimage"},"image":{"@id":"https:\/\/sdf.hr\/hr\/nada\/vreme-je-za-aktivizam\/#primaryimage"},"thumbnailUrl":"https:\/\/sdf.hr\/wp-content\/uploads\/2024\/01\/Stosic1-scaled.jpg","datePublished":"2024-01-26T10:00:38+00:00","breadcrumb":{"@id":"https:\/\/sdf.hr\/hr\/nada\/vreme-je-za-aktivizam\/#breadcrumb"},"inLanguage":"hr","potentialAction":[{"@type":"ReadAction","target":["https:\/\/sdf.hr\/hr\/nada\/vreme-je-za-aktivizam\/"]}]},{"@type":"ImageObject","inLanguage":"hr","@id":"https:\/\/sdf.hr\/hr\/nada\/vreme-je-za-aktivizam\/#primaryimage","url":"https:\/\/sdf.hr\/wp-content\/uploads\/2024\/01\/Stosic1-scaled.jpg","contentUrl":"https:\/\/sdf.hr\/wp-content\/uploads\/2024\/01\/Stosic1-scaled.jpg","width":2560,"height":1707,"caption":"Dejana Sto\u0161i\u0107"},{"@type":"BreadcrumbList","@id":"https:\/\/sdf.hr\/hr\/nada\/vreme-je-za-aktivizam\/#breadcrumb","itemListElement":[{"@type":"ListItem","position":1,"name":"Po\u010detna stranica","item":"https:\/\/sdf.hr\/hr\/"},{"@type":"ListItem","position":2,"name":"Nada","item":"https:\/\/sdf.hr\/nada\/"},{"@type":"ListItem","position":3,"name":"Vreme je za aktivizam"}]},{"@type":"WebSite","@id":"https:\/\/sdf.hr\/#website","url":"https:\/\/sdf.hr\/","name":"SDF - Srpski demokratski forum","description":"Srpski demokratski forum","publisher":{"@id":"https:\/\/sdf.hr\/#organization"},"potentialAction":[{"@type":"SearchAction","target":{"@type":"EntryPoint","urlTemplate":"https:\/\/sdf.hr\/?s={search_term_string}"},"query-input":{"@type":"PropertyValueSpecification","valueRequired":true,"valueName":"search_term_string"}}],"inLanguage":"hr"},{"@type":"Organization","@id":"https:\/\/sdf.hr\/#organization","name":"SDF - Srpski demokratski forum","url":"https:\/\/sdf.hr\/","logo":{"@type":"ImageObject","inLanguage":"hr","@id":"https:\/\/sdf.hr\/#\/schema\/logo\/image\/","url":"https:\/\/sdf.hr\/wp-content\/uploads\/2021\/07\/logo-hr.svg","contentUrl":"https:\/\/sdf.hr\/wp-content\/uploads\/2021\/07\/logo-hr.svg","width":271,"height":100,"caption":"SDF - Srpski demokratski forum"},"image":{"@id":"https:\/\/sdf.hr\/#\/schema\/logo\/image\/"}}]}},"_links":{"self":[{"href":"https:\/\/sdf.hr\/hr\/wp-json\/wp\/v2\/nada\/4036","targetHints":{"allow":["GET"]}}],"collection":[{"href":"https:\/\/sdf.hr\/hr\/wp-json\/wp\/v2\/nada"}],"about":[{"href":"https:\/\/sdf.hr\/hr\/wp-json\/wp\/v2\/types\/nada"}],"wp:featuredmedia":[{"embeddable":true,"href":"https:\/\/sdf.hr\/hr\/wp-json\/wp\/v2\/media\/4033"}],"wp:attachment":[{"href":"https:\/\/sdf.hr\/hr\/wp-json\/wp\/v2\/media?parent=4036"}],"wp:term":[{"taxonomy":"post_tag","embeddable":true,"href":"https:\/\/sdf.hr\/hr\/wp-json\/wp\/v2\/tags?post=4036"},{"taxonomy":"atribut","embeddable":true,"href":"https:\/\/sdf.hr\/hr\/wp-json\/wp\/v2\/atribut?post=4036"}],"curies":[{"name":"wp","href":"https:\/\/api.w.org\/{rel}","templated":true}]}}