{"id":4040,"date":"2024-01-28T11:28:17","date_gmt":"2024-01-28T10:28:17","guid":{"rendered":"https:\/\/sdf.hr\/nada\/strahu-unatoc\/"},"modified":"2024-01-28T12:28:35","modified_gmt":"2024-01-28T11:28:35","slug":"strahu-unatoc","status":"publish","type":"nada","link":"https:\/\/sdf.hr\/hr\/nada\/strahu-unatoc\/","title":{"rendered":"Strahu unato\u010d"},"content":{"rendered":"<p>Velika ve\u0107ina meni dragih ljudi zna da je \u017eivot kratak. Nije im to, op\u0107enito, neka vijest, i ne\u0107e se posebno iznenaditi ako ovo pro\u010ditaju o sebi. Oni su svi, zapravo, u strahu od svega i sve rade strahu unato\u010d. Ne ka\u017eem, a sigurno ne bih ni na sudu ponovila, da zato stvari rade bolje, pedantnije ni zaslu\u017enije (iako se potrefi). Dapa\u010de, rade ih kao da su fusnote ili demantiji na ve\u0107 dobro zama\u0161\u0107enu papiru i razvikanoj vijesti \u2013 o svom poslu, s nekim donkihotovskim osje\u0107ajem za smisao i svrhu.<\/p>\n<p>To nisu nu\u017eno ljudi koje poznajem ili s kojima prijateljujem. Dapa\u010de, velika ve\u0107ina ih je u mojim <em>feedovima<\/em>, neke sretnem u vijestima, na YouTubeu, neki su na mojim policama, neki u Kindleu, neki zakucani na zidove ili u izrescima \u010dlanaka spremljeni kao <em>bookmarkeri<\/em> po knjigama, neki ni ne govore na\u0161ki, za neke ozbiljno sumnjam da i znaju gdje smo to mi to\u010dno, ali ta im povratna informacija ni ne treba. Ako me kad i morila neka velika intriga oko toga \u0161to nas je tako zbli\u017eilo pa smo u raznorodnim i multimedijalnim oblicima non-stop zajedno, u zadnje se vrijeme i meni razbistrilo.<\/p>\n<p>Oni se od svojih strahova i spoznaja o \u017eivotu nikad nisu imali potrebe skriti. Dapa\u010de. Ponekad mi se \u010dini da na njih idu prsimice. A iza toga ne stoji jedan hitac u prazno, a ne. Stoji jedno ozbiljno vrijeme vje\u017ebanja \u2013 ljudskosti, hrabrosti, dr\u010dnosti \u2013 kako god vam je drago, i to je pokazna vje\u017eba za sve nas.<\/p>\n<p>Ne\u0107u da pustim budale, \u0161to je to nego iskaz krajnje i ljudskosti i dr\u010dnosti. Ako vam negdje zvoni, to je iz naslova <a href=\"https:\/\/sdf.hr\/nada\/lana-bastasic-necu-da-pustim-budale\/\">intervjua<\/a> kojim je nagra\u0111ivana spisateljica <strong>Lana Basta\u0161i\u0107<\/strong> prije negdje skoro godinu dana, znala ona to ne znala, predskazala svoj nedavni otkaz suradnje njema\u010dkom izdava\u010du njezinih knjiga, S. Fischeru. Nije im se libila odr\u017eati \u010ditabu po pitanju njihove \u0161utnje oko genocida u Gazi te sistemske i sistemati\u010dne cenzure koja se u Njema\u010dkoj odvija posljednja dva mjeseca, a koju je naglasila njihova hvalevrijedna, ali i kratkovidna izjava kojom poti\u010du borbu protiv recentnog podgrijavanja antisemitizma. Laninim rije\u010dima, u\u0161li su tako u podru\u010dje koje je &#8220;moralno upitno, politi\u010dki neodgovorno i intelektualno lijeno&#8221;.<\/p>\n<p>\u010cim pomislim za nekog &#8220;di si ti krenuo, boga ti draga&#8221;, znam da je krenuo kamo treba, jer je putem postavio i neka pitanja za sve nas, ali i otvorio neke \u0161kakljive, mo\u017eda i ranjive teme. Kod mene konkretno po pitanjima empatije i solidarnosti koje su mi postale rak-rana i vi\u0161e jednostavno nisam na\u010disto s njima. Za druge, jesmo li spremni vje\u017ebati ljudskost na kompromitiranju vlastitih povlastica za ono \u0161to kolokvijalno i zidi\u0107ki zovemo &#8220;ve\u0107e dobro&#8221; ili smo voljno?<\/p>\n<p>Lanin potez je ne\u0161to \u010demu je prethodila jedna osobna i ne tako mala vi\u0161emjese\u010dna antiratna kampanja koju je vodila, i dalje je vodi, ona sama u raznim oblicima. Od samog se po\u010detka, em na dru\u0161tvenim mre\u017eama, em kroz javne nastupe, em putem razgovora s umjetnicima, prosvjedima\u2026 napenalila na budale i ne pu\u0161ta. Ili kako ona ka\u017ee u dnevni\u010dkim zapisima &#8220;2020.&#8221; da joj je jedna od \u017eivotnih smjernica da &#8220;zajebava fa\u0161iste&#8221;.<\/p>\n<p>Ali \u0161alu na stranu\u2026 Lanin potez nadilazi domene empatije i solidarnosti, dviju rije\u010di \u010dija su mi zna\u010denja, ne mogu se jo\u0161 odlu\u010diti, ili potpuno ispra\u017enjena ili naprosto desetkovana trima nedavnim, naoko nepovezanim doga\u0111ajima: poplavom klasne knji\u017eevnosti, ratom u Ukrajini i ratom u Gazi. Ne znam kad sam to\u010dno po\u010dela napipavati nedostatnost empatije, njezinu apoliti\u010dnost i neubrojivost, i sasvim nezgrapnu neprakti\u010dnost. Me\u0111utim, nelagoda koju osje\u0107am kad su empatija i solidarnost nazna\u010dene kao vrhunac nekakva aktivisti\u010dkog iskaza a da iza njih ne stoji konkretna dru\u0161tvena ili politi\u010dka akcija, kako bi rekli na\u0161i u\u010deni ljudi, stubokom me preplavi. Krind\u017e, uglavnom. Ili kako bi meni bliska osoba rekla, &#8220;<em>my tears won&#8217;t help you<\/em>&#8220;.<\/p>\n<p>Empatija i solidarnost su mi trenuta\u010dno sagledive jedino kod deprivilegiranih ljudi koji dijele neka ista iskustva i imaju iste pozicije, pa \u0107e se po\u017ealiti jedan drugome i razgovor zavr\u0161iti s &#8220;tako nam je kako nam je&#8221; ili &#8220;sve znam, sestro&#8221;. Empatija i solidarnost su mi trenuta\u010dno iskazive samo u kontekstu ljudi koji se mogu jedni drugima emocionalno rasteretiti a da pritom ne performiraju kakvu dru\u0161tvenu ulogu koja im je dana &#8220;pogledom odozgo&#8221;. Jer mi, su\u0161tinski, kad empatiju krenem gledati kao politi\u010dku agenticu, a za to se stvarno moram mentalno napregnuti, od nje preostaje samo to: uloge koje svjesno-nesvjesno raspodjeljuje i njihovo performiranje.<\/p>\n<p>Kako poha\u0111am cjelo\u017eivotnu \u0161kolu, dam se ovdje i do\u0161kolovati i promijeniti mi\u0161ljenje. Ali ne tako skoro. Jer empatijom ne mo\u017ee\u0161 zajebavati fa\u0161iste.<\/p>\n<p>Fa\u0161iste i co. mo\u017ee\u0161 zajebavati samo ako si voljna mijenjati svoju povlasticu za &#8220;ve\u0107e dobro&#8221;, riskirati je. Pustiti da voda nosi godinu dana osigurane egzistencije za naslove u medijima koji \u0107e prokazati situaciju u kojoj se nalaze mnogi Lanini trenuta\u010dni njema\u010dki sugra\u0111ani, Palestinci i \u017didovi, na\u0161i kolege i umjetnici. Fa\u0161iste i co. mo\u017ee\u0161 zajebavati samo ako riskira\u0161, strahu unato\u010d, jer za tebe izbora u kona\u010dnici nema. Historijski gledano, i sasvim mi je nebitno ima li Lana ili nema para na ra\u010dunu i je li ili nije ovo napravila iz lagodne pozicije \u2013 sasvim je nebitno, ponavljam, nikom nije bila du\u017ena ni\u0161ta, ali dug prema sebi onaj je koji, barem mi je tako iskustvo reklo, najte\u017ee otpla\u0107ujemo. Zato mi je ova elegantna prakti\u010dnost ustupanja vlastite pozicije ukazala na sve ono \u0161to se zapravo da napraviti u praksi, i \u0161to treba tra\u017eiti ubudu\u0107e od &#8220;empatizera&#8221; i &#8220;solidarnih&#8221; \u2013 pomaknite se sa strane, dajte malo prostora, riskirajte ga, pridru\u017eit \u0107e vam se \u0161a\u010dica jednakih, odgojit \u0107ete ih i tko zna, mo\u017eda onda zbilja prona\u0111emo odgovor na pitanje mo\u017ee li, u ovom slu\u010daju knji\u017eevnost, promijeniti svijet. Evo, Lana vam je ispisala uvod u priru\u010dnik.<\/p>\n<p>Osim toga, \u0161to je Lanin \u010din nego elementarni iskaz hrabrosti? Hrabrosti da riskira svoj tekst jer u Berlinu radi na novom romanu, hrabrosti da riskira sigurne prihode, hrabrosti da riskira poznanstva i utjecaj, hrabrosti da riskira svoju poziciju u svijetu knji\u017eevnosti, a mi koji pi\u0161emo jer nam o tome \u017eivot ovisi, znamo \u0161to zna\u010di kad to nedvosmisleno stavimo na panj. Strahu unato\u010d.<\/p>\n<p>Dolje empatija, dolje solidarnost!<\/p>\n<p>Gore herojice!<\/p>\n<p>Ali \u0161alu na stranu, a mo\u017eda i ne\u2026<\/p>\n<p>\u010citav \u017eivot gravitiram tekstovima, muzici, generalno umjetnosti i ljudima koji zagrizu i ne pu\u0161taju. Od njih u\u010dim, pomno ih pratim, pazim da i ja ne ispadnem iz forme, pogotovo po pitanju rizika. Kako mi se sad \u010dini banalnim i smije\u0161nim moj strah, a koji sam spremna otkriti tek tu pri kraju teksta, kad sam na itac prihvatila pisanje kolumne pa do\u0161la doma i uskliknula: Sad \u0107e ljudi znati \u0161to mislim! A pa dobro, Marija, \u0161to si ti mislila da je Vrzino kolo? Mala vje\u0161ti\u010dja vatrica u kolibi za odabrane? Pisat \u0107e\u0161 je i u\u010diti neko vrijeme kako biti i kolumnistica, uz sva svoja ostala <em>belles lettres<\/em>. Nego\u2026<\/p>\n<p>Tvrdim sad i ovdje, sigurno i sutra, a ako bude nekih \u0161ansi, dojavit \u0107u i iz zagrobnog \u017eivota, za mene je jedina uzbudljiva i pravi\u010dna ljudska egzistencija ona koja riskira. Boji se, ali \u0161tepa strahu unato\u010d, ispod treperi \u010ditava ma\u0161ina koju mogu zahvatiti samo neki osobni parametri koji se kre\u0107u u sferi osje\u0107anja materije. Identifikacija. Spremnost da se odmaknemo od sebe samih i da ne\u0161to nau\u010dimo. Kakvo je samo to metafizi\u010dko iskustvo koje si u praksi u nekoj odrasloj dobi priu\u0161timo samo tu i tamo.<\/p>\n<p><em>pi\u0161e Marija Andrija\u0161evi\u0107<\/em><\/p>\n","protected":false},"excerpt":{"rendered":"<p>\u0160to je Lanin \u010din nego elementarni iskaz hrabrosti? Hrabrosti da riskira svoj tekst jer u Berlinu radi na novom romanu, da riskira sigurne prihode, da riskira poznanstva i utjecaj, da riskira svoju poziciju u svijetu knji\u017eevnosti<\/p>\n","protected":false},"featured_media":4039,"template":"","tags":[177],"atribut":[],"class_list":["post-4040","nada","type-nada","status-publish","has-post-thumbnail","hentry","tag-vrzino-kolo-hr"],"acf":[],"yoast_head":"<!-- This site is optimized with the Yoast SEO plugin v27.4 - https:\/\/yoast.com\/product\/yoast-seo-wordpress\/ -->\n<title>Strahu unato\u010d - SDF - Srpski demokratski forum<\/title>\n<meta name=\"robots\" content=\"index, follow, max-snippet:-1, max-image-preview:large, max-video-preview:-1\" \/>\n<link rel=\"canonical\" href=\"https:\/\/sdf.hr\/hr\/nada\/strahu-unatoc\/\" \/>\n<meta property=\"og:locale\" content=\"hr_HR\" \/>\n<meta property=\"og:type\" content=\"article\" \/>\n<meta property=\"og:title\" content=\"Strahu unato\u010d - SDF - Srpski demokratski forum\" \/>\n<meta property=\"og:description\" content=\"\u0160to je Lanin \u010din nego elementarni iskaz hrabrosti? Hrabrosti da riskira svoj tekst jer u Berlinu radi na novom romanu, da riskira sigurne prihode, da riskira poznanstva i utjecaj, da riskira svoju poziciju u svijetu knji\u017eevnosti\" \/>\n<meta property=\"og:url\" content=\"https:\/\/sdf.hr\/hr\/nada\/strahu-unatoc\/\" \/>\n<meta property=\"og:site_name\" content=\"SDF - Srpski demokratski forum\" \/>\n<meta property=\"article:modified_time\" content=\"2024-01-28T11:28:35+00:00\" \/>\n<meta property=\"og:image\" content=\"https:\/\/sdf.hr\/wp-content\/uploads\/2024\/01\/Andrijasevic-scaled.jpg\" \/>\n\t<meta property=\"og:image:width\" content=\"2560\" \/>\n\t<meta property=\"og:image:height\" content=\"1685\" \/>\n\t<meta property=\"og:image:type\" content=\"image\/jpeg\" \/>\n<meta name=\"twitter:card\" content=\"summary_large_image\" \/>\n<meta name=\"twitter:label1\" content=\"Procijenjeno vrijeme \u010ditanja\" \/>\n\t<meta name=\"twitter:data1\" content=\"7 minuta\" \/>\n<script type=\"application\/ld+json\" class=\"yoast-schema-graph\">{\"@context\":\"https:\\\/\\\/schema.org\",\"@graph\":[{\"@type\":\"WebPage\",\"@id\":\"https:\\\/\\\/sdf.hr\\\/hr\\\/nada\\\/strahu-unatoc\\\/\",\"url\":\"https:\\\/\\\/sdf.hr\\\/hr\\\/nada\\\/strahu-unatoc\\\/\",\"name\":\"Strahu unato\u010d - SDF - Srpski demokratski forum\",\"isPartOf\":{\"@id\":\"https:\\\/\\\/sdf.hr\\\/#website\"},\"primaryImageOfPage\":{\"@id\":\"https:\\\/\\\/sdf.hr\\\/hr\\\/nada\\\/strahu-unatoc\\\/#primaryimage\"},\"image\":{\"@id\":\"https:\\\/\\\/sdf.hr\\\/hr\\\/nada\\\/strahu-unatoc\\\/#primaryimage\"},\"thumbnailUrl\":\"https:\\\/\\\/sdf.hr\\\/wp-content\\\/uploads\\\/2024\\\/01\\\/Andrijasevic-scaled.jpg\",\"datePublished\":\"2024-01-28T10:28:17+00:00\",\"dateModified\":\"2024-01-28T11:28:35+00:00\",\"breadcrumb\":{\"@id\":\"https:\\\/\\\/sdf.hr\\\/hr\\\/nada\\\/strahu-unatoc\\\/#breadcrumb\"},\"inLanguage\":\"hr\",\"potentialAction\":[{\"@type\":\"ReadAction\",\"target\":[\"https:\\\/\\\/sdf.hr\\\/hr\\\/nada\\\/strahu-unatoc\\\/\"]}]},{\"@type\":\"ImageObject\",\"inLanguage\":\"hr\",\"@id\":\"https:\\\/\\\/sdf.hr\\\/hr\\\/nada\\\/strahu-unatoc\\\/#primaryimage\",\"url\":\"https:\\\/\\\/sdf.hr\\\/wp-content\\\/uploads\\\/2024\\\/01\\\/Andrijasevic-scaled.jpg\",\"contentUrl\":\"https:\\\/\\\/sdf.hr\\\/wp-content\\\/uploads\\\/2024\\\/01\\\/Andrijasevic-scaled.jpg\",\"width\":2560,\"height\":1685,\"caption\":\"Marija Andrija\u0161evi\u0107 (Foto: Du\u0161ka Boban)\"},{\"@type\":\"BreadcrumbList\",\"@id\":\"https:\\\/\\\/sdf.hr\\\/hr\\\/nada\\\/strahu-unatoc\\\/#breadcrumb\",\"itemListElement\":[{\"@type\":\"ListItem\",\"position\":1,\"name\":\"Po\u010detna stranica\",\"item\":\"https:\\\/\\\/sdf.hr\\\/hr\\\/\"},{\"@type\":\"ListItem\",\"position\":2,\"name\":\"Nada\",\"item\":\"https:\\\/\\\/sdf.hr\\\/nada\\\/\"},{\"@type\":\"ListItem\",\"position\":3,\"name\":\"Strahu unato\u010d\"}]},{\"@type\":\"WebSite\",\"@id\":\"https:\\\/\\\/sdf.hr\\\/#website\",\"url\":\"https:\\\/\\\/sdf.hr\\\/\",\"name\":\"SDF - Srpski demokratski forum\",\"description\":\"Srpski demokratski forum\",\"publisher\":{\"@id\":\"https:\\\/\\\/sdf.hr\\\/#organization\"},\"potentialAction\":[{\"@type\":\"SearchAction\",\"target\":{\"@type\":\"EntryPoint\",\"urlTemplate\":\"https:\\\/\\\/sdf.hr\\\/?s={search_term_string}\"},\"query-input\":{\"@type\":\"PropertyValueSpecification\",\"valueRequired\":true,\"valueName\":\"search_term_string\"}}],\"inLanguage\":\"hr\"},{\"@type\":\"Organization\",\"@id\":\"https:\\\/\\\/sdf.hr\\\/#organization\",\"name\":\"SDF - Srpski demokratski forum\",\"url\":\"https:\\\/\\\/sdf.hr\\\/\",\"logo\":{\"@type\":\"ImageObject\",\"inLanguage\":\"hr\",\"@id\":\"https:\\\/\\\/sdf.hr\\\/#\\\/schema\\\/logo\\\/image\\\/\",\"url\":\"https:\\\/\\\/sdf.hr\\\/wp-content\\\/uploads\\\/2021\\\/07\\\/logo-hr.svg\",\"contentUrl\":\"https:\\\/\\\/sdf.hr\\\/wp-content\\\/uploads\\\/2021\\\/07\\\/logo-hr.svg\",\"width\":271,\"height\":100,\"caption\":\"SDF - Srpski demokratski forum\"},\"image\":{\"@id\":\"https:\\\/\\\/sdf.hr\\\/#\\\/schema\\\/logo\\\/image\\\/\"}}]}<\/script>\n<!-- \/ Yoast SEO plugin. -->","yoast_head_json":{"title":"Strahu unato\u010d - SDF - Srpski demokratski forum","robots":{"index":"index","follow":"follow","max-snippet":"max-snippet:-1","max-image-preview":"max-image-preview:large","max-video-preview":"max-video-preview:-1"},"canonical":"https:\/\/sdf.hr\/hr\/nada\/strahu-unatoc\/","og_locale":"hr_HR","og_type":"article","og_title":"Strahu unato\u010d - SDF - Srpski demokratski forum","og_description":"\u0160to je Lanin \u010din nego elementarni iskaz hrabrosti? Hrabrosti da riskira svoj tekst jer u Berlinu radi na novom romanu, da riskira sigurne prihode, da riskira poznanstva i utjecaj, da riskira svoju poziciju u svijetu knji\u017eevnosti","og_url":"https:\/\/sdf.hr\/hr\/nada\/strahu-unatoc\/","og_site_name":"SDF - Srpski demokratski forum","article_modified_time":"2024-01-28T11:28:35+00:00","og_image":[{"width":2560,"height":1685,"url":"https:\/\/sdf.hr\/wp-content\/uploads\/2024\/01\/Andrijasevic-scaled.jpg","type":"image\/jpeg"}],"twitter_card":"summary_large_image","twitter_misc":{"Procijenjeno vrijeme \u010ditanja":"7 minuta"},"schema":{"@context":"https:\/\/schema.org","@graph":[{"@type":"WebPage","@id":"https:\/\/sdf.hr\/hr\/nada\/strahu-unatoc\/","url":"https:\/\/sdf.hr\/hr\/nada\/strahu-unatoc\/","name":"Strahu unato\u010d - SDF - Srpski demokratski forum","isPartOf":{"@id":"https:\/\/sdf.hr\/#website"},"primaryImageOfPage":{"@id":"https:\/\/sdf.hr\/hr\/nada\/strahu-unatoc\/#primaryimage"},"image":{"@id":"https:\/\/sdf.hr\/hr\/nada\/strahu-unatoc\/#primaryimage"},"thumbnailUrl":"https:\/\/sdf.hr\/wp-content\/uploads\/2024\/01\/Andrijasevic-scaled.jpg","datePublished":"2024-01-28T10:28:17+00:00","dateModified":"2024-01-28T11:28:35+00:00","breadcrumb":{"@id":"https:\/\/sdf.hr\/hr\/nada\/strahu-unatoc\/#breadcrumb"},"inLanguage":"hr","potentialAction":[{"@type":"ReadAction","target":["https:\/\/sdf.hr\/hr\/nada\/strahu-unatoc\/"]}]},{"@type":"ImageObject","inLanguage":"hr","@id":"https:\/\/sdf.hr\/hr\/nada\/strahu-unatoc\/#primaryimage","url":"https:\/\/sdf.hr\/wp-content\/uploads\/2024\/01\/Andrijasevic-scaled.jpg","contentUrl":"https:\/\/sdf.hr\/wp-content\/uploads\/2024\/01\/Andrijasevic-scaled.jpg","width":2560,"height":1685,"caption":"Marija Andrija\u0161evi\u0107 (Foto: Du\u0161ka Boban)"},{"@type":"BreadcrumbList","@id":"https:\/\/sdf.hr\/hr\/nada\/strahu-unatoc\/#breadcrumb","itemListElement":[{"@type":"ListItem","position":1,"name":"Po\u010detna stranica","item":"https:\/\/sdf.hr\/hr\/"},{"@type":"ListItem","position":2,"name":"Nada","item":"https:\/\/sdf.hr\/nada\/"},{"@type":"ListItem","position":3,"name":"Strahu unato\u010d"}]},{"@type":"WebSite","@id":"https:\/\/sdf.hr\/#website","url":"https:\/\/sdf.hr\/","name":"SDF - Srpski demokratski forum","description":"Srpski demokratski forum","publisher":{"@id":"https:\/\/sdf.hr\/#organization"},"potentialAction":[{"@type":"SearchAction","target":{"@type":"EntryPoint","urlTemplate":"https:\/\/sdf.hr\/?s={search_term_string}"},"query-input":{"@type":"PropertyValueSpecification","valueRequired":true,"valueName":"search_term_string"}}],"inLanguage":"hr"},{"@type":"Organization","@id":"https:\/\/sdf.hr\/#organization","name":"SDF - Srpski demokratski forum","url":"https:\/\/sdf.hr\/","logo":{"@type":"ImageObject","inLanguage":"hr","@id":"https:\/\/sdf.hr\/#\/schema\/logo\/image\/","url":"https:\/\/sdf.hr\/wp-content\/uploads\/2021\/07\/logo-hr.svg","contentUrl":"https:\/\/sdf.hr\/wp-content\/uploads\/2021\/07\/logo-hr.svg","width":271,"height":100,"caption":"SDF - Srpski demokratski forum"},"image":{"@id":"https:\/\/sdf.hr\/#\/schema\/logo\/image\/"}}]}},"_links":{"self":[{"href":"https:\/\/sdf.hr\/hr\/wp-json\/wp\/v2\/nada\/4040","targetHints":{"allow":["GET"]}}],"collection":[{"href":"https:\/\/sdf.hr\/hr\/wp-json\/wp\/v2\/nada"}],"about":[{"href":"https:\/\/sdf.hr\/hr\/wp-json\/wp\/v2\/types\/nada"}],"wp:featuredmedia":[{"embeddable":true,"href":"https:\/\/sdf.hr\/hr\/wp-json\/wp\/v2\/media\/4039"}],"wp:attachment":[{"href":"https:\/\/sdf.hr\/hr\/wp-json\/wp\/v2\/media?parent=4040"}],"wp:term":[{"taxonomy":"post_tag","embeddable":true,"href":"https:\/\/sdf.hr\/hr\/wp-json\/wp\/v2\/tags?post=4040"},{"taxonomy":"atribut","embeddable":true,"href":"https:\/\/sdf.hr\/hr\/wp-json\/wp\/v2\/atribut?post=4040"}],"curies":[{"name":"wp","href":"https:\/\/api.w.org\/{rel}","templated":true}]}}