{"id":4050,"date":"2024-01-30T10:22:58","date_gmt":"2024-01-30T09:22:58","guid":{"rendered":"https:\/\/sdf.hr\/nada\/sara-renar-nadu-mi-daju-umjetnost-i-zene\/"},"modified":"2024-02-13T10:29:25","modified_gmt":"2024-02-13T09:29:25","slug":"sara-renar-nadu-mi-daju-umjetnost-i-zene","status":"publish","type":"nada","link":"https:\/\/sdf.hr\/hr\/nada\/sara-renar-nadu-mi-daju-umjetnost-i-zene\/","title":{"rendered":"Sara Renar: Nadu mi daju umjetnost i \u017eene"},"content":{"rendered":"<p>Dvijetisu\u0107e deseta je godina, vatre studentskih blokada jo\u0161 tinjaju, Klub studenata Filozofskog fakulteta u Zagrebu organizira &#8220;Kroacijanu&#8221;, ve\u010der posve\u0107enu muzici koja se tada jo\u0161 na alternativnim mjestima nije rado slu\u0161ala. U KSFF ulazi djevojka s pletenicama i otpjeva, odnosno rasturi <strong>Severininu<\/strong> &#8220;Djevojku sa sela&#8221;. Na koncu osvaja srebro jer u tom trenu vokalne sposobnosti nisu bile u prvom planu, zlato su otele kolegice <strong>Sana Peri\u0107<\/strong> i <strong>Jelena Milo\u0161<\/strong> emotivnim miksom &#8220;Ako me ostavi\u0161&#8221; <strong>Mi\u0161e Kova\u010da<\/strong> i &#8220;Ne me quitte pas&#8221; <strong>Jacquesa Brela<\/strong>. Koliko su izbori bili regularni, ostavljamo historiji da sudi, a djevojka s pletenicama pet godina kasnije osvaja Porin za najbolju \u017eensku vokalnu izvedbu. Godine 2015. <strong>Sara Renar<\/strong> s dva albuma iza sebe ostavlja posao u struci i prepu\u0161ta se muzi\u010dkim vodama, u kojima vi\u0161e nego uspje\u0161no pliva i danas.<\/p>\n<p>Sara Renar je kantautorica, producentica i multimedijalna umjetnica ro\u0111ena na osmi mart u Zagrebu, gdje \u017eivi i stvara sa psom <strong>Burom<\/strong> i \u017eivotnim i muzi\u010dkim partnerom <strong>Dimitrijem Simovi\u0107em<\/strong>. Razgovarale smo u njihovom dnevnom boravku na Vrbiku, s pogledom na d\u017einovsku reklamu jedne banke, koja nam je poru\u010dila: #vjerujusebe.<\/p>\n<p><strong>Pro\u0161le ste jeseni imali turneju po Balkanu, koja je zapo\u010dela u Kragujevcu, a zavr\u0161ila u Skopju. Usudila bih se re\u0107i da o klupskoj sceni u, primjerice, Temi\u0161varu i Velikom Trnovu, ne znamo apsolutno ni\u0161ta pa nam ispri\u010dajte kako je turneja izgledala.<\/strong><\/p>\n<p>U Bugarsku sam se zapravo vratila, 2020. godine sam bila prvi puta na rezidenciji u gradi\u0107u Ruse, na granici s Rumunjskom pa sam neplanirano odradila kratku turneju i upoznala sjajne ljude. Ovo je samo moje subjektivno mi\u0161ljenje, ali kada bih uspore\u0111ivala na\u0161u i bugarsku ili rumunjsku muzi\u010dku scenu, rekla bih da je nas formirala doma\u0107a muzika osamdesetih, dok oni takvih referenci ba\u0161 i nemaju. Mo\u017eda nisam nabasala na prave stvari, ali recimo u suvremenoj rumunjskoj i bugarskoj muzici uglavnom dominira engleski jezik. \u0160to se ti\u010de publike, ne znam je li stvar da je lak\u0161e dobiti bodove u gostima, nego na doma\u0107em terenu, ali ljudi su bili stra\u0161no sr\u010dani. U Plovdivu je u publici bilo mo\u017eda petnaestak ljudi, a na drugoj pjesmi sam ve\u0107 plesala s nekom \u017eenom. Odradili smo devet koncerata u 12 dana, <strong>Marko Podrug<\/strong> je za portal &#8220;Ravno do dna&#8221; napisao niz reporta\u017ea s turneje pa koga zanimaju detalji neka pro\u010dita, nije ni\u0161ta uljep\u0161ao.<\/p>\n<p><strong>Sudjelujete u brojnim multimedijalnim projektima, \u010desto sura\u0111ujete s pjesnikinjama i pjesnicima. Kako je krenula ta suradnja?<\/strong><\/p>\n<p><strong>Goran Matovi\u0107<\/strong> me 2013. pozvao na program &#8220;Sje\u0107anje na Tina&#8221;, uglazbila sam <strong>Ujevi\u0107ev<\/strong> &#8220;Notturno&#8221; i shvatila da mi se svi\u0111a takav rad. Veliko iskustvo su mi bile i improvizacije na Goranovom prolje\u0107u 2017. godine, nakon \u010dega me <strong>Marija Dejanovi\u0107<\/strong> pozvala da uglazbimo njenu zbirku &#8220;Etika kruha i konja&#8221; i onda je samo krenulo. S Matovi\u0107em i danas sura\u0111ujem, napravili smo novu verziju predstave &#8220;San i ludilo&#8221;, koju je davne 1976. prvi puta izveo s <strong>Arsenom Dedi\u0107em<\/strong>.<\/p>\n<p><strong>Posljednji takav projekt je poetsko-muzi\u010dki performans, poema &#8220;Gdje smo ovo, pri\u010daj mi&#8221; s crnogorskom pjesnikinjom Barbarom Dela\u0107. O \u010demu se radi u poemi i gdje je mo\u017eemo poslu\u0161ati?<\/strong><\/p>\n<p>Barbara me kontaktirala jo\u0161 2019., kao stipendistica berlinske Akademije umjetnosti, i odmah me kupio njen rukopis. Spletom okolnosti, ve\u0107inu projekta smo radile onlajn, ona je snimala sebe kako \u010dita, snimala je zvukove podzemne \u017eeljeznice, o \u010demu je u poemi i rije\u010d, ja sam radila muziku, semplirala, producirala. Premijeru smo imale upravo u Berlinu, a poemu smo izvele jo\u0161 i u Podgorici i Dubrovniku. Nadam se da \u0107emo je dovesti u Zagreb. U me\u0111uvremenu, iza\u0161la je kao zbirka poezije u Crnoj Gori, ali u muzi\u010dkom obliku i kao digitalni album u suradnji s projektom Book&amp;Zvook.<\/p>\n<figure id=\"attachment_4044\" aria-describedby=\"caption-attachment-4044\" style=\"width: 2560px\" class=\"wp-caption alignnone\"><img loading=\"lazy\" decoding=\"async\" class=\"wp-image-4044 size-full\" src=\"https:\/\/sdf.hr\/wp-content\/uploads\/2024\/01\/Renar2-scaled.jpg\" alt=\"\" width=\"2560\" height=\"1706\" srcset=\"https:\/\/sdf.hr\/wp-content\/uploads\/2024\/01\/Renar2-scaled.jpg 2560w, https:\/\/sdf.hr\/wp-content\/uploads\/2024\/01\/Renar2-300x200.jpg 300w, https:\/\/sdf.hr\/wp-content\/uploads\/2024\/01\/Renar2-1024x683.jpg 1024w, https:\/\/sdf.hr\/wp-content\/uploads\/2024\/01\/Renar2-768x512.jpg 768w, https:\/\/sdf.hr\/wp-content\/uploads\/2024\/01\/Renar2-1536x1024.jpg 1536w, https:\/\/sdf.hr\/wp-content\/uploads\/2024\/01\/Renar2-2048x1365.jpg 2048w\" sizes=\"auto, (max-width: 2560px) 100vw, 2560px\" \/><figcaption id=\"caption-attachment-4044\" class=\"wp-caption-text\">Sara Renar (Foto: Sandro Lendler)<\/figcaption><\/figure>\n<p><strong>Radili ste i zanimljive projekte po Dalmaciji, &#8220;Poetsku mapu Hvara&#8221; i &#8220;\u010cetiri bunara: neispri\u010dana pri\u010da&#8221; u \u0160ibeniku.<\/strong><\/p>\n<p>Tako je, oba sam projekta prijavila na natje\u010daj Ministarstva kulture u sklopu kojih su se financirale digitalne prilagodbe kulturno-umjetni\u010dkih sadr\u017eaja. U &#8220;Poetskoj mapi Hvara&#8221; istra\u017eivala sam tradicijsku glazbu koju je zapisivao skladatelj i muzikolog <strong>Ante Dobroni\u0107<\/strong>, uz kori\u0161tenje dijalektalne poezije <strong>Marina Frani\u010devi\u0107a<\/strong> i <strong>Jure Frani\u010devi\u0107-Plo\u010dara<\/strong>. Stanovnici Vrisnika i Jelse su \u010ditali i pjevali, a rezultat je bio niz kompozicija, povezanih s Vrisnikom, Humcem i Jelsom. Divno je bilo raditi taj projekt, danas se na bitnim lokalitetima po Hvaru nalaze QR kodovi i ljudi mogu poslu\u0161ati o \u010demu se radi, \u010duti ve\u0107 pomalo zaboravljene dijalekte. Projekt &#8220;\u010cetiri bunara&#8221; se bavi zlatnim dobom \u0160ibenika, 15. i 16. stolje\u0107em kada su izgra\u0111eni \u0161ibenski bunari, na mjestu gdje se danas nalazi klub Azimut, a glazbeno-dramski \u010dinovi su podijeljeni na vodu i sol, kugu i rat, ljubav i ekonomiju, glazbu i umjetnost. Svu muziku u projektu odsvirali su i odglumili \u0161ibenski umjetnici.<\/p>\n<p><strong>S obzirom na to da poezija pro\u017eima velik dio va\u0161eg rada, \u0161to trenutno \u010ditate?<\/strong><\/p>\n<p>Ba\u0161 sam pro\u010ditala novog <strong>Marka Poga\u010dara<\/strong>, zbirku &#8220;Pono\u0107ni glagoli&#8221; i &#8220;Halal zumru&#8221; <strong>Alena Brleka<\/strong>, a za Bo\u017ei\u0107 sam dobila klasik u kojem trenutno u\u017eivam, poeziju <strong>Walta Whitmana<\/strong>. Kada krenem raditi na nekom albumu, \u010ditam dosta poezije, ali i proze, sve je danas toliko orijentirano na ekrane, na vizualno, treba mi odmak. Uz poeziju, \u010ditam i <strong>Dubravku Ugre\u0161i\u0107<\/strong>.<\/p>\n<p><strong>A \u0161to slu\u0161ate?<\/strong><\/p>\n<p>Slu\u0161am puno hip-hopa, bend Young Fathers i <strong>Kendricka Lamara<\/strong>. Uvijek <strong>Lanu Del Ray<\/strong> i dosta klasike, najvi\u0161e <strong>Bacha<\/strong> i <strong>Stravinskog<\/strong>.<\/p>\n<p><strong>Pro\u0161le godine ste u KSET-u obilje\u017eili deset godina muzi\u010dke karijere. Jeste li iskoristili tu prigodu da napravite sama sa sobom neki rezime desetlje\u0107a?<\/strong><\/p>\n<p>Ma ne, u kovidu sam imala i vi\u0161e nego dovoljno vremena za razmi\u0161ljati i biti tjeskobna, na koncertu sam samo u\u017eivala. Zezam se, jako sam zadovoljna koncertom.<\/p>\n<p><strong>Tko je va\u0161a publika, jeste li istra\u017eivali?<\/strong><\/p>\n<p>Instagram analitika ka\u017ee mla\u0111e \u017eene i stariji mu\u0161karci (smijeh).<\/p>\n<p><strong>U studenom ste bila predgrupa na zagreba\u010dkom koncertu Morcheebe. Kako je pro\u0161ao koncert?<\/strong><\/p>\n<p>Super je bilo, imali smo mali slot od 25 minuta, ali ba\u0161 smo se potrudili. A i nagovorila sam frizerku da mi stavi palice u kosu pa sam ih u pravom trenutku izvadila i po\u010dela lupati s njima i frizura se nije raspala. I na to sam ponosna.<\/p>\n<p><strong>Va\u0161a se muzika kroz godine dosta mijenjala. Kako su tekle te promjene?<\/strong><\/p>\n<p>U osnovnoj \u0161koli sam svirala violinu i onda mi je s 15-16 godina po\u010deo nedostajati osje\u0107aj instrumenta pod prstima i krenula sam svirati gitaru i pjevati. Kako sam do\u0161la iz rock miljea koji je jako ma\u010do, bilo je va\u017eno da se sve savr\u0161eno odsvira, kori\u0161tenje matrice je bila sramota. Kasnije sam se po\u010dela baviti <em>looperom<\/em> i elektronikom i osjetila sam se oslobo\u0111enom, nisam vi\u0161e mislila da moram nekome dokazati kako znam odsvirati solo dionicu. Zumeri su sre\u0107om potpuno cijepljeni od ovakvih o\u010dekivanja, repaju na matricu i nije ih briga. Trebalo mi je puno godina da se rije\u0161im pritiska da moram biti duplo bolja od mu\u0161kih kolega kako bih u o\u010dima neke javnosti bila jednaka.<\/p>\n<p><strong>Prije dvije godine imali ste kazali\u0161nu turneju. Za\u0161to svirke u kazali\u0161tima i \u0161to je za njih specifi\u010dno?<\/strong><\/p>\n<p>Ideja je do\u0161la slu\u010dajno, 2021. sam htjela promovirati album u \u0160ibeniku i zbog korone nismo mogli dogovoriti klupski nastup, a kako je kazali\u0161te bilo prazno, uspjeli smo u njemu organizirati koncert po\u0161tuju\u0107i epidemiolo\u0161ke mjere. Godinu dana kasnije odradili smo kazali\u0161nu turneju u Dubrovniku, Hvaru, Vara\u017edinu, Vinkovcima i jo\u0161 jednom u \u0160ibeniku, s prilago\u0111enim aran\u017emanima. Vi\u0161e volim koncerte na kojima publika stoji, ali neke pjesme su u teatru dobile novi \u017eivot, pjesme kojima jednostavno ne pristaje klupska galama, ovako ima\u0161 ve\u0107i dinami\u010dki raspon. Na kazali\u0161noj sceni ne mora\u0161 uvijek biti eksplozivna.<\/p>\n<figure id=\"attachment_4046\" aria-describedby=\"caption-attachment-4046\" style=\"width: 1706px\" class=\"wp-caption alignnone\"><img loading=\"lazy\" decoding=\"async\" class=\"wp-image-4046 size-full\" src=\"https:\/\/sdf.hr\/wp-content\/uploads\/2024\/01\/Renar3-scaled.jpg\" alt=\"\" width=\"1706\" height=\"2560\" srcset=\"https:\/\/sdf.hr\/wp-content\/uploads\/2024\/01\/Renar3-scaled.jpg 1706w, https:\/\/sdf.hr\/wp-content\/uploads\/2024\/01\/Renar3-200x300.jpg 200w, https:\/\/sdf.hr\/wp-content\/uploads\/2024\/01\/Renar3-683x1024.jpg 683w, https:\/\/sdf.hr\/wp-content\/uploads\/2024\/01\/Renar3-768x1152.jpg 768w, https:\/\/sdf.hr\/wp-content\/uploads\/2024\/01\/Renar3-1024x1536.jpg 1024w, https:\/\/sdf.hr\/wp-content\/uploads\/2024\/01\/Renar3-1365x2048.jpg 1365w\" sizes=\"auto, (max-width: 1706px) 100vw, 1706px\" \/><figcaption id=\"caption-attachment-4046\" class=\"wp-caption-text\">Sara Renar (Foto: Sandro Lendler)<\/figcaption><\/figure>\n<p><strong>Devet godina \u017eivite profesionalno se bave\u0107i muzikom. Koje poslove to jo\u0161 podrazumijeva, morate li biti sama svoj PR, mota\u010dica kablova, voza\u010dica?<\/strong><\/p>\n<p>Kablove i dalje motam uz tonca <strong>Vedrana Petrnela<\/strong>, a zadnjih godinu dana imam osobu koja je zadu\u017eena za dru\u0161tvene mre\u017ee \u0161to me spasilo jer je to ogroman posao koji sam dugo radila sama. \u017divim od muzike, uz svirke povremeno dr\u017eim radionice muzi\u010dke produkcije i teksta u glazbi, projekte koje radim apliciram na sve dostupne natje\u010daje, sama pi\u0161em te projekte, a mjesec godi\u0161nje pokrijem razli\u010ditim umjetni\u010dkim rezidencijama.<\/p>\n<p>Tako\u0111er, ove godine sam jedna od kreativnih direktorica projekta &#8220;Musicville&#8221;, zajedno s kolegama <strong>Vaskom Atanasovskim<\/strong> iz Slovenije i <strong>Karolom Sakotnik<\/strong> iz Austrije, radimo zelenu operu, vidjet \u0107ete uskoro detalje, s nama radi 15 umjetnika iz na\u0161e tri zemlje, projekt je jako interdisciplinaran. Ono \u0161to mi se posebno svidjelo je \u0161to radimo u ruralnim predjelima, u Hrvatskoj na Petrovoj gori, na <strong>Baki\u0107evom<\/strong> spomeniku. U projektu se najvi\u0161e bavim vizualnim identitetom, scenografijom i kostimografijom, jako je fora, koncept je jo\u0161 u nastajanju. Ovo mi je prvi put da sam iza\u0161la iz uloge nekoga tko sudjeluje u rezidenciji i postala mentorica.<\/p>\n<p><strong>Ovakvi intervjui ne mogu pro\u0107i bez osvrta na poziciju doma\u0107e muzi\u010dke scene, napose nezavisne, koja je u nezavidnom polo\u017eaju, ali takva pitanja i odgovori najvi\u0161e smore ljude. Pa ostavljamo slobodnu temu, recite o tome \u0161togod vam padne napamet.<\/strong><\/p>\n<p>Joj, uop\u0107e ne znam kako se postaviti, kako se sindikalno organizirati, kako uniformirati scenu na nekoj razini na kojoj mo\u017ee\u0161 odrediti za po\u010detak po\u0161tenu cijenu. Muziku mo\u017ee\u0161 sagledati iz sto rakursa, muzi\u010dari smo svi, ljudi koji sviraju na svadbama, ljudi koji su zavr\u0161ili akademiju i oni koji nisu. Ako se upletemo u razgovor o kvaliteti, mislim da je to put bez povratka. Neki \u0107e ljudi uvijek svirati i besplatno i potpla\u0107eno jer to smatraju gu\u0161tom, ba\u0161 nisam sigurna \u0161to nam je \u010diniti. Mogu samo re\u0107i da mi je prekrasno vidjeti razne oblike suradnje i solidarnosti na sceni jer \u017eivimo u dru\u0161tvu koje je potpuno suprotno nastrojeno, i svaki zajedni\u010dki rad osje\u0107am kao malu pobjedu i subverziju. Volim dijeliti s kolegama, dok je industrija postavljena u\u017easno kompetitivno. Mislim da je va\u017eno da imamo zajednicu samostalnih umjetnika jer smo mali i bez dr\u017eavne potpore veliki dio muzi\u010dke produkcije ne bi pre\u017eivio, ali je koeficijent za penziju ba\u0161 sramotan. Eto, rekla sam sva\u0161ta, i ni\u0161ta, jasno mi je da nas je malo, da smo razjedinjeni i da nema politi\u010dke volje za bavljenje muzi\u010darima, da ne \u010dinimo nikakvo glasa\u010dko tijelo.<\/p>\n<p><strong>Mo\u017eete li napraviti jasnu distinkciju izme\u0111u slobodnog, privatnog vremena i rada?<\/strong><\/p>\n<p>Ne mogu, ali nemam s tim problem, samo se ponekad jednostavno moram fizi\u010dki odmoriti i onda stanem. Naravno, dru\u017eenja u nekim periodima rada na albumu pate jer mi treba samo\u0107a, a kako radim u prostoru u kojem \u017eivim, s partnerom Dimitrijem nekad dogovaram tko kada koristi studio, zapravo malu sobu u kojoj nam stoji oprema. Najve\u0107i izazov mi je \u017eivjeti u gradu, a u kojem \u017eivim cijeli \u017eivot, u kojem su kontakti i socijalni kapital pa je realno u njemu dobro \u017eivjeti i zbog posla, a s druge strane, da bih mogla ne\u0161to kvalitetno stvoriti, moram se na neko vrijeme potpuno isklju\u010diti. To treba nau\u010diti balansirati.<\/p>\n<p><strong>Dani pandemije su (valjda) iza nas, za neke profesije ona je bila dosta intenzivnija nego za neke druge. Kako je jedna muzi\u010darka \u017eivjela tih dana i godina?<\/strong><\/p>\n<p>Bilo je sumanuto, Dimitrije je dobio otkaz, radio je na recepciji jednog hostela pa je nakon toga vozio dostave i sa mnom \u010distio stubi\u0161te na\u0161e zgrade. Ja sam nakratko ponovno radila u struci, u arhitekturi jer sam za vrijeme drugog <em>lockdowna<\/em> shvatila da potpore nisu dovoljne, pogotovo \u0161to on kao osoba iz Srbije nije mogao dobiti suvisao posao. Te mjesece najbolje ilustrira jedan dan u lipnju 2020., kada su mjere malo popustile \u2013 u \u0161est ujutro imala sam let za Ukrajinu, gdje sam bila stipendistica u Lavovu, a no\u0107 prije sam i\u0161la na Journalov ljetni event, najavljena je i tajna go\u0161\u0107a. Obukla sam rozu slip haljinu i \u0161tikle, htjela sam oti\u0107i kratko, ali kada sam shvatila da je go\u0161\u0107a iznena\u0111enja Severina, naravno da sam ostala na koncertu. Vratila sam se ku\u0107i oko pono\u0107i, o\u010distila sam zajedni\u010dko stubi\u0161te jo\u0161 u haljini i odletjela za Ukrajinu.<\/p>\n<figure id=\"attachment_4048\" aria-describedby=\"caption-attachment-4048\" style=\"width: 1706px\" class=\"wp-caption alignnone\"><img loading=\"lazy\" decoding=\"async\" class=\"wp-image-4048 size-full\" src=\"https:\/\/sdf.hr\/wp-content\/uploads\/2024\/01\/Renar4-scaled.jpg\" alt=\"\" width=\"1706\" height=\"2560\" srcset=\"https:\/\/sdf.hr\/wp-content\/uploads\/2024\/01\/Renar4-scaled.jpg 1706w, https:\/\/sdf.hr\/wp-content\/uploads\/2024\/01\/Renar4-200x300.jpg 200w, https:\/\/sdf.hr\/wp-content\/uploads\/2024\/01\/Renar4-683x1024.jpg 683w, https:\/\/sdf.hr\/wp-content\/uploads\/2024\/01\/Renar4-768x1152.jpg 768w, https:\/\/sdf.hr\/wp-content\/uploads\/2024\/01\/Renar4-1024x1536.jpg 1024w, https:\/\/sdf.hr\/wp-content\/uploads\/2024\/01\/Renar4-1365x2048.jpg 1365w\" sizes=\"auto, (max-width: 1706px) 100vw, 1706px\" \/><figcaption id=\"caption-attachment-4048\" class=\"wp-caption-text\">Sara Renar (Foto: Sandro Lendler)<\/figcaption><\/figure>\n<p><strong>Kakva je bila recepcija va\u0161eg zadnjeg albuma &#8220;\u0160uti i pjevaj&#8221;?<\/strong><\/p>\n<p>U\u017easna.<\/p>\n<p><strong>Zanimljiv odgovor, nastavite.<\/strong><\/p>\n<p>Moja trenutna interpretacija, koja ne mora nu\u017eno biti to\u010dna, jest da je jednoj autorici prema van mnogo lak\u0161e komunicirati ljubavne pjesme ili neku drugu varijantu ne toliko direktnog politi\u010dkog teksta. Neki tekstovi s albuma &#8220;Ti\u0161ina&#8221;, primjerice pjesme &#8220;Dani bez sjena&#8221; i &#8220;Gdje povla\u010di\u0161 crtu&#8221;, imali su mra\u010dna i egzistencijalna pitanja, ali ona nisu bila, kako da ka\u017eem, gurnuta pod nos, kao na zadnjem albumu, recimo u pjesmama &#8220;Medeja&#8221; ili &#8220;Kapital&#8221;. Mra\u010dni tekstovi jo\u0161 i mogu pro\u0107i kod sredovje\u010dnih mu\u0161kih muzi\u010dkih kriti\u010dara, kritika kapitala, ne znam\u2026 S druge strane, ljudi u krizama ne vole slu\u0161ati o tome da \u017eive u krizi, mo\u017eda im treba neka vrsta eskapizma koju moj album nije davao. Ja sam na album ponosna i glupo mi je tajiti da recepcija nije bila onakva kakvoj sam se nadala. Ali s druge strane, svirali smo u &#8220;Mesto \u017eensk&#8221; u Ljubljani, na festivalu &#8220;Prvo pa \u017eensko&#8221; u Skopju, na No\u0107nom mar\u0161u u Zagrebu. Priznajem, bila mi je frka pustiti album van, bila sam jako otvorena i eksplicitna u njemu kao nikad dotad. Ali i tome slu\u017ei muzika.<\/p>\n<p><strong>Na osmomartovskom Mar\u0161u 2020. pjevali ste naslovnu pjesmu albuma, \u010diji refren zapravo uzvikuju mnoge muzi\u010darke. S kim ste sura\u0111ivali?<\/strong><\/p>\n<p>S mnogim sjajnim \u017eenama, u refrenu \u010dujemo <strong>Luce<\/strong>, <strong>Barbaru Munjas<\/strong>, <strong>Mary May<\/strong>, <strong>Akleu Neon<\/strong>, <strong>Maju Posavec<\/strong>, <strong>Ivanu Picek<\/strong>, <strong>Idu Prester<\/strong>, <strong>Dunju Ercegovi\u0107 <\/strong>i <strong>\u017deljku Veverec<\/strong>. Bila sam ba\u0161 sretna kada sam \u010dula njihove snimke, a Barbara je trudna i glumila u spotu.<\/p>\n<p><strong>\u0160to mo\u017eemo o\u010dekivati od Sare Renar u 2024.?<\/strong><\/p>\n<p>\u0160to se ti\u010de svirki, mogu najaviti dvije skora\u0161nje. Sviram s bendom Seine u Vintageu 28. velja\u010de u sklopu kompilacije &#8220;Zvu\u010dni zid&#8221; koja predstavlja doma\u0107u alternativnu scenu, krajem o\u017eujka sviram i na jednom va\u017enom koncertu u Njema\u010dkoj o kojem \u0107ete uskoro \u010duti vi\u0161e. O projektima sam ve\u0107 pri\u010dala, a paralelno radim na novim pjesmama, \u0161to me jako veseli, uzela sam ovaj zimski period za samo\u0107u i rad, kona\u010dno ne tulumarim nego pi\u0161em, istra\u017eujem u dugim zimskim no\u0107ima. Ne \u017euri mi se, inicijalni proces rada na albumu mi je uvijek divan, a kada se bli\u017ei kraj, eksponencijalno je sve traumati\u010dniji. Jo\u0161 sam na po\u010detku pa mi je lijepo.<\/p>\n<p><strong>Pjesmu &#8220;Epilog&#8221; zapo\u010dinjete stihovima &#8220;Prijateljstva \/ nje\u017eni savezi \/ na\u0161i su kavezi \/ \u0161irom otvoreni&#8221;. Meni ba\u0161 ti stihovi bude nadu, a \u0161to je vama nudi i budi?<\/strong><\/p>\n<p>Ljubav, dragi ljudi oko mene, album Dimitrija Dimitrijevi\u0107a, Klinika Denisa Kataneca, poezija <strong>Barbare Dela\u0107<\/strong>, sve te neke male ljepote. &#8220;Mali roman u blatu&#8221; <strong>Nata\u0161e Nelevi\u0107<\/strong>, va\u0161a mama koja je zavr\u0161ila drugi fakultet u \u0161ezdeset i osmoj, moja mama koja je imala hrabrosti zakora\u010diti u novi \u017eivot u mirovini.<\/p>\n<p><strong>Da podvu\u010demo, umjetnost i \u017eene?<\/strong><\/p>\n<p>Umjetnost i \u017eene.<\/p>\n<p><em>razgovor vodila Vedrana Bibi\u0107<\/em><\/p>\n","protected":false},"excerpt":{"rendered":"<p>Prekrasno je vidjeti razne oblike suradnje i solidarnosti na muzi\u010dkoj sceni jer \u017eivimo u dru\u0161tvu koje je potpuno suprotno nastrojeno. Zbog toga svaki zajedni\u010dki rad osje\u0107am kao malu pobjedu i subverziju<\/p>\n","protected":false},"featured_media":4043,"template":"","tags":[173,29],"atribut":[],"class_list":["post-4050","nada","type-nada","status-publish","has-post-thumbnail","hentry","tag-intervju-2-hr","tag-intervju"],"acf":[],"yoast_head":"<!-- This site is optimized with the Yoast SEO plugin v27.4 - https:\/\/yoast.com\/product\/yoast-seo-wordpress\/ -->\n<title>Sara Renar: Nadu mi daju umjetnost i \u017eene - SDF - Srpski demokratski forum<\/title>\n<meta name=\"robots\" content=\"index, follow, max-snippet:-1, max-image-preview:large, max-video-preview:-1\" \/>\n<link rel=\"canonical\" href=\"https:\/\/sdf.hr\/hr\/nada\/sara-renar-nadu-mi-daju-umjetnost-i-zene\/\" \/>\n<meta property=\"og:locale\" content=\"hr_HR\" \/>\n<meta property=\"og:type\" content=\"article\" \/>\n<meta property=\"og:title\" content=\"Sara Renar: Nadu mi daju umjetnost i \u017eene - SDF - Srpski demokratski forum\" \/>\n<meta property=\"og:description\" content=\"Prekrasno je vidjeti razne oblike suradnje i solidarnosti na muzi\u010dkoj sceni jer \u017eivimo u dru\u0161tvu koje je potpuno suprotno nastrojeno. Zbog toga svaki zajedni\u010dki rad osje\u0107am kao malu pobjedu i subverziju\" \/>\n<meta property=\"og:url\" content=\"https:\/\/sdf.hr\/hr\/nada\/sara-renar-nadu-mi-daju-umjetnost-i-zene\/\" \/>\n<meta property=\"og:site_name\" content=\"SDF - Srpski demokratski forum\" \/>\n<meta property=\"article:modified_time\" content=\"2024-02-13T09:29:25+00:00\" \/>\n<meta property=\"og:image\" content=\"https:\/\/sdf.hr\/wp-content\/uploads\/2024\/01\/Renar1-scaled.jpg\" \/>\n\t<meta property=\"og:image:width\" content=\"2560\" \/>\n\t<meta property=\"og:image:height\" content=\"1676\" \/>\n\t<meta property=\"og:image:type\" content=\"image\/jpeg\" \/>\n<meta name=\"twitter:card\" content=\"summary_large_image\" \/>\n<meta name=\"twitter:label1\" content=\"Procijenjeno vrijeme \u010ditanja\" \/>\n\t<meta name=\"twitter:data1\" content=\"13 minuta\" \/>\n<script type=\"application\/ld+json\" class=\"yoast-schema-graph\">{\"@context\":\"https:\\\/\\\/schema.org\",\"@graph\":[{\"@type\":\"WebPage\",\"@id\":\"https:\\\/\\\/sdf.hr\\\/hr\\\/nada\\\/sara-renar-nadu-mi-daju-umjetnost-i-zene\\\/\",\"url\":\"https:\\\/\\\/sdf.hr\\\/hr\\\/nada\\\/sara-renar-nadu-mi-daju-umjetnost-i-zene\\\/\",\"name\":\"Sara Renar: Nadu mi daju umjetnost i \u017eene - SDF - Srpski demokratski forum\",\"isPartOf\":{\"@id\":\"https:\\\/\\\/sdf.hr\\\/#website\"},\"primaryImageOfPage\":{\"@id\":\"https:\\\/\\\/sdf.hr\\\/hr\\\/nada\\\/sara-renar-nadu-mi-daju-umjetnost-i-zene\\\/#primaryimage\"},\"image\":{\"@id\":\"https:\\\/\\\/sdf.hr\\\/hr\\\/nada\\\/sara-renar-nadu-mi-daju-umjetnost-i-zene\\\/#primaryimage\"},\"thumbnailUrl\":\"https:\\\/\\\/sdf.hr\\\/wp-content\\\/uploads\\\/2024\\\/01\\\/Renar1-scaled.jpg\",\"datePublished\":\"2024-01-30T09:22:58+00:00\",\"dateModified\":\"2024-02-13T09:29:25+00:00\",\"breadcrumb\":{\"@id\":\"https:\\\/\\\/sdf.hr\\\/hr\\\/nada\\\/sara-renar-nadu-mi-daju-umjetnost-i-zene\\\/#breadcrumb\"},\"inLanguage\":\"hr\",\"potentialAction\":[{\"@type\":\"ReadAction\",\"target\":[\"https:\\\/\\\/sdf.hr\\\/hr\\\/nada\\\/sara-renar-nadu-mi-daju-umjetnost-i-zene\\\/\"]}]},{\"@type\":\"ImageObject\",\"inLanguage\":\"hr\",\"@id\":\"https:\\\/\\\/sdf.hr\\\/hr\\\/nada\\\/sara-renar-nadu-mi-daju-umjetnost-i-zene\\\/#primaryimage\",\"url\":\"https:\\\/\\\/sdf.hr\\\/wp-content\\\/uploads\\\/2024\\\/01\\\/Renar1-scaled.jpg\",\"contentUrl\":\"https:\\\/\\\/sdf.hr\\\/wp-content\\\/uploads\\\/2024\\\/01\\\/Renar1-scaled.jpg\",\"width\":2560,\"height\":1676,\"caption\":\"Sara Renar (Foto: Sandro Lendler)\"},{\"@type\":\"BreadcrumbList\",\"@id\":\"https:\\\/\\\/sdf.hr\\\/hr\\\/nada\\\/sara-renar-nadu-mi-daju-umjetnost-i-zene\\\/#breadcrumb\",\"itemListElement\":[{\"@type\":\"ListItem\",\"position\":1,\"name\":\"Po\u010detna stranica\",\"item\":\"https:\\\/\\\/sdf.hr\\\/hr\\\/\"},{\"@type\":\"ListItem\",\"position\":2,\"name\":\"Nada\",\"item\":\"https:\\\/\\\/sdf.hr\\\/nada\\\/\"},{\"@type\":\"ListItem\",\"position\":3,\"name\":\"Sara Renar: Nadu mi daju umjetnost i \u017eene\"}]},{\"@type\":\"WebSite\",\"@id\":\"https:\\\/\\\/sdf.hr\\\/#website\",\"url\":\"https:\\\/\\\/sdf.hr\\\/\",\"name\":\"SDF - Srpski demokratski forum\",\"description\":\"Srpski demokratski forum\",\"publisher\":{\"@id\":\"https:\\\/\\\/sdf.hr\\\/#organization\"},\"potentialAction\":[{\"@type\":\"SearchAction\",\"target\":{\"@type\":\"EntryPoint\",\"urlTemplate\":\"https:\\\/\\\/sdf.hr\\\/?s={search_term_string}\"},\"query-input\":{\"@type\":\"PropertyValueSpecification\",\"valueRequired\":true,\"valueName\":\"search_term_string\"}}],\"inLanguage\":\"hr\"},{\"@type\":\"Organization\",\"@id\":\"https:\\\/\\\/sdf.hr\\\/#organization\",\"name\":\"SDF - Srpski demokratski forum\",\"url\":\"https:\\\/\\\/sdf.hr\\\/\",\"logo\":{\"@type\":\"ImageObject\",\"inLanguage\":\"hr\",\"@id\":\"https:\\\/\\\/sdf.hr\\\/#\\\/schema\\\/logo\\\/image\\\/\",\"url\":\"https:\\\/\\\/sdf.hr\\\/wp-content\\\/uploads\\\/2021\\\/07\\\/logo-hr.svg\",\"contentUrl\":\"https:\\\/\\\/sdf.hr\\\/wp-content\\\/uploads\\\/2021\\\/07\\\/logo-hr.svg\",\"width\":271,\"height\":100,\"caption\":\"SDF - Srpski demokratski forum\"},\"image\":{\"@id\":\"https:\\\/\\\/sdf.hr\\\/#\\\/schema\\\/logo\\\/image\\\/\"}}]}<\/script>\n<!-- \/ Yoast SEO plugin. -->","yoast_head_json":{"title":"Sara Renar: Nadu mi daju umjetnost i \u017eene - SDF - Srpski demokratski forum","robots":{"index":"index","follow":"follow","max-snippet":"max-snippet:-1","max-image-preview":"max-image-preview:large","max-video-preview":"max-video-preview:-1"},"canonical":"https:\/\/sdf.hr\/hr\/nada\/sara-renar-nadu-mi-daju-umjetnost-i-zene\/","og_locale":"hr_HR","og_type":"article","og_title":"Sara Renar: Nadu mi daju umjetnost i \u017eene - SDF - Srpski demokratski forum","og_description":"Prekrasno je vidjeti razne oblike suradnje i solidarnosti na muzi\u010dkoj sceni jer \u017eivimo u dru\u0161tvu koje je potpuno suprotno nastrojeno. Zbog toga svaki zajedni\u010dki rad osje\u0107am kao malu pobjedu i subverziju","og_url":"https:\/\/sdf.hr\/hr\/nada\/sara-renar-nadu-mi-daju-umjetnost-i-zene\/","og_site_name":"SDF - Srpski demokratski forum","article_modified_time":"2024-02-13T09:29:25+00:00","og_image":[{"width":2560,"height":1676,"url":"https:\/\/sdf.hr\/wp-content\/uploads\/2024\/01\/Renar1-scaled.jpg","type":"image\/jpeg"}],"twitter_card":"summary_large_image","twitter_misc":{"Procijenjeno vrijeme \u010ditanja":"13 minuta"},"schema":{"@context":"https:\/\/schema.org","@graph":[{"@type":"WebPage","@id":"https:\/\/sdf.hr\/hr\/nada\/sara-renar-nadu-mi-daju-umjetnost-i-zene\/","url":"https:\/\/sdf.hr\/hr\/nada\/sara-renar-nadu-mi-daju-umjetnost-i-zene\/","name":"Sara Renar: Nadu mi daju umjetnost i \u017eene - SDF - Srpski demokratski forum","isPartOf":{"@id":"https:\/\/sdf.hr\/#website"},"primaryImageOfPage":{"@id":"https:\/\/sdf.hr\/hr\/nada\/sara-renar-nadu-mi-daju-umjetnost-i-zene\/#primaryimage"},"image":{"@id":"https:\/\/sdf.hr\/hr\/nada\/sara-renar-nadu-mi-daju-umjetnost-i-zene\/#primaryimage"},"thumbnailUrl":"https:\/\/sdf.hr\/wp-content\/uploads\/2024\/01\/Renar1-scaled.jpg","datePublished":"2024-01-30T09:22:58+00:00","dateModified":"2024-02-13T09:29:25+00:00","breadcrumb":{"@id":"https:\/\/sdf.hr\/hr\/nada\/sara-renar-nadu-mi-daju-umjetnost-i-zene\/#breadcrumb"},"inLanguage":"hr","potentialAction":[{"@type":"ReadAction","target":["https:\/\/sdf.hr\/hr\/nada\/sara-renar-nadu-mi-daju-umjetnost-i-zene\/"]}]},{"@type":"ImageObject","inLanguage":"hr","@id":"https:\/\/sdf.hr\/hr\/nada\/sara-renar-nadu-mi-daju-umjetnost-i-zene\/#primaryimage","url":"https:\/\/sdf.hr\/wp-content\/uploads\/2024\/01\/Renar1-scaled.jpg","contentUrl":"https:\/\/sdf.hr\/wp-content\/uploads\/2024\/01\/Renar1-scaled.jpg","width":2560,"height":1676,"caption":"Sara Renar (Foto: Sandro Lendler)"},{"@type":"BreadcrumbList","@id":"https:\/\/sdf.hr\/hr\/nada\/sara-renar-nadu-mi-daju-umjetnost-i-zene\/#breadcrumb","itemListElement":[{"@type":"ListItem","position":1,"name":"Po\u010detna stranica","item":"https:\/\/sdf.hr\/hr\/"},{"@type":"ListItem","position":2,"name":"Nada","item":"https:\/\/sdf.hr\/nada\/"},{"@type":"ListItem","position":3,"name":"Sara Renar: Nadu mi daju umjetnost i \u017eene"}]},{"@type":"WebSite","@id":"https:\/\/sdf.hr\/#website","url":"https:\/\/sdf.hr\/","name":"SDF - Srpski demokratski forum","description":"Srpski demokratski forum","publisher":{"@id":"https:\/\/sdf.hr\/#organization"},"potentialAction":[{"@type":"SearchAction","target":{"@type":"EntryPoint","urlTemplate":"https:\/\/sdf.hr\/?s={search_term_string}"},"query-input":{"@type":"PropertyValueSpecification","valueRequired":true,"valueName":"search_term_string"}}],"inLanguage":"hr"},{"@type":"Organization","@id":"https:\/\/sdf.hr\/#organization","name":"SDF - Srpski demokratski forum","url":"https:\/\/sdf.hr\/","logo":{"@type":"ImageObject","inLanguage":"hr","@id":"https:\/\/sdf.hr\/#\/schema\/logo\/image\/","url":"https:\/\/sdf.hr\/wp-content\/uploads\/2021\/07\/logo-hr.svg","contentUrl":"https:\/\/sdf.hr\/wp-content\/uploads\/2021\/07\/logo-hr.svg","width":271,"height":100,"caption":"SDF - Srpski demokratski forum"},"image":{"@id":"https:\/\/sdf.hr\/#\/schema\/logo\/image\/"}}]}},"_links":{"self":[{"href":"https:\/\/sdf.hr\/hr\/wp-json\/wp\/v2\/nada\/4050","targetHints":{"allow":["GET"]}}],"collection":[{"href":"https:\/\/sdf.hr\/hr\/wp-json\/wp\/v2\/nada"}],"about":[{"href":"https:\/\/sdf.hr\/hr\/wp-json\/wp\/v2\/types\/nada"}],"wp:featuredmedia":[{"embeddable":true,"href":"https:\/\/sdf.hr\/hr\/wp-json\/wp\/v2\/media\/4043"}],"wp:attachment":[{"href":"https:\/\/sdf.hr\/hr\/wp-json\/wp\/v2\/media?parent=4050"}],"wp:term":[{"taxonomy":"post_tag","embeddable":true,"href":"https:\/\/sdf.hr\/hr\/wp-json\/wp\/v2\/tags?post=4050"},{"taxonomy":"atribut","embeddable":true,"href":"https:\/\/sdf.hr\/hr\/wp-json\/wp\/v2\/atribut?post=4050"}],"curies":[{"name":"wp","href":"https:\/\/api.w.org\/{rel}","templated":true}]}}